{"id":39906,"date":"2023-11-13T17:25:42","date_gmt":"2023-11-13T16:25:42","guid":{"rendered":"https:\/\/www.ceoforlifeawards.com\/it\/?page_id=39906"},"modified":"2025-10-03T16:41:21","modified_gmt":"2025-10-03T14:41:21","slug":"home-1311","status":"publish","type":"page","link":"https:\/\/www.ceoforlifeawards.com\/it\/","title":{"rendered":"Home"},"content":{"rendered":"\t\t<div data-elementor-type=\"wp-page\" data-elementor-id=\"39906\" class=\"elementor elementor-39906\" data-elementor-post-type=\"page\">\n\t\t\t\t\t\t<section class=\"has_eae_slider elementor-section elementor-top-section elementor-element elementor-element-e54f73f elementor-section-full_width elementor-section-height-default elementor-section-height-default\" data-id=\"e54f73f\" data-element_type=\"section\" data-settings=\"{&quot;background_background&quot;:&quot;classic&quot;}\">\n\t\t\t\t\t\t\t<div class=\"elementor-background-overlay\"><\/div>\n\t\t\t\t\t\t\t<div class=\"elementor-container elementor-column-gap-default\">\n\t\t\t\t\t<div class=\"has_eae_slider elementor-column elementor-col-50 elementor-top-column elementor-element elementor-element-2de8064a\" data-id=\"2de8064a\" data-element_type=\"column\" data-settings=\"{&quot;background_background&quot;:&quot;classic&quot;}\">\n\t\t\t<div class=\"elementor-widget-wrap elementor-element-populated\">\n\t\t\t\t\t\t<div class=\"elementor-element elementor-element-31b30372 elementor-widget elementor-widget-image\" data-id=\"31b30372\" data-element_type=\"widget\" data-widget_type=\"image.default\">\n\t\t\t\t<div class=\"elementor-widget-container\">\n\t\t\t<style>\/*! elementor - v3.21.0 - 20-05-2024 *\/\n.elementor-widget-image{text-align:center}.elementor-widget-image a{display:inline-block}.elementor-widget-image a img[src$=\".svg\"]{width:48px}.elementor-widget-image img{vertical-align:middle;display:inline-block}<\/style>\t\t\t\t\t\t\t\t\t\t<img loading=\"lazy\" loading=\"lazy\" width=\"300\" height=\"97\" src=\"https:\/\/www.ceoforlifeawards.com\/it\/wp-content\/uploads\/sites\/3\/2023\/01\/ceo-for-life-awards-logo.png\" class=\"attachment-large size-large wp-image-21110\" alt=\"\" \/>\t\t\t\t\t\t\t\t\t\t\t\t\t<\/div>\n\t\t\t\t<\/div>\n\t\t\t\t\t<\/div>\n\t\t<\/div>\n\t\t\t\t<div class=\"has_eae_slider elementor-column elementor-col-50 elementor-top-column elementor-element elementor-element-2abc167f\" data-id=\"2abc167f\" data-element_type=\"column\">\n\t\t\t<div class=\"elementor-widget-wrap elementor-element-populated\">\n\t\t\t\t\t\t<div class=\"elementor-element elementor-element-6c2717f elementor-arrows-position-outside elementor--h-position-center elementor--v-position-middle elementor-invisible elementor-widget elementor-widget-slides\" data-id=\"6c2717f\" data-element_type=\"widget\" data-settings=\"{&quot;navigation&quot;:&quot;arrows&quot;,&quot;_animation&quot;:&quot;fadeIn&quot;,&quot;_animation_delay&quot;:&quot;300&quot;,&quot;infinite&quot;:&quot;yes&quot;,&quot;transition&quot;:&quot;slide&quot;,&quot;transition_speed&quot;:500}\" data-widget_type=\"slides.default\">\n\t\t\t\t<div class=\"elementor-widget-container\">\n\t\t\t<style>.elementor-slides .swiper-slide-bg{background-size:cover;background-position:50%;background-repeat:no-repeat;min-width:100%;min-height:100%}.elementor-slides .swiper-slide-inner{background-repeat:no-repeat;background-position:50%;position:absolute;top:0;left:0;bottom:0;right:0;padding:50px;margin:auto}.elementor-slides .swiper-slide-inner,.elementor-slides .swiper-slide-inner:hover{color:#fff;display:flex}.elementor-slides .swiper-slide-inner .elementor-background-overlay{position:absolute;z-index:0;top:0;bottom:0;left:0;right:0}.elementor-slides .swiper-slide-inner .elementor-slide-content{position:relative;z-index:1;width:100%}.elementor-slides .swiper-slide-inner .elementor-slide-heading{font-size:35px;font-weight:700;line-height:1}.elementor-slides .swiper-slide-inner .elementor-slide-description{font-size:17px;line-height:1.4}.elementor-slides .swiper-slide-inner .elementor-slide-description:not(:last-child),.elementor-slides .swiper-slide-inner .elementor-slide-heading:not(:last-child){margin-bottom:30px}.elementor-slides .swiper-slide-inner .elementor-slide-button{border:2px solid #fff;color:#fff;background:transparent;display:inline-block}.elementor-slides .swiper-slide-inner .elementor-slide-button,.elementor-slides .swiper-slide-inner .elementor-slide-button:hover{background:transparent;color:inherit;text-decoration:none}.elementor--v-position-top .swiper-slide-inner{align-items:flex-start}.elementor--v-position-bottom .swiper-slide-inner{align-items:flex-end}.elementor--v-position-middle .swiper-slide-inner{align-items:center}.elementor--h-position-left .swiper-slide-inner{justify-content:flex-start}.elementor--h-position-right .swiper-slide-inner{justify-content:flex-end}.elementor--h-position-center .swiper-slide-inner{justify-content:center}body.rtl .elementor-widget-slides .elementor-swiper-button-next{left:10px;right:auto}body.rtl .elementor-widget-slides .elementor-swiper-button-prev{right:10px;left:auto}.elementor-slides-wrapper div:not(.swiper-slide)>.swiper-slide-inner{display:none}@media (max-width:767px){.elementor-slides .swiper-slide-inner{padding:30px}.elementor-slides .swiper-slide-inner .elementor-slide-heading{font-size:23px;line-height:1;margin-bottom:15px}.elementor-slides .swiper-slide-inner .elementor-slide-description{font-size:13px;line-height:1.4;margin-bottom:15px}}<\/style>\t\t<div class=\"elementor-swiper\">\n\t\t\t<div class=\"elementor-slides-wrapper elementor-main-swiper swiper\" dir=\"ltr\" data-animation=\"fadeInRight\">\n\t\t\t\t<div class=\"swiper-wrapper elementor-slides\">\n\t\t\t\t\t\t\t\t\t\t<div class=\"elementor-repeater-item-a55ce39 swiper-slide\"><div class=\"swiper-slide-bg\" role=\"img\"><\/div><div class=\"swiper-slide-inner\" ><div class=\"swiper-slide-contents\"><div class=\"elementor-slide-description\">\t\t<div data-elementor-type=\"page\" data-elementor-id=\"33447\" class=\"elementor elementor-33447\" data-elementor-post-type=\"elementor_library\">\n\t\t\t\t\t\t<section class=\"has_eae_slider elementor-section elementor-top-section elementor-element elementor-element-b1e95a3 elementor-section-full_width elementor-section-height-default elementor-section-height-default\" data-id=\"b1e95a3\" data-element_type=\"section\">\n\t\t\t\t\t\t<div class=\"elementor-container elementor-column-gap-default\">\n\t\t\t\t\t<div class=\"has_eae_slider elementor-column elementor-col-100 elementor-top-column elementor-element elementor-element-f08144c\" data-id=\"f08144c\" data-element_type=\"column\">\n\t\t\t<div class=\"elementor-widget-wrap elementor-element-populated\">\n\t\t\t\t\t\t<div class=\"elementor-element elementor-element-d019861 elementor-widget elementor-widget-heading\" data-id=\"d019861\" data-element_type=\"widget\" data-widget_type=\"heading.default\">\n\t\t\t\t<div class=\"elementor-widget-container\">\n\t\t\t<h2 class=\"elementor-heading-title elementor-size-default\"><span>AWARD<\/span> - <strong>CEOforLIFE premia i CEO e le loro aziende per l\u2019impegno dimostrato ogni anno nel realizzare concreti progetti di sviluppo sostenibile<\/strong> a sostegno della vita. I CEO sono premiati durante un prestigioso ed esclusivo evento di beneficenza, alla presenza di rappresentanti del mondo istituzionale, della cultura, dello sport e dello spettacolo.<\/h2>\t\t<\/div>\n\t\t\t\t<\/div>\n\t\t\t\t\t<\/div>\n\t\t<\/div>\n\t\t\t\t\t<\/div>\n\t\t<\/section>\n\t\t\t\t<\/div>\n\t\t<\/div><\/div><\/div><\/div><div class=\"elementor-repeater-item-be7897c swiper-slide\"><div class=\"swiper-slide-bg\" role=\"img\"><\/div><div class=\"swiper-slide-inner\" ><div class=\"swiper-slide-contents\"><div class=\"elementor-slide-description\">\t\t<div data-elementor-type=\"page\" data-elementor-id=\"33454\" class=\"elementor elementor-33454\" data-elementor-post-type=\"elementor_library\">\n\t\t\t\t\t\t<section class=\"has_eae_slider elementor-section elementor-top-section elementor-element elementor-element-f752915 elementor-section-full_width elementor-section-height-default elementor-section-height-default\" data-id=\"f752915\" data-element_type=\"section\">\n\t\t\t\t\t\t<div class=\"elementor-container elementor-column-gap-default\">\n\t\t\t\t\t<div class=\"has_eae_slider elementor-column elementor-col-100 elementor-top-column elementor-element elementor-element-819ab0b\" data-id=\"819ab0b\" data-element_type=\"column\">\n\t\t\t<div class=\"elementor-widget-wrap elementor-element-populated\">\n\t\t\t\t\t\t<div class=\"elementor-element elementor-element-0a25d79 elementor-widget elementor-widget-heading\" data-id=\"0a25d79\" data-element_type=\"widget\" data-widget_type=\"heading.default\">\n\t\t\t\t<div class=\"elementor-widget-container\">\n\t\t\t<h2 class=\"elementor-heading-title elementor-size-default\"><span>CONNECT<\/span> -  \n <strong>CEOforLIFE mette in connessione i CEO con centinaia di altri CEO<\/strong> (forLIFE) e stakeholder per aiutarli ad ampliare i propri sistemi di reti di intelligenza collettiva, <strong>per costruire sempre nuove e concrete sinergie di business sostenibile<\/strong> e dirigere la loro azienda verso un 2030 in linea con gli SDGs delle Nazioni Unite.<\/h2>\t\t<\/div>\n\t\t\t\t<\/div>\n\t\t\t\t\t<\/div>\n\t\t<\/div>\n\t\t\t\t\t<\/div>\n\t\t<\/section>\n\t\t\t\t<\/div>\n\t\t<\/div><\/div><\/div><\/div><div class=\"elementor-repeater-item-cd7e9da swiper-slide\"><div class=\"swiper-slide-bg\" role=\"img\"><\/div><div class=\"swiper-slide-inner\" ><div class=\"swiper-slide-contents\"><div class=\"elementor-slide-description\">\t\t<div data-elementor-type=\"page\" data-elementor-id=\"33456\" class=\"elementor elementor-33456\" data-elementor-post-type=\"elementor_library\">\n\t\t\t\t\t\t<section class=\"has_eae_slider elementor-section elementor-top-section elementor-element elementor-element-6718c15 elementor-section-full_width elementor-section-height-default elementor-section-height-default\" data-id=\"6718c15\" data-element_type=\"section\">\n\t\t\t\t\t\t<div class=\"elementor-container elementor-column-gap-default\">\n\t\t\t\t\t<div class=\"has_eae_slider elementor-column elementor-col-100 elementor-top-column elementor-element elementor-element-071a02c\" data-id=\"071a02c\" data-element_type=\"column\">\n\t\t\t<div class=\"elementor-widget-wrap elementor-element-populated\">\n\t\t\t\t\t\t<div class=\"elementor-element elementor-element-43f6c82 elementor-widget elementor-widget-heading\" data-id=\"43f6c82\" data-element_type=\"widget\" data-widget_type=\"heading.default\">\n\t\t\t\t<div class=\"elementor-widget-container\">\n\t\t\t<h2 class=\"elementor-heading-title elementor-size-default\"><span>PROMOTE<\/span> - <strong>CEOforLIFE accelera il posizionamento dei CEO e delle loro aziende come SDGs Leader<\/strong>, costruendo e <strong>realizzando ogni anno<\/strong>, attraverso le sue Media Partnership ed i suoi canali diretti, <strong>un piano personalizzato di comunicazione e amplificazione della conoscenza dei CEO<\/strong> e dei progetti di sviluppo sostenibile realizzati dalle loro aziende, a favore della vita.<\/h2>\t\t<\/div>\n\t\t\t\t<\/div>\n\t\t\t\t\t<\/div>\n\t\t<\/div>\n\t\t\t\t\t<\/div>\n\t\t<\/section>\n\t\t\t\t<\/div>\n\t\t<\/div><\/div><\/div><\/div><div class=\"elementor-repeater-item-faa9c8d swiper-slide\"><div class=\"swiper-slide-bg\" role=\"img\"><\/div><div class=\"swiper-slide-inner\" ><div class=\"swiper-slide-contents\"><div class=\"elementor-slide-description\">\t\t<div data-elementor-type=\"section\" data-elementor-id=\"33052\" class=\"elementor elementor-33052\" data-elementor-post-type=\"elementor_library\">\n\t\t\t\t\t<section class=\"has_eae_slider elementor-section elementor-top-section elementor-element elementor-element-1fb9f18 elementor-section-full_width elementor-section-height-default elementor-section-height-default\" data-id=\"1fb9f18\" data-element_type=\"section\">\n\t\t\t\t\t\t<div class=\"elementor-container elementor-column-gap-default\">\n\t\t\t\t\t<div class=\"has_eae_slider elementor-column elementor-col-100 elementor-top-column elementor-element elementor-element-0c06702\" data-id=\"0c06702\" data-element_type=\"column\">\n\t\t\t<div class=\"elementor-widget-wrap elementor-element-populated\">\n\t\t\t\t\t\t<div class=\"elementor-element elementor-element-d7e48e5 elementor-widget elementor-widget-heading\" data-id=\"d7e48e5\" data-element_type=\"widget\" data-widget_type=\"heading.default\">\n\t\t\t\t<div class=\"elementor-widget-container\">\n\t\t\t<h2 class=\"elementor-heading-title elementor-size-default\">\"CEOforLIFE \u00e8 <strong>la Community dei CEO di nuova generazione<\/strong> che mettono al centro della loro azione manageriale e imprenditoriale il fare impresa in modo sostenibile per proteggere e promuovere la vita in tutte le sue diverse declinazioni e <strong>per costruire tutti insieme un mondo migliore, pi\u00f9 giusto, pi\u00f9 bello e pi\u00f9 sostenibile<\/strong>\"<\/h2>\t\t<\/div>\n\t\t\t\t<\/div>\n\t\t\t\t\t<\/div>\n\t\t<\/div>\n\t\t\t\t\t<\/div>\n\t\t<\/section>\n\t\t\t\t<\/div>\n\t\t<\/div><\/div><\/div><\/div><div class=\"elementor-repeater-item-2c08d4f swiper-slide\"><div class=\"swiper-slide-bg\" role=\"img\"><\/div><div class=\"swiper-slide-inner\" ><div class=\"swiper-slide-contents\"><div class=\"elementor-slide-description\">\t\t<div data-elementor-type=\"single-page\" data-elementor-id=\"35469\" class=\"elementor elementor-35469\" data-elementor-post-type=\"elementor_library\">\n\t\t\t\t\t<section class=\"has_eae_slider elementor-section elementor-top-section elementor-element elementor-element-8274935 elementor-section-full_width elementor-section-height-default elementor-section-height-default\" data-id=\"8274935\" data-element_type=\"section\">\n\t\t\t\t\t\t<div class=\"elementor-container elementor-column-gap-default\">\n\t\t\t\t\t<div class=\"has_eae_slider elementor-column elementor-col-100 elementor-top-column elementor-element elementor-element-07ca681\" data-id=\"07ca681\" data-element_type=\"column\">\n\t\t\t<div class=\"elementor-widget-wrap elementor-element-populated\">\n\t\t\t\t\t\t<div class=\"elementor-element elementor-element-a26ffc2 elementor-widget elementor-widget-heading\" data-id=\"a26ffc2\" data-element_type=\"widget\" data-widget_type=\"heading.default\">\n\t\t\t\t<div class=\"elementor-widget-container\">\n\t\t\t<h2 class=\"elementor-heading-title elementor-size-default\"><span>THE BEST CEOs<\/span> \n for a better world<\/h2>\t\t<\/div>\n\t\t\t\t<\/div>\n\t\t\t\t\t<\/div>\n\t\t<\/div>\n\t\t\t\t\t<\/div>\n\t\t<\/section>\n\t\t\t\t<\/div>\n\t\t<\/div><\/div><\/div><\/div><div class=\"elementor-repeater-item-1134593 swiper-slide\"><div class=\"swiper-slide-bg\" role=\"img\"><\/div><div class=\"swiper-slide-inner\" ><div class=\"swiper-slide-contents\"><div class=\"elementor-slide-description\">\t\t<div data-elementor-type=\"single-page\" data-elementor-id=\"35481\" class=\"elementor elementor-35481\" data-elementor-post-type=\"elementor_library\">\n\t\t\t\t\t<section class=\"has_eae_slider elementor-section elementor-top-section elementor-element elementor-element-d9b860a elementor-section-full_width elementor-section-height-default elementor-section-height-default\" data-id=\"d9b860a\" data-element_type=\"section\">\n\t\t\t\t\t\t<div class=\"elementor-container elementor-column-gap-default\">\n\t\t\t\t\t<div class=\"has_eae_slider elementor-column elementor-col-100 elementor-top-column elementor-element elementor-element-a575989\" data-id=\"a575989\" data-element_type=\"column\">\n\t\t\t<div class=\"elementor-widget-wrap elementor-element-populated\">\n\t\t\t\t\t\t<div class=\"elementor-element elementor-element-725bc61 elementor-widget elementor-widget-heading\" data-id=\"725bc61\" data-element_type=\"widget\" data-widget_type=\"heading.default\">\n\t\t\t\t<div class=\"elementor-widget-container\">\n\t\t\t<h2 class=\"elementor-heading-title elementor-size-default\"><span> I MIGLIORI CEO<\/span>\n per un'Italia migliore<\/h2>\t\t<\/div>\n\t\t\t\t<\/div>\n\t\t\t\t\t<\/div>\n\t\t<\/div>\n\t\t\t\t\t<\/div>\n\t\t<\/section>\n\t\t\t\t<\/div>\n\t\t<\/div><\/div><\/div><\/div>\t\t\t\t<\/div>\n\t\t\t\t\t\t\t\t\t\t\t\t\t\t\t\t\t\t\t\t<div class=\"elementor-swiper-button elementor-swiper-button-prev\" role=\"button\" tabindex=\"0\">\n\t\t\t\t\t\t\t<i aria-hidden=\"true\" class=\"eicon-chevron-left\"><\/i>\t\t\t\t\t\t\t<span class=\"elementor-screen-only\">Previous slide<\/span>\n\t\t\t\t\t\t<\/div>\n\t\t\t\t\t\t<div class=\"elementor-swiper-button elementor-swiper-button-next\" role=\"button\" tabindex=\"0\">\n\t\t\t\t\t\t\t<i aria-hidden=\"true\" class=\"eicon-chevron-right\"><\/i>\t\t\t\t\t\t\t<span class=\"elementor-screen-only\">Next slide<\/span>\n\t\t\t\t\t\t<\/div>\n\t\t\t\t\t\t\t\t\t\t\t\t<\/div>\n\t\t<\/div>\n\t\t\t\t<\/div>\n\t\t\t\t<\/div>\n\t\t\t\t\t<\/div>\n\t\t<\/div>\n\t\t\t\t\t<\/div>\n\t\t<\/section>\n\t\t\t\t<section class=\"has_eae_slider elementor-section elementor-top-section elementor-element elementor-element-4f29cbb elementor-section-full_width elementor-section-height-default elementor-section-height-default\" data-id=\"4f29cbb\" data-element_type=\"section\" data-settings=\"{&quot;background_background&quot;:&quot;classic&quot;}\">\n\t\t\t\t\t\t<div class=\"elementor-container elementor-column-gap-default\">\n\t\t\t\t\t<div class=\"has_eae_slider elementor-column elementor-col-100 elementor-top-column elementor-element elementor-element-3f83e8eb\" data-id=\"3f83e8eb\" data-element_type=\"column\">\n\t\t\t<div class=\"elementor-widget-wrap elementor-element-populated\">\n\t\t\t\t\t\t<div class=\"elementor-element elementor-element-5d65a486 elementor-nav-menu__align-center elementor-nav-menu--dropdown-none elementor-hidden-widescreen elementor-hidden-desktop elementor-hidden-tablet elementor-widget elementor-widget-nav-menu\" data-id=\"5d65a486\" data-element_type=\"widget\" data-settings=\"{&quot;submenu_icon&quot;:{&quot;value&quot;:&quot;&lt;i class=\\&quot;\\&quot;&gt;&lt;\\\/i&gt;&quot;,&quot;library&quot;:&quot;&quot;},&quot;layout&quot;:&quot;horizontal&quot;}\" data-widget_type=\"nav-menu.default\">\n\t\t\t\t<div class=\"elementor-widget-container\">\n\t\t\t<link rel=\"stylesheet\" href=\"https:\/\/www.ceoforlifeawards.com\/it\/wp-content\/uploads\/sites\/3\/elementor\/css\/custom-pro-widget-nav-menu.min.css?ver=1716968247\">\t\t\t<nav class=\"elementor-nav-menu--main elementor-nav-menu__container elementor-nav-menu--layout-horizontal e--pointer-none\">\n\t\t\t\t<ul id=\"menu-1-5d65a486\" class=\"elementor-nav-menu\"><li class=\"menu-award menu-item menu-item-type-custom menu-item-object-custom menu-item-36258\"><a href=\"#award-anchor\" class=\"elementor-item elementor-item-anchor\">Award<\/a><\/li>\n<li class=\"menu-connect menu-item menu-item-type-custom menu-item-object-custom menu-item-36259\"><a href=\"#connect\" class=\"elementor-item elementor-item-anchor\">Connect<\/a><\/li>\n<li class=\"menu-promote menu-item menu-item-type-custom menu-item-object-custom menu-item-36260\"><a href=\"#promote\" class=\"elementor-item elementor-item-anchor\">Promote<\/a><\/li>\n<\/ul>\t\t\t<\/nav>\n\t\t\t\t\t\t<nav class=\"elementor-nav-menu--dropdown elementor-nav-menu__container\" aria-hidden=\"true\">\n\t\t\t\t<ul id=\"menu-2-5d65a486\" class=\"elementor-nav-menu\"><li class=\"menu-award menu-item menu-item-type-custom menu-item-object-custom menu-item-36258\"><a href=\"#award-anchor\" class=\"elementor-item elementor-item-anchor\" tabindex=\"-1\">Award<\/a><\/li>\n<li class=\"menu-connect menu-item menu-item-type-custom menu-item-object-custom menu-item-36259\"><a href=\"#connect\" class=\"elementor-item elementor-item-anchor\" tabindex=\"-1\">Connect<\/a><\/li>\n<li class=\"menu-promote menu-item menu-item-type-custom menu-item-object-custom menu-item-36260\"><a href=\"#promote\" class=\"elementor-item elementor-item-anchor\" tabindex=\"-1\">Promote<\/a><\/li>\n<\/ul>\t\t\t<\/nav>\n\t\t\t\t<\/div>\n\t\t\t\t<\/div>\n\t\t\t\t<div class=\"elementor-element elementor-element-12946d83 elementor-nav-menu__align-end elementor-nav-menu--dropdown-none elementor-hidden-mobile elementor-widget elementor-widget-nav-menu\" data-id=\"12946d83\" data-element_type=\"widget\" id=\"newhome-menu\" data-settings=\"{&quot;submenu_icon&quot;:{&quot;value&quot;:&quot;&lt;i class=\\&quot;\\&quot;&gt;&lt;\\\/i&gt;&quot;,&quot;library&quot;:&quot;&quot;},&quot;layout&quot;:&quot;horizontal&quot;}\" data-widget_type=\"nav-menu.default\">\n\t\t\t\t<div class=\"elementor-widget-container\">\n\t\t\t\t\t\t<nav class=\"elementor-nav-menu--main elementor-nav-menu__container elementor-nav-menu--layout-horizontal e--pointer-none\">\n\t\t\t\t<ul id=\"menu-1-12946d83\" class=\"elementor-nav-menu\"><li class=\"menu-award menu-item menu-item-type-custom menu-item-object-custom menu-item-has-children menu-item-33099\"><a href=\"#award-anchor\" class=\"elementor-item elementor-item-anchor\">Award<\/a>\n<ul class=\"sub-menu elementor-nav-menu--dropdown\">\n\t<li class=\"menu-item menu-item-type-custom menu-item-object-custom menu-item-34653\"><a href=\"\/it\/award\" class=\"elementor-sub-item\">Partecipa<\/a><\/li>\n<\/ul>\n<\/li>\n<li class=\"menu-connect menu-item menu-item-type-custom menu-item-object-custom menu-item-has-children menu-item-33097\"><a href=\"#connect\" class=\"elementor-item elementor-item-anchor\">Connect<\/a>\n<ul class=\"sub-menu elementor-nav-menu--dropdown\">\n\t<li class=\"menu-item menu-item-type-custom menu-item-object-custom menu-item-33136\"><a href=\"\/it\/connect\" class=\"elementor-sub-item\">Your Round Table<\/a><\/li>\n\t<li class=\"menu-item menu-item-type-custom menu-item-object-custom menu-item-33137\"><a href=\"\/it\/connect\" class=\"elementor-sub-item\">Speech Opportunities<\/a><\/li>\n<\/ul>\n<\/li>\n<li class=\"menu-promote menu-item menu-item-type-custom menu-item-object-custom menu-item-has-children menu-item-33098\"><a href=\"#promote\" class=\"elementor-item elementor-item-anchor\">Promote<\/a>\n<ul class=\"sub-menu elementor-nav-menu--dropdown\">\n\t<li class=\"menu-item menu-item-type-custom menu-item-object-custom menu-item-33138\"><a href=\"\/it\/promote\" class=\"elementor-sub-item\">Your Magazine<\/a><\/li>\n\t<li class=\"menu-item menu-item-type-custom menu-item-object-custom menu-item-33139\"><a href=\"\/it\/promote\" class=\"elementor-sub-item\">Your Video<\/a><\/li>\n\t<li class=\"menu-item menu-item-type-custom menu-item-object-custom menu-item-33140\"><a href=\"\/it\/promote\" class=\"elementor-sub-item\">Your Media Interviews<\/a><\/li>\n<\/ul>\n<\/li>\n<\/ul>\t\t\t<\/nav>\n\t\t\t\t\t\t<nav class=\"elementor-nav-menu--dropdown elementor-nav-menu__container\" aria-hidden=\"true\">\n\t\t\t\t<ul id=\"menu-2-12946d83\" class=\"elementor-nav-menu\"><li class=\"menu-award menu-item menu-item-type-custom menu-item-object-custom menu-item-has-children menu-item-33099\"><a href=\"#award-anchor\" class=\"elementor-item elementor-item-anchor\" tabindex=\"-1\">Award<\/a>\n<ul class=\"sub-menu elementor-nav-menu--dropdown\">\n\t<li class=\"menu-item menu-item-type-custom menu-item-object-custom menu-item-34653\"><a href=\"\/it\/award\" class=\"elementor-sub-item\" tabindex=\"-1\">Partecipa<\/a><\/li>\n<\/ul>\n<\/li>\n<li class=\"menu-connect menu-item menu-item-type-custom menu-item-object-custom menu-item-has-children menu-item-33097\"><a href=\"#connect\" class=\"elementor-item elementor-item-anchor\" tabindex=\"-1\">Connect<\/a>\n<ul class=\"sub-menu elementor-nav-menu--dropdown\">\n\t<li class=\"menu-item menu-item-type-custom menu-item-object-custom menu-item-33136\"><a href=\"\/it\/connect\" class=\"elementor-sub-item\" tabindex=\"-1\">Your Round Table<\/a><\/li>\n\t<li class=\"menu-item menu-item-type-custom menu-item-object-custom menu-item-33137\"><a href=\"\/it\/connect\" class=\"elementor-sub-item\" tabindex=\"-1\">Speech Opportunities<\/a><\/li>\n<\/ul>\n<\/li>\n<li class=\"menu-promote menu-item menu-item-type-custom menu-item-object-custom menu-item-has-children menu-item-33098\"><a href=\"#promote\" class=\"elementor-item elementor-item-anchor\" tabindex=\"-1\">Promote<\/a>\n<ul class=\"sub-menu elementor-nav-menu--dropdown\">\n\t<li class=\"menu-item menu-item-type-custom menu-item-object-custom menu-item-33138\"><a href=\"\/it\/promote\" class=\"elementor-sub-item\" tabindex=\"-1\">Your Magazine<\/a><\/li>\n\t<li class=\"menu-item menu-item-type-custom menu-item-object-custom menu-item-33139\"><a href=\"\/it\/promote\" class=\"elementor-sub-item\" tabindex=\"-1\">Your Video<\/a><\/li>\n\t<li class=\"menu-item menu-item-type-custom menu-item-object-custom menu-item-33140\"><a href=\"\/it\/promote\" class=\"elementor-sub-item\" tabindex=\"-1\">Your Media Interviews<\/a><\/li>\n<\/ul>\n<\/li>\n<\/ul>\t\t\t<\/nav>\n\t\t\t\t<\/div>\n\t\t\t\t<\/div>\n\t\t\t\t\t<\/div>\n\t\t<\/div>\n\t\t\t\t\t<\/div>\n\t\t<\/section>\n\t\t\t\t<section class=\"has_eae_slider elementor-section elementor-top-section elementor-element elementor-element-365e9b46 elementor-section-full_width elementor-section-height-default elementor-section-height-default\" data-id=\"365e9b46\" data-element_type=\"section\">\n\t\t\t\t\t\t<div class=\"elementor-container elementor-column-gap-default\">\n\t\t\t\t\t<div class=\"has_eae_slider elementor-column elementor-col-100 elementor-top-column elementor-element elementor-element-1defcb1c\" data-id=\"1defcb1c\" data-element_type=\"column\">\n\t\t\t<div class=\"elementor-widget-wrap elementor-element-populated\">\n\t\t\t\t\t\t<div class=\"elementor-element elementor-element-17606c43 elementor-widget elementor-widget-jnews_element_newsticker_elementor\" data-id=\"17606c43\" data-element_type=\"widget\" data-widget_type=\"jnews_element_newsticker_elementor.default\">\n\t\t\t\t<div class=\"elementor-widget-container\">\n\t\t\t<div  class=\"jeg_breakingnews clearfix jnews_module__0_69f1ff7199d42   \">\n                <div class=\"jeg_breakingnews_title\"><i class=\"\">&nbsp;<\/i> <span>UPDATE: <\/span><\/div>\n\n                <div class=\"jeg_news_ticker\" data-autoplay='yes' data-delay='3000' data-animation='horizontal'>\n                    <div class=\"jeg_news_ticker_items\">\n                        <div class=\"jeg_news_ticker_item jeg_news_ticker_animated jeg_news_ticker_active format-standard\">\n                <span>\n                    <a href=\"https:\/\/www.ceoforlifeawards.com\/it\/blog\/corviale-il-sogno-possibile-di-calciosociale-dove-legalita-e-sport-cambiano-il-destino-di-un-quartiere\/\" >Corviale, il sogno possibile di CalcioSociale: dove legalit\u00e0 e sport cambiano il destino di un quartiere<\/a>\n                <\/span>\n                <span class=\"post-date\">\n                    04\/07\/2025\n                <\/span>\n            <\/div><div class=\"jeg_news_ticker_item jeg_news_ticker_animated  format-standard\">\n                <span>\n                    <a href=\"https:\/\/www.ceoforlifeawards.com\/it\/blog\/smurfit-westrock-italia-inaugurato-il-nuovo-impianto-di-riciclo-a-verzuolo\/\" >Smurfit Westrock Italia: inaugurato il nuovo impianto di riciclo a Verzuolo<\/a>\n                <\/span>\n                <span class=\"post-date\">\n                    04\/07\/2025\n                <\/span>\n            <\/div><div class=\"jeg_news_ticker_item jeg_news_ticker_animated  format-standard\">\n                <span>\n                    <a href=\"https:\/\/www.ceoforlifeawards.com\/it\/blog\/milano-design-week-bosch-illumina-the-glitch-camp\/\" >Milano Design Week: Bosch illumina \u201cThe Glitch Camp\u201d<\/a>\n                <\/span>\n                <span class=\"post-date\">\n                    04\/07\/2025\n                <\/span>\n            <\/div><div class=\"jeg_news_ticker_item jeg_news_ticker_animated  format-standard\">\n                <span>\n                    <a href=\"https:\/\/www.ceoforlifeawards.com\/it\/blog\/la-tecnologia-abb-nella-nuova-sede-di-gattermayer-a-cagliari\/\" >La tecnologia ABB nella nuova sede di Gattermayer a Cagliari<\/a>\n                <\/span>\n                <span class=\"post-date\">\n                    04\/07\/2025\n                <\/span>\n            <\/div><div class=\"jeg_news_ticker_item jeg_news_ticker_animated  format-standard\">\n                <span>\n                    <a href=\"https:\/\/www.ceoforlifeawards.com\/it\/blog\/knorr-bremse-rail-systems-italia-e-il-volontariato-che-lascia-il-segno\/\" >Knorr-Bremse Rail Systems Italia e il volontariato che lascia il segno<\/a>\n                <\/span>\n                <span class=\"post-date\">\n                    04\/07\/2025\n                <\/span>\n            <\/div><div class=\"jeg_news_ticker_item jeg_news_ticker_animated  format-standard\">\n                <span>\n                    <a href=\"https:\/\/www.ceoforlifeawards.com\/it\/blog\/iss-facility-services-il-ritorno-dellufficio-come-spazio-di-relazione\/\" >ISS Facility Services: il ritorno dell\u2019ufficio come spazio di relazione<\/a>\n                <\/span>\n                <span class=\"post-date\">\n                    03\/07\/2025\n                <\/span>\n            <\/div><div class=\"jeg_news_ticker_item jeg_news_ticker_animated  format-standard\">\n                <span>\n                    <a href=\"https:\/\/www.ceoforlifeawards.com\/it\/blog\/un-nuovo-sguardo-sulle-pmi-nasce-losservatorio-lamp\/\" >Un nuovo sguardo sulle PMI: nasce l\u2019Osservatorio LAMP<\/a>\n                <\/span>\n                <span class=\"post-date\">\n                    03\/07\/2025\n                <\/span>\n            <\/div><div class=\"jeg_news_ticker_item jeg_news_ticker_animated  format-standard\">\n                <span>\n                    <a href=\"https:\/\/www.ceoforlifeawards.com\/it\/blog\/design-economy-2025-la-sostenibilita-come-motore-di-crescita\/\" >Design Economy 2025: la sostenibilit\u00e0 come motore di crescita<\/a>\n                <\/span>\n                <span class=\"post-date\">\n                    03\/07\/2025\n                <\/span>\n            <\/div><div class=\"jeg_news_ticker_item jeg_news_ticker_animated  format-standard\">\n                <span>\n                    <a href=\"https:\/\/www.ceoforlifeawards.com\/it\/blog\/datlas-entra-nel-network-di-valore-d-impegno-per-diversita-e-inclusione\/\" >Datlas entra nel network di Valore D: impegno per diversit\u00e0 e inclusione<\/a>\n                <\/span>\n                <span class=\"post-date\">\n                    03\/07\/2025\n                <\/span>\n            <\/div><div class=\"jeg_news_ticker_item jeg_news_ticker_animated  format-standard\">\n                <span>\n                    <a href=\"https:\/\/www.ceoforlifeawards.com\/it\/blog\/daikin-alla-giornata-nazionale-sulla-transizione-energetica-di-task-force-italia\/\" >Daikin alla Giornata Nazionale sulla transizione energetica di Task Force Italia<\/a>\n                <\/span>\n                <span class=\"post-date\">\n                    03\/07\/2025\n                <\/span>\n            <\/div><div class=\"jeg_news_ticker_item jeg_news_ticker_animated  format-standard\">\n                <span>\n                    <a href=\"https:\/\/www.ceoforlifeawards.com\/it\/blog\/dal-petrolio-alla-multi-energia-per-una-mobilita-sostenibile-il-contributo-di-gruppo-api\/\" >Dal petrolio alla multi-energia per una mobilit\u00e0 sostenibile: il contributo di Gruppo api<\/a>\n                <\/span>\n                <span class=\"post-date\">\n                    03\/07\/2025\n                <\/span>\n            <\/div><div class=\"jeg_news_ticker_item jeg_news_ticker_animated  format-standard\">\n                <span>\n                    <a href=\"https:\/\/www.ceoforlifeawards.com\/it\/blog\/aqp-e-il-risanamento-della-rete-idrica-di-taranto\/\" >AQP e il risanamento della rete idrica di Taranto<\/a>\n                <\/span>\n                <span class=\"post-date\">\n                    02\/07\/2025\n                <\/span>\n            <\/div><div class=\"jeg_news_ticker_item jeg_news_ticker_animated  format-standard\">\n                <span>\n                    <a href=\"https:\/\/www.ceoforlifeawards.com\/it\/blog\/aon-s-p-a-diventa-societa-benefit-etica-persone-e-sostenibilita-al-centro\/\" >Aon S.p.A. diventa Societ\u00e0 Benefit: etica, persone e sostenibilit\u00e0 al centro<\/a>\n                <\/span>\n                <span class=\"post-date\">\n                    02\/07\/2025\n                <\/span>\n            <\/div><div class=\"jeg_news_ticker_item jeg_news_ticker_animated  format-standard\">\n                <span>\n                    <a href=\"https:\/\/www.ceoforlifeawards.com\/it\/blog\/acrisure-italia-e-rete-dafne-sardegna-alleate-nella-prevenzione-e-nella-protezione\/\" >Acrisure Italia e Rete Dafne Sardegna alleate nella prevenzione e nella protezione<\/a>\n                <\/span>\n                <span class=\"post-date\">\n                    02\/07\/2025\n                <\/span>\n            <\/div><div class=\"jeg_news_ticker_item jeg_news_ticker_animated  format-standard\">\n                <span>\n                    <a href=\"https:\/\/www.ceoforlifeawards.com\/it\/blog\/a-monaco-levento-di-hitachi-accende-i-riflettori-sulleconomia-circolare-industriale-2\/\" >A Monaco l\u2019evento di Hitachi accende i riflettori sull\u2019economia circolare industriale<\/a>\n                <\/span>\n                <span class=\"post-date\">\n                    02\/07\/2025\n                <\/span>\n            <\/div><div class=\"jeg_news_ticker_item jeg_news_ticker_animated  format-standard\">\n                <span>\n                    <a href=\"https:\/\/www.ceoforlifeawards.com\/it\/blog\/dedalus-partecipa-alla-wings-for-life-world-run-uniti-per-la-ricerca\/\" >Dedalus partecipa alla Wings for Life World Run: uniti per la ricerca<\/a>\n                <\/span>\n                <span class=\"post-date\">\n                    02\/07\/2025\n                <\/span>\n            <\/div><div class=\"jeg_news_ticker_item jeg_news_ticker_animated  format-standard\">\n                <span>\n                    <a href=\"https:\/\/www.ceoforlifeawards.com\/it\/blog\/hitachi-energy-ottiene-il-riconoscimento-platinum-da-ecovadis-sostenibilita-al-centro-del-futuro-energetico\/\" >Hitachi Energy ottiene il riconoscimento Platinum da EcoVadis: sostenibilit\u00e0 al centro del futuro energetico<\/a>\n                <\/span>\n                <span class=\"post-date\">\n                    24\/06\/2025\n                <\/span>\n            <\/div><div class=\"jeg_news_ticker_item jeg_news_ticker_animated  format-standard\">\n                <span>\n                    <a href=\"https:\/\/www.ceoforlifeawards.com\/it\/blog\/due-anni-di-foresta-hitachi-energy-un-progetto-radicato-nella-sostenibilita-ambientale-e-sociale\/\" >Due anni di foresta Hitachi Energy: un progetto radicato nella sostenibilit\u00e0 ambientale e sociale<\/a>\n                <\/span>\n                <span class=\"post-date\">\n                    24\/06\/2025\n                <\/span>\n            <\/div><div class=\"jeg_news_ticker_item jeg_news_ticker_animated  format-standard\">\n                <span>\n                    <a href=\"https:\/\/www.ceoforlifeawards.com\/it\/blog\/a-monaco-levento-di-hitachi-accende-i-riflettori-sulleconomia-circolare-industriale\/\" >A Monaco l\u2019evento di Hitachi accende i riflettori sull\u2019economia circolare industriale<\/a>\n                <\/span>\n                <span class=\"post-date\">\n                    19\/05\/2025\n                <\/span>\n            <\/div><div class=\"jeg_news_ticker_item jeg_news_ticker_animated  format-standard\">\n                <span>\n                    <a href=\"https:\/\/www.ceoforlifeawards.com\/it\/blog\/elite-lancia-basket-bond-un-nuovo-strumento-finanziario-per-la-sostenibilita\/\" >Elite lancia \u201cBasket Bond\u201d un nuovo strumento finanziario per la sostenibilit\u00e0<\/a>\n                <\/span>\n                <span class=\"post-date\">\n                    14\/05\/2025\n                <\/span>\n            <\/div><div class=\"jeg_news_ticker_item jeg_news_ticker_animated  format-standard\">\n                <span>\n                    <a href=\"https:\/\/www.ceoforlifeawards.com\/it\/blog\/dxc-technlology-il-modello-zero-trust-per-una-sicurezza-informatica-senza-confini\/\" >DXC Technlology: il modello Zero Trust per una sicurezza informatica senza confini<\/a>\n                <\/span>\n                <span class=\"post-date\">\n                    14\/05\/2025\n                <\/span>\n            <\/div><div class=\"jeg_news_ticker_item jeg_news_ticker_animated  format-standard\">\n                <span>\n                    <a href=\"https:\/\/www.ceoforlifeawards.com\/it\/blog\/deloitte-larte-come-leva-strategica-per-la-sostenibilita-dimpresa\/\" >Deloitte: l\u2019arte come leva strategica per la sostenibilit\u00e0 d\u2019impresa<\/a>\n                <\/span>\n                <span class=\"post-date\">\n                    14\/05\/2025\n                <\/span>\n            <\/div><div class=\"jeg_news_ticker_item jeg_news_ticker_animated  format-standard\">\n                <span>\n                    <a href=\"https:\/\/www.ceoforlifeawards.com\/it\/blog\/riparte-terzo-tempo-una-nuova-carriera-dopo-quella-sportiva\/\" >Riparte \u201cTerzo Tempo\u201d: una nuova carriera dopo quella sportiva<\/a>\n                <\/span>\n                <span class=\"post-date\">\n                    14\/05\/2025\n                <\/span>\n            <\/div><div class=\"jeg_news_ticker_item jeg_news_ticker_animated  format-standard\">\n                <span>\n                    <a href=\"https:\/\/www.ceoforlifeawards.com\/it\/blog\/kone-allarme-deforestazione-oltre-6-milioni-di-ettari-persi-nel-2024-ma-ce-chi-risponde-con-innovazione-e-speranza\/\" >KONE: Allarme deforestazione, oltre 6 milioni di ettari persi nel 2024. Ma c\u2019\u00e8 chi risponde con innovazione e speranza<\/a>\n                <\/span>\n                <span class=\"post-date\">\n                    14\/05\/2025\n                <\/span>\n            <\/div><div class=\"jeg_news_ticker_item jeg_news_ticker_animated  format-standard\">\n                <span>\n                    <a href=\"https:\/\/www.ceoforlifeawards.com\/it\/blog\/da-kaspersky-un-test-interattivo-per-valutare-le-barriere-di-genere-e-la-work-life-balance-nel-settore-it\/\" >Da Kaspersky un test interattivo per valutare le barriere di genere e la work-life balance nel settore IT<\/a>\n                <\/span>\n                <span class=\"post-date\">\n                    13\/05\/2025\n                <\/span>\n            <\/div><div class=\"jeg_news_ticker_item jeg_news_ticker_animated  format-standard\">\n                <span>\n                    <a href=\"https:\/\/www.ceoforlifeawards.com\/it\/blog\/lecosistema-fa-la-forza-abb-con-baker-hughes\/\" >L\u2019ecosistema fa la forza \u2013 ABB con Baker Hughes<\/a>\n                <\/span>\n                <span class=\"post-date\">\n                    08\/05\/2025\n                <\/span>\n            <\/div><div class=\"jeg_news_ticker_item jeg_news_ticker_animated  format-standard\">\n                <span>\n                    <a href=\"https:\/\/www.ceoforlifeawards.com\/it\/blog\/iren-si-rafforza-come-player-nazionale-nel-settore-idrico-il-gruppo-sale-al-100-nel-controllo-di-iren-acqua\/\" >Iren si rafforza come player nazionale nel settore idrico: il Gruppo sale al 100% nel controllo di Iren Acqua<\/a>\n                <\/span>\n                <span class=\"post-date\">\n                    24\/04\/2025\n                <\/span>\n            <\/div><div class=\"jeg_news_ticker_item jeg_news_ticker_animated  format-standard\">\n                <span>\n                    <a href=\"https:\/\/www.ceoforlifeawards.com\/it\/blog\/la-staffetta-fuoriclasse-di-sostenibilita-e-innovazione-di-abb-italia-2\/\" >La Staffetta &#8211; Fuoriclasse di Sostenibilit\u00e0 e Innovazione di ABB Italia<\/a>\n                <\/span>\n                <span class=\"post-date\">\n                    24\/04\/2025\n                <\/span>\n            <\/div><div class=\"jeg_news_ticker_item jeg_news_ticker_animated  format-standard\">\n                <span>\n                    <a href=\"https:\/\/www.ceoforlifeawards.com\/it\/blog\/ricomincio-da-me-la-nuova-edizione-a-torino\/\" >\u201cRicomincio da me\u201d, la nuova edizione a Torino<\/a>\n                <\/span>\n                <span class=\"post-date\">\n                    01\/04\/2025\n                <\/span>\n            <\/div><div class=\"jeg_news_ticker_item jeg_news_ticker_animated  format-standard\">\n                <span>\n                    <a href=\"https:\/\/www.ceoforlifeawards.com\/it\/blog\/il-motomondiale-e-sempre-piu-sostenibile-dopo-motogp-anche-fim-superbike-world-championship-ottiene-la-certificazione-iso\/\" >Il motomondiale \u00e8 sempre pi\u00f9 Sostenibile: dopo MotoGP, anche FIM Superbike World Championship ottiene la certificazione ISO<\/a>\n                <\/span>\n                <span class=\"post-date\">\n                    21\/03\/2025\n                <\/span>\n            <\/div><div class=\"jeg_news_ticker_item jeg_news_ticker_animated  format-standard\">\n                <span>\n                    <a href=\"https:\/\/www.ceoforlifeawards.com\/it\/blog\/trasporti-in-abruzzo-10-milioni-da-mediocredito-centrale-per-autobus-piu-sostenibili\/\" >Trasporti in Abruzzo: 10 milioni da Mediocredito Centrale per autobus pi\u00f9 sostenibili<\/a>\n                <\/span>\n                <span class=\"post-date\">\n                    21\/03\/2025\n                <\/span>\n            <\/div><div class=\"jeg_news_ticker_item jeg_news_ticker_animated  format-standard\">\n                <span>\n                    <a href=\"https:\/\/www.ceoforlifeawards.com\/it\/blog\/teleperformance-italia-per-un-ambiente-di-lavoro-inclusivo-aderisce-al-manifesto-sulla-gender-equality\/\" >Teleperformance Italia per un ambiente di lavoro inclusivo: aderisce al Manifesto sulla Gender Equality<\/a>\n                <\/span>\n                <span class=\"post-date\">\n                    21\/03\/2025\n                <\/span>\n            <\/div><div class=\"jeg_news_ticker_item jeg_news_ticker_animated  format-standard\">\n                <span>\n                    <a href=\"https:\/\/www.ceoforlifeawards.com\/it\/blog\/smurfit-westrock-italia-top-employer-per-il-sesto-anno-consecutivo\/\" >Smurfit Westrock Italia: Top Employer per il sesto anno consecutivo<\/a>\n                <\/span>\n                <span class=\"post-date\">\n                    21\/03\/2025\n                <\/span>\n            <\/div><div class=\"jeg_news_ticker_item jeg_news_ticker_animated  format-standard\">\n                <span>\n                    <a href=\"https:\/\/www.ceoforlifeawards.com\/it\/blog\/schneider-electric-lazienda-piu-sostenibile-al-mondo-per-la-seconda-volta\/\" >Schneider Electric: l\u2019azienda pi\u00f9 sostenibile al mondo per la seconda volta<\/a>\n                <\/span>\n                <span class=\"post-date\">\n                    21\/03\/2025\n                <\/span>\n            <\/div><div class=\"jeg_news_ticker_item jeg_news_ticker_animated  format-standard\">\n                <span>\n                    <a href=\"https:\/\/www.ceoforlifeawards.com\/it\/blog\/renault-rivoluziona-il-segmento-dei-veicoli-commerciali-con-estafette-goelette-e-trafic-e-tech-electric\/\" >Renault rivoluziona il segmento dei veicoli commerciali con Estafette, Goelette e Trafic E-Tech Electric<\/a>\n                <\/span>\n                <span class=\"post-date\">\n                    21\/03\/2025\n                <\/span>\n            <\/div><div class=\"jeg_news_ticker_item jeg_news_ticker_animated  format-standard\">\n                <span>\n                    <a href=\"https:\/\/www.ceoforlifeawards.com\/it\/blog\/sostenibilita-ambientale-lottomatica-ottiene-il-rating-b-dal-carbon-disclosure-project-nella-categoria-climate\/\" >Sostenibilit\u00e0 ambientale: Lottomatica ottiene il rating B dal Carbon Disclosure Project nella categoria Climate<\/a>\n                <\/span>\n                <span class=\"post-date\">\n                    21\/03\/2025\n                <\/span>\n            <\/div><div class=\"jeg_news_ticker_item jeg_news_ticker_animated  format-standard\">\n                <span>\n                    <a href=\"https:\/\/www.ceoforlifeawards.com\/it\/blog\/one-world-one-kb-knorr-bremse-celebra-i-suoi-primi-120-anni-di-storia\/\" >One World \u2013 One KB: Knorr-Bremse celebra i suoi primi 120 anni di storia<\/a>\n                <\/span>\n                <span class=\"post-date\">\n                    21\/03\/2025\n                <\/span>\n            <\/div><div class=\"jeg_news_ticker_item jeg_news_ticker_animated  format-standard\">\n                <span>\n                    <a href=\"https:\/\/www.ceoforlifeawards.com\/it\/blog\/migrazioni-involontarie-come-il-prisma-ripensa-agli-spazi-e-allarchitettura\/\" >Migrazioni (in)volontarie: come Il Prisma ripensa agli spazi e all\u2019architettura<\/a>\n                <\/span>\n                <span class=\"post-date\">\n                    21\/03\/2025\n                <\/span>\n            <\/div><div class=\"jeg_news_ticker_item jeg_news_ticker_animated  format-standard\">\n                <span>\n                    <a href=\"https:\/\/www.ceoforlifeawards.com\/it\/blog\/il-futuro-della-mobilita-e-multi-energia-ip-gruppo-api-in-piemonte-punta-anche-sullidrogeno\/\" >Il futuro della mobilit\u00e0 \u00e8 multi-energia: IP Gruppo api in Piemonte punta anche sull\u2019idrogeno<\/a>\n                <\/span>\n                <span class=\"post-date\">\n                    20\/03\/2025\n                <\/span>\n            <\/div><div class=\"jeg_news_ticker_item jeg_news_ticker_animated  format-standard\">\n                <span>\n                    <a href=\"https:\/\/www.ceoforlifeawards.com\/it\/blog\/enav-ruolo-chiave-nei-test-per-le-consegne-con-i-droni-in-italia\/\" >ENAV: ruolo chiave nei test per le consegne con i droni in Italia<\/a>\n                <\/span>\n                <span class=\"post-date\">\n                    20\/03\/2025\n                <\/span>\n            <\/div><div class=\"jeg_news_ticker_item jeg_news_ticker_animated  format-standard\">\n                <span>\n                    <a href=\"https:\/\/www.ceoforlifeawards.com\/it\/blog\/dsv-festeggia-oltre-25-anni-di-collaborazione-con-le-imprese-del-centro-italia\/\" >DSV festeggia oltre 25 anni di collaborazione con le imprese del Centro Italia<\/a>\n                <\/span>\n                <span class=\"post-date\">\n                    20\/03\/2025\n                <\/span>\n            <\/div><div class=\"jeg_news_ticker_item jeg_news_ticker_animated  format-standard\">\n                <span>\n                    <a href=\"https:\/\/www.ceoforlifeawards.com\/it\/blog\/deloitte-per-gli-italiani-la-scelta-per-la-mobilita-sostenibile-e-librido-2\/\" >Deloitte: per gli italiani la scelta per la mobilit\u00e0 sostenibile \u00e8 l\u2019ibrido<\/a>\n                <\/span>\n                <span class=\"post-date\">\n                    20\/03\/2025\n                <\/span>\n            <\/div><div class=\"jeg_news_ticker_item jeg_news_ticker_animated  format-standard\">\n                <span>\n                    <a href=\"https:\/\/www.ceoforlifeawards.com\/it\/blog\/accessibilita-digitale-oltre-lobbligo-normativo-unopportunita-strategica\/\" >Accessibilit\u00e0 digitale: oltre l\u2019obbligo normativo, un\u2019opportunit\u00e0 strategica<\/a>\n                <\/span>\n                <span class=\"post-date\">\n                    20\/03\/2025\n                <\/span>\n            <\/div><div class=\"jeg_news_ticker_item jeg_news_ticker_animated  format-standard\">\n                <span>\n                    <a href=\"https:\/\/www.ceoforlifeawards.com\/it\/blog\/deloitte-per-gli-italiani-la-scelta-per-la-mobilita-sostenibile-e-librido\/\" >Deloitte: per gli italiani la scelta per la mobilit\u00e0 sostenibile \u00e8 l\u2019ibrido<\/a>\n                <\/span>\n                <span class=\"post-date\">\n                    19\/03\/2025\n                <\/span>\n            <\/div><div class=\"jeg_news_ticker_item jeg_news_ticker_animated  format-standard\">\n                <span>\n                    <a href=\"https:\/\/www.ceoforlifeawards.com\/it\/blog\/unazienda-energeticamente-autosufficiente-monitorata-con-abb-ability-energy-manager\/\" >Un\u2019azienda energeticamente autosufficiente monitorata con ABB Ability Energy Manager<\/a>\n                <\/span>\n                <span class=\"post-date\">\n                    19\/03\/2025\n                <\/span>\n            <\/div><div class=\"jeg_news_ticker_item jeg_news_ticker_animated  format-standard\">\n                <span>\n                    <a href=\"https:\/\/www.ceoforlifeawards.com\/it\/blog\/sanofi-al-via-la-campagna-sul-diabete-autoimmune-di-tipo-1\/\" >Sanofi, al via la campagna sul diabete autoimmune di tipo 1<\/a>\n                <\/span>\n                <span class=\"post-date\">\n                    18\/03\/2025\n                <\/span>\n            <\/div><div class=\"jeg_news_ticker_item jeg_news_ticker_animated  format-standard\">\n                <span>\n                    <a href=\"https:\/\/www.ceoforlifeawards.com\/it\/blog\/daikin-e-il-progetto-green-installer-12-tonnellate-di-gas-rigenerato-in-due-anni\/\" >Daikin e il Progetto Green Installer: 12 tonnellate di gas rigenerato in due anni<\/a>\n                <\/span>\n                <span class=\"post-date\">\n                    18\/03\/2025\n                <\/span>\n            <\/div><div class=\"jeg_news_ticker_item jeg_news_ticker_animated  format-standard\">\n                <span>\n                    <a href=\"https:\/\/www.ceoforlifeawards.com\/it\/blog\/da-valencia-a-bologna-in-bicicletta-coop-al-fianco-della-sostenibilita\/\" >Da Valencia a Bologna in bicicletta: Coop al fianco della sostenibilit\u00e0<\/a>\n                <\/span>\n                <span class=\"post-date\">\n                    18\/03\/2025\n                <\/span>\n            <\/div><div class=\"jeg_news_ticker_item jeg_news_ticker_animated  format-standard\">\n                <span>\n                    <a href=\"https:\/\/www.ceoforlifeawards.com\/it\/blog\/bouygues-energies-services-italia-e-sponsor-di-learning-lab-data-center\/\" >Bouygues Energies &amp; Services Italia \u00e8 sponsor di \u2018Learning Lab Data Center\u2019<\/a>\n                <\/span>\n                <span class=\"post-date\">\n                    18\/03\/2025\n                <\/span>\n            <\/div><div class=\"jeg_news_ticker_item jeg_news_ticker_animated  format-standard\">\n                <span>\n                    <a href=\"https:\/\/www.ceoforlifeawards.com\/it\/blog\/55565\/\" ><\/a>\n                <\/span>\n                <span class=\"post-date\">\n                    18\/03\/2025\n                <\/span>\n            <\/div><div class=\"jeg_news_ticker_item jeg_news_ticker_animated  format-standard\">\n                <span>\n                    <a href=\"https:\/\/www.ceoforlifeawards.com\/it\/blog\/boeing-e-norsk-insieme-a-supporto-degli-e-fuel\/\" >Boeing e Norsk insieme a supporto degli e-fuel<\/a>\n                <\/span>\n                <span class=\"post-date\">\n                    18\/03\/2025\n                <\/span>\n            <\/div><div class=\"jeg_news_ticker_item jeg_news_ticker_animated  format-standard\">\n                <span>\n                    <a href=\"https:\/\/www.ceoforlifeawards.com\/it\/blog\/la-missione-sostenibile-di-acqua-pubblica-sabina-s-p-a\/\" >La missione sostenibile di Acqua Pubblica Sabina S.p.a.<\/a>\n                <\/span>\n                <span class=\"post-date\">\n                    18\/03\/2025\n                <\/span>\n            <\/div><div class=\"jeg_news_ticker_item jeg_news_ticker_animated  format-standard\">\n                <span>\n                    <a href=\"https:\/\/www.ceoforlifeawards.com\/it\/blog\/acrisure-acquisisce-alta-broker-partners\/\" >Acrisure acquisisce Alta Broker &amp; Partners<\/a>\n                <\/span>\n                <span class=\"post-date\">\n                    18\/03\/2025\n                <\/span>\n            <\/div><div class=\"jeg_news_ticker_item jeg_news_ticker_animated  format-standard\">\n                <span>\n                    <a href=\"https:\/\/www.ceoforlifeawards.com\/it\/blog\/acquedotto-pugliese-guida-il-progetto-internazionale-aqua-per-la-resilienza-idrica\/\" >Acquedotto Pugliese guida il progetto internazionale AQUA per la resilienza idrica<\/a>\n                <\/span>\n                <span class=\"post-date\">\n                    18\/03\/2025\n                <\/span>\n            <\/div><div class=\"jeg_news_ticker_item jeg_news_ticker_animated  format-standard\">\n                <span>\n                    <a href=\"https:\/\/www.ceoforlifeawards.com\/it\/blog\/associazione-botteghe-romane-entra-a-far-parte-di-federterziario-corcos-abr-in-arrivo-nuovi-servizi-per-i-nostri-soci\/\" >ASSOCIAZIONE BOTTEGHE ROMANE ENTRA A FAR PARTE DI FEDERTERZIARIO, CORCOS (ABR): \u201cIn arrivo nuovi servizi per i nostri soci\u201d<\/a>\n                <\/span>\n                <span class=\"post-date\">\n                    03\/04\/2025\n                <\/span>\n            <\/div><div class=\"jeg_news_ticker_item jeg_news_ticker_animated  format-standard\">\n                <span>\n                    <a href=\"https:\/\/www.ceoforlifeawards.com\/it\/blog\/edulia-treccani-scuola-e-iberdrola-italia-lanciano-un-contest-gratuito-per-le-scuole-secondarie-di-primo-grado-pubbliche\/\" >Edulia Treccani Scuola e Iberdrola Italia lanciano un contest gratuito per le scuole secondarie di primo grado pubbliche<\/a>\n                <\/span>\n                <span class=\"post-date\">\n                    12\/03\/2025\n                <\/span>\n            <\/div><div class=\"jeg_news_ticker_item jeg_news_ticker_animated  format-standard\">\n                <span>\n                    <a href=\"https:\/\/www.ceoforlifeawards.com\/it\/blog\/teleperformance-protagonista-del-progetto-joint-stars-for-charity-per-i-bambini-di-un-ospedale-di-taranto\/\" >Teleperformance protagonista del progetto \u201cJoint Stars for Charity\u201d per i bambini di un ospedale di Taranto<\/a>\n                <\/span>\n                <span class=\"post-date\">\n                    10\/03\/2025\n                <\/span>\n            <\/div><div class=\"jeg_news_ticker_item jeg_news_ticker_animated  format-standard\">\n                <span>\n                    <a href=\"https:\/\/www.ceoforlifeawards.com\/it\/blog\/carta-canta-abb-con-ds-smith\/\" >Carta Canta \u2013 ABB con DS Smith<\/a>\n                <\/span>\n                <span class=\"post-date\">\n                    10\/03\/2025\n                <\/span>\n            <\/div><div class=\"jeg_news_ticker_item jeg_news_ticker_animated  format-standard\">\n                <span>\n                    <a href=\"https:\/\/www.ceoforlifeawards.com\/it\/blog\/la-prima-edizione-del-global-grids-index-evidenzia-il-grado-di-preparazione-dellitalia-nella-costruzione-della-rete-elettrica-del-futuro\/\" >La prima edizione del \u201cGlobal Grids Index\u201d evidenzia il grado di preparazione dell\u2019Italia nella costruzione della rete elettrica del futuro<\/a>\n                <\/span>\n                <span class=\"post-date\">\n                    12\/03\/2025\n                <\/span>\n            <\/div><div class=\"jeg_news_ticker_item jeg_news_ticker_animated  format-standard\">\n                <span>\n                    <a href=\"https:\/\/www.ceoforlifeawards.com\/it\/blog\/hera-nel-dow-jones-sustainability-index-come-leader-mondiale-nel-settore\/\" >Hera nel Dow Jones Sustainability Index come leader mondiale nel settore<\/a>\n                <\/span>\n                <span class=\"post-date\">\n                    03\/03\/2025\n                <\/span>\n            <\/div><div class=\"jeg_news_ticker_item jeg_news_ticker_animated  format-standard\">\n                <span>\n                    <a href=\"https:\/\/www.ceoforlifeawards.com\/it\/blog\/iberdrola-e-pam-panorama-accelerano-lelettrificazione-e-la-decarbonizzazione-della-gdo\/\" >Iberdrola e Pam Panorama accelerano  l\u2019elettrificazione e la decarbonizzazione della GDO<\/a>\n                <\/span>\n                <span class=\"post-date\">\n                    12\/03\/2025\n                <\/span>\n            <\/div><div class=\"jeg_news_ticker_item jeg_news_ticker_animated  format-standard\">\n                <span>\n                    <a href=\"https:\/\/www.ceoforlifeawards.com\/it\/blog\/montefiascone-punta-al-futuro-scuole-piu-sostenibili-con-il-fotovoltaico\/\" >Montefiascone punta al futuro:  scuole pi\u00f9 sostenibili con il fotovoltaico<\/a>\n                <\/span>\n                <span class=\"post-date\">\n                    12\/03\/2025\n                <\/span>\n            <\/div><div class=\"jeg_news_ticker_item jeg_news_ticker_animated  format-standard\">\n                <span>\n                    <a href=\"https:\/\/www.ceoforlifeawards.com\/it\/blog\/un-investimento-record-di-17-miliardi-di-euro-fa-salire-lutile-netto-di-iberdrola-a-5612-miliardi-di-euro-con-un-incremento-del-17\/\" >Un investimento record di 17 miliardi di euro fa salire l\u2019utile netto di Iberdrola a 5,612 miliardi di euro, con un incremento del 17%<\/a>\n                <\/span>\n                <span class=\"post-date\">\n                    12\/03\/2025\n                <\/span>\n            <\/div><div class=\"jeg_news_ticker_item jeg_news_ticker_animated  format-standard\">\n                <span>\n                    <a href=\"https:\/\/www.ceoforlifeawards.com\/it\/blog\/il-circolo-delle-cose-abb-con-seval\/\" >Il circolo delle cose \u2013 ABB con SEVal<\/a>\n                <\/span>\n                <span class=\"post-date\">\n                    18\/02\/2025\n                <\/span>\n            <\/div><div class=\"jeg_news_ticker_item jeg_news_ticker_animated  format-standard\">\n                <span>\n                    <a href=\"https:\/\/www.ceoforlifeawards.com\/it\/blog\/fujifilm-e-uicc-insieme-nella-lotta-contro-il-cancro-una-nuova-partnership-per-sensibilizzare-e-migliorare-laccesso-alle-cure\/\" >Fujifilm e UICC insieme nella lotta contro il cancro: una nuova partnership per sensibilizzare e migliorare l\u2019accesso alle cure<\/a>\n                <\/span>\n                <span class=\"post-date\">\n                    04\/02\/2025\n                <\/span>\n            <\/div><div class=\"jeg_news_ticker_item jeg_news_ticker_animated  format-standard\">\n                <span>\n                    <a href=\"https:\/\/www.ceoforlifeawards.com\/it\/blog\/la-staffetta-fuoriclasse-di-sostenibilita-e-innovazione-di-abb-italia\/\" >La Staffetta Fuoriclasse di Sostenibilit\u00e0 e Innovazione di ABB Italia<\/a>\n                <\/span>\n                <span class=\"post-date\">\n                    04\/02\/2025\n                <\/span>\n            <\/div><div class=\"jeg_news_ticker_item jeg_news_ticker_animated  format-standard\">\n                <span>\n                    <a href=\"https:\/\/www.ceoforlifeawards.com\/it\/blog\/iberdrola-guida-il-mercato-europeo-dei-ppa-per-il-secondo-anno-consecutivo-con-oltre-1-251-mw\/\" >Iberdrola guida il mercato europeo dei PPA per il secondo anno consecutivo con oltre 1.251 MW<\/a>\n                <\/span>\n                <span class=\"post-date\">\n                    12\/03\/2025\n                <\/span>\n            <\/div><div class=\"jeg_news_ticker_item jeg_news_ticker_animated  format-standard\">\n                <span>\n                    <a href=\"https:\/\/www.ceoforlifeawards.com\/it\/blog\/il-gruppo-hera-presenta-il-piano-industriale-al-2028\/\" >Il Gruppo Hera presenta il Piano industriale al 2028<\/a>\n                <\/span>\n                <span class=\"post-date\">\n                    03\/03\/2025\n                <\/span>\n            <\/div><div class=\"jeg_news_ticker_item jeg_news_ticker_animated  format-standard\">\n                <span>\n                    <a href=\"https:\/\/www.ceoforlifeawards.com\/it\/blog\/inwit-confermata-top-employer-italia-per-il-secondo-anno-consecutivo\/\" >INWIT confermata Top Employer Italia per il secondo anno consecutivo<\/a>\n                <\/span>\n                <span class=\"post-date\">\n                    26\/03\/2025\n                <\/span>\n            <\/div><div class=\"jeg_news_ticker_item jeg_news_ticker_animated  format-standard\">\n                <span>\n                    <a href=\"https:\/\/www.ceoforlifeawards.com\/it\/blog\/hera-da-16-anni-ininterrottamente-top-employer\/\" >Hera: da 16 anni ininterrottamente Top Employer<\/a>\n                <\/span>\n                <span class=\"post-date\">\n                    03\/03\/2025\n                <\/span>\n            <\/div><div class=\"jeg_news_ticker_item jeg_news_ticker_animated  format-standard\">\n                <span>\n                    <a href=\"https:\/\/www.ceoforlifeawards.com\/it\/blog\/inwit-per-la-prima-volta-nellindice-euronext-mib-esg\/\" >INWIT per la prima volta nell\u2019indice Euronext MIB\u00ae ESG<\/a>\n                <\/span>\n                <span class=\"post-date\">\n                    26\/03\/2025\n                <\/span>\n            <\/div><div class=\"jeg_news_ticker_item jeg_news_ticker_animated  format-standard\">\n                <span>\n                    <a href=\"https:\/\/www.ceoforlifeawards.com\/it\/blog\/ll-gruppo-hera-acquisisce-da-ascopiave-le-quote-di-estenergy-e-sale-al-100-del-capitale-sociale\/\" >ll Gruppo Hera acquisisce da Ascopiave le quote di Estenergy e sale al 100% del capitale sociale<\/a>\n                <\/span>\n                <span class=\"post-date\">\n                    03\/03\/2025\n                <\/span>\n            <\/div><div class=\"jeg_news_ticker_item jeg_news_ticker_animated  format-standard\">\n                <span>\n                    <a href=\"https:\/\/www.ceoforlifeawards.com\/it\/blog\/demografia-e-lavoro-quali-prospettive-di-sviluppo-nei-contesti-socio-economici-e-nelle-aziende\/\" >Demografia e lavoro: quali prospettive di sviluppo nei contesti socio-economici e nelle aziende<\/a>\n                <\/span>\n                <span class=\"post-date\">\n                    03\/03\/2025\n                <\/span>\n            <\/div><div class=\"jeg_news_ticker_item jeg_news_ticker_animated  format-standard\">\n                <span>\n                    <a href=\"https:\/\/www.ceoforlifeawards.com\/it\/blog\/al-gruppo-hera-quasi-10-milioni-di-euro-del-pnrr-per-lagrivoltaico\/\" >Al Gruppo Hera quasi 10 milioni di euro del PNRR per l\u2019agrivoltaico<\/a>\n                <\/span>\n                <span class=\"post-date\">\n                    03\/03\/2025\n                <\/span>\n            <\/div><div class=\"jeg_news_ticker_item jeg_news_ticker_animated  format-standard\">\n                <span>\n                    <a href=\"https:\/\/www.ceoforlifeawards.com\/it\/blog\/edufin-index-in-puglia-livello-educazione-finanziaria-sotto-la-media-nazionale\/\" >Edufin Index: in Puglia livello educazione finanziaria sotto la media nazionale<\/a>\n                <\/span>\n                <span class=\"post-date\">\n                    06\/12\/2024\n                <\/span>\n            <\/div><div class=\"jeg_news_ticker_item jeg_news_ticker_animated  format-standard\">\n                <span>\n                    <a href=\"https:\/\/www.ceoforlifeawards.com\/it\/blog\/kone-e-ledilizia-green-scale-mobili-e-ascensori-a-zero-emissioni\/\" >KONE e l\u2019edilizia green: scale mobili e ascensori a zero emissioni<\/a>\n                <\/span>\n                <span class=\"post-date\">\n                    02\/12\/2024\n                <\/span>\n            <\/div><div class=\"jeg_news_ticker_item jeg_news_ticker_animated  format-standard\">\n                <span>\n                    <a href=\"https:\/\/www.ceoforlifeawards.com\/it\/blog\/inwit-e-tra-le-aziende-piu-sostenibili-al-mondo-nella-classifica-di-time\/\" >INWIT \u00e8 tra le aziende pi\u00f9 sostenibili al mondo nella classifica di TIME<\/a>\n                <\/span>\n                <span class=\"post-date\">\n                    26\/03\/2025\n                <\/span>\n            <\/div><div class=\"jeg_news_ticker_item jeg_news_ticker_animated  format-standard\">\n                <span>\n                    <a href=\"https:\/\/www.ceoforlifeawards.com\/it\/blog\/mediocredito-centrale-conclusa-con-successo-lemissione-di-un-social-bond-da-400-milioni\/\" >Mediocredito Centrale, conclusa con successo l\u2019emissione di un Social bond da 400 milioni<\/a>\n                <\/span>\n                <span class=\"post-date\">\n                    26\/11\/2024\n                <\/span>\n            <\/div><div class=\"jeg_news_ticker_item jeg_news_ticker_animated  format-standard\">\n                <span>\n                    <a href=\"https:\/\/www.ceoforlifeawards.com\/it\/blog\/iris-ceramica-group-fabbrica-idrogeno-verde-premio-smau\/\" >Iris Ceramica Group, la prima fabbrica ceramica a idrogeno verde riceve il Premio Innovazione SMAU<\/a>\n                <\/span>\n                <span class=\"post-date\">\n                    26\/11\/2024\n                <\/span>\n            <\/div><div class=\"jeg_news_ticker_item jeg_news_ticker_animated  format-standard\">\n                <span>\n                    <a href=\"https:\/\/www.ceoforlifeawards.com\/it\/blog\/mediocredito-centrale-insieme-a-bdm-banca-e-allaccademia-chigiana-per-i-giovani-del-mezzogiorno\/\" >Mediocredito Centrale insieme a BdM Banca e all\u2019Accademia Chigiana per i giovani del Mezzogiorno<\/a>\n                <\/span>\n                <span class=\"post-date\">\n                    26\/11\/2024\n                <\/span>\n            <\/div><div class=\"jeg_news_ticker_item jeg_news_ticker_animated  format-standard\">\n                <span>\n                    <a href=\"https:\/\/www.ceoforlifeawards.com\/it\/blog\/gruppo-hera-prima-multiutility-italiana-con-target-net-zero\/\" >Gruppo Hera prima multiutility italiana con target Net Zero<\/a>\n                <\/span>\n                <span class=\"post-date\">\n                    21\/11\/2024\n                <\/span>\n            <\/div><div class=\"jeg_news_ticker_item jeg_news_ticker_animated  format-standard\">\n                <span>\n                    <a href=\"https:\/\/www.ceoforlifeawards.com\/it\/blog\/meta-carne-meta-proteine-vegetali-fileni-50-50-cerca-il-giusto-compromesso\/\" >Met\u00e0 carne, met\u00e0 proteine vegetali: Fileni 50% &amp; 50%  cerca il giusto compromesso<\/a>\n                <\/span>\n                <span class=\"post-date\">\n                    18\/11\/2024\n                <\/span>\n            <\/div><div class=\"jeg_news_ticker_item jeg_news_ticker_animated  format-standard\">\n                <span>\n                    <a href=\"https:\/\/www.ceoforlifeawards.com\/it\/blog\/edufin-index-in-campania-livello-di-educazione-finanziaria-sotto-la-media-nazionale\/\" >Edufin Index: in Campania livello di educazione finanziaria sotto la media nazionale<\/a>\n                <\/span>\n                <span class=\"post-date\">\n                    13\/11\/2024\n                <\/span>\n            <\/div><div class=\"jeg_news_ticker_item jeg_news_ticker_animated  format-standard\">\n                <span>\n                    <a href=\"https:\/\/www.ceoforlifeawards.com\/it\/blog\/gresb-conferma-il-massimo-punteggio-del-rating-esg-per-inwit\/\" >GRESB conferma il massimo punteggio Del rating ESG per INWIT<\/a>\n                <\/span>\n                <span class=\"post-date\">\n                    26\/03\/2025\n                <\/span>\n            <\/div><div class=\"jeg_news_ticker_item jeg_news_ticker_animated  format-standard\">\n                <span>\n                    <a href=\"https:\/\/www.ceoforlifeawards.com\/it\/blog\/un-progetto-quinquennale-per-il-futuro-dei-giovani-schneider-electric-e-cnos-fap-insieme-per-la-formazione-tecnica-e-linclusione\/\" >Un progetto quinquennale per il futuro dei giovani: Schneider Electric e CNOS-FAP insieme per la formazione tecnica e l&#8217;inclusione<\/a>\n                <\/span>\n                <span class=\"post-date\">\n                    11\/11\/2024\n                <\/span>\n            <\/div><div class=\"jeg_news_ticker_item jeg_news_ticker_animated  format-standard\">\n                <span>\n                    <a href=\"https:\/\/www.ceoforlifeawards.com\/it\/blog\/iss-esg-migliora-rating-di-sostenibilita-di-inwit-upgrade-a-b-e-conferma-dello-status-prime\/\" >ISS ESG migliora rating di sostenibilita\u2019 di INWIT. Upgrade a \u2019B-\u2019 e conferma dello status Prime<\/a>\n                <\/span>\n                <span class=\"post-date\">\n                    26\/03\/2025\n                <\/span>\n            <\/div><div class=\"jeg_news_ticker_item jeg_news_ticker_animated  format-standard\">\n                <span>\n                    <a href=\"https:\/\/www.ceoforlifeawards.com\/it\/blog\/sulle-tracce-dei-rifiuti-e-in-buone-acque-i-report-del-gruppo-hera-sulla-destinazione-della-raccolta-differenziata-e-la-qualita-dellacqua-potabile\/\" >Sulle tracce dei rifiuti e In buone acque, i report del Gruppo Hera sulla destinazione della raccolta differenziata e la qualit\u00e0 dell\u2019acqua potabile<\/a>\n                <\/span>\n                <span class=\"post-date\">\n                    03\/03\/2025\n                <\/span>\n            <\/div><div class=\"jeg_news_ticker_item jeg_news_ticker_animated  format-standard\">\n                <span>\n                    <a href=\"https:\/\/www.ceoforlifeawards.com\/it\/blog\/3-rapporto-edufin-index-losservatorio-di-alleanza-assicurazioni-fondazione-gasbarri-e-sda-bocconi\/\" >3\u00b0 Rapporto EDUFIN Index, l&#8217;Osservatorio di Alleanza Assicurazioni, Fondazione Gasbarri e SDA Bocconi<\/a>\n                <\/span>\n                <span class=\"post-date\">\n                    31\/10\/2024\n                <\/span>\n            <\/div><div class=\"jeg_news_ticker_item jeg_news_ticker_animated  format-standard\">\n                <span>\n                    <a href=\"https:\/\/www.ceoforlifeawards.com\/it\/blog\/primeur-4-azioni-concrete-per-un-integrated-data-sustainable-program\/\" >Primeur: 4 Azioni concrete per un Integrated Data Sustainable Program<\/a>\n                <\/span>\n                <span class=\"post-date\">\n                    28\/10\/2024\n                <\/span>\n            <\/div><div class=\"jeg_news_ticker_item jeg_news_ticker_animated  format-standard\">\n                <span>\n                    <a href=\"https:\/\/www.ceoforlifeawards.com\/it\/blog\/comunicato-stampa-ceoforlife-awards-2024-innovation-24-ottobre\/\" >Comunicato Stampa &#8211; CEOforLIFE Awards 2024 &#8211; Innovation 24 ottobre<\/a>\n                <\/span>\n                <span class=\"post-date\">\n                    25\/10\/2024\n                <\/span>\n            <\/div><div class=\"jeg_news_ticker_item jeg_news_ticker_animated  format-standard\">\n                <span>\n                    <a href=\"https:\/\/www.ceoforlifeawards.com\/it\/blog\/tettoie-fotovoltaiche-il-vademecum-di-gabetti-per-sfruttare-una-soluzione-green-e-conveniente\/\" >Tettoie fotovoltaiche, il vademecum di Gabetti per sfruttare una soluzione green e conveniente<\/a>\n                <\/span>\n                <span class=\"post-date\">\n                    21\/10\/2024\n                <\/span>\n            <\/div><div class=\"jeg_news_ticker_item jeg_news_ticker_animated  format-standard\">\n                <span>\n                    <a href=\"https:\/\/www.ceoforlifeawards.com\/it\/blog\/teleperformance-italia-e-telefono-azzurro-insieme-per-i-diritti-dei-bambini-e-adolescenti\/\" >Teleperformance Italia e Telefono Azzurro insieme per i Diritti dei bambini e adolescenti<\/a>\n                <\/span>\n                <span class=\"post-date\">\n                    21\/10\/2024\n                <\/span>\n            <\/div><div class=\"jeg_news_ticker_item jeg_news_ticker_animated  format-standard\">\n                <span>\n                    <a href=\"https:\/\/www.ceoforlifeawards.com\/it\/blog\/sostenibilita-partendo-dal-bilancio-lutile-di-acquedotto-pugliese-sostiene-gli-investimenti-contro-il-cambiamento-climatico\/\" >Sostenibilit\u00e0 partendo dal bilancio: l\u2019utile di Acquedotto Pugliese sostiene gli investimenti contro il cambiamento climatico<\/a>\n                <\/span>\n                <span class=\"post-date\">\n                    21\/10\/2024\n                <\/span>\n            <\/div><div class=\"jeg_news_ticker_item jeg_news_ticker_animated  format-standard\">\n                <span>\n                    <a href=\"https:\/\/www.ceoforlifeawards.com\/it\/blog\/parita-di-genere-sanofi-certificata-dal-winning-women-institute\/\" >Parit\u00e0 di genere: Sanofi certificata dal Winning Women Institute<\/a>\n                <\/span>\n                <span class=\"post-date\">\n                    21\/10\/2024\n                <\/span>\n            <\/div><div class=\"jeg_news_ticker_item jeg_news_ticker_animated  format-standard\">\n                <span>\n                    <a href=\"https:\/\/www.ceoforlifeawards.com\/it\/blog\/gioco-responsabile-gbo-italy-ottiene-la-certificazione-da-wla\/\" >Gioco Responsabile: GBO Italy ottiene la certificazione da WLA<\/a>\n                <\/span>\n                <span class=\"post-date\">\n                    21\/10\/2024\n                <\/span>\n            <\/div><div class=\"jeg_news_ticker_item jeg_news_ticker_animated  format-standard\">\n                <span>\n                    <a href=\"https:\/\/www.ceoforlifeawards.com\/it\/blog\/zero-emissioni-nelle-unita-produttive-kone-e-la-prima-azienda-del-settore-ascensoristico\/\" >Zero emissioni nelle unit\u00e0 produttive: KONE \u00e8 la prima azienda del settore ascensoristico<\/a>\n                <\/span>\n                <span class=\"post-date\">\n                    21\/10\/2024\n                <\/span>\n            <\/div><div class=\"jeg_news_ticker_item jeg_news_ticker_animated  format-standard\">\n                <span>\n                    <a href=\"https:\/\/www.ceoforlifeawards.com\/it\/blog\/solidarieta-e-well-being-aziendale-lattenzione-ai-dipendenti-di-knorr-bremse\/\" >Solidariet\u00e0 e well-being aziendale: l\u2019attenzione ai dipendenti di Knorr-Bremse<\/a>\n                <\/span>\n                <span class=\"post-date\">\n                    21\/10\/2024\n                <\/span>\n            <\/div><div class=\"jeg_news_ticker_item jeg_news_ticker_animated  format-standard\">\n                <span>\n                    <a href=\"https:\/\/www.ceoforlifeawards.com\/it\/blog\/idrogeno-con-ip-il-carburante-del-futuro-e-gia-realta\/\" >Idrogeno: con IP il carburante del futuro \u00e8 gi\u00e0 realt\u00e0<\/a>\n                <\/span>\n                <span class=\"post-date\">\n                    21\/10\/2024\n                <\/span>\n            <\/div><div class=\"jeg_news_ticker_item jeg_news_ticker_animated  format-standard\">\n                <span>\n                    <a href=\"https:\/\/www.ceoforlifeawards.com\/it\/blog\/fujifilm-healthcare-italia-lancia-un-nuovo-mammografo-per-migliorare-la-diagnosi-del-tumore-al-seno\/\" >Fujifilm Healthcare Italia lancia un nuovo mammografo per migliorare la diagnosi del tumore al seno<\/a>\n                <\/span>\n                <span class=\"post-date\">\n                    21\/10\/2024\n                <\/span>\n            <\/div><div class=\"jeg_news_ticker_item jeg_news_ticker_animated  format-standard\">\n                <span>\n                    <a href=\"https:\/\/www.ceoforlifeawards.com\/it\/blog\/comunicato-stampa-ceoforlife-awards-2024-social-impact-17-ottobre\/\" >Comunicato Stampa \u2013 CEOforLIFE Awards 2024 Social Impact 17 ottobre<\/a>\n                <\/span>\n                <span class=\"post-date\">\n                    18\/10\/2024\n                <\/span>\n            <\/div><div class=\"jeg_news_ticker_item jeg_news_ticker_animated  format-standard\">\n                <span>\n                    <a href=\"https:\/\/www.ceoforlifeawards.com\/it\/blog\/53038\/\" ><\/a>\n                <\/span>\n                <span class=\"post-date\">\n                    16\/10\/2024\n                <\/span>\n            <\/div><div class=\"jeg_news_ticker_item jeg_news_ticker_animated  format-standard\">\n                <span>\n                    <a href=\"https:\/\/www.ceoforlifeawards.com\/it\/blog\/dsv-e-la-rivoluzione-sostenibile-della-logistica\/\" >DSV e la rivoluzione sostenibile della logistica<\/a>\n                <\/span>\n                <span class=\"post-date\">\n                    15\/10\/2024\n                <\/span>\n            <\/div><div class=\"jeg_news_ticker_item jeg_news_ticker_animated  format-standard\">\n                <span>\n                    <a href=\"https:\/\/www.ceoforlifeawards.com\/it\/blog\/digital-trust-vantaggi-e-rischi-dellintelligenza-artificiale-secondo-infocert\/\" >Digital Trust, vantaggi e rischi dell\u2019Intelligenza artificiale secondo InfoCert<\/a>\n                <\/span>\n                <span class=\"post-date\">\n                    15\/10\/2024\n                <\/span>\n            <\/div><div class=\"jeg_news_ticker_item jeg_news_ticker_animated  format-standard\">\n                <span>\n                    <a href=\"https:\/\/www.ceoforlifeawards.com\/it\/blog\/bouygues-energies-services-italia-illumina-le-donne\/\" >Bouygues Energies &amp; Services Italia illumina le donne!<\/a>\n                <\/span>\n                <span class=\"post-date\">\n                    14\/10\/2024\n                <\/span>\n            <\/div><div class=\"jeg_news_ticker_item jeg_news_ticker_animated  format-standard\">\n                <span>\n                    <a href=\"https:\/\/www.ceoforlifeawards.com\/it\/blog\/boeing-inaugurata-la-prima-newton-room-permanente-ditalia-allaeroporto-di-roma-fiumicino\/\" >Boeing: inaugurata la prima Newton Room permanente d\u2019Italia all\u2019Aeroporto di Roma Fiumicino<\/a>\n                <\/span>\n                <span class=\"post-date\">\n                    14\/10\/2024\n                <\/span>\n            <\/div><div class=\"jeg_news_ticker_item jeg_news_ticker_animated  format-standard\">\n                <span>\n                    <a href=\"https:\/\/www.ceoforlifeawards.com\/it\/blog\/bluserena-un-futuro-sostenibile-tra-riduzione-della-plastica-risparmio-idrico-ed-energia-verde\/\" >Bluserena, un futuro sostenibile tra riduzione della plastica, risparmio idrico ed energia verde<\/a>\n                <\/span>\n                <span class=\"post-date\">\n                    14\/10\/2024\n                <\/span>\n            <\/div><div class=\"jeg_news_ticker_item jeg_news_ticker_animated  format-standard\">\n                <span>\n                    <a href=\"https:\/\/www.ceoforlifeawards.com\/it\/blog\/aubay-entra-nel-programma-corporate-golden-donor-del-fai-fondo-per-lambiente-italiano\/\" >Aubay entra nel programma Corporate Golden Donor del FAI &#8211; Fondo per l\u2019Ambiente Italiano<\/a>\n                <\/span>\n                <span class=\"post-date\">\n                    14\/10\/2024\n                <\/span>\n            <\/div><div class=\"jeg_news_ticker_item jeg_news_ticker_animated  format-standard\">\n                <span>\n                    <a href=\"https:\/\/www.ceoforlifeawards.com\/it\/blog\/mediocredito-centrale-insieme-alle-imprese-per-lo-sviluppo-sostenibile-del-settore-turistico\/\" >Mediocredito Centrale, insieme alle imprese per lo sviluppo sostenibile del settore turistico<\/a>\n                <\/span>\n                <span class=\"post-date\">\n                    09\/10\/2024\n                <\/span>\n            <\/div><div class=\"jeg_news_ticker_item jeg_news_ticker_animated  format-standard\">\n                <span>\n                    <a href=\"https:\/\/www.ceoforlifeawards.com\/it\/blog\/acrisure-italia-si-tinge-di-rosa-per-la-giornata-mondiale-contro-il-cancro\/\" >Acrisure Italia si tinge di rosa per la Giornata Mondiale contro il Cancro<\/a>\n                <\/span>\n                <span class=\"post-date\">\n                    09\/10\/2024\n                <\/span>\n            <\/div><div class=\"jeg_news_ticker_item jeg_news_ticker_animated  format-standard\">\n                <span>\n                    <a href=\"https:\/\/www.ceoforlifeawards.com\/it\/blog\/comunicato-stampa-ceoforlife-awards-2024-health-wellbeing\/\" >Comunicato Stampa \u2013 CEOforLIFE Awards 2024 Health &amp; Wellbeing 8 ottobre<\/a>\n                <\/span>\n                <span class=\"post-date\">\n                    09\/10\/2024\n                <\/span>\n            <\/div><div class=\"jeg_news_ticker_item jeg_news_ticker_animated  format-standard\">\n                <span>\n                    <a href=\"https:\/\/www.ceoforlifeawards.com\/it\/blog\/population-health-management-e-la-visione-innovativa-di-dedalus\/\" >Population Health Management e la visione innovativa di Dedalus<\/a>\n                <\/span>\n                <span class=\"post-date\">\n                    09\/10\/2024\n                <\/span>\n            <\/div><div class=\"jeg_news_ticker_item jeg_news_ticker_animated  format-standard\">\n                <span>\n                    <a href=\"https:\/\/www.ceoforlifeawards.com\/it\/blog\/enav-un-nuovo-radar-a-sigonella-per-la-sicurezza-dei-cieli\/\" >ENAV: un nuovo radar a Sigonella per la sicurezza dei cieli<\/a>\n                <\/span>\n                <span class=\"post-date\">\n                    07\/10\/2024\n                <\/span>\n            <\/div><div class=\"jeg_news_ticker_item jeg_news_ticker_animated  format-standard\">\n                <span>\n                    <a href=\"https:\/\/www.ceoforlifeawards.com\/it\/blog\/comunicato-stampa-ceoforlife-awards-2024-environment-1-ottobre\/\" >Comunicato stampa &#8211; CEOforLIFE Awards 2024 | Environment 1 ottobre<\/a>\n                <\/span>\n                <span class=\"post-date\">\n                    07\/10\/2024\n                <\/span>\n            <\/div><div class=\"jeg_news_ticker_item jeg_news_ticker_animated  format-standard\">\n                <span>\n                    <a href=\"https:\/\/www.ceoforlifeawards.com\/it\/blog\/comunicato-stampa-ceoforlife-awards-2024-3-ottobre-environment\/\" >Comunicato stampa &#8211; CEOforLIFE Awards 2024 &#8211; 3 ottobre | Environment<\/a>\n                <\/span>\n                <span class=\"post-date\">\n                    07\/10\/2024\n                <\/span>\n            <\/div><div class=\"jeg_news_ticker_item jeg_news_ticker_animated  format-standard\">\n                <span>\n                    <a href=\"https:\/\/www.ceoforlifeawards.com\/it\/blog\/manutenzione-sostenibile-limpegno-green-di-kone\/\" >Manutenzione sostenibile: l\u2019impegno green di KONE<\/a>\n                <\/span>\n                <span class=\"post-date\">\n                    24\/09\/2024\n                <\/span>\n            <\/div><div class=\"jeg_news_ticker_item jeg_news_ticker_animated  format-standard\">\n                <span>\n                    <a href=\"https:\/\/www.ceoforlifeawards.com\/it\/blog\/gruppo-hera-dal-1-luglio-oltre-1-milione-di-nuovi-clienti-per-il-servizio-di-energia-elettrica\/\" >Gruppo Hera, dal 1\u00b0 luglio oltre 1 milione di nuovi clienti per il servizio di energia elettrica<\/a>\n                <\/span>\n                <span class=\"post-date\">\n                    24\/09\/2024\n                <\/span>\n            <\/div><div class=\"jeg_news_ticker_item jeg_news_ticker_animated  format-standard\">\n                <span>\n                    <a href=\"https:\/\/www.ceoforlifeawards.com\/it\/blog\/il-gruppo-hera-prima-multiutility-al-mondo-nel-ftse-diversityinclusion-index\/\" >Il Gruppo Hera prima multiutility al mondo nel FTSE Diversity&amp;Inclusion Index<\/a>\n                <\/span>\n                <span class=\"post-date\">\n                    03\/03\/2025\n                <\/span>\n            <\/div><div class=\"jeg_news_ticker_item jeg_news_ticker_animated  format-standard\">\n                <span>\n                    <a href=\"https:\/\/www.ceoforlifeawards.com\/it\/blog\/trasporti-commerciali-sostenibili-e-smart-la-rivoluzione-di-bosch-e-gia-iniziata\/\" >Trasporti commerciali sostenibili e smart, la rivoluzione di Bosch \u00e8 gi\u00e0 iniziata<\/a>\n                <\/span>\n                <span class=\"post-date\">\n                    24\/09\/2024\n                <\/span>\n            <\/div><div class=\"jeg_news_ticker_item jeg_news_ticker_animated  format-standard\">\n                <span>\n                    <a href=\"https:\/\/www.ceoforlifeawards.com\/it\/blog\/fujifilm-il-nuovo-laboratorio-di-endoscopia-sorge-nel-centro-direzionale-segreen\/\" >Fujifilm, il nuovo laboratorio di endoscopia sorge nel centro direzionale Segreen<\/a>\n                <\/span>\n                <span class=\"post-date\">\n                    23\/09\/2024\n                <\/span>\n            <\/div><div class=\"jeg_news_ticker_item jeg_news_ticker_animated  format-standard\">\n                <span>\n                    <a href=\"https:\/\/www.ceoforlifeawards.com\/it\/blog\/integrare-tecnologia-e-processi-industriali-ecco-il-manufacturing-copilot-di-avanade\/\" >Integrare tecnologia e processi industriali, ecco il Manufacturing Copilot di Avanade<\/a>\n                <\/span>\n                <span class=\"post-date\">\n                    20\/09\/2024\n                <\/span>\n            <\/div><div class=\"jeg_news_ticker_item jeg_news_ticker_animated  format-standard\">\n                <span>\n                    <a href=\"https:\/\/www.ceoforlifeawards.com\/it\/blog\/bwh-hotels-italia-malta-pubblica-il-nuovo-report-di-sostenibilita\/\" >BWH Hotels Italia &amp; Malta pubblica il nuovo Report di Sostenibilit\u00e0<\/a>\n                <\/span>\n                <span class=\"post-date\">\n                    18\/09\/2024\n                <\/span>\n            <\/div><div class=\"jeg_news_ticker_item jeg_news_ticker_animated  format-standard\">\n                <span>\n                    <a href=\"https:\/\/www.ceoforlifeawards.com\/it\/blog\/la-sostenibilita-parte-dalle-persone-hera-firma-con-i-sindacati-un-innovativo-patto-del-buon-lavoro\/\" >La sostenibilit\u00e0 parte dalle persone: Hera firma con i sindacati un innovativo Patto del Buon Lavoro<\/a>\n                <\/span>\n                <span class=\"post-date\">\n                    19\/11\/2024\n                <\/span>\n            <\/div><div class=\"jeg_news_ticker_item jeg_news_ticker_animated  format-standard\">\n                <span>\n                    <a href=\"https:\/\/www.ceoforlifeawards.com\/it\/blog\/comunicato-stampa-jakala-civitas-futuro-e-transizione-digitale-sinergie-tra-settore-pubblico-e-privato\/\" >COMUNICATO STAMPA &#8211; Jakala Civitas: \u201cFuturo e transizione digitale, sinergie tra settore pubblico e privato\u201d<\/a>\n                <\/span>\n                <span class=\"post-date\">\n                    16\/09\/2024\n                <\/span>\n            <\/div><div class=\"jeg_news_ticker_item jeg_news_ticker_animated  format-standard\">\n                <span>\n                    <a href=\"https:\/\/www.ceoforlifeawards.com\/it\/blog\/inwit-pubblica-il-primo-climate-transition-plan\/\" >INWIT pubblica il primo Climate Transition Plan<\/a>\n                <\/span>\n                <span class=\"post-date\">\n                    26\/03\/2025\n                <\/span>\n            <\/div><div class=\"jeg_news_ticker_item jeg_news_ticker_animated  format-standard\">\n                <span>\n                    <a href=\"https:\/\/www.ceoforlifeawards.com\/it\/blog\/come-supportare-i-clienti-nella-transizione-energetica-hera-cerca-nuovi-professionisti\/\" >Come supportare i clienti nella transizione energetica? Hera cerca nuovi professionisti<\/a>\n                <\/span>\n                <span class=\"post-date\">\n                    17\/09\/2024\n                <\/span>\n            <\/div><div class=\"jeg_news_ticker_item jeg_news_ticker_animated  format-standard\">\n                <span>\n                    <a href=\"https:\/\/www.ceoforlifeawards.com\/it\/blog\/solidarieta-e-well-being-aziendale-lattenzione-ai-dipendenti-di-knorr-bremse-2\/\" >Solidariet\u00e0 e well-being aziendale: l\u2019attenzione ai dipendenti di Knorr-Bremse<\/a>\n                <\/span>\n                <span class=\"post-date\">\n                    28\/02\/2025\n                <\/span>\n            <\/div><div class=\"jeg_news_ticker_item jeg_news_ticker_animated  format-standard\">\n                <span>\n                    <a href=\"https:\/\/www.ceoforlifeawards.com\/it\/blog\/il-sogno-olimpico-italiano-e-targato-deloitte-italia\/\" >Il sogno Olimpico italiano \u00e8 targato Deloitte Italia<\/a>\n                <\/span>\n                <span class=\"post-date\">\n                    28\/02\/2025\n                <\/span>\n            <\/div><div class=\"jeg_news_ticker_item jeg_news_ticker_animated  format-standard\">\n                <span>\n                    <a href=\"https:\/\/www.ceoforlifeawards.com\/it\/blog\/enav-nuovo-radar-a-sigonella\/\" >ENAV: un nuovo radar a Sigonella per la sicurezza dei cieli<\/a>\n                <\/span>\n                <span class=\"post-date\">\n                    28\/02\/2025\n                <\/span>\n            <\/div><div class=\"jeg_news_ticker_item jeg_news_ticker_animated  format-standard\">\n                <span>\n                    <a href=\"https:\/\/www.ceoforlifeawards.com\/it\/blog\/data-integration-in-real-life\/\" >Data Integration in Real Life<\/a>\n                <\/span>\n                <span class=\"post-date\">\n                    04\/09\/2024\n                <\/span>\n            <\/div><div class=\"jeg_news_ticker_item jeg_news_ticker_animated  format-standard\">\n                <span>\n                    <a href=\"https:\/\/www.ceoforlifeawards.com\/it\/blog\/in-ufficio-quando-serve-meno-ipocrisia-piu-risultati-e-benessere\/\" >In ufficio quando serve. Meno ipocrisia, pi\u00f9 risultati (e benessere!)<\/a>\n                <\/span>\n                <span class=\"post-date\">\n                    02\/09\/2024\n                <\/span>\n            <\/div><div class=\"jeg_news_ticker_item jeg_news_ticker_animated  format-standard\">\n                <span>\n                    <a href=\"https:\/\/www.ceoforlifeawards.com\/it\/blog\/transizione-ecologica-i-risultati-di-gruppo-hera-dalle-rinnovabili-alla-raccolta-differenziata\/\" >Transizione ecologica, i risultati di Gruppo Hera dalle rinnovabili alla raccolta differenziata<\/a>\n                <\/span>\n                <span class=\"post-date\">\n                    01\/08\/2024\n                <\/span>\n            <\/div><div class=\"jeg_news_ticker_item jeg_news_ticker_animated  format-standard\">\n                <span>\n                    <a href=\"https:\/\/www.ceoforlifeawards.com\/it\/blog\/acrisure-e-universita-di-sassari-insieme-per-regolamentare-limpiego-dei-droni\/\" >Acrisure e Universit\u00e0 di Sassari insieme per regolamentare l\u2019impiego dei droni<\/a>\n                <\/span>\n                <span class=\"post-date\">\n                    01\/08\/2024\n                <\/span>\n            <\/div><div class=\"jeg_news_ticker_item jeg_news_ticker_animated  format-standard\">\n                <span>\n                    <a href=\"https:\/\/www.ceoforlifeawards.com\/it\/blog\/smurfit-westrock-italia-sostenibilita-a-360\/\" >Smurfit Westrock Italia: sostenibilit\u00e0 a 360\u00b0<\/a>\n                <\/span>\n                <span class=\"post-date\">\n                    01\/08\/2024\n                <\/span>\n            <\/div><div class=\"jeg_news_ticker_item jeg_news_ticker_animated  format-standard\">\n                <span>\n                    <a href=\"https:\/\/www.ceoforlifeawards.com\/it\/blog\/iris-ceramica-presenta-il-primo-stand-fieristico-100-circolare-e-riutilizzabile\/\" >Iris Ceramica presenta il primo stand fieristico 100% circolare e riutilizzabile<\/a>\n                <\/span>\n                <span class=\"post-date\">\n                    01\/08\/2024\n                <\/span>\n            <\/div><div class=\"jeg_news_ticker_item jeg_news_ticker_animated  format-standard\">\n                <span>\n                    <a href=\"https:\/\/www.ceoforlifeawards.com\/it\/blog\/ip-e-macquarie-joint-venture-per-lelettrificazione-delle-aree-di-servizio\/\" >IP e Macquarie, joint venture per l\u2019elettrificazione delle aree di servizio<\/a>\n                <\/span>\n                <span class=\"post-date\">\n                    30\/10\/2024\n                <\/span>\n            <\/div><div class=\"jeg_news_ticker_item jeg_news_ticker_animated  format-standard\">\n                <span>\n                    <a href=\"https:\/\/www.ceoforlifeawards.com\/it\/blog\/fileni-il-prezioso-lavoro-delle-api-per-tutelare-lambiente\/\" >Fileni: il prezioso lavoro delle api per tutelare l\u2019ambiente<\/a>\n                <\/span>\n                <span class=\"post-date\">\n                    01\/08\/2024\n                <\/span>\n            <\/div><div class=\"jeg_news_ticker_item jeg_news_ticker_animated  format-standard\">\n                <span>\n                    <a href=\"https:\/\/www.ceoforlifeawards.com\/it\/blog\/batterie-auto-arriva-la-rivoluzione-ampere-lancia-la-tecnologia-cell-to-pack\/\" >Batterie auto, arriva la rivoluzione: Ampere lancia la tecnologia \u201cCell-to-Pack\u201d<\/a>\n                <\/span>\n                <span class=\"post-date\">\n                    01\/08\/2024\n                <\/span>\n            <\/div><div class=\"jeg_news_ticker_item jeg_news_ticker_animated  format-standard\">\n                <span>\n                    <a href=\"https:\/\/www.ceoforlifeawards.com\/it\/blog\/knorr-bremse-e-il-treno-sempre-piu-sicuro-e-sostenibile-nuova-commessa-da-alstom\/\" >Knorr-Bremse e il treno sempre pi\u00f9 sicuro e sostenibile: nuova commessa da Alstom<\/a>\n                <\/span>\n                <span class=\"post-date\">\n                    01\/08\/2024\n                <\/span>\n            <\/div><div class=\"jeg_news_ticker_item jeg_news_ticker_animated  format-standard\">\n                <span>\n                    <a href=\"https:\/\/www.ceoforlifeawards.com\/it\/blog\/back-to-work-i-consigli-di-iss-per-attrarre-i-dipendenti-nei-luoghi-di-lavoro\/\" >\u201cBack to work\u201d: i consigli di ISS per attrarre i dipendenti nei luoghi di lavoro<\/a>\n                <\/span>\n                <span class=\"post-date\">\n                    01\/08\/2024\n                <\/span>\n            <\/div><div class=\"jeg_news_ticker_item jeg_news_ticker_animated  format-standard\">\n                <span>\n                    <a href=\"https:\/\/www.ceoforlifeawards.com\/it\/blog\/infocert-lancia-spid-4\/\" >Identit\u00e0 digitale: Infocert lancia SPID 4, lo SPID Aziendale<\/a>\n                <\/span>\n                <span class=\"post-date\">\n                    01\/08\/2024\n                <\/span>\n            <\/div><div class=\"jeg_news_ticker_item jeg_news_ticker_animated  format-standard\">\n                <span>\n                    <a href=\"https:\/\/www.ceoforlifeawards.com\/it\/blog\/il-prisma-disegna-la-nuova-casa-di-vaillant-group-italia-a-milano\/\" >Il Prisma disegna la nuova casa di Vaillant Group Italia a Milano<\/a>\n                <\/span>\n                <span class=\"post-date\">\n                    01\/08\/2024\n                <\/span>\n            <\/div><div class=\"jeg_news_ticker_item jeg_news_ticker_animated  format-standard\">\n                <span>\n                    <a href=\"https:\/\/www.ceoforlifeawards.com\/it\/blog\/impronte-il-podcast-di-eon\/\" >Impronte: la seconda stagione del podcast E.ON che indaga l\u2019impatto dell\u2019uomo sul Pianeta<\/a>\n                <\/span>\n                <span class=\"post-date\">\n                    01\/08\/2024\n                <\/span>\n            <\/div><div class=\"jeg_news_ticker_item jeg_news_ticker_animated  format-standard\">\n                <span>\n                    <a href=\"https:\/\/www.ceoforlifeawards.com\/it\/blog\/dsv-e-laghezza-racing-partnership-per-valorizzare-i-giovani-talenti-del-motorsport\/\" >DSV e Laghezza Racing, partnership per valorizzare i giovani talenti del Motorsport<\/a>\n                <\/span>\n                <span class=\"post-date\">\n                    31\/07\/2024\n                <\/span>\n            <\/div><div class=\"jeg_news_ticker_item jeg_news_ticker_animated  format-standard\">\n                <span>\n                    <a href=\"https:\/\/www.ceoforlifeawards.com\/it\/blog\/sostenibilita-ambientale-limpegno-di-dovalue\/\" >Sostenibilit\u00e0 ambientale: l\u2019impegno di doValue<\/a>\n                <\/span>\n                <span class=\"post-date\">\n                    13\/11\/2024\n                <\/span>\n            <\/div><div class=\"jeg_news_ticker_item jeg_news_ticker_animated  format-standard\">\n                <span>\n                    <a href=\"https:\/\/www.ceoforlifeawards.com\/it\/blog\/ascot-sistema-ibrido-per-la-sostenibilita-delle-case\/\" >Ascot: il sistema ibrido da 10kW per la sostenibilit\u00e0 delle case<\/a>\n                <\/span>\n                <span class=\"post-date\">\n                    31\/07\/2024\n                <\/span>\n            <\/div><div class=\"jeg_news_ticker_item jeg_news_ticker_animated  format-standard\">\n                <span>\n                    <a href=\"https:\/\/www.ceoforlifeawards.com\/it\/blog\/acrisure-e-legabasket-rivoluzionano-il-mondo-del-welfare-aziendale\/\" >Acrisure e LegaBasket rivoluzionano il mondo del welfare aziendale<\/a>\n                <\/span>\n                <span class=\"post-date\">\n                    31\/07\/2024\n                <\/span>\n            <\/div><div class=\"jeg_news_ticker_item jeg_news_ticker_animated  format-standard\">\n                <span>\n                    <a href=\"https:\/\/www.ceoforlifeawards.com\/it\/blog\/san-patrignano-e-sbk-insieme-per-un-futuro-migliore\/\" >San Patrignano e SBK insieme per un Futuro Migliore<\/a>\n                <\/span>\n                <span class=\"post-date\">\n                    26\/08\/2024\n                <\/span>\n            <\/div><div class=\"jeg_news_ticker_item jeg_news_ticker_animated  format-standard\">\n                <span>\n                    <a href=\"https:\/\/www.ceoforlifeawards.com\/it\/blog\/monitoraggio-e-prevenzione-degli-incendi-grazie-alle-torri-di-inwit-con-lai\/\" >Monitoraggio e prevenzione degli incendi grazie alle torri di INWIT con l\u2019AI<\/a>\n                <\/span>\n                <span class=\"post-date\">\n                    26\/03\/2025\n                <\/span>\n            <\/div><div class=\"jeg_news_ticker_item jeg_news_ticker_animated  format-standard\">\n                <span>\n                    <a href=\"https:\/\/www.ceoforlifeawards.com\/it\/blog\/fibra-di-carbonio-riciclata-monoposto-f1-il-progetto-di-gruppo-hera-con-la-scuderia-visa-cash-app-rb-team\/\" >Fibra di carbonio riciclata per le monoposto F1, il progetto di Gruppo Hera con la scuderia Visa Cash App RB Team<\/a>\n                <\/span>\n                <span class=\"post-date\">\n                    25\/07\/2024\n                <\/span>\n            <\/div><div class=\"jeg_news_ticker_item jeg_news_ticker_animated  format-standard\">\n                <span>\n                    <a href=\"https:\/\/www.ceoforlifeawards.com\/it\/blog\/anche-la-tecnologia-va-decarbonizzata-hitachi-vantara-e-lo-storage-virtualization-operating-system\/\" >Anche la tecnologia va decarbonizzata: Hitachi Vantara e lo Storage Virtualization Operating System<\/a>\n                <\/span>\n                <span class=\"post-date\">\n                    22\/07\/2024\n                <\/span>\n            <\/div><div class=\"jeg_news_ticker_item jeg_news_ticker_animated  format-standard\">\n                <span>\n                    <a href=\"https:\/\/www.ceoforlifeawards.com\/it\/blog\/iris-ceramica-group-clerkenwell-design-week\/\" >Iris Ceramica Group alla Clerkenwell Design Week con la sua Bottega in Bloom<\/a>\n                <\/span>\n                <span class=\"post-date\">\n                    22\/07\/2024\n                <\/span>\n            <\/div><div class=\"jeg_news_ticker_item jeg_news_ticker_animated  format-standard\">\n                <span>\n                    <a href=\"https:\/\/www.ceoforlifeawards.com\/it\/blog\/dsv-italia-testa-a-milano-la-mobilita-elettrica-insieme-a-volvo-trucks-italia-emissioni-50\/\" >DSV Italia testa a Milano la mobilit\u00e0 elettrica insieme a Volvo Trucks Italia: emissioni -50%<\/a>\n                <\/span>\n                <span class=\"post-date\">\n                    22\/07\/2024\n                <\/span>\n            <\/div><div class=\"jeg_news_ticker_item jeg_news_ticker_animated  format-standard\">\n                <span>\n                    <a href=\"https:\/\/www.ceoforlifeawards.com\/it\/blog\/bosch-fatturato-in-crescita-e-sostenibilita\/\" >Bosch: fatturato in crescita e tanta sostenibilit\u00e0 nella conferenza annuale dei dati di bilancio<\/a>\n                <\/span>\n                <span class=\"post-date\">\n                    22\/07\/2024\n                <\/span>\n            <\/div><div class=\"jeg_news_ticker_item jeg_news_ticker_animated  format-standard\">\n                <span>\n                    <a href=\"https:\/\/www.ceoforlifeawards.com\/it\/blog\/aruba-con-lutilizzo-della-pec-non-solo-benefici-economici-ma-anche-ambientali\/\" >Aruba: con l\u2019utilizzo della PEC non solo benefici economici ma anche ambientali<\/a>\n                <\/span>\n                <span class=\"post-date\">\n                    22\/07\/2024\n                <\/span>\n            <\/div><div class=\"jeg_news_ticker_item jeg_news_ticker_animated  format-standard\">\n                <span>\n                    <a href=\"https:\/\/www.ceoforlifeawards.com\/it\/blog\/teleperformance-premiata-come-best-workplace-for-women\/\" >Teleperformance premiata come Best Workplace for Women<\/a>\n                <\/span>\n                <span class=\"post-date\">\n                    19\/07\/2024\n                <\/span>\n            <\/div><div class=\"jeg_news_ticker_item jeg_news_ticker_animated  format-standard\">\n                <span>\n                    <a href=\"https:\/\/www.ceoforlifeawards.com\/it\/blog\/wyser-la-selezione-di-manager-per-guidare-i-cambiamenti-organizzativi\/\" >Wyser: la selezione di manager per guidare i cambiamenti organizzativi<\/a>\n                <\/span>\n                <span class=\"post-date\">\n                    19\/07\/2024\n                <\/span>\n            <\/div><div class=\"jeg_news_ticker_item jeg_news_ticker_animated  format-standard\">\n                <span>\n                    <a href=\"https:\/\/www.ceoforlifeawards.com\/it\/blog\/mi-vedete-il-progetto-di-lundbeck-italia-per-affrontare-il-tema-del-disagio-giovanile\/\" >\u201cMi vedete?\u201d, il progetto di Lundbeck Italia per affrontare il tema del disagio giovanile<\/a>\n                <\/span>\n                <span class=\"post-date\">\n                    18\/07\/2024\n                <\/span>\n            <\/div><div class=\"jeg_news_ticker_item jeg_news_ticker_animated  format-standard\">\n                <span>\n                    <a href=\"https:\/\/www.ceoforlifeawards.com\/it\/blog\/un-sorriso-per-le-mamme-fondazione-onda-e-haleon-insieme-per-aiutare-le-donne-ad-affrontare-il-momento-delicato-del-post-partum\/\" >\u201cUn sorriso per le mamme\u201d: Fondazione Onda e Haleon insieme per aiutare le donne ad affrontare il momento delicato del post partum<\/a>\n                <\/span>\n                <span class=\"post-date\">\n                    18\/07\/2024\n                <\/span>\n            <\/div><div class=\"jeg_news_ticker_item jeg_news_ticker_animated  format-standard\">\n                <span>\n                    <a href=\"https:\/\/www.ceoforlifeawards.com\/it\/blog\/e-nata-iplanet-joint-venture-tra-ip-e-macquarie-per-elettrificare-le-aree-di-servizio\/\" >\u00c8 nata IPlanet, joint venture tra IP e Macquarie per elettrificare le aree di servizio<\/a>\n                <\/span>\n                <span class=\"post-date\">\n                    18\/07\/2024\n                <\/span>\n            <\/div><div class=\"jeg_news_ticker_item jeg_news_ticker_animated  format-standard\">\n                <span>\n                    <a href=\"https:\/\/www.ceoforlifeawards.com\/it\/blog\/osservatorio-welfare-di-edenred-italia-il-welfare-migliora-benessere-e-motivazione-i-buoni-pasto-sono-tra-i-benefit-piu-apprezzati\/\" >Osservatorio Welfare di Edenred Italia: il welfare migliora benessere e motivazione, i buoni pasto sono tra i benefit pi\u00f9 apprezzati<\/a>\n                <\/span>\n                <span class=\"post-date\">\n                    18\/07\/2024\n                <\/span>\n            <\/div><div class=\"jeg_news_ticker_item jeg_news_ticker_animated  format-standard\">\n                <span>\n                    <a href=\"https:\/\/www.ceoforlifeawards.com\/it\/blog\/ascot-energia-ibrida-per-tutto-il-mondo-installati-35-000-generatori-in-60-paesi\/\" >Ascot, energia ibrida per tutto il mondo: installati 35.000 generatori in 60 Paesi<\/a>\n                <\/span>\n                <span class=\"post-date\">\n                    18\/07\/2024\n                <\/span>\n            <\/div><div class=\"jeg_news_ticker_item jeg_news_ticker_animated  format-standard\">\n                <span>\n                    <a href=\"https:\/\/www.ceoforlifeawards.com\/it\/blog\/alleanza-assicurazione-a-palermo-per-il-terzo-appuntamento-del-tour-delleducazione-finanziaria\/\" >Alleanza Assicurazione: a Palermo per il terzo appuntamento del \u2018Tour dell\u2019Educazione Finanziaria\u2019<\/a>\n                <\/span>\n                <span class=\"post-date\">\n                    18\/07\/2024\n                <\/span>\n            <\/div><div class=\"jeg_news_ticker_item jeg_news_ticker_animated  format-standard\">\n                <span>\n                    <a href=\"https:\/\/www.ceoforlifeawards.com\/it\/blog\/deloitte-tra-strategia-e-reporting-le-aziende-italiane-di-fronte-alle-sfide-della-transizione-energetica\/\" >Deloitte, tra strategia e reporting: le aziende italiane di fronte alle sfide della transizione energetica<\/a>\n                <\/span>\n                <span class=\"post-date\">\n                    18\/07\/2024\n                <\/span>\n            <\/div><div class=\"jeg_news_ticker_item jeg_news_ticker_animated  format-standard\">\n                <span>\n                    <a href=\"https:\/\/www.ceoforlifeawards.com\/it\/blog\/iss-con-microsoft-per-ridisegnare-gli-spazi-di-lavoro-del-futuro\/\" >ISS con Microsoft per ridisegnare gli spazi di lavoro del futuro<\/a>\n                <\/span>\n                <span class=\"post-date\">\n                    18\/07\/2024\n                <\/span>\n            <\/div><div class=\"jeg_news_ticker_item jeg_news_ticker_animated  format-standard\">\n                <span>\n                    <a href=\"https:\/\/www.ceoforlifeawards.com\/it\/blog\/energy4blue-il-progetto-di-e-on-per-tutela-del-mare-e-della-biodiversita\/\" >Energy4Blue: il progetto di E.ON per tutela del mare e della biodiversit\u00e0<\/a>\n                <\/span>\n                <span class=\"post-date\">\n                    16\/07\/2024\n                <\/span>\n            <\/div><div class=\"jeg_news_ticker_item jeg_news_ticker_animated  format-standard\">\n                <span>\n                    <a href=\"https:\/\/www.ceoforlifeawards.com\/it\/blog\/esg-identity-corporate-index-2024-enav-tra-le-aziende-top-performer\/\" >ESG Identity Corporate Index 2024, ENAV tra le aziende Top Performer<\/a>\n                <\/span>\n                <span class=\"post-date\">\n                    15\/07\/2024\n                <\/span>\n            <\/div><div class=\"jeg_news_ticker_item jeg_news_ticker_animated  format-standard\">\n                <span>\n                    <a href=\"https:\/\/www.ceoforlifeawards.com\/it\/blog\/bosch-non-solo-i-prodotti-anche-il-software-e-tecnologia-per-la-vita\/\" >Bosch: non solo i prodotti, anche il software \u00e8 \u201cTecnologia per la vita\u201d<\/a>\n                <\/span>\n                <span class=\"post-date\">\n                    15\/07\/2024\n                <\/span>\n            <\/div><div class=\"jeg_news_ticker_item jeg_news_ticker_animated  format-standard\">\n                <span>\n                    <a href=\"https:\/\/www.ceoforlifeawards.com\/it\/blog\/grazie-alle-torri-di-inwit-parte-in-piemonte-il-primo-progetto-pilota-europeo-per-rilevare-gli-incendi-in-montagna-con-lintelligenza-artificiale\/\" >Grazie alle torri di INWIT parte in Piemonte il primo progetto pilota europeo per rilevare gli incendi in montagna con l\u2019intelligenza artificiale<\/a>\n                <\/span>\n                <span class=\"post-date\">\n                    26\/03\/2025\n                <\/span>\n            <\/div><div class=\"jeg_news_ticker_item jeg_news_ticker_animated  format-standard\">\n                <span>\n                    <a href=\"https:\/\/www.ceoforlifeawards.com\/it\/blog\/iris-ceramica-group-e-edison-next-realizzano-la-prima-lastra-ceramica-al-mondo-al-mondo-con-idrogeno-verde\/\" >Iris Ceramica Group e Edison Next realizzano la prima lastra ceramica al mondo al mondo con idrogeno verde<\/a>\n                <\/span>\n                <span class=\"post-date\">\n                    15\/07\/2024\n                <\/span>\n            <\/div><div class=\"jeg_news_ticker_item jeg_news_ticker_animated  format-standard\">\n                <span>\n                    <a href=\"https:\/\/www.ceoforlifeawards.com\/it\/blog\/abb-formare-leader-e-innovatori-per-lera-digitale\/\" >ABB: Formare leader e innovatori per l&#8217;era digitale<\/a>\n                <\/span>\n                <span class=\"post-date\">\n                    10\/07\/2024\n                <\/span>\n            <\/div><div class=\"jeg_news_ticker_item jeg_news_ticker_animated  format-standard\">\n                <span>\n                    <a href=\"https:\/\/www.ceoforlifeawards.com\/it\/blog\/deloitte-climate-sustainability-aderisce-a-open-es\/\" >Deloitte Climate &amp; Sustainability aderisce a Open-es per promuovere la sostenibilit\u00e0 delle catene del valore<\/a>\n                <\/span>\n                <span class=\"post-date\">\n                    10\/07\/2024\n                <\/span>\n            <\/div><div class=\"jeg_news_ticker_item jeg_news_ticker_animated  format-standard\">\n                <span>\n                    <a href=\"https:\/\/www.ceoforlifeawards.com\/it\/blog\/dsv-ha-celebrato-il-mese-del-pride-con-iniziative-che-mettono-al-centro-il-benessere-dei-dipendenti\/\" >DSV ha celebrato il mese del Pride con iniziative che mettono al centro il benessere dei dipendenti<\/a>\n                <\/span>\n                <span class=\"post-date\">\n                    10\/07\/2024\n                <\/span>\n            <\/div><div class=\"jeg_news_ticker_item jeg_news_ticker_animated  format-standard\">\n                <span>\n                    <a href=\"https:\/\/www.ceoforlifeawards.com\/it\/blog\/bwh-hotels-italia-e-malta-ottiene-la-certificazione-sulla-parita-di-genere\/\" >BWH Hotels Italia e Malta ottiene la certificazione sulla parit\u00e0 di genere<\/a>\n                <\/span>\n                <span class=\"post-date\">\n                    09\/07\/2024\n                <\/span>\n            <\/div><div class=\"jeg_news_ticker_item jeg_news_ticker_animated  format-standard\">\n                <span>\n                    <a href=\"https:\/\/www.ceoforlifeawards.com\/it\/blog\/daikin-academy-il-futuro-della-formazione-allit-guglielmo-marconi-di-prato\/\" >Daikin Academy: il futuro della formazione all\u2019IT Guglielmo Marconi di Prato<\/a>\n                <\/span>\n                <span class=\"post-date\">\n                    09\/07\/2024\n                <\/span>\n            <\/div><div class=\"jeg_news_ticker_item jeg_news_ticker_animated  format-standard\">\n                <span>\n                    <a href=\"https:\/\/www.ceoforlifeawards.com\/it\/blog\/inwit-confermata-per-il-terzo-anno-consecutivo-nellindice-ftse4good\/\" >INWIT confermata per il terzo anno consecutivo nell\u2019indice FTSE4good<\/a>\n                <\/span>\n                <span class=\"post-date\">\n                    26\/03\/2025\n                <\/span>\n            <\/div><div class=\"jeg_news_ticker_item jeg_news_ticker_animated  format-standard\">\n                <span>\n                    <a href=\"https:\/\/www.ceoforlifeawards.com\/it\/blog\/emplyee-id-la-soluzione-di-infocert-per-la-firma-digitale-dei-dipendenti\/\" >Emplyee ID: la soluzione di InfoCert per la firma digitale dei dipendenti<\/a>\n                <\/span>\n                <span class=\"post-date\">\n                    02\/07\/2024\n                <\/span>\n            <\/div><div class=\"jeg_news_ticker_item jeg_news_ticker_animated  format-standard\">\n                <span>\n                    <a href=\"https:\/\/www.ceoforlifeawards.com\/it\/blog\/acquedotto-pugliese-laccoglienza-e-con-lacqua-in-brocca\/\" >Acquedotto Pugliese: l\u2019accoglienza \u00e8 con l\u2019Acqua in brocca<\/a>\n                <\/span>\n                <span class=\"post-date\">\n                    01\/07\/2024\n                <\/span>\n            <\/div><div class=\"jeg_news_ticker_item jeg_news_ticker_animated  format-standard\">\n                <span>\n                    <a href=\"https:\/\/www.ceoforlifeawards.com\/it\/blog\/haleon-online-la-nuova-campagna-multicentrum-anche-tu-hai-bisogno-di-amore-mamma\/\" >Haleon: online la nuova campagna Multicentrum \u201cAnche tu hai bisogno di amore, mamma\u201d<\/a>\n                <\/span>\n                <span class=\"post-date\">\n                    28\/06\/2024\n                <\/span>\n            <\/div><div class=\"jeg_news_ticker_item jeg_news_ticker_animated  format-standard\">\n                <span>\n                    <a href=\"https:\/\/www.ceoforlifeawards.com\/it\/blog\/hitlocator-vince-il-premio-impresa-5-0-promosso-da-abb-ai-campionati-di-imprenditorialita-2024-di-ja-italia\/\" >Hitlocator vince il premio Impresa 5.0 promosso da ABB ai Campionati di Imprenditorialit\u00e0 2024 di JA Italia<\/a>\n                <\/span>\n                <span class=\"post-date\">\n                    28\/06\/2024\n                <\/span>\n            <\/div><div class=\"jeg_news_ticker_item jeg_news_ticker_animated  format-standard\">\n                <span>\n                    <a href=\"https:\/\/www.ceoforlifeawards.com\/it\/blog\/daikin-a-genova-formazione-gratuita-per-gli-studenti-degli-istituti-professionali\/\" >Daikin, a Genova formazione gratuita per gli studenti degli istituti professionali<\/a>\n                <\/span>\n                <span class=\"post-date\">\n                    26\/06\/2024\n                <\/span>\n            <\/div><div class=\"jeg_news_ticker_item jeg_news_ticker_animated  format-standard\">\n                <span>\n                    <a href=\"https:\/\/www.ceoforlifeawards.com\/it\/blog\/parita-di-genere-efm-ottiene-la-certificazione\/\" >Parit\u00e0 di genere: Efm ottiene la certificazione da parte di Bureau Veritas<\/a>\n                <\/span>\n                <span class=\"post-date\">\n                    25\/06\/2024\n                <\/span>\n            <\/div><div class=\"jeg_news_ticker_item jeg_news_ticker_animated  format-standard\">\n                <span>\n                    <a href=\"https:\/\/www.ceoforlifeawards.com\/it\/blog\/ricercatori-per-un-giorno-teleperformance-torna-alla-scoperta-dei-delfini\/\" >Ricercatori per un giorno: Teleperformance torna alla scoperta dei delfini<\/a>\n                <\/span>\n                <span class=\"post-date\">\n                    25\/06\/2024\n                <\/span>\n            <\/div><div class=\"jeg_news_ticker_item jeg_news_ticker_animated  format-standard\">\n                <span>\n                    <a href=\"https:\/\/www.ceoforlifeawards.com\/it\/blog\/grunenthal-un-altro-passo-in-avanti-verso-linclusione\/\" >Gr\u00fcnenthal: un altro passo in avanti verso l\u2019inclusione<\/a>\n                <\/span>\n                <span class=\"post-date\">\n                    25\/06\/2024\n                <\/span>\n            <\/div><div class=\"jeg_news_ticker_item jeg_news_ticker_animated  format-standard\">\n                <span>\n                    <a href=\"https:\/\/www.ceoforlifeawards.com\/it\/blog\/abb-automatizza-la-logistica-di-gestione-del-prodotto-finito-nello-stabilimento-di-strumentazione-in-italia\/\" >ABB automatizza la logistica di gestione del prodotto finito nello stabilimento di strumentazione in Italia<\/a>\n                <\/span>\n                <span class=\"post-date\">\n                    24\/06\/2024\n                <\/span>\n            <\/div><div class=\"jeg_news_ticker_item jeg_news_ticker_animated  format-standard\">\n                <span>\n                    <a href=\"https:\/\/www.ceoforlifeawards.com\/it\/blog\/la-sostenibilita-passa-dai-dati-integrati-la-visione-di-primeur\/\" >La sostenibilit\u00e0 passa dai dati. Integrati. La visione di Primeur<\/a>\n                <\/span>\n                <span class=\"post-date\">\n                    09\/07\/2024\n                <\/span>\n            <\/div><div class=\"jeg_news_ticker_item jeg_news_ticker_animated  format-standard\">\n                <span>\n                    <a href=\"https:\/\/www.ceoforlifeawards.com\/it\/blog\/il-piano-di-sostenibilita-dellaeroporto-di-bologna\/\" >Il piano di sostenibilit\u00e0 dell\u2019Aeroporto di Bologna<\/a>\n                <\/span>\n                <span class=\"post-date\">\n                    20\/06\/2024\n                <\/span>\n            <\/div><div class=\"jeg_news_ticker_item jeg_news_ticker_animated  format-standard\">\n                <span>\n                    <a href=\"https:\/\/www.ceoforlifeawards.com\/it\/blog\/sistemi-paralleli-di-generatori-ascot-massima-efficienza-e-continuita-energetica\/\" >Sistemi paralleli di generatori Ascot: massima efficienza e continuit\u00e0 energetica<\/a>\n                <\/span>\n                <span class=\"post-date\">\n                    20\/06\/2024\n                <\/span>\n            <\/div><div class=\"jeg_news_ticker_item jeg_news_ticker_animated  format-standard\">\n                <span>\n                    <a href=\"https:\/\/www.ceoforlifeawards.com\/it\/blog\/ethosenergy-celebra-il-decimo-anniversario-e-quasi-100-anni-di-eredita-piantando-3-700-alberi-in-tutto-il-mondo\/\" >EthosEnergy celebra il decimo anniversario e quasi 100 anni di eredit\u00e0 piantando 3.700 alberi in tutto il mondo<\/a>\n                <\/span>\n                <span class=\"post-date\">\n                    20\/06\/2024\n                <\/span>\n            <\/div><div class=\"jeg_news_ticker_item jeg_news_ticker_animated  format-standard\">\n                <span>\n                    <a href=\"https:\/\/www.ceoforlifeawards.com\/it\/blog\/limpegno-di-bluserena-verso-la-sostenibilita\/\" >L&#8217;impegno di Bluserena verso la sostenibilit\u00e0<\/a>\n                <\/span>\n                <span class=\"post-date\">\n                    31\/07\/2024\n                <\/span>\n            <\/div><div class=\"jeg_news_ticker_item jeg_news_ticker_animated  format-standard\">\n                <span>\n                    <a href=\"https:\/\/www.ceoforlifeawards.com\/it\/blog\/la-strategia-dedalus-per-una-sostenibilita-a-360-gradi-2\/\" >La strategia Dedalus per una sostenibilit\u00e0 a 360 gradi<\/a>\n                <\/span>\n                <span class=\"post-date\">\n                    19\/06\/2024\n                <\/span>\n            <\/div><div class=\"jeg_news_ticker_item jeg_news_ticker_animated  format-standard\">\n                <span>\n                    <a href=\"https:\/\/www.ceoforlifeawards.com\/it\/blog\/iss-promotrice-della-round-table-zero-emissioni-sui-luoghi-di-lavoro\/\" >ISS promotrice della Round Table \u201cZero emissioni sui luoghi di lavoro\u201d<\/a>\n                <\/span>\n                <span class=\"post-date\">\n                    19\/06\/2024\n                <\/span>\n            <\/div><div class=\"jeg_news_ticker_item jeg_news_ticker_animated  format-standard\">\n                <span>\n                    <a href=\"https:\/\/www.ceoforlifeawards.com\/it\/blog\/teleperformance-italia-tanti-eventi-allinsegna-della-sostenibilita\/\" >Teleperformance Italia: tanti eventi all\u2019insegna della sostenibilit\u00e0<\/a>\n                <\/span>\n                <span class=\"post-date\">\n                    19\/06\/2024\n                <\/span>\n            <\/div><div class=\"jeg_news_ticker_item jeg_news_ticker_animated  format-standard\">\n                <span>\n                    <a href=\"https:\/\/www.ceoforlifeawards.com\/it\/blog\/il-profumo-dei-ricordi-sanofi-a-sostegno-delle-persone-con-poliposi-nasale\/\" >Il Profumo dei ricordi: Sanofi a sostegno delle persone con poliposi nasale<\/a>\n                <\/span>\n                <span class=\"post-date\">\n                    19\/06\/2024\n                <\/span>\n            <\/div><div class=\"jeg_news_ticker_item jeg_news_ticker_animated  format-standard\">\n                <span>\n                    <a href=\"https:\/\/www.ceoforlifeawards.com\/it\/blog\/iris-ceramica-da-lezioni-di-sostenibilita-ed-economia-circolare-a-londra\/\" >Iris Ceramica d\u00e0 lezioni di sostenibilit\u00e0 ed economia circolare a Londra<\/a>\n                <\/span>\n                <span class=\"post-date\">\n                    19\/06\/2024\n                <\/span>\n            <\/div><div class=\"jeg_news_ticker_item jeg_news_ticker_animated  format-standard\">\n                <span>\n                    <a href=\"https:\/\/www.ceoforlifeawards.com\/it\/blog\/voli-piu-brevi-e-sostenibili-il-free-route-di-enav\/\" >Voli pi\u00f9 brevi e sostenibili: il Free Route di ENAV<\/a>\n                <\/span>\n                <span class=\"post-date\">\n                    19\/06\/2024\n                <\/span>\n            <\/div><div class=\"jeg_news_ticker_item jeg_news_ticker_animated  format-standard\">\n                <span>\n                    <a href=\"https:\/\/www.ceoforlifeawards.com\/it\/blog\/infocert-e-la-round-table-sullidentita-digitale-e-la-sicurezza-in-ambito-informatico\/\" >InfoCert e la Round Table sull\u2019Identit\u00e0 digitale e la sicurezza in ambito informatico<\/a>\n                <\/span>\n                <span class=\"post-date\">\n                    19\/06\/2024\n                <\/span>\n            <\/div><div class=\"jeg_news_ticker_item jeg_news_ticker_animated  format-standard\">\n                <span>\n                    <a href=\"https:\/\/www.ceoforlifeawards.com\/it\/blog\/bwh-hotels-italia-malta-diventa-societa-benefit\/\" >BWH Hotels Italia &amp; Malta diventa Societ\u00e0 Benefit<\/a>\n                <\/span>\n                <span class=\"post-date\">\n                    18\/06\/2024\n                <\/span>\n            <\/div><div class=\"jeg_news_ticker_item jeg_news_ticker_animated  format-standard\">\n                <span>\n                    <a href=\"https:\/\/www.ceoforlifeawards.com\/it\/blog\/b7-flash-confindustria-e-deloitte-energia-ambiente-e-clima-priorita-per-le-economie-g7\/\" >B7 Flash, Confindustria e Deloitte: energia, ambiente e clima priorit\u00e0 per le economie G7<\/a>\n                <\/span>\n                <span class=\"post-date\">\n                    18\/06\/2024\n                <\/span>\n            <\/div><div class=\"jeg_news_ticker_item jeg_news_ticker_animated  format-standard\">\n                <span>\n                    <a href=\"https:\/\/www.ceoforlifeawards.com\/it\/blog\/alleanza-assicurazioni-superare-le-disuguaglianze-di-genere-nelleducazione-finanziaria\/\" >Alleanza Assicurazioni: superare le disuguaglianze di genere nell\u2019educazione finanziaria<\/a>\n                <\/span>\n                <span class=\"post-date\">\n                    18\/06\/2024\n                <\/span>\n            <\/div><div class=\"jeg_news_ticker_item jeg_news_ticker_animated  format-standard\">\n                <span>\n                    <a href=\"https:\/\/www.ceoforlifeawards.com\/it\/blog\/mobilita-del-futuro-lofferta-di-livello-4-di-renault-per-il-trasporto-pubblico\/\" >Mobilit\u00e0 del futuro: l\u2019offerta di Livello 4 di Renault per il trasporto pubblico<\/a>\n                <\/span>\n                <span class=\"post-date\">\n                    17\/06\/2024\n                <\/span>\n            <\/div><div class=\"jeg_news_ticker_item jeg_news_ticker_animated  format-standard\">\n                <span>\n                    <a href=\"https:\/\/www.ceoforlifeawards.com\/it\/blog\/basta-polistirolo-ecco-la-soluzione-per-gli-imballaggi-a-temperatura-controllata-di-smurfit-kappa-italia\/\" >Basta polistirolo, ecco la soluzione per gli imballaggi a temperatura controllata di Smurfit Kappa Italia<\/a>\n                <\/span>\n                <span class=\"post-date\">\n                    10\/07\/2024\n                <\/span>\n            <\/div><div class=\"jeg_news_ticker_item jeg_news_ticker_animated  format-standard\">\n                <span>\n                    <a href=\"https:\/\/www.ceoforlifeawards.com\/it\/blog\/conta-su-di-me-la-campagna-di-smurfit-kappa-italia-per-la-parita-di-genere\/\" >\u201cConta su di me\u201d, la campagna di Smurfit Kappa Italia per la parit\u00e0 di genere<\/a>\n                <\/span>\n                <span class=\"post-date\">\n                    13\/06\/2024\n                <\/span>\n            <\/div><div class=\"jeg_news_ticker_item jeg_news_ticker_animated  format-standard\">\n                <span>\n                    <a href=\"https:\/\/www.ceoforlifeawards.com\/it\/blog\/per-datlas-group-la-transizione-digitale-passa-attraverso-lintegrazione-di-principi-etici-e-responsabili\/\" >Per Datlas Group la transizione digitale passa attraverso l\u2019integrazione di principi etici e responsabili<\/a>\n                <\/span>\n                <span class=\"post-date\">\n                    13\/06\/2024\n                <\/span>\n            <\/div><div class=\"jeg_news_ticker_item jeg_news_ticker_animated  format-standard\">\n                <span>\n                    <a href=\"https:\/\/www.ceoforlifeawards.com\/it\/blog\/wellmakers-by-bnp-paribas-sostenibilita-dimpresa-e-benessere-un-binomio-virtuoso-per-la-creazione-di-valore-per-imprese-e-persone\/\" >WellMakers by BNP Paribas \u2013 Sostenibilit\u00e0 d\u2019Impresa e Benessere: un binomio virtuoso per la creazione di valore per Imprese e Persone<\/a>\n                <\/span>\n                <span class=\"post-date\">\n                    11\/06\/2024\n                <\/span>\n            <\/div><div class=\"jeg_news_ticker_item jeg_news_ticker_animated  format-standard\">\n                <span>\n                    <a href=\"https:\/\/www.ceoforlifeawards.com\/it\/blog\/il-benessere-olistico-delle-persone-la-chiave-per-la-sostenibilita-aziendale-a-lungo-termine\/\" >Il Benessere olistico delle persone: la chiave per la sostenibilit\u00e0 aziendale a lungo termine<\/a>\n                <\/span>\n                <span class=\"post-date\">\n                    03\/06\/2024\n                <\/span>\n            <\/div><div class=\"jeg_news_ticker_item jeg_news_ticker_animated  format-standard\">\n                <span>\n                    <a href=\"https:\/\/www.ceoforlifeawards.com\/it\/blog\/la-sostenibilita-secondo-fileni-fiducia-e-impegno-sempre\/\" >La sostenibilit\u00e0 secondo Fileni: fiducia e impegno, sempre<\/a>\n                <\/span>\n                <span class=\"post-date\">\n                    31\/05\/2024\n                <\/span>\n            <\/div><div class=\"jeg_news_ticker_item jeg_news_ticker_animated  format-standard\">\n                <span>\n                    <a href=\"https:\/\/www.ceoforlifeawards.com\/it\/blog\/haleon-e-ceoforlife-presentano-la-round-table-self-care-revolution-un-nuovo-ecosistema-per-migliorare-laccesso-dei-cittadini-alla-salute-quotidiana\/\" >Haleon e CEOforLIFE presentano la Round Table \u201cSelf Care Revolution: un nuovo ecosistema per migliorare l\u2019accesso dei cittadini alla salute quotidiana\u201d<\/a>\n                <\/span>\n                <span class=\"post-date\">\n                    28\/05\/2024\n                <\/span>\n            <\/div><div class=\"jeg_news_ticker_item jeg_news_ticker_animated  format-standard\">\n                <span>\n                    <a href=\"https:\/\/www.ceoforlifeawards.com\/it\/blog\/idrogeno-verde-per-decarbonizzare-lindustria-ceramica-accordo-iris-edison-per-h2-factory\/\" >Idrogeno verde per decarbonizzare l\u2019industria ceramica: accordo Iris-Edison Next per H2 Factory<\/a>\n                <\/span>\n                <span class=\"post-date\">\n                    30\/05\/2024\n                <\/span>\n            <\/div><div class=\"jeg_news_ticker_item jeg_news_ticker_animated  format-standard\">\n                <span>\n                    <a href=\"https:\/\/www.ceoforlifeawards.com\/it\/blog\/la-strategia-dedalus-per-una-sostenibilita-a-360-gradi\/\" >La strategia Dedalus per una sostenibilit\u00e0 a 360 gradi<\/a>\n                <\/span>\n                <span class=\"post-date\">\n                    28\/05\/2024\n                <\/span>\n            <\/div><div class=\"jeg_news_ticker_item jeg_news_ticker_animated  format-standard\">\n                <span>\n                    <a href=\"https:\/\/www.ceoforlifeawards.com\/it\/blog\/dsv-un-nuovo-polo-logistico-completamente-green-per-servire-la-motor-valley-emiliana\/\" >DSV: Un nuovo polo logistico completamente green per servire la Motor Valley emiliana<\/a>\n                <\/span>\n                <span class=\"post-date\">\n                    23\/05\/2024\n                <\/span>\n            <\/div><div class=\"jeg_news_ticker_item jeg_news_ticker_animated  format-standard\">\n                <span>\n                    <a href=\"https:\/\/www.ceoforlifeawards.com\/it\/blog\/abb-soluzioni-per-la-gestione-delle-strutture-turistiche-in-modo-sostenibile\/\" >ABB: Soluzioni per la gestione delle strutture turistiche in modo sostenibile<\/a>\n                <\/span>\n                <span class=\"post-date\">\n                    20\/05\/2024\n                <\/span>\n            <\/div><div class=\"jeg_news_ticker_item jeg_news_ticker_animated  format-standard\">\n                <span>\n                    <a href=\"https:\/\/www.ceoforlifeawards.com\/it\/blog\/partnership-allinsegna-dellidrogeno-tra-ethosenergy-e-il-polito\/\" >Partnership all\u2019insegna dell\u2019idrogeno tra EthosEnergy e il PoliTO<\/a>\n                <\/span>\n                <span class=\"post-date\">\n                    15\/05\/2024\n                <\/span>\n            <\/div><div class=\"jeg_news_ticker_item jeg_news_ticker_animated  format-standard\">\n                <span>\n                    <a href=\"https:\/\/www.ceoforlifeawards.com\/it\/blog\/zero-emissioni-smart-workplaces-e-energie-rinnovabili-limpegno-di-dedalus-per-la-sostenibilita\/\" >Zero emissioni, \u201cSmart Workplaces\u201d e energie rinnovabili: l\u2019impegno di Dedalus per la sostenibilit\u00e0<\/a>\n                <\/span>\n                <span class=\"post-date\">\n                    15\/05\/2024\n                <\/span>\n            <\/div><div class=\"jeg_news_ticker_item jeg_news_ticker_animated  format-standard\">\n                <span>\n                    <a href=\"https:\/\/www.ceoforlifeawards.com\/it\/blog\/circular-plastic-il-nuovo-impianto-iren-dedicato-alla-selezione-delle-plastiche\/\" >Circular Plastic: il nuovo impianto Iren dedicato alla selezione delle plastiche<\/a>\n                <\/span>\n                <span class=\"post-date\">\n                    15\/05\/2024\n                <\/span>\n            <\/div><div class=\"jeg_news_ticker_item jeg_news_ticker_animated  format-standard\">\n                <span>\n                    <a href=\"https:\/\/www.ceoforlifeawards.com\/it\/blog\/iss-protagonista-del-facility-management-sostenibile\/\" >ISS protagonista del facility management sostenibile<\/a>\n                <\/span>\n                <span class=\"post-date\">\n                    14\/05\/2024\n                <\/span>\n            <\/div><div class=\"jeg_news_ticker_item jeg_news_ticker_animated  format-standard\">\n                <span>\n                    <a href=\"https:\/\/www.ceoforlifeawards.com\/it\/blog\/sielte-previste-200-nuove-assunzioni-dalla-partnership-con-talenti-apl\/\" >Sielte, previste 200 nuove assunzioni dalla partnership con Talenti APL<\/a>\n                <\/span>\n                <span class=\"post-date\">\n                    14\/05\/2024\n                <\/span>\n            <\/div><div class=\"jeg_news_ticker_item jeg_news_ticker_animated  format-standard\">\n                <span>\n                    <a href=\"https:\/\/www.ceoforlifeawards.com\/it\/blog\/neeton-2024-bosch-lancia-3-nuove-edizioni-per-favorire-loccupabilita-dei-neet\/\" >NeetON 2024: Bosch lancia 3 nuove edizioni per favorire l\u2019occupabilit\u00e0 dei Neet<\/a>\n                <\/span>\n                <span class=\"post-date\">\n                    14\/05\/2024\n                <\/span>\n            <\/div><div class=\"jeg_news_ticker_item jeg_news_ticker_animated  format-standard\">\n                <span>\n                    <a href=\"https:\/\/www.ceoforlifeawards.com\/it\/blog\/con-ascot-anche-le-piccole-aziende-possono-beneficiare-di-soluzioni-sostenibili-2\/\" >Con Ascot anche le piccole aziende possono beneficiare di soluzioni sostenibili<\/a>\n                <\/span>\n                <span class=\"post-date\">\n                    14\/05\/2024\n                <\/span>\n            <\/div><div class=\"jeg_news_ticker_item jeg_news_ticker_animated  format-standard\">\n                <span>\n                    <a href=\"https:\/\/www.ceoforlifeawards.com\/it\/blog\/primo-inwit-sustainability-day-il-valore-delle-infrastrutture-digitali-e-condivise\/\" >Primo INWIT Sustainability Day: il valore delle infrastrutture digitali e condivise<\/a>\n                <\/span>\n                <span class=\"post-date\">\n                    26\/03\/2025\n                <\/span>\n            <\/div><div class=\"jeg_news_ticker_item jeg_news_ticker_animated  format-standard\">\n                <span>\n                    <a href=\"https:\/\/www.ceoforlifeawards.com\/it\/blog\/acciaio-green-societe-generale-contribuisce-al-progetto-europeo-h2-green-steel\/\" >Acciaio green, Soci\u00e9t\u00e9 G\u00e9n\u00e9rale contribuisce al progetto europeo H2 Green Steel<\/a>\n                <\/span>\n                <span class=\"post-date\">\n                    13\/05\/2024\n                <\/span>\n            <\/div><div class=\"jeg_news_ticker_item jeg_news_ticker_animated  format-standard\">\n                <span>\n                    <a href=\"https:\/\/www.ceoforlifeawards.com\/it\/blog\/la-rivoluzione-della-ceramica-secondo-federica-minozzi-ceo-di-iris-ceramica-group\/\" >La rivoluzione della ceramica secondo Federica Minozzi, CEO di Iris Ceramica Group<\/a>\n                <\/span>\n                <span class=\"post-date\">\n                    13\/05\/2024\n                <\/span>\n            <\/div><div class=\"jeg_news_ticker_item jeg_news_ticker_animated  format-standard\">\n                <span>\n                    <a href=\"https:\/\/www.ceoforlifeawards.com\/it\/blog\/infocert-e-limportanza-strategica-della-pec\/\" >InfoCert e l\u2019importanza strategica della PEC<\/a>\n                <\/span>\n                <span class=\"post-date\">\n                    13\/05\/2024\n                <\/span>\n            <\/div><div class=\"jeg_news_ticker_item jeg_news_ticker_animated  format-standard\">\n                <span>\n                    <a href=\"https:\/\/www.ceoforlifeawards.com\/it\/blog\/gender-pay-gap-azzerato-il-traguardo-del-gruppo-renault-italia-2\/\" >Gender pay gap azzerato: il traguardo del Gruppo Renault Italia<\/a>\n                <\/span>\n                <span class=\"post-date\">\n                    13\/05\/2024\n                <\/span>\n            <\/div><div class=\"jeg_news_ticker_item jeg_news_ticker_animated  format-standard\">\n                <span>\n                    <a href=\"https:\/\/www.ceoforlifeawards.com\/it\/blog\/indoor-air-quality-siram-veolia-per-un-futuro-piu-sostenibile\/\" >Indoor Air Quality: Siram Veolia per un futuro pi\u00f9 sostenibile<\/a>\n                <\/span>\n                <span class=\"post-date\">\n                    10\/05\/2024\n                <\/span>\n            <\/div><div class=\"jeg_news_ticker_item jeg_news_ticker_animated  format-standard\">\n                <span>\n                    <a href=\"https:\/\/www.ceoforlifeawards.com\/it\/blog\/econocom-ecco-come-un-gruppo-digitale-supporta-sostenibilita-ed-economia-circolare-2\/\" >Econocom, ecco come un gruppo digitale supporta sostenibilit\u00e0 ed economia circolare<\/a>\n                <\/span>\n                <span class=\"post-date\">\n                    10\/05\/2024\n                <\/span>\n            <\/div><div class=\"jeg_news_ticker_item jeg_news_ticker_animated  format-standard\">\n                <span>\n                    <a href=\"https:\/\/www.ceoforlifeawards.com\/it\/blog\/e-on-inaugura-con-rete-clima-il-biodiversity-lab-nel-bosco-di-giussano\/\" >E.ON inaugura con Rete Clima il Biodiversity Lab nel bosco di Giussano<\/a>\n                <\/span>\n                <span class=\"post-date\">\n                    10\/05\/2024\n                <\/span>\n            <\/div><div class=\"jeg_news_ticker_item jeg_news_ticker_animated  format-standard\">\n                <span>\n                    <a href=\"https:\/\/www.ceoforlifeawards.com\/it\/blog\/dsv-con-zeropercento-per-promuovere-l-inclusione-lavorativa\/\" >DSV con ZeroPerCento per promuovere l\u2019inclusione lavorativa<\/a>\n                <\/span>\n                <span class=\"post-date\">\n                    10\/05\/2024\n                <\/span>\n            <\/div><div class=\"jeg_news_ticker_item jeg_news_ticker_animated  format-standard\">\n                <span>\n                    <a href=\"https:\/\/www.ceoforlifeawards.com\/it\/blog\/deloitte-punta-su-intelligenza-artificiale-generativa\/\" >Deloitte punta sull\u2019Intelligenza Artificiale Generativa<\/a>\n                <\/span>\n                <span class=\"post-date\">\n                    10\/05\/2024\n                <\/span>\n            <\/div><div class=\"jeg_news_ticker_item jeg_news_ticker_animated  format-standard\">\n                <span>\n                    <a href=\"https:\/\/www.ceoforlifeawards.com\/it\/blog\/la-strategia-di-sostenibilita-di-dovalue-e-il-contributo-agli-obiettivi-di-sviluppo-sostenibile\/\" >La strategia di Sostenibilit\u00e0 di doValue e il contributo agli obiettivi di Sviluppo Sostenibile<\/a>\n                <\/span>\n                <span class=\"post-date\">\n                    03\/06\/2024\n                <\/span>\n            <\/div><div class=\"jeg_news_ticker_item jeg_news_ticker_animated  format-standard\">\n                <span>\n                    <a href=\"https:\/\/www.ceoforlifeawards.com\/it\/blog\/ll-sito-produttivo-abb-di-santa-palomba-riduce-le-emissioni-di-c02-di-675-tonnellate-allanno\/\" >ll sito produttivo ABB di Santa Palomba riduce le emissioni di C02 di 675 tonnellate all&#8217;anno<\/a>\n                <\/span>\n                <span class=\"post-date\">\n                    10\/05\/2024\n                <\/span>\n            <\/div><div class=\"jeg_news_ticker_item jeg_news_ticker_animated  format-standard\">\n                <span>\n                    <a href=\"https:\/\/www.ceoforlifeawards.com\/it\/blog\/gruppo-iren-e-altamin-insieme-per-il-recupero-del-litio-geotermico-nel-lazio\/\" >Gruppo Iren e Altamin insieme per il recupero del litio geotermico nel Lazio<\/a>\n                <\/span>\n                <span class=\"post-date\">\n                    06\/05\/2024\n                <\/span>\n            <\/div><div class=\"jeg_news_ticker_item jeg_news_ticker_animated  format-standard\">\n                <span>\n                    <a href=\"https:\/\/www.ceoforlifeawards.com\/it\/blog\/fim-womens-circuit-racing-world-championship-il-campionato-allinsegna-dellinclusione-della-diversita-e-dellempowerment\/\" >FIM Women&#8217;s Circuit Racing World Championship, il campionato all\u2019insegna dell\u2019inclusione, della diversit\u00e0 e dell\u2019empowerment.<\/a>\n                <\/span>\n                <span class=\"post-date\">\n                    29\/04\/2024\n                <\/span>\n            <\/div><div class=\"jeg_news_ticker_item jeg_news_ticker_animated  format-standard\">\n                <span>\n                    <a href=\"https:\/\/www.ceoforlifeawards.com\/it\/blog\/teleperformance-italia-ha-inaugurato-la-panchina-rossa-del-meridione-nella-sede-di-taranto\/\" >Teleperformance Italia ha inaugurato la Panchina Rossa del Meridione nella sede di Taranto.<\/a>\n                <\/span>\n                <span class=\"post-date\">\n                    24\/04\/2024\n                <\/span>\n            <\/div><div class=\"jeg_news_ticker_item jeg_news_ticker_animated  format-standard\">\n                <span>\n                    <a href=\"https:\/\/www.ceoforlifeawards.com\/it\/blog\/gruppo-iren-due-progetti-innovativi-finanziati-dalla-commissione-europea\/\" >Gruppo Iren: due progetti innovativi finanziati dalla Commissione Europea<\/a>\n                <\/span>\n                <span class=\"post-date\">\n                    24\/04\/2024\n                <\/span>\n            <\/div><div class=\"jeg_news_ticker_item jeg_news_ticker_animated  format-standard\">\n                <span>\n                    <a href=\"https:\/\/www.ceoforlifeawards.com\/it\/blog\/la-nuova-soluzione-di-energy-management-di-abb-supporta-lefficienza-e-la-sostenibilita-nel-settore-idrico-e-delle-acque-reflue\/\" >La nuova soluzione di energy management di ABB supporta l&#8217;efficienza e la sostenibilit\u00e0 nel settore idrico e delle acque reflue<\/a>\n                <\/span>\n                <span class=\"post-date\">\n                    24\/04\/2024\n                <\/span>\n            <\/div><div class=\"jeg_news_ticker_item jeg_news_ticker_animated  format-standard\">\n                <span>\n                    <a href=\"https:\/\/www.ceoforlifeawards.com\/it\/blog\/teleperformance-italia-ha-ottenuto-litalian-reputation-awards\/\" >Teleperformance Italia ha ottenuto l\u2019Italian Reputation Awards<\/a>\n                <\/span>\n                <span class=\"post-date\">\n                    22\/04\/2024\n                <\/span>\n            <\/div><div class=\"jeg_news_ticker_item jeg_news_ticker_animated  format-standard\">\n                <span>\n                    <a href=\"https:\/\/www.ceoforlifeawards.com\/it\/blog\/per-la-solidarieta-bosch-italia-protagonista-alla-milano-marathon-2024\/\" >Bosch Italia protagonista alla Milano Marathon 2024<\/a>\n                <\/span>\n                <span class=\"post-date\">\n                    18\/04\/2024\n                <\/span>\n            <\/div><div class=\"jeg_news_ticker_item jeg_news_ticker_animated  format-standard\">\n                <span>\n                    <a href=\"https:\/\/www.ceoforlifeawards.com\/it\/blog\/dsv-ha-ricevuto-il-marchio-energia-rinnovabile-di-enel\/\" >DSV ha ricevuto il Marchio Energia Rinnovabile di Enel<\/a>\n                <\/span>\n                <span class=\"post-date\">\n                    17\/04\/2024\n                <\/span>\n            <\/div><div class=\"jeg_news_ticker_item jeg_news_ticker_animated  format-standard\">\n                <span>\n                    <a href=\"https:\/\/www.ceoforlifeawards.com\/it\/blog\/abb4equity-questione-di-genere\/\" >ABB4Equity \u2013 \u2018Questione di genere?\u2019<\/a>\n                <\/span>\n                <span class=\"post-date\">\n                    16\/04\/2024\n                <\/span>\n            <\/div><div class=\"jeg_news_ticker_item jeg_news_ticker_animated  format-standard\">\n                <span>\n                    <a href=\"https:\/\/www.ceoforlifeawards.com\/it\/blog\/renault-5-e-tech-electric-lauto-pop-renauluzionaria\/\" >Renault 5 E-Tech Electric: l\u2019auto pop \u201crenauluzionaria\u201d<\/a>\n                <\/span>\n                <span class=\"post-date\">\n                    16\/04\/2024\n                <\/span>\n            <\/div><div class=\"jeg_news_ticker_item jeg_news_ticker_animated  format-standard\">\n                <span>\n                    <a href=\"https:\/\/www.ceoforlifeawards.com\/it\/blog\/teleperfomance-italia-e-best-workplace-2024\/\" >Teleperfomance Italia \u00e8 Best Workplace 2024!<\/a>\n                <\/span>\n                <span class=\"post-date\">\n                    12\/04\/2024\n                <\/span>\n            <\/div><div class=\"jeg_news_ticker_item jeg_news_ticker_animated  format-standard\">\n                <span>\n                    <a href=\"https:\/\/www.ceoforlifeawards.com\/it\/blog\/puntare-alla-fiducia-nelle-nuove-generazioni-abb-italia-vincitrice-del-premio-assolombarda-awards\/\" >Puntare alla fiducia nelle nuove generazioni: ABB Italia vincitrice del premio Assolombarda Awards<\/a>\n                <\/span>\n                <span class=\"post-date\">\n                    09\/04\/2024\n                <\/span>\n            <\/div><div class=\"jeg_news_ticker_item jeg_news_ticker_animated  format-standard\">\n                <span>\n                    <a href=\"https:\/\/www.ceoforlifeawards.com\/it\/blog\/control-room-il-cervello-digitale-di-acquedotto-pugliese-per-la-gestione-dellacqua-pubblica\/\" >Control Room: il cervello digitale di Acquedotto Pugliese per la gestione dell\u2019acqua pubblica<\/a>\n                <\/span>\n                <span class=\"post-date\">\n                    08\/04\/2024\n                <\/span>\n            <\/div><div class=\"jeg_news_ticker_item jeg_news_ticker_animated  format-standard\">\n                <span>\n                    <a href=\"https:\/\/www.ceoforlifeawards.com\/it\/blog\/boehringer-ingelheim-italia-e-top-employer-per-il-sesto-anno-consecutivo-2\/\" >Boehringer Ingelheim Italia \u00e8 Top Employer per il sesto anno consecutivo!<\/a>\n                <\/span>\n                <span class=\"post-date\">\n                    05\/04\/2024\n                <\/span>\n            <\/div><div class=\"jeg_news_ticker_item jeg_news_ticker_animated  format-standard\">\n                <span>\n                    <a href=\"https:\/\/www.ceoforlifeawards.com\/it\/blog\/haleon-e-limportanza-del-codice-di-comportamento-per-fare-sempre-la-cosa-giusta\/\" >Haleon e l\u2019importanza del Codice di Comportamento per fare sempre la cosa giusta<\/a>\n                <\/span>\n                <span class=\"post-date\">\n                    05\/04\/2024\n                <\/span>\n            <\/div><div class=\"jeg_news_ticker_item jeg_news_ticker_animated  format-standard\">\n                <span>\n                    <a href=\"https:\/\/www.ceoforlifeawards.com\/it\/blog\/supereroi-green-del-futuro-il-progetto-di-e-on-per-portare-la-sostenibilita-nelle-scuole\/\" >\u201cSupereroi green\u201d del futuro, il progetto di E.ON per portare la sostenibilit\u00e0 nelle scuole<\/a>\n                <\/span>\n                <span class=\"post-date\">\n                    05\/04\/2024\n                <\/span>\n            <\/div><div class=\"jeg_news_ticker_item jeg_news_ticker_animated  format-standard\">\n                <span>\n                    <a href=\"https:\/\/www.ceoforlifeawards.com\/it\/blog\/riuso-dellacqua-per-lagricoltura-e-ciclo-dei-fanghi-puglia-sempre-piu-green-grazie-ad-acquedotto-pugliese\/\" >Riuso dell\u2019acqua per l\u2019agricoltura e ciclo dei fanghi: Puglia sempre pi\u00f9 green grazie ad Acquedotto Pugliese<\/a>\n                <\/span>\n                <span class=\"post-date\">\n                    05\/04\/2024\n                <\/span>\n            <\/div><div class=\"jeg_news_ticker_item jeg_news_ticker_animated  format-standard\">\n                <span>\n                    <a href=\"https:\/\/www.ceoforlifeawards.com\/it\/blog\/gruppo-hera-sempre-piu-leader-della-sostenibilita-ecco-gli-ultimi-riconoscimenti\/\" >Gruppo Hera sempre pi\u00f9 leader della sostenibilit\u00e0: ecco gli ultimi riconoscimenti<\/a>\n                <\/span>\n                <span class=\"post-date\">\n                    05\/04\/2024\n                <\/span>\n            <\/div><div class=\"jeg_news_ticker_item jeg_news_ticker_animated  format-standard\">\n                <span>\n                    <a href=\"https:\/\/www.ceoforlifeawards.com\/it\/blog\/gender-pay-gap-azzerato-il-traguardo-del-gruppo-renault-italia\/\" >Gender pay gap azzerato: il traguardo del Gruppo Renault Italia<\/a>\n                <\/span>\n                <span class=\"post-date\">\n                    04\/04\/2024\n                <\/span>\n            <\/div><div class=\"jeg_news_ticker_item jeg_news_ticker_animated  format-standard\">\n                <span>\n                    <a href=\"https:\/\/www.ceoforlifeawards.com\/it\/blog\/econocom-ecco-come-un-gruppo-digitale-supporta-sostenibilita-ed-economia-circolare\/\" >Econocom, ecco come un gruppo digitale supporta sostenibilit\u00e0 ed economia circolare<\/a>\n                <\/span>\n                <span class=\"post-date\">\n                    03\/04\/2024\n                <\/span>\n            <\/div><div class=\"jeg_news_ticker_item jeg_news_ticker_animated  format-standard\">\n                <span>\n                    <a href=\"https:\/\/www.ceoforlifeawards.com\/it\/blog\/deloitte-punta-sullintelligenza-artificiale-generativa\/\" >Deloitte punta sull\u2019Intelligenza Artificiale Generativa<\/a>\n                <\/span>\n                <span class=\"post-date\">\n                    28\/03\/2024\n                <\/span>\n            <\/div><div class=\"jeg_news_ticker_item jeg_news_ticker_animated  format-standard\">\n                <span>\n                    <a href=\"https:\/\/www.ceoforlifeawards.com\/it\/blog\/back-to-work-liniziativa-di-bouygues-energies-services-italia-per-dare-nuova-vita-ai-dpi\/\" >\u201cBack to work\u201d: l\u2019iniziativa di Bouygues Energies &amp; Services Italia per dare nuova vita ai DPI.<\/a>\n                <\/span>\n                <span class=\"post-date\">\n                    26\/03\/2024\n                <\/span>\n            <\/div><div class=\"jeg_news_ticker_item jeg_news_ticker_animated  format-standard\">\n                <span>\n                    <a href=\"https:\/\/www.ceoforlifeawards.com\/it\/blog\/aubay-italia-a-fianco-dellambiente-con-la-foresta-aubay\/\" >Aubay Italia a fianco dell\u2019ambiente con la Foresta Aubay<\/a>\n                <\/span>\n                <span class=\"post-date\">\n                    25\/03\/2024\n                <\/span>\n            <\/div><div class=\"jeg_news_ticker_item jeg_news_ticker_animated  format-standard\">\n                <span>\n                    <a href=\"https:\/\/www.ceoforlifeawards.com\/it\/blog\/finanza-sostenibile-societe-generale-e-ifc-siglano-un-nuovo-accordo\/\" >Finanza sostenibile, Soci\u00e9t\u00e9 G\u00e9n\u00e9rale e IFC siglano un nuovo accordo<\/a>\n                <\/span>\n                <span class=\"post-date\">\n                    25\/03\/2024\n                <\/span>\n            <\/div><div class=\"jeg_news_ticker_item jeg_news_ticker_animated  format-standard\">\n                <span>\n                    <a href=\"https:\/\/www.ceoforlifeawards.com\/it\/blog\/abb-la-tecnologia-inclusiva-utilizzata-allinsolito-posto-di-saonara-si-e-aggiudicata-il-premio-miglior-progetto-per-il-sociale-ai-knx-italian-awards-2023\/\" >ABB: La tecnologia inclusiva utilizzata all\u2019Insolito Posto di Saonara si \u00e8 aggiudicata il premio miglior progetto per il sociale ai KNX Italian Awards 2023<\/a>\n                <\/span>\n                <span class=\"post-date\">\n                    19\/03\/2024\n                <\/span>\n            <\/div><div class=\"jeg_news_ticker_item jeg_news_ticker_animated  format-standard\">\n                <span>\n                    <a href=\"https:\/\/www.ceoforlifeawards.com\/it\/blog\/siram-veolia-e-il-comune-di-trieste-insieme-per-raggiungere-il-net-zero\/\" >Siram Veolia e il Comune di Trieste insieme per raggiungere il NET Zero<\/a>\n                <\/span>\n                <span class=\"post-date\">\n                    19\/03\/2024\n                <\/span>\n            <\/div><div class=\"jeg_news_ticker_item jeg_news_ticker_animated  format-standard\">\n                <span>\n                    <a href=\"https:\/\/www.ceoforlifeawards.com\/it\/blog\/energy-efficiency-simposio-secondo-appuntamento-in-italia-con-lenergy-efficiency-movement-per-lefficienza-energetica\/\" >Energy Efficiency Simposio, secondo appuntamento in Italia con l\u2019Energy Efficiency Movement per l\u2019efficienza energetica<\/a>\n                <\/span>\n                <span class=\"post-date\">\n                    13\/03\/2024\n                <\/span>\n            <\/div><div class=\"jeg_news_ticker_item jeg_news_ticker_animated  format-standard\">\n                <span>\n                    <a href=\"https:\/\/www.ceoforlifeawards.com\/it\/blog\/abb-future-of-innovation-gli-influencer-del-motion\/\" >ABB: Future of Innovation &#8211; Gli influencer del motion<\/a>\n                <\/span>\n                <span class=\"post-date\">\n                    06\/03\/2024\n                <\/span>\n            <\/div><div class=\"jeg_news_ticker_item jeg_news_ticker_animated  format-standard\">\n                <span>\n                    <a href=\"https:\/\/www.ceoforlifeawards.com\/it\/blog\/aumentare-la-capacita-produttiva-e-contemporaneamente-ridurre-le-emissioni-di-inquinanti-in-atmosfera-con-ecomax-di-ethosenergy-e-possibile\/\" >Aumentare la capacit\u00e0 produttiva e contemporaneamente ridurre le emissioni di inquinanti in atmosfera? Con EcoMax di EthosEnergy, \u00e8 possibile.<\/a>\n                <\/span>\n                <span class=\"post-date\">\n                    05\/03\/2024\n                <\/span>\n            <\/div><div class=\"jeg_news_ticker_item jeg_news_ticker_animated  format-standard\">\n                <span>\n                    <a href=\"https:\/\/www.ceoforlifeawards.com\/it\/blog\/ecomondo-focus-sullimpegno-nel-settore-delle-materie-prime-critiche-e-sullinnovativo-impianto-di-riciclo-del-legno-inaugurato-questanno-a-vercelli\/\" >Ecomondo: focus sull\u2019impegno nel settore delle materie prime critiche e sull\u2019innovativo impianto di riciclo del legno inaugurato quest\u2019anno a Vercelli<\/a>\n                <\/span>\n                <span class=\"post-date\">\n                    04\/03\/2024\n                <\/span>\n            <\/div><div class=\"jeg_news_ticker_item jeg_news_ticker_animated  format-standard\">\n                <span>\n                    <a href=\"https:\/\/www.ceoforlifeawards.com\/it\/blog\/apre-il-prisma-live-un-luogo-della-progettazione-della-conoscenza-e-delle-contaminazioni-interdisciplinari\/\" >Apre Il Prisma Live: un luogo della progettazione, della conoscenza e delle contaminazioni interdisciplinari<\/a>\n                <\/span>\n                <span class=\"post-date\">\n                    29\/02\/2024\n                <\/span>\n            <\/div><div class=\"jeg_news_ticker_item jeg_news_ticker_animated  format-standard\">\n                <span>\n                    <a href=\"https:\/\/www.ceoforlifeawards.com\/it\/blog\/avanade-school-of-innovation-unopportunita-unica-per-sperimentare-larte-dellinnovazione\/\" >Avanade School of Innovation: un&#8217;opportunit\u00e0 unica per sperimentare l&#8217;arte dell&#8217;innovazione<\/a>\n                <\/span>\n                <span class=\"post-date\">\n                    12\/03\/2024\n                <\/span>\n            <\/div><div class=\"jeg_news_ticker_item jeg_news_ticker_animated  format-standard\">\n                <span>\n                    <a href=\"https:\/\/www.ceoforlifeawards.com\/it\/blog\/iss-facility-services-italia-e-top-employer-per-il-quinto-anno-di-fila\/\" >ISS Facility Services Italia \u00e8 Top Employer per il quinto anno di fila<\/a>\n                <\/span>\n                <span class=\"post-date\">\n                    28\/02\/2024\n                <\/span>\n            <\/div><div class=\"jeg_news_ticker_item jeg_news_ticker_animated  format-standard\">\n                <span>\n                    <a href=\"https:\/\/www.ceoforlifeawards.com\/it\/blog\/il-gruppo-hera-lancia-il-piano-industriale-al-2027-25-miliardi-per-gli-investimenti-sostenibili\/\" >Il Gruppo Hera lancia il Piano industriale al 2027: 2,5 miliardi per gli investimenti sostenibili<\/a>\n                <\/span>\n                <span class=\"post-date\">\n                    27\/02\/2024\n                <\/span>\n            <\/div><div class=\"jeg_news_ticker_item jeg_news_ticker_animated  format-standard\">\n                <span>\n                    <a href=\"https:\/\/www.ceoforlifeawards.com\/it\/blog\/trasformare-i-rifiuti-organici-in-biometano-iren-investe-75-milioni-nelleconomia-circolare\/\" >Trasformare i rifiuti organici in biometano: Iren investe 75 milioni nell\u2019economia circolare<\/a>\n                <\/span>\n                <span class=\"post-date\">\n                    26\/02\/2024\n                <\/span>\n            <\/div><div class=\"jeg_news_ticker_item jeg_news_ticker_animated  format-standard\">\n                <span>\n                    <a href=\"https:\/\/www.ceoforlifeawards.com\/it\/blog\/teleperformance-italia-una-rubrica-per-allargare-lo-sguardo-e-rallentare\/\" >Teleperformance Italia: una rubrica per allargare lo sguardo e rallentare<\/a>\n                <\/span>\n                <span class=\"post-date\">\n                    26\/02\/2024\n                <\/span>\n            <\/div><div class=\"jeg_news_ticker_item jeg_news_ticker_animated  format-standard\">\n                <span>\n                    <a href=\"https:\/\/www.ceoforlifeawards.com\/it\/blog\/sanofi-consumer-healthcare-italia-ottiene-la-certificazione-b-corp\/\" >Sanofi Consumer Healthcare Italia ottiene la Certificazione B Corp<\/a>\n                <\/span>\n                <span class=\"post-date\">\n                    23\/02\/2024\n                <\/span>\n            <\/div><div class=\"jeg_news_ticker_item jeg_news_ticker_animated  format-standard\">\n                <span>\n                    <a href=\"https:\/\/www.ceoforlifeawards.com\/it\/blog\/una-cultura-del-lavoro-sana-e-sostenibile-limpegno-di-mindwork-spiegato-dal-ceo-mario-alessandra\/\" >Una cultura del lavoro sana e sostenibile: l\u2019impegno di Mindwork spiegato dal CEO Mario Alessandra<\/a>\n                <\/span>\n                <span class=\"post-date\">\n                    23\/02\/2024\n                <\/span>\n            <\/div><div class=\"jeg_news_ticker_item jeg_news_ticker_animated  format-standard\">\n                <span>\n                    <a href=\"https:\/\/www.ceoforlifeawards.com\/it\/blog\/elettrificazione-piu-efficiente-le-tecnologie-innovative-bosch-presentate-al-ces-2024\/\" >Elettrificazione pi\u00f9 efficiente: le tecnologie innovative Bosch presentate al CES 2024<\/a>\n                <\/span>\n                <span class=\"post-date\">\n                    23\/02\/2024\n                <\/span>\n            <\/div><div class=\"jeg_news_ticker_item jeg_news_ticker_animated  format-standard\">\n                <span>\n                    <a href=\"https:\/\/www.ceoforlifeawards.com\/it\/blog\/enav-nella-top-ten-delle-aziende-italiane-piu-attente-al-clima\/\" >ENAV nella top ten delle aziende italiane pi\u00f9 attente al clima<\/a>\n                <\/span>\n                <span class=\"post-date\">\n                    21\/02\/2024\n                <\/span>\n            <\/div><div class=\"jeg_news_ticker_item jeg_news_ticker_animated  format-standard\">\n                <span>\n                    <a href=\"https:\/\/www.ceoforlifeawards.com\/it\/blog\/cotw-2023-teleperformance-italia-festeggia-i-suoi-successi-solidali\/\" >COTW 2023: Teleperformance Italia festeggia i suoi successi solidali<\/a>\n                <\/span>\n                <span class=\"post-date\">\n                    20\/02\/2024\n                <\/span>\n            <\/div><div class=\"jeg_news_ticker_item jeg_news_ticker_animated  format-standard\">\n                <span>\n                    <a href=\"https:\/\/www.ceoforlifeawards.com\/it\/blog\/lundbeck-italia-festeggia-i-suoi-30-anni-di-attivita-e-dedizione-in-italia\/\" >Lundbeck Italia festeggia i suoi 30 anni di attivit\u00e0 e dedizione in Italia<\/a>\n                <\/span>\n                <span class=\"post-date\">\n                    20\/02\/2024\n                <\/span>\n            <\/div><div class=\"jeg_news_ticker_item jeg_news_ticker_animated  format-standard\">\n                <span>\n                    <a href=\"https:\/\/www.ceoforlifeawards.com\/it\/blog\/parita-di-genere-il-gruppo-hera-consegue-la-certificazione\/\" >Parit\u00e0 di genere, il Gruppo Hera consegue la certificazione<\/a>\n                <\/span>\n                <span class=\"post-date\">\n                    19\/02\/2024\n                <\/span>\n            <\/div><div class=\"jeg_news_ticker_item jeg_news_ticker_animated  format-standard\">\n                <span>\n                    <a href=\"https:\/\/www.ceoforlifeawards.com\/it\/blog\/lo-stabilimento-ds-smith-in-italia-migliora-lefficienza-della-cogenerazione-con-le-soluzioni-digitali-di-abb\/\" >Lo stabilimento DS Smith in Italia migliora l&#8217;efficienza della cogenerazione con le soluzioni digitali di ABB<\/a>\n                <\/span>\n                <span class=\"post-date\">\n                    19\/02\/2024\n                <\/span>\n            <\/div><div class=\"jeg_news_ticker_item jeg_news_ticker_animated  format-standard\">\n                <span>\n                    <a href=\"https:\/\/www.ceoforlifeawards.com\/it\/blog\/ascot-e-il-nuovo-hybrid-power-system-una-soluzione-di-alimentazione-energetica-sostenibile-scalabile-e-modulare\/\" >Ascot e il nuovo Hybrid Power System: una soluzione di alimentazione energetica sostenibile, scalabile e modulare<\/a>\n                <\/span>\n                <span class=\"post-date\">\n                    16\/02\/2024\n                <\/span>\n            <\/div><div class=\"jeg_news_ticker_item jeg_news_ticker_animated  format-standard\">\n                <span>\n                    <a href=\"https:\/\/www.ceoforlifeawards.com\/it\/blog\/con-la-nuova-sede-deloitte-investe-su-roma-tra-nuove-assunzioni-sostenibilita-e-benessere\/\" >Con la nuova sede Deloitte investe su Roma: tra nuove assunzioni, sostenibilit\u00e0 e benessere<\/a>\n                <\/span>\n                <span class=\"post-date\">\n                    16\/02\/2024\n                <\/span>\n            <\/div><div class=\"jeg_news_ticker_item jeg_news_ticker_animated  format-standard\">\n                <span>\n                    <a href=\"https:\/\/www.ceoforlifeawards.com\/it\/blog\/boehringer-ingelheim-italia-e-top-employer-per-il-sesto-anno-consecutivo\/\" >Boehringer Ingelheim riconosciuta Top Employer 2025 sia in Italia che a livello globale<\/a>\n                <\/span>\n                <span class=\"post-date\">\n                    22\/01\/2025\n                <\/span>\n            <\/div><div class=\"jeg_news_ticker_item jeg_news_ticker_animated  format-standard\">\n                <span>\n                    <a href=\"https:\/\/www.ceoforlifeawards.com\/it\/blog\/tecnologia-e-green-il-progetto-the-heat-garden-di-iren-a-torino\/\" >Tecnologia e green: il progetto \u201cThe Heat Garden\u201d di Iren a Torino<\/a>\n                <\/span>\n                <span class=\"post-date\">\n                    14\/02\/2024\n                <\/span>\n            <\/div><div class=\"jeg_news_ticker_item jeg_news_ticker_animated  format-standard\">\n                <span>\n                    <a href=\"https:\/\/www.ceoforlifeawards.com\/it\/blog\/la-smart-factory-secondo-teamsystem-cose-e-come-funziona\/\" >La Smart factory secondo TeamSystem: cos\u2019\u00e8 e come funziona<\/a>\n                <\/span>\n                <span class=\"post-date\">\n                    10\/04\/2024\n                <\/span>\n            <\/div><div class=\"jeg_news_ticker_item jeg_news_ticker_animated  format-standard\">\n                <span>\n                    <a href=\"https:\/\/www.ceoforlifeawards.com\/it\/blog\/lundbeck-italia-presenta-storie-di-ordinario-cervello-la-stra-ordinaria-rassegna-cinematografica-sulla-salute-mentale-a-roma\/\" >Lundbeck Italia presenta \u201cStorie di ordinario cervello: la stra-ordinaria rassegna cinematografica sulla salute mentale a Roma\u201d<\/a>\n                <\/span>\n                <span class=\"post-date\">\n                    13\/02\/2024\n                <\/span>\n            <\/div><div class=\"jeg_news_ticker_item jeg_news_ticker_animated  format-standard\">\n                <span>\n                    <a href=\"https:\/\/www.ceoforlifeawards.com\/it\/blog\/aubay-vince-la-medaglia-gold-di-ecovadis-a-testimonianza-del-suo-impegno-sulla-sostenibilita\/\" >Aubay vince la Medaglia Gold di EcoVadis a testimonianza del suo impegno sulla sostenibilit\u00e0<\/a>\n                <\/span>\n                <span class=\"post-date\">\n                    13\/02\/2024\n                <\/span>\n            <\/div><div class=\"jeg_news_ticker_item jeg_news_ticker_animated  format-standard\">\n                <span>\n                    <a href=\"https:\/\/www.ceoforlifeawards.com\/it\/blog\/teleperformance-italia-nella-best-workplaces-for-millennials-2023\/\" >Teleperformance Italia nella Best Workplaces for Millennials 2023<\/a>\n                <\/span>\n                <span class=\"post-date\">\n                    13\/02\/2024\n                <\/span>\n            <\/div><div class=\"jeg_news_ticker_item jeg_news_ticker_animated  format-standard\">\n                <span>\n                    <a href=\"https:\/\/www.ceoforlifeawards.com\/it\/blog\/boehringer-ingelheim-ottiene-la-certificazione-di-parita-di-genere\/\" >Boehringer Ingelheim ottiene la Certificazione di Parit\u00e0 di genere<\/a>\n                <\/span>\n                <span class=\"post-date\">\n                    13\/02\/2024\n                <\/span>\n            <\/div><div class=\"jeg_news_ticker_item jeg_news_ticker_animated  format-standard\">\n                <span>\n                    <a href=\"https:\/\/www.ceoforlifeawards.com\/it\/blog\/conosci-il-fibroma-uterino-la-campagna-di-kiko-milano-rotary-club-milano-nord-rotarians4health-e-gedeon-richter-italia\/\" >\u201cConosci il fibroma uterino?\u201d, la campagna di KIKO Milano, Rotary Club Milano Nord, Rotarians4Health e Gedeon Richter Italia<\/a>\n                <\/span>\n                <span class=\"post-date\">\n                    13\/02\/2024\n                <\/span>\n            <\/div><div class=\"jeg_news_ticker_item jeg_news_ticker_animated  format-standard\">\n                <span>\n                    <a href=\"https:\/\/www.ceoforlifeawards.com\/it\/blog\/efficienza-energetica-negli-edifici-pubblici-lo-studio-di-siram-veolia\/\" >Efficienza Energetica negli Edifici Pubblici: lo studio di Siram Veolia<\/a>\n                <\/span>\n                <span class=\"post-date\">\n                    13\/02\/2024\n                <\/span>\n            <\/div><div class=\"jeg_news_ticker_item jeg_news_ticker_animated  format-standard\">\n                <span>\n                    <a href=\"https:\/\/www.ceoforlifeawards.com\/it\/blog\/ascot-dopo-un-2023-di-successi-si-apre-un-nuovo-anno-di-impegno-per-la-sostenibilita\/\" >Ascot: dopo un 2023 di successi, si apre un nuovo anno di impegno per la sostenibilit\u00e0<\/a>\n                <\/span>\n                <span class=\"post-date\">\n                    13\/02\/2024\n                <\/span>\n            <\/div><div class=\"jeg_news_ticker_item jeg_news_ticker_animated  format-standard\">\n                <span>\n                    <a href=\"https:\/\/www.ceoforlifeawards.com\/it\/blog\/bouygues-energies-services-italia-e-medaglia-doro-ecovadis-per-la-sostenibilita\/\" >Bouygues Energies &amp; Services Italia \u00e8 medaglia d\u2019oro EcoVadis per la sostenibilit\u00e0<\/a>\n                <\/span>\n                <span class=\"post-date\">\n                    13\/02\/2024\n                <\/span>\n            <\/div><div class=\"jeg_news_ticker_item jeg_news_ticker_animated  format-standard\">\n                <span>\n                    <a href=\"https:\/\/www.ceoforlifeawards.com\/it\/blog\/decarbonizzare-il-teleriscaldamento-la-partnership-tra-iren-e-politecnico-di-torino\/\" >Decarbonizzare il teleriscaldamento: la partnership tra Iren e Politecnico di Torino<\/a>\n                <\/span>\n                <span class=\"post-date\">\n                    13\/02\/2024\n                <\/span>\n            <\/div><div class=\"jeg_news_ticker_item jeg_news_ticker_animated  format-standard\">\n                <span>\n                    <a href=\"https:\/\/www.ceoforlifeawards.com\/it\/blog\/teleperformance-ha-ottenuto-la-certificazione-srs-di-verego\/\" >Teleperformance ha ottenuto la certificazione SRS di Verego<\/a>\n                <\/span>\n                <span class=\"post-date\">\n                    12\/02\/2024\n                <\/span>\n            <\/div><div class=\"jeg_news_ticker_item jeg_news_ticker_animated  format-standard\">\n                <span>\n                    <a href=\"https:\/\/www.ceoforlifeawards.com\/it\/blog\/abb-il-ruolo-degli-its-la-terza-via-della-formazione-tecnica\/\" >ABB: Il ruolo degli ITS, la terza via della formazione tecnica<\/a>\n                <\/span>\n                <span class=\"post-date\">\n                    12\/02\/2024\n                <\/span>\n            <\/div><div class=\"jeg_news_ticker_item jeg_news_ticker_animated  format-standard\">\n                <span>\n                    <a href=\"https:\/\/www.ceoforlifeawards.com\/it\/blog\/lilluminazione-scenografica-della-passerella-di-peccioli-realizzata-con-abb-freehome\/\" >L\u2019illuminazione scenografica della passerella di Peccioli realizzata con ABB-free@home\u00ae<\/a>\n                <\/span>\n                <span class=\"post-date\">\n                    07\/02\/2024\n                <\/span>\n            <\/div><div class=\"jeg_news_ticker_item jeg_news_ticker_animated  format-standard\">\n                <span>\n                    <a href=\"https:\/\/www.ceoforlifeawards.com\/it\/blog\/iren-realizza-il-piu-grande-parco-fotovoltaico-della-basilicata-investiti-30-milioni-di-euro\/\" >Iren realizza il pi\u00f9 grande parco fotovoltaico della Basilicata: investiti 30 milioni di euro<\/a>\n                <\/span>\n                <span class=\"post-date\">\n                    05\/02\/2024\n                <\/span>\n            <\/div><div class=\"jeg_news_ticker_item jeg_news_ticker_animated  format-standard\">\n                <span>\n                    <a href=\"https:\/\/www.ceoforlifeawards.com\/it\/blog\/la-strategia-di-sostenibilita-di-bwh-hotels-malta\/\" >La strategia di sostenibilit\u00e0 di BWH Hotels Italia &amp; Malta<\/a>\n                <\/span>\n                <span class=\"post-date\">\n                    21\/03\/2024\n                <\/span>\n            <\/div><div class=\"jeg_news_ticker_item jeg_news_ticker_animated  format-standard\">\n                <span>\n                    <a href=\"https:\/\/www.ceoforlifeawards.com\/it\/blog\/a-torino-e-baganzola-le-prime-comunita-energetiche-realizzate-da-iren\/\" >A Torino e Baganzola le prime comunit\u00e0 energetiche realizzate da Iren<\/a>\n                <\/span>\n                <span class=\"post-date\">\n                    02\/02\/2024\n                <\/span>\n            <\/div><div class=\"jeg_news_ticker_item jeg_news_ticker_animated  format-standard\">\n                <span>\n                    <a href=\"https:\/\/www.ceoforlifeawards.com\/it\/blog\/iren-lancia-il-premio-esg-challenge-2024-seconda-edizione-delliniziativa-dedicata-alle-migliori-tesi-di-laurea-e-dottorato-sui-temi-della-sostenibilita\/\" >Iren lancia il Premio ESG Challenge 2024, seconda edizione dell\u2019iniziativa dedicata alle migliori tesi di laurea e dottorato sui temi della sostenibilit\u00e0<\/a>\n                <\/span>\n                <span class=\"post-date\">\n                    01\/02\/2024\n                <\/span>\n            <\/div><div class=\"jeg_news_ticker_item jeg_news_ticker_animated  format-standard\">\n                <span>\n                    <a href=\"https:\/\/www.ceoforlifeawards.com\/it\/blog\/mediocredito-centrale-in-arrivo-il-nuovo-piano-industriale-focus-sul-mezzogiorno-sulle-pmi-e-esg\/\" >Mediocredito Centrale, in arrivo il nuovo piano industriale: focus sul Mezzogiorno, sulle Pmi e ESG<\/a>\n                <\/span>\n                <span class=\"post-date\">\n                    31\/01\/2024\n                <\/span>\n            <\/div><div class=\"jeg_news_ticker_item jeg_news_ticker_animated  format-standard\">\n                <span>\n                    <a href=\"https:\/\/www.ceoforlifeawards.com\/it\/blog\/iren-entra-nel-settore-eolico-acquisendo-un-impianto-in-liguria-con-una-capacita-di-6mw\/\" >Iren entra nel settore eolico acquisendo un impianto in Liguria con una capacit\u00e0 di 6MW<\/a>\n                <\/span>\n                <span class=\"post-date\">\n                    30\/01\/2024\n                <\/span>\n            <\/div><div class=\"jeg_news_ticker_item jeg_news_ticker_animated  format-standard\">\n                <span>\n                    <a href=\"https:\/\/www.ceoforlifeawards.com\/it\/blog\/la-sostenibilita-dalla-produzione-allutilizzo-il-caso-ortea-e-selle-royal-group\/\" >La Sostenibilit\u00e0 dalla produzione all\u2019utilizzo: il caso Ortea e Selle Royal Group<\/a>\n                <\/span>\n                <span class=\"post-date\">\n                    06\/02\/2024\n                <\/span>\n            <\/div><div class=\"jeg_news_ticker_item jeg_news_ticker_animated  format-standard\">\n                <span>\n                    <a href=\"https:\/\/www.ceoforlifeawards.com\/it\/blog\/avanade-in-partnership-con-fitprime-per-favorire-il-benessere-delle-proprie-persone\/\" >Avanade in partnership con Fitprime per favorire il benessere delle proprie Persone<\/a>\n                <\/span>\n                <span class=\"post-date\">\n                    29\/01\/2024\n                <\/span>\n            <\/div><div class=\"jeg_news_ticker_item jeg_news_ticker_animated  format-standard\">\n                <span>\n                    <a href=\"https:\/\/www.ceoforlifeawards.com\/it\/blog\/pernod-ricard-e-limpegno-esg-dallagricoltura-sostenibile-alleconomia-circolare-fino-al-responsible-drinking\/\" >Pernod Ricard e l\u2019impegno ESG: dall\u2019agricoltura sostenibile all\u2019economia circolare, fino al responsible drinking<\/a>\n                <\/span>\n                <span class=\"post-date\">\n                    29\/01\/2024\n                <\/span>\n            <\/div><div class=\"jeg_news_ticker_item jeg_news_ticker_animated  format-standard\">\n                <span>\n                    <a href=\"https:\/\/www.ceoforlifeawards.com\/it\/blog\/circular-wood-e-di-iren-il-primo-impianto-italiano-per-la-produzione-di-pallet-da-legno-di-scarto\/\" >Circular Wood, \u00e8 di Iren il primo impianto italiano per la produzione di pallet da legno di scarto<\/a>\n                <\/span>\n                <span class=\"post-date\">\n                    26\/01\/2024\n                <\/span>\n            <\/div><div class=\"jeg_news_ticker_item jeg_news_ticker_animated  format-standard\">\n                <span>\n                    <a href=\"https:\/\/www.ceoforlifeawards.com\/it\/blog\/ispirare-i-giovani-talenti-per-un-futuro-inclusivo-abb-italia-inaugura-il-sustainable-talent-program\/\" >Ispirare i giovani talenti per un futuro inclusivo: ABB Italia inaugura il &#8216;Sustainable Talent Program&#8217;<\/a>\n                <\/span>\n                <span class=\"post-date\">\n                    26\/01\/2024\n                <\/span>\n            <\/div><div class=\"jeg_news_ticker_item jeg_news_ticker_animated  format-standard\">\n                <span>\n                    <a href=\"https:\/\/www.ceoforlifeawards.com\/it\/blog\/iss-aiuti-e-consigli-per-incoraggiare-a-tornare-in-ufficio\/\" >ISS, aiuti e consigli per incoraggiare a tornare in ufficio<\/a>\n                <\/span>\n                <span class=\"post-date\">\n                    26\/01\/2024\n                <\/span>\n            <\/div><div class=\"jeg_news_ticker_item jeg_news_ticker_animated  format-standard\">\n                <span>\n                    <a href=\"https:\/\/www.ceoforlifeawards.com\/it\/blog\/bodio-center-nuovi-luoghi-per-larte-il-design-e-il-verde-firmato-il-prisma\/\" >Bodio Center: nuovi luoghi per l\u2019arte, il design e il verde firmato Il Prisma<\/a>\n                <\/span>\n                <span class=\"post-date\">\n                    25\/01\/2024\n                <\/span>\n            <\/div><div class=\"jeg_news_ticker_item jeg_news_ticker_animated  format-standard\">\n                <span>\n                    <a href=\"https:\/\/www.ceoforlifeawards.com\/it\/blog\/ampere-per-la-democratizzazione-dei-veicoli-elettrici\/\" >Ampere per la democratizzazione dei veicoli elettrici<\/a>\n                <\/span>\n                <span class=\"post-date\">\n                    19\/01\/2024\n                <\/span>\n            <\/div><div class=\"jeg_news_ticker_item jeg_news_ticker_animated  format-standard\">\n                <span>\n                    <a href=\"https:\/\/www.ceoforlifeawards.com\/it\/blog\/un-palco-contro-la-violenza-sulle-donne-liniziativa-sostenuta-da-aubay-contro-la-violenza-di-genere\/\" >Un Palco Contro la Violenza sulle Donne: l\u2019iniziativa sostenuta da Aubay contro la violenza di genere<\/a>\n                <\/span>\n                <span class=\"post-date\">\n                    18\/01\/2024\n                <\/span>\n            <\/div><div class=\"jeg_news_ticker_item jeg_news_ticker_animated  format-standard\">\n                <span>\n                    <a href=\"https:\/\/www.ceoforlifeawards.com\/it\/blog\/osservatorio-esg-enav-tra-le-7-aziende-classificate-con-ottimo-secondo-il-monitoraggio-de-il-sole-24-ore-e-luniversita-bicocca\/\" >Osservatorio ESG: ENAV tra le 7 aziende classificate con \u201cottimo\u201d secondo il monitoraggio de Il Sole 24 ore e l\u2019Universit\u00e0 Bicocca<\/a>\n                <\/span>\n                <span class=\"post-date\">\n                    17\/01\/2024\n                <\/span>\n            <\/div><div class=\"jeg_news_ticker_item jeg_news_ticker_animated  format-standard\">\n                <span>\n                    <a href=\"https:\/\/www.ceoforlifeawards.com\/it\/blog\/teleperformance-italia-sempre-in-prima-linea-contro-la-violenza-sulle-donne\/\" >Teleperformance Italia sempre in prima linea contro la violenza sulle donne<\/a>\n                <\/span>\n                <span class=\"post-date\">\n                    16\/01\/2024\n                <\/span>\n            <\/div><div class=\"jeg_news_ticker_item jeg_news_ticker_animated  format-standard\">\n                <span>\n                    <a href=\"https:\/\/www.ceoforlifeawards.com\/it\/blog\/mindfulness-una-pratica-volta-al-benessere-che-aubay-regala-a-tutti-i-suoi-dipendenti\/\" >Mindfulness: una pratica volta al benessere che Aubay regala a tutti i suoi dipendenti<\/a>\n                <\/span>\n                <span class=\"post-date\">\n                    15\/01\/2024\n                <\/span>\n            <\/div><div class=\"jeg_news_ticker_item jeg_news_ticker_animated  format-standard\">\n                <span>\n                    <a href=\"https:\/\/www.ceoforlifeawards.com\/it\/blog\/limportanza-della-strategia-esg-in-concentrix-webhelp\/\" >L\u2019importanza della strategia ESG in Concentrix + Webhelp<\/a>\n                <\/span>\n                <span class=\"post-date\">\n                    12\/01\/2024\n                <\/span>\n            <\/div><div class=\"jeg_news_ticker_item jeg_news_ticker_animated  format-standard\">\n                <span>\n                    <a href=\"https:\/\/www.ceoforlifeawards.com\/it\/blog\/4w4i-2023-miglior-contributo-sul-gender-gap-va-a-teleperformance-italia\/\" >4W4I 2023, \u201cMiglior contributo sul Gender Gap\u201d va a Teleperformance Italia<\/a>\n                <\/span>\n                <span class=\"post-date\">\n                    11\/01\/2024\n                <\/span>\n            <\/div><div class=\"jeg_news_ticker_item jeg_news_ticker_animated  format-standard\">\n                <span>\n                    <a href=\"https:\/\/www.ceoforlifeawards.com\/it\/blog\/aeroporto-di-bologna-e-marconi-express-uniti-per-la-sostenibilita\/\" >Aeroporto di Bologna e Marconi Express uniti per la sostenibilit\u00e0<\/a>\n                <\/span>\n                <span class=\"post-date\">\n                    10\/01\/2024\n                <\/span>\n            <\/div><div class=\"jeg_news_ticker_item jeg_news_ticker_animated  format-standard\">\n                <span>\n                    <a href=\"https:\/\/www.ceoforlifeawards.com\/it\/blog\/aubay-a-sostegno-delle-persone-e-dei-territori-sponsor-ufficiale-della-supercoppa-italiana-della-pallanuoto-paralimpica\/\" >Aubay a sostegno delle persone e dei territori: sponsor ufficiale della Supercoppa italiana della Pallanuoto Paralimpica<\/a>\n                <\/span>\n                <span class=\"post-date\">\n                    08\/01\/2024\n                <\/span>\n            <\/div><div class=\"jeg_news_ticker_item jeg_news_ticker_animated  format-standard\">\n                <span>\n                    <a href=\"https:\/\/www.ceoforlifeawards.com\/it\/blog\/birra-peroni-e-legambiente-uniti-per-eliminare-i-rifiuti-nel-parco-di-rimigliano\/\" >Birra Peroni e Legambiente: uniti per eliminare i rifiuti nel parco di Rimigliano<\/a>\n                <\/span>\n                <span class=\"post-date\">\n                    04\/01\/2024\n                <\/span>\n            <\/div><div class=\"jeg_news_ticker_item jeg_news_ticker_animated  format-standard\">\n                <span>\n                    <a href=\"https:\/\/www.ceoforlifeawards.com\/it\/blog\/its-academy-caboto-la-formazione-ad-hoc-per-i-professionisti-del-mare\/\" >ITS Academy Caboto: la formazione ad hoc per i professionisti del mare<\/a>\n                <\/span>\n                <span class=\"post-date\">\n                    03\/01\/2024\n                <\/span>\n            <\/div><div class=\"jeg_news_ticker_item jeg_news_ticker_animated  format-standard\">\n                <span>\n                    <a href=\"https:\/\/www.ceoforlifeawards.com\/it\/blog\/investimenti-per-la-rigenerazione-urbana-sostenibile-presentato-il-report-di-deloitte\/\" >\u201cInvestimenti per la Rigenerazione Urbana Sostenibile\u201d: presentato il report di Deloitte<\/a>\n                <\/span>\n                <span class=\"post-date\">\n                    03\/01\/2024\n                <\/span>\n            <\/div><div class=\"jeg_news_ticker_item jeg_news_ticker_animated  format-standard\">\n                <span>\n                    <a href=\"https:\/\/www.ceoforlifeawards.com\/it\/blog\/lintelligenza-nel-futuro-heracademy-accende-i-riflettori-sul-rapporto-tra-lintelligenza-artificiale-e-il-capitale-umano\/\" >L\u2019intelligenza nel futuro: HerAcademy accende i riflettori sul rapporto tra l\u2019intelligenza artificiale e il capitale umano<\/a>\n                <\/span>\n                <span class=\"post-date\">\n                    14\/12\/2023\n                <\/span>\n            <\/div><div class=\"jeg_news_ticker_item jeg_news_ticker_animated  format-standard\">\n                <span>\n                    <a href=\"https:\/\/www.ceoforlifeawards.com\/it\/blog\/industria-e-biodiversita-wienergerger-attiva-i-bap-e-promuove-una-cultura-sostenibile\/\" >Industria e biodiversit\u00e0: Wienerberger attiva i BAP e promuove una cultura sostenibile<\/a>\n                <\/span>\n                <span class=\"post-date\">\n                    01\/02\/2024\n                <\/span>\n            <\/div><div class=\"jeg_news_ticker_item jeg_news_ticker_animated  format-standard\">\n                <span>\n                    <a href=\"https:\/\/www.ceoforlifeawards.com\/it\/blog\/esg-level-abaco-team-punta-sulla-sostenibilita-attraverso-una-valutazione-ad-hoc\/\" >ESG Level: Abaco Team punta sulla sostenibilit\u00e0 attraverso una valutazione ad hoc<\/a>\n                <\/span>\n                <span class=\"post-date\">\n                    01\/02\/2024\n                <\/span>\n            <\/div><div class=\"jeg_news_ticker_item jeg_news_ticker_animated  format-standard\">\n                <span>\n                    <a href=\"https:\/\/www.ceoforlifeawards.com\/it\/blog\/enav-carbon-neutrality-2022\/\" >ENAV Carbon Neutrality 2022<\/a>\n                <\/span>\n                <span class=\"post-date\">\n                    01\/02\/2024\n                <\/span>\n            <\/div><div class=\"jeg_news_ticker_item jeg_news_ticker_animated  format-standard\">\n                <span>\n                    <a href=\"https:\/\/www.ceoforlifeawards.com\/it\/blog\/aruba-il-global-cloud-dil-data-ccenter-di-ponte-san-pietro-e-certificato-green-by-design\/\" >Aruba, il Global Cloud Data Center di Ponte San Pietro \u00e8 \u201cgreen by design\u201d<\/a>\n                <\/span>\n                <span class=\"post-date\">\n                    29\/02\/2024\n                <\/span>\n            <\/div><div class=\"jeg_news_ticker_item jeg_news_ticker_animated  format-standard\">\n                <span>\n                    <a href=\"https:\/\/www.ceoforlifeawards.com\/it\/blog\/elite-e-la-sostenibilita-delle-piccole-e-medie-imprese-attraverso-i-basket-bond\/\" >ELITE e la sostenibilit\u00e0 delle piccole e medie imprese, attraverso i basket bond<\/a>\n                <\/span>\n                <span class=\"post-date\">\n                    02\/02\/2024\n                <\/span>\n            <\/div><div class=\"jeg_news_ticker_item jeg_news_ticker_animated  format-standard\">\n                <span>\n                    <a href=\"https:\/\/www.ceoforlifeawards.com\/it\/blog\/elica-e-la-cucina-del-futuro-tecnologica-sostenibile-e-pure-rilassante\/\" >Elica e la cucina del futuro: tecnologica, sostenibile e pure rilassante<\/a>\n                <\/span>\n                <span class=\"post-date\">\n                    02\/02\/2024\n                <\/span>\n            <\/div><div class=\"jeg_news_ticker_item jeg_news_ticker_animated  format-standard\">\n                <span>\n                    <a href=\"https:\/\/www.ceoforlifeawards.com\/it\/blog\/deloitte-comunita-di-santegidio-e-lospedale-gemelli-isola-tiberina-insieme-per-garantire-il-diritto-alla-salute-a-ogni-essere-umano\/\" >Deloitte, Comunit\u00e0 di Sant&#8217;Egidio e l&#8217;ospedale Gemelli Isola Tiberina: insieme per garantire il diritto alla salute a ogni essere umano<\/a>\n                <\/span>\n                <span class=\"post-date\">\n                    07\/02\/2024\n                <\/span>\n            <\/div><div class=\"jeg_news_ticker_item jeg_news_ticker_animated  format-standard\">\n                <span>\n                    <a href=\"https:\/\/www.ceoforlifeawards.com\/it\/blog\/endorunner-lhub-di-formazione-mobile-di-fujifilm\/\" >EndoRunner: l\u2019hub di formazione mobile di Fujifilm<\/a>\n                <\/span>\n                <span class=\"post-date\">\n                    07\/02\/2024\n                <\/span>\n            <\/div><div class=\"jeg_news_ticker_item jeg_news_ticker_animated  format-standard\">\n                <span>\n                    <a href=\"https:\/\/www.ceoforlifeawards.com\/it\/blog\/dedalus4people-il-progetto-dedalus-per-sostenere-il-benessere-delle-sue-persone\/\" >Dedalus4People: il progetto Dedalus per sostenere il benessere delle sue persone.<\/a>\n                <\/span>\n                <span class=\"post-date\">\n                    07\/02\/2024\n                <\/span>\n            <\/div><div class=\"jeg_news_ticker_item jeg_news_ticker_animated  format-standard\">\n                <span>\n                    <a href=\"https:\/\/www.ceoforlifeawards.com\/it\/blog\/il-progetto-scuole-di-e-on-leducazione-e-la-sensibilizzazione-parte-dagli-adulti-di-domani\/\" >Il Progetto Scuole di E.ON: l\u2019educazione e la sensibilizzazione parte dagli adulti di domani<\/a>\n                <\/span>\n                <span class=\"post-date\">\n                    01\/02\/2024\n                <\/span>\n            <\/div><div class=\"jeg_news_ticker_item jeg_news_ticker_animated  format-standard\">\n                <span>\n                    <a href=\"https:\/\/www.ceoforlifeawards.com\/it\/blog\/co2sink-la-soluzione-di-ntt-data-per-misurare-e-valorizzare-lassorbimento-di-co2-nelle-foreste\/\" >CO2Sink: la soluzione di NTT DATA per misurare e valorizzare l\u2019assorbimento di CO2 nelle foreste<\/a>\n                <\/span>\n                <span class=\"post-date\">\n                    01\/02\/2024\n                <\/span>\n            <\/div><div class=\"jeg_news_ticker_item jeg_news_ticker_animated  format-standard\">\n                <span>\n                    <a href=\"https:\/\/www.ceoforlifeawards.com\/it\/blog\/bwh-hotels-italia-la-sostenibilita-e-un-percorso-condiviso\/\" >BWH Hotels Italia &amp; Malta: la sostenibilit\u00e0 \u00e8 un percorso condiviso<\/a>\n                <\/span>\n                <span class=\"post-date\">\n                    21\/03\/2024\n                <\/span>\n            <\/div><div class=\"jeg_news_ticker_item jeg_news_ticker_animated  format-standard\">\n                <span>\n                    <a href=\"https:\/\/www.ceoforlifeawards.com\/it\/blog\/le-infrastrutture-digitali-a-tutela-della-biodiversita-il-valore-delle-infrastrutture-digitali\/\" >Le infrastrutture digitali a tutela della biodiversit\u00e0: il valore delle infrastrutture digitali<\/a>\n                <\/span>\n                <span class=\"post-date\">\n                    01\/02\/2024\n                <\/span>\n            <\/div><div class=\"jeg_news_ticker_item jeg_news_ticker_animated  format-standard\">\n                <span>\n                    <a href=\"https:\/\/www.ceoforlifeawards.com\/it\/blog\/acquedotto-pugliese-presenta-il-progetto-bfbios\/\" >Acquedotto Pugliese presenta il progetto BFBios<\/a>\n                <\/span>\n                <span class=\"post-date\">\n                    01\/02\/2024\n                <\/span>\n            <\/div><div class=\"jeg_news_ticker_item jeg_news_ticker_animated  format-standard\">\n                <span>\n                    <a href=\"https:\/\/www.ceoforlifeawards.com\/it\/blog\/giornata-internazionale-per-leliminazione-della-violenza-contro-le-donne-il-25-novembre-uniti-per-raggiungere-lurgente-cambiamento-socioculturale-di-cui-abbiamo-bisogno\/\" >Giornata Internazionale per l&#8217;eliminazione della violenza contro le donne: il 25 novembre uniti per raggiungere l&#8217;urgente cambiamento socioculturale di cui abbiamo bisogno<\/a>\n                <\/span>\n                <span class=\"post-date\">\n                    25\/11\/2023\n                <\/span>\n            <\/div><div class=\"jeg_news_ticker_item jeg_news_ticker_animated  format-standard\">\n                <span>\n                    <a href=\"https:\/\/www.ceoforlifeawards.com\/it\/blog\/educazione-finanziaria-per-abbattere-il-gender-gap-limpegno-di-alleanza-e-ceoforlife\/\" >Educazione finanziaria per abbattere il gender gap: l\u2019impegno di Alleanza Assicurazioni e CEOforLIFE<\/a>\n                <\/span>\n                <span class=\"post-date\">\n                    01\/02\/2024\n                <\/span>\n            <\/div><div class=\"jeg_news_ticker_item jeg_news_ticker_animated  format-standard\">\n                <span>\n                    <a href=\"https:\/\/www.ceoforlifeawards.com\/it\/blog\/pernod-ricard-a-fianco-delle-api-per-un-domani-migliore-bisogna-partire-da-loro\/\" >Pernod Ricard a fianco delle api: per un domani migliore bisogna partire da loro<\/a>\n                <\/span>\n                <span class=\"post-date\">\n                    01\/02\/2024\n                <\/span>\n            <\/div><div class=\"jeg_news_ticker_item jeg_news_ticker_animated  format-standard\">\n                <span>\n                    <a href=\"https:\/\/www.ceoforlifeawards.com\/it\/blog\/un-nuovo-modo-di-spedire-gls-ambisce-a-trovare-soluzioni-per-rendere-le-spedizioni-meno-nocive-per-il-pianeta\/\" >Un nuovo modo di spedire: GLS ambisce a trovare soluzioni per rendere le spedizioni meno nocive per il pianeta<\/a>\n                <\/span>\n                <span class=\"post-date\">\n                    01\/02\/2024\n                <\/span>\n            <\/div><div class=\"jeg_news_ticker_item jeg_news_ticker_animated  format-standard\">\n                <span>\n                    <a href=\"https:\/\/www.ceoforlifeawards.com\/it\/blog\/bio-bottle-la-rivoluzione-di-acqua-santanna\/\" >Bio Bottle: la rivoluzione di Acqua Sant&#8217;Anna<\/a>\n                <\/span>\n                <span class=\"post-date\">\n                    06\/02\/2024\n                <\/span>\n            <\/div><div class=\"jeg_news_ticker_item jeg_news_ticker_animated  format-standard\">\n                <span>\n                    <a href=\"https:\/\/www.ceoforlifeawards.com\/it\/blog\/sap-e-la-sostenibilita-ambientale-per-un-mondo-migliore-con-liniziativa-net-zero\/\" >SAP e la sostenibilit\u00e0 ambientale: per un mondo migliore con l\u2019iniziativa NET-ZERO<\/a>\n                <\/span>\n                <span class=\"post-date\">\n                    01\/02\/2024\n                <\/span>\n            <\/div><div class=\"jeg_news_ticker_item jeg_news_ticker_animated  format-standard\">\n                <span>\n                    <a href=\"https:\/\/www.ceoforlifeawards.com\/it\/blog\/refill-is-the-new-luxury-anche-cosi-loreal-riduce-limpatto-ambientale-dei-suoi-prodotti\/\" >Refill is the new luxury: anche cos\u00ec l\u2019Or\u00e9al riduce l\u2019impatto ambientale dei suoi prodotti<\/a>\n                <\/span>\n                <span class=\"post-date\">\n                    01\/02\/2024\n                <\/span>\n            <\/div><div class=\"jeg_news_ticker_item jeg_news_ticker_animated  format-standard\">\n                <span>\n                    <a href=\"https:\/\/www.ceoforlifeawards.com\/it\/blog\/dorna-worldsbk-a-safe-experience\/\" >Dorna WorldSBK: a safe experience<\/a>\n                <\/span>\n                <span class=\"post-date\">\n                    01\/02\/2024\n                <\/span>\n            <\/div><div class=\"jeg_news_ticker_item jeg_news_ticker_animated  format-standard\">\n                <span>\n                    <a href=\"https:\/\/www.ceoforlifeawards.com\/it\/blog\/benessere-psicologico-a-360-limpegno-di-haleon-verso-i-propri-dipendenti\/\" >Benessere psicologico a 360\u00b0: l\u2019impegno di Haleon verso i propri dipendenti<\/a>\n                <\/span>\n                <span class=\"post-date\">\n                    29\/05\/2024\n                <\/span>\n            <\/div><div class=\"jeg_news_ticker_item jeg_news_ticker_animated  format-standard\">\n                <span>\n                    <a href=\"https:\/\/www.ceoforlifeawards.com\/it\/blog\/ammagamma-con-olympus-italia-per-la-prevenzione-dei-tumori\/\" >Ammagamma con Olympus Italia per la prevenzione dei tumori<\/a>\n                <\/span>\n                <span class=\"post-date\">\n                    01\/02\/2024\n                <\/span>\n            <\/div><div class=\"jeg_news_ticker_item jeg_news_ticker_animated  format-standard\">\n                <span>\n                    <a href=\"https:\/\/www.ceoforlifeawards.com\/it\/blog\/ferrarelle-societa-benefit-unimpresa-effervescente\/\" >Ferrarelle Societ\u00e0 Benefit: un\u2019impresa effervescente<\/a>\n                <\/span>\n                <span class=\"post-date\">\n                    01\/02\/2024\n                <\/span>\n            <\/div><div class=\"jeg_news_ticker_item jeg_news_ticker_animated  format-standard\">\n                <span>\n                    <a href=\"https:\/\/www.ceoforlifeawards.com\/it\/blog\/ethosenergy-dallimpegno-dei-giovani-verso-un-futuro-sostenibile-con-ecoview\/\" >EthosEnergy: dall\u2019impegno dei giovani verso un futuro sostenibile con EcoView<\/a>\n                <\/span>\n                <span class=\"post-date\">\n                    01\/02\/2024\n                <\/span>\n            <\/div><div class=\"jeg_news_ticker_item jeg_news_ticker_animated  format-standard\">\n                <span>\n                    <a href=\"https:\/\/www.ceoforlifeawards.com\/it\/blog\/iris-ceramica-group-e-la-tecnologia-active-surfaces-materiali-sostenibili-e-di-design-con-proprieta-antibatteriche-e-antinquinamento\/\" >Iris Ceramica Group e la tecnologia Active Surfaces\u00ae: materiali sostenibili e di design con propriet\u00e0 antibatteriche e antinquinamento<\/a>\n                <\/span>\n                <span class=\"post-date\">\n                    11\/04\/2024\n                <\/span>\n            <\/div><div class=\"jeg_news_ticker_item jeg_news_ticker_animated  format-standard\">\n                <span>\n                    <a href=\"https:\/\/www.ceoforlifeawards.com\/it\/blog\/impegnarsi-attivamente-per-i-dipendenti-ci-pensa-findus\/\" >Impegnarsi \u201cattivamente\u201d per i dipendenti? Ci pensa Findus!<\/a>\n                <\/span>\n                <span class=\"post-date\">\n                    01\/02\/2024\n                <\/span>\n            <\/div><div class=\"jeg_news_ticker_item jeg_news_ticker_animated  format-standard\">\n                <span>\n                    <a href=\"https:\/\/www.ceoforlifeawards.com\/it\/blog\/acquedotto-pugliese-per-la-parita-di-genere-strategie-obiettivi-e-progetti\/\" >Acquedotto Pugliese per la parit\u00e0 di genere: strategie, obiettivi e progetti<\/a>\n                <\/span>\n                <span class=\"post-date\">\n                    01\/02\/2024\n                <\/span>\n            <\/div><div class=\"jeg_news_ticker_item jeg_news_ticker_animated  format-standard\">\n                <span>\n                    <a href=\"https:\/\/www.ceoforlifeawards.com\/it\/blog\/teleperformance-si-riconferma-un-great-place-to-work-grazie-al-suo-progetto-da-taranto-a-parigi-la-forza-della-determinazione\/\" >Teleperformance si riconferma un &#8220;Great Place to Work&#8221; grazie al suo progetto &#8220;Da Taranto a Parigi\u201d: la forza della determinazione<\/a>\n                <\/span>\n                <span class=\"post-date\">\n                    01\/02\/2024\n                <\/span>\n            <\/div><div class=\"jeg_news_ticker_item jeg_news_ticker_animated  format-standard\">\n                <span>\n                    <a href=\"https:\/\/www.ceoforlifeawards.com\/it\/blog\/childlike-happiness-for-everyone-haribo-e-la-felicita-fanciullesca-per-tutti\/\" >Childlike Happiness for Everyone: Haribo e la felicit\u00e0 fanciullesca per tutti<\/a>\n                <\/span>\n                <span class=\"post-date\">\n                    01\/02\/2024\n                <\/span>\n            <\/div><div class=\"jeg_news_ticker_item jeg_news_ticker_animated  format-standard\">\n                <span>\n                    <a href=\"https:\/\/www.ceoforlifeawards.com\/it\/blog\/ascot-il-progetto-fuel-free-energy-transition-e-tagliato-su-misura-delle-aziende\/\" >Ascot, il progetto \u201cFuel Free Energy Transition\u201d \u00e8 tagliato su misura delle aziende<\/a>\n                <\/span>\n                <span class=\"post-date\">\n                    01\/02\/2024\n                <\/span>\n            <\/div><div class=\"jeg_news_ticker_item jeg_news_ticker_animated  format-standard\">\n                <span>\n                    <a href=\"https:\/\/www.ceoforlifeawards.com\/it\/blog\/inclusione-e-diversita-avanade-e-la-formazione-per-tutti\/\" >Inclusione e diversit\u00e0: Avanade e la formazione per tutti<\/a>\n                <\/span>\n                <span class=\"post-date\">\n                    01\/02\/2024\n                <\/span>\n            <\/div><div class=\"jeg_news_ticker_item jeg_news_ticker_animated  format-standard\">\n                <span>\n                    <a href=\"https:\/\/www.ceoforlifeawards.com\/it\/blog\/sace-e-la-trasformazione-culturale-e-di-leadership\/\" >Sace e la trasformazione culturale e di leadership<\/a>\n                <\/span>\n                <span class=\"post-date\">\n                    01\/02\/2024\n                <\/span>\n            <\/div><div class=\"jeg_news_ticker_item jeg_news_ticker_animated  format-standard\">\n                <span>\n                    <a href=\"https:\/\/www.ceoforlifeawards.com\/it\/blog\/conte-it-la-insurtech-che-mette-al-centro-di-tutto-le-sue-persone-e-i-clienti\/\" >ConTe.it, la insurtech che mette al centro di tutto le sue persone e i clienti<\/a>\n                <\/span>\n                <span class=\"post-date\">\n                    01\/02\/2024\n                <\/span>\n            <\/div><div class=\"jeg_news_ticker_item jeg_news_ticker_animated  format-standard\">\n                <span>\n                    <a href=\"https:\/\/www.ceoforlifeawards.com\/it\/blog\/piu-istruzione-e-meno-digital-divide-il-progetto-children-connection-di-sielte\/\" >Pi\u00f9 istruzione e meno digital divide: il progetto Children Connection di Sielte<\/a>\n                <\/span>\n                <span class=\"post-date\">\n                    01\/02\/2024\n                <\/span>\n            <\/div><div class=\"jeg_news_ticker_item jeg_news_ticker_animated  format-standard\">\n                <span>\n                    <a href=\"https:\/\/www.ceoforlifeawards.com\/it\/blog\/people-care-e-wellbeing-per-il-gruppo-damico-lo-sviluppo-sostenibile-inizia-dalle-persone\/\" >PEOPLE CARE E WELLBEING: per il Gruppo d\u2019Amico lo Sviluppo Sostenibile inizia dalle persone<\/a>\n                <\/span>\n                <span class=\"post-date\">\n                    01\/02\/2024\n                <\/span>\n            <\/div><div class=\"jeg_news_ticker_item jeg_news_ticker_animated  format-standard\">\n                <span>\n                    <a href=\"https:\/\/www.ceoforlifeawards.com\/it\/blog\/human-first-come-renault-pone-la-sicurezza-dellessere-umano-al-primo-posto\/\" >Human First: come Renault pone la sicurezza dell\u2019essere umano al primo posto<\/a>\n                <\/span>\n                <span class=\"post-date\">\n                    01\/02\/2024\n                <\/span>\n            <\/div><div class=\"jeg_news_ticker_item jeg_news_ticker_animated  format-standard\">\n                <span>\n                    <a href=\"https:\/\/www.ceoforlifeawards.com\/it\/blog\/sostenibilita-di-successo-abb-italia-premiata-ai-ceoforlife-awards-2023\/\" >Sostenibilit\u00e0 di successo: ABB Italia premiata ai CEOforLIFE Awards 2023<\/a>\n                <\/span>\n                <span class=\"post-date\">\n                    31\/01\/2024\n                <\/span>\n            <\/div><div class=\"jeg_news_ticker_item jeg_news_ticker_animated  format-standard\">\n                <span>\n                    <a href=\"https:\/\/www.ceoforlifeawards.com\/it\/blog\/abbi-fegato-contro-il-tumore-scegli-di-sapere-la-campagna-realizzata-con-il-contributo-non-condizionato-di-fujifilm-italia\/\" >\u201cAbbi fegato. Contro il tumore scegli di sapere\u201d: la campagna realizzata con il contributo non condizionato di Fujifilm Italia<\/a>\n                <\/span>\n                <span class=\"post-date\">\n                    13\/11\/2023\n                <\/span>\n            <\/div><div class=\"jeg_news_ticker_item jeg_news_ticker_animated  format-video\">\n                <span>\n                    <a href=\"https:\/\/www.ceoforlifeawards.com\/it\/blog\/pichetto-fratin-le-aziende-come-veicolo-di-informazione-per-realizzare-limpegno-di-sostenibilita\/\" >FRATIN: <span>\u201cCEOforLIFE, voce delle aziende pi\u00f9 importanti e innovative per realizzare l&#8217;impegno di sostenibilit\u00e0&#8221;<\/span><\/a>\n                <\/span>\n                <span class=\"post-date\">\n                    21\/10\/2024\n                <\/span>\n            <\/div><div class=\"jeg_news_ticker_item jeg_news_ticker_animated  format-video\">\n                <span>\n                    <a href=\"https:\/\/www.ceoforlifeawards.com\/it\/blog\/pierroberto-folgiero-fincantieri-ai-ceoforlife-awards-2023-ceoforlife-un-grandissimo-successo-parlare-di-sostenibilita-significa-parlare-di-futuro\/\" >FOLGIERO: <span>&#8220;CEOforLIFE, un grandissimo successo, parlare di sostenibilit\u00e0 significa parlare di futuro&#8221;<\/span><\/a>\n                <\/span>\n                <span class=\"post-date\">\n                    02\/02\/2024\n                <\/span>\n            <\/div><div class=\"jeg_news_ticker_item jeg_news_ticker_animated  format-video\">\n                <span>\n                    <a href=\"https:\/\/www.ceoforlifeawards.com\/it\/blog\/stefano-venier-snam-ai-ceoforlife-awards-2023-ceoforlife-mette-insieme-amministratori-delegati-e-risorse-di-ambiti-diversi\/\" >VENIER: <span>&#8220;CEOforLIFE \u00e8 un ambito importante e interessante, io sono uno degli appartenenti sin\u00a0dall&#8217;origine&#8221;<\/span><\/a>\n                <\/span>\n                <span class=\"post-date\">\n                    02\/02\/2024\n                <\/span>\n            <\/div><div class=\"jeg_news_ticker_item jeg_news_ticker_animated  format-video\">\n                <span>\n                    <a href=\"https:\/\/www.ceoforlifeawards.com\/it\/blog\/ceoforlife-awards-2023-intervista-esclusiva-a-roberto-sergio-amministratore-delegato-rai\/\" >CEOforLIFE Awards 2023: <span>intervista esclusiva a Roberto Sergio, Amministratore Delegato RAI<\/span><\/a>\n                <\/span>\n                <span class=\"post-date\">\n                    02\/02\/2024\n                <\/span>\n            <\/div><div class=\"jeg_news_ticker_item jeg_news_ticker_animated  format-video\">\n                <span>\n                    <a href=\"https:\/\/www.ceoforlifeawards.com\/it\/blog\/andrea-abodi-ministro-per-lo-sport-e-i-giovani-ai-ceoforlife-awards-2023-ceoforlife-mette-insieme-i-soggetti-che-contribuiscono-a-migliorare-litalia\/\" >ABODI: <span>&#8220;CEOforLIFE mette insieme i soggetti che contribuiscono a migliorare l&#8217;Italia&#8221;<\/span><\/a>\n                <\/span>\n                <span class=\"post-date\">\n                    02\/02\/2024\n                <\/span>\n            <\/div><div class=\"jeg_news_ticker_item jeg_news_ticker_animated  format-video\">\n                <span>\n                    <a href=\"https:\/\/www.ceoforlifeawards.com\/it\/blog\/ceoforlife-awards-2023-intervista-al-senatore-pier-ferdinando-casini\/\" >CASINI: <span>\u201cCEOforLIFE \u00e8 un\u2019iniziativa molto importante che seguo con grande interesse&#8221;<\/span><\/a>\n                <\/span>\n                <span class=\"post-date\">\n                    02\/02\/2024\n                <\/span>\n            <\/div><div class=\"jeg_news_ticker_item jeg_news_ticker_animated  format-video\">\n                <span>\n                    <a href=\"https:\/\/www.ceoforlifeawards.com\/it\/blog\/luca-ciriani-ministro-per-i-rapporti-con-il-parlamento-ai-ceoforlife-awards-2023-ceoforlife-un-dibattito-interessante-per-risolvere-problemi-strategici-del-paese\/\" >CIRIANI: <span>&#8220;CEOforLIFE, un dibattito interessante per risolvere problemi strategici del Paese&#8221;<\/span><\/a>\n                <\/span>\n                <span class=\"post-date\">\n                    02\/02\/2024\n                <\/span>\n            <\/div><div class=\"jeg_news_ticker_item jeg_news_ticker_animated  format-video\">\n                <span>\n                    <a href=\"https:\/\/www.ceoforlifeawards.com\/it\/blog\/dario-nardella-sindaco-di-firenze-ai-ceoforlife-awards-2023-ceoforlife-mette-insieme-energie-provenienti-da-istituzioni-e-realta-diverse-della-societa-e-delleconomia\/\" >NARDELLA: <span>&#8220;CEOforLIFE mette insieme energie provenienti da istituzioni e realt\u00e0 diverse della societ\u00e0 e dell&#8217;economia&#8221;<\/span><\/a>\n                <\/span>\n                <span class=\"post-date\">\n                    02\/02\/2024\n                <\/span>\n            <\/div><div class=\"jeg_news_ticker_item jeg_news_ticker_animated  format-video\">\n                <span>\n                    <a href=\"https:\/\/www.ceoforlifeawards.com\/it\/blog\/giorgio-mule-vice-presidente-della-camera-dei-deputati-ai-ceoforlife-awards-2023-la-sostenibilita-e-qualcosa-che-attiene-alla-vita-stessa-delle-persone\/\" >MULE&#8217;: <span>&#8220;La sostenibilit\u00e0 \u00e8 qualcosa che attiene alla vita stessa delle persone&#8221;<\/span><\/a>\n                <\/span>\n                <span class=\"post-date\">\n                    02\/02\/2024\n                <\/span>\n            <\/div><div class=\"jeg_news_ticker_item jeg_news_ticker_animated  format-video\">\n                <span>\n                    <a href=\"https:\/\/www.ceoforlifeawards.com\/it\/blog\/sandra-savino-sottosegretario-ministero-delleconomia-e-delle-finanze-ai-ceoforlife-awards-2023-ceoforlife-unattivita-importante-per-creare-occasioni-uniche-di-ascolto-per-la-politica\/\" >SAVINO: <span>&#8220;CEOforLIFE, un&#8217;attivit\u00e0 importante per creare occasioni uniche di ascolto per la politica&#8221;<\/span><\/a>\n                <\/span>\n                <span class=\"post-date\">\n                    02\/02\/2024\n                <\/span>\n            <\/div><div class=\"jeg_news_ticker_item jeg_news_ticker_animated  format-video\">\n                <span>\n                    <a href=\"https:\/\/www.ceoforlifeawards.com\/it\/blog\/vittorio-sgarbi-sottosegretario-alla-cultura-ai-ceoforlife-awards-2023-un-parlamentare-puo-trovare-qui-un-luogo-in-cui-essere-contemporaneamente-in-azione-alla-camera-e-suggestioni-e-stimoli\/\" >SGARBI: <span>&#8220;CEOforLIFE \u00e8 l\u2019anticamera di una Commissione\u00a0Parlamentare\u201d<\/span><\/a>\n                <\/span>\n                <span class=\"post-date\">\n                    02\/02\/2024\n                <\/span>\n            <\/div><div class=\"jeg_news_ticker_item jeg_news_ticker_animated  format-video\">\n                <span>\n                    <a href=\"https:\/\/www.ceoforlifeawards.com\/it\/blog\/on-maurizio-lupi-ai-ceoforlife-awards-2023-ceoforlife-e-uniniziativa-che-va-nella-direzione-giusta\/\" >LUPI: <span>&#8220;CEOforLIFE \u00e8 un&#8217;iniziativa che va nella direzione giusta&#8221;<\/span><\/a>\n                <\/span>\n                <span class=\"post-date\">\n                    02\/02\/2024\n                <\/span>\n            <\/div><div class=\"jeg_news_ticker_item jeg_news_ticker_animated  format-video\">\n                <span>\n                    <a href=\"https:\/\/www.ceoforlifeawards.com\/it\/blog\/stefano-bonaccini-presidente-regione-emilia-romagna-ai-ceoforlife-awards-2023-ceoforlife-e-utile-per-avvicinare-le-istituzioni-alle-necessita-e-ai-bisogni-del-privato\/\" >BONACCINI: <span>&#8220;CEOforLIFE \u00e8 utile per avvicinare le Istituzioni alle necessit\u00e0 e ai bisogni del privato&#8221;<\/span><\/a>\n                <\/span>\n                <span class=\"post-date\">\n                    02\/02\/2024\n                <\/span>\n            <\/div><div class=\"jeg_news_ticker_item jeg_news_ticker_animated  format-video\">\n                <span>\n                    <a href=\"https:\/\/www.ceoforlifeawards.com\/it\/blog\/cirio-opportuno-premiare-le-persone-che-si-impegnano-concretamente-per-la-sostenibilita-che-deve-diventare-un-elemento-fondamentale-della-nostra-cultura-2\/\" >CIRIO: <span>&#8220;La sostenibilit\u00e0 deve diventare un elemento fondamentale della nostra cultura\u201d<\/span><\/a>\n                <\/span>\n                <span class=\"post-date\">\n                    06\/06\/2024\n                <\/span>\n            <\/div><div class=\"jeg_news_ticker_item jeg_news_ticker_animated  format-video\">\n                <span>\n                    <a href=\"https:\/\/www.ceoforlifeawards.com\/it\/blog\/giovanni-malago-presidente-coni-ai-ceoforlife-awards-2023-in-ceoforlife-ce-attenzione-nel-catturare-le-dinamiche-che-riguardano-la-societa\/\" >MALAGO&#8217;: <span>&#8220;In CEOforLIFE c&#8217;\u00e8 attenzione nel catturare le dinamiche che riguardano la societ\u00e0&#8221;<\/span><\/a>\n                <\/span>\n                <span class=\"post-date\">\n                    02\/02\/2024\n                <\/span>\n            <\/div><div class=\"jeg_news_ticker_item jeg_news_ticker_animated  format-video\">\n                <span>\n                    <a href=\"https:\/\/www.ceoforlifeawards.com\/it\/blog\/elisabetta-gardini-fratelli-ditalia-ai-ceoforlife-awards-2023-la-giornata-di-lavoro-promossa-da-ceoforlife-e-molto-interessante-e-proficua\/\" >Gardini: <span>&#8220;La giornata di lavoro promossa da CEOforLIFE \u00e8 molto interessante e proficua&#8221;<\/span><\/a>\n                <\/span>\n                <span class=\"post-date\">\n                    02\/02\/2024\n                <\/span>\n            <\/div><div class=\"jeg_news_ticker_item jeg_news_ticker_animated  format-video\">\n                <span>\n                    <a href=\"https:\/\/www.ceoforlifeawards.com\/it\/blog\/riccardo-di-stefano-giovani-imprenditori-di-confindustria-ai-ceoforlife-awards-2023-ceoforlife-unoccasione-per-parlare-di-sostenibilita-e-del-futuro-di-giovani-donne\/\" >Di Stefano: <span>&#8220;CEOforLIFE, un&#8217;occasione per parlare di sostenibilit\u00e0 e del futuro di giovani donne&#8221;<\/span><\/a>\n                <\/span>\n                <span class=\"post-date\">\n                    02\/02\/2024\n                <\/span>\n            <\/div><div class=\"jeg_news_ticker_item jeg_news_ticker_animated  format-video\">\n                <span>\n                    <a href=\"https:\/\/www.ceoforlifeawards.com\/it\/blog\/enrico-giovannini-asvis-ai-ceoforlife-awards-2023-ceoforlife-dimostra-che-tante-imprese-italiane-investono-nello-sviluppo-sostenibile\/\" >Giovannini: <span>&#8220;CEOforLIFE dimostra che tante imprese italiane investono nello sviluppo sostenibile&#8221;<\/span><\/a>\n                <\/span>\n                <span class=\"post-date\">\n                    02\/02\/2024\n                <\/span>\n            <\/div><div class=\"jeg_news_ticker_item jeg_news_ticker_animated  format-video\">\n                <span>\n                    <a href=\"https:\/\/www.ceoforlifeawards.com\/it\/blog\/on-lia-quartapelle-ai-ceoforlife-awards-2023-ceoforlife-e-un-luogo-di-confronto-non-partisan-ed-estremamente-utile\/\" >QUARTAPELLE: <span>&#8220;CEOforLIFE \u00e8 un luogo di confronto, non partisan ed estremamente utile&#8221;<\/span><\/a>\n                <\/span>\n                <span class=\"post-date\">\n                    02\/02\/2024\n                <\/span>\n            <\/div><div class=\"jeg_news_ticker_item jeg_news_ticker_animated  format-video\">\n                <span>\n                    <a href=\"https:\/\/www.ceoforlifeawards.com\/it\/blog\/chicco-testa-fise-assoambiente-ai-ceoforlife-awards-2023-ceoforlife-un-network-per-discutere-di-sviluppo-sostenibile\/\" >TESTA: <span>&#8220;CEOforLIFE, un network per discutere di sviluppo sostenibile&#8221;<\/span><\/a>\n                <\/span>\n                <span class=\"post-date\">\n                    02\/02\/2024\n                <\/span>\n            <\/div><div class=\"jeg_news_ticker_item jeg_news_ticker_animated  format-video\">\n                <span>\n                    <a href=\"https:\/\/www.ceoforlifeawards.com\/it\/blog\/on-alessandro-cattaneo-ai-ceoforlife-awards-2023-ceoforlife-e-uniniziativa-davvero-meritoria\/\" >CATTANEO: <span>&#8220;CEOforLIFE \u00e8 un&#8217;iniziativa davvero meritoria&#8221;<\/span><\/a>\n                <\/span>\n                <span class=\"post-date\">\n                    02\/02\/2024\n                <\/span>\n            <\/div><div class=\"jeg_news_ticker_item jeg_news_ticker_animated  format-video\">\n                <span>\n                    <a href=\"https:\/\/www.ceoforlifeawards.com\/it\/blog\/antonella-polimeni-rettrice-universita-di-roma-la-sapienza-ceoforlife-focus-sulla-sostenibilita-che-coinvolge-istituzioni-e-aziende\/\" >POLIMENI: <span>&#8220;CEOforLIFE, focus sulla sostenibilit\u00e0 che coinvolge istituzioni e aziende&#8221;<\/span><\/a>\n                <\/span>\n                <span class=\"post-date\">\n                    02\/02\/2024\n                <\/span>\n            <\/div><div class=\"jeg_news_ticker_item jeg_news_ticker_animated  format-video\">\n                <span>\n                    <a href=\"https:\/\/www.ceoforlifeawards.com\/it\/blog\/anders-carsten-damsgaard-ambasciatore-della-danimarca-ai-ceoforlife-awards-2023-questa-e-la-strada-giusta-per-incentivare-allinnovazione-e-alla-sostenibilita\/\" >DAMSGAARD: <span>&#8220;Questa \u00e8 la strada giusta per incentivare all&#8217;innovazione e alla sostenibilit\u00e0&#8221;<\/span><\/a>\n                <\/span>\n                <span class=\"post-date\">\n                    02\/02\/2024\n                <\/span>\n            <\/div><div class=\"jeg_news_ticker_item jeg_news_ticker_animated  format-video\">\n                <span>\n                    <a href=\"https:\/\/www.ceoforlifeawards.com\/it\/blog\/angela-natale-boeing-ai-ceoforlife-awards-2023-ceoforlife-ha-lobiettivo-di-delineare-nuovi-standard-di-eccellenza\/\" >NATALE: <span>&#8220;CEOforLIFE ha l\u2019obiettivo di delineare nuovi standard di eccellenza&#8221;<\/span><\/a>\n                <\/span>\n                <span class=\"post-date\">\n                    02\/02\/2024\n                <\/span>\n            <\/div><div class=\"jeg_news_ticker_item jeg_news_ticker_animated  format-video\">\n                <span>\n                    <a href=\"https:\/\/www.ceoforlifeawards.com\/it\/blog\/cesare-damico-damico-societa-di-navigazione-ai-ceoforlife-awards-2023-ceoforlife-mette-insieme-diverse-idee-esperienze-e-persone\/\" >d&#8217;AMICO: <span>&#8220;CEOforLIFE mette insieme diverse idee, esperienze e persone\u201d<\/span><\/a>\n                <\/span>\n                <span class=\"post-date\">\n                    02\/02\/2024\n                <\/span>\n            <\/div><div class=\"jeg_news_ticker_item jeg_news_ticker_animated  format-video\">\n                <span>\n                    <a href=\"https:\/\/www.ceoforlifeawards.com\/it\/blog\/patty-labbate-vicepresidente-commissione-ambiente-camera-dei-deputati-ai-ceoforlife-awards-2023-con-ceoforlife-vediamo-imprese-che-dialogano-con-la-politica\/\" >L&#8217;Abbate: <span>&#8220;Con CEOforLIFE vediamo imprese che dialogano con la politica&#8221;<\/span><\/a>\n                <\/span>\n                <span class=\"post-date\">\n                    02\/02\/2024\n                <\/span>\n            <\/div><div class=\"jeg_news_ticker_item jeg_news_ticker_animated  format-video\">\n                <span>\n                    <a href=\"https:\/\/www.ceoforlifeawards.com\/it\/blog\/locatelli-le-prospettive-che-immagino-per-il-futuro-sono-sempre-piu-inclusive\/\" >LOCATELLI: <span>&#8220;Le prospettive che immagino per il futuro sono sempre pi\u00f9 inclusive&#8221;<\/span><\/a>\n                <\/span>\n                <span class=\"post-date\">\n                    02\/02\/2024\n                <\/span>\n            <\/div><div class=\"jeg_news_ticker_item jeg_news_ticker_animated  format-standard\">\n                <span>\n                    <a href=\"https:\/\/www.ceoforlifeawards.com\/it\/blog\/cirio-opportuno-premiare-le-persone-che-si-impegnano-concretamente-per-la-sostenibilita-che-deve-diventare-un-elemento-fondamentale-della-nostra-cultura\/\" >CIRIO: &#8220;Opportuno premiare le persone che si impegnano concretamente per la sostenibilit\u00e0, che deve diventare un elemento fondamentale della nostra cultura\u201d<\/a>\n                <\/span>\n                <span class=\"post-date\">\n                    21\/10\/2024\n                <\/span>\n            <\/div><div class=\"jeg_news_ticker_item jeg_news_ticker_animated  format-standard\">\n                <span>\n                    <a href=\"https:\/\/www.ceoforlifeawards.com\/it\/blog\/kristian-esser-impossible-ambassador-ai-ceoforlife-awards-2023-ceoforlife-il-focus-sulla-sostenibilita-e-il-piu-importante-per-le-imprese\/\" >Kristian Esser, I&#8217;mPossible Ambassador, ai CEOforLIFE Awards 2023: &#8220;CEOforLIFE, il focus sulla sostenibilit\u00e0 \u00e8 il pi\u00f9 importante per le imprese&#8221;<\/a>\n                <\/span>\n                <span class=\"post-date\">\n                    02\/11\/2023\n                <\/span>\n            <\/div><div class=\"jeg_news_ticker_item jeg_news_ticker_animated  format-standard\">\n                <span>\n                    <a href=\"https:\/\/www.ceoforlifeawards.com\/it\/blog\/fabio-pressi-a2a-ai-ceoforlife-awards-2023-ceoforlife-e-uniniziativa-utile-per-creare-un-network\/\" >Fabio Pressi, A2A, ai CEOforLIFE Awards 2023: &#8220;CEOforLIFE \u00e8 un&#8217;iniziativa utile per creare un network&#8221;<\/a>\n                <\/span>\n                <span class=\"post-date\">\n                    03\/11\/2023\n                <\/span>\n            <\/div><div class=\"jeg_news_ticker_item jeg_news_ticker_animated  format-standard\">\n                <span>\n                    <a href=\"https:\/\/www.ceoforlifeawards.com\/it\/blog\/ceoforlife-awards-2023-recap-25-ottobre-innovation\/\" >CEOforLIFE Awards 2023: recap 25 Ottobre \u201cInnovation\u201d<\/a>\n                <\/span>\n                <span class=\"post-date\">\n                    27\/10\/2023\n                <\/span>\n            <\/div><div class=\"jeg_news_ticker_item jeg_news_ticker_animated  format-video\">\n                <span>\n                    <a href=\"https:\/\/www.ceoforlifeawards.com\/it\/blog\/fabio-pompei-deloitte-ai-ceoforlife-awards-2023-ceoforlife-e-un-incontro-fondamentale-per-conoscersi\/\" >POMPEI: <span>&#8220;CEOforLIFE \u00e8 un incontro fondamentale per conoscersi&#8221;<\/span><\/a>\n                <\/span>\n                <span class=\"post-date\">\n                    02\/02\/2024\n                <\/span>\n            <\/div><div class=\"jeg_news_ticker_item jeg_news_ticker_animated  format-video\">\n                <span>\n                    <a href=\"https:\/\/www.ceoforlifeawards.com\/it\/blog\/emiliano-rantucci-avanade-italy-ai-ceoforlife-awards-2023-ceoforlife-uno-strumento-di-confronto-tra-ceo-sui-temi-della-sostenibilita\/\" >RANTUCCI: <span>&#8220;CEOforLIFE, uno strumento di confronto tra CEO sui temi della sostenibilit\u00e0&#8221;<\/span><\/a>\n                <\/span>\n                <span class=\"post-date\">\n                    02\/02\/2024\n                <\/span>\n            <\/div><div class=\"jeg_news_ticker_item jeg_news_ticker_animated  format-video\">\n                <span>\n                    <a href=\"https:\/\/www.ceoforlifeawards.com\/it\/blog\/fabio-cerchiai-febaf-ai-ceoforlife-awards-2023-ceoforlife-avvicina-i-privati-fra-di-loro-e-con-la-politica\/\" >CERCHIAI:<span> &#8220;CEOforLIFE avvicina i privati fra di loro e con la politica&#8221;<\/span><\/a>\n                <\/span>\n                <span class=\"post-date\">\n                    02\/02\/2024\n                <\/span>\n            <\/div><div class=\"jeg_news_ticker_item jeg_news_ticker_animated  format-video\">\n                <span>\n                    <a href=\"https:\/\/www.ceoforlifeawards.com\/it\/blog\/marco-gioieni-allianz-partners-ai-ceoforlife-awards-2023-ceoforlife-mette-a-fattor-comune-lesperienza-nel-sistema-impresa-italiano\/\" >GIOIENI: <span>&#8220;CEOforLIFE mette a fattor comune l&#8217;esperienza nel sistema impresa italiano&#8221;<\/span><\/a>\n                <\/span>\n                <span class=\"post-date\">\n                    02\/02\/2024\n                <\/span>\n            <\/div><div class=\"jeg_news_ticker_item jeg_news_ticker_animated  format-video\">\n                <span>\n                    <a href=\"https:\/\/www.ceoforlifeawards.com\/it\/blog\/domitilla-benigni-elt-elettronica-ai-ceoforlife-awards-2023-stare-insieme-ad-altri-ceo-e-ispirante\/\" >BENIGNI: <span>&#8220;Stare insieme ad altri CEO \u00e8 ispirante&#8221;<\/span><\/a>\n                <\/span>\n                <span class=\"post-date\">\n                    02\/02\/2024\n                <\/span>\n            <\/div><div class=\"jeg_news_ticker_item jeg_news_ticker_animated  format-video\">\n                <span>\n                    <a href=\"https:\/\/www.ceoforlifeawards.com\/it\/blog\/gianluca-landolina-cellnex-italia-ai-ceoforlife-awards-2023-ceoforlife-e-unarena-di-menti-con-obiettivi-di-sviluppo-comune\/\" >LANDOLINA: <span>&#8220;CEOforLIFE \u00e8 un\u2019arena di menti con obiettivi di sviluppo comune&#8221;<\/span><\/a>\n                <\/span>\n                <span class=\"post-date\">\n                    02\/02\/2024\n                <\/span>\n            <\/div><div class=\"jeg_news_ticker_item jeg_news_ticker_animated  format-video\">\n                <span>\n                    <a href=\"https:\/\/www.ceoforlifeawards.com\/it\/blog\/stefano-locatelli-anci-nazionale-ai-ceoforlife-awards-2023-ceoforlife-e-una-grande-opportunita-per-le-aziende-e-per-le-istituzioni\/\" >LOCATELLI: <span>&#8220;CEOforLIFE \u00e8 una grande opportunit\u00e0 per le aziende e per le istituzioni&#8221;<\/span><\/a>\n                <\/span>\n                <span class=\"post-date\">\n                    02\/02\/2024\n                <\/span>\n            <\/div><div class=\"jeg_news_ticker_item jeg_news_ticker_animated  format-video\">\n                <span>\n                    <a href=\"https:\/\/www.ceoforlifeawards.com\/it\/blog\/admir-nocaj-bouygues-es-italia-ai-ceoforlife-awards-2023-ceoforlife-e-uno-punto-di-riferimento-e-di-aggregazione\/\" >NOCAJ: <span>&#8220;CEOforLIFE \u00e8 uno punto di riferimento e di aggregazione&#8221;<\/span><\/a>\n                <\/span>\n                <span class=\"post-date\">\n                    02\/02\/2024\n                <\/span>\n            <\/div><div class=\"jeg_news_ticker_item jeg_news_ticker_animated  format-video\">\n                <span>\n                    <a href=\"https:\/\/www.ceoforlifeawards.com\/it\/blog\/marcello-cicalo-bluserena-hotels-resort-ai-ceoforlife-awards-2023-ceoforlife-e-una-grandissima-opportunita-per-la-comunita\/\" >CICALO&#8217;: <span>&#8220;CEOforLIFE \u00e8 una grandissima opportunit\u00e0 per la Comunit\u00e0&#8221;<\/span><\/a>\n                <\/span>\n                <span class=\"post-date\">\n                    30\/05\/2024\n                <\/span>\n            <\/div><div class=\"jeg_news_ticker_item jeg_news_ticker_animated  format-video\">\n                <span>\n                    <a href=\"https:\/\/www.ceoforlifeawards.com\/it\/blog\/valeria-sandei-almawave-ai-ceoforlife-awards-2023-ceoforlife-una-community-sulla-sostenibilita-importante-per-le-nostre-vite\/\" >SANDEI: <span>&#8220;CEOforLIFE, una Community sulla sostenibilit\u00e0 importante per le nostre vite&#8221;<\/span><\/a>\n                <\/span>\n                <span class=\"post-date\">\n                    02\/02\/2024\n                <\/span>\n            <\/div><div class=\"jeg_news_ticker_item jeg_news_ticker_animated  format-video\">\n                <span>\n                    <a href=\"https:\/\/www.ceoforlifeawards.com\/it\/blog\/intervista-di-sky-tg24-alla-ceoforlife-domitilla-benigni-ceo-coo-di-elettronica-s-p-a\/\" >Intervista di Sky TG24 alla CEOforLIFE Domitilla Benigni, CEO &amp; COO di ELETTRONICA S.p.A.<\/a>\n                <\/span>\n                <span class=\"post-date\">\n                    02\/02\/2024\n                <\/span>\n            <\/div><div class=\"jeg_news_ticker_item jeg_news_ticker_animated  format-video\">\n                <span>\n                    <a href=\"https:\/\/www.ceoforlifeawards.com\/it\/blog\/roberto-lazzari-scai-partners-ai-ceoforlife-awards-2023-ceoforlife-ha-un-enorme-valore-e-una-grandissima-iniziativa\/\" >LAZZARI: <span>&#8220;CEOforLIFE ha un enorme valore e una grandissima iniziativa&#8221;<\/span><\/a>\n                <\/span>\n                <span class=\"post-date\">\n                    02\/02\/2024\n                <\/span>\n            <\/div><div class=\"jeg_news_ticker_item jeg_news_ticker_animated  format-video\">\n                <span>\n                    <a href=\"https:\/\/www.ceoforlifeawards.com\/it\/blog\/marta-testi-elite-euronext-group-ai-ceoforlife-awards-2023-ceoforlife-investe-sul-capitale-relazionale-e-sul-capitale-delle-conoscenze\/\" >TESTI: <span>&#8220;CEOforLIFE investe sul capitale relazionale e sul capitale delle conoscenze&#8221;<\/span><\/a>\n                <\/span>\n                <span class=\"post-date\">\n                    02\/02\/2024\n                <\/span>\n            <\/div><div class=\"jeg_news_ticker_item jeg_news_ticker_animated  format-video\">\n                <span>\n                    <a href=\"https:\/\/www.ceoforlifeawards.com\/it\/blog\/michele-de-capitani-sace-ai-ceoforlife-awards-2023-ceoforlife-mette-levidenza-sulla-qualita-della-leadership-necessaria-per-uno-sviluppo-sostenibile\/\" >DE CAPITANI: <span>&#8220;CEOforLIFE mette l&#8217;evidenza sulla qualit\u00e0 della leadership necessaria per uno sviluppo sostenibile&#8221;<\/span><\/a>\n                <\/span>\n                <span class=\"post-date\">\n                    02\/02\/2024\n                <\/span>\n            <\/div><div class=\"jeg_news_ticker_item jeg_news_ticker_animated  format-video\">\n                <span>\n                    <a href=\"https:\/\/www.ceoforlifeawards.com\/it\/blog\/vittoria-baldino-movimento-5-stelle-ai-ceoforlife-awards-2023-ceoforlife-puo-importare-ad-una-collaborazione-efficace-tra-istituzioni-e-chi-fa-impresa\/\" >Baldino: <span>&#8220;CEOforLIFE pu\u00f2 importare ad una collaborazione efficace tra istituzioni e chi fa impresa\u201d<\/span><\/a>\n                <\/span>\n                <span class=\"post-date\">\n                    02\/02\/2024\n                <\/span>\n            <\/div><div class=\"jeg_news_ticker_item jeg_news_ticker_animated  format-video\">\n                <span>\n                    <a href=\"https:\/\/www.ceoforlifeawards.com\/it\/blog\/fabio-de-petris-bat-ai-ceoforlife-awads-2023-ceoforlife-vede-la-partecipazione-di-industria-istituzioni-e-terzo-settore\/\" >DE PETRIS: <span>&#8220;CEOforLIFE vede la partecipazione di industria, istituzioni e terzo settore&#8221;<\/span><\/a>\n                <\/span>\n                <span class=\"post-date\">\n                    04\/03\/2024\n                <\/span>\n            <\/div><div class=\"jeg_news_ticker_item jeg_news_ticker_animated  format-video\">\n                <span>\n                    <a href=\"https:\/\/www.ceoforlifeawards.com\/it\/blog\/renato-lastaria-bosch-italia-ai-ceoforlife-awards-2023-ceoforlife-luogo-di-incontro-e-di-discussione-sui-temi-di-sostenibilita\/\" >LASTARIA: <span>&#8220;CEOforLIFE, luogo di incontro e di discussione sui temi di sostenibilit\u00e0&#8221;<\/span><\/a>\n                <\/span>\n                <span class=\"post-date\">\n                    02\/02\/2024\n                <\/span>\n            <\/div><div class=\"jeg_news_ticker_item jeg_news_ticker_animated  format-video\">\n                <span>\n                    <a href=\"https:\/\/www.ceoforlifeawards.com\/it\/blog\/ferdinando-de-giorgi-allenatore-nazionale-pallavolo-ai-ceoforlife-awards-2023-ceoforlife-e-una-grande-intuizione-per-aggiungere-la-parte-imprenditoriale-alle-istituzioni\/\" >DE GIORGI: <span>&#8220;CEOforLIFE \u00e8 una grande intuizione per aggiungere la parte imprenditoriale alle istituzioni&#8221;<\/span><\/a>\n                <\/span>\n                <span class=\"post-date\">\n                    02\/02\/2024\n                <\/span>\n            <\/div><div class=\"jeg_news_ticker_item jeg_news_ticker_animated  format-standard\">\n                <span>\n                    <a href=\"https:\/\/www.ceoforlifeawards.com\/it\/blog\/giorgio-girelli-aruba-ai-ceoforlife-awards-2023-ceoforlife-una-serie-di-attivita-sulla-sostenibilita\/\" >Giorgio Girelli, Aruba, ai CEOforLIFE Awards 2023: &#8220;CEOforLIFE, una serie di attivit\u00e0 sulla sostenibilit\u00e0&#8221;<\/a>\n                <\/span>\n                <span class=\"post-date\">\n                    21\/11\/2023\n                <\/span>\n            <\/div><div class=\"jeg_news_ticker_item jeg_news_ticker_animated  format-video\">\n                <span>\n                    <a href=\"https:\/\/www.ceoforlifeawards.com\/it\/blog\/diego-pisa-teleperformance-ai-ceoforlife-awards-2023-ceoforlife-e-un-amplificatore-spettacolare\/\" >PISA: <span>&#8220;CEOforLIFE \u00e8 un amplificatore spettacolare&#8221;<\/span><\/a>\n                <\/span>\n                <span class=\"post-date\">\n                    02\/02\/2024\n                <\/span>\n            <\/div><div class=\"jeg_news_ticker_item jeg_news_ticker_animated  format-video\">\n                <span>\n                    <a href=\"https:\/\/www.ceoforlifeawards.com\/it\/blog\/dario-roncadin-roncadin-ai-ceoforlife-awards-2023-ceoforlife-unoccasione-per-essere-conosciuti-da-altre-realta\/\" >RONCADIN: <span>&#8220;CEOforLIFE, un&#8217;occasione per essere conosciuti da altre realt\u00e0&#8221;<\/span><\/a>\n                <\/span>\n                <span class=\"post-date\">\n                    02\/02\/2024\n                <\/span>\n            <\/div><div class=\"jeg_news_ticker_item jeg_news_ticker_animated  format-video\">\n                <span>\n                    <a href=\"https:\/\/www.ceoforlifeawards.com\/it\/blog\/andrea-ossola-bionic-people-ai-ceoforlife-awards-2023-siamo-qui-con-ceoforlife-per-formarci\/\" >OSSOLA: <span>&#8220;Siamo qui con CEOforLIFE per formarci&#8221;<\/span><\/a>\n                <\/span>\n                <span class=\"post-date\">\n                    02\/02\/2024\n                <\/span>\n            <\/div><div class=\"jeg_news_ticker_item jeg_news_ticker_animated  format-standard\">\n                <span>\n                    <a href=\"https:\/\/www.ceoforlifeawards.com\/it\/blog\/michele-greca-ascot-ai-ceoforlife-awards-ceoforlife-mette-insieme-tutti-gli-imprenditori-per-fare-squadra\/\" >Michele Greca, Ascot, ai CEOforLIFE Awards: &#8220;CEOforLIFE mette insieme tutti gli imprenditori per fare squadra&#8221;<\/a>\n                <\/span>\n                <span class=\"post-date\">\n                    27\/10\/2023\n                <\/span>\n            <\/div><div class=\"jeg_news_ticker_item jeg_news_ticker_animated  format-video\">\n                <span>\n                    <a href=\"https:\/\/www.ceoforlifeawards.com\/it\/blog\/nicola-veratelli-octo-telematics-ai-ceoforlife-awards-2023-ceoforlife-una-realta-straordinaria-focalizzata-sul-tema-della-sostenibilita\/\" >VERATELLI: <span>&#8220;CEOforLIFE, una realt\u00e0 straordinaria focalizzata sul tema della sostenibilit\u00e0&#8221;<\/span><\/a>\n                <\/span>\n                <span class=\"post-date\">\n                    02\/02\/2024\n                <\/span>\n            <\/div><div class=\"jeg_news_ticker_item jeg_news_ticker_animated  format-video\">\n                <span>\n                    <a href=\"https:\/\/www.ceoforlifeawards.com\/it\/blog\/mario-alessandra-mindowrk-ai-ceoforlife-awards-2023-far-parte-di-ceoforlife-e-importantissimo-per-avere-un-impatto-nelle-aziende-e-sulla-societa\/\" >ALESSANDRA: <span> &#8220;Far parte di CEOforLIFE \u00e8 importantissimo per avere un impatto nelle aziende e sulla societ\u00e0&#8221;<\/span><\/a>\n                <\/span>\n                <span class=\"post-date\">\n                    04\/02\/2024\n                <\/span>\n            <\/div><div class=\"jeg_news_ticker_item jeg_news_ticker_animated  format-video\">\n                <span>\n                    <a href=\"https:\/\/www.ceoforlifeawards.com\/it\/blog\/pietro-persico-magroup-ai-ceoforlife-awards-2023-ceoforlife-e-una-grande-opportunita-per-gli-imprenditori\/\" >PERSICO: <span>&#8220;CEOforLIFE \u00e8 una grande opportunit\u00e0 per gli imprenditori&#8221;<\/span><\/a>\n                <\/span>\n                <span class=\"post-date\">\n                    04\/02\/2024\n                <\/span>\n            <\/div><div class=\"jeg_news_ticker_item jeg_news_ticker_animated  format-video\">\n                <span>\n                    <a href=\"https:\/\/www.ceoforlifeawards.com\/it\/blog\/andrea-coli-webhelp-ai-ceoforlife-awards-2023-ceoforlife-condivisione-di-esperienze-con-aziende-differenti\/\" >COLI: <span>&#8220;CEOforLIFE, condivisione di esperienze con aziende differenti&#8221;<\/span><\/a>\n                <\/span>\n                <span class=\"post-date\">\n                    04\/02\/2024\n                <\/span>\n            <\/div><div class=\"jeg_news_ticker_item jeg_news_ticker_animated  format-video\">\n                <span>\n                    <a href=\"https:\/\/www.ceoforlifeawards.com\/it\/blog\/fabrizio-negri-cerved-ai-ceoforlife-awards-2023-ceoforlife-uniniziativa-concreta-ed-utile-per-il-paese\/\" >NEGRI: <span>&#8220;CEOforLIFE, un&#8217;iniziativa concreta ed utile per il Paese&#8221;<\/span><\/a>\n                <\/span>\n                <span class=\"post-date\">\n                    04\/02\/2024\n                <\/span>\n            <\/div><div class=\"jeg_news_ticker_item jeg_news_ticker_animated  format-video\">\n                <span>\n                    <a href=\"https:\/\/www.ceoforlifeawards.com\/it\/blog\/luca-mezzana-gls-ai-ceoforlife-awards-2023-far-parte-di-ceoforlife-vuol-dire-creare-impatti-concreti\/\" >MEZZANA: <span>&#8220;Far parte di CEOforLIFE vuol dire creare impatti concreti&#8221;<\/span><\/a>\n                <\/span>\n                <span class=\"post-date\">\n                    18\/03\/2024\n                <\/span>\n            <\/div><div class=\"jeg_news_ticker_item jeg_news_ticker_animated  format-video\">\n                <span>\n                    <a href=\"https:\/\/www.ceoforlifeawards.com\/it\/blog\/federico-protto-ai-ceoforlife-awards-2023-le-iniziative-di-ceoforlife-sono-il-motore-dello-sviluppo-sostenibile\/\" >PROTTO: <span>&#8220;Le iniziative di CEOforLIFE sono il motore dello sviluppo sostenibile&#8221;<\/span><\/a>\n                <\/span>\n                <span class=\"post-date\">\n                    04\/02\/2024\n                <\/span>\n            <\/div><div class=\"jeg_news_ticker_item jeg_news_ticker_animated  format-video\">\n                <span>\n                    <a href=\"https:\/\/www.ceoforlifeawards.com\/it\/blog\/deborah-care-elica-ai-ceoforlife-awards-2023-lo-sviluppo-e-sostenibile-nel-momento-in-cui-e-di-lunga-durata\/\" >CAR\u00c8: <span>&#8220;Lo sviluppo \u00e8 sostenibile nel momento in cui \u00e8 di lunga durata&#8221;<\/span><\/a>\n                <\/span>\n                <span class=\"post-date\">\n                    18\/03\/2024\n                <\/span>\n            <\/div><div class=\"jeg_news_ticker_item jeg_news_ticker_animated  format-video\">\n                <span>\n                    <a href=\"https:\/\/www.ceoforlifeawards.com\/it\/blog\/maria-cristina-bifulco-prysmian-ai-ceoforlife-awards-2023-ceoforlife-vitalita-e-concretezza\/\" >BIFULCO: <span>&#8220;CEOforLIFE, vitalit\u00e0 e concretezza&#8221;<\/span><\/a>\n                <\/span>\n                <span class=\"post-date\">\n                    04\/02\/2024\n                <\/span>\n            <\/div><div class=\"jeg_news_ticker_item jeg_news_ticker_animated  format-video\">\n                <span>\n                    <a href=\"https:\/\/www.ceoforlifeawards.com\/it\/blog\/simona-scarpaleggia-edge-strategy-ai-ceoforlife-awards-2023-il-valore-di-ceoforlife-risiede-nel-fatto-che-ce-molto-coraggio\/\" >SCARPALEGGIA: <span>&#8220;Il valore di CEOforLIFE risiede nel fatto che c\u2019\u00e8 molto coraggio\u201d<\/span><\/a>\n                <\/span>\n                <span class=\"post-date\">\n                    04\/02\/2024\n                <\/span>\n            <\/div><div class=\"jeg_news_ticker_item jeg_news_ticker_animated  format-video\">\n                <span>\n                    <a href=\"https:\/\/www.ceoforlifeawards.com\/it\/blog\/kristin-engvig-win-winconference-ai-ceoforlife-awards-2023-ceoforlife-realta-creata-da-una-visione-che-viene-dal-cuore\/\" >ENGVIG: <span>&#8220;CEOforLIFE, realt\u00e0 creata da una visione che viene dal cuore\u201d<\/span><\/a>\n                <\/span>\n                <span class=\"post-date\">\n                    04\/02\/2024\n                <\/span>\n            <\/div><div class=\"jeg_news_ticker_item jeg_news_ticker_animated  format-video\">\n                <span>\n                    <a href=\"https:\/\/www.ceoforlifeawards.com\/it\/blog\/christian-simoni-monnalisa-ai-ceoforlife-awards-2023-il-valore-piu-grande-di-ceoforlife-e-non-farmi-sentire-solo-nella-sfida-per-lo-sviluppo-sostenibile\/\" >SIMONI: <span> &#8220;Il valore pi\u00f9 grande di CEOforLIFE \u00e8 non farmi sentire solo nella sfida per lo sviluppo sostenibile&#8221;<\/span><\/a>\n                <\/span>\n                <span class=\"post-date\">\n                    04\/02\/2024\n                <\/span>\n            <\/div><div class=\"jeg_news_ticker_item jeg_news_ticker_animated  format-video\">\n                <span>\n                    <a href=\"https:\/\/www.ceoforlifeawards.com\/it\/blog\/stefano-grieco-nokia-ai-ceoforlife-awards-2023-ceoforlife-unopportunita-per-parlare-di-diversita-e-inclusione\/\" >GRIECO: <span>&#8220;CEOforLIFE, un&#8217;opportunit\u00e0 per parlare di diversit\u00e0 e inclusione&#8221;<\/span><\/a>\n                <\/span>\n                <span class=\"post-date\">\n                    04\/02\/2024\n                <\/span>\n            <\/div><div class=\"jeg_news_ticker_item jeg_news_ticker_animated  format-video\">\n                <span>\n                    <a href=\"https:\/\/www.ceoforlifeawards.com\/it\/blog\/antonio-bagetta-conte-it-ai-ceoforlife-awards-2023-ceoforlife-uniniziativa-bellissima\/\" >BAGETTA: <span>&#8220;CEOforLIFE, un\u2019iniziativa bellissima&#8221;<\/span><\/a>\n                <\/span>\n                <span class=\"post-date\">\n                    04\/02\/2024\n                <\/span>\n            <\/div><div class=\"jeg_news_ticker_item jeg_news_ticker_animated  format-video\">\n                <span>\n                    <a href=\"https:\/\/www.ceoforlifeawards.com\/it\/blog\/francesca-portincasa-acquedotto-pugliese-ai-ceoforlife-awards-2023-ceoforlife-una-ricchezza-per-proporre-azioni-concrete\/\" >PORTINCASA: <span>&#8220;CEOforLIFE, una ricchezza per proporre azioni concrete&#8221;<\/span><\/a>\n                <\/span>\n                <span class=\"post-date\">\n                    04\/02\/2024\n                <\/span>\n            <\/div><div class=\"jeg_news_ticker_item jeg_news_ticker_animated  format-video\">\n                <span>\n                    <a href=\"https:\/\/www.ceoforlifeawards.com\/it\/blog\/michele-antognoli-bff-banking-group-ai-ceoforlife-awards-2023-ceoforlife-un-ponte-verso-la-comunita\/\" >ANTOGNOLI: <span>&#8220;CEOforLIFE, un ponte verso la Comunit\u00e0&#8221;<\/span><\/a>\n                <\/span>\n                <span class=\"post-date\">\n                    04\/02\/2024\n                <\/span>\n            <\/div><div class=\"jeg_news_ticker_item jeg_news_ticker_animated  format-standard\">\n                <span>\n                    <a href=\"https:\/\/www.ceoforlifeawards.com\/it\/blog\/simona-alberini-abb-italia-ai-ceoforlife-awards-2023-ll-programma-di-sostenibilita-non-e-a-medio-ma-a-lungo-termine\/\" >Simona Alberini, ABB Italia, ai CEOforLIFE Awards 2023: &#8220;ll programma di sostenibilit\u00e0 non \u00e8 a medio ma a lungo termine&#8221;<\/a>\n                <\/span>\n                <span class=\"post-date\">\n                    09\/11\/2023\n                <\/span>\n            <\/div><div class=\"jeg_news_ticker_item jeg_news_ticker_animated  format-video\">\n                <span>\n                    <a href=\"https:\/\/www.ceoforlifeawards.com\/it\/blog\/andrea-prencipe-luiss-guido-carli-ai-ceoforlife-awards-2023-lavventura-di-collaborazione-con-ceoforlife-per-noi-in-luiss-e-fondamentale\/\" >Prencipe: <span>&#8220;L\u2019avventura di collaborazione con CEOforLIFE per noi in LUISS \u00e8 fondamentale&#8221;<\/span><\/a>\n                <\/span>\n                <span class=\"post-date\">\n                    04\/02\/2024\n                <\/span>\n            <\/div><div class=\"jeg_news_ticker_item jeg_news_ticker_animated  format-video\">\n                <span>\n                    <a href=\"https:\/\/www.ceoforlifeawards.com\/it\/blog\/roberto-bezzi-cooperativa-agricola-di-san-patrignano-ai-ceoforlife-awards-2023-il-progetto-di-san-patrignano-da-un-futuro-a-tanti-giovani\/\" >BEZZI: <span>&#8220;Il progetto di San Patrignano da un futuro a tanti giovani&#8221;<\/span><\/a>\n                <\/span>\n                <span class=\"post-date\">\n                    04\/02\/2024\n                <\/span>\n            <\/div><div class=\"jeg_news_ticker_item jeg_news_ticker_animated  format-video\">\n                <span>\n                    <a href=\"https:\/\/www.ceoforlifeawards.com\/it\/blog\/cristophe-rabatel-carrefour-ai-ceoforlife-awards-2023-ceoforlife-una-collaborazione-che-permette-di-portare-avanti-le-tematiche-di-sostenibilita\/\" >Rabatel: <span>&#8220;CEOforLIFE, una collaborazione che permette di portare avanti le tematiche di sostenibilit\u00e0&#8221;<\/span><\/a>\n                <\/span>\n                <span class=\"post-date\">\n                    11\/04\/2024\n                <\/span>\n            <\/div><div class=\"jeg_news_ticker_item jeg_news_ticker_animated  format-video\">\n                <span>\n                    <a href=\"https:\/\/www.ceoforlifeawards.com\/it\/blog\/intervista-di-sky-tg24-alla-ceoforlife-simona-alberini-country-manager-di-abb-italia\/\" >Intervista di Sky TG24 alla CEOforLIFE Simona Alberini, Country Manager di ABB Italia<\/a>\n                <\/span>\n                <span class=\"post-date\">\n                    04\/02\/2024\n                <\/span>\n            <\/div><div class=\"jeg_news_ticker_item jeg_news_ticker_animated  format-standard\">\n                <span>\n                    <a href=\"https:\/\/www.ceoforlifeawards.com\/it\/blog\/ceoforlife-awards-2023-recap-18-ottobre-social-impact\/\" >CEOforLIFE Awards 2023: recap 18 Ottobre \u201cSocial Impact\u201d<\/a>\n                <\/span>\n                <span class=\"post-date\">\n                    19\/10\/2023\n                <\/span>\n            <\/div><div class=\"jeg_news_ticker_item jeg_news_ticker_animated  format-video\">\n                <span>\n                    <a href=\"https:\/\/www.ceoforlifeawards.com\/it\/blog\/salvatore-turrisi-sielte-ai-ceoforlife-awards-2023-ceoforlife-una-grande-opportunita-di-confronto-e-sviluppo-di-idee\/\" >Turrisi: <span>&#8220;CEOforLIFE, una grande opportunit\u00e0 di confronto e sviluppo di idee&#8221;<\/span><\/a>\n                <\/span>\n                <span class=\"post-date\">\n                    06\/02\/2024\n                <\/span>\n            <\/div><div class=\"jeg_news_ticker_item jeg_news_ticker_animated  format-video\">\n                <span>\n                    <a href=\"https:\/\/www.ceoforlifeawards.com\/it\/blog\/daniele-di-fausto-efm-ai-ceoforlife-awards-2023-ceoforlife-promuove-la-realizzazione-di-progetti-concreti\/\" >Di Fausto: <span>&#8220;CEOforLIFE promuove la realizzazione di progetti concreti&#8221;<\/span><\/a>\n                <\/span>\n                <span class=\"post-date\">\n                    04\/02\/2024\n                <\/span>\n            <\/div><div class=\"jeg_news_ticker_item jeg_news_ticker_animated  format-video\">\n                <span>\n                    <a href=\"https:\/\/www.ceoforlifeawards.com\/it\/blog\/francesco-minotti-mediocredito-centrale-ai-ceoforlife-awards-2023-ceoforlife-e-una-grande-piattaforma-di-incontro-dialogo-e-dibattito\/\" >MINOTTI: <span>\u201cCEOforLIFE \u00e8 una grande piattaforma di incontro, dialogo e dibattito\u201d<\/span><\/a>\n                <\/span>\n                <span class=\"post-date\">\n                    04\/02\/2024\n                <\/span>\n            <\/div><div class=\"jeg_news_ticker_item jeg_news_ticker_animated  format-video\">\n                <span>\n                    <a href=\"https:\/\/www.ceoforlifeawards.com\/it\/blog\/eugenio-maria-bonomi-dxc-technology-italia-ai-ceoforlife-awards-2023-ceoforlife-contribuisce-alla-creazione-di-un-ecosistema-end-to-end\/\" >BONOMI: <span>&#8220;CEOforLIFE contribuisce alla creazione di un ecosistema end to end&#8221;<\/span><\/a>\n                <\/span>\n                <span class=\"post-date\">\n                    04\/02\/2024\n                <\/span>\n            <\/div><div class=\"jeg_news_ticker_item jeg_news_ticker_animated  format-video\">\n                <span>\n                    <a href=\"https:\/\/www.ceoforlifeawards.com\/it\/blog\/danilo-cattaneo-infocert-ai-ceoforlife-awards-2023-ceoforlife-associa-persone-con-mentalita-simile-per-creare-impatto\/\" >CATTANEO: <span>&#8220;CEOforLIFE associa persone con mentalit\u00e0 simile per creare impatto&#8221;<\/span><\/a>\n                <\/span>\n                <span class=\"post-date\">\n                    04\/02\/2024\n                <\/span>\n            <\/div><div class=\"jeg_news_ticker_item jeg_news_ticker_animated  format-video\">\n                <span>\n                    <a href=\"https:\/\/www.ceoforlifeawards.com\/it\/blog\/angelo-tofalo-at-agency-ai-ceoforlife-awards-2023-ceoforlife-unoccasione-di-condivisione-di-esperienze-con-altri-ceo\/\" >TOFALO: <span>&#8220;CEOforLIFE, un&#8217;occasione di condivisione di esperienze con altri CEO&#8221;<\/span><\/a>\n                <\/span>\n                <span class=\"post-date\">\n                    04\/02\/2024\n                <\/span>\n            <\/div><div class=\"jeg_news_ticker_item jeg_news_ticker_animated  format-video\">\n                <span>\n                    <a href=\"https:\/\/www.ceoforlifeawards.com\/it\/blog\/nazareno-ventola-aeroporto-g-marconi-di-bologna-ai-ceoforlife-awards-2023-ceoforlife-mette-insieme-persone-idee-competenze-e-storie-di-persone\/\" >VENTOLA: <span>&#8220;CEOforLIFE mette insieme persone, idee, competenze e storie di persone&#8221;<\/span><\/a>\n                <\/span>\n                <span class=\"post-date\">\n                    04\/02\/2024\n                <\/span>\n            <\/div><div class=\"jeg_news_ticker_item jeg_news_ticker_animated  format-video\">\n                <span>\n                    <a href=\"https:\/\/www.ceoforlifeawards.com\/it\/blog\/pietro-geremia-san-marco-group-ai-ceoforlife-awards-2023-ceoforlife-unoccasione-di-networking-e-di-confronto\/\" >GEREMIA: <span>&#8220;CEOforLIFE, un&#8217;occasione di networking e di confronto&#8221;<\/span><\/a>\n                <\/span>\n                <span class=\"post-date\">\n                    04\/02\/2024\n                <\/span>\n            <\/div><div class=\"jeg_news_ticker_item jeg_news_ticker_animated  format-video\">\n                <span>\n                    <a href=\"https:\/\/www.ceoforlifeawards.com\/it\/blog\/barbara-cominelli-jll-ai-ceoforlife-awards-2023-ceoforlife-e-un-network-di-grande-valore\/\" >COMINELLI: <span>&#8220;CEOforLIFE \u00e8 un network di grande valore&#8221;<\/span><\/a>\n                <\/span>\n                <span class=\"post-date\">\n                    04\/02\/2024\n                <\/span>\n            <\/div><div class=\"jeg_news_ticker_item jeg_news_ticker_animated  format-video\">\n                <span>\n                    <a href=\"https:\/\/www.ceoforlifeawards.com\/it\/blog\/umberto-tossini-lamborghini-ai-ceoforlife-awards-2023-ceoforlife-mette-insieme-le-aziende-che-vogliono-sostenere-la-comunita\/\" >TOSSINI: <span>&#8220;CEOforLIFE mette insieme le aziende che vogliono sostenere la comunit\u00e0\u201d<\/span><\/a>\n                <\/span>\n                <span class=\"post-date\">\n                    04\/02\/2024\n                <\/span>\n            <\/div><div class=\"jeg_news_ticker_item jeg_news_ticker_animated  format-video\">\n                <span>\n                    <a href=\"https:\/\/www.ceoforlifeawards.com\/it\/blog\/manuela-franchi-dovalue-ai-ceoforlife-awards-2023-ceoforlife-e-importante-per-confrontarsi-con-colleghi-di-settori-diversi\/\" >Franchi: <span>&#8220;CEOforLIFE \u00e8 importante per confrontarsi con colleghi di settori diversi&#8221;<\/span><\/a>\n                <\/span>\n                <span class=\"post-date\">\n                    30\/05\/2024\n                <\/span>\n            <\/div><div class=\"jeg_news_ticker_item jeg_news_ticker_animated  format-video\">\n                <span>\n                    <a href=\"https:\/\/www.ceoforlifeawards.com\/it\/blog\/andrea-fontana-storyfactory-ai-ceoforlife-awards-2023-le-attivita-di-ceoforlife-sono-essenziali-in-un-mondo-di-sfide-enormi\/\" >FONTANA: <span>&#8220;Le attivit\u00e0 di CEOforLIFE sono essenziali in un mondo di sfide enormi&#8221;<\/span><\/a>\n                <\/span>\n                <span class=\"post-date\">\n                    04\/02\/2024\n                <\/span>\n            <\/div><div class=\"jeg_news_ticker_item jeg_news_ticker_animated  format-video\">\n                <span>\n                    <a href=\"https:\/\/www.ceoforlifeawards.com\/it\/blog\/david-lazzari-presidente-ordine-degli-psicologi-ai-ceoforlife-awards-2023-ceoforlife-promuove-obiettivi-e-valori-che-hanno-a-che-fare-con-la-sostenibilita\/\" >LAZZARI: <span>&#8220;CEOforLIFE promuove obiettivi e valori che hanno a che fare con la sostenibilit\u00e0&#8221;<\/span><\/a>\n                <\/span>\n                <span class=\"post-date\">\n                    04\/02\/2024\n                <\/span>\n            <\/div><div class=\"jeg_news_ticker_item jeg_news_ticker_animated  format-video\">\n                <span>\n                    <a href=\"https:\/\/www.ceoforlifeawards.com\/it\/blog\/stefano-crechici-modiano-ai-ceoforlife-awards-2023-e-importante-mettere-laccento-su-life-affinche-il-futuro-sia-migliore-per-tutti\/\" >CRECHICI: <span>&#8220;\u00c8 importante mettere l\u2019accento su LIFE, affinch\u00e9 il futuro sia migliore per tutti\u201d<\/span><\/a>\n                <\/span>\n                <span class=\"post-date\">\n                    04\/02\/2024\n                <\/span>\n            <\/div><div class=\"jeg_news_ticker_item jeg_news_ticker_animated  format-video\">\n                <span>\n                    <a href=\"https:\/\/www.ceoforlifeawards.com\/it\/blog\/enrico-galasso-birra-peroni-ai-ceoforlife-awards-2023-ceoforlife-e-un-contenitore-di-connessioni\/\" >GALASSO: <span>&#8220;CEOforLIFE \u00e8 un contenitore di connessioni&#8221;<\/span><\/a>\n                <\/span>\n                <span class=\"post-date\">\n                    04\/02\/2024\n                <\/span>\n            <\/div><div class=\"jeg_news_ticker_item jeg_news_ticker_animated  format-video\">\n                <span>\n                    <a href=\"https:\/\/www.ceoforlifeawards.com\/it\/blog\/francesco-vena-lucano-1894-ai-ceoforlife-awards-2023-la-sostenibilita-rappresenta-un-asset-aziendale\/\" >VENA: <span>&#8220;La sostenibilit\u00e0 rappresenta un asset aziendale&#8221;<\/span><\/a>\n                <\/span>\n                <span class=\"post-date\">\n                    04\/02\/2024\n                <\/span>\n            <\/div><div class=\"jeg_news_ticker_item jeg_news_ticker_animated  format-video\">\n                <span>\n                    <a href=\"https:\/\/www.ceoforlifeawards.com\/it\/blog\/claudio-colacchi-communisis-ai-ceoforlife-awards-2023-ceoforlife-e-un-progetto-che-mi-ha-appassionato-immediatamente\/\" >COLACCHI: <span>&#8220;CEOforLIFE \u00e8 un progetto che mi ha appassionato immediatamente&#8221;<\/span><\/a>\n                <\/span>\n                <span class=\"post-date\">\n                    04\/02\/2024\n                <\/span>\n            <\/div><div class=\"jeg_news_ticker_item jeg_news_ticker_animated  format-video\">\n                <span>\n                    <a href=\"https:\/\/www.ceoforlifeawards.com\/it\/blog\/carla-masperi-sap-ai-ceoforlife-awards-2023-ceoforlife-e-una-lodevole-iniziativa\/\" >MASPERI: <span>&#8220;CEOforLIFE \u00e8 una lodevole iniziativa&#8221;<\/span><\/a>\n                <\/span>\n                <span class=\"post-date\">\n                    04\/02\/2024\n                <\/span>\n            <\/div><div class=\"jeg_news_ticker_item jeg_news_ticker_animated  format-video\">\n                <span>\n                    <a href=\"https:\/\/www.ceoforlifeawards.com\/it\/blog\/antonio-zacchera-gruppo-zacchera-hotels-ai-ceoforlife-awards-2023-ceoforlife-una-realta-veramente-sbalorditiva\/\" >ZACCHERA: <span>&#8220;CEOforLIFE, una realt\u00e0 veramente sbalorditiva&#8221;<\/span><\/a>\n                <\/span>\n                <span class=\"post-date\">\n                    04\/02\/2024\n                <\/span>\n            <\/div><div class=\"jeg_news_ticker_item jeg_news_ticker_animated  format-video\">\n                <span>\n                    <a href=\"https:\/\/www.ceoforlifeawards.com\/it\/blog\/il-servizio-del-tg2-sul-secondo-appuntamento-dei-ceoforlife-awards-2023-health-wellbeing\/\" >Il servizio del TG2 sul secondo appuntamento dei CEOforLIFE Awards 2023 &#8211; Health &amp; Wellbeing<\/a>\n                <\/span>\n                <span class=\"post-date\">\n                    04\/02\/2024\n                <\/span>\n            <\/div><div class=\"jeg_news_ticker_item jeg_news_ticker_animated  format-video\">\n                <span>\n                    <a href=\"https:\/\/www.ceoforlifeawards.com\/it\/blog\/ceoforlife-awards-2023-intervista-a-salvatore-de-meo-europarlamentare\/\" >DE MEO: <span>&#8220;CEOforLIFE come strumento per raggiungere gli obiettivi di sostenibilit\u00e0&#8221;<\/span><\/a>\n                <\/span>\n                <span class=\"post-date\">\n                    04\/02\/2024\n                <\/span>\n            <\/div><div class=\"jeg_news_ticker_item jeg_news_ticker_animated  format-video\">\n                <span>\n                    <a href=\"https:\/\/www.ceoforlifeawards.com\/it\/blog\/ceoforlife-awards-2023-intervista-a-elisabetta-iannelli\/\" >IANNELLI: <span>&#8220;CEOforLIFE \u00e8 un\u2019eccellente iniziativa&#8221;<\/span><\/a>\n                <\/span>\n                <span class=\"post-date\">\n                    04\/02\/2024\n                <\/span>\n            <\/div><div class=\"jeg_news_ticker_item jeg_news_ticker_animated  format-video\">\n                <span>\n                    <a href=\"https:\/\/www.ceoforlifeawards.com\/it\/blog\/ceoforlife-awards-2023-intervista-a-sergio-del-prete\/\" >DEL PRETE: <span>\u201cSiamo felici di aver partecipato alla giornata di lavori di CEOforLIFE: \u00e8 importante condividere proposte che hanno come tema la vita\u201d<\/span><\/a>\n                <\/span>\n                <span class=\"post-date\">\n                    04\/02\/2024\n                <\/span>\n            <\/div><div class=\"jeg_news_ticker_item jeg_news_ticker_animated  format-video\">\n                <span>\n                    <a href=\"https:\/\/www.ceoforlifeawards.com\/it\/blog\/ceoforlife-awards-2023-intervista-a-maurizio-de-cicco\/\" >DE CICCO: <span>&#8220;CEOforLIFE \u00e8 uno dei momenti pi\u00f9 importanti per lavorare per la sostenibilit\u00e0&#8221;<\/span><\/a>\n                <\/span>\n                <span class=\"post-date\">\n                    04\/02\/2024\n                <\/span>\n            <\/div><div class=\"jeg_news_ticker_item jeg_news_ticker_animated  format-video\">\n                <span>\n                    <a href=\"https:\/\/www.ceoforlifeawards.com\/it\/blog\/ceoforlife-awards-2023-intervista-a-stefano-pacchioli-dorna\/\" >PACCHIOLI: <span>&#8220;CEOforLIFE mette insieme due mondi, quello dell\u2019industria e quello delle istituzioni&#8221;<\/span><\/a>\n                <\/span>\n                <span class=\"post-date\">\n                    04\/02\/2024\n                <\/span>\n            <\/div><div class=\"jeg_news_ticker_item jeg_news_ticker_animated  format-video\">\n                <span>\n                    <a href=\"https:\/\/www.ceoforlifeawards.com\/it\/blog\/ceoforlife-awards-2023-intervista-a-ilaria-caporali-liomatic\/\" >CAPORALI: <span>&#8220;CEOforLIFE come luogo in cui i CEO portano le istanze delle aziende e un messaggio positivo sulla sostenibilit\u00e0&#8221;<\/span><\/a>\n                <\/span>\n                <span class=\"post-date\">\n                    04\/02\/2024\n                <\/span>\n            <\/div><div class=\"jeg_news_ticker_item jeg_news_ticker_animated  format-video\">\n                <span>\n                    <a href=\"https:\/\/www.ceoforlifeawards.com\/it\/blog\/ceoforlife-awards-2023-intervista-a-cristian-fabbri-gruppo-hera\/\" >FABBRI: <span>&#8220;CEOforLIFE da la possibilit\u00e0 di vedere progetti concreti sulla sostenibilit\u00e0&#8221;<\/span><\/a>\n                <\/span>\n                <span class=\"post-date\">\n                    04\/02\/2024\n                <\/span>\n            <\/div><div class=\"jeg_news_ticker_item jeg_news_ticker_animated  format-video\">\n                <span>\n                    <a href=\"https:\/\/www.ceoforlifeawards.com\/it\/blog\/ceoforlife-awards-2023-intervista-a-eleonora-pizzuti-impossible\/\" >PIZZUTI: <span>&#8220;CEOforLIFE raduna i migliori CEO d&#8217;Italia&#8221;<\/span><\/a>\n                <\/span>\n                <span class=\"post-date\">\n                    04\/02\/2024\n                <\/span>\n            <\/div><div class=\"jeg_news_ticker_item jeg_news_ticker_animated  format-video\">\n                <span>\n                    <a href=\"https:\/\/www.ceoforlifeawards.com\/it\/blog\/ceoforlife-awards-2023-intervista-a-massimo-angileri-dedalus\/\" >ANGILERI: <span>&#8220;CEOforLIFE \u00e8 illuminante perch\u00e9 da la possibilit\u00e0 di confrontarsi con altre eccellenze del settore&#8221;<\/span><\/a>\n                <\/span>\n                <span class=\"post-date\">\n                    04\/02\/2024\n                <\/span>\n            <\/div><div class=\"jeg_news_ticker_item jeg_news_ticker_animated  format-video\">\n                <span>\n                    <a href=\"https:\/\/www.ceoforlifeawards.com\/it\/blog\/ceoforlife-awards-2023-intervista-a-simone-mantero-knorr-bremse-rail-systems-italia\/\" >MANTERO: <span>&#8220;CEOforLIFE come spinta per capire cosa restituire alla societ\u00e0&#8221;<\/span><\/a>\n                <\/span>\n                <span class=\"post-date\">\n                    04\/02\/2024\n                <\/span>\n            <\/div><div class=\"jeg_news_ticker_item jeg_news_ticker_animated  format-standard\">\n                <span>\n                    <a href=\"https:\/\/www.ceoforlifeawards.com\/it\/blog\/comunicato-stampa-ceoforlife-awards-2023-il-mondo-che-verra-3\/\" >Comunicato stampa CEOforLIFE AWARDS 2023 &#8211; IL MONDO CHE VERR\u00c0<\/a>\n                <\/span>\n                <span class=\"post-date\">\n                    11\/12\/2023\n                <\/span>\n            <\/div><div class=\"jeg_news_ticker_item jeg_news_ticker_animated  format-video\">\n                <span>\n                    <a href=\"https:\/\/www.ceoforlifeawards.com\/it\/blog\/ceoforlife-awards-2023-intervista-a-stefano-sardara\/\" >SARDARA: <span>&#8220;CEOforLIFE \u00e8 un laboratorio in cui pubblico e privato si incontrano per un futuro migliore&#8221;<\/span><\/a>\n                <\/span>\n                <span class=\"post-date\">\n                    04\/02\/2024\n                <\/span>\n            <\/div><div class=\"jeg_news_ticker_item jeg_news_ticker_animated  format-video\">\n                <span>\n                    <a href=\"https:\/\/www.ceoforlifeawards.com\/it\/blog\/ceoforlife-awards-2023-intervista-a-stefano-giordani-onconauti\/\" >GIORDANI: <span>\u201cPerch\u00e9 un futuro migliore si concretizzi bisogna vivere bene&#8221;<\/span><\/a>\n                <\/span>\n                <span class=\"post-date\">\n                    04\/02\/2024\n                <\/span>\n            <\/div><div class=\"jeg_news_ticker_item jeg_news_ticker_animated  format-video\">\n                <span>\n                    <a href=\"https:\/\/www.ceoforlifeawards.com\/it\/blog\/ceoforlife-awards-2023-intervista-a-marco-gay-digital-magics\/\" >GAY: <span>&#8220;CEOforLIFE vuole fare della crescita economica sostenibile il suo futuro&#8221;<\/span><\/a>\n                <\/span>\n                <span class=\"post-date\">\n                    04\/02\/2024\n                <\/span>\n            <\/div><div class=\"jeg_news_ticker_item jeg_news_ticker_animated  format-video\">\n                <span>\n                    <a href=\"https:\/\/www.ceoforlifeawards.com\/it\/blog\/ceoforlife-awards-2023-intervista-a-renato-roca-findus\/\" >ROCA: <span>&#8220;CEOforLIFE \u00e8 una preziosissima opportunit\u00e0 di discussione all&#8217;interno delle aziende&#8221;<\/span><\/a>\n                <\/span>\n                <span class=\"post-date\">\n                    04\/02\/2024\n                <\/span>\n            <\/div><div class=\"jeg_news_ticker_item jeg_news_ticker_animated  format-video\">\n                <span>\n                    <a href=\"https:\/\/www.ceoforlifeawards.com\/it\/blog\/ceoforlife-awards-2023-intervista-a-david-bevilacqua-ammagamma\/\" >BEVILACQUA: <span>&#8220;CEOforLIFE \u00e8 una bellissima iniziativa che mette in contatto aziende per la condivisione di progetti sostenibili&#8221;<\/span><\/a>\n                <\/span>\n                <span class=\"post-date\">\n                    04\/02\/2024\n                <\/span>\n            <\/div><div class=\"jeg_news_ticker_item jeg_news_ticker_animated  format-video\">\n                <span>\n                    <a href=\"https:\/\/www.ceoforlifeawards.com\/it\/blog\/ceoforlife-awards-2023-intervista-a-giuseppe-abbadessa-haleon-italia\/\" >ABBADESSA: <span>&#8220;voglia di occuparci di tematiche per rendere il mondo un posto pi\u00f9 pulito, pi\u00f9 bello, pi\u00f9 sostenibile&#8221;<\/span><\/a>\n                <\/span>\n                <span class=\"post-date\">\n                    04\/02\/2024\n                <\/span>\n            <\/div><div class=\"jeg_news_ticker_item jeg_news_ticker_animated  format-video\">\n                <span>\n                    <a href=\"https:\/\/www.ceoforlifeawards.com\/it\/blog\/ceoforlife-awards-2023-intervista-a-federica-minozzi-iris-ceramica-group\/\" >MINOZZI: <span>&#8220;L&#8217;attivit\u00e0 di CEOforLIFE \u00e8 importante perch\u00e9 da obiettivi a noi CEO per migliorarci&#8221;<\/span><\/a>\n                <\/span>\n                <span class=\"post-date\">\n                    11\/04\/2024\n                <\/span>\n            <\/div><div class=\"jeg_news_ticker_item jeg_news_ticker_animated  format-video\">\n                <span>\n                    <a href=\"https:\/\/www.ceoforlifeawards.com\/it\/blog\/ceoforlife-awards-2023-intervista-a-mike-maric-primatista-mondiale-di-apnea-e-ricercatore\/\" >MARIC: <span>&#8220;Dare importanza alla respirazione, intesa come capacit\u00e0 di sapersi gestire in situazione stressanti, ma anche alla qualit\u00e0 dell\u2019aria, che incide sulla nostra salute\u201d<\/span><\/a>\n                <\/span>\n                <span class=\"post-date\">\n                    04\/02\/2024\n                <\/span>\n            <\/div><div class=\"jeg_news_ticker_item jeg_news_ticker_animated  format-video\">\n                <span>\n                    <a href=\"https:\/\/www.ceoforlifeawards.com\/it\/blog\/ceoforlife-awards-2023-intervista-a-davide-campari-fujifilm\/\" >CAMPARI: <span>&#8220;CEOforLIFE, un network di aziende che vogliono contribuire in maniera concreta allo sviluppo&#8221;<\/span><\/a>\n                <\/span>\n                <span class=\"post-date\">\n                    18\/03\/2024\n                <\/span>\n            <\/div><div class=\"jeg_news_ticker_item jeg_news_ticker_animated  format-standard\">\n                <span>\n                    <a href=\"https:\/\/www.ceoforlifeawards.com\/it\/blog\/ceoforlife-awards-2023-recap-11-ottobre-health-wellbeing\/\" >CEOforLIFE Awards 2023: recap 11 ottobre \u201cHealth &amp; Wellbeing\u201d<\/a>\n                <\/span>\n                <span class=\"post-date\">\n                    12\/10\/2023\n                <\/span>\n            <\/div><div class=\"jeg_news_ticker_item jeg_news_ticker_animated  format-standard\">\n                <span>\n                    <a href=\"https:\/\/www.ceoforlifeawards.com\/it\/blog\/comunicato-stampa-ceoforlife-awards-2023-il-mondo-che-verra-2\/\" >Comunicato stampa CEOforLIFE AWARDS 2023 &#8211; IL MONDO CHE VERR\u00c0<\/a>\n                <\/span>\n                <span class=\"post-date\">\n                    11\/12\/2023\n                <\/span>\n            <\/div><div class=\"jeg_news_ticker_item jeg_news_ticker_animated  format-standard\">\n                <span>\n                    <a href=\"https:\/\/www.ceoforlifeawards.com\/it\/blog\/hera-limpegno-per-unacqua-del-rubinetto-potabile-e-di-qualita\/\" >Hera, l\u2019impegno per un\u2019acqua del rubinetto potabile e di qualit\u00e0<\/a>\n                <\/span>\n                <span class=\"post-date\">\n                    09\/10\/2023\n                <\/span>\n            <\/div><div class=\"jeg_news_ticker_item jeg_news_ticker_animated  format-video\">\n                <span>\n                    <a href=\"https:\/\/www.ceoforlifeawards.com\/it\/blog\/miriam-eceolaza-pernod-ricard-ai-ceoforlife-awards-2023-ceoforlife-awards-un-grande-forum-che-mette-insieme-politica-e-aziende\/\" >ECEOLAZA: <span>&#8220;CEOforLIFE Awards, un grande forum che mette insieme politica e aziende&#8221;<\/span><\/a>\n                <\/span>\n                <span class=\"post-date\">\n                    04\/02\/2024\n                <\/span>\n            <\/div><div class=\"jeg_news_ticker_item jeg_news_ticker_animated  format-standard\">\n                <span>\n                    <a href=\"https:\/\/www.ceoforlifeawards.com\/it\/blog\/mario-cincotta-ethosenergy-ai-ceoforlife-awards-2023-ritengo-che-ceoforlife-sia-di-piu-di-un-incubatore-importante\/\" >Mario Cincotta, EthosEnergy, ai CEOforLIFE Awards 2023: &#8220;Ritengo che CEOforLIFE sia di pi\u00f9 di un incubatore importante&#8221;<\/a>\n                <\/span>\n                <span class=\"post-date\">\n                    13\/11\/2023\n                <\/span>\n            <\/div><div class=\"jeg_news_ticker_item jeg_news_ticker_animated  format-video\">\n                <span>\n                    <a href=\"https:\/\/www.ceoforlifeawards.com\/it\/blog\/marco-pesaresi-ferrarelle-ai-ceoforlife-awards-2023-lattivita-di-ceoforlife-e-molto-importante-per-il-networking\/\" >PESARESI: <span>&#8220;L\u2019attivit\u00e0 di CEOforLIFE \u00e8 molto importante per il networking&#8221;<\/span><\/a>\n                <\/span>\n                <span class=\"post-date\">\n                    04\/02\/2024\n                <\/span>\n            <\/div><div class=\"jeg_news_ticker_item jeg_news_ticker_animated  format-video\">\n                <span>\n                    <a href=\"https:\/\/www.ceoforlifeawards.com\/it\/blog\/marcello-cattani-farmindustria-ai-ceoforlife-awards-2023-i-ceoforlife-awards-sono-un-appuntamento-fondamentale\/\" >CATTANI: <span>&#8220;I CEOforLIFE Awards sono un appuntamento fondamentale&#8221;<\/span><\/a>\n                <\/span>\n                <span class=\"post-date\">\n                    04\/02\/2024\n                <\/span>\n            <\/div><div class=\"jeg_news_ticker_item jeg_news_ticker_animated  format-standard\">\n                <span>\n                    <a href=\"https:\/\/www.ceoforlifeawards.com\/it\/blog\/gianluca-testa-avis-budget-group-ai-ceoforlife-awards-2023-ceoforlife-e-stata-una-scoperta-incredibile\/\" >Gianluca Testa, AVIS Budget Group, ai CEOforLIFE Awards 2023: &#8220;CEOforLIFE \u00e8 stata una scoperta incredibile&#8221;<\/a>\n                <\/span>\n                <span class=\"post-date\">\n                    22\/11\/2023\n                <\/span>\n            <\/div><div class=\"jeg_news_ticker_item jeg_news_ticker_animated  format-video\">\n                <span>\n                    <a href=\"https:\/\/www.ceoforlifeawards.com\/it\/blog\/geert-vos-daikin-ai-ceoforlife-awards-2023-e-molto-utile-sottolineare-limportanza-della-nostra-sostenibilita\/\" >VOS: <span>&#8220;E\u2019 molto utile sottolineare l\u2019importanza della nostra sostenibilit\u00e0&#8221;<\/span><\/a>\n                <\/span>\n                <span class=\"post-date\">\n                    04\/02\/2024\n                <\/span>\n            <\/div><div class=\"jeg_news_ticker_item jeg_news_ticker_animated  format-video\">\n                <span>\n                    <a href=\"https:\/\/www.ceoforlifeawards.com\/it\/blog\/luca-amorosino-attore-ai-ceoforlife-awards-2023-la-collaborazione-con-ceoforlife-e-straordinaria\/\" >AMOROSINO: <span>&#8220;La collaborazione con CEOforLIFE \u00e8 straordinaria&#8221;<\/span><\/a>\n                <\/span>\n                <span class=\"post-date\">\n                    04\/02\/2024\n                <\/span>\n            <\/div><div class=\"jeg_news_ticker_item jeg_news_ticker_animated  format-video\">\n                <span>\n                    <a href=\"https:\/\/www.ceoforlifeawards.com\/it\/blog\/stefano-carone-il-prisma-ai-ceoforlife-awards-2023-ceoforlife-uno-stimolo-per-confrontarsi-con-realta-diverse\/\" >CARONE: <span>&#8220;CEOforLIFE, uno stimolo per confrontarsi con realt\u00e0 diverse&#8221;<\/span><\/a>\n                <\/span>\n                <span class=\"post-date\">\n                    04\/02\/2024\n                <\/span>\n            <\/div><div class=\"jeg_news_ticker_item jeg_news_ticker_animated  format-video\">\n                <span>\n                    <a href=\"https:\/\/www.ceoforlifeawards.com\/it\/blog\/walter-ruffinoni-ntt-data-ai-ceoforlife-awards-2023-penso-che-liniziativa-di-ceoforlife-sia-importante\/\" >RUFFINONI: <span>&#8220;Penso che l\u2019iniziativa di CEOforLIFE sia importante&#8221;<\/span><\/a>\n                <\/span>\n                <span class=\"post-date\">\n                    04\/02\/2024\n                <\/span>\n            <\/div><div class=\"jeg_news_ticker_item jeg_news_ticker_animated  format-video\">\n                <span>\n                    <a href=\"https:\/\/www.ceoforlifeawards.com\/it\/blog\/tommaso-inghirami-inghirami-company-ai-ceoforlife-awards-2023-giornate-come-quelle-dei-ceoforlife-awards-fanno-bene\/\" >INGHIRAMI: <span>&#8220;Giornate come quelle dei CEOforLIFE Awards fanno bene&#8221;<\/span><\/a>\n                <\/span>\n                <span class=\"post-date\">\n                    04\/02\/2024\n                <\/span>\n            <\/div><div class=\"jeg_news_ticker_item jeg_news_ticker_animated  format-standard\">\n                <span>\n                    <a href=\"https:\/\/www.ceoforlifeawards.com\/it\/blog\/ceoforlife-awards-2023-recap-5-ottobre-environment\/\" >CEOforLIFE Awards 2023: Recap 5 ottobre \u201cEnvironment\u201d<\/a>\n                <\/span>\n                <span class=\"post-date\">\n                    06\/10\/2023\n                <\/span>\n            <\/div><div class=\"jeg_news_ticker_item jeg_news_ticker_animated  format-standard\">\n                <span>\n                    <a href=\"https:\/\/www.ceoforlifeawards.com\/it\/blog\/prometeon-annunciati-i-supplier-award-2023\/\" >Prometeon: annunciati i Supplier Award 2023<\/a>\n                <\/span>\n                <span class=\"post-date\">\n                    04\/10\/2023\n                <\/span>\n            <\/div><div class=\"jeg_news_ticker_item jeg_news_ticker_animated  format-standard\">\n                <span>\n                    <a href=\"https:\/\/www.ceoforlifeawards.com\/it\/blog\/sisal-limpegno-a-360-gradi-sulla-sostenibilita\/\" >Sisal: l\u2019impegno a 360 gradi sulla sostenibilit\u00e0<\/a>\n                <\/span>\n                <span class=\"post-date\">\n                    04\/10\/2023\n                <\/span>\n            <\/div><div class=\"jeg_news_ticker_item jeg_news_ticker_animated  format-standard\">\n                <span>\n                    <a href=\"https:\/\/www.ceoforlifeawards.com\/it\/blog\/con-infocert-top-i-processi-di-onborading-sono-sempre-piu-green\/\" >Con InfoCert TOP\u00ae i processi di onborading sono sempre pi\u00f9 green<\/a>\n                <\/span>\n                <span class=\"post-date\">\n                    04\/10\/2023\n                <\/span>\n            <\/div><div class=\"jeg_news_ticker_item jeg_news_ticker_animated  format-standard\">\n                <span>\n                    <a href=\"https:\/\/www.ceoforlifeawards.com\/it\/blog\/iss-punta-a-zero-emissioni-entro-il-2040-il-ceo-la-nostra-generazione-deve-trovare-le-soluzioni\/\" >ISS punta a zero emissioni entro il 2040. Il CEO: \u201cLa nostra generazione deve trovare le soluzioni\u201d<\/a>\n                <\/span>\n                <span class=\"post-date\">\n                    03\/10\/2023\n                <\/span>\n            <\/div><div class=\"jeg_news_ticker_item jeg_news_ticker_animated  format-standard\">\n                <span>\n                    <a href=\"https:\/\/www.ceoforlifeawards.com\/it\/blog\/comunicato-stampa-ceoforlife-awards-2023-il-mondo-che-verra\/\" >Comunicato Stampa CEOforLIFE Awards 2023 &#8211; Il Mondo che verr\u00e0<\/a>\n                <\/span>\n                <span class=\"post-date\">\n                    11\/12\/2023\n                <\/span>\n            <\/div><div class=\"jeg_news_ticker_item jeg_news_ticker_animated  format-standard\">\n                <span>\n                    <a href=\"https:\/\/www.ceoforlifeawards.com\/it\/blog\/comunicato-stampa-sdgs-leaders-awards-2023-2\/\" >Comunicato stampa SDGs LEADERS AWARDS 2023<\/a>\n                <\/span>\n                <span class=\"post-date\">\n                    11\/12\/2023\n                <\/span>\n            <\/div><div class=\"jeg_news_ticker_item jeg_news_ticker_animated  format-standard\">\n                <span>\n                    <a href=\"https:\/\/www.ceoforlifeawards.com\/it\/blog\/comunicato-stampa-sdgs-leaders-awards-2023\/\" >Comunicato stampa SDGs LEADERS AWARDS 2023<\/a>\n                <\/span>\n                <span class=\"post-date\">\n                    11\/12\/2023\n                <\/span>\n            <\/div><div class=\"jeg_news_ticker_item jeg_news_ticker_animated  format-standard\">\n                <span>\n                    <a href=\"https:\/\/www.ceoforlifeawards.com\/it\/blog\/gruppo-hera-al-via-i-progetti-di-educazione-ambientale-per-scuole\/\" >Gruppo Hera: al via i progetti di educazione ambientale per scuole<\/a>\n                <\/span>\n                <span class=\"post-date\">\n                    02\/10\/2023\n                <\/span>\n            <\/div><div class=\"jeg_news_ticker_item jeg_news_ticker_animated  format-standard\">\n                <span>\n                    <a href=\"https:\/\/www.ceoforlifeawards.com\/it\/blog\/osservatorio-deloitte-private-per-le-pmi-italiane-la-sostenibilita-e-una-priorita-assoluta\/\" >Osservatorio Deloitte Private: per le PMI italiane la sostenibilit\u00e0 \u00e8 una priorit\u00e0 assoluta<\/a>\n                <\/span>\n                <span class=\"post-date\">\n                    27\/09\/2023\n                <\/span>\n            <\/div><div class=\"jeg_news_ticker_item jeg_news_ticker_animated  format-standard\">\n                <span>\n                    <a href=\"https:\/\/www.ceoforlifeawards.com\/it\/blog\/herasolidale-via-alla-quinta-edizione-negli-ultimi-4-anni-raccolti-da-clienti-e-lavoratori-oltre-670-mila-euro\/\" >HeraSolidale, via alla quinta edizione: negli ultimi 4 anni raccolti da clienti e lavoratori oltre 670 mila euro<\/a>\n                <\/span>\n                <span class=\"post-date\">\n                    26\/09\/2023\n                <\/span>\n            <\/div><div class=\"jeg_news_ticker_item jeg_news_ticker_animated  format-standard\">\n                <span>\n                    <a href=\"https:\/\/www.ceoforlifeawards.com\/it\/blog\/sustainability-by-design-il-forum-di-avanade-su-innovazione-e-sostenibilita\/\" >\u201cSustainability by Design\u201d: il forum di Avanade su innovazione e sostenibilit\u00e0<\/a>\n                <\/span>\n                <span class=\"post-date\">\n                    25\/09\/2023\n                <\/span>\n            <\/div><div class=\"jeg_news_ticker_item jeg_news_ticker_animated  format-standard\">\n                <span>\n                    <a href=\"https:\/\/www.ceoforlifeawards.com\/it\/blog\/edenred-italia-pubblicata-la-terza-edizione-del-bilancio-di-sostenibilita-percorsi\/\" >Edenred Italia: pubblicata la terza edizione del Bilancio di Sostenibilit\u00e0 \u201cPercorsi\u201d<\/a>\n                <\/span>\n                <span class=\"post-date\">\n                    20\/09\/2023\n                <\/span>\n            <\/div><div class=\"jeg_news_ticker_item jeg_news_ticker_animated  format-standard\">\n                <span>\n                    <a href=\"https:\/\/www.ceoforlifeawards.com\/it\/blog\/teleperformance-italia-supporto-alla-natalita-e-al-benessere-dei-dipendenti-con-la-misura-di-welfare-tp-welcome-baby\/\" >Teleperformance Italia: supporto alla natalit\u00e0 e al benessere dei dipendenti con la misura di welfare TP Welcome Baby<\/a>\n                <\/span>\n                <span class=\"post-date\">\n                    19\/09\/2023\n                <\/span>\n            <\/div><div class=\"jeg_news_ticker_item jeg_news_ticker_animated  format-standard\">\n                <span>\n                    <a href=\"https:\/\/www.ceoforlifeawards.com\/it\/blog\/aubay-italia-ottiene-le-certificazioni-sa-8000-e-iso-37001\/\" >Aubay Italia ottiene le certificazioni SA 8000 e ISO 37001<\/a>\n                <\/span>\n                <span class=\"post-date\">\n                    19\/09\/2023\n                <\/span>\n            <\/div><div class=\"jeg_news_ticker_item jeg_news_ticker_animated  format-standard\">\n                <span>\n                    <a href=\"https:\/\/www.ceoforlifeawards.com\/it\/blog\/employee-experience-inclusione-e-benessere-dei-dipendenti-fattori-indispensabili-per-la-strategia-dedalus-2\/\" >Employee Experience: inclusione e benessere dei dipendenti fattori indispensabili per la strategia Dedalus<\/a>\n                <\/span>\n                <span class=\"post-date\">\n                    18\/09\/2023\n                <\/span>\n            <\/div><div class=\"jeg_news_ticker_item jeg_news_ticker_animated  format-standard\">\n                <span>\n                    <a href=\"https:\/\/www.ceoforlifeawards.com\/it\/blog\/bosch-tec-e-lega-pro-insieme-per-terzo-tempo-il-progetto-di-formazione-professionale-per-i-calciatori-di-serie-c\/\" >Bosch TEC e Lega Pro insieme per Terzo Tempo, il progetto di formazione professionale per i calciatori di Serie C<\/a>\n                <\/span>\n                <span class=\"post-date\">\n                    18\/09\/2023\n                <\/span>\n            <\/div><div class=\"jeg_news_ticker_item jeg_news_ticker_animated  format-standard\">\n                <span>\n                    <a href=\"https:\/\/www.ceoforlifeawards.com\/it\/blog\/ceos-exclusive-meeting-in-collaborazione-con-cisco-italia\/\" >CEO\u2019s EXCLUSIVE MEETING in collaborazione con CISCO ITALIA<\/a>\n                <\/span>\n                <span class=\"post-date\">\n                    15\/09\/2023\n                <\/span>\n            <\/div><div class=\"jeg_news_ticker_item jeg_news_ticker_animated  format-standard\">\n                <span>\n                    <a href=\"https:\/\/www.ceoforlifeawards.com\/it\/blog\/i-quattro-pilastri-della-roadmap-sustainability-and-responsibility-di-pernod-ricard\/\" >Pernod Ricard: I quattro pilastri della \u201cRoadmap Sustainability and Responsibility\u201d<\/a>\n                <\/span>\n                <span class=\"post-date\">\n                    04\/09\/2023\n                <\/span>\n            <\/div><div class=\"jeg_news_ticker_item jeg_news_ticker_animated  format-standard\">\n                <span>\n                    <a href=\"https:\/\/www.ceoforlifeawards.com\/it\/blog\/cisco-fare-business-in-modo-sostenibile\/\" >Cisco: fare business in modo sostenibile<\/a>\n                <\/span>\n                <span class=\"post-date\">\n                    29\/08\/2023\n                <\/span>\n            <\/div><div class=\"jeg_news_ticker_item jeg_news_ticker_animated  format-standard\">\n                <span>\n                    <a href=\"https:\/\/www.ceoforlifeawards.com\/it\/blog\/kiko-cares-il-programma-di-kiko-milano-per-la-promozione-dello-sviluppo-sostenibile-nel-contesto-aziendale\/\" >KIKO Milano: KIKO Cares, il programma di KIKO Milano per la promozione dello sviluppo sostenibile nel contesto aziendale<\/a>\n                <\/span>\n                <span class=\"post-date\">\n                    18\/09\/2023\n                <\/span>\n            <\/div><div class=\"jeg_news_ticker_item jeg_news_ticker_animated  format-standard\">\n                <span>\n                    <a href=\"https:\/\/www.ceoforlifeawards.com\/it\/blog\/la-sostenibilita-e-un-pilastro-della-crescita-prometeon\/\" >Prometeon: la sostenibilit\u00e0 come pilastro della crescita<\/a>\n                <\/span>\n                <span class=\"post-date\">\n                    04\/09\/2023\n                <\/span>\n            <\/div><div class=\"jeg_news_ticker_item jeg_news_ticker_animated  format-standard\">\n                <span>\n                    <a href=\"https:\/\/www.ceoforlifeawards.com\/it\/blog\/econocom-vince-la-medaglia-doro-ecovadis\/\" >Econocom vince la medaglia d\u2019oro Ecovadis<\/a>\n                <\/span>\n                <span class=\"post-date\">\n                    02\/08\/2023\n                <\/span>\n            <\/div><div class=\"jeg_news_ticker_item jeg_news_ticker_animated  format-standard\">\n                <span>\n                    <a href=\"https:\/\/www.ceoforlifeawards.com\/it\/blog\/dedalus-in-prima-linea-per-la-collaborazione-tra-sistemi-sanitari\/\" >Dedalus in prima linea per la collaborazione tra sistemi sanitari<\/a>\n                <\/span>\n                <span class=\"post-date\">\n                    02\/08\/2023\n                <\/span>\n            <\/div><div class=\"jeg_news_ticker_item jeg_news_ticker_animated  format-standard\">\n                <span>\n                    <a href=\"https:\/\/www.ceoforlifeawards.com\/it\/blog\/da-deloitte-un-nuovo-modello-per-la-citta-circolare\/\" >Deloitte Italia: realizzato un nuovo modello per la citt\u00e0 circolare<\/a>\n                <\/span>\n                <span class=\"post-date\">\n                    04\/09\/2023\n                <\/span>\n            <\/div><div class=\"jeg_news_ticker_item jeg_news_ticker_animated  format-standard\">\n                <span>\n                    <a href=\"https:\/\/www.ceoforlifeawards.com\/it\/blog\/aeroporto-di-bologna-e-bike-friendly-parola-di-fiab\/\" >Aeroporto di Bologna \u00e8\u2026 Bike Friendly, parola di FIAB<\/a>\n                <\/span>\n                <span class=\"post-date\">\n                    02\/08\/2023\n                <\/span>\n            <\/div><div class=\"jeg_news_ticker_item jeg_news_ticker_animated  format-standard\">\n                <span>\n                    <a href=\"https:\/\/www.ceoforlifeawards.com\/it\/blog\/before-hiring-il-progetto-di-aubay-italia-mirato-alla-formazione-prima-dellassunzione\/\" >Aubay Italia: \u201cBefore Hiring\u201d, il progetto mirato alla \u201cformazione prima dell\u2019assunzione\u201d<\/a>\n                <\/span>\n                <span class=\"post-date\">\n                    04\/09\/2023\n                <\/span>\n            <\/div><div class=\"jeg_news_ticker_item jeg_news_ticker_animated  format-standard\">\n                <span>\n                    <a href=\"https:\/\/www.ceoforlifeawards.com\/it\/blog\/haleon-inaugura-i-nuovi-uffici-di-monterosa91-allinsegna-della-sostenibilita-ambientale-e-sociale\/\" >Haleon inaugura i nuovi uffici di Monterosa91 all\u2019insegna della sostenibilit\u00e0 ambientale e sociale<\/a>\n                <\/span>\n                <span class=\"post-date\">\n                    31\/07\/2023\n                <\/span>\n            <\/div><div class=\"jeg_news_ticker_item jeg_news_ticker_animated  format-standard\">\n                <span>\n                    <a href=\"https:\/\/www.ceoforlifeawards.com\/it\/blog\/energy4blue-il-progetto-di-e-on-per-la-tutela-dellecosistema-marino\/\" >E.ON: Energy4Blue, il progetto per la tutela dell\u2019ecosistema marino<\/a>\n                <\/span>\n                <span class=\"post-date\">\n                    04\/09\/2023\n                <\/span>\n            <\/div><div class=\"jeg_news_ticker_item jeg_news_ticker_animated  format-standard\">\n                <span>\n                    <a href=\"https:\/\/www.ceoforlifeawards.com\/it\/blog\/enav-vince-la-viii-edizione-del-premio-biblioteca-bilancio-sociale\/\" >ENAV vince la VIII edizione del premio Biblioteca Bilancio Sociale<\/a>\n                <\/span>\n                <span class=\"post-date\">\n                    31\/07\/2023\n                <\/span>\n            <\/div><div class=\"jeg_news_ticker_item jeg_news_ticker_animated  format-standard\">\n                <span>\n                    <a href=\"https:\/\/www.ceoforlifeawards.com\/it\/blog\/dxc-technology-al-fianco-del-ministero-degli-esteri-per-un-corretto-funzionamento-dei-sistemi-informatici\/\" >DXC Technology al fianco del Ministero degli Esteri per un corretto funzionamento dei sistemi informatici<\/a>\n                <\/span>\n                <span class=\"post-date\">\n                    31\/07\/2023\n                <\/span>\n            <\/div><div class=\"jeg_news_ticker_item jeg_news_ticker_animated  format-standard\">\n                <span>\n                    <a href=\"https:\/\/www.ceoforlifeawards.com\/it\/blog\/digital-magics-e-limpegno-esg-pubblicato-il-bilancio-di-sostenibilita\/\" >Digital Magics e l\u2019impegno ESG: pubblicato il Bilancio di Sostenibilit\u00e0<\/a>\n                <\/span>\n                <span class=\"post-date\">\n                    31\/07\/2023\n                <\/span>\n            <\/div><div class=\"jeg_news_ticker_item jeg_news_ticker_animated  format-standard\">\n                <span>\n                    <a href=\"https:\/\/www.ceoforlifeawards.com\/it\/blog\/employee-experience-inclusione-e-benessere-dei-dipendenti-fattori-indispensabili-per-la-strategia-dedalus\/\" >Dedalus: Employee Experience: inclusione e benessere dei dipendenti fattori indispensabili per la strategia del Gruppo<\/a>\n                <\/span>\n                <span class=\"post-date\">\n                    04\/09\/2023\n                <\/span>\n            <\/div><div class=\"jeg_news_ticker_item jeg_news_ticker_animated  format-standard\">\n                <span>\n                    <a href=\"https:\/\/www.ceoforlifeawards.com\/it\/blog\/il-gruppo-hera-acquisisce-lazienda-tiepolo-per-realizzare-un-parco-fotovoltaico-nel-ferrarese\/\" >Gruppo Hera: acquisita l\u2019azienda Tiepolo per realizzare un parco fotovoltaico nel ferrarese<\/a>\n                <\/span>\n                <span class=\"post-date\">\n                    15\/09\/2023\n                <\/span>\n            <\/div><div class=\"jeg_news_ticker_item jeg_news_ticker_animated  format-standard\">\n                <span>\n                    <a href=\"https:\/\/www.ceoforlifeawards.com\/it\/blog\/gruppo-hera-grazie-alla-partnership-con-f-lli-franchini-accelera-sulle-rinnovabili\/\" >Gruppo Hera: grazie alla partnership con F.lli Franchini accelera sulle rinnovabili<\/a>\n                <\/span>\n                <span class=\"post-date\">\n                    22\/09\/2023\n                <\/span>\n            <\/div><div class=\"jeg_news_ticker_item jeg_news_ticker_animated  format-standard\">\n                <span>\n                    <a href=\"https:\/\/www.ceoforlifeawards.com\/it\/blog\/lo-stabilimento-di-toyota-material-handling-manufacturing-italy-a-bologna-insieme-ad-avis-provinciale-bologna-per-la-giornata-mondiale-del-donatore-di-sangue\/\" >Toyota Material Handling Manufacturing Italy: Lo stabilimento a Bologna insieme ad Avis Provinciale Bologna per la Giornata Mondiale del Donatore di Sangue<\/a>\n                <\/span>\n                <span class=\"post-date\">\n                    04\/09\/2023\n                <\/span>\n            <\/div><div class=\"jeg_news_ticker_item jeg_news_ticker_animated  format-standard\">\n                <span>\n                    <a href=\"https:\/\/www.ceoforlifeawards.com\/it\/blog\/stillabit-il-network-per-un-mondo-migliore\/\" >Digital Magics: Stillabit, il network per un mondo migliore<\/a>\n                <\/span>\n                <span class=\"post-date\">\n                    04\/09\/2023\n                <\/span>\n            <\/div><div class=\"jeg_news_ticker_item jeg_news_ticker_animated  format-standard\">\n                <span>\n                    <a href=\"https:\/\/www.ceoforlifeawards.com\/it\/blog\/comunicato-stampa-round-table-osservatorio-nazionale-verticale-ceoforlife-benessere-psicologico-powered-by-mindwork\/\" >Comunicato stampa Round Table Osservatorio Nazionale Verticale CEOforLIFE &#8211; Benessere Psicologico powered by Mindwork<\/a>\n                <\/span>\n                <span class=\"post-date\">\n                    11\/12\/2023\n                <\/span>\n            <\/div><div class=\"jeg_news_ticker_item jeg_news_ticker_animated  format-standard\">\n                <span>\n                    <a href=\"https:\/\/www.ceoforlifeawards.com\/it\/blog\/teleperformance-italia-ottiene-la-certificazione-best-hr-team\/\" >Teleperformance Italia ottiene la certificazione Best HR Team<\/a>\n                <\/span>\n                <span class=\"post-date\">\n                    14\/07\/2023\n                <\/span>\n            <\/div><div class=\"jeg_news_ticker_item jeg_news_ticker_animated  format-standard\">\n                <span>\n                    <a href=\"https:\/\/www.ceoforlifeawards.com\/it\/blog\/sielte-premia-linnovazione-digitale-i-vincitori-del-premio-giuseppe-turrisi-2023\/\" >Sielte premia l\u2019innovazione digitale: i vincitori del Premio Giuseppe Turrisi 2023<\/a>\n                <\/span>\n                <span class=\"post-date\">\n                    12\/07\/2023\n                <\/span>\n            <\/div><div class=\"jeg_news_ticker_item jeg_news_ticker_animated  format-standard\">\n                <span>\n                    <a href=\"https:\/\/www.ceoforlifeawards.com\/it\/blog\/teleperformance-e-soleterre-onlus-al-festival-raccontano-la-loro-partnership-al-festival-del-fundraising\/\" >Teleperformance e Soleterre Onlus al Festival raccontano la loro partnership al Festival del Fundraising<\/a>\n                <\/span>\n                <span class=\"post-date\">\n                    10\/07\/2023\n                <\/span>\n            <\/div><div class=\"jeg_news_ticker_item jeg_news_ticker_animated  format-standard\">\n                <span>\n                    <a href=\"https:\/\/www.ceoforlifeawards.com\/it\/blog\/la-tecnologia-abb-nelle-apparecchiature-per-lefficienza-energetica-di-energia-europa\/\" >ABB Italia: La tecnologia ABB nelle apparecchiature per l&#8217;efficienza energetica di Energia Europa<\/a>\n                <\/span>\n                <span class=\"post-date\">\n                    04\/09\/2023\n                <\/span>\n            <\/div><div class=\"jeg_news_ticker_item jeg_news_ticker_animated  format-standard\">\n                <span>\n                    <a href=\"https:\/\/www.ceoforlifeawards.com\/it\/blog\/comunicato-stampa-round-table-osservatorio-nazionale-verticale-ceoforlife-luoghi-di-lavoro-powered-by-efm\/\" >Comunicato stampa Round Table Osservatorio Nazionale Verticale CEOforLIFE Luoghi di Lavoro powered by eFM<\/a>\n                <\/span>\n                <span class=\"post-date\">\n                    11\/12\/2023\n                <\/span>\n            <\/div><div class=\"jeg_news_ticker_item jeg_news_ticker_animated  format-standard\">\n                <span>\n                    <a href=\"https:\/\/www.ceoforlifeawards.com\/it\/blog\/comunicato-stampa-round-table-osservatorio-nazionale-verticale-ceoforlife-diversity-equity-inclusion-leadership\/\" >Comunicato stampa Round Table Osservatorio Nazionale Verticale CEOforLIFE Diversity Equity Inclusion &amp; Leadership<\/a>\n                <\/span>\n                <span class=\"post-date\">\n                    11\/12\/2023\n                <\/span>\n            <\/div><div class=\"jeg_news_ticker_item jeg_news_ticker_animated  format-standard\">\n                <span>\n                    <a href=\"https:\/\/www.ceoforlifeawards.com\/it\/blog\/ripartiamo-sielte-e-maupal-insieme-per-i-giovani-detenuti-dellipm-di-nisida\/\" >Sielte: Ripartiamo, Sielte e Maupal insieme per i giovani detenuti dell\u2019IPM di Nisida<\/a>\n                <\/span>\n                <span class=\"post-date\">\n                    04\/09\/2023\n                <\/span>\n            <\/div><div class=\"jeg_news_ticker_item jeg_news_ticker_animated  format-standard\">\n                <span>\n                    <a href=\"https:\/\/www.ceoforlifeawards.com\/it\/blog\/integrated-governance-index-2023-hera-di-nuovo-sul-podio\/\" >Integrated Governance Index 2023, Hera di nuovo sul podio<\/a>\n                <\/span>\n                <span class=\"post-date\">\n                    22\/09\/2023\n                <\/span>\n            <\/div><div class=\"jeg_news_ticker_item jeg_news_ticker_animated  format-standard\">\n                <span>\n                    <a href=\"https:\/\/www.ceoforlifeawards.com\/it\/blog\/il-gruppo-hera-e-orogel-insieme-per-una-rivoluzione-green\/\" >Il Gruppo Hera e Orogel insieme per una rivoluzione green<\/a>\n                <\/span>\n                <span class=\"post-date\">\n                    15\/09\/2023\n                <\/span>\n            <\/div><div class=\"jeg_news_ticker_item jeg_news_ticker_animated  format-standard\">\n                <span>\n                    <a href=\"https:\/\/www.ceoforlifeawards.com\/it\/blog\/qual-e-limpatto-dellattivita-delluomo-sullambiente-e-come-rendere-litalia-piu-green-e-on-lancia-un-podcast-sulla-sostenibilita\/\" >E.ON: Qual \u00e8 l\u2019impatto dell\u2019attivit\u00e0 dell\u2019uomo sull\u2019ambiente e come rendere l\u2019Italia pi\u00f9 \u201cgreen\u201d? Lanciato il podcast sulla sostenibilit\u00e0.<\/a>\n                <\/span>\n                <span class=\"post-date\">\n                    04\/09\/2023\n                <\/span>\n            <\/div><div class=\"jeg_news_ticker_item jeg_news_ticker_animated  format-standard\">\n                <span>\n                    <a href=\"https:\/\/www.ceoforlifeawards.com\/it\/blog\/il-nuovo-flagship-store-di-baldinini-a-milano-progettato-da-il-prisma\/\" >Il Prisma: progettato il nuovo flagship store di Baldinini a Milano.<\/a>\n                <\/span>\n                <span class=\"post-date\">\n                    04\/09\/2023\n                <\/span>\n            <\/div><div class=\"jeg_news_ticker_item jeg_news_ticker_animated  format-standard\">\n                <span>\n                    <a href=\"https:\/\/www.ceoforlifeawards.com\/it\/blog\/in-sogei-la-sostenibilita-passa-anche-per-la-tutela-delle-persone\/\" >Sogei: la Sostenibilit\u00e0 passa anche per la tutela delle Persone<\/a>\n                <\/span>\n                <span class=\"post-date\">\n                    04\/09\/2023\n                <\/span>\n            <\/div><div class=\"jeg_news_ticker_item jeg_news_ticker_animated  format-standard\">\n                <span>\n                    <a href=\"https:\/\/www.ceoforlifeawards.com\/it\/blog\/creare-valore-sostenibile-nel-settore-immobiliare-il-contributo-di-abaco-team\/\" >Creare Valore Sostenibile nel Settore Immobiliare: Il Contributo di Abaco Team<\/a>\n                <\/span>\n                <span class=\"post-date\">\n                    22\/06\/2023\n                <\/span>\n            <\/div><div class=\"jeg_news_ticker_item jeg_news_ticker_animated  format-standard\">\n                <span>\n                    <a href=\"https:\/\/www.ceoforlifeawards.com\/it\/blog\/children-connection-il-progetto-promosso-da-sielte-per-combattere-la-poverta-educativa-digitale\/\" >\u201cChildren Connection\u201d: il progetto promosso da Sielte per combattere la povert\u00e0 educativa digitale<\/a>\n                <\/span>\n                <span class=\"post-date\">\n                    22\/06\/2023\n                <\/span>\n            <\/div><div class=\"jeg_news_ticker_item jeg_news_ticker_animated  format-standard\">\n                <span>\n                    <a href=\"https:\/\/www.ceoforlifeawards.com\/it\/blog\/roche-torna-a-farsi-in-4-ecco-il-programma-delle-iniziative-a-favore-della-sostenibilita\/\" >Roche \u201ctorna a farsi in 4\u201d: ecco il programma delle iniziative a favore della sostenibilit\u00e0<\/a>\n                <\/span>\n                <span class=\"post-date\">\n                    22\/06\/2023\n                <\/span>\n            <\/div><div class=\"jeg_news_ticker_item jeg_news_ticker_animated  format-standard\">\n                <span>\n                    <a href=\"https:\/\/www.ceoforlifeawards.com\/it\/blog\/ricerca-indipendente-contro-il-tumore-al-polmone-ecco-i-progetti-vincitori-del-bando-di-sanofi\/\" >Ricerca indipendente contro il tumore al polmone, ecco i progetti vincitori del bando di Sanofi<\/a>\n                <\/span>\n                <span class=\"post-date\">\n                    22\/06\/2023\n                <\/span>\n            <\/div><div class=\"jeg_news_ticker_item jeg_news_ticker_animated  format-standard\">\n                <span>\n                    <a href=\"https:\/\/www.ceoforlifeawards.com\/it\/blog\/perche-e-importante-il-welfare-in-un-contesto-aziendale-i-risultati-dellosservatorio-welfare-2023-di-edenred-italia\/\" >Perch\u00e9 \u00e8 importante il welfare in un contesto aziendale? I risultati dell\u2019Osservatorio Welfare 2023 di Edenred Italia<\/a>\n                <\/span>\n                <span class=\"post-date\">\n                    22\/06\/2023\n                <\/span>\n            <\/div><div class=\"jeg_news_ticker_item jeg_news_ticker_animated  format-standard\">\n                <span>\n                    <a href=\"https:\/\/www.ceoforlifeawards.com\/it\/blog\/digitalizzazione-dellautomotive-dxc-technology-e-partner-della-ferrari\/\" >Digitalizzazione dell\u2019automotive: DXC Technology \u00e8 partner della Ferrari<\/a>\n                <\/span>\n                <span class=\"post-date\">\n                    22\/06\/2023\n                <\/span>\n            <\/div><div class=\"jeg_news_ticker_item jeg_news_ticker_animated  format-standard\">\n                <span>\n                    <a href=\"https:\/\/www.ceoforlifeawards.com\/it\/blog\/deloitte-climate-sustainability-presente-al-festival-dello-sviluppo-sostenibile\/\" >Deloitte Climate &amp; Sustainability presente al Festival dello Sviluppo Sostenibile<\/a>\n                <\/span>\n                <span class=\"post-date\">\n                    22\/06\/2023\n                <\/span>\n            <\/div><div class=\"jeg_news_ticker_item jeg_news_ticker_animated  format-standard\">\n                <span>\n                    <a href=\"https:\/\/www.ceoforlifeawards.com\/it\/blog\/work-life-balance-la-formula-dedalus-per-il-benessere-dei-lavoratori\/\" >Work Life Balance: la formula Dedalus per il benessere dei lavoratori<\/a>\n                <\/span>\n                <span class=\"post-date\">\n                    22\/06\/2023\n                <\/span>\n            <\/div><div class=\"jeg_news_ticker_item jeg_news_ticker_animated  format-standard\">\n                <span>\n                    <a href=\"https:\/\/www.ceoforlifeawards.com\/it\/blog\/decarbonizzazione-dellaviazione-aeroporto-di-bologna-e-tra-i-500-aeroporti-piu-virtuosi-al-mondo\/\" >Decarbonizzazione dell\u2019aviazione, Aeroporto di Bologna \u00e8 tra i 500 aeroporti pi\u00f9 virtuosi al mondo<\/a>\n                <\/span>\n                <span class=\"post-date\">\n                    22\/06\/2023\n                <\/span>\n            <\/div><div class=\"jeg_news_ticker_item jeg_news_ticker_animated  format-standard\">\n                <span>\n                    <a href=\"https:\/\/www.ceoforlifeawards.com\/it\/blog\/citroen-presenta-ledizione-limitata-della-my-ami-buggy\/\" >Citro\u00ebn presenta l\u2019edizione limitata della \u201cMy Ami Buggy\u201d<\/a>\n                <\/span>\n                <span class=\"post-date\">\n                    22\/06\/2023\n                <\/span>\n            <\/div><div class=\"jeg_news_ticker_item jeg_news_ticker_animated  format-standard\">\n                <span>\n                    <a href=\"https:\/\/www.ceoforlifeawards.com\/it\/blog\/bff-accordo-con-kooling-per-la-mobilita-sostenibile-dei-propri-dipendenti\/\" >BFF, accordo con Kooling per la mobilit\u00e0 sostenibile dei propri dipendenti<\/a>\n                <\/span>\n                <span class=\"post-date\">\n                    22\/06\/2023\n                <\/span>\n            <\/div><div class=\"jeg_news_ticker_item jeg_news_ticker_animated  format-standard\">\n                <span>\n                    <a href=\"https:\/\/www.ceoforlifeawards.com\/it\/blog\/automobili-high-tech-partnership-tra-renault-e-valeo\/\" >Automobili high tech, partnership tra Renault e Valeo<\/a>\n                <\/span>\n                <span class=\"post-date\">\n                    22\/06\/2023\n                <\/span>\n            <\/div><div class=\"jeg_news_ticker_item jeg_news_ticker_animated  format-standard\">\n                <span>\n                    <a href=\"https:\/\/www.ceoforlifeawards.com\/it\/blog\/tperlacqua-il-patto-di-teleperformance-a-tutela-della-risorsa-naturale-piu-importante\/\" >#TPerlacqua, il \u201cpatto\u201d di Teleperformance a tutela della risorsa naturale pi\u00f9 importante.<\/a>\n                <\/span>\n                <span class=\"post-date\">\n                    22\/06\/2023\n                <\/span>\n            <\/div><div class=\"jeg_news_ticker_item jeg_news_ticker_animated  format-standard\">\n                <span>\n                    <a href=\"https:\/\/www.ceoforlifeawards.com\/it\/blog\/leader-della-sostenibilita-2023-teleperformance-italia-si-aggiudica-il-titolo\/\" >Leader della Sostenibilit\u00e0 2023: Teleperformance Italia si aggiudica il titolo<\/a>\n                <\/span>\n                <span class=\"post-date\">\n                    16\/06\/2023\n                <\/span>\n            <\/div><div class=\"jeg_news_ticker_item jeg_news_ticker_animated  format-standard\">\n                <span>\n                    <a href=\"https:\/\/www.ceoforlifeawards.com\/it\/blog\/barche-green-bosch-presenta-il-proprio-sistema-di-propulsione-elettrica\/\" >Barche green, Bosch presenta il proprio sistema di propulsione elettrica<\/a>\n                <\/span>\n                <span class=\"post-date\">\n                    13\/06\/2023\n                <\/span>\n            <\/div><div class=\"jeg_news_ticker_item jeg_news_ticker_animated  format-standard\">\n                <span>\n                    <a href=\"https:\/\/www.ceoforlifeawards.com\/it\/blog\/campionati-di-imprenditorialita-su-8-000-studenti-aderenti-la-mini-impresa-smart-bumblebees-delliiss-michelangelo-bartolo-di-siracusa-vince-il-primo-premio\/\" >CAMPIONATI DI IMPRENDITORIALITA\u2019: SU 8.000 STUDENTI ADERENTI LA MINI-IMPRESA SMART BUMBLEBEES DELL\u2019IISS \u201cMICHELANGELO BARTOLO\u201d DI SIRACUSA VINCE IL PRIMO PREMIO \u201cMIGLIOR IMPRESA IN AZIONE 2023\u201d<\/a>\n                <\/span>\n                <span class=\"post-date\">\n                    07\/06\/2023\n                <\/span>\n            <\/div><div class=\"jeg_news_ticker_item jeg_news_ticker_animated  format-standard\">\n                <span>\n                    <a href=\"https:\/\/www.ceoforlifeawards.com\/it\/blog\/al-via-abb-robocup-tour-2023-la-formazione-robotica-smart-su-misura-per-le-scuole\/\" >Al via ABB Robocup Tour 2023: la formazione robotica smart su misura per le scuole<\/a>\n                <\/span>\n                <span class=\"post-date\">\n                    07\/06\/2023\n                <\/span>\n            <\/div><div class=\"jeg_news_ticker_item jeg_news_ticker_animated  format-standard\">\n                <span>\n                    <a href=\"https:\/\/www.ceoforlifeawards.com\/it\/blog\/revaluation-trova-i-tuoi-valori-guida-levento-formativo-targato-teleperformance-italia\/\" >Revaluation- trova i tuoi valori guida, l\u2019evento formativo targato Teleperformance Italia.<\/a>\n                <\/span>\n                <span class=\"post-date\">\n                    06\/06\/2023\n                <\/span>\n            <\/div><div class=\"jeg_news_ticker_item jeg_news_ticker_animated  format-standard\">\n                <span>\n                    <a href=\"https:\/\/www.ceoforlifeawards.com\/it\/blog\/switch-il-podcast-di-abb-italia-social-progress\/\" >SWITCH Il podcast di ABB Italia \u2013 Social Progress<\/a>\n                <\/span>\n                <span class=\"post-date\">\n                    31\/05\/2023\n                <\/span>\n            <\/div><div class=\"jeg_news_ticker_item jeg_news_ticker_animated  format-standard\">\n                <span>\n                    <a href=\"https:\/\/www.ceoforlifeawards.com\/it\/blog\/lundbeck-italia-lancia-la-campagna-cambialatuarelazioneconlemicrania\/\" >Lundbeck Italia lancia la campagna: #CambiaLaTuaRelazioneConLemicrania<\/a>\n                <\/span>\n                <span class=\"post-date\">\n                    31\/05\/2023\n                <\/span>\n            <\/div><div class=\"jeg_news_ticker_item jeg_news_ticker_animated  format-standard\">\n                <span>\n                    <a href=\"https:\/\/www.ceoforlifeawards.com\/it\/blog\/nasce-healthcare-business-domain-di-fujifilm-italia\/\" >Nasce Healthcare Business Domain di Fujifilm Italia<\/a>\n                <\/span>\n                <span class=\"post-date\">\n                    29\/05\/2023\n                <\/span>\n            <\/div><div class=\"jeg_news_ticker_item jeg_news_ticker_animated  format-standard\">\n                <span>\n                    <a href=\"https:\/\/www.ceoforlifeawards.com\/it\/blog\/sostenibilita-ambientale-la-strategia-green-di-dedalus-per-le-attivita-di-marketing\/\" >Sostenibilit\u00e0 ambientale: la strategia green di Dedalus per le attivit\u00e0 di marketing<\/a>\n                <\/span>\n                <span class=\"post-date\">\n                    26\/05\/2023\n                <\/span>\n            <\/div><div class=\"jeg_news_ticker_item jeg_news_ticker_animated  format-standard\">\n                <span>\n                    <a href=\"https:\/\/www.ceoforlifeawards.com\/it\/blog\/teleperformance-italia-ha-donato-uova-di-pasqua-ai-bambini-di-una-parrocchia-di-taranto\/\" >Teleperformance Italia ha donato uova di Pasqua ai bambini di una parrocchia di Taranto<\/a>\n                <\/span>\n                <span class=\"post-date\">\n                    24\/05\/2023\n                <\/span>\n            <\/div><div class=\"jeg_news_ticker_item jeg_news_ticker_animated  format-standard\">\n                <span>\n                    <a href=\"https:\/\/www.ceoforlifeawards.com\/it\/blog\/la-strategia-di-sostenibilita-di-communisis\/\" >La strategia di sostenibilit\u00e0 di Communisis<\/a>\n                <\/span>\n                <span class=\"post-date\">\n                    30\/01\/2024\n                <\/span>\n            <\/div><div class=\"jeg_news_ticker_item jeg_news_ticker_animated  format-standard\">\n                <span>\n                    <a href=\"https:\/\/www.ceoforlifeawards.com\/it\/blog\/cubo-il-museo-dimpresa-del-gruppo-unipol-festeggia-i-10-anni-di-attivita\/\" >CUBO, il museo d\u2019impresa del Gruppo Unipol festeggia i 10 anni di attivit\u00e0<\/a>\n                <\/span>\n                <span class=\"post-date\">\n                    22\/05\/2023\n                <\/span>\n            <\/div><div class=\"jeg_news_ticker_item jeg_news_ticker_animated  format-standard\">\n                <span>\n                    <a href=\"https:\/\/www.ceoforlifeawards.com\/it\/blog\/tutela-dellambiente-pedevilla-adotta-un-bosco-per-contribuire-ad-un-futuro-piu-sostenibile\/\" >Tutela dell\u2019ambiente: Pedevilla adotta un bosco per contribuire ad un futuro pi\u00f9 sostenibile.<\/a>\n                <\/span>\n                <span class=\"post-date\">\n                    22\/05\/2023\n                <\/span>\n            <\/div><div class=\"jeg_news_ticker_item jeg_news_ticker_animated  format-standard\">\n                <span>\n                    <a href=\"https:\/\/www.ceoforlifeawards.com\/it\/blog\/enav-dona-unambulanza-allazienda-ospedale-universita-di-padova\/\" >ENAV dona un\u2019ambulanza all\u2019Azienda Ospedale Universit\u00e0 di Padova<\/a>\n                <\/span>\n                <span class=\"post-date\">\n                    22\/05\/2023\n                <\/span>\n            <\/div><div class=\"jeg_news_ticker_item jeg_news_ticker_animated  format-standard\">\n                <span>\n                    <a href=\"https:\/\/www.ceoforlifeawards.com\/it\/blog\/raggiungere-gli-obiettivi-di-parigi-e-ancora-tecnicamente-possibile-lipcc-si-rivolge-ad-imprese-e-istituzioni-2\/\" >\u201cRaggiungere gli obiettivi di Parigi \u00e8 ancora tecnicamente possibile\u201d: l\u2019IPCC si rivolge ad imprese e istituzioni.<\/a>\n                <\/span>\n                <span class=\"post-date\">\n                    22\/05\/2023\n                <\/span>\n            <\/div><div class=\"jeg_news_ticker_item jeg_news_ticker_animated  format-standard\">\n                <span>\n                    <a href=\"https:\/\/www.ceoforlifeawards.com\/it\/blog\/dedalus-e-microsoft-insieme-per-accelerare-la-trasformazione-digitale-della-sanita\/\" >Dedalus e Microsoft insieme per accelerare la trasformazione digitale della sanit\u00e0<\/a>\n                <\/span>\n                <span class=\"post-date\">\n                    22\/05\/2023\n                <\/span>\n            <\/div><div class=\"jeg_news_ticker_item jeg_news_ticker_animated  format-standard\">\n                <span>\n                    <a href=\"https:\/\/www.ceoforlifeawards.com\/it\/blog\/poche-ragazze-nelle-materie-stem-coca-cola-hbc-italia-e-junior-achievement-premiano-le-migliori\/\" >Poche ragazze nelle materie STEM? Coca-Cola HBC Italia e Junior Achievement premiano le migliori<\/a>\n                <\/span>\n                <span class=\"post-date\">\n                    22\/05\/2023\n                <\/span>\n            <\/div><div class=\"jeg_news_ticker_item jeg_news_ticker_animated  format-standard\">\n                <span>\n                    <a href=\"https:\/\/www.ceoforlifeawards.com\/it\/blog\/lo-stampaggio-a-caldo-incontra-il-risparmio-energetico-meno-consumi-piu-prestazioni\/\" >Lo stampaggio a caldo incontra il risparmio energetico: meno consumi, pi\u00f9 prestazioni.<\/a>\n                <\/span>\n                <span class=\"post-date\">\n                    19\/05\/2023\n                <\/span>\n            <\/div><div class=\"jeg_news_ticker_item jeg_news_ticker_animated  format-standard\">\n                <span>\n                    <a href=\"https:\/\/www.ceoforlifeawards.com\/it\/blog\/raggiungere-gli-obiettivi-di-parigi-e-ancora-tecnicamente-possibile-lipcc-si-rivolge-ad-imprese-e-istituzioni\/\" >\u201cRaggiungere gli obiettivi di Parigi \u00e8 ancora tecnicamente possibile\u201d: l\u2019IPCC si rivolge ad imprese e istituzioni.<\/a>\n                <\/span>\n                <span class=\"post-date\">\n                    19\/05\/2023\n                <\/span>\n            <\/div><div class=\"jeg_news_ticker_item jeg_news_ticker_animated  format-standard\">\n                <span>\n                    <a href=\"https:\/\/www.ceoforlifeawards.com\/it\/blog\/teleperformance-italia-lancia-la-campagna-contro-lo-spreco-alimentare-spreca-meno-per-vivere-di-piu\/\" >Teleperformance Italia lancia la campagna contro lo spreco alimentare: \u201cSpreca meno per vivere di pi\u00f9\u201d<\/a>\n                <\/span>\n                <span class=\"post-date\">\n                    18\/05\/2023\n                <\/span>\n            <\/div><div class=\"jeg_news_ticker_item jeg_news_ticker_animated  format-standard\">\n                <span>\n                    <a href=\"https:\/\/www.ceoforlifeawards.com\/it\/blog\/smaltimento-e-riciclo-delle-batterie-il-sito-innovativo-di-bosch\/\" >Smaltimento e riciclo delle batterie: il sito innovativo di Bosch<\/a>\n                <\/span>\n                <span class=\"post-date\">\n                    16\/05\/2023\n                <\/span>\n            <\/div><div class=\"jeg_news_ticker_item jeg_news_ticker_animated  format-standard\">\n                <span>\n                    <a href=\"https:\/\/www.ceoforlifeawards.com\/it\/blog\/al-via-i-nuovi-bandi-di-roche-italia-per-la-ricerca-clinica-e-per-la-sclerosi-multipla\/\" >Al via i nuovi bandi di Roche Italia per la ricerca clinica e per la sclerosi multipla<\/a>\n                <\/span>\n                <span class=\"post-date\">\n                    16\/05\/2023\n                <\/span>\n            <\/div><div class=\"jeg_news_ticker_item jeg_news_ticker_animated  format-standard\">\n                <span>\n                    <a href=\"https:\/\/www.ceoforlifeawards.com\/it\/blog\/bff-banking-group-e-art-factor-al-via-a-madrid-il-secondo-anno-della-mostra-itinerante\/\" >BFF Banking Group e ART FACTOR: al via a Madrid il secondo anno della mostra itinerante<\/a>\n                <\/span>\n                <span class=\"post-date\">\n                    16\/05\/2023\n                <\/span>\n            <\/div><div class=\"jeg_news_ticker_item jeg_news_ticker_animated  format-standard\">\n                <span>\n                    <a href=\"https:\/\/www.ceoforlifeawards.com\/it\/blog\/il-prisma-partner-dellevento-best-workplaces-italia-2023\/\" >Il Prisma partner dell\u2019evento Best Workplaces Italia 2023<\/a>\n                <\/span>\n                <span class=\"post-date\">\n                    16\/05\/2023\n                <\/span>\n            <\/div><div class=\"jeg_news_ticker_item jeg_news_ticker_animated  format-standard\">\n                <span>\n                    <a href=\"https:\/\/www.ceoforlifeawards.com\/it\/blog\/simone-di-cagno-abbrescia-acquedotto-pugliese-awards-2021\/\" >Simone Di Cagno Abbrescia, Acquedotto Pugliese, Awards 2021<\/a>\n                <\/span>\n                <span class=\"post-date\">\n                    10\/05\/2023\n                <\/span>\n            <\/div><div class=\"jeg_news_ticker_item jeg_news_ticker_animated  format-standard\">\n                <span>\n                    <a href=\"https:\/\/www.ceoforlifeawards.com\/it\/blog\/tiziana-mele-lundbeck-italia-awards-2021\/\" >Tiziana Mele, Lundbeck Italia, Awards 2021<\/a>\n                <\/span>\n                <span class=\"post-date\">\n                    10\/05\/2023\n                <\/span>\n            <\/div><div class=\"jeg_news_ticker_item jeg_news_ticker_animated  format-standard\">\n                <span>\n                    <a href=\"https:\/\/www.ceoforlifeawards.com\/it\/blog\/andrea-quacivi-sogei-awards-2021\/\" >Andrea Quacivi, Sogei, Awards 2021<\/a>\n                <\/span>\n                <span class=\"post-date\">\n                    10\/05\/2023\n                <\/span>\n            <\/div><div class=\"jeg_news_ticker_item jeg_news_ticker_animated  format-standard\">\n                <span>\n                    <a href=\"https:\/\/www.ceoforlifeawards.com\/it\/blog\/riccardo-barberis-manpowergroup-italia-awards-2021\/\" >Riccardo Barberis, ManpowerGroup Italia, Awards 2021!<\/a>\n                <\/span>\n                <span class=\"post-date\">\n                    10\/05\/2023\n                <\/span>\n            <\/div><div class=\"jeg_news_ticker_item jeg_news_ticker_animated  format-standard\">\n                <span>\n                    <a href=\"https:\/\/www.ceoforlifeawards.com\/it\/blog\/enrico-cereda-ibm-awards-2021\/\" >Enrico Cereda, IBM, Awards 2021<\/a>\n                <\/span>\n                <span class=\"post-date\">\n                    10\/05\/2023\n                <\/span>\n            <\/div><div class=\"jeg_news_ticker_item jeg_news_ticker_animated  format-standard\">\n                <span>\n                    <a href=\"https:\/\/www.ceoforlifeawards.com\/it\/blog\/enrico-galasso-birra-peroni-awards-2021\/\" >Enrico Galasso, Birra Peroni, Awards 2021<\/a>\n                <\/span>\n                <span class=\"post-date\">\n                    10\/05\/2023\n                <\/span>\n            <\/div><div class=\"jeg_news_ticker_item jeg_news_ticker_animated  format-standard\">\n                <span>\n                    <a href=\"https:\/\/www.ceoforlifeawards.com\/it\/blog\/gianluca-soma-societe-general-awards-2021\/\" >Gianluca Soma, Soci\u00e9t\u00e9 G\u00e9n\u00e9ral, Awards 2021<\/a>\n                <\/span>\n                <span class=\"post-date\">\n                    10\/05\/2023\n                <\/span>\n            <\/div><div class=\"jeg_news_ticker_item jeg_news_ticker_animated  format-standard\">\n                <span>\n                    <a href=\"https:\/\/www.ceoforlifeawards.com\/it\/blog\/agostino-santoni-cisco-italy-awards-2021\/\" >Agostino Santoni, Cisco Italy, Awards 2021<\/a>\n                <\/span>\n                <span class=\"post-date\">\n                    10\/05\/2023\n                <\/span>\n            <\/div><div class=\"jeg_news_ticker_item jeg_news_ticker_animated  format-standard\">\n                <span>\n                    <a href=\"https:\/\/www.ceoforlifeawards.com\/it\/blog\/ernesto-mauri-mondadori-awards-2021\/\" >Ernesto Mauri, Mondadori, Awards 2021<\/a>\n                <\/span>\n                <span class=\"post-date\">\n                    10\/05\/2023\n                <\/span>\n            <\/div><div class=\"jeg_news_ticker_item jeg_news_ticker_animated  format-standard\">\n                <span>\n                    <a href=\"https:\/\/www.ceoforlifeawards.com\/it\/blog\/giuseppina-di-foggia-nokia-italia-awards-2021\/\" >Giuseppina Di Foggia, Nokia Italia, Awards 2021<\/a>\n                <\/span>\n                <span class=\"post-date\">\n                    10\/05\/2023\n                <\/span>\n            <\/div><div class=\"jeg_news_ticker_item jeg_news_ticker_animated  format-standard\">\n                <span>\n                    <a href=\"https:\/\/www.ceoforlifeawards.com\/it\/blog\/paolo-penati-qvc-italia-awards-2021\/\" >Paolo Penati, Qvc Italia, Awards 2021<\/a>\n                <\/span>\n                <span class=\"post-date\">\n                    10\/05\/2023\n                <\/span>\n            <\/div><div class=\"jeg_news_ticker_item jeg_news_ticker_animated  format-standard\">\n                <span>\n                    <a href=\"https:\/\/www.ceoforlifeawards.com\/it\/blog\/luca-palermo-fiera-milano-awards-2021\/\" >Luca Palermo, Fiera Milano, Awards 2021<\/a>\n                <\/span>\n                <span class=\"post-date\">\n                    10\/05\/2023\n                <\/span>\n            <\/div><div class=\"jeg_news_ticker_item jeg_news_ticker_animated  format-standard\">\n                <span>\n                    <a href=\"https:\/\/www.ceoforlifeawards.com\/it\/blog\/stefano-venier-gruppo-hera-awards-2021\/\" >Stefano Venier, Gruppo Hera, Awards 2021<\/a>\n                <\/span>\n                <span class=\"post-date\">\n                    19\/09\/2023\n                <\/span>\n            <\/div><div class=\"jeg_news_ticker_item jeg_news_ticker_animated  format-standard\">\n                <span>\n                    <a href=\"https:\/\/www.ceoforlifeawards.com\/it\/blog\/alberto-chiarini-eni-awards-2021\/\" >Alberto Chiarini, Eni, Awards 2021<\/a>\n                <\/span>\n                <span class=\"post-date\">\n                    10\/05\/2023\n                <\/span>\n            <\/div><div class=\"jeg_news_ticker_item jeg_news_ticker_animated  format-standard\">\n                <span>\n                    <a href=\"https:\/\/www.ceoforlifeawards.com\/it\/blog\/stefano-venturi-hewlett-packard-enterprise-italia-awards-2021\/\" >Stefano Venturi, Hewlett Packard Enterprise Italia, awards 2021<\/a>\n                <\/span>\n                <span class=\"post-date\">\n                    10\/05\/2023\n                <\/span>\n            <\/div><div class=\"jeg_news_ticker_item jeg_news_ticker_animated  format-standard\">\n                <span>\n                    <a href=\"https:\/\/www.ceoforlifeawards.com\/it\/blog\/giovanni-malago-coni-awards-2021\/\" >Giovanni Malag\u00f2, Coni, Awards 2021<\/a>\n                <\/span>\n                <span class=\"post-date\">\n                    10\/05\/2023\n                <\/span>\n            <\/div><div class=\"jeg_news_ticker_item jeg_news_ticker_animated  format-standard\">\n                <span>\n                    <a href=\"https:\/\/www.ceoforlifeawards.com\/it\/blog\/giacomo-cortesi-serapian-awards-2021\/\" >Giacomo Cortesi, Serapian, Awards 2021<\/a>\n                <\/span>\n                <span class=\"post-date\">\n                    10\/05\/2023\n                <\/span>\n            <\/div><div class=\"jeg_news_ticker_item jeg_news_ticker_animated  format-standard\">\n                <span>\n                    <a href=\"https:\/\/www.ceoforlifeawards.com\/it\/blog\/paolo-compostella-apco-worldwide-awards-2021\/\" >Paolo Compostella, Apco Worldwide, Awards 2021<\/a>\n                <\/span>\n                <span class=\"post-date\">\n                    10\/05\/2023\n                <\/span>\n            <\/div><div class=\"jeg_news_ticker_item jeg_news_ticker_animated  format-standard\">\n                <span>\n                    <a href=\"https:\/\/www.ceoforlifeawards.com\/it\/blog\/marcello-cattani-sanofi-awards-2021\/\" >Marcello Cattani, Sanofi, Awards 2021<\/a>\n                <\/span>\n                <span class=\"post-date\">\n                    10\/05\/2023\n                <\/span>\n            <\/div><div class=\"jeg_news_ticker_item jeg_news_ticker_animated  format-standard\">\n                <span>\n                    <a href=\"https:\/\/www.ceoforlifeawards.com\/it\/blog\/marilu-guglielmini-fondazione-libellula-awards-2021\/\" >Maril\u00f9 Guglielmini, Fondazione Libellula, Awards 2021<\/a>\n                <\/span>\n                <span class=\"post-date\">\n                    10\/05\/2023\n                <\/span>\n            <\/div><div class=\"jeg_news_ticker_item jeg_news_ticker_animated  format-standard\">\n                <span>\n                    <a href=\"https:\/\/www.ceoforlifeawards.com\/it\/blog\/antonio-turroni-covisian-awards-2021\/\" >Antonio Turroni, Covisian, Awards 2021<\/a>\n                <\/span>\n                <span class=\"post-date\">\n                    10\/05\/2023\n                <\/span>\n            <\/div><div class=\"jeg_news_ticker_item jeg_news_ticker_animated  format-standard\">\n                <span>\n                    <a href=\"https:\/\/www.ceoforlifeawards.com\/it\/blog\/pietro-cum-elis-awards-2021\/\" >Pietro Cum, Elis, Awards 2021<\/a>\n                <\/span>\n                <span class=\"post-date\">\n                    10\/05\/2023\n                <\/span>\n            <\/div><div class=\"jeg_news_ticker_item jeg_news_ticker_animated  format-standard\">\n                <span>\n                    <a href=\"https:\/\/www.ceoforlifeawards.com\/it\/blog\/kristin-engvig-winconference-awards-2021\/\" >Kristin Engvig, WINConference, Awards 2021<\/a>\n                <\/span>\n                <span class=\"post-date\">\n                    10\/05\/2023\n                <\/span>\n            <\/div><div class=\"jeg_news_ticker_item jeg_news_ticker_animated  format-standard\">\n                <span>\n                    <a href=\"https:\/\/www.ceoforlifeawards.com\/it\/blog\/carlo-tamburi-enel-italia-awards-2021\/\" >Carlo Tamburi, Enel Italia, Awards 2021<\/a>\n                <\/span>\n                <span class=\"post-date\">\n                    10\/05\/2023\n                <\/span>\n            <\/div><div class=\"jeg_news_ticker_item jeg_news_ticker_animated  format-standard\">\n                <span>\n                    <a href=\"https:\/\/www.ceoforlifeawards.com\/it\/blog\/earth-day-2023-limpegno-di-teleperformance-italia\/\" >Earth Day 2023, l\u2019impegno di Teleperformance Italia<\/a>\n                <\/span>\n                <span class=\"post-date\">\n                    10\/05\/2023\n                <\/span>\n            <\/div><div class=\"jeg_news_ticker_item jeg_news_ticker_animated  format-standard\">\n                <span>\n                    <a href=\"https:\/\/www.ceoforlifeawards.com\/it\/blog\/switch-il-podcast-di-abb-italia-acqua\/\" >SWITCH Il podcast di ABB Italia \u2013 Acqua<\/a>\n                <\/span>\n                <span class=\"post-date\">\n                    08\/05\/2023\n                <\/span>\n            <\/div><div class=\"jeg_news_ticker_item jeg_news_ticker_animated  format-standard\">\n                <span>\n                    <a href=\"https:\/\/www.ceoforlifeawards.com\/it\/blog\/ruolo-della-donna-e-stereotipi-di-genere-i-temi-dello-spettacolo-organizzato-da-teleperformance-italia-con-sostegno-donna\/\" >Ruolo della donna e stereotipi di genere: i temi dello spettacolo organizzato da Teleperformance Italia con \u201cSostegno Donna\u201d<\/a>\n                <\/span>\n                <span class=\"post-date\">\n                    28\/04\/2023\n                <\/span>\n            <\/div><div class=\"jeg_news_ticker_item jeg_news_ticker_animated  format-standard\">\n                <span>\n                    <a href=\"https:\/\/www.ceoforlifeawards.com\/it\/blog\/la-strategia-di-sostenibilita-di-abaco-team-societa-del-gruppo-gabetti\/\" >La strategia di sostenibilit\u00e0 di Abaco Team, societ\u00e0 del Gruppo Gabetti<\/a>\n                <\/span>\n                <span class=\"post-date\">\n                    27\/04\/2023\n                <\/span>\n            <\/div><div class=\"jeg_news_ticker_item jeg_news_ticker_animated  format-standard\">\n                <span>\n                    <a href=\"https:\/\/www.ceoforlifeawards.com\/it\/blog\/switch-il-podcast-di-abb-italia-efficienza-energetica\/\" >SWITCH Il podcast di ABB Italia \u2013 Efficienza energetica<\/a>\n                <\/span>\n                <span class=\"post-date\">\n                    26\/04\/2023\n                <\/span>\n            <\/div><div class=\"jeg_news_ticker_item jeg_news_ticker_animated  format-standard\">\n                <span>\n                    <a href=\"https:\/\/www.ceoforlifeawards.com\/it\/blog\/avvicinare-imprese-ed-istituzioni-alla-ricerca-scientifica-per-affrontare-transizione-energetica-ed-ambientale-nasce-il-competency-lab-di-deloitte-climatesustainability\/\" >Avvicinare imprese ed istituzioni alla ricerca scientifica per affrontare transizione energetica ed ambientale: nasce il Competency Lab di Deloitte Climate&amp;Sustainability<\/a>\n                <\/span>\n                <span class=\"post-date\">\n                    26\/04\/2023\n                <\/span>\n            <\/div><div class=\"jeg_news_ticker_item jeg_news_ticker_animated  format-standard\">\n                <span>\n                    <a href=\"https:\/\/www.ceoforlifeawards.com\/it\/blog\/gruppo-hera-dal-pnrr-oltre-19-milioni-per-i-servizi-ambientali\/\" >Gruppo Hera: dal PNRR oltre 19 milioni per i servizi ambientali<\/a>\n                <\/span>\n                <span class=\"post-date\">\n                    22\/09\/2023\n                <\/span>\n            <\/div><div class=\"jeg_news_ticker_item jeg_news_ticker_animated  format-standard\">\n                <span>\n                    <a href=\"https:\/\/www.ceoforlifeawards.com\/it\/blog\/parita-di-genere-tutela-della-diversita-e-inclusione-gruppo-hera-nel-bloomberg-gender-equality-index-2023-per-il-quarto-anno-consecutivo\/\" >Parit\u00e0 di genere, tutela della diversit\u00e0 e inclusione: Gruppo Hera nel Bloomberg Gender-Equality Index 2023 per il quarto anno consecutivo<\/a>\n                <\/span>\n                <span class=\"post-date\">\n                    22\/09\/2023\n                <\/span>\n            <\/div><div class=\"jeg_news_ticker_item jeg_news_ticker_animated  format-standard\">\n                <span>\n                    <a href=\"https:\/\/www.ceoforlifeawards.com\/it\/blog\/la-sostenibilita-in-teleperformance-italia-la-survey-di-teleperformance-per-capire-il-posizionamento-aziendale-sui-temi-della-sostenibilita\/\" >\u201cLa sostenibilit\u00e0 in Teleperformance Italia\u201d: la survey di Teleperformance per capire il posizionamento aziendale sui temi della sostenibilit\u00e0<\/a>\n                <\/span>\n                <span class=\"post-date\">\n                    20\/04\/2023\n                <\/span>\n            <\/div><div class=\"jeg_news_ticker_item jeg_news_ticker_animated  format-standard\">\n                <span>\n                    <a href=\"https:\/\/www.ceoforlifeawards.com\/it\/blog\/gruppo-hera-ottiene-la-certificazione-top-employer-per-il-14-anno-consecutivo\/\" >Gruppo Hera ottiene la certificazione Top Employer per il 14\u00b0 anno consecutivo<\/a>\n                <\/span>\n                <span class=\"post-date\">\n                    22\/09\/2023\n                <\/span>\n            <\/div><div class=\"jeg_news_ticker_item jeg_news_ticker_animated  format-standard\">\n                <span>\n                    <a href=\"https:\/\/www.ceoforlifeawards.com\/it\/blog\/cisco-attacchi-informatici-prevenire-e-meglio-che-curare\/\" >Cisco: attacchi informatici, prevenire \u00e8 meglio che curare<\/a>\n                <\/span>\n                <span class=\"post-date\">\n                    19\/04\/2023\n                <\/span>\n            <\/div><div class=\"jeg_news_ticker_item jeg_news_ticker_animated  format-standard\">\n                <span>\n                    <a href=\"https:\/\/www.ceoforlifeawards.com\/it\/blog\/teleperformance-italia-si-classifica-al-secondo-posto-nella-classifica-best-workplaces-for-women\/\" >Teleperformance Italia si classifica al secondo posto nella classifica Best Workplaces for Women<\/a>\n                <\/span>\n                <span class=\"post-date\">\n                    19\/04\/2023\n                <\/span>\n            <\/div><div class=\"jeg_news_ticker_item jeg_news_ticker_animated  format-standard\">\n                <span>\n                    <a href=\"https:\/\/www.ceoforlifeawards.com\/it\/blog\/roche-italia-ottiene-la-certificazione-sulla-parita-di-genere-di-uniter\/\" >Roche Italia ottiene la certificazione sulla parit\u00e0 di genere di UNITER<\/a>\n                <\/span>\n                <span class=\"post-date\">\n                    19\/04\/2023\n                <\/span>\n            <\/div><div class=\"jeg_news_ticker_item jeg_news_ticker_animated  format-standard\">\n                <span>\n                    <a href=\"https:\/\/www.ceoforlifeawards.com\/it\/blog\/treno-della-dolce-vita-knorr-bremse-fornira-i-sistemi-tecnologici-green\/\" >Treno della Dolce Vita, Knorr-Bremse fornir\u00e0 i sistemi tecnologici green<\/a>\n                <\/span>\n                <span class=\"post-date\">\n                    19\/04\/2023\n                <\/span>\n            <\/div><div class=\"jeg_news_ticker_item jeg_news_ticker_animated  format-standard\">\n                <span>\n                    <a href=\"https:\/\/www.ceoforlifeawards.com\/it\/blog\/inwit-supportera-legambiente-per-il-monitoraggio-dellinquinamento-atmosferico\/\" >INWIT supporter\u00e0 Legambiente per il monitoraggio dell\u2019inquinamento atmosferico<\/a>\n                <\/span>\n                <span class=\"post-date\">\n                    19\/04\/2023\n                <\/span>\n            <\/div><div class=\"jeg_news_ticker_item jeg_news_ticker_animated  format-standard\">\n                <span>\n                    <a href=\"https:\/\/www.ceoforlifeawards.com\/it\/blog\/droni-per-il-trasporto-di-sangue-con-enav-e-d-flight-e-realta\/\" >Droni per il trasporto di sangue? Con ENAV e D-Flight \u00e8 realt\u00e0<\/a>\n                <\/span>\n                <span class=\"post-date\">\n                    19\/04\/2023\n                <\/span>\n            <\/div><div class=\"jeg_news_ticker_item jeg_news_ticker_animated  format-standard\">\n                <span>\n                    <a href=\"https:\/\/www.ceoforlifeawards.com\/it\/blog\/demo-day-la-fase-finale-di-magic-youman-il-programma-di-accelerazione-dedicato-alla-sostenibilita-targato-digital-magics-e-lazio-innova\/\" >Demo Day, la fase finale di Magic YouMan, il programma di accelerazione dedicato alla sostenibilit\u00e0 targato Digital Magics e Lazio Innova<\/a>\n                <\/span>\n                <span class=\"post-date\">\n                    19\/04\/2023\n                <\/span>\n            <\/div><div class=\"jeg_news_ticker_item jeg_news_ticker_animated  format-standard\">\n                <span>\n                    <a href=\"https:\/\/www.ceoforlifeawards.com\/it\/blog\/sofia-goggia-e-il-nuovo-volto-di-deloitte-italia-per-la-sostenibilita\/\" >Sofia Goggia \u00e8 il nuovo volto di Deloitte Italia per la sostenibilit\u00e0<\/a>\n                <\/span>\n                <span class=\"post-date\">\n                    19\/04\/2023\n                <\/span>\n            <\/div><div class=\"jeg_news_ticker_item jeg_news_ticker_animated  format-standard\">\n                <span>\n                    <a href=\"https:\/\/www.ceoforlifeawards.com\/it\/blog\/come-promuovere-la-mobilita-elettrica-bosch-facilita-i-processi-legati-alla-modalita-di-ricarica-dei-veicoli\/\" >Come promuovere la mobilit\u00e0 elettrica? Bosch facilita i processi legati alla modalit\u00e0 di ricarica dei veicoli<\/a>\n                <\/span>\n                <span class=\"post-date\">\n                    19\/04\/2023\n                <\/span>\n            <\/div><div class=\"jeg_news_ticker_item jeg_news_ticker_animated  format-standard\">\n                <span>\n                    <a href=\"https:\/\/www.ceoforlifeawards.com\/it\/blog\/avanade-si-conferma-top-employer-2023\/\" >Avanade si conferma Top Employer 2023<\/a>\n                <\/span>\n                <span class=\"post-date\">\n                    19\/04\/2023\n                <\/span>\n            <\/div><div class=\"jeg_news_ticker_item jeg_news_ticker_animated  format-standard\">\n                <span>\n                    <a href=\"https:\/\/www.ceoforlifeawards.com\/it\/blog\/parita-di-genere-aubay-italia-italia-ottiene-e-tra-le-prime-aziende-ad-aver-ottenuto-la-certificazione-pdr-uni-125\/\" >Parit\u00e0 di genere: Aubay Italia ottiene \u00e8 tra le prime aziende ad aver ottenuto la certificazione PdR UNI 125<\/a>\n                <\/span>\n                <span class=\"post-date\">\n                    25\/07\/2023\n                <\/span>\n            <\/div><div class=\"jeg_news_ticker_item jeg_news_ticker_animated  format-standard\">\n                <span>\n                    <a href=\"https:\/\/www.ceoforlifeawards.com\/it\/blog\/alleanza-assicurazioni-davide-passero-al-business-talk-leconomia-della-sostenibilita\/\" >Alleanza Assicurazioni: Davide Passero al business talk \u201cL\u2019Economia della Sostenibilit\u00e0\u201d<\/a>\n                <\/span>\n                <span class=\"post-date\">\n                    19\/04\/2023\n                <\/span>\n            <\/div><div class=\"jeg_news_ticker_item jeg_news_ticker_animated  format-standard\">\n                <span>\n                    <a href=\"https:\/\/www.ceoforlifeawards.com\/it\/blog\/al-via-mob-il-progetto-di-mobilita-sostenibile-che-coinvolge-la-generazione-z\/\" >Al via MOB, il progetto di mobilit\u00e0 sostenibile che coinvolge la generazione Z<\/a>\n                <\/span>\n                <span class=\"post-date\">\n                    19\/04\/2023\n                <\/span>\n            <\/div><div class=\"jeg_news_ticker_item jeg_news_ticker_animated  format-standard\">\n                <span>\n                    <a href=\"https:\/\/www.ceoforlifeawards.com\/it\/blog\/giornata-mondiale-delle-malattie-rare-sanofi-lancia-la-campagna-il-valore-del-tempo\/\" >Giornata Mondiale delle Malattie Rare: Sanofi lancia la campagna \u201cIl valore del tempo\u201d<\/a>\n                <\/span>\n                <span class=\"post-date\">\n                    19\/04\/2023\n                <\/span>\n            <\/div><div class=\"jeg_news_ticker_item jeg_news_ticker_animated  format-standard\">\n                <span>\n                    <a href=\"https:\/\/www.ceoforlifeawards.com\/it\/blog\/gruppo-hera-piano-industriale-al-2026-con-oltre-41-miliardi-di-investimenti-per-aumentare-la-creazione-di-valore-a-beneficio-di-tutti-gli-stakeholder\/\" >Gruppo Hera: Piano industriale al 2026 con oltre 4,1 miliardi di investimenti per aumentare la creazione di valore a beneficio di tutti gli stakeholder<\/a>\n                <\/span>\n                <span class=\"post-date\">\n                    22\/09\/2023\n                <\/span>\n            <\/div><div class=\"jeg_news_ticker_item jeg_news_ticker_animated  format-standard\">\n                <span>\n                    <a href=\"https:\/\/www.ceoforlifeawards.com\/it\/blog\/enav-ha-approvato-il-bilancio-di-sostenibilita-2022\/\" >ENAV ha approvato il Bilancio di Sostenibilit\u00e0 2022<\/a>\n                <\/span>\n                <span class=\"post-date\">\n                    18\/04\/2023\n                <\/span>\n            <\/div><div class=\"jeg_news_ticker_item jeg_news_ticker_animated  format-standard\">\n                <span>\n                    <a href=\"https:\/\/www.ceoforlifeawards.com\/it\/blog\/autogrill-e-la-comunita-san-patrignano-rafforzano-la-propria-partnership\/\" >Autogrill e la Comunit\u00e0 San Patrignano rafforzano la propria partnership<\/a>\n                <\/span>\n                <span class=\"post-date\">\n                    17\/04\/2023\n                <\/span>\n            <\/div><div class=\"jeg_news_ticker_item jeg_news_ticker_animated  format-standard\">\n                <span>\n                    <a href=\"https:\/\/www.ceoforlifeawards.com\/it\/blog\/bosch-italia-con-fondazione-laureus-a-sostegno-del-progetto-socialosa-overlimits\/\" >Bosch Italia con Fondazione Laureus a sostegno del progetto \u201cSocialOsa Overlimits\u201d<\/a>\n                <\/span>\n                <span class=\"post-date\">\n                    14\/04\/2023\n                <\/span>\n            <\/div><div class=\"jeg_news_ticker_item jeg_news_ticker_animated  format-standard\">\n                <span>\n                    <a href=\"https:\/\/www.ceoforlifeawards.com\/it\/blog\/conit-sceglie-le-soluzioni-abb-per-la-realizzazione-di-un-prototipo-innovativo-di-cabina-per-navi-da-crociera\/\" >Conit sceglie le soluzioni ABB per la realizzazione di un prototipo innovativo di cabina per navi da crociera<\/a>\n                <\/span>\n                <span class=\"post-date\">\n                    14\/04\/2023\n                <\/span>\n            <\/div><div class=\"jeg_news_ticker_item jeg_news_ticker_animated  format-standard\">\n                <span>\n                    <a href=\"https:\/\/www.ceoforlifeawards.com\/it\/blog\/ceoforlife-magazine-n-11\/\" >CEOforLIFE Magazine n. 11<\/a>\n                <\/span>\n                <span class=\"post-date\">\n                    10\/05\/2023\n                <\/span>\n            <\/div><div class=\"jeg_news_ticker_item jeg_news_ticker_animated  format-standard\">\n                <span>\n                    <a href=\"https:\/\/www.ceoforlifeawards.com\/it\/blog\/una-ricerca-mostra-come-le-incertezze-legate-allenergia-influenzano-la-competitivita-delle-imprese-la-forza-lavoro-e-la-decarbonizzazione\/\" >Una ricerca mostra come le incertezze legate all\u2019energia  influenzano la competitivit\u00e0 delle imprese, la forza lavoro e la decarbonizzazione<\/a>\n                <\/span>\n                <span class=\"post-date\">\n                    03\/04\/2023\n                <\/span>\n            <\/div><div class=\"jeg_news_ticker_item jeg_news_ticker_animated  format-standard\">\n                <span>\n                    <a href=\"https:\/\/www.ceoforlifeawards.com\/it\/blog\/inaugurata-la-metaverse-dome-di-engineering-in-occasione-di-obiettivo-5\/\" >Inaugurata la Metaverse Dome di Engineering in occasione di Obiettivo 5<\/a>\n                <\/span>\n                <span class=\"post-date\">\n                    28\/03\/2023\n                <\/span>\n            <\/div><div class=\"jeg_news_ticker_item jeg_news_ticker_animated  format-standard\">\n                <span>\n                    <a href=\"https:\/\/www.ceoforlifeawards.com\/it\/blog\/una-preghiera-per-la-pace-liniziativa-di-teleperformance-italia-per-ricordare-lo-scoppio-del-conflitto-in-ucraina\/\" >\u201cUna Preghiera per la Pace\u201d, l\u2019iniziativa di Teleperformance Italia per ricordare lo scoppio del conflitto in Ucraina<\/a>\n                <\/span>\n                <span class=\"post-date\">\n                    27\/03\/2023\n                <\/span>\n            <\/div><div class=\"jeg_news_ticker_item jeg_news_ticker_animated  format-standard\">\n                <span>\n                    <a href=\"https:\/\/www.ceoforlifeawards.com\/it\/blog\/donne-e-finanza-ritratto-delle-donne-italiane-tra-inclusione-e-gender-gap-lo-studio-di-mastercard-che-indaga-il-rapporto-tra-donne-e-finanza\/\" >\u201cDonne e finanza: ritratto delle donne italiane tra inclusione e gender gap\u201d, lo studio di Mastercard che indaga il rapporto tra donne e finanza<\/a>\n                <\/span>\n                <span class=\"post-date\">\n                    24\/03\/2023\n                <\/span>\n            <\/div><div class=\"jeg_news_ticker_item jeg_news_ticker_animated  format-standard\">\n                <span>\n                    <a href=\"https:\/\/www.ceoforlifeawards.com\/it\/blog\/una-raccolta-fondi-per-sostenere-le-popolazioni-colpite-dal-terremoto-in-turchia-e-siria-limpegno-solidale-di-teleperformance\/\" >Una raccolta fondi per sostenere le popolazioni colpite dal terremoto in Turchia e Siria: l\u2019impegno solidale di Teleperformance<\/a>\n                <\/span>\n                <span class=\"post-date\">\n                    23\/03\/2023\n                <\/span>\n            <\/div><div class=\"jeg_news_ticker_item jeg_news_ticker_animated  format-standard\">\n                <span>\n                    <a href=\"https:\/\/www.ceoforlifeawards.com\/it\/blog\/sostenere-le-aziende-nel-raggiungere-gli-obiettivi-di-sostenibilita-cisco-lo-fa-attraverso-carbon-emissions-insights-la-nuova-integrazione-in-webex-control-hub\/\" >Sostenere le aziende nel raggiungere gli obiettivi di sostenibilit\u00e0: Cisco lo fa attraverso Carbon Emissions Insights, la nuova integrazione in Webex Control Hub<\/a>\n                <\/span>\n                <span class=\"post-date\">\n                    22\/03\/2023\n                <\/span>\n            <\/div><div class=\"jeg_news_ticker_item jeg_news_ticker_animated  format-standard\">\n                <span>\n                    <a href=\"https:\/\/www.ceoforlifeawards.com\/it\/blog\/toyota-lancia-la-campagna-start-your-impossible-e-sara-partner-ufficiale-dei-giochi-olimpici-e-paralimpici-2024-a-parigi\/\" >Toyota lancia la campagna \u201cStart Your Impossible\u201d e sar\u00e0 partner ufficiale dei Giochi Olimpici e Paralimpici 2024 a Parigi<\/a>\n                <\/span>\n                <span class=\"post-date\">\n                    22\/03\/2023\n                <\/span>\n            <\/div><div class=\"jeg_news_ticker_item jeg_news_ticker_animated  format-standard\">\n                <span>\n                    <a href=\"https:\/\/www.ceoforlifeawards.com\/it\/blog\/coca-cola-hbc-italia-e-la-leadership-femminile-lesempio-di-maria-teresa-sorrentino\/\" >Coca-Cola HBC Italia e la leadership femminile: l\u2019esempio di Maria Teresa Sorrentino<\/a>\n                <\/span>\n                <span class=\"post-date\">\n                    22\/03\/2023\n                <\/span>\n            <\/div><div class=\"jeg_news_ticker_item jeg_news_ticker_animated  format-standard\">\n                <span>\n                    <a href=\"https:\/\/www.ceoforlifeawards.com\/it\/blog\/deloitte-il-terzo-settore-e-uno-dei-pilastri-fondamentali-della-sostenibilita\/\" >Deloitte: il Terzo Settore \u00e8 uno dei pilastri fondamentali della sostenibilit\u00e0<\/a>\n                <\/span>\n                <span class=\"post-date\">\n                    20\/03\/2023\n                <\/span>\n            <\/div><div class=\"jeg_news_ticker_item jeg_news_ticker_animated  format-standard\">\n                <span>\n                    <a href=\"https:\/\/www.ceoforlifeawards.com\/it\/blog\/enav-dona-due-ambulanze-alla-croce-rossa-italiana-per-attivita-in-ucraina\/\" >ENAV dona due ambulanze alla Croce Rossa Italiana per attivit\u00e0 in Ucraina<\/a>\n                <\/span>\n                <span class=\"post-date\">\n                    20\/03\/2023\n                <\/span>\n            <\/div><div class=\"jeg_news_ticker_item jeg_news_ticker_animated  format-standard\">\n                <span>\n                    <a href=\"https:\/\/www.ceoforlifeawards.com\/it\/blog\/roma-capitale-monitora-i-consumi-energetici-grazie-a-engineering-gia-risparmiato-1-milione-di-euro\/\" >Roma Capitale monitora i consumi energetici grazie a Engineering: gi\u00e0 risparmiato 1 milione di euro<\/a>\n                <\/span>\n                <span class=\"post-date\">\n                    20\/03\/2023\n                <\/span>\n            <\/div><div class=\"jeg_news_ticker_item jeg_news_ticker_animated  format-standard\">\n                <span>\n                    <a href=\"https:\/\/www.ceoforlifeawards.com\/it\/blog\/bnl-e-bnp-paribas-in-italia-nel-2022-raccolti-78-milioni-di-euro-per-telethon\/\" >BNL e BNP Paribas in Italia: nel 2022 raccolti 7,8 milioni di euro per Telethon<\/a>\n                <\/span>\n                <span class=\"post-date\">\n                    20\/03\/2023\n                <\/span>\n            <\/div><div class=\"jeg_news_ticker_item jeg_news_ticker_animated  format-standard\">\n                <span>\n                    <a href=\"https:\/\/www.ceoforlifeawards.com\/it\/blog\/citroen-presenta-in-italia-oli-all-e-la-nuova-concept-car-elettrica\/\" >Citro\u00ebn presenta in Italia oli [all-\u00eb], la nuova concept car elettrica<\/a>\n                <\/span>\n                <span class=\"post-date\">\n                    20\/03\/2023\n                <\/span>\n            <\/div><div class=\"jeg_news_ticker_item jeg_news_ticker_animated  format-standard\">\n                <span>\n                    <a href=\"https:\/\/www.ceoforlifeawards.com\/it\/blog\/tutela-dellambiente-per-un-futuro-piu-green-limpegno-di-teleperformance-attraverso-il-contest-capture-the-environment\/\" >Tutela dell\u2019ambiente per un futuro pi\u00f9 green: l\u2019impegno di Teleperformance attraverso il contest Capture the Environment<\/a>\n                <\/span>\n                <span class=\"post-date\">\n                    20\/03\/2023\n                <\/span>\n            <\/div><div class=\"jeg_news_ticker_item jeg_news_ticker_animated  format-standard\">\n                <span>\n                    <a href=\"https:\/\/www.ceoforlifeawards.com\/it\/blog\/la-differenziata-fatta-male-genera-mostri-la-nuova-campagna-del-gruppo-iren-per-la-raccolta-differenziata\/\" >\u201cLa differenziata, fatta male, genera mostri\u201d: la nuova campagna del gruppo Iren per la raccolta differenziata<\/a>\n                <\/span>\n                <span class=\"post-date\">\n                    20\/03\/2023\n                <\/span>\n            <\/div><div class=\"jeg_news_ticker_item jeg_news_ticker_animated  format-standard\">\n                <span>\n                    <a href=\"https:\/\/www.ceoforlifeawards.com\/it\/blog\/edenred-italia-e-aniasa-del-sistema-confindustria-la-nuova-partnership-per-il-welfare-aziendale\/\" >Edenred Italia e ANIASA del sistema Confindustria: la nuova partnership per il welfare aziendale<\/a>\n                <\/span>\n                <span class=\"post-date\">\n                    20\/03\/2023\n                <\/span>\n            <\/div><div class=\"jeg_news_ticker_item jeg_news_ticker_animated  format-standard\">\n                <span>\n                    <a href=\"https:\/\/www.ceoforlifeawards.com\/it\/blog\/25838\/\" >Proteggere il mare vuol dire proteggere il futuro del pianeta: l\u2019impegno di E.ON su questo fronte attraverso diverse iniziative<\/a>\n                <\/span>\n                <span class=\"post-date\">\n                    22\/03\/2023\n                <\/span>\n            <\/div><div class=\"jeg_news_ticker_item jeg_news_ticker_animated  format-standard\">\n                <span>\n                    <a href=\"https:\/\/www.ceoforlifeawards.com\/it\/blog\/dxc-technology-sempre-piu-impegnata-nel-progetto-data-center-italiano-a-beneficio-di-imprese-e-pa\/\" >DXC Technology sempre pi\u00f9 impegnata nel progetto Data Center italiano, a beneficio di imprese e PA<\/a>\n                <\/span>\n                <span class=\"post-date\">\n                    20\/03\/2023\n                <\/span>\n            <\/div><div class=\"jeg_news_ticker_item jeg_news_ticker_animated  format-standard\">\n                <span>\n                    <a href=\"https:\/\/www.ceoforlifeawards.com\/it\/blog\/per-deloitte-sempre-piu-italiani-adottano-comportamenti-virtuosi-per-contenere-il-consumo-energetico\/\" >Per Deloitte sempre pi\u00f9 italiani adottano comportamenti virtuosi per contenere il consumo energetico<\/a>\n                <\/span>\n                <span class=\"post-date\">\n                    20\/03\/2023\n                <\/span>\n            <\/div><div class=\"jeg_news_ticker_item jeg_news_ticker_animated  format-standard\">\n                <span>\n                    <a href=\"https:\/\/www.ceoforlifeawards.com\/it\/blog\/misurare-la-salubrita-delle-api-e-del-miele-prodotto-lattivita-di-biomonitoraggio-di-iren-che-ha-confermato-la-qualita-dellaria-e-dellarea-del-termovalorizzatore-di-parma-e\/\" >Misurare la salubrit\u00e0 delle api e del miele prodotto: l\u2019attivit\u00e0 di biomonitoraggio di Iren che ha confermato la qualit\u00e0 dell\u2019aria e dell\u2019area del termovalorizzatore di Parma e di Torino<\/a>\n                <\/span>\n                <span class=\"post-date\">\n                    17\/03\/2023\n                <\/span>\n            <\/div><div class=\"jeg_news_ticker_item jeg_news_ticker_animated  format-standard\">\n                <span>\n                    <a href=\"https:\/\/www.ceoforlifeawards.com\/it\/blog\/boschi-e-on-liniziativa-di-e-on-a-tutela-del-pianeta\/\" >Boschi E.ON, l\u2019iniziativa di E.ON a tutela del pianeta<\/a>\n                <\/span>\n                <span class=\"post-date\">\n                    17\/03\/2023\n                <\/span>\n            <\/div><div class=\"jeg_news_ticker_item jeg_news_ticker_animated  format-standard\">\n                <span>\n                    <a href=\"https:\/\/www.ceoforlifeawards.com\/it\/blog\/progettazione-costruzione-e-gestione-del-termovalorizzatore-di-roma-acea-ambiente-risponde-allavviso-pubblico-del-comune-di-roma\/\" >Progettazione, costruzione e gestione del termovalorizzatore di Roma: Acea Ambiente risponde all\u2019avviso pubblico del Comune di Roma<\/a>\n                <\/span>\n                <span class=\"post-date\">\n                    17\/03\/2023\n                <\/span>\n            <\/div><div class=\"jeg_news_ticker_item jeg_news_ticker_animated  format-standard\">\n                <span>\n                    <a href=\"https:\/\/www.ceoforlifeawards.com\/it\/blog\/pubblicato-da-gruppo-iren-il-primo-bando-per-lutilizzo-dei-fondi-ottenuti-dal-pnrr\/\" >Pubblicato da Gruppo Iren il primo bando per l\u2019utilizzo dei fondi ottenuti dal PNRR<\/a>\n                <\/span>\n                <span class=\"post-date\">\n                    16\/03\/2023\n                <\/span>\n            <\/div><div class=\"jeg_news_ticker_item jeg_news_ticker_animated  format-standard\">\n                <span>\n                    <a href=\"https:\/\/www.ceoforlifeawards.com\/it\/blog\/fiera-milano-riconferma-il-suo-impegno-in-prima-linea-nella-sostenibilita\/\" >Fiera Milano riconferma il suo impegno in prima linea nella sostenibilit\u00e0<\/a>\n                <\/span>\n                <span class=\"post-date\">\n                    16\/03\/2023\n                <\/span>\n            <\/div><div class=\"jeg_news_ticker_item jeg_news_ticker_animated  format-standard\">\n                <span>\n                    <a href=\"https:\/\/www.ceoforlifeawards.com\/it\/blog\/tecnologia-6g-limpegno-di-bosch-in-iniziative-nazionali-ed-internazionali-per-promuoverne-lo-sviluppo\/\" >Tecnologia 6G, l&#8217;impegno di Bosch in iniziative nazionali ed internazionali per promuoverne lo sviluppo<\/a>\n                <\/span>\n                <span class=\"post-date\">\n                    15\/03\/2023\n                <\/span>\n            <\/div><div class=\"jeg_news_ticker_item jeg_news_ticker_animated  format-standard\">\n                <span>\n                    <a href=\"https:\/\/www.ceoforlifeawards.com\/it\/blog\/edison-e-la-puglia-prosegue-limpegno-per-decarbonizzare-edifici-pubblici-illuminazione-stradale-e-porti\/\" >Edison e la Puglia: prosegue l&#8217;impegno per decarbonizzare edifici pubblici, illuminazione stradale e porti<\/a>\n                <\/span>\n                <span class=\"post-date\">\n                    14\/03\/2023\n                <\/span>\n            <\/div><div class=\"jeg_news_ticker_item jeg_news_ticker_animated  format-standard\">\n                <span>\n                    <a href=\"https:\/\/www.ceoforlifeawards.com\/it\/blog\/riparte-neeton-il-progetto-di-bosch-italia-per-loccupabilita-dei-neet\/\" >Riparte NeetON, il progetto di Bosch Italia per l\u2019occupabilit\u00e0 dei Neet<\/a>\n                <\/span>\n                <span class=\"post-date\">\n                    13\/03\/2023\n                <\/span>\n            <\/div><div class=\"jeg_news_ticker_item jeg_news_ticker_animated  format-standard\">\n                <span>\n                    <a href=\"https:\/\/www.ceoforlifeawards.com\/it\/blog\/switch-il-podcast-di-abb-italia-education\/\" >SWITCH Il podcast di ABB Italia &#8211; Education<\/a>\n                <\/span>\n                <span class=\"post-date\">\n                    13\/03\/2023\n                <\/span>\n            <\/div><div class=\"jeg_news_ticker_item jeg_news_ticker_animated  format-standard\">\n                <span>\n                    <a href=\"https:\/\/www.ceoforlifeawards.com\/it\/blog\/molto-piu-di-un-ufficio-il-prisma-progetta-le-nuove-esperienze-sensoriali-del-gruppo-lvmh\/\" >Molto pi\u00f9 di un ufficio: Il Prisma progetta le nuove \u201cesperienze sensoriali\u201d del Gruppo LVMH<\/a>\n                <\/span>\n                <span class=\"post-date\">\n                    10\/03\/2023\n                <\/span>\n            <\/div><div class=\"jeg_news_ticker_item jeg_news_ticker_animated  format-standard\">\n                <span>\n                    <a href=\"https:\/\/www.ceoforlifeawards.com\/it\/blog\/ceoforlife-magazine-n-10\/\" >CEOforLIFE Magazine n. 10<\/a>\n                <\/span>\n                <span class=\"post-date\">\n                    10\/05\/2023\n                <\/span>\n            <\/div><div class=\"jeg_news_ticker_item jeg_news_ticker_animated  format-standard\">\n                <span>\n                    <a href=\"https:\/\/www.ceoforlifeawards.com\/it\/blog\/un-tour-nella-valle-del-chianti-con-moto-elettrica-promosso-da-abb-e-mobility\/\" >Un tour nella valle del Chianti con moto elettrica promosso da ABB E-mobility<\/a>\n                <\/span>\n                <span class=\"post-date\">\n                    09\/03\/2023\n                <\/span>\n            <\/div><div class=\"jeg_news_ticker_item jeg_news_ticker_animated  format-standard\">\n                <span>\n                    <a href=\"https:\/\/www.ceoforlifeawards.com\/it\/blog\/rapelli-leader-nel-settore-delle-carni-aggiorna-i-suoi-sistemi-per-unefficienza-continua\/\" >Rapelli, leader nel settore delle carni, aggiorna i suoi sistemi per un\u2019efficienza continua<\/a>\n                <\/span>\n                <span class=\"post-date\">\n                    07\/03\/2023\n                <\/span>\n            <\/div><div class=\"jeg_news_ticker_item jeg_news_ticker_animated  format-standard\">\n                <span>\n                    <a href=\"https:\/\/www.ceoforlifeawards.com\/it\/blog\/la-qualita-delle-relazioni-per-la-gestione-delle-organizzazioni-complesse-nello-spazio-post-pandemico\/\" >&#8220;La qualit\u00e0 delle relazioni per la gestione delle organizzazioni complesse nello spazio post-pandemico&#8221;<\/a>\n                <\/span>\n                <span class=\"post-date\">\n                    06\/03\/2023\n                <\/span>\n            <\/div><div class=\"jeg_news_ticker_item jeg_news_ticker_animated  format-standard\">\n                <span>\n                    <a href=\"https:\/\/www.ceoforlifeawards.com\/it\/blog\/teleperformance-e-i-bambini-di-taranto-liniziativa-sociale-in-occasione-dellultima-befana\/\" >Teleperformance e i bambini di Taranto: l\u2019iniziativa sociale in occasione dell\u2019ultima Befana<\/a>\n                <\/span>\n                <span class=\"post-date\">\n                    03\/03\/2023\n                <\/span>\n            <\/div><div class=\"jeg_news_ticker_item jeg_news_ticker_animated  format-standard\">\n                <span>\n                    <a href=\"https:\/\/www.ceoforlifeawards.com\/it\/blog\/engagement-e-senso-di-appartenenza-dei-giovani-nei-nuovi-workplace-la-sede-di-efm-a-milano-ospita-la-web-radio-hrc\/\" >Engagement e senso di appartenenza dei giovani nei nuovi workplace: la sede di eFM a Milano ospita la web radio HRC<\/a>\n                <\/span>\n                <span class=\"post-date\">\n                    03\/03\/2023\n                <\/span>\n            <\/div><div class=\"jeg_news_ticker_item jeg_news_ticker_animated  format-standard\">\n                <span>\n                    <a href=\"https:\/\/www.ceoforlifeawards.com\/it\/blog\/trendi-di-sostenibilita-attuali-e-futuri-lo-studio-annuale-di-ernstyoung-seize-the-change\/\" >Trendi di sostenibilit\u00e0 attuali e futuri: lo studio annuale di Ernst&amp;Young \u201cSeize the Change\u201d<\/a>\n                <\/span>\n                <span class=\"post-date\">\n                    02\/03\/2023\n                <\/span>\n            <\/div><div class=\"jeg_news_ticker_item jeg_news_ticker_animated  format-standard\">\n                <span>\n                    <a href=\"https:\/\/www.ceoforlifeawards.com\/it\/blog\/spazi-del-futuro-efm-ospita-a-milano-un-evento-internazionale-per-immaginare-la-rigenerazione-dei-luoghi-di-lavoro\/\" >Spazi del futuro: eFM ospita a Milano un evento internazionale per immaginare la rigenerazione dei luoghi di lavoro<\/a>\n                <\/span>\n                <span class=\"post-date\">\n                    03\/03\/2023\n                <\/span>\n            <\/div><div class=\"jeg_news_ticker_item jeg_news_ticker_animated  format-standard\">\n                <span>\n                    <a href=\"https:\/\/www.ceoforlifeawards.com\/it\/blog\/la-scuola-calcio-della-parrocchia-ha-subito-il-furto-di-tutto-lequipaggiamento-ci-pensa-teleperformance-italia\/\" >Teleperformance Italia a supporto della scuola calcio della parrocchia Ss. Angeli Custodi<\/a>\n                <\/span>\n                <span class=\"post-date\">\n                    01\/03\/2023\n                <\/span>\n            <\/div><div class=\"jeg_news_ticker_item jeg_news_ticker_animated  format-standard\">\n                <span>\n                    <a href=\"https:\/\/www.ceoforlifeawards.com\/it\/blog\/eos-conoscere-lassicurazione-il-progetto-di-unipolsai-sulleducazione-finanziaria\/\" >&#8220;Eos &#8211; Conoscere l\u2019assicurazione&#8221;, il progetto di UnipolSai sull\u2019educazione finanziaria<\/a>\n                <\/span>\n                <span class=\"post-date\">\n                    27\/02\/2023\n                <\/span>\n            <\/div><div class=\"jeg_news_ticker_item jeg_news_ticker_animated  format-standard\">\n                <span>\n                    <a href=\"https:\/\/www.ceoforlifeawards.com\/it\/blog\/teleperformance-e-la-cultura-sponsorizzato-il-restauro-de-la-caccia-di-diana-alle-gallerie-nazionali-di-arte-antica-palazzo-barberini\/\" >Teleperformance e la cultura: sponsorizzato il restauro de \u201cLa caccia di Diana\u201d alle Gallerie Nazionali di Arte Antica \u2013 Palazzo Barberini<\/a>\n                <\/span>\n                <span class=\"post-date\">\n                    27\/02\/2023\n                <\/span>\n            <\/div><div class=\"jeg_news_ticker_item jeg_news_ticker_animated  format-standard\">\n                <span>\n                    <a href=\"https:\/\/www.ceoforlifeawards.com\/it\/blog\/mastercard-a-supporto-della-riforestazione-globale-attraverso-limpegno-di-priceless-planet-coalition\/\" >Mastercard a supporto della riforestazione globale attraverso l\u2019impegno di Priceless Planet Coalition<\/a>\n                <\/span>\n                <span class=\"post-date\">\n                    27\/02\/2023\n                <\/span>\n            <\/div><div class=\"jeg_news_ticker_item jeg_news_ticker_animated  format-standard\">\n                <span>\n                    <a href=\"https:\/\/www.ceoforlifeawards.com\/it\/blog\/bosch-e-il-sondaggio-globale-sulla-transizione-energetica-per-gli-intervistati-la-chiave-e-la-tecnologia\/\" >Bosch e il sondaggio globale sulla transizione energetica: per gli intervistati la chiave \u00e8 la tecnologia<\/a>\n                <\/span>\n                <span class=\"post-date\">\n                    24\/02\/2023\n                <\/span>\n            <\/div><div class=\"jeg_news_ticker_item jeg_news_ticker_animated  format-standard\">\n                <span>\n                    <a href=\"https:\/\/www.ceoforlifeawards.com\/it\/blog\/lintelligenza-artificiale-di-ammagamma-al-servizio-di-iris-ceramica-group\/\" >L\u2019intelligenza artificiale di Ammagamma al servizio di Iris Ceramica Group<\/a>\n                <\/span>\n                <span class=\"post-date\">\n                    11\/04\/2024\n                <\/span>\n            <\/div><div class=\"jeg_news_ticker_item jeg_news_ticker_animated  format-standard\">\n                <span>\n                    <a href=\"https:\/\/www.ceoforlifeawards.com\/it\/blog\/heremo-il-progetto-di-telemedicina-di-engineering-per-il-monitoraggio-da-remoto-delle-malattie-croniche\/\" >HeReMo: il progetto di telemedicina di Engineering per il monitoraggio da remoto delle malattie croniche<\/a>\n                <\/span>\n                <span class=\"post-date\">\n                    23\/02\/2023\n                <\/span>\n            <\/div><div class=\"jeg_news_ticker_item jeg_news_ticker_animated  format-standard\">\n                <span>\n                    <a href=\"https:\/\/www.ceoforlifeawards.com\/it\/blog\/unipolsai-e-parter-di-life-ada-il-progetto-per-reagire-ai-cambiamenti-climatici-nel-settore-agricolo\/\" >UnipolSai \u00e8 parter di Life ADA, il progetto per reagire ai cambiamenti climatici nel settore agricolo<\/a>\n                <\/span>\n                <span class=\"post-date\">\n                    23\/02\/2023\n                <\/span>\n            <\/div><div class=\"jeg_news_ticker_item jeg_news_ticker_animated  format-standard\">\n                <span>\n                    <a href=\"https:\/\/www.ceoforlifeawards.com\/it\/blog\/calcolare-le-emissioni-di-co2-dei-propri-acquisti-adesso-e-possibile-grazie-a-carbon-calculator-di-mastercard-e-nexi\/\" >Calcolare le emissioni di CO2 dei propri acquisti, adesso \u00e8 possibile grazie a Carbon Calculator di Mastercard e Nexi<\/a>\n                <\/span>\n                <span class=\"post-date\">\n                    23\/02\/2023\n                <\/span>\n            <\/div><div class=\"jeg_news_ticker_item jeg_news_ticker_animated  format-standard\">\n                <span>\n                    <a href=\"https:\/\/www.ceoforlifeawards.com\/it\/blog\/dxc-technology-con-luxoft-punta-allinnovazione-del-settore-automobilistico\/\" >DXC Technology, con Luxoft, punta all\u2019innovazione del settore automobilistico<\/a>\n                <\/span>\n                <span class=\"post-date\">\n                    22\/02\/2023\n                <\/span>\n            <\/div><div class=\"jeg_news_ticker_item jeg_news_ticker_animated  format-standard\">\n                <span>\n                    <a href=\"https:\/\/www.ceoforlifeawards.com\/it\/blog\/tutela-dellambiente-ed-economia-circolare-limpegno-sostenibile-di-coca-cola-hbc-italia-premiato-dal-dow-jones-sustainability-index-2022\/\" >Tutela dell\u2019ambiente ed economia circolare: l\u2019impegno sostenibile di Coca Cola HBC Italia premiato dal Dow Jones Sustainability Index 2022<\/a>\n                <\/span>\n                <span class=\"post-date\">\n                    15\/03\/2023\n                <\/span>\n            <\/div><div class=\"jeg_news_ticker_item jeg_news_ticker_animated  format-standard\">\n                <span>\n                    <a href=\"https:\/\/www.ceoforlifeawards.com\/it\/blog\/verso-le-smart-city-efm-partner-della-challenge-lanciata-da-tim-2\/\" >Verso le Smart City: eFM partner della challenge lanciata da Tim<\/a>\n                <\/span>\n                <span class=\"post-date\">\n                    22\/02\/2023\n                <\/span>\n            <\/div><div class=\"jeg_news_ticker_item jeg_news_ticker_animated  format-standard\">\n                <span>\n                    <a href=\"https:\/\/www.ceoforlifeawards.com\/it\/blog\/knorr-bremse-e-thales-per-rendere-il-trasporto-merci-ferroviario-sempre-piu-allavanguardia\/\" >Knorr-Bremse e Thales per rendere il trasporto merci ferroviario sempre pi\u00f9 all\u2019avanguardia<\/a>\n                <\/span>\n                <span class=\"post-date\">\n                    22\/02\/2023\n                <\/span>\n            <\/div><div class=\"jeg_news_ticker_item jeg_news_ticker_animated  format-standard\">\n                <span>\n                    <a href=\"https:\/\/www.ceoforlifeawards.com\/it\/blog\/fiera-milano-misura-limpronta-delle-manifestazioni-fieristiche\/\" >Fiera Milano misura l\u2019impronta delle manifestazioni fieristiche<\/a>\n                <\/span>\n                <span class=\"post-date\">\n                    22\/02\/2023\n                <\/span>\n            <\/div><div class=\"jeg_news_ticker_item jeg_news_ticker_animated  format-standard\">\n                <span>\n                    <a href=\"https:\/\/www.ceoforlifeawards.com\/it\/blog\/enav-con-d-flight-droni-per-la-mobilita-urbana-sostenibile\/\" >ENAV con D-Flight: droni per la mobilit\u00e0 urbana sostenibile<\/a>\n                <\/span>\n                <span class=\"post-date\">\n                    22\/02\/2023\n                <\/span>\n            <\/div><div class=\"jeg_news_ticker_item jeg_news_ticker_animated  format-standard\">\n                <span>\n                    <a href=\"https:\/\/www.ceoforlifeawards.com\/it\/blog\/limpegno-di-teleperformance-per-il-diritto-alla-salute-confermata-la-collaborazione-con-la-onlus-soleterre\/\" >L\u2019impegno di Teleperformance per il diritto alla Salute: confermata la collaborazione con la Onlus Soleterre<\/a>\n                <\/span>\n                <span class=\"post-date\">\n                    22\/02\/2023\n                <\/span>\n            <\/div><div class=\"jeg_news_ticker_item jeg_news_ticker_animated  format-standard\">\n                <span>\n                    <a href=\"https:\/\/www.ceoforlifeawards.com\/it\/blog\/per-deloitte-i-top-manager-italiani-considerano-il-cambiamento-climatico-la-questione-piu-urgente-da-affrontare-nel-2023\/\" >Per Deloitte i top manager italiani considerano il cambiamento climatico la questione pi\u00f9 urgente da affrontare nel 2023<\/a>\n                <\/span>\n                <span class=\"post-date\">\n                    22\/02\/2023\n                <\/span>\n            <\/div><div class=\"jeg_news_ticker_item jeg_news_ticker_animated  format-standard\">\n                <span>\n                    <a href=\"https:\/\/www.ceoforlifeawards.com\/it\/blog\/quifinanzax-ceoforlife-dow-jones-sustainability-index-riconosce-coca-cola-come-lazienda-beverage-piu-sostenibile-al-mondo\/\" >QuiFinanzaX CEOforLife: Dow Jones Sustainability Index riconosce Coca Cola come l\u2019azienda beverage pi\u00f9 sostenibile al mondo<\/a>\n                <\/span>\n                <span class=\"post-date\">\n                    15\/03\/2023\n                <\/span>\n            <\/div><div class=\"jeg_news_ticker_item jeg_news_ticker_animated  format-standard\">\n                <span>\n                    <a href=\"https:\/\/www.ceoforlifeawards.com\/it\/blog\/come-evitare-lo-spreco-alimentare-ce-lo-dicono-pedevilla-e-banco-alimentare-con-il-progetto-siticibo\/\" >Come evitare lo spreco alimentare? Ce lo dicono Pedevilla e Banco Alimentare con il progetto SITICIBO<\/a>\n                <\/span>\n                <span class=\"post-date\">\n                    21\/02\/2023\n                <\/span>\n            <\/div><div class=\"jeg_news_ticker_item jeg_news_ticker_animated  format-standard\">\n                <span>\n                    <a href=\"https:\/\/www.ceoforlifeawards.com\/it\/blog\/abb-lancia-abb4equity-iniziativa-di-diversity-inclusion-e-personal-empowerment\/\" >ABB lancia ABB4Equity, iniziativa di Diversity &amp; Inclusion e personal empowerment<\/a>\n                <\/span>\n                <span class=\"post-date\">\n                    21\/02\/2023\n                <\/span>\n            <\/div><div class=\"jeg_news_ticker_item jeg_news_ticker_animated  format-standard\">\n                <span>\n                    <a href=\"https:\/\/www.ceoforlifeawards.com\/it\/blog\/engineering-a-fianco-del-comune-di-roma-per-migliorare-lefficienza-energetica\/\" >Engineering a fianco del Comune di Roma per migliorare l\u2019efficienza energetica<\/a>\n                <\/span>\n                <span class=\"post-date\">\n                    20\/02\/2023\n                <\/span>\n            <\/div><div class=\"jeg_news_ticker_item jeg_news_ticker_animated  format-standard\">\n                <span>\n                    <a href=\"https:\/\/www.ceoforlifeawards.com\/it\/blog\/digital-magics-ottiene-la-certificazione-internazionale-come-benefit-corporation\/\" >Digital Magics ottiene la certificazione internazionale come Benefit Corporation<\/a>\n                <\/span>\n                <span class=\"post-date\">\n                    17\/02\/2023\n                <\/span>\n            <\/div><div class=\"jeg_news_ticker_item jeg_news_ticker_animated  format-standard\">\n                <span>\n                    <a href=\"https:\/\/www.ceoforlifeawards.com\/it\/blog\/competenze-digitali-cisco-formera-10-milioni-di-persone-in-10-anni-in-europa-medio-oriente-e-africa\/\" >Competenze digitali: Cisco former\u00e0 10 milioni di persone in 10 anni in Europa, Medio Oriente e Africa<\/a>\n                <\/span>\n                <span class=\"post-date\">\n                    16\/02\/2023\n                <\/span>\n            <\/div><div class=\"jeg_news_ticker_item jeg_news_ticker_animated  format-standard\">\n                <span>\n                    <a href=\"https:\/\/www.ceoforlifeawards.com\/it\/blog\/robotica-educational-impara-con-abb\/\" >Robotica Educational &#8211; Impara con ABB<\/a>\n                <\/span>\n                <span class=\"post-date\">\n                    16\/02\/2023\n                <\/span>\n            <\/div><div class=\"jeg_news_ticker_item jeg_news_ticker_animated  format-standard\">\n                <span>\n                    <a href=\"https:\/\/www.ceoforlifeawards.com\/it\/blog\/edenred-e-lindagine-sulle-abitudini-in-pausa-pranzo-maggiore-attenzione-al-cibo-salutare-e-lotta-allo-spreco-alimentare\/\" >Edenred e l\u2019indagine sulle abitudini in pausa pranzo: maggiore attenzione al cibo salutare e lotta allo spreco alimentare<\/a>\n                <\/span>\n                <span class=\"post-date\">\n                    15\/02\/2023\n                <\/span>\n            <\/div><div class=\"jeg_news_ticker_item jeg_news_ticker_animated  format-standard\">\n                <span>\n                    <a href=\"https:\/\/www.ceoforlifeawards.com\/it\/blog\/performance-di-sostenibilita-cdp-conferma-il-rating-climate-change-a-per-gruppo-iren\/\" >Performance di sostenibilit\u00e0: CDP conferma il rating climate change A- per Gruppo Iren<\/a>\n                <\/span>\n                <span class=\"post-date\">\n                    15\/02\/2023\n                <\/span>\n            <\/div><div class=\"jeg_news_ticker_item jeg_news_ticker_animated  format-standard\">\n                <span>\n                    <a href=\"https:\/\/www.ceoforlifeawards.com\/it\/blog\/come-aiutare-i-giovani-a-dare-forma-al-proprio-futuro-intervista-a-maximo-ibarra-su-temi-e-obiettivi-dei-visionary-days\/\" >Come aiutare i giovani a dare forma al proprio futuro: intervista a Maximo Ibarra su temi e obiettivi dei Visionary Days<\/a>\n                <\/span>\n                <span class=\"post-date\">\n                    14\/02\/2023\n                <\/span>\n            <\/div><div class=\"jeg_news_ticker_item jeg_news_ticker_animated  format-standard\">\n                <span>\n                    <a href=\"https:\/\/www.ceoforlifeawards.com\/it\/blog\/switch-il-podcast-di-abb-italia\/\" >SWITCH, il podcast di ABB Italia<\/a>\n                <\/span>\n                <span class=\"post-date\">\n                    14\/02\/2023\n                <\/span>\n            <\/div><div class=\"jeg_news_ticker_item jeg_news_ticker_animated  format-standard\">\n                <span>\n                    <a href=\"https:\/\/www.ceoforlifeawards.com\/it\/blog\/ireti-entra-a-far-parte-di-open-power-grids-lassociazione-che-promuove-la-decarbonizzazione-delle-reti\/\" >IRETI entra a far parte di Open Power Grids, l\u2019associazione che promuove la decarbonizzazione delle reti<\/a>\n                <\/span>\n                <span class=\"post-date\">\n                    13\/02\/2023\n                <\/span>\n            <\/div><div class=\"jeg_news_ticker_item jeg_news_ticker_animated  format-standard\">\n                <span>\n                    <a href=\"https:\/\/www.ceoforlifeawards.com\/it\/blog\/sesta-edizione-del-welfare-index-pmi-il-report-del-2022-presentato-a-dicembre-a-roma\/\" >Sesta edizione del Welfare Index PMI, il report del 2022 presentato a dicembre a Roma<\/a>\n                <\/span>\n                <span class=\"post-date\">\n                    13\/02\/2023\n                <\/span>\n            <\/div><div class=\"jeg_news_ticker_item jeg_news_ticker_animated  format-standard\">\n                <span>\n                    <a href=\"https:\/\/www.ceoforlifeawards.com\/it\/blog\/ceoforlife-magazine-n-9\/\" >CEOforLIFE Magazine n. 9<\/a>\n                <\/span>\n                <span class=\"post-date\">\n                    10\/05\/2023\n                <\/span>\n            <\/div><div class=\"jeg_news_ticker_item jeg_news_ticker_animated  format-standard\">\n                <span>\n                    <a href=\"https:\/\/www.ceoforlifeawards.com\/it\/blog\/dipendenti-e-benessere-personale-nasce-benefit-il-life-coach-digitale-di-generali-welion\/\" >Dipendenti e benessere personale: nasce Benefit, il life coach digitale di Generali Welion<\/a>\n                <\/span>\n                <span class=\"post-date\">\n                    09\/02\/2023\n                <\/span>\n            <\/div><div class=\"jeg_news_ticker_item jeg_news_ticker_animated  format-standard\">\n                <span>\n                    <a href=\"https:\/\/www.ceoforlifeawards.com\/it\/blog\/donne-e-rivoluzione-digitale-al-centro-del-women-think-tech-di-engineering\/\" >Donne e rivoluzione digitale al centro del Women Think Tech di Engineering<\/a>\n                <\/span>\n                <span class=\"post-date\">\n                    08\/02\/2023\n                <\/span>\n            <\/div><div class=\"jeg_news_ticker_item jeg_news_ticker_animated  format-standard\">\n                <span>\n                    <a href=\"https:\/\/www.ceoforlifeawards.com\/it\/blog\/generali-welion-premiata-ai-global-banking-finance-awards\/\" >Generali Welion premiata ai Global Banking &amp; Finance Awards<\/a>\n                <\/span>\n                <span class=\"post-date\">\n                    08\/02\/2023\n                <\/span>\n            <\/div><div class=\"jeg_news_ticker_item jeg_news_ticker_animated  format-standard\">\n                <span>\n                    <a href=\"https:\/\/www.ceoforlifeawards.com\/it\/blog\/irrigazione-responsabile-il-progetto-per-migliorare-la-sostenibilita-degli-orti-urbani-di-mirafiori-sud-nellambito-del-bando-ambientazioni-2022\/\" >\u201cIrrigazione responsabile\u201d, il progetto per migliorare la sostenibilit\u00e0 degli orti urbani di Mirafiori Sud nell\u2019ambito del Bando AmbientAzioni 2022<\/a>\n                <\/span>\n                <span class=\"post-date\">\n                    08\/02\/2023\n                <\/span>\n            <\/div><div class=\"jeg_news_ticker_item jeg_news_ticker_animated  format-standard\">\n                <span>\n                    <a href=\"https:\/\/www.ceoforlifeawards.com\/it\/blog\/obiettivi-esg-pubblicato-il-bilancio-di-sostenibilita-2021-di-engineering\/\" >Obiettivi ESG, pubblicato il Bilancio di Sostenibilit\u00e0 2021 di Engineering<\/a>\n                <\/span>\n                <span class=\"post-date\">\n                    06\/02\/2023\n                <\/span>\n            <\/div><div class=\"jeg_news_ticker_item jeg_news_ticker_animated  format-standard\">\n                <span>\n                    <a href=\"https:\/\/www.ceoforlifeawards.com\/it\/blog\/liniziativa-solidale-di-teleperformance-italia-per-i-pazienti-piu-piccoli-del-santissima-annunziata-di-taranto\/\" >L\u2019iniziativa solidale di Teleperformance Italia per i pazienti pi\u00f9 piccoli del Santissima Annunziata di Taranto<\/a>\n                <\/span>\n                <span class=\"post-date\">\n                    03\/02\/2023\n                <\/span>\n            <\/div><div class=\"jeg_news_ticker_item jeg_news_ticker_animated  format-standard\">\n                <span>\n                    <a href=\"https:\/\/www.ceoforlifeawards.com\/it\/blog\/la-nuova-sede-di-sda-bocconi-school-of-management-progettata-e-realizzata-da-il-prisma\/\" >La nuova sede di SDA Bocconi School of Management progettata e realizzata da Il Prisma<\/a>\n                <\/span>\n                <span class=\"post-date\">\n                    03\/02\/2023\n                <\/span>\n            <\/div><div class=\"jeg_news_ticker_item jeg_news_ticker_animated  format-standard\">\n                <span>\n                    <a href=\"https:\/\/www.ceoforlifeawards.com\/it\/blog\/mob-il-gioco-per-coinvolgere-i-giovani-sul-tema-della-mobilita-sostenibile\/\" >MOB, il gioco per coinvolgere i giovani sul tema della mobilit\u00e0 sostenibile<\/a>\n                <\/span>\n                <span class=\"post-date\">\n                    02\/02\/2023\n                <\/span>\n            <\/div><div class=\"jeg_news_ticker_item jeg_news_ticker_animated  format-standard\">\n                <span>\n                    <a href=\"https:\/\/www.ceoforlifeawards.com\/it\/blog\/teleperformance-italia-a-supporto-dei-piu-deboli-attraverso-una-cena-sociale-per-gli-ospiti-del-centro-di-accoglienza-di-palazzo-santa-croce\/\" >Teleperformance Italia a supporto dei pi\u00f9 deboli attraverso una cena sociale per gli ospiti del centro di accoglienza di Palazzo Santa Croce<\/a>\n                <\/span>\n                <span class=\"post-date\">\n                    02\/02\/2023\n                <\/span>\n            <\/div><div class=\"jeg_news_ticker_item jeg_news_ticker_animated  format-standard\">\n                <span>\n                    <a href=\"https:\/\/www.ceoforlifeawards.com\/it\/blog\/teleperformance-a-fianco-di-alzaia-donne-e-differenza-donna-per-la-lotta-contro-la-violenza-di-genere\/\" >Teleperformance a fianco di Alzaia Donne e Differenza Donna per la lotta contro la violenza di genere<\/a>\n                <\/span>\n                <span class=\"post-date\">\n                    31\/01\/2023\n                <\/span>\n            <\/div><div class=\"jeg_news_ticker_item jeg_news_ticker_animated  format-standard\">\n                <span>\n                    <a href=\"https:\/\/www.ceoforlifeawards.com\/it\/blog\/acea-ottiene-la-certificazione-sulla-parita-di-genere\/\" >ACEA ottiene la certificazione sulla parit\u00e0 di genere<\/a>\n                <\/span>\n                <span class=\"post-date\">\n                    31\/01\/2023\n                <\/span>\n            <\/div><div class=\"jeg_news_ticker_item jeg_news_ticker_animated  format-standard\">\n                <span>\n                    <a href=\"https:\/\/www.ceoforlifeawards.com\/it\/blog\/gruppo-unipol-e-legambiente-insieme-per-valorizzare-i-luoghi-e-le-esperienze-piu-qualificanti-del-paese\/\" >Gruppo Unipol e Legambiente insieme per valorizzare i luoghi e le esperienze pi\u00f9 qualificanti del Paese<\/a>\n                <\/span>\n                <span class=\"post-date\">\n                    31\/01\/2023\n                <\/span>\n            <\/div><div class=\"jeg_news_ticker_item jeg_news_ticker_animated  format-standard\">\n                <span>\n                    <a href=\"https:\/\/www.ceoforlifeawards.com\/it\/blog\/gruppo-unipol-con-urban-up-e-inoltre-per-dare-una-nuova-veste-agli-spazi-urbani\/\" >Gruppo Unipol con \u201cUrban Up\u201d e \u201cINOLTRE\u201d per dare una nuova veste agli spazi urbani<\/a>\n                <\/span>\n                <span class=\"post-date\">\n                    27\/01\/2023\n                <\/span>\n            <\/div><div class=\"jeg_news_ticker_item jeg_news_ticker_animated  format-standard\">\n                <span>\n                    <a href=\"https:\/\/www.ceoforlifeawards.com\/it\/blog\/fintech-insurtech-proptech-e-intelligenza-artificiale-accordo-di-joint-venture-tra-digital-magics-e-intesa-sanpaolo-per-co-investire-in-finanziare-startup-nasce-la-newco-apside\/\" >Fintech, Insurtech, Proptech e Intelligenza artificiale, accordo di Joint Venture tra Digital Magics e Intesa Sanpaolo per co-investire in finanziare startup: nasce la newco Apside!<\/a>\n                <\/span>\n                <span class=\"post-date\">\n                    27\/01\/2023\n                <\/span>\n            <\/div><div class=\"jeg_news_ticker_item jeg_news_ticker_animated  format-standard\">\n                <span>\n                    <a href=\"https:\/\/www.ceoforlifeawards.com\/it\/blog\/fiera-milano-al-centro-della-sostenibilita-alimentare-con-tuttofood-2023\/\" >Fiera Milano al centro della sostenibilit\u00e0 alimentare con TUTTOFOOD 2023<\/a>\n                <\/span>\n                <span class=\"post-date\">\n                    26\/01\/2023\n                <\/span>\n            <\/div><div class=\"jeg_news_ticker_item jeg_news_ticker_animated  format-standard\">\n                <span>\n                    <a href=\"https:\/\/www.ceoforlifeawards.com\/it\/blog\/edison-e-cesab-hanno-presentato-i-risultati-dello-studio-agrigreen-fondi-2022-per-rendere-sostenibili-le-aziende-agricole-della-piana-di-fondi\/\" >Edison e Cesab hanno presentato i risultati dello studio \u201cAgrigreen Fondi 2022\u201d per rendere sostenibili le aziende agricole della Piana di Fondi<\/a>\n                <\/span>\n                <span class=\"post-date\">\n                    26\/01\/2023\n                <\/span>\n            <\/div><div class=\"jeg_news_ticker_item jeg_news_ticker_animated  format-standard\">\n                <span>\n                    <a href=\"https:\/\/www.ceoforlifeawards.com\/it\/blog\/motori-diesel-a-basse-emissioni-accordo-tra-renault-e-punch-torino\/\" >Motori diesel a basse emissioni, accordo tra Renault e PUNCH Torino<\/a>\n                <\/span>\n                <span class=\"post-date\">\n                    26\/01\/2023\n                <\/span>\n            <\/div><div class=\"jeg_news_ticker_item jeg_news_ticker_animated  format-standard\">\n                <span>\n                    <a href=\"https:\/\/www.ceoforlifeawards.com\/it\/blog\/verso-le-smart-city-efm-partner-della-challenge-lanciata-da-tim\/\" >Verso le Smart City: eFM partner della challenge lanciata da Tim<\/a>\n                <\/span>\n                <span class=\"post-date\">\n                    25\/01\/2023\n                <\/span>\n            <\/div><div class=\"jeg_news_ticker_item jeg_news_ticker_animated  format-standard\">\n                <span>\n                    <a href=\"https:\/\/www.ceoforlifeawards.com\/it\/blog\/acea-entra-a-far-parte-dellindice-mib-esg\/\" >ACEA entra a far parte dell&#8217;indice MIB ESG<\/a>\n                <\/span>\n                <span class=\"post-date\">\n                    25\/01\/2023\n                <\/span>\n            <\/div><div class=\"jeg_news_ticker_item jeg_news_ticker_animated  format-standard\">\n                <span>\n                    <a href=\"https:\/\/www.ceoforlifeawards.com\/it\/blog\/obiettivi-esg-i-risultati-raggiunti-da-cisco-descritti-dal-purpose-report-2022\/\" >Obiettivi ESG, i risultati raggiunti da Cisco descritti dal Purpose Report 2022<\/a>\n                <\/span>\n                <span class=\"post-date\">\n                    24\/01\/2023\n                <\/span>\n            <\/div><div class=\"jeg_news_ticker_item jeg_news_ticker_animated  format-standard\">\n                <span>\n                    <a href=\"https:\/\/www.ceoforlifeawards.com\/it\/blog\/lo-stabilimento-abb-di-santa-palomba-raggiunge-lobiettivo-di-zero-rifiuti-in-discarica\/\" >Lo stabilimento ABB di Santa Palomba raggiunge l&#8217;obiettivo di zero rifiuti in discarica<\/a>\n                <\/span>\n                <span class=\"post-date\">\n                    23\/01\/2023\n                <\/span>\n            <\/div><div class=\"jeg_news_ticker_item jeg_news_ticker_animated  format-standard\">\n                <span>\n                    <a href=\"https:\/\/www.ceoforlifeawards.com\/it\/blog\/per-deloitte-serve-una-transizione-attiva-verso-il-net-zero-o-800-milioni-di-posti-di-lavoro-saranno-a-rischio\/\" >Per Deloitte serve una transizione attiva verso il Net-Zero o 800 milioni di posti di lavoro saranno a rischio<\/a>\n                <\/span>\n                <span class=\"post-date\">\n                    20\/01\/2023\n                <\/span>\n            <\/div><div class=\"jeg_news_ticker_item jeg_news_ticker_animated  format-standard\">\n                <span>\n                    <a href=\"https:\/\/www.ceoforlifeawards.com\/it\/blog\/hpe-limportanza-dellapproccio-di-modelli-economici-smart-nelleconomia-circolare\/\" >HPE: l\u2019importanza dell\u2019approccio di modelli economici smart nell\u2019economia circolare<\/a>\n                <\/span>\n                <span class=\"post-date\">\n                    19\/01\/2023\n                <\/span>\n            <\/div><div class=\"jeg_news_ticker_item jeg_news_ticker_animated  format-standard\">\n                <span>\n                    <a href=\"https:\/\/www.ceoforlifeawards.com\/it\/blog\/lefficienza-energetica-e-il-modo-migliore-per-tagliare-i-costi-e-ridurre-le-emissioni-nellindustria-oggi-stesso\/\" >L\u2019efficienza energetica \u00e8 il modo migliore per tagliare i costi e ridurre le emissioni nell\u2019industria oggi stesso<\/a>\n                <\/span>\n                <span class=\"post-date\">\n                    18\/01\/2023\n                <\/span>\n            <\/div><div class=\"jeg_news_ticker_item jeg_news_ticker_animated  format-standard\">\n                <span>\n                    <a href=\"https:\/\/www.ceoforlifeawards.com\/it\/blog\/%f0%9d%91%84%f0%9d%91%a2%f0%9d%91%96%f0%9d%90%b9%f0%9d%91%96%f0%9d%91%9b%f0%9d%91%8e%f0%9d%91%9b%f0%9d%91%a7%f0%9d%91%8e-%f0%9d%91%8b-%f0%9d%90%b6%f0%9d%90%b8%f0%9d%91%82%f0%9d%91%93%f0%9d%91%9c-3\/\" >?????????? ? ??????????: &#8220;Il primo malto italiano tracciato in blockchain \u00e8 quello di Birra Peroni&#8221;<\/a>\n                <\/span>\n                <span class=\"post-date\">\n                    13\/01\/2023\n                <\/span>\n            <\/div><div class=\"jeg_news_ticker_item jeg_news_ticker_animated  format-standard\">\n                <span>\n                    <a href=\"https:\/\/www.ceoforlifeawards.com\/it\/blog\/fiera-milano-si-posiziona-nella-seconda-migliore-classe-di-rating-low-risk\/\" >Fiera Milano si posiziona nella seconda migliore classe di rating \u201cLow Risk\u201d<\/a>\n                <\/span>\n                <span class=\"post-date\">\n                    11\/01\/2023\n                <\/span>\n            <\/div><div class=\"jeg_news_ticker_item jeg_news_ticker_animated  format-standard\">\n                <span>\n                    <a href=\"https:\/\/www.ceoforlifeawards.com\/it\/blog\/%f0%9d%91%84%f0%9d%91%a2%f0%9d%91%96%f0%9d%90%b9%f0%9d%91%96%f0%9d%91%9b%f0%9d%91%8e%f0%9d%91%9b%f0%9d%91%a7%f0%9d%91%8e-%f0%9d%91%8b-%f0%9d%90%b6%f0%9d%90%b8%f0%9d%91%82%f0%9d%91%93%f0%9d%91%9c-2\/\" >?????????? ? ??????????: Teleperformance Italia \u00e8 tra i \u201cBest Workplaces for Millennials 2022\u201d<\/a>\n                <\/span>\n                <span class=\"post-date\">\n                    11\/01\/2023\n                <\/span>\n            <\/div><div class=\"jeg_news_ticker_item jeg_news_ticker_animated  format-standard\">\n                <span>\n                    <a href=\"https:\/\/www.ceoforlifeawards.com\/it\/blog\/quarta-edizione-dellosservatorio-nazionale-sulla-rendicontazione-non-finanziaria-di-deloitte-i-dati-piu-importanti-2\/\" >Quarta edizione dell&#8217;Osservatorio nazionale sulla rendicontazione non finanziaria di Deloitte: i dati pi\u00f9 importanti<\/a>\n                <\/span>\n                <span class=\"post-date\">\n                    10\/01\/2023\n                <\/span>\n            <\/div><div class=\"jeg_news_ticker_item jeg_news_ticker_animated  format-standard\">\n                <span>\n                    <a href=\"https:\/\/www.ceoforlifeawards.com\/it\/blog\/la-strategia-di-digital-magics-per-innovazione-digitalizzazione-e-sostenibilita\/\" >La strategia di Digital Magics per innovazione, digitalizzazione e sostenibilit\u00e0<\/a>\n                <\/span>\n                <span class=\"post-date\">\n                    10\/01\/2023\n                <\/span>\n            <\/div><div class=\"jeg_news_ticker_item jeg_news_ticker_animated  format-standard\">\n                <span>\n                    <a href=\"https:\/\/www.ceoforlifeawards.com\/it\/blog\/irideos-inaugura-avalon-3-il-piu-grande-data-center-iperconnesso-di-milano\/\" >IRIDEOS inaugura Avalon 3, il pi\u00f9 grande data center iperconnesso di Milano<\/a>\n                <\/span>\n                <span class=\"post-date\">\n                    10\/01\/2023\n                <\/span>\n            <\/div><div class=\"jeg_news_ticker_item jeg_news_ticker_animated  format-standard\">\n                <span>\n                    <a href=\"https:\/\/www.ceoforlifeawards.com\/it\/blog\/pedevilla-lancia-una-app-per-la-sostenibilita-e-la-corretta-alimentazione\/\" >Pedevilla lancia una app per la sostenibilit\u00e0 e la corretta alimentazione<\/a>\n                <\/span>\n                <span class=\"post-date\">\n                    10\/01\/2023\n                <\/span>\n            <\/div><div class=\"jeg_news_ticker_item jeg_news_ticker_animated  format-standard\">\n                <span>\n                    <a href=\"https:\/\/www.ceoforlifeawards.com\/it\/blog\/iren-quando-lintelligenza-artificiale-migliora-il-recupero-di-vecchi-monitor-e-tv\/\" >Iren, quando l\u2019Intelligenza artificiale migliora il recupero di vecchi monitor e tv<\/a>\n                <\/span>\n                <span class=\"post-date\">\n                    09\/01\/2023\n                <\/span>\n            <\/div><div class=\"jeg_news_ticker_item jeg_news_ticker_animated  format-standard\">\n                <span>\n                    <a href=\"https:\/\/www.ceoforlifeawards.com\/it\/blog\/una-ricerca-di-abb-mostra-come-le-citta-possono-affrontare-la-scarsita-dacqua-riducendo-le-emissioni-e-i-costi-del-trattamento-delle-acque-reflue\/\" >Una ricerca di ABB mostra come le citt\u00e0 possono affrontare la scarsit\u00e0 d\u2019acqua riducendo le emissioni e i costi del trattamento delle acque reflue<\/a>\n                <\/span>\n                <span class=\"post-date\">\n                    09\/01\/2023\n                <\/span>\n            <\/div><div class=\"jeg_news_ticker_item jeg_news_ticker_animated  format-standard\">\n                <span>\n                    <a href=\"https:\/\/www.ceoforlifeawards.com\/it\/blog\/ferroli-presente-allinclusion-job-day\/\" >Ferroli presente all\u2019Inclusion Job Day<\/a>\n                <\/span>\n                <span class=\"post-date\">\n                    09\/01\/2023\n                <\/span>\n            <\/div><div class=\"jeg_news_ticker_item jeg_news_ticker_animated  format-standard\">\n                <span>\n                    <a href=\"https:\/\/www.ceoforlifeawards.com\/it\/blog\/edenred-italia-pianta-3-000-alberi-con-treedom-liniziativa-lanciata-per-promuovere-comportamenti-virtuosi-e-ridurre-limpatto-ambientale-degli-spostamenti-casa-lavoro-dei-dipendenti\/\" >Edenred Italia pianta 3.000 alberi con Treedom. L\u2019iniziativa lanciata per promuovere comportamenti virtuosi e ridurre l\u2019impatto ambientale degli spostamenti casa-lavoro dei dipendenti<\/a>\n                <\/span>\n                <span class=\"post-date\">\n                    09\/01\/2023\n                <\/span>\n            <\/div><div class=\"jeg_news_ticker_item jeg_news_ticker_animated  format-standard\">\n                <span>\n                    <a href=\"https:\/\/www.ceoforlifeawards.com\/it\/blog\/quando-il-benessere-parte-dai-luoghi-di-lavoro-lesempio-di-birra-peroni\/\" >Quando il benessere parte dai luoghi di lavoro: l\u2019esempio di Birra Peroni<\/a>\n                <\/span>\n                <span class=\"post-date\">\n                    09\/01\/2023\n                <\/span>\n            <\/div><div class=\"jeg_news_ticker_item jeg_news_ticker_animated  format-standard\">\n                <span>\n                    <a href=\"https:\/\/www.ceoforlifeawards.com\/it\/blog\/viatris-italia-allevento-incertezza-del-futuro-distopie-nel-presente-la-salute-mentale-dei-nostri-giovani-allinterno-del-festival-dello-sviluppo-sostenibile-2022\/\" >Viatris Italia all\u2019evento \u201cIncertezza del futuro, distopie nel presente: la salute mentale dei nostri giovani\u201d all\u2019interno del Festival dello Sviluppo Sostenibile 2022.<\/a>\n                <\/span>\n                <span class=\"post-date\">\n                    09\/01\/2023\n                <\/span>\n            <\/div><div class=\"jeg_news_ticker_item jeg_news_ticker_animated  format-standard\">\n                <span>\n                    <a href=\"https:\/\/www.ceoforlifeawards.com\/it\/blog\/teleperformance-italia-e-tra-i-best-workplaces-for-millennials-2022\/\" >Teleperformance Italia \u00e8 tra i \u201cBest Workplaces for Millennials 2022\u201d<\/a>\n                <\/span>\n                <span class=\"post-date\">\n                    09\/01\/2023\n                <\/span>\n            <\/div><div class=\"jeg_news_ticker_item jeg_news_ticker_animated  format-standard\">\n                <span>\n                    <a href=\"https:\/\/www.ceoforlifeawards.com\/it\/blog\/edufin-index-losservatorio-di-alleanza-assicurazioni-sulleducazione-finanziaria-e-assicurativa\/\" >Edufin Index: l\u2019Osservatorio di Alleanza Assicurazioni sull\u2019educazione finanziaria e assicurativa<\/a>\n                <\/span>\n                <span class=\"post-date\">\n                    09\/01\/2023\n                <\/span>\n            <\/div><div class=\"jeg_news_ticker_item jeg_news_ticker_animated  format-standard\">\n                <span>\n                    <a href=\"https:\/\/www.ceoforlifeawards.com\/it\/blog\/quanto-aiuteranno-le-batterie-a-risolvere-la-crisi-energetica-lo-studio-di-allianz-trade-italia\/\" >Quanto aiuteranno le batterie a risolvere la crisi energetica? Lo studio di Allianz Trade Italia<\/a>\n                <\/span>\n                <span class=\"post-date\">\n                    09\/01\/2023\n                <\/span>\n            <\/div><div class=\"jeg_news_ticker_item jeg_news_ticker_animated  format-standard\">\n                <span>\n                    <a href=\"https:\/\/www.ceoforlifeawards.com\/it\/blog\/il-bilancio-sociale-di-fondazione-deloitte-2022-i-risultati-ottenuti-attraverso-le-iniziative-da-giugno-2021-a-maggio-2022\/\" >Il Bilancio Sociale di Fondazione Deloitte 2022: i risultati ottenuti attraverso le iniziative da giugno 2021 a maggio 2022<\/a>\n                <\/span>\n                <span class=\"post-date\">\n                    09\/01\/2023\n                <\/span>\n            <\/div><div class=\"jeg_news_ticker_item jeg_news_ticker_animated  format-standard\">\n                <span>\n                    <a href=\"https:\/\/www.ceoforlifeawards.com\/it\/blog\/hewlett-packard-enterprise-ecco-i-nuovi-server-per-il-lavoro-ibrido-e-sostenibile\/\" >Hewlett Packard Enterprise, ecco i nuovi server per il lavoro ibrido (e sostenibile)<\/a>\n                <\/span>\n                <span class=\"post-date\">\n                    09\/01\/2023\n                <\/span>\n            <\/div><div class=\"jeg_news_ticker_item jeg_news_ticker_animated  format-standard\">\n                <span>\n                    <a href=\"https:\/\/www.ceoforlifeawards.com\/it\/blog\/enav-e-la-lotta-ai-cyber-attacchi-un-tavolo-di-lavoroprogetto-europeo-per-incrementare-la-prevenzione-e-aumentare-la-sicurezza-in-rete-nellaviazione-civile\/\" >Enav e la lotta ai cyber attacchi. Un progetto europeo per incrementare la prevenzione e aumentare la sicurezza in rete nell\u2019aviazione civile<\/a>\n                <\/span>\n                <span class=\"post-date\">\n                    09\/01\/2023\n                <\/span>\n            <\/div><div class=\"jeg_news_ticker_item jeg_news_ticker_animated  format-standard\">\n                <span>\n                    <a href=\"https:\/\/www.ceoforlifeawards.com\/it\/blog\/citroen-ami-100-electric-protagonista-di-e_mob-di-milano\/\" >Citro\u00ebn Ami \u2013 100% \u00eblectric protagonista di \u201ce_mob\u201d di Milano<\/a>\n                <\/span>\n                <span class=\"post-date\">\n                    09\/01\/2023\n                <\/span>\n            <\/div><div class=\"jeg_news_ticker_item jeg_news_ticker_animated  format-standard\">\n                <span>\n                    <a href=\"https:\/\/www.ceoforlifeawards.com\/it\/blog\/come-proteggersi-dalle-minacce-informatiche-la-guida-di-cisco\/\" >Come proteggersi dalle minacce informatiche: la guida di Cisco<\/a>\n                <\/span>\n                <span class=\"post-date\">\n                    09\/01\/2023\n                <\/span>\n            <\/div><div class=\"jeg_news_ticker_item jeg_news_ticker_animated  format-standard\">\n                <span>\n                    <a href=\"https:\/\/www.ceoforlifeawards.com\/it\/blog\/alimentazione-sostenibile-a-partire-dalle-mense-scolastiche-liniziativa-di-elior-a-roma\/\" >Alimentazione sostenibile a partire dalle mense scolastiche: l\u2019iniziativa di Elior a Roma<\/a>\n                <\/span>\n                <span class=\"post-date\">\n                    09\/01\/2023\n                <\/span>\n            <\/div><div class=\"jeg_news_ticker_item jeg_news_ticker_animated  format-standard\">\n                <span>\n                    <a href=\"https:\/\/www.ceoforlifeawards.com\/it\/blog\/limpegno-solidale-di-lundbeck-italia-continua-con-le-iniziative-united4ourfuture-e-un-sorriso-con-il-cuore-e-la-mente\/\" >L\u2019impegno solidale di Lundbeck Italia continua con le iniziative \u201cUnited4ourFuture\u201d e \u201cUn sorRISO con il cuore e la MENTE\u201d<\/a>\n                <\/span>\n                <span class=\"post-date\">\n                    09\/01\/2023\n                <\/span>\n            <\/div><div class=\"jeg_news_ticker_item jeg_news_ticker_animated  format-standard\">\n                <span>\n                    <a href=\"https:\/\/www.ceoforlifeawards.com\/it\/blog\/tre-secoli-di-futuro-125-anni-di-roche-in-italia\/\" >Tre secoli di futuro: 125 anni di Roche in Italia<\/a>\n                <\/span>\n                <span class=\"post-date\">\n                    09\/01\/2023\n                <\/span>\n            <\/div><div class=\"jeg_news_ticker_item jeg_news_ticker_animated  format-standard\">\n                <span>\n                    <a href=\"https:\/\/www.ceoforlifeawards.com\/it\/blog\/inaugurato-il-nuovo-stabilimento-cch-a-gaglianico-per-la-lavorazione-della-plastica-riciclata\/\" >Inaugurato il nuovo stabilimento CCH a Gaglianico per la lavorazione della plastica riciclata.<\/a>\n                <\/span>\n                <span class=\"post-date\">\n                    15\/03\/2023\n                <\/span>\n            <\/div><div class=\"jeg_news_ticker_item jeg_news_ticker_animated  format-standard\">\n                <span>\n                    <a href=\"https:\/\/www.ceoforlifeawards.com\/it\/blog\/quifinanzax-ceoforlife-i-dati-di-abb-sono-preziosi-nellaffrontare-la-sfida-alla-scarsita-dacqua\/\" >QuiFinanzaX CEOforLife: \u201cI dati di ABB sono preziosi nell\u2019affrontare la sfida alla scarsit\u00e0 d\u2019acqua&#8221;<\/a>\n                <\/span>\n                <span class=\"post-date\">\n                    09\/01\/2023\n                <\/span>\n            <\/div><div class=\"jeg_news_ticker_item jeg_news_ticker_animated  format-standard\">\n                <span>\n                    <a href=\"https:\/\/www.ceoforlifeawards.com\/it\/blog\/quarta-edizione-dellosservatorio-nazionale-sulla-rendicontazione-non-finanziaria-di-deloitte-i-dati-piu-importanti\/\" >Quarta edizione dell&#8217;Osservatorio nazionale sulla rendicontazione non finanziaria di Deloitte: i dati pi\u00f9 importanti<\/a>\n                <\/span>\n                <span class=\"post-date\">\n                    20\/12\/2022\n                <\/span>\n            <\/div><div class=\"jeg_news_ticker_item jeg_news_ticker_animated  format-standard\">\n                <span>\n                    <a href=\"https:\/\/www.ceoforlifeawards.com\/it\/blog\/la-nuova-sede-di-polimi-graduate-school-of-management-sui-navigli-firmata-il-prisma\/\" >La nuova sede di POLIMI Graduate School of Management sui Navigli firmata Il Prisma<\/a>\n                <\/span>\n                <span class=\"post-date\">\n                    20\/12\/2022\n                <\/span>\n            <\/div><div class=\"jeg_news_ticker_item jeg_news_ticker_animated  format-standard\">\n                <span>\n                    <a href=\"https:\/\/www.ceoforlifeawards.com\/it\/blog\/la-storia-della-mini-casa-sostenibile-e-smart-grazie-a-bosch\/\" >La storia della mini-casa sostenibile e smart grazie a Bosch<\/a>\n                <\/span>\n                <span class=\"post-date\">\n                    20\/12\/2022\n                <\/span>\n            <\/div><div class=\"jeg_news_ticker_item jeg_news_ticker_animated  format-standard\">\n                <span>\n                    <a href=\"https:\/\/www.ceoforlifeawards.com\/it\/blog\/liniziativa-di-edenred-italia-per-ridurre-limpatto-ambientale-degli-spostamenti-casa-lavoro\/\" >L\u2019iniziativa di Edenred Italia per ridurre l\u2019impatto ambientale degli spostamenti casa-lavoro<\/a>\n                <\/span>\n                <span class=\"post-date\">\n                    20\/12\/2022\n                <\/span>\n            <\/div><div class=\"jeg_news_ticker_item jeg_news_ticker_animated  format-standard\">\n                <span>\n                    <a href=\"https:\/\/www.ceoforlifeawards.com\/it\/blog\/teleperformance-italia-al-4-weeks-4-inclusion-quattro-settimane-di-eventi-online-per-parlare-di-inclusione-e-diversita\/\" >Teleperformance Italia al \u201c4 Weeks 4 Inclusion\u201d. Quattro settimane di eventi online per parlare di inclusione e diversit\u00e0<\/a>\n                <\/span>\n                <span class=\"post-date\">\n                    19\/12\/2022\n                <\/span>\n            <\/div><div class=\"jeg_news_ticker_item jeg_news_ticker_animated  format-standard\">\n                <span>\n                    <a href=\"https:\/\/www.ceoforlifeawards.com\/it\/blog\/19961\/\" >The future of&#8230;Il podcast di ABB Italia &#8211; Future of Homes<\/a>\n                <\/span>\n                <span class=\"post-date\">\n                    19\/12\/2022\n                <\/span>\n            <\/div><div class=\"jeg_news_ticker_item jeg_news_ticker_animated  format-standard\">\n                <span>\n                    <a href=\"https:\/\/www.ceoforlifeawards.com\/it\/blog\/rispettami-il-progetto-di-citroen-italia-per-una-maggiore-sensibilizzazione-sul-tema-del-bullismo\/\" >\u201cRISPETTAMI\u201d, il progetto di Citroen Italia per una maggiore sensibilizzazione sul tema del bullismo<\/a>\n                <\/span>\n                <span class=\"post-date\">\n                    19\/12\/2022\n                <\/span>\n            <\/div><div class=\"jeg_news_ticker_item jeg_news_ticker_animated  format-standard\">\n                <span>\n                    <a href=\"https:\/\/www.ceoforlifeawards.com\/it\/blog\/teleperformance-group-e-one-tree-planted-insieme-per-la-riforestazione-globale\/\" >Teleperformance Group e One Tree Planted insieme per la riforestazione globale<\/a>\n                <\/span>\n                <span class=\"post-date\">\n                    16\/12\/2022\n                <\/span>\n            <\/div><div class=\"jeg_news_ticker_item jeg_news_ticker_animated  format-standard\">\n                <span>\n                    <a href=\"https:\/\/www.ceoforlifeawards.com\/it\/blog\/inwit-al-lavoro-per-unitalia-sempre-piu-digitale-e-smart\/\" >INWIT al lavoro per un\u2019Italia sempre pi\u00f9 digitale e \u201csmart\u201d<\/a>\n                <\/span>\n                <span class=\"post-date\">\n                    16\/12\/2022\n                <\/span>\n            <\/div><div class=\"jeg_news_ticker_item jeg_news_ticker_animated  format-standard\">\n                <span>\n                    <a href=\"https:\/\/www.ceoforlifeawards.com\/it\/blog\/citroen-italia-lancia-la-patente-elettrica-per-la-promozione-di-una-mobilita-elettrica-piu-sostenibile\/\" >Citro\u00ebn Italia lancia la Patente Elettrica per la promozione di una mobilit\u00e0 elettrica pi\u00f9 sostenibile<\/a>\n                <\/span>\n                <span class=\"post-date\">\n                    15\/12\/2022\n                <\/span>\n            <\/div><div class=\"jeg_news_ticker_item jeg_news_ticker_animated  format-standard\">\n                <span>\n                    <a href=\"https:\/\/www.ceoforlifeawards.com\/it\/blog\/cisco-italia-i-cinque-consigli-per-dribblare-il-caro-bollette-questinverno\/\" >Cisco Italia, i cinque consigli per dribblare il caro bollette quest\u2019inverno<\/a>\n                <\/span>\n                <span class=\"post-date\">\n                    14\/12\/2022\n                <\/span>\n            <\/div><div class=\"jeg_news_ticker_item jeg_news_ticker_animated  format-standard\">\n                <span>\n                    <a href=\"https:\/\/www.ceoforlifeawards.com\/it\/blog\/la-sostenibilita-di-unabitazione-con-serra-bioclimatica\/\" >La sostenibilit\u00e0 di un&#8217;abitazione con serra bioclimatica<\/a>\n                <\/span>\n                <span class=\"post-date\">\n                    14\/12\/2022\n                <\/span>\n            <\/div><div class=\"jeg_news_ticker_item jeg_news_ticker_animated  format-standard\">\n                <span>\n                    <a href=\"https:\/\/www.ceoforlifeawards.com\/it\/blog\/digitalizzazione-degli-edifici-casa-aumentata-quando-comfort-sicurezza-e-sostenibilita-sono-di-casa\/\" >Digitalizzazione degli edifici: Casa Aumentata, quando comfort, sicurezza e sostenibilit\u00e0 sono\u2026 di casa<\/a>\n                <\/span>\n                <span class=\"post-date\">\n                    12\/12\/2022\n                <\/span>\n            <\/div><div class=\"jeg_news_ticker_item jeg_news_ticker_animated  format-standard\">\n                <span>\n                    <a href=\"https:\/\/www.ceoforlifeawards.com\/it\/blog\/ceoforlife-magazine-n-8\/\" >CEOforLIFE Magazine n. 8<\/a>\n                <\/span>\n                <span class=\"post-date\">\n                    10\/05\/2023\n                <\/span>\n            <\/div><div class=\"jeg_news_ticker_item jeg_news_ticker_animated  format-standard\">\n                <span>\n                    <a href=\"https:\/\/www.ceoforlifeawards.com\/it\/blog\/una-partnership-allinsegna-di-obiettivi-sostenibili-edison-al-fianco-di-teatro-alla-scala-per-il-dodicesimo-anno\/\" >Una partnership all\u2019insegna di obiettivi sostenibili: Edison al fianco di Teatro alla Scala per il dodicesimo anno<\/a>\n                <\/span>\n                <span class=\"post-date\">\n                    07\/12\/2022\n                <\/span>\n            <\/div><div class=\"jeg_news_ticker_item jeg_news_ticker_animated  format-standard\">\n                <span>\n                    <a href=\"https:\/\/www.ceoforlifeawards.com\/it\/blog\/la-nuova-frontiera-dellauto-elettrica-ecco-lultimo-gioiello-di-citroen\/\" >La nuova frontiera dell\u2019auto elettrica: ecco l\u2019ultimo gioiello di Citroen<\/a>\n                <\/span>\n                <span class=\"post-date\">\n                    30\/11\/2022\n                <\/span>\n            <\/div><div class=\"jeg_news_ticker_item jeg_news_ticker_animated  format-standard\">\n                <span>\n                    <a href=\"https:\/\/www.ceoforlifeawards.com\/it\/blog\/citroen-dopo-103-anni-di-storia-e-lora-del-rebranding-ecco-il-nuovo-logo\/\" >Citroen, dopo 103 anni di storia \u00e8 l\u2019ora del rebranding: ecco il nuovo logo<\/a>\n                <\/span>\n                <span class=\"post-date\">\n                    29\/11\/2022\n                <\/span>\n            <\/div><div class=\"jeg_news_ticker_item jeg_news_ticker_animated  format-standard\">\n                <span>\n                    <a href=\"https:\/\/www.ceoforlifeawards.com\/it\/blog\/swing-for-cure-teleperformance-italia-in-campo-per-la-prevenzione-del-tumore-al-seno\/\" >\u201cSwing for Cure\u201d: Teleperformance Italia in campo per la prevenzione del tumore al seno<\/a>\n                <\/span>\n                <span class=\"post-date\">\n                    25\/11\/2022\n                <\/span>\n            <\/div><div class=\"jeg_news_ticker_item jeg_news_ticker_animated  format-standard\">\n                <span>\n                    <a href=\"https:\/\/www.ceoforlifeawards.com\/it\/blog\/crisi-energetica-italiani-piu-consapevoli-e-edison-energia-lancia-il-consulente-digitale-personale\/\" >Crisi energetica: italiani pi\u00f9 consapevoli e Edison Energia lancia il consulente digitale personale<\/a>\n                <\/span>\n                <span class=\"post-date\">\n                    25\/11\/2022\n                <\/span>\n            <\/div><div class=\"jeg_news_ticker_item jeg_news_ticker_animated  format-standard\">\n                <span>\n                    <a href=\"https:\/\/www.ceoforlifeawards.com\/it\/blog\/toyota-material-handling-manufacturing-italy-spa-supporta-lorientamento-dei-figli-dei-propri-dipendenti-in-collaborazione-con-futurely\/\" >Toyota Material Handling Manufacturing Italy SpA supporta l\u2019orientamento dei figli dei propri dipendenti in collaborazione con Futurely<\/a>\n                <\/span>\n                <span class=\"post-date\">\n                    23\/11\/2022\n                <\/span>\n            <\/div><div class=\"jeg_news_ticker_item jeg_news_ticker_animated  format-standard\">\n                <span>\n                    <a href=\"https:\/\/www.ceoforlifeawards.com\/it\/blog\/teleperformance-italia-lancia-jonian-tippini-il-progetto-per-conoscere-i-segreti-del-mare\/\" >Teleperformance Italia lancia \u201cJonian Tippini\u201c, il progetto per conoscere i segreti del mare<\/a>\n                <\/span>\n                <span class=\"post-date\">\n                    23\/11\/2022\n                <\/span>\n            <\/div><div class=\"jeg_news_ticker_item jeg_news_ticker_animated  format-standard\">\n                <span>\n                    <a href=\"https:\/\/www.ceoforlifeawards.com\/it\/blog\/cellularline-custodie-per-smartphone-caricabatterie-e-cavetti-in-plastica-riciclata-2\/\" >Cellularline: custodie per smartphone, caricabatterie e cavetti in plastica riciclata<\/a>\n                <\/span>\n                <span class=\"post-date\">\n                    28\/11\/2022\n                <\/span>\n            <\/div><div class=\"jeg_news_ticker_item jeg_news_ticker_animated  format-standard\">\n                <span>\n                    <a href=\"https:\/\/www.ceoforlifeawards.com\/it\/blog\/salvaguardare-lambiente-e-dimezzare-le-bollette-le-comunita-energetiche-condominiali-di-edison-energia\/\" >Salvaguardare l\u2019ambiente e dimezzare le bollette: le comunit\u00e0 energetiche condominiali di Edison Energia<\/a>\n                <\/span>\n                <span class=\"post-date\">\n                    22\/11\/2022\n                <\/span>\n            <\/div><div class=\"jeg_news_ticker_item jeg_news_ticker_animated  format-standard\">\n                <span>\n                    <a href=\"https:\/\/www.ceoforlifeawards.com\/it\/blog\/quifinanzax-ceoforlife-cellnex-il-report-aziendale-fa-emergere-un-impegno-maggiore-nella-sostenibilita\/\" >QuiFinanzaX CEOforLife: &#8220;Cellnex: il report aziendale fa emergere un impegno maggiore nella sostenibilit\u00e0&#8221;<\/a>\n                <\/span>\n                <span class=\"post-date\">\n                    22\/11\/2022\n                <\/span>\n            <\/div><div class=\"jeg_news_ticker_item jeg_news_ticker_animated  format-standard\">\n                <span>\n                    <a href=\"https:\/\/www.ceoforlifeawards.com\/it\/blog\/riconfermato-per-il-2022-limpegno-sostenibile-di-tmhmi-attraverso-la-certifcazione-ecovadis\/\" >Riconfermato per il 2022 l\u2019impegno sostenibile di TMHMI attraverso la certifcazione EcoVadis<\/a>\n                <\/span>\n                <span class=\"post-date\">\n                    22\/11\/2022\n                <\/span>\n            <\/div><div class=\"jeg_news_ticker_item jeg_news_ticker_animated  format-standard\">\n                <span>\n                    <a href=\"https:\/\/www.ceoforlifeawards.com\/it\/blog\/teleperformance-italia-vince-il-premio-fiducia-2022\/\" >Teleperformance Italia vince il premio Fiducia 2022<\/a>\n                <\/span>\n                <span class=\"post-date\">\n                    21\/11\/2022\n                <\/span>\n            <\/div><div class=\"jeg_news_ticker_item jeg_news_ticker_animated  format-standard\">\n                <span>\n                    <a href=\"https:\/\/www.ceoforlifeawards.com\/it\/blog\/il-piano-nazionale-di-educazione-finanziaria-e-assicurativa-di-alleanza-assicurazioni-vince-il-premio-ceoforlife-sdgs-ambassador\/\" >Il piano nazionale di educazione finanziaria e assicurativa di Alleanza Assicurazioni vince il premio CEOforLIFE SDGs Ambassador<\/a>\n                <\/span>\n                <span class=\"post-date\">\n                    28\/11\/2022\n                <\/span>\n            <\/div><div class=\"jeg_news_ticker_item jeg_news_ticker_animated  format-standard\">\n                <span>\n                    <a href=\"https:\/\/www.ceoforlifeawards.com\/it\/blog\/nasce-il-new-way-of-working-il-nuovo-programma-di-welfare-dei-avanade\/\" >Nasce il New Way of Working, il nuovo programma di welfare di Avanade<\/a>\n                <\/span>\n                <span class=\"post-date\">\n                    17\/11\/2022\n                <\/span>\n            <\/div><div class=\"jeg_news_ticker_item jeg_news_ticker_animated  format-standard\">\n                <span>\n                    <a href=\"https:\/\/www.ceoforlifeawards.com\/it\/blog\/magic-mind-lacceleratore-di-digital-magics-per-lo-sviluppo-di-start-up-che-sviluppano-soluzioni-in-ambito-a-i-in-modo-trasversale\/\" >Magic Mind, l\u2019acceleratore di Digital Magics per lo sviluppo di start-up che sviluppano soluzioni in ambito A.I. in modo trasversale<\/a>\n                <\/span>\n                <span class=\"post-date\">\n                    16\/11\/2022\n                <\/span>\n            <\/div><div class=\"jeg_news_ticker_item jeg_news_ticker_animated  format-standard\">\n                <span>\n                    <a href=\"https:\/\/www.ceoforlifeawards.com\/it\/blog\/inwit-migliora-il-suo-rating-esg\/\" >INWIT migliora il suo rating ESG<\/a>\n                <\/span>\n                <span class=\"post-date\">\n                    16\/01\/2023\n                <\/span>\n            <\/div><div class=\"jeg_news_ticker_item jeg_news_ticker_animated  format-standard\">\n                <span>\n                    <a href=\"https:\/\/www.ceoforlifeawards.com\/it\/blog\/premio-esg-challenge-2023-di-iren-una-sfida-per-laureandi-e-dottorandi-allinsegna-della-sostenibilita\/\" >Premio ESG Challenge 2023 di Iren. Una sfida per laureandi e dottorandi all\u2019insegna della sostenibilit\u00e0<\/a>\n                <\/span>\n                <span class=\"post-date\">\n                    16\/11\/2022\n                <\/span>\n            <\/div><div class=\"jeg_news_ticker_item jeg_news_ticker_animated  format-standard\">\n                <span>\n                    <a href=\"https:\/\/www.ceoforlifeawards.com\/it\/blog\/atlante-dellinfanzia-a-rischio-xiii-edizion\/\" >Atlante dell\u2019infanzia a rischio \u2013 XIII edizion<\/a>\n                <\/span>\n                <span class=\"post-date\">\n                    16\/11\/2022\n                <\/span>\n            <\/div><div class=\"jeg_news_ticker_item jeg_news_ticker_animated  format-standard\">\n                <span>\n                    <a href=\"https:\/\/www.ceoforlifeawards.com\/it\/blog\/cisco-festeggia-i-25-anni-delle-networking-academy\/\" >Cisco festeggia i 25 anni delle Networking Academy<\/a>\n                <\/span>\n                <span class=\"post-date\">\n                    16\/11\/2022\n                <\/span>\n            <\/div><div class=\"jeg_news_ticker_item jeg_news_ticker_animated  format-standard\">\n                <span>\n                    <a href=\"https:\/\/www.ceoforlifeawards.com\/it\/blog\/il-progetto-di-medicina-di-prossimita-di-engineering-in-collaborazione-con-aria-presentato-al-digital-health-summit\/\" >Il progetto di medicina di prossimit\u00e0 di Engineering in collaborazione con ARIA presentato al Digital Health Summit<\/a>\n                <\/span>\n                <span class=\"post-date\">\n                    14\/11\/2022\n                <\/span>\n            <\/div><div class=\"jeg_news_ticker_item jeg_news_ticker_animated  format-standard\">\n                <span>\n                    <a href=\"https:\/\/www.ceoforlifeawards.com\/it\/blog\/edenred-italia-ottiene-la-medaglia-premium-ecovadis\/\" >Edenred Italia ottiene la Medaglia Premium Ecovadis<\/a>\n                <\/span>\n                <span class=\"post-date\">\n                    22\/11\/2022\n                <\/span>\n            <\/div><div class=\"jeg_news_ticker_item jeg_news_ticker_animated  format-standard\">\n                <span>\n                    <a href=\"https:\/\/www.ceoforlifeawards.com\/it\/blog\/the-future-of-il-podcast-di-abb-italia-future-of-industries\/\" >The future of\u2026 Il podcast di ABB Italia \u2013 Future of Industries<\/a>\n                <\/span>\n                <span class=\"post-date\">\n                    28\/11\/2022\n                <\/span>\n            <\/div><div class=\"jeg_news_ticker_item jeg_news_ticker_animated  format-standard\">\n                <span>\n                    <a href=\"https:\/\/www.ceoforlifeawards.com\/it\/blog\/persone-e-benessere-generali-welion-partecipa-alla-seconda-edizione-della-giornata-del-benessere\/\" >Persone e benessere, Generali Welion partecipa alla seconda edizione della Giornata del Benessere<\/a>\n                <\/span>\n                <span class=\"post-date\">\n                    15\/11\/2022\n                <\/span>\n            <\/div><div class=\"jeg_news_ticker_item jeg_news_ticker_animated  format-standard\">\n                <span>\n                    <a href=\"https:\/\/www.ceoforlifeawards.com\/it\/blog\/abb-sceglie-enel-x-per-proseguire-il-percorso-di-carbon-neutrality-dello-stabilimento-di-frosinone\/\" >ABB sceglie Enel X per proseguire il percorso di carbon neutrality dello stabilimento di Frosinone<\/a>\n                <\/span>\n                <span class=\"post-date\">\n                    16\/11\/2022\n                <\/span>\n            <\/div><div class=\"jeg_news_ticker_item jeg_news_ticker_animated  format-standard\">\n                <span>\n                    <a href=\"https:\/\/www.ceoforlifeawards.com\/it\/blog\/quifinanzax-ceoforlife-%f0%9d%90%82%f0%9d%90%a2%f0%9d%90%ad%f0%9d%90%ab%f0%9d%90%a8%f0%9d%90%9e%cc%88%f0%9d%90%a7-%f0%9d%90%9a%f0%9d%90%a5-%f0%9d%90%9f%f0%9d%90%a2%f0%9d%90%9a%f0%9d%90%a7\/\" >QuiFinanzaX CEOforLife: &#8220;??????\u0308? ?? ?????? ??? ???\u0300 ??????? ??? ??????????&#8221;<\/a>\n                <\/span>\n                <span class=\"post-date\">\n                    08\/11\/2022\n                <\/span>\n            <\/div><div class=\"jeg_news_ticker_item jeg_news_ticker_animated  format-standard\">\n                <span>\n                    <a href=\"https:\/\/www.ceoforlifeawards.com\/it\/blog\/riqualificazione-verde-a-roma-e-milano-liniziativa-di-edenred-italia-in-collaborazione-con-legambiemte-e-azzeroco2\/\" >Riqualificazione \u201cverde\u201d a Roma e Milano: l\u2019iniziativa di Edenred Italia in collaborazione con Legambiente e AzzeroCO2<\/a>\n                <\/span>\n                <span class=\"post-date\">\n                    30\/11\/2022\n                <\/span>\n            <\/div><div class=\"jeg_news_ticker_item jeg_news_ticker_animated  format-standard\">\n                <span>\n                    <a href=\"https:\/\/www.ceoforlifeawards.com\/it\/blog\/deloitte-climate-sustainability-la-societa-benefit-di-deloitte-sulla-sostenibilita\/\" >Deloitte Climate &amp; Sustainability, la societ\u00e0 benefit di Deloitte sulla sostenibilit\u00e0<\/a>\n                <\/span>\n                <span class=\"post-date\">\n                    17\/11\/2022\n                <\/span>\n            <\/div><div class=\"jeg_news_ticker_item jeg_news_ticker_animated  format-standard\">\n                <span>\n                    <a href=\"https:\/\/www.ceoforlifeawards.com\/it\/blog\/la-fabbrica-di-dalmine-esempio-nella-riduzione-delle-emissioni\/\" >La fabbrica di Dalmine esempio nella riduzione delle emissioni<\/a>\n                <\/span>\n                <span class=\"post-date\">\n                    17\/11\/2022\n                <\/span>\n            <\/div><div class=\"jeg_news_ticker_item jeg_news_ticker_animated  format-standard\">\n                <span>\n                    <a href=\"https:\/\/www.ceoforlifeawards.com\/it\/blog\/ecomondo-ununica-piattaforma-per-tutti-i-settori-della-green-economy-limportante-fiera-avra-luogo-dall8-all11-novembre-a-rimini\/\" >ECOMONDO: un\u2019unica piattaforma per tutti i settori della Green Economy. L\u2019importante fiera avr\u00e0 luogo dall\u20198 all\u201911 novembre a Rimini<\/a>\n                <\/span>\n                <span class=\"post-date\">\n                    22\/11\/2022\n                <\/span>\n            <\/div><div class=\"jeg_news_ticker_item jeg_news_ticker_animated  format-standard\">\n                <span>\n                    <a href=\"https:\/\/www.ceoforlifeawards.com\/it\/blog\/occupazione-femminile-e-gender-pay-gap-engineering-firma-il-manifesto-di-valore-d\/\" >Occupazione femminile e Gender Pay Gap: Engineering firma il Manifesto di Valore D<\/a>\n                <\/span>\n                <span class=\"post-date\">\n                    31\/10\/2022\n                <\/span>\n            <\/div><div class=\"jeg_news_ticker_item jeg_news_ticker_animated  format-standard\">\n                <span>\n                    <a href=\"https:\/\/www.ceoforlifeawards.com\/it\/blog\/enav-e-i-suoi-obiettivi-sostenibili-ne-parla-lad-simioni-al-congresso-annuale-per-la-decarbonizzazione\/\" >ENAV e i suoi obiettivi sostenibili. Ne parla l\u2019AD Simioni al congresso annuale per la Decarbonizzazione<\/a>\n                <\/span>\n                <span class=\"post-date\">\n                    16\/11\/2022\n                <\/span>\n            <\/div><div class=\"jeg_news_ticker_item jeg_news_ticker_animated  format-standard\">\n                <span>\n                    <a href=\"https:\/\/www.ceoforlifeawards.com\/it\/blog\/engineering-a-supporto-della-formazione-digitale-dei-ragazzi-della-comunita-di-san-patrignano\/\" >Engineering a supporto della formazione digitale dei ragazzi della comunit\u00e0 di San Patrignano<\/a>\n                <\/span>\n                <span class=\"post-date\">\n                    28\/11\/2022\n                <\/span>\n            <\/div><div class=\"jeg_news_ticker_item jeg_news_ticker_animated  format-standard\">\n                <span>\n                    <a href=\"https:\/\/www.ceoforlifeawards.com\/it\/blog\/hpe-italia-lancia-il-nuovo-modo-di-vivere-e-lavorare-smart-flessibile-sostenibile\/\" >HPE Italia lancia il nuovo modo di vivere e lavorare: smart, flessibile, sostenibile<\/a>\n                <\/span>\n                <span class=\"post-date\">\n                    16\/11\/2022\n                <\/span>\n            <\/div><div class=\"jeg_news_ticker_item jeg_news_ticker_animated  format-standard\">\n                <span>\n                    <a href=\"https:\/\/www.ceoforlifeawards.com\/it\/blog\/pedevilla-la-ristorazione-di-qualita-e-anche-green-dai-materiali-al-cibo\/\" >Pedevilla, la ristorazione di qualit\u00e0 \u00e8 anche green: dai materiali al cibo<\/a>\n                <\/span>\n                <span class=\"post-date\">\n                    17\/11\/2022\n                <\/span>\n            <\/div><div class=\"jeg_news_ticker_item jeg_news_ticker_animated  format-standard\">\n                <span>\n                    <a href=\"https:\/\/www.ceoforlifeawards.com\/it\/blog\/18293\/\" >Molto pi\u00f9 vicini per un futuro pi\u00f9 sostenibile<\/a>\n                <\/span>\n                <span class=\"post-date\">\n                    22\/11\/2022\n                <\/span>\n            <\/div><div class=\"jeg_news_ticker_item jeg_news_ticker_animated  format-standard\">\n                <span>\n                    <a href=\"https:\/\/www.ceoforlifeawards.com\/it\/blog\/il-gruppo-iren-acquista-due-progetti-fotovoltaici-ready-to-build-nella-regione-lazio-per-una-capacita-complessiva-di-39-mw\/\" >Il Gruppo Iren acquista due progetti fotovoltaici ready to build nella Regione Lazio per una capacit\u00e0 complessiva di 39 MW<\/a>\n                <\/span>\n                <span class=\"post-date\">\n                    22\/11\/2022\n                <\/span>\n            <\/div><div class=\"jeg_news_ticker_item jeg_news_ticker_animated  format-standard\">\n                <span>\n                    <a href=\"https:\/\/www.ceoforlifeawards.com\/it\/blog\/citroen-si-mette-al-fianco-dei-piu-giovani-con-rispettami-un-progetto-contro-il-bullismo\/\" >Citro\u00ebn si mette al fianco dei pi\u00f9 giovani con RispettAmi, un progetto contro il bullismo<\/a>\n                <\/span>\n                <span class=\"post-date\">\n                    28\/11\/2022\n                <\/span>\n            <\/div><div class=\"jeg_news_ticker_item jeg_news_ticker_animated  format-standard\">\n                <span>\n                    <a href=\"https:\/\/www.ceoforlifeawards.com\/it\/blog\/cellnex-il-secondo-report-aziendale-fa-emergere-un-impegno-sempre-maggiore-nella-sostenibilita\/\" >Cellnex: il secondo report aziendale fa emergere un impegno sempre maggiore nella sostenibilit\u00e0<\/a>\n                <\/span>\n                <span class=\"post-date\">\n                    22\/11\/2022\n                <\/span>\n            <\/div><div class=\"jeg_news_ticker_item jeg_news_ticker_animated  format-standard\">\n                <span>\n                    <a href=\"https:\/\/www.ceoforlifeawards.com\/it\/blog\/limpegno-sostenibile-di-engineering-attraverso-ladesione-al-global-compact-delle-nazioni-unite\/\" >L\u2019impegno sostenibile di Engineering attraverso l\u2019adesione al Global Compact delle Nazioni Unite<\/a>\n                <\/span>\n                <span class=\"post-date\">\n                    30\/11\/2022\n                <\/span>\n            <\/div><div class=\"jeg_news_ticker_item jeg_news_ticker_animated  format-standard\">\n                <span>\n                    <a href=\"https:\/\/www.ceoforlifeawards.com\/it\/blog\/%f0%9d%91%84%f0%9d%91%a2%f0%9d%91%96%f0%9d%90%b9%f0%9d%91%96%f0%9d%91%9b%f0%9d%91%8e%f0%9d%91%9b%f0%9d%91%a7%f0%9d%91%8e-%f0%9d%91%8b-%f0%9d%90%b6%f0%9d%90%b8%f0%9d%91%82%f0%9d%91%93%f0%9d%91%9c\/\" >?????????? ? ??????????: &#8220;Le conseguenze del cambiamento climatico sull\u2019economia globale: i risultati del Global Turning Point di Deloitte&#8221;<\/a>\n                <\/span>\n                <span class=\"post-date\">\n                    22\/11\/2022\n                <\/span>\n            <\/div><div class=\"jeg_news_ticker_item jeg_news_ticker_animated  format-standard\">\n                <span>\n                    <a href=\"https:\/\/www.ceoforlifeawards.com\/it\/blog\/sustainability-smart-hub-la-soluzione-di-analisi-degli-sdg-di-avanade\/\" >Sustainability Smart Hub, la soluzione di analisi degli SDG di Avanade<\/a>\n                <\/span>\n                <span class=\"post-date\">\n                    17\/11\/2022\n                <\/span>\n            <\/div><div class=\"jeg_news_ticker_item jeg_news_ticker_animated  format-standard\">\n                <span>\n                    <a href=\"https:\/\/www.ceoforlifeawards.com\/it\/blog\/teleperformance-riceve-il-premio-digital-business-competition-durante-levento-tawave-a-taranto\/\" >Teleperformance riceve il premio \u201cDigital Business Competition\u201d durante l\u2019evento Tawave a Taranto<\/a>\n                <\/span>\n                <span class=\"post-date\">\n                    28\/11\/2022\n                <\/span>\n            <\/div><div class=\"jeg_news_ticker_item jeg_news_ticker_animated  format-standard\">\n                <span>\n                    <a href=\"https:\/\/www.ceoforlifeawards.com\/it\/blog\/renault-e-limportanza-dello-sport-liniziativa-in-collaborazione-con-sport-e-salute-che-mette-al-centro-la-megane-e-tech-electric\/\" >Renault e l\u2019importanza dello sport: l\u2019iniziativa in collaborazione con Sport e Salute, che mette al centro la Megane E-Tech Electric<\/a>\n                <\/span>\n                <span class=\"post-date\">\n                    15\/11\/2022\n                <\/span>\n            <\/div><div class=\"jeg_news_ticker_item jeg_news_ticker_animated  format-standard\">\n                <span>\n                    <a href=\"https:\/\/www.ceoforlifeawards.com\/it\/blog\/sostenibilita-in-peroni-vuol-dire-anche-puntare-sui-prodotti-no-alcol\/\" >Sostenibilit\u00e0 in Peroni vuol dire anche puntare sui prodotti no alcol<\/a>\n                <\/span>\n                <span class=\"post-date\">\n                    22\/11\/2022\n                <\/span>\n            <\/div><div class=\"jeg_news_ticker_item jeg_news_ticker_animated  format-standard\">\n                <span>\n                    <a href=\"https:\/\/www.ceoforlifeawards.com\/it\/blog\/people-planet-e-progress-i-percorsi-di-edenred-italia-sulla-sostenibilita\/\" >People, Planet e Progress, i Percorsi di Edenred Italia sulla sostenibilit\u00e0<\/a>\n                <\/span>\n                <span class=\"post-date\">\n                    22\/11\/2022\n                <\/span>\n            <\/div><div class=\"jeg_news_ticker_item jeg_news_ticker_animated  format-standard\">\n                <span>\n                    <a href=\"https:\/\/www.ceoforlifeawards.com\/it\/blog\/lotta-ai-cambiamenti-climatici-gli-obiettivi-gia-raggiunti-da-cisco\/\" >Lotta ai cambiamenti climatici, gli obiettivi gi\u00e0 raggiunti da Cisco<\/a>\n                <\/span>\n                <span class=\"post-date\">\n                    22\/11\/2022\n                <\/span>\n            <\/div><div class=\"jeg_news_ticker_item jeg_news_ticker_animated  format-standard\">\n                <span>\n                    <a href=\"https:\/\/www.ceoforlifeawards.com\/it\/blog\/engineering-e-leonardo-partnership-per-una-transizione-digitale-sostenibile-e-inclusiva\/\" >Engineering e Leonardo, partnership per una transizione digitale sostenibile e inclusiva<\/a>\n                <\/span>\n                <span class=\"post-date\">\n                    16\/11\/2022\n                <\/span>\n            <\/div><div class=\"jeg_news_ticker_item jeg_news_ticker_animated  format-standard\">\n                <span>\n                    <a href=\"https:\/\/www.ceoforlifeawards.com\/it\/blog\/edison-e-musa-insieme-per-creare-un-hub-per-incentivare-linnovazione-e-la-sostenibilita-a-milano\/\" >Edison e Musa insieme per creare un hub per incentivare l\u2019innovazione e la sostenibilit\u00e0 a Milano<\/a>\n                <\/span>\n                <span class=\"post-date\">\n                    22\/11\/2022\n                <\/span>\n            <\/div><div class=\"jeg_news_ticker_item jeg_news_ticker_animated  format-standard\">\n                <span>\n                    <a href=\"https:\/\/www.ceoforlifeawards.com\/it\/blog\/digital-magics-e-la-sostenibilita-ambientale-ridotte-di-due-terzi-le-emissioni-di-gas-serra\/\" >Digital Magics e la sostenibilit\u00e0 ambientale: ridotte di due terzi le emissioni di gas serra<\/a>\n                <\/span>\n                <span class=\"post-date\">\n                    22\/11\/2022\n                <\/span>\n            <\/div><div class=\"jeg_news_ticker_item jeg_news_ticker_animated  format-standard\">\n                <span>\n                    <a href=\"https:\/\/www.ceoforlifeawards.com\/it\/blog\/dal-metaverso-alle-caldaie-a-idrogeno-la-rivoluzione-di-ferroli\/\" >Dal Metaverso alle caldaie a idrogeno: la rivoluzione di Ferroli<\/a>\n                <\/span>\n                <span class=\"post-date\">\n                    25\/10\/2022\n                <\/span>\n            <\/div><div class=\"jeg_news_ticker_item jeg_news_ticker_animated  format-standard\">\n                <span>\n                    <a href=\"https:\/\/www.ceoforlifeawards.com\/it\/blog\/conseguenze-del-cambiamento-climatico-sulleconomia-globale-i-risultati-del-global-turning-point-di-deloitte\/\" >Conseguenze del cambiamento climatico sull\u2019economia globale: i risultati del Global Turning Point di Deloitte<\/a>\n                <\/span>\n                <span class=\"post-date\">\n                    22\/11\/2022\n                <\/span>\n            <\/div><div class=\"jeg_news_ticker_item jeg_news_ticker_animated  format-standard\">\n                <span>\n                    <a href=\"https:\/\/www.ceoforlifeawards.com\/it\/blog\/certificato-il-primo-bilancio-di-sostenibilita-di-teleperformance-italia\/\" >Certificato il primo bilancio di sostenibilit\u00e0 di Teleperformance Italia<\/a>\n                <\/span>\n                <span class=\"post-date\">\n                    25\/10\/2022\n                <\/span>\n            <\/div><div class=\"jeg_news_ticker_item jeg_news_ticker_animated  format-standard\">\n                <span>\n                    <a href=\"https:\/\/www.ceoforlifeawards.com\/it\/blog\/a-tutela-della-salute-mentale-ed-oltre-il-pregiudizio-le-iniziative-di-lundbeck-italia\/\" >A tutela della salute mentale ed oltre il pregiudizio: le iniziative di Lundbeck Italia<\/a>\n                <\/span>\n                <span class=\"post-date\">\n                    16\/11\/2022\n                <\/span>\n            <\/div><div class=\"jeg_news_ticker_item jeg_news_ticker_animated  format-standard\">\n                <span>\n                    <a href=\"https:\/\/www.ceoforlifeawards.com\/it\/blog\/allianz-trade-scende-in-campo-in-occasione-del-world-cleanup-day\/\" >Allianz Trade scende in campo in occasione del World Cleanup Day<\/a>\n                <\/span>\n                <span class=\"post-date\">\n                    22\/11\/2022\n                <\/span>\n            <\/div><div class=\"jeg_news_ticker_item jeg_news_ticker_animated  format-standard\">\n                <span>\n                    <a href=\"https:\/\/www.ceoforlifeawards.com\/it\/blog\/cambiagesto-liniziativa-di-philip-morris-contro-la-dispersione-dei-mozziconi\/\" >#CAMBIAGESTO: l\u2019iniziativa di Philip Morris contro la dispersione dei mozziconi<\/a>\n                <\/span>\n                <span class=\"post-date\">\n                    30\/11\/2022\n                <\/span>\n            <\/div><div class=\"jeg_news_ticker_item jeg_news_ticker_animated  format-standard\">\n                <span>\n                    <a href=\"https:\/\/www.ceoforlifeawards.com\/it\/blog\/impegno-per-le-donne-pedevilla-e-partner-dellospedale-regina-apostolorum-per-la-campagna-sul-tumore-al-seno\/\" >Impegno per le donne, Pedevilla \u00e8 partner dell\u2019Ospedale Regina Apostolorum per la campagna sul tumore al seno<\/a>\n                <\/span>\n                <span class=\"post-date\">\n                    28\/11\/2022\n                <\/span>\n            <\/div><div class=\"jeg_news_ticker_item jeg_news_ticker_animated  format-standard\">\n                <span>\n                    <a href=\"https:\/\/www.ceoforlifeawards.com\/it\/blog\/le-cinque-aree-su-cui-intervenire-per-rafforzare-la-credibilita-sul-tema-esg-secondo-il-rapporto-di-ey-e-oxford-analitica\/\" >Le cinque aree su cui intervenire per rafforzare la credibilit\u00e0 sul tema ESG secondo il Rapporto di EY e Oxford Analitica<\/a>\n                <\/span>\n                <span class=\"post-date\">\n                    30\/11\/2022\n                <\/span>\n            <\/div><div class=\"jeg_news_ticker_item jeg_news_ticker_animated  format-standard\">\n                <span>\n                    <a href=\"https:\/\/www.ceoforlifeawards.com\/it\/blog\/ristorazione-sostenibile-ecco-il-positive-foodprint-plan-di-elior\/\" >Ristorazione sostenibile, ecco il Positive FoodPrint Plan di Elior<\/a>\n                <\/span>\n                <span class=\"post-date\">\n                    17\/11\/2022\n                <\/span>\n            <\/div><div class=\"jeg_news_ticker_item jeg_news_ticker_animated  format-standard\">\n                <span>\n                    <a href=\"https:\/\/www.ceoforlifeawards.com\/it\/blog\/fiera-milano-fiere-sostenibili-in-italia-e-allestero\/\" >Fiera Milano: fiere sostenibili in Italia e all&#8217;estero<\/a>\n                <\/span>\n                <span class=\"post-date\">\n                    30\/11\/2022\n                <\/span>\n            <\/div><div class=\"jeg_news_ticker_item jeg_news_ticker_animated  format-standard\">\n                <span>\n                    <a href=\"https:\/\/www.ceoforlifeawards.com\/it\/blog\/ottobre-il-mese-della-prevenzione-femminile-azioni-sinergiche-di-aziende-e-associazioni-contro-le-neoplasie-al-seno\/\" >Ottobre: il mese della prevenzione femminile. Azioni sinergiche di aziende e associazioni contro le neoplasie al seno<\/a>\n                <\/span>\n                <span class=\"post-date\">\n                    19\/10\/2022\n                <\/span>\n            <\/div><div class=\"jeg_news_ticker_item jeg_news_ticker_animated  format-standard\">\n                <span>\n                    <a href=\"https:\/\/www.ceoforlifeawards.com\/it\/blog\/birra-peroni-e-parks-liberi-e-uguali-insieme-per-un-futuro-piu-inclusivo\/\" >Birra Peroni e Parks &#8211; Liberi e Uguali: insieme per un futuro pi\u00f9 inclusivo<\/a>\n                <\/span>\n                <span class=\"post-date\">\n                    22\/11\/2022\n                <\/span>\n            <\/div><div class=\"jeg_news_ticker_item jeg_news_ticker_animated  format-standard\">\n                <span>\n                    <a href=\"https:\/\/www.ceoforlifeawards.com\/it\/blog\/inwit-a-il-verde-e-il-blu-festival-buone-idee-per-il-futuro-del-pianeta\/\" >INWIT a \u201cIl Verde e il Blu Festival &#8211; Buone idee per il futuro del pianeta\u201d<\/a>\n                <\/span>\n                <span class=\"post-date\">\n                    16\/11\/2022\n                <\/span>\n            <\/div><div class=\"jeg_news_ticker_item jeg_news_ticker_animated  format-standard\">\n                <span>\n                    <a href=\"https:\/\/www.ceoforlifeawards.com\/it\/blog\/knorr-bremse-ad-innotrans-2022-con-soluzioni-performanti-ed-innovative-a-tutela-dellambiente\/\" >Knorr-Bremse ad InnoTrans 2022 con soluzioni performanti ed innovative, a tutela dell\u2019ambiente<\/a>\n                <\/span>\n                <span class=\"post-date\">\n                    18\/10\/2022\n                <\/span>\n            <\/div><div class=\"jeg_news_ticker_item jeg_news_ticker_animated  format-standard\">\n                <span>\n                    <a href=\"https:\/\/www.ceoforlifeawards.com\/it\/blog\/abb-nella-classifica-delle-migliori-aziende-in-cui-lavorare-in-italia-secondo-il-corriere-della-sera\/\" >ABB nella classifica delle migliori aziende in cui lavorare in Italia secondo il Corriere della Sera<\/a>\n                <\/span>\n                <span class=\"post-date\">\n                    17\/10\/2022\n                <\/span>\n            <\/div><div class=\"jeg_news_ticker_item jeg_news_ticker_animated  format-standard\">\n                <span>\n                    <a href=\"https:\/\/www.ceoforlifeawards.com\/it\/blog\/appuntamento-a-roma-con-il-salone-dello-studente-la-vetrina-del-mondo-del-lavoro-dedicata-allorientamento-dei-piu-giovani\/\" >Appuntamento a Roma con il Salone dello Studente: la vetrina del mondo del lavoro, dedicata all\u2019orientamento dei pi\u00f9 giovani<\/a>\n                <\/span>\n                <span class=\"post-date\">\n                    17\/10\/2022\n                <\/span>\n            <\/div><div class=\"jeg_news_ticker_item jeg_news_ticker_animated  format-standard\">\n                <span>\n                    <a href=\"https:\/\/www.ceoforlifeawards.com\/it\/blog\/efm-in-senato-per-un-incontro-di-cooperazione-tra-europa-e-stati-uniti\/\" >eFM in Senato per un incontro di cooperazione tra Europa e Stati Uniti<\/a>\n                <\/span>\n                <span class=\"post-date\">\n                    17\/10\/2022\n                <\/span>\n            <\/div><div class=\"jeg_news_ticker_item jeg_news_ticker_animated  format-standard\">\n                <span>\n                    <a href=\"https:\/\/www.ceoforlifeawards.com\/it\/blog\/ammagamma-lintelligenza-artificiale-per-abbattere-i-costi-energetici\/\" >Ammagamma, l\u2019Intelligenza artificiale per abbattere i costi energetici<\/a>\n                <\/span>\n                <span class=\"post-date\">\n                    17\/10\/2022\n                <\/span>\n            <\/div><div class=\"jeg_news_ticker_item jeg_news_ticker_animated  format-standard\">\n                <span>\n                    <a href=\"https:\/\/www.ceoforlifeawards.com\/it\/blog\/toyota-material-handling-manufacturing-italy-e-mobilita-sostenibile-disposte-colonnine-elettriche-nel-parcheggio-aziendale\/\" >Toyota Material Handling Manufacturing Italy e mobilit\u00e0 sostenibile: disposte colonnine elettriche nel parcheggio aziendale.<\/a>\n                <\/span>\n                <span class=\"post-date\">\n                    16\/11\/2022\n                <\/span>\n            <\/div><div class=\"jeg_news_ticker_item jeg_news_ticker_animated  format-standard\">\n                <span>\n                    <a href=\"https:\/\/www.ceoforlifeawards.com\/it\/blog\/efm-alla-mostra-del-cinema-di-venezia-per-consegnare-il-premio-sostenibilita\/\" >eFM alla Mostra del Cinema di Venezia per consegnare il Premio Sostenibilit\u00e0<\/a>\n                <\/span>\n                <span class=\"post-date\">\n                    22\/11\/2022\n                <\/span>\n            <\/div><div class=\"jeg_news_ticker_item jeg_news_ticker_animated  format-standard\">\n                <span>\n                    <a href=\"https:\/\/www.ceoforlifeawards.com\/it\/blog\/the-future-of-il-podcast-di-abb-italia-future-of-vehicles\/\" >The future of&#8230; Il podcast di ABB Italia &#8211; Future of Vehicles<\/a>\n                <\/span>\n                <span class=\"post-date\">\n                    28\/11\/2022\n                <\/span>\n            <\/div><div class=\"jeg_news_ticker_item jeg_news_ticker_animated  format-standard\">\n                <span>\n                    <a href=\"https:\/\/www.ceoforlifeawards.com\/it\/blog\/il-digital-cleanup-day-e-la-seconda-iniziativa-del-green-month-di-toyota-material-handling-manufacturing-italy-spa-sullinquinamento-digitale\/\" >Il Digital Cleanup Day \u00e8 la seconda iniziativa del Green Month di Toyota Material Handling Manufacturing Italy SpA sull\u2019inquinamento digitale<\/a>\n                <\/span>\n                <span class=\"post-date\">\n                    13\/10\/2022\n                <\/span>\n            <\/div><div class=\"jeg_news_ticker_item jeg_news_ticker_animated  format-standard\">\n                <span>\n                    <a href=\"https:\/\/www.ceoforlifeawards.com\/it\/blog\/i-benefici-della-blockchain-nellenergy-management-la-sperimentazione-di-efm-cpl-concordia-e-consip\/\" >I benefici della blockchain nell\u2019energy management: la sperimentazione di eFM, CPL Concordia e Consip<\/a>\n                <\/span>\n                <span class=\"post-date\">\n                    13\/10\/2022\n                <\/span>\n            <\/div><div class=\"jeg_news_ticker_item jeg_news_ticker_animated  format-standard\">\n                <span>\n                    <a href=\"https:\/\/www.ceoforlifeawards.com\/it\/blog\/anna-foglietta-ceoforlife-lundbeck-awards\/\" >Anna Foglietta, CEOforLife Lundbeck Awards<\/a>\n                <\/span>\n                <span class=\"post-date\">\n                    10\/05\/2023\n                <\/span>\n            <\/div><div class=\"jeg_news_ticker_item jeg_news_ticker_animated  format-standard\">\n                <span>\n                    <a href=\"https:\/\/www.ceoforlifeawards.com\/it\/blog\/i-sistemi-di-ricarica-abb-al-cuore-del-deposito-di-e-bus-del-trasporto-pubblico-milanese\/\" >I sistemi di ricarica ABB al cuore del deposito di e-bus del trasporto pubblico Milanese<\/a>\n                <\/span>\n                <span class=\"post-date\">\n                    22\/11\/2022\n                <\/span>\n            <\/div><div class=\"jeg_news_ticker_item jeg_news_ticker_animated  format-standard\">\n                <span>\n                    <a href=\"https:\/\/www.ceoforlifeawards.com\/it\/blog\/sogei-pubblica-il-manifesto-delletica-digitale\/\" >Sogei pubblica il Manifesto dell\u2019Etica Digitale<\/a>\n                <\/span>\n                <span class=\"post-date\">\n                    12\/10\/2022\n                <\/span>\n            <\/div><div class=\"jeg_news_ticker_item jeg_news_ticker_animated  format-standard\">\n                <span>\n                    <a href=\"https:\/\/www.ceoforlifeawards.com\/it\/blog\/toyota-material-handling-manufacturing-italy-spa-introduce-il-piatto-vegetariano-nelle-mense-aziendali-in-occasione-del-green-month\/\" >Toyota Material Handling Manufacturing Italy SpA introduce il piatto vegetariano nelle mense aziendali in occasione del Green Month<\/a>\n                <\/span>\n                <span class=\"post-date\">\n                    22\/11\/2022\n                <\/span>\n            <\/div><div class=\"jeg_news_ticker_item jeg_news_ticker_animated  format-standard\">\n                <span>\n                    <a href=\"https:\/\/www.ceoforlifeawards.com\/it\/blog\/abb-e-mobility-inaugura-il-suo-piu-grande-impianto-di-produzione-di-stazioni-di-ricarica-in-corrente-continua-in-italia\/\" >ABB E-mobility inaugura il suo pi\u00f9 grande impianto di produzione di stazioni di ricarica in corrente continua in Italia<\/a>\n                <\/span>\n                <span class=\"post-date\">\n                    22\/11\/2022\n                <\/span>\n            <\/div><div class=\"jeg_news_ticker_item jeg_news_ticker_animated  format-standard\">\n                <span>\n                    <a href=\"https:\/\/www.ceoforlifeawards.com\/it\/blog\/ceoforlife-magazine-n-7\/\" >CEOforLIFE Magazine n. 7<\/a>\n                <\/span>\n                <span class=\"post-date\">\n                    10\/05\/2023\n                <\/span>\n            <\/div><div class=\"jeg_news_ticker_item jeg_news_ticker_animated  format-standard\">\n                <span>\n                    <a href=\"https:\/\/www.ceoforlifeawards.com\/it\/blog\/la-sostenibilita-nella-transizione-energetica-lesempio-della-gigafactory\/\" >La sostenibilit\u00e0 nella transizione energetica: l&#8217;esempio della Gigafactory<\/a>\n                <\/span>\n                <span class=\"post-date\">\n                    22\/11\/2022\n                <\/span>\n            <\/div><div class=\"jeg_news_ticker_item jeg_news_ticker_animated  format-standard\">\n                <span>\n                    <a href=\"https:\/\/www.ceoforlifeawards.com\/it\/blog\/il-ruolo-delle-banche-nello-sviluppo-sostenibile-il-punto-di-vista-di-societe-generale\/\" >Il ruolo delle banche nello sviluppo sostenibile: il punto di vista di Soci\u00e9t\u00e9 G\u00e9n\u00e9rale.<\/a>\n                <\/span>\n                <span class=\"post-date\">\n                    22\/11\/2022\n                <\/span>\n            <\/div><div class=\"jeg_news_ticker_item jeg_news_ticker_animated  format-standard\">\n                <span>\n                    <a href=\"https:\/\/www.ceoforlifeawards.com\/it\/blog\/digitalizzazione-e-innovazione-a-supporto-della-sostenibilita-della-ristorazione-collettiva\/\" >Digitalizzazione e innovazione a supporto della sostenibilit\u00e0 della ristorazione collettiva<\/a>\n                <\/span>\n                <span class=\"post-date\">\n                    28\/11\/2022\n                <\/span>\n            <\/div><div class=\"jeg_news_ticker_item jeg_news_ticker_animated  format-standard\">\n                <span>\n                    <a href=\"https:\/\/www.ceoforlifeawards.com\/it\/blog\/edison-al-fianco-del-fai-per-la-tutela-della-biodiversita\/\" >Edison al fianco del FAI per la tutela della biodiversit\u00e0<\/a>\n                <\/span>\n                <span class=\"post-date\">\n                    05\/10\/2022\n                <\/span>\n            <\/div><div class=\"jeg_news_ticker_item jeg_news_ticker_animated  format-standard\">\n                <span>\n                    <a href=\"https:\/\/www.ceoforlifeawards.com\/it\/blog\/cellularline-custodie-per-smartphone-caricabatterie-e-cavetti-in-plastica-riciclata\/\" >Cellularline: custodie per smartphone, caricabatterie e cavetti in plastica riciclata<\/a>\n                <\/span>\n                <span class=\"post-date\">\n                    05\/10\/2022\n                <\/span>\n            <\/div><div class=\"jeg_news_ticker_item jeg_news_ticker_animated  format-standard\">\n                <span>\n                    <a href=\"https:\/\/www.ceoforlifeawards.com\/it\/blog\/toyota-material-handling-un-sistema-di-produzione-con-la-persona-al-centro\/\" >TOYOTA MATERIAL HANDLING &#8211; Un sistema di produzione con la Persona al centro<\/a>\n                <\/span>\n                <span class=\"post-date\">\n                    05\/10\/2022\n                <\/span>\n            <\/div><div class=\"jeg_news_ticker_item jeg_news_ticker_animated  format-standard\">\n                <span>\n                    <a href=\"https:\/\/www.ceoforlifeawards.com\/it\/blog\/disney-italia-con-medicinema-italia-per-portare-la-magia-del-cinema-in-ospedale\/\" >Disney Italia con MediCinema Italia per portare la magia del cinema in ospedale<\/a>\n                <\/span>\n                <span class=\"post-date\">\n                    05\/10\/2022\n                <\/span>\n            <\/div><div class=\"jeg_news_ticker_item jeg_news_ticker_animated  format-standard\">\n                <span>\n                    <a href=\"https:\/\/www.ceoforlifeawards.com\/it\/blog\/empowering-people-lobiettivo-di-talent-garden\/\" >Empowering People: l\u2019obiettivo di Talent Garden<\/a>\n                <\/span>\n                <span class=\"post-date\">\n                    05\/10\/2022\n                <\/span>\n            <\/div><div class=\"jeg_news_ticker_item jeg_news_ticker_animated  format-standard\">\n                <span>\n                    <a href=\"https:\/\/www.ceoforlifeawards.com\/it\/blog\/i-progetti-di-sogei-premiati-ai-ceoforlife-awards-italia-2022\/\" >I progetti di Sogei premiati ai CEOforLIFE Awards Italia 2022<\/a>\n                <\/span>\n                <span class=\"post-date\">\n                    28\/11\/2022\n                <\/span>\n            <\/div><div class=\"jeg_news_ticker_item jeg_news_ticker_animated  format-standard\">\n                <span>\n                    <a href=\"https:\/\/www.ceoforlifeawards.com\/it\/blog\/save-the-children-progetto-hub-0-6-o-polo-millegiorni\/\" >Save the children &#8211; Progetto HUB 0-6 (o Polo Millegiorni)<\/a>\n                <\/span>\n                <span class=\"post-date\">\n                    22\/11\/2022\n                <\/span>\n            <\/div><div class=\"jeg_news_ticker_item jeg_news_ticker_animated  format-standard\">\n                <span>\n                    <a href=\"https:\/\/www.ceoforlifeawards.com\/it\/blog\/saras-group-idrogeno-verde-nella-raffineria-di-sarroch\/\" >Saras Group: idrogeno verde nella raffineria di Sarroch<\/a>\n                <\/span>\n                <span class=\"post-date\">\n                    22\/11\/2022\n                <\/span>\n            <\/div><div class=\"jeg_news_ticker_item jeg_news_ticker_animated  format-standard\">\n                <span>\n                    <a href=\"https:\/\/www.ceoforlifeawards.com\/it\/blog\/nokia-italia-e-limpegno-nella-ricerca-e-sviluppo-2\/\" >Nokia Italia e l\u2019impegno nella ricerca e sviluppo<\/a>\n                <\/span>\n                <span class=\"post-date\">\n                    04\/10\/2022\n                <\/span>\n            <\/div><div class=\"jeg_news_ticker_item jeg_news_ticker_animated  format-standard\">\n                <span>\n                    <a href=\"https:\/\/www.ceoforlifeawards.com\/it\/blog\/miodottore-la-piattaforma-che-promuove-la-sanita-circolare\/\" >Miodottore: la piattaforma che promuove la sanit\u00e0 circolare<\/a>\n                <\/span>\n                <span class=\"post-date\">\n                    04\/10\/2022\n                <\/span>\n            <\/div><div class=\"jeg_news_ticker_item jeg_news_ticker_animated  format-standard\">\n                <span>\n                    <a href=\"https:\/\/www.ceoforlifeawards.com\/it\/blog\/mobilita-sostenibile-e-miglioramento-del-contesto-urbano-il-progetto-mypass-di-engineering\/\" >Mobilit\u00e0 sostenibile e miglioramento del contesto urbano: il progetto MyPasS di Engineering<\/a>\n                <\/span>\n                <span class=\"post-date\">\n                    16\/11\/2022\n                <\/span>\n            <\/div><div class=\"jeg_news_ticker_item jeg_news_ticker_animated  format-standard\">\n                <span>\n                    <a href=\"https:\/\/www.ceoforlifeawards.com\/it\/blog\/sostenibilita-in-knorr-bremse-lazienda-ottiene-nuovamente-lo-status-gold-da-ecovadis\/\" >Sostenibilit\u00e0 in Knorr-Bremse: l\u2019azienda ottiene nuovamente lo status Gold da EcoVadis.<\/a>\n                <\/span>\n                <span class=\"post-date\">\n                    16\/11\/2022\n                <\/span>\n            <\/div><div class=\"jeg_news_ticker_item jeg_news_ticker_animated  format-standard\">\n                <span>\n                    <a href=\"https:\/\/www.ceoforlifeawards.com\/it\/blog\/le-buone-pratiche-di-philip-morris-per-sostenere-e-valorizzare-i-propri-dipendenti\/\" >Le \u201cbuone pratiche\u201d di Philip Morris per sostenere e valorizzare i propri dipendenti<\/a>\n                <\/span>\n                <span class=\"post-date\">\n                    16\/11\/2022\n                <\/span>\n            <\/div><div class=\"jeg_news_ticker_item jeg_news_ticker_animated  format-standard\">\n                <span>\n                    <a href=\"https:\/\/www.ceoforlifeawards.com\/it\/blog\/positive-banking-limpegno-in-ambito-sostenibilita-di-bnl-e-bnp-paribas\/\" >Positive Banking- l\u2019impegno in ambito sostenibilit\u00e0 di BNL e BNP Paribas<\/a>\n                <\/span>\n                <span class=\"post-date\">\n                    22\/11\/2022\n                <\/span>\n            <\/div><div class=\"jeg_news_ticker_item jeg_news_ticker_animated  format-standard\">\n                <span>\n                    <a href=\"https:\/\/www.ceoforlifeawards.com\/it\/blog\/welfare-dalla-pandemia-ai-sistemi-del-futuro-levento-di-generali-welion-sullevoluzione-del-welfare\/\" >\u201cWelfare: dalla pandemia ai sistemi del futuro\u201d, l\u2019evento di Generali Welion sull\u2019evoluzione del welfare<\/a>\n                <\/span>\n                <span class=\"post-date\">\n                    23\/09\/2022\n                <\/span>\n            <\/div><div class=\"jeg_news_ticker_item jeg_news_ticker_animated  format-standard\">\n                <span>\n                    <a href=\"https:\/\/www.ceoforlifeawards.com\/it\/blog\/limpegno-sostenibile-di-acea-sullenergia-idroelettrica-a-tutela-del-territorio\/\" >L\u2019impegno sostenibile di Acea sull\u2019energia idroelettrica a tutela del territorio<\/a>\n                <\/span>\n                <span class=\"post-date\">\n                    22\/09\/2022\n                <\/span>\n            <\/div><div class=\"jeg_news_ticker_item jeg_news_ticker_animated  format-standard\">\n                <span>\n                    <a href=\"https:\/\/www.ceoforlifeawards.com\/it\/blog\/coltivando-linfanzia-il-progetto-di-knorr-bremse-rail-systems-italia-per-uneducazione-inclusiva-e-green\/\" >\u201cColtivando l\u2019infanzia\u201d: il progetto di Knorr-Bremse Rail Systems Italia per un\u2019educazione inclusiva e green<\/a>\n                <\/span>\n                <span class=\"post-date\">\n                    22\/11\/2022\n                <\/span>\n            <\/div><div class=\"jeg_news_ticker_item jeg_news_ticker_animated  format-standard\">\n                <span>\n                    <a href=\"https:\/\/www.ceoforlifeawards.com\/it\/blog\/iren-lancia-il-polimero-bluair-per-la-produzione-dellacciaio-green\/\" >Iren lancia il polimero Bluair\u00ae per la produzione dell&#8217;acciaio green<\/a>\n                <\/span>\n                <span class=\"post-date\">\n                    22\/11\/2022\n                <\/span>\n            <\/div><div class=\"jeg_news_ticker_item jeg_news_ticker_animated  format-standard\">\n                <span>\n                    <a href=\"https:\/\/www.ceoforlifeawards.com\/it\/blog\/sostenibilita-e-mondo-finanziario-le-iniziative-della-banca-digitale-ing-italia\/\" >Sostenibilit\u00e0 e mondo finanziario: le iniziative della banca digitale ING Italia<\/a>\n                <\/span>\n                <span class=\"post-date\">\n                    22\/11\/2022\n                <\/span>\n            <\/div><div class=\"jeg_news_ticker_item jeg_news_ticker_animated  format-standard\">\n                <span>\n                    <a href=\"https:\/\/www.ceoforlifeawards.com\/it\/blog\/il-progetto-erice-di-cellnex-italia\/\" >Il Progetto Erice di Cellnex Italia<\/a>\n                <\/span>\n                <span class=\"post-date\">\n                    21\/09\/2022\n                <\/span>\n            <\/div><div class=\"jeg_news_ticker_item jeg_news_ticker_animated  format-standard\">\n                <span>\n                    <a href=\"https:\/\/www.ceoforlifeawards.com\/it\/blog\/il-cantiere-sociale-de-il-prisma\/\" >Il Cantiere Sociale de Il Prisma<\/a>\n                <\/span>\n                <span class=\"post-date\">\n                    21\/09\/2022\n                <\/span>\n            <\/div><div class=\"jeg_news_ticker_item jeg_news_ticker_animated  format-standard\">\n                <span>\n                    <a href=\"https:\/\/www.ceoforlifeawards.com\/it\/blog\/iccrea-banca-supporto-alle-pmi-per-la-transizione-sostenibile\/\" >ICCREA BANCA &#8211; SUPPORTO ALLE PMI PER LA TRANSIZIONE SOSTENIBILE<\/a>\n                <\/span>\n                <span class=\"post-date\">\n                    16\/11\/2022\n                <\/span>\n            <\/div><div class=\"jeg_news_ticker_item jeg_news_ticker_animated  format-standard\">\n                <span>\n                    <a href=\"https:\/\/www.ceoforlifeawards.com\/it\/blog\/diversita-e-inclusione-il-progetto-diversamente-di-henkel-italia\/\" >Diversit\u00e0 e inclusione, il progetto \u201cdiversaMENTE\u201d di Henkel Italia<\/a>\n                <\/span>\n                <span class=\"post-date\">\n                    21\/09\/2022\n                <\/span>\n            <\/div><div class=\"jeg_news_ticker_item jeg_news_ticker_animated  format-standard\">\n                <span>\n                    <a href=\"https:\/\/www.ceoforlifeawards.com\/it\/blog\/16898\/\" >HARIBO: CHILDLIKE HAPPINESS FOR EVERYONE<\/a>\n                <\/span>\n                <span class=\"post-date\">\n                    04\/10\/2022\n                <\/span>\n            <\/div><div class=\"jeg_news_ticker_item jeg_news_ticker_animated  format-standard\">\n                <span>\n                    <a href=\"https:\/\/www.ceoforlifeawards.com\/it\/blog\/16894\/\" >Sch\u00e4dle (GLS): \u201cEcco come ridurremo l\u2019impatto ambientale delle consegne last mile\u201d<\/a>\n                <\/span>\n                <span class=\"post-date\">\n                    31\/01\/2024\n                <\/span>\n            <\/div><div class=\"jeg_news_ticker_item jeg_news_ticker_animated  format-standard\">\n                <span>\n                    <a href=\"https:\/\/www.ceoforlifeawards.com\/it\/blog\/generationami-a-scuola-di-electric-mobility\/\" >G\u00ebnerationAMI \u2013 A SCUOLA DI ELECTRIC MOBILITY<\/a>\n                <\/span>\n                <span class=\"post-date\">\n                    21\/09\/2022\n                <\/span>\n            <\/div><div class=\"jeg_news_ticker_item jeg_news_ticker_animated  format-standard\">\n                <span>\n                    <a href=\"https:\/\/www.ceoforlifeawards.com\/it\/blog\/fitprime-wellbeing-made-easy\/\" >FITPRIME &#8211; WELLBEING MADE EASY<\/a>\n                <\/span>\n                <span class=\"post-date\">\n                    21\/09\/2022\n                <\/span>\n            <\/div><div class=\"jeg_news_ticker_item jeg_news_ticker_animated  format-standard\">\n                <span>\n                    <a href=\"https:\/\/www.ceoforlifeawards.com\/it\/blog\/essere-piu-sostenibili-attraverso-la-formazione-costante-limpegno-ed-i-progetti-di-sielte-s-p-a\/\" >Essere pi\u00f9 sostenibili attraverso la formazione costante: l\u2019impegno ed i progetti di Sielte S.p.A.<\/a>\n                <\/span>\n                <span class=\"post-date\">\n                    21\/09\/2022\n                <\/span>\n            <\/div><div class=\"jeg_news_ticker_item jeg_news_ticker_animated  format-standard\">\n                <span>\n                    <a href=\"https:\/\/www.ceoforlifeawards.com\/it\/blog\/la-strategia-ambientale-zero-impact-di-enav\/\" >La strategia ambientale ZERO IMPACT di ENAV<\/a>\n                <\/span>\n                <span class=\"post-date\">\n                    16\/11\/2022\n                <\/span>\n            <\/div><div class=\"jeg_news_ticker_item jeg_news_ticker_animated  format-standard\">\n                <span>\n                    <a href=\"https:\/\/www.ceoforlifeawards.com\/it\/blog\/il-progetto-school4life-2-0-di-elis\/\" >Il Progetto School4Life 2.0 di ELIS<\/a>\n                <\/span>\n                <span class=\"post-date\">\n                    21\/09\/2022\n                <\/span>\n            <\/div><div class=\"jeg_news_ticker_item jeg_news_ticker_animated  format-standard\">\n                <span>\n                    <a href=\"https:\/\/www.ceoforlifeawards.com\/it\/blog\/economia-circolare-in-hpe\/\" >Economia Circolare in HPE<\/a>\n                <\/span>\n                <span class=\"post-date\">\n                    21\/09\/2022\n                <\/span>\n            <\/div><div class=\"jeg_news_ticker_item jeg_news_ticker_animated  format-standard\">\n                <span>\n                    <a href=\"https:\/\/www.ceoforlifeawards.com\/it\/blog\/digital-magics-e-b-e-s-t-benessere-etica-sostenibilita-e-tecnologia-per-innovare-in-modo-sostenibile\/\" >DIGITAL MAGICS \u00c8 B.E.S.T.:  Benessere, Etica, Sostenibilit\u00e0, e Tecnologia, per innovare in modo sostenibile!<\/a>\n                <\/span>\n                <span class=\"post-date\">\n                    22\/11\/2022\n                <\/span>\n            <\/div><div class=\"jeg_news_ticker_item jeg_news_ticker_animated  format-standard\">\n                <span>\n                    <a href=\"https:\/\/www.ceoforlifeawards.com\/it\/blog\/renault-riduce-le-emissioni-per-il-trasporto-delle-sue-merci-in-europa-15-dal-2015\/\" >Renault riduce le emissioni per il trasporto delle sue merci in Europa: -15% dal 2015<\/a>\n                <\/span>\n                <span class=\"post-date\">\n                    22\/11\/2022\n                <\/span>\n            <\/div><div class=\"jeg_news_ticker_item jeg_news_ticker_animated  format-standard\">\n                <span>\n                    <a href=\"https:\/\/www.ceoforlifeawards.com\/it\/blog\/generali-welion-premiata-per-la-realizzazione-di-welion-benefit-la-soluzione-dedicata-al-benessere-dei-dipendenti\/\" >Generali Welion premiata per la realizzazione di Welion BeneFit, la soluzione dedicata al benessere dei dipendenti<\/a>\n                <\/span>\n                <span class=\"post-date\">\n                    15\/11\/2022\n                <\/span>\n            <\/div><div class=\"jeg_news_ticker_item jeg_news_ticker_animated  format-standard\">\n                <span>\n                    <a href=\"https:\/\/www.ceoforlifeawards.com\/it\/blog\/digita-la-digital-transformation-industry-innovation-academy\/\" >DIGITA: LA \u201cDIGITAL TRANSFORMATION &amp; INDUSTRY INNOVATION ACADEMY\u201d<\/a>\n                <\/span>\n                <span class=\"post-date\">\n                    20\/09\/2022\n                <\/span>\n            <\/div><div class=\"jeg_news_ticker_item jeg_news_ticker_animated  format-standard\">\n                <span>\n                    <a href=\"https:\/\/www.ceoforlifeawards.com\/it\/blog\/il-progetto-dso-4-0-il-contributo-di-cisco-alla-digitalizzazione-della-rete-energetica\/\" >Il Progetto DSO 4.0: il contributo di CISCO alla digitalizzazione della rete energetica<\/a>\n                <\/span>\n                <span class=\"post-date\">\n                    28\/11\/2022\n                <\/span>\n            <\/div><div class=\"jeg_news_ticker_item jeg_news_ticker_animated  format-standard\">\n                <span>\n                    <a href=\"https:\/\/www.ceoforlifeawards.com\/it\/blog\/esprinet-e-il-renting-tecnologico-verso-una-trasformazione-digitale-piu-sostenibile\/\" >Esprinet e il renting tecnologico:  verso una trasformazione digitale pi\u00f9 sostenibile<\/a>\n                <\/span>\n                <span class=\"post-date\">\n                    28\/11\/2022\n                <\/span>\n            <\/div><div class=\"jeg_news_ticker_item jeg_news_ticker_animated  format-standard\">\n                <span>\n                    <a href=\"https:\/\/www.ceoforlifeawards.com\/it\/blog\/edifici-e-citta-green-il-futuro-del-real-estate-per-jll-e-sostenibile\/\" >Edifici e citt\u00e0 green: il futuro del real estate per JLL \u00e8 sostenibile.<\/a>\n                <\/span>\n                <span class=\"post-date\">\n                    20\/09\/2022\n                <\/span>\n            <\/div><div class=\"jeg_news_ticker_item jeg_news_ticker_animated  format-standard\">\n                <span>\n                    <a href=\"https:\/\/www.ceoforlifeawards.com\/it\/blog\/la-promozione-della-cultura-finanziaria-al-centro-della-strategia-di-alleanza-assicurazioni\/\" >La promozione della cultura finanziaria al centro della strategia di Alleanza Assicurazioni<\/a>\n                <\/span>\n                <span class=\"post-date\">\n                    17\/11\/2022\n                <\/span>\n            <\/div><div class=\"jeg_news_ticker_item jeg_news_ticker_animated  format-standard\">\n                <span>\n                    <a href=\"https:\/\/www.ceoforlifeawards.com\/it\/blog\/testa-avis-lelettrificazione-e-un-tema-enorme-ma-lautomobile-rimarra-centrale\/\" >Testa (Avis): \u201cL\u2019elettrificazione \u00e8 un tema enorme, ma l\u2019automobile rimarr\u00e0 centrale\u201d<\/a>\n                <\/span>\n                <span class=\"post-date\">\n                    20\/09\/2022\n                <\/span>\n            <\/div><div class=\"jeg_news_ticker_item jeg_news_ticker_animated  format-standard\">\n                <span>\n                    <a href=\"https:\/\/www.ceoforlifeawards.com\/it\/blog\/la-strategia-di-sostenibilita-2030-di-abb-italia\/\" >La Strategia di Sostenibilit\u00e0 2030 di ABB Italia<\/a>\n                <\/span>\n                <span class=\"post-date\">\n                    20\/09\/2022\n                <\/span>\n            <\/div><div class=\"jeg_news_ticker_item jeg_news_ticker_animated  format-standard\">\n                <span>\n                    <a href=\"https:\/\/www.ceoforlifeawards.com\/it\/blog\/lesperienza-della-b-corp-rigeneriamo\/\" >L\u2019esperienza della B-Corp (RI)Generiamo<\/a>\n                <\/span>\n                <span class=\"post-date\">\n                    20\/09\/2022\n                <\/span>\n            <\/div><div class=\"jeg_news_ticker_item jeg_news_ticker_animated  format-standard\">\n                <span>\n                    <a href=\"https:\/\/www.ceoforlifeawards.com\/it\/blog\/diversityinclusion-teleperformance-e-al-quinto-posto-in-italia-per-attenzione-a-donne-e-famiglie\/\" >Diversity&amp;Inclusion, Teleperformance \u00e8 al quinto posto in Italia per attenzione a donne e famiglie<\/a>\n                <\/span>\n                <span class=\"post-date\">\n                    16\/11\/2022\n                <\/span>\n            <\/div><div class=\"jeg_news_ticker_item jeg_news_ticker_animated  format-standard\">\n                <span>\n                    <a href=\"https:\/\/www.ceoforlifeawards.com\/it\/blog\/viatris-pubblica-il-report-di-sostenibilita-2021\/\" >Viatris pubblica il Report di Sostenibilit\u00e0 2021<\/a>\n                <\/span>\n                <span class=\"post-date\">\n                    20\/09\/2022\n                <\/span>\n            <\/div><div class=\"jeg_news_ticker_item jeg_news_ticker_animated  format-standard\">\n                <span>\n                    <a href=\"https:\/\/www.ceoforlifeawards.com\/it\/blog\/alla-scoperta-del-rito-della-bellezza-come-essenza-del-lavoro-nasce-la-nuova-casa-di-acqua-di-parma-progettata-da-il-prisma\/\" >Alla scoperta del rito della bellezza come essenza del lavoro: nasce la nuova casa di Acqua di Parma progettata da Il Prisma<\/a>\n                <\/span>\n                <span class=\"post-date\">\n                    22\/11\/2022\n                <\/span>\n            <\/div><div class=\"jeg_news_ticker_item jeg_news_ticker_animated  format-standard\">\n                <span>\n                    <a href=\"https:\/\/www.ceoforlifeawards.com\/it\/blog\/il-nuovo-purpose-di-birra-peroni-creating-meaningful-connections-inclusione-e-sostenibilita-al-centro-della-strategia-aziendale\/\" >IL NUOVO PURPOSE DI BIRRA PERONI: \u2018CREATING MEANINGFUL CONNECTIONS\u2019 Inclusione e sostenibilit\u00e0 al centro della strategia aziendale<\/a>\n                <\/span>\n                <span class=\"post-date\">\n                    19\/09\/2022\n                <\/span>\n            <\/div><div class=\"jeg_news_ticker_item jeg_news_ticker_animated  format-standard\">\n                <span>\n                    <a href=\"https:\/\/www.ceoforlifeawards.com\/it\/blog\/la-campagna-di-vaccinazione-antinfluenzale-di-generali-welion-a-tutela-della-salute-dei-propri-dipendenti\/\" >La campagna di vaccinazione antinfluenzale di Generali Welion a tutela della salute dei propri dipendenti<\/a>\n                <\/span>\n                <span class=\"post-date\">\n                    21\/09\/2022\n                <\/span>\n            <\/div><div class=\"jeg_news_ticker_item jeg_news_ticker_animated  format-standard\">\n                <span>\n                    <a href=\"https:\/\/www.ceoforlifeawards.com\/it\/blog\/birra-peroni-viene-premiata-dal-mit-di-boston-per-il-progetto-sulla-tracciabilita-delle-materie-prime\/\" >Birra Peroni viene premiata dal Mit di Boston per il progetto sulla tracciabilit\u00e0 delle materie prime<\/a>\n                <\/span>\n                <span class=\"post-date\">\n                    16\/09\/2022\n                <\/span>\n            <\/div><div class=\"jeg_news_ticker_item jeg_news_ticker_animated  format-standard\">\n                <span>\n                    <a href=\"https:\/\/www.ceoforlifeawards.com\/it\/blog\/millenial-e-genz-preoccupati-per-cambiamento-climatico-carovita-e-lavoro-i-risultati-della-millennial-e-genz-survey-2022\/\" >Millennial e GenZ preoccupati per cambiamento climatico, carovita e lavoro: i risultati della \u201cMillennial e GenZ Survey 2022\u201d<\/a>\n                <\/span>\n                <span class=\"post-date\">\n                    21\/11\/2022\n                <\/span>\n            <\/div><div class=\"jeg_news_ticker_item jeg_news_ticker_animated  format-standard\">\n                <span>\n                    <a href=\"https:\/\/www.ceoforlifeawards.com\/it\/blog\/infratel-italia-si-racconta-nel-primo-bilancio-sociale-connessioni-un-punto-di-svolta-per-la-ripresa-del-paese\/\" >Infratel Italia si racconta nel primo bilancio sociale \u201cConnessioni\u201d. Un punto di svolta per la ripresa del Paese<\/a>\n                <\/span>\n                <span class=\"post-date\">\n                    15\/09\/2022\n                <\/span>\n            <\/div><div class=\"jeg_news_ticker_item jeg_news_ticker_animated  format-standard\">\n                <span>\n                    <a href=\"https:\/\/www.ceoforlifeawards.com\/it\/blog\/deloitte-avvia-il-percorso-per-diventare-societa-benefit\/\" >Deloitte avvia il percorso per diventare Societ\u00e0 Benefit<\/a>\n                <\/span>\n                <span class=\"post-date\">\n                    15\/09\/2022\n                <\/span>\n            <\/div><div class=\"jeg_news_ticker_item jeg_news_ticker_animated  format-standard\">\n                <span>\n                    <a href=\"https:\/\/www.ceoforlifeawards.com\/it\/blog\/pratiche-esg-inwit-rientra-nel-ftse4good-index-series\/\" >Pratiche ESG: Inwit rientra nel FTSE4Good Index Series<\/a>\n                <\/span>\n                <span class=\"post-date\">\n                    14\/09\/2022\n                <\/span>\n            <\/div><div class=\"jeg_news_ticker_item jeg_news_ticker_animated  format-standard\">\n                <span>\n                    <a href=\"https:\/\/www.ceoforlifeawards.com\/it\/blog\/il-gruppo-unipol-promuove-il-the-urban-mobility-council-il-think-tank-per-una-mobilita-piu-sostenibile\/\" >Il Gruppo Unipol promuove il The Urban Mobility Council, il Think Tank per una mobilit\u00e0 pi\u00f9 sostenibile<\/a>\n                <\/span>\n                <span class=\"post-date\">\n                    28\/11\/2022\n                <\/span>\n            <\/div><div class=\"jeg_news_ticker_item jeg_news_ticker_animated  format-standard\">\n                <span>\n                    <a href=\"https:\/\/www.ceoforlifeawards.com\/it\/blog\/abb-come-ridurre-linquinamento-da-trasporti-ad-incominciare-dalla-formula-e\/\" >ABB, come ridurre l\u2019inquinamento da trasporti. Ad incominciare dalla Formula E<\/a>\n                <\/span>\n                <span class=\"post-date\">\n                    14\/09\/2022\n                <\/span>\n            <\/div><div class=\"jeg_news_ticker_item jeg_news_ticker_animated  format-standard\">\n                <span>\n                    <a href=\"https:\/\/www.ceoforlifeawards.com\/it\/blog\/world-climate-la-strategia-di-deloitte-per-promuovere-abitudini-piu-sostenibili\/\" >World Climate, la strategia di Deloitte per promuovere abitudini pi\u00f9 sostenibili<\/a>\n                <\/span>\n                <span class=\"post-date\">\n                    22\/11\/2022\n                <\/span>\n            <\/div><div class=\"jeg_news_ticker_item jeg_news_ticker_animated  format-standard\">\n                <span>\n                    <a href=\"https:\/\/www.ceoforlifeawards.com\/it\/blog\/luiss-e-dorna-un-corso-di-economia-premia-gli-studenti-esperti-di-superbike\/\" >Luiss e Dorna: un corso di Economia premia gli studenti \u201cesperti\u201d di Superbike<\/a>\n                <\/span>\n                <span class=\"post-date\">\n                    06\/12\/2022\n                <\/span>\n            <\/div><div class=\"jeg_news_ticker_item jeg_news_ticker_animated  format-standard\">\n                <span>\n                    <a href=\"https:\/\/www.ceoforlifeawards.com\/it\/blog\/la-lavorazione-di-pomodori-e-piu-facile-con-la-piattaforma-smart-di-abb\/\" >La lavorazione di pomodori \u00e8 pi\u00f9 facile con la piattaforma smart di ABB<\/a>\n                <\/span>\n                <span class=\"post-date\">\n                    16\/11\/2022\n                <\/span>\n            <\/div><div class=\"jeg_news_ticker_item jeg_news_ticker_animated  format-standard\">\n                <span>\n                    <a href=\"https:\/\/www.ceoforlifeawards.com\/it\/blog\/riqualificazione-attenzione-al-territorio-e-investimenti-responsabili-al-centro-della-strategia-di-sostenibilita-di-unipolsai-assicurazioni\/\" >Riqualificazione, attenzione al territorio e investimenti responsabili al centro della strategia di sostenibilit\u00e0 di UnipolSai Assicurazioni<\/a>\n                <\/span>\n                <span class=\"post-date\">\n                    12\/09\/2022\n                <\/span>\n            <\/div><div class=\"jeg_news_ticker_item jeg_news_ticker_animated  format-standard\">\n                <span>\n                    <a href=\"https:\/\/www.ceoforlifeawards.com\/it\/blog\/parita-di-genere-cellenex-e-la-prima-azienda-in-italia-ad-ottenere-la-certificazione\/\" >Parit\u00e0 di genere: Cellenex \u00e8 la prima azienda in Italia ad ottenere la certificazione<\/a>\n                <\/span>\n                <span class=\"post-date\">\n                    28\/11\/2022\n                <\/span>\n            <\/div><div class=\"jeg_news_ticker_item jeg_news_ticker_animated  format-standard\">\n                <span>\n                    <a href=\"https:\/\/www.ceoforlifeawards.com\/it\/blog\/ia-per-unilluminazione-pubblica-4-0-il-nuovo-progetto-di-ammagamma-ed-hera-luce\/\" >IA per un\u2019illuminazione pubblica 4.0: il nuovo progetto di Ammagamma ed Hera Luce<\/a>\n                <\/span>\n                <span class=\"post-date\">\n                    29\/09\/2022\n                <\/span>\n            <\/div><div class=\"jeg_news_ticker_item jeg_news_ticker_animated  format-standard\">\n                <span>\n                    <a href=\"https:\/\/www.ceoforlifeawards.com\/it\/blog\/mi-vedete-il-cortometraggio-sulla-depressione-nei-giovani-presentato-da-lundbeck-italia-a-giffoni-next-generation-2022\/\" >\u201cMI VEDETE?\u201d \u2013 Il cortometraggio sulla depressione nei giovani presentato da Lundbeck Italia a Giffoni Next Generation 2022<\/a>\n                <\/span>\n                <span class=\"post-date\">\n                    08\/09\/2022\n                <\/span>\n            <\/div><div class=\"jeg_news_ticker_item jeg_news_ticker_animated  format-standard\">\n                <span>\n                    <a href=\"https:\/\/www.ceoforlifeawards.com\/it\/blog\/iren-corso-gratuito-per-formare-i-docenti-sulla-transizione-ecologica\/\" >Iren: corso gratuito per formare i docenti sulla transizione ecologica<\/a>\n                <\/span>\n                <span class=\"post-date\">\n                    22\/11\/2022\n                <\/span>\n            <\/div><div class=\"jeg_news_ticker_item jeg_news_ticker_animated  format-standard\">\n                <span>\n                    <a href=\"https:\/\/www.ceoforlifeawards.com\/it\/blog\/futuro-del-lavoro-oltre-lo-smart-working\/\" >Futuro del lavoro: oltre lo Smart Working<\/a>\n                <\/span>\n                <span class=\"post-date\">\n                    07\/09\/2022\n                <\/span>\n            <\/div><div class=\"jeg_news_ticker_item jeg_news_ticker_animated  format-standard\">\n                <span>\n                    <a href=\"https:\/\/www.ceoforlifeawards.com\/it\/blog\/lotta-agli-sprechi-alimentari-nella-partnership-tra-ammagamma-e-cirfood\/\" >Lotta agli sprechi alimentari nella partnership tra Ammagamma e CIRFOOD.<\/a>\n                <\/span>\n                <span class=\"post-date\">\n                    16\/11\/2022\n                <\/span>\n            <\/div><div class=\"jeg_news_ticker_item jeg_news_ticker_animated  format-standard\">\n                <span>\n                    <a href=\"https:\/\/www.ceoforlifeawards.com\/it\/blog\/iren-relife-plastica-riciclata-per-i-sacchi-della-raccolta-differenziata\/\" >Iren-ReLife: plastica riciclata per i sacchi della raccolta differenziata<\/a>\n                <\/span>\n                <span class=\"post-date\">\n                    07\/09\/2022\n                <\/span>\n            <\/div><div class=\"jeg_news_ticker_item jeg_news_ticker_animated  format-standard\">\n                <span>\n                    <a href=\"https:\/\/www.ceoforlifeawards.com\/it\/blog\/my-ami-superfan-liniziativa-di-citroen-italia-per-far-conoscere-in-maniera-originale-e-accessibile-citroen-ami-100-electric\/\" >\u00abMY AMI SUPERFAN\u00bb, l\u2019iniziativa di Citro\u00ebn Italia per far conoscere in maniera originale e accessibile Citro\u00ebn Ami \u2013 100% \u00eblectric.<\/a>\n                <\/span>\n                <span class=\"post-date\">\n                    06\/09\/2022\n                <\/span>\n            <\/div><div class=\"jeg_news_ticker_item jeg_news_ticker_animated  format-standard\">\n                <span>\n                    <a href=\"https:\/\/www.ceoforlifeawards.com\/it\/blog\/il-progetto-hubquarter-ai-ceoforlife-awards-2022-dialogo-tra-ceo-e-istituzioni\/\" >Il progetto HUBQUARTER ai CEOforLIFE Awards 2022: dialogo tra CEO e Istituzioni<\/a>\n                <\/span>\n                <span class=\"post-date\">\n                    06\/09\/2022\n                <\/span>\n            <\/div><div class=\"jeg_news_ticker_item jeg_news_ticker_animated  format-standard\">\n                <span>\n                    <a href=\"https:\/\/www.ceoforlifeawards.com\/it\/blog\/il-bestiario-di-intelligenza-artificiale-di-ammagamma\/\" >Il Bestiario di Intelligenza Artificiale di Ammagamma<\/a>\n                <\/span>\n                <span class=\"post-date\">\n                    05\/09\/2022\n                <\/span>\n            <\/div><div class=\"jeg_news_ticker_item jeg_news_ticker_animated  format-standard\">\n                <span>\n                    <a href=\"https:\/\/www.ceoforlifeawards.com\/it\/blog\/mobilita-sostenibile-in-citroen-italia-il-progetto-citroen-drive-carloforte-electric-nellisola-di-carloforte\/\" >Mobilit\u00e0 sostenibile in Citro\u00ebn Italia: il progetto \u201cCITRO\u00cbN DRIVE CARLOFORTE ELECTRIC\u201d nell\u2019isola di Carloforte.<\/a>\n                <\/span>\n                <span class=\"post-date\">\n                    16\/11\/2022\n                <\/span>\n            <\/div><div class=\"jeg_news_ticker_item jeg_news_ticker_animated  format-standard\">\n                <span>\n                    <a href=\"https:\/\/www.ceoforlifeawards.com\/it\/blog\/luiss-business-school-sceglie-efm-come-partner-per-lexecutive-programme-in-real-estate-finance\/\" >Luiss Business School sceglie eFM come partner per l\u2019Executive Programme in Real Estate Finance<\/a>\n                <\/span>\n                <span class=\"post-date\">\n                    02\/09\/2022\n                <\/span>\n            <\/div><div class=\"jeg_news_ticker_item jeg_news_ticker_animated  format-standard\">\n                <span>\n                    <a href=\"https:\/\/www.ceoforlifeawards.com\/it\/blog\/citroen-ami-100-electric-protagonista-del-progetto-generationami-a-scuola-di-electric-mobility-per-sensibilizzare-i-piu-giovani-sulla-sostenibilita-ambientale\/\" >Citro\u00ebn Ami \u2013 100% \u00eblectric protagonista del progetto \u201cG\u00ebnerationAMI \u2013 a scuola di electric mobility\u201d per sensibilizzare i pi\u00f9 giovani sulla sostenibilit\u00e0 ambientale.<\/a>\n                <\/span>\n                <span class=\"post-date\">\n                    31\/08\/2022\n                <\/span>\n            <\/div><div class=\"jeg_news_ticker_item jeg_news_ticker_animated  format-standard\">\n                <span>\n                    <a href=\"https:\/\/www.ceoforlifeawards.com\/it\/blog\/engaging-places-efm-progetta-il-pronto-soccorso-a-supporto-delle-emozioni-delle-persone\/\" >Engaging Places: eFM progetta il Pronto Soccorso a supporto delle emozioni delle persone.<\/a>\n                <\/span>\n                <span class=\"post-date\">\n                    22\/11\/2022\n                <\/span>\n            <\/div><div class=\"jeg_news_ticker_item jeg_news_ticker_animated  format-standard\">\n                <span>\n                    <a href=\"https:\/\/www.ceoforlifeawards.com\/it\/blog\/ceoforlife-magazine-n-6\/\" >CEOforLIFE Magazine n. 6<\/a>\n                <\/span>\n                <span class=\"post-date\">\n                    10\/05\/2023\n                <\/span>\n            <\/div><div class=\"jeg_news_ticker_item jeg_news_ticker_animated  format-standard\">\n                <span>\n                    <a href=\"https:\/\/www.ceoforlifeawards.com\/it\/blog\/breath-il-progetto-di-fujifilm-italia-per-rendere-le-strutture-sanitarie-piu-vicine-al-paziente\/\" >\u201cBreath\u201d, il progetto di Fujifilm Italia per rendere le strutture sanitarie pi\u00f9 vicine al paziente<\/a>\n                <\/span>\n                <span class=\"post-date\">\n                    22\/11\/2022\n                <\/span>\n            <\/div><div class=\"jeg_news_ticker_item jeg_news_ticker_animated  format-standard\">\n                <span>\n                    <a href=\"https:\/\/www.ceoforlifeawards.com\/it\/blog\/energia-pulita-limpianto-toyota-di-bologna-gia-compensa-il-100-delle-emissioni\/\" >Energia pulita, l\u2019impianto Toyota di Bologna gi\u00e0 compensa il 100% delle emissioni<\/a>\n                <\/span>\n                <span class=\"post-date\">\n                    03\/08\/2022\n                <\/span>\n            <\/div><div class=\"jeg_news_ticker_item jeg_news_ticker_animated  format-standard\">\n                <span>\n                    <a href=\"https:\/\/www.ceoforlifeawards.com\/it\/blog\/limpegno-di-plenitude-a-sostegno-della-transizione-energetica-pubblicato-il-primo-report-di-sostenibilita-della-societa\/\" >L\u2019impegno di Plenitude a sostegno della transizione energetica: pubblicato il primo Report di Sostenibilit\u00e0 della Societ\u00e0<\/a>\n                <\/span>\n                <span class=\"post-date\">\n                    22\/11\/2022\n                <\/span>\n            <\/div><div class=\"jeg_news_ticker_item jeg_news_ticker_animated  format-standard\">\n                <span>\n                    <a href=\"https:\/\/www.ceoforlifeawards.com\/it\/blog\/giordano-fatali-al-transatlantic-investment-committee-tic\/\" >Giordano Fatali, Founder CEOforLIFE al Transatlantic Investment Committee (TIC)<\/a>\n                <\/span>\n                <span class=\"post-date\">\n                    22\/07\/2022\n                <\/span>\n            <\/div><div class=\"jeg_news_ticker_item jeg_news_ticker_animated  format-standard\">\n                <span>\n                    <a href=\"https:\/\/www.ceoforlifeawards.com\/it\/blog\/%f0%9d%90%93%f0%9d%90%ab%f0%9d%90%9a%f0%9d%90%a7%f0%9d%90%ac%f0%9d%90%9a%f0%9d%90%ad%f0%9d%90%a5%f0%9d%90%9a%f0%9d%90%a7%f0%9d%90%ad%f0%9d%90%a2%f0%9d%90%9c-%f0%9d%90%88%f0%9d%90%a7%f0%9d%90%af\/\" >????????????? ?????????? ?????????<\/a>\n                <\/span>\n                <span class=\"post-date\">\n                    28\/11\/2022\n                <\/span>\n            <\/div><div class=\"jeg_news_ticker_item jeg_news_ticker_animated  format-standard\">\n                <span>\n                    <a href=\"https:\/\/www.ceoforlifeawards.com\/it\/blog\/cristiana-capotondi-second-chance-awards-2022\/\" >Cristiana Capotondi, &#8220;Second Chance&#8221;, Awards 2022<\/a>\n                <\/span>\n                <span class=\"post-date\">\n                    10\/05\/2023\n                <\/span>\n            <\/div><div class=\"jeg_news_ticker_item jeg_news_ticker_animated  format-standard\">\n                <span>\n                    <a href=\"https:\/\/www.ceoforlifeawards.com\/it\/blog\/%f0%9d%90%8f%f0%9d%90%87%f0%9d%90%98%f0%9d%90%86%f0%9d%90%88%f0%9d%90%93%f0%9d%90%80%f0%9d%90%8b-%f0%9d%90%92%f0%9d%90%94%f0%9d%90%92%f0%9d%90%93%f0%9d%90%80%f0%9d%90%88%f0%9d%90%8d%f0%9d%90%80\/\" >???????? ?????????????? ????<\/a>\n                <\/span>\n                <span class=\"post-date\">\n                    12\/07\/2022\n                <\/span>\n            <\/div><div class=\"jeg_news_ticker_item jeg_news_ticker_animated  format-standard\">\n                <span>\n                    <a href=\"https:\/\/www.ceoforlifeawards.com\/it\/blog\/quifinanza-x-ceoforlife-ntt-data-e-teaming-presentano-tech-for-sustainability\/\" >QuiFinanza X CEOforLIFE: NTT DATA e Teaming presentano Tech for Sustainability<\/a>\n                <\/span>\n                <span class=\"post-date\">\n                    24\/06\/2022\n                <\/span>\n            <\/div><div class=\"jeg_news_ticker_item jeg_news_ticker_animated  format-standard\">\n                <span>\n                    <a href=\"https:\/\/www.ceoforlifeawards.com\/it\/blog\/settore-ferroviario-e-benefici-ambientali-lesempio-di-knorr-bremse\/\" >Settore ferroviario e benefici ambientali: l\u2019esempio di Knorr-Bremse<\/a>\n                <\/span>\n                <span class=\"post-date\">\n                    22\/11\/2022\n                <\/span>\n            <\/div><div class=\"jeg_news_ticker_item jeg_news_ticker_animated  format-standard\">\n                <span>\n                    <a href=\"https:\/\/www.ceoforlifeawards.com\/it\/blog\/rivoluzione-digitale-di-damico-societa-di-navigazione-un-impegno-a-360-gradi-sul-fronte-della-sostenibilita-e-dellinnovazione-tecnologica-2\/\" >Rivoluzione digitale di d\u2019Amico Societ\u00e0 di Navigazione: un impegno a 360 gradi sul fronte della sostenibilit\u00e0 e dell\u2019innovazione tecnologica.<\/a>\n                <\/span>\n                <span class=\"post-date\">\n                    16\/11\/2022\n                <\/span>\n            <\/div><div class=\"jeg_news_ticker_item jeg_news_ticker_animated  format-standard\">\n                <span>\n                    <a href=\"https:\/\/www.ceoforlifeawards.com\/it\/blog\/quifinanza-x-ceoforlife-ey-traccia-un-percorso-verso-il-futuro-sostenibile-delle-aziende-italiane\/\" >QuiFinanza X CEOforLIFE: EY traccia un percorso verso il futuro sostenibile delle aziende italiane<\/a>\n                <\/span>\n                <span class=\"post-date\">\n                    28\/11\/2022\n                <\/span>\n            <\/div><div class=\"jeg_news_ticker_item jeg_news_ticker_animated  format-standard\">\n                <span>\n                    <a href=\"https:\/\/www.ceoforlifeawards.com\/it\/blog\/ceoforlife-magazine-n-5\/\" >CEOforLIFE Magazine n. 5<\/a>\n                <\/span>\n                <span class=\"post-date\">\n                    10\/05\/2023\n                <\/span>\n            <\/div><div class=\"jeg_news_ticker_item jeg_news_ticker_animated  format-standard\">\n                <span>\n                    <a href=\"https:\/\/www.ceoforlifeawards.com\/it\/blog\/noleggiare-unauto-con-maggiore-aiuta-a-proteggere-la-foresta-amazzonica\/\" >Noleggiare un\u2019auto con Maggiore aiuta a proteggere la foresta amazzonica<\/a>\n                <\/span>\n                <span class=\"post-date\">\n                    10\/06\/2022\n                <\/span>\n            <\/div><div class=\"jeg_news_ticker_item jeg_news_ticker_animated  format-standard\">\n                <span>\n                    <a href=\"https:\/\/www.ceoforlifeawards.com\/it\/blog\/il-contributo-di-di-knorr-bremse-per-lo-sviluppo-del-trasporto-merci-attraverso-il-programma-di-innovazione-nr-5-di-shift2rail\/\" >Il contributo di Knorr-Bremse per lo sviluppo del trasporto merci attraverso il Programma di Innovazione nr. 5 di  Shift2Rail<\/a>\n                <\/span>\n                <span class=\"post-date\">\n                    08\/02\/2024\n                <\/span>\n            <\/div><div class=\"jeg_news_ticker_item jeg_news_ticker_animated  format-standard\">\n                <span>\n                    <a href=\"https:\/\/www.ceoforlifeawards.com\/it\/blog\/nuove-politiche-hr-e-implementazione-delle-politiche-esg-limpegno-di-ferroli\/\" >Nuove politiche HR e implementazione delle politiche ESG: l\u2019impegno di Ferroli<\/a>\n                <\/span>\n                <span class=\"post-date\">\n                    04\/10\/2022\n                <\/span>\n            <\/div><div class=\"jeg_news_ticker_item jeg_news_ticker_animated  format-standard\">\n                <span>\n                    <a href=\"https:\/\/www.ceoforlifeawards.com\/it\/blog\/allianz-trade-la-gestione-sostenibile-dellacqua\/\" >Allianz Trade: la gestione sostenibile dell&#8217;acqua<\/a>\n                <\/span>\n                <span class=\"post-date\">\n                    09\/01\/2023\n                <\/span>\n            <\/div><div class=\"jeg_news_ticker_item jeg_news_ticker_animated  format-standard\">\n                <span>\n                    <a href=\"https:\/\/www.ceoforlifeawards.com\/it\/blog\/la-legalita-prima-di-tutto-ecco-i-lottomaticatalks\/\" >La legalit\u00e0 prima di tutto. Ecco i #LottomaticaTalks<\/a>\n                <\/span>\n                <span class=\"post-date\">\n                    10\/06\/2022\n                <\/span>\n            <\/div><div class=\"jeg_news_ticker_item jeg_news_ticker_animated  format-standard\">\n                <span>\n                    <a href=\"https:\/\/www.ceoforlifeawards.com\/it\/blog\/sulla-sostenibilita-affidarsi-agli-algoritmi-puo-fare-la-differenza-parola-di-oracle\/\" >Sulla sostenibilit\u00e0 affidarsi agli algoritmi pu\u00f2 fare la differenza: parola di Oracle<\/a>\n                <\/span>\n                <span class=\"post-date\">\n                    22\/11\/2022\n                <\/span>\n            <\/div><div class=\"jeg_news_ticker_item jeg_news_ticker_animated  format-standard\">\n                <span>\n                    <a href=\"https:\/\/www.ceoforlifeawards.com\/it\/blog\/limpegno-di-philip-morris-a-sostegno-della-filiera-tabacchicola-italiana\/\" >L\u2019impegno di Philip Morris a sostegno della filiera tabacchicola italiana<\/a>\n                <\/span>\n                <span class=\"post-date\">\n                    28\/11\/2022\n                <\/span>\n            <\/div><div class=\"jeg_news_ticker_item jeg_news_ticker_animated  format-standard\">\n                <span>\n                    <a href=\"https:\/\/www.ceoforlifeawards.com\/it\/blog\/sace-e-intesa-san-paolo-a-supporto-dei-progetti-di-sostenibilita-di-societa-chimica-assemini\/\" >SACE e Intesa San Paolo a supporto dei progetti di sostenibilit\u00e0 di Societ\u00e0 Chimica Assemini<\/a>\n                <\/span>\n                <span class=\"post-date\">\n                    01\/06\/2022\n                <\/span>\n            <\/div><div class=\"jeg_news_ticker_item jeg_news_ticker_animated  format-standard\">\n                <span>\n                    <a href=\"https:\/\/www.ceoforlifeawards.com\/it\/blog\/il-futuro-e-leolico-offshore-plenitude-e-cdp-avviano-impianti-in-sicilia-e-sardegna\/\" >Il futuro \u00e8 l\u2019eolico offshore? Plenitude e Cdp avviano impianti in Sicilia e Sardegna<\/a>\n                <\/span>\n                <span class=\"post-date\">\n                    22\/11\/2022\n                <\/span>\n            <\/div><div class=\"jeg_news_ticker_item jeg_news_ticker_animated  format-standard\">\n                <span>\n                    <a href=\"https:\/\/www.ceoforlifeawards.com\/it\/blog\/unipolsai-approvato-il-bilancio-consolidato-e-il-bilancio-di-sostenibilita\/\" >UnipolSai: approvato il bilancio consolidato e il bilancio di sostenibilit\u00e0<\/a>\n                <\/span>\n                <span class=\"post-date\">\n                    22\/11\/2022\n                <\/span>\n            <\/div><div class=\"jeg_news_ticker_item jeg_news_ticker_animated  format-standard\">\n                <span>\n                    <a href=\"https:\/\/www.ceoforlifeawards.com\/it\/blog\/tech-for-sustainability-la-piattaforma-realizzata-da-ntt-data-e-teaming-a-supporto-delle-iniziative-tecnologiche\/\" >Tech for Sustainability: la piattaforma realizzata da NTT DATA e Teaming a supporto delle iniziative tecnologiche<\/a>\n                <\/span>\n                <span class=\"post-date\">\n                    06\/06\/2024\n                <\/span>\n            <\/div><div class=\"jeg_news_ticker_item jeg_news_ticker_animated  format-standard\">\n                <span>\n                    <a href=\"https:\/\/www.ceoforlifeawards.com\/it\/blog\/inwit-con-la-smart-tower-venezia-vince-il-ceoforlife-sdgs-ambassador-awards\/\" >Inwit con la Smart Tower Venezia vince il CEOforLIFE SDGs Ambassador Awards<\/a>\n                <\/span>\n                <span class=\"post-date\">\n                    01\/06\/2022\n                <\/span>\n            <\/div><div class=\"jeg_news_ticker_item jeg_news_ticker_animated  format-standard\">\n                <span>\n                    <a href=\"https:\/\/www.ceoforlifeawards.com\/it\/blog\/neoconnessi-windtre-vince-il-premio-ceoforlife-eci-global-award\/\" >NEOCONNESSI: WINDTRE vince il premio CEOforLIFE-ECI Global Award<\/a>\n                <\/span>\n                <span class=\"post-date\">\n                    01\/06\/2022\n                <\/span>\n            <\/div><div class=\"jeg_news_ticker_item jeg_news_ticker_animated  format-standard\">\n                <span>\n                    <a href=\"https:\/\/www.ceoforlifeawards.com\/it\/blog\/il-report-di-sostenibilita-2021-di-electrolux\/\" >Il report di sostenibilit\u00e0 2021 di Electrolux<\/a>\n                <\/span>\n                <span class=\"post-date\">\n                    01\/06\/2022\n                <\/span>\n            <\/div><div class=\"jeg_news_ticker_item jeg_news_ticker_animated  format-standard\">\n                <span>\n                    <a href=\"https:\/\/www.ceoforlifeawards.com\/it\/blog\/il-progetto-home-grown-officers-del-gruppo-damico\/\" >Il progetto Home Grown Officers del Gruppo d\u2019Amico<\/a>\n                <\/span>\n                <span class=\"post-date\">\n                    16\/11\/2022\n                <\/span>\n            <\/div><div class=\"jeg_news_ticker_item jeg_news_ticker_animated  format-standard\">\n                <span>\n                    <a href=\"https:\/\/www.ceoforlifeawards.com\/it\/blog\/il-progetto-di-dedalus-per-rendere-i-servizi-sanitari-e-sociali-migliori-accessibili-ed-equi-per-i-cittadini-affinche-siano-parte-attiva-dei-propri-processi-di-cura\/\" >Il progetto di Dedalus per rendere i servizi sanitari e sociali migliori, accessibili ed equi per i cittadini affinch\u00e9 siano parte attiva dei propri processi di cura<\/a>\n                <\/span>\n                <span class=\"post-date\">\n                    31\/05\/2022\n                <\/span>\n            <\/div><div class=\"jeg_news_ticker_item jeg_news_ticker_animated  format-standard\">\n                <span>\n                    <a href=\"https:\/\/www.ceoforlifeawards.com\/it\/blog\/il-progetto-second-chance-di-cisco-italia\/\" >Il progetto \u201cSecond Chance\u201d di Cisco Italia<\/a>\n                <\/span>\n                <span class=\"post-date\">\n                    31\/05\/2022\n                <\/span>\n            <\/div><div class=\"jeg_news_ticker_item jeg_news_ticker_animated  format-standard\">\n                <span>\n                    <a href=\"https:\/\/www.ceoforlifeawards.com\/it\/blog\/il-manuale-del-cantiere-sostenibile-de-il-prisma-come-utilizzarlo\/\" >Il manuale del cantiere sostenibile de Il Prisma: come utilizzarlo<\/a>\n                <\/span>\n                <span class=\"post-date\">\n                    22\/11\/2022\n                <\/span>\n            <\/div><div class=\"jeg_news_ticker_item jeg_news_ticker_animated  format-standard\">\n                <span>\n                    <a href=\"https:\/\/www.ceoforlifeawards.com\/it\/blog\/holomuseum-di-castel-del-monte-il-progetto-di-inftatel-italia-premiato-ai-ceoforlife-eci-global-awards\/\" >HoloMuseum di Castel del Monte, il progetto di Infratel Italia premiato ai CEOforLIFE-ECI Global Awards<\/a>\n                <\/span>\n                <span class=\"post-date\">\n                    22\/11\/2022\n                <\/span>\n            <\/div><div class=\"jeg_news_ticker_item jeg_news_ticker_animated  format-standard\">\n                <span>\n                    <a href=\"https:\/\/www.ceoforlifeawards.com\/it\/blog\/gruppo-iren-ottiene-la-validazione-dal-science-based-target-initiative-degli-obiettivi-di-decarbonizzazione-previsti-dal-piano-industriale-2030\/\" >Gruppo Iren ottiene la validazione dal Science Based Target initiative degli obiettivi di decarbonizzazione previsti dal Piano Industriale 2030<\/a>\n                <\/span>\n                <span class=\"post-date\">\n                    22\/11\/2022\n                <\/span>\n            <\/div><div class=\"jeg_news_ticker_item jeg_news_ticker_animated  format-standard\">\n                <span>\n                    <a href=\"https:\/\/www.ceoforlifeawards.com\/it\/blog\/fiera-milano-e-lassociazione-italiana-del-gusto-insieme-per-la-promozione-del-made-in-italy\/\" >Fiera Milano e l\u2019Associazione Italiana del Gusto insieme per la promozione del Made in Italy<\/a>\n                <\/span>\n                <span class=\"post-date\">\n                    16\/11\/2022\n                <\/span>\n            <\/div><div class=\"jeg_news_ticker_item jeg_news_ticker_animated  format-standard\">\n                <span>\n                    <a href=\"https:\/\/www.ceoforlifeawards.com\/it\/blog\/ey-il-percorso-verso-un-futuro-sostenibile-delle-aziende-italiane\/\" >EY \u2013 il percorso verso un futuro sostenibile delle aziende italiane<\/a>\n                <\/span>\n                <span class=\"post-date\">\n                    17\/11\/2022\n                <\/span>\n            <\/div><div class=\"jeg_news_ticker_item jeg_news_ticker_animated  format-standard\">\n                <span>\n                    <a href=\"https:\/\/www.ceoforlifeawards.com\/it\/blog\/riduzione-degli-sprechi-alimentari-attraverso-lintelligenza-artificiale-il-progetto-winnow-di-elior\/\" >Riduzione degli sprechi alimentari attraverso l\u2019Intelligenza Artificiale: il progetto Winnow di Elior<\/a>\n                <\/span>\n                <span class=\"post-date\">\n                    22\/11\/2022\n                <\/span>\n            <\/div><div class=\"jeg_news_ticker_item jeg_news_ticker_animated  format-standard\">\n                <span>\n                    <a href=\"https:\/\/www.ceoforlifeawards.com\/it\/blog\/edison-i-quattro-assi-della-politica-di-sostenibilita-offerte-green-ma-anche-capitale-umano-e-paesaggio\/\" >Edison, i quattro assi della politica di sostenibilit\u00e0: offerte green ma anche capitale umano e paesaggio<\/a>\n                <\/span>\n                <span class=\"post-date\">\n                    22\/11\/2022\n                <\/span>\n            <\/div><div class=\"jeg_news_ticker_item jeg_news_ticker_animated  format-standard\">\n                <span>\n                    <a href=\"https:\/\/www.ceoforlifeawards.com\/it\/blog\/limpegno-di-dxc-technology-a-tutela-del-clima-e-del-pianeta\/\" >L\u2019impegno di DXC Technology a tutela del clima e del pianeta<\/a>\n                <\/span>\n                <span class=\"post-date\">\n                    22\/11\/2022\n                <\/span>\n            <\/div><div class=\"jeg_news_ticker_item jeg_news_ticker_animated  format-standard\">\n                <span>\n                    <a href=\"https:\/\/www.ceoforlifeawards.com\/it\/blog\/il-winning-women-institute-premia-bosch-con-la-gender-equality-certification\/\" >Il Winning Women Institute premia Bosch con la Gender Equality Certification<\/a>\n                <\/span>\n                <span class=\"post-date\">\n                    31\/05\/2022\n                <\/span>\n            <\/div><div class=\"jeg_news_ticker_item jeg_news_ticker_animated  format-standard\">\n                <span>\n                    <a href=\"https:\/\/www.ceoforlifeawards.com\/it\/blog\/birra-peroni-malto-100-italiano-tracciato-in-block-chain\/\" >Birra Peroni, malto 100% italiano tracciato in block chain<\/a>\n                <\/span>\n                <span class=\"post-date\">\n                    22\/11\/2022\n                <\/span>\n            <\/div><div class=\"jeg_news_ticker_item jeg_news_ticker_animated  format-standard\">\n                <span>\n                    <a href=\"https:\/\/www.ceoforlifeawards.com\/it\/blog\/sport-for-inclusion-allianz-partners-aderisce-a-spin-con-playmore\/\" >Sport for inclusion: Allianz Partners aderisce a SPIN! con PlayMore!<\/a>\n                <\/span>\n                <span class=\"post-date\">\n                    30\/05\/2022\n                <\/span>\n            <\/div><div class=\"jeg_news_ticker_item jeg_news_ticker_animated  format-standard\">\n                <span>\n                    <a href=\"https:\/\/www.ceoforlifeawards.com\/it\/blog\/al-via-la-nuova-edizione-di-welfare-index-pmi\/\" >Al via la nuova edizione di Welfare Index PMI<\/a>\n                <\/span>\n                <span class=\"post-date\">\n                    17\/11\/2022\n                <\/span>\n            <\/div><div class=\"jeg_news_ticker_item jeg_news_ticker_animated  format-standard\">\n                <span>\n                    <a href=\"https:\/\/www.ceoforlifeawards.com\/it\/blog\/lo-smartcomp-di-acea-a-sostegno-della-waste-transition\/\" >Lo Smartcomp di ACEA a sostegno della waste transition<\/a>\n                <\/span>\n                <span class=\"post-date\">\n                    30\/05\/2022\n                <\/span>\n            <\/div><div class=\"jeg_news_ticker_item jeg_news_ticker_animated  format-standard\">\n                <span>\n                    <a href=\"https:\/\/www.ceoforlifeawards.com\/it\/blog\/limpegno-di-engineering-per-la-gestione-dei-rifiuti-e-il-loro-impatto-ambientale\/\" >L&#8217;impegno di Engineering per la gestione dei rifiuti e il loro impatto ambientale<\/a>\n                <\/span>\n                <span class=\"post-date\">\n                    30\/05\/2022\n                <\/span>\n            <\/div><div class=\"jeg_news_ticker_item jeg_news_ticker_animated  format-standard\">\n                <span>\n                    <a href=\"https:\/\/www.ceoforlifeawards.com\/it\/blog\/giuseppe-gola-acea-awards-2021\/\" >Giuseppe Gola, Acea, Awards 2021<\/a>\n                <\/span>\n                <span class=\"post-date\">\n                    10\/05\/2023\n                <\/span>\n            <\/div><div class=\"jeg_news_ticker_item jeg_news_ticker_animated  format-standard\">\n                <span>\n                    <a href=\"https:\/\/www.ceoforlifeawards.com\/it\/blog\/fabio-giuliani-bosch-italy-greece-awards-2021\/\" >Fabio Giuliani, Bosch Italy &amp; Greece, Awards 2021<\/a>\n                <\/span>\n                <span class=\"post-date\">\n                    07\/02\/2024\n                <\/span>\n            <\/div><div class=\"jeg_news_ticker_item jeg_news_ticker_animated  format-standard\">\n                <span>\n                    <a href=\"https:\/\/www.ceoforlifeawards.com\/it\/blog\/francesca-di-carrobio-hermes-awards-2021\/\" >Francesca Di Carrobio, Hermes, Awards 2021<\/a>\n                <\/span>\n                <span class=\"post-date\">\n                    10\/05\/2023\n                <\/span>\n            <\/div><div class=\"jeg_news_ticker_item jeg_news_ticker_animated  format-standard\">\n                <span>\n                    <a href=\"https:\/\/www.ceoforlifeawards.com\/it\/blog\/limpegno-di-nokia-per-il-cambiamento-climatico\/\" >L\u2019impegno di Nokia per il cambiamento climatico.<\/a>\n                <\/span>\n                <span class=\"post-date\">\n                    10\/05\/2023\n                <\/span>\n            <\/div><div class=\"jeg_news_ticker_item jeg_news_ticker_animated  format-standard\">\n                <span>\n                    <a href=\"https:\/\/www.ceoforlifeawards.com\/it\/blog\/il-progetto-sostenibili-dentro-di-acquedotto-pugliese\/\" >Il progetto &#8220;Sostenibili Dentro&#8221; di Acquedotto Pugliese<\/a>\n                <\/span>\n                <span class=\"post-date\">\n                    10\/01\/2024\n                <\/span>\n            <\/div><div class=\"jeg_news_ticker_item jeg_news_ticker_animated  format-standard\">\n                <span>\n                    <a href=\"https:\/\/www.ceoforlifeawards.com\/it\/blog\/dedalus-si-prefigge-lobiettivo-zero-emissioni-entro-il-2030\/\" >Dedalus si prefigge l\u2019obiettivo zero emissioni entro il 2030<\/a>\n                <\/span>\n                <span class=\"post-date\">\n                    22\/11\/2022\n                <\/span>\n            <\/div><div class=\"jeg_news_ticker_item jeg_news_ticker_animated  format-standard\">\n                <span>\n                    <a href=\"https:\/\/www.ceoforlifeawards.com\/it\/blog\/digitalizzazione-dellassistenza-sanitaria-europea-dedalus-punta-ad-un-milione-di-ricavi\/\" >Digitalizzazione dell\u2019assistenza sanitaria europea: Dedalus punta ad un milione di ricavi.<\/a>\n                <\/span>\n                <span class=\"post-date\">\n                    28\/11\/2022\n                <\/span>\n            <\/div><div class=\"jeg_news_ticker_item jeg_news_ticker_animated  format-standard\">\n                <span>\n                    <a href=\"https:\/\/www.ceoforlifeawards.com\/it\/blog\/intelligenza-artificiale-e-patologia-digitale-nasce-la-nuova-collaborazione-tra-dedalus-e-ibex\/\" >Intelligenza artificiale e patologia digitale: nasce la nuova collaborazione tra Dedalus e IBEX<\/a>\n                <\/span>\n                <span class=\"post-date\">\n                    27\/04\/2022\n                <\/span>\n            <\/div><div class=\"jeg_news_ticker_item jeg_news_ticker_animated  format-standard\">\n                <span>\n                    <a href=\"https:\/\/www.ceoforlifeawards.com\/it\/blog\/diagnosi-predittiva-e-lotta-al-cancro-nasce-il-progetto-aibibank\/\" >Diagnosi predittiva e lotta al cancro: nasce il progetto AiBiBANK<\/a>\n                <\/span>\n                <span class=\"post-date\">\n                    26\/04\/2022\n                <\/span>\n            <\/div><div class=\"jeg_news_ticker_item jeg_news_ticker_animated  format-standard\">\n                <span>\n                    <a href=\"https:\/\/www.ceoforlifeawards.com\/it\/blog\/investire-nel-nostro-pianeta-oggi-si-celebra-la-52esima-edizione-della-giornata-mondiale-della-terra\/\" >&#8220;Investire nel nostro Pianeta&#8221;: oggi si celebra la 52esima edizione della Giornata Mondiale della Terra<\/a>\n                <\/span>\n                <span class=\"post-date\">\n                    22\/04\/2022\n                <\/span>\n            <\/div><div class=\"jeg_news_ticker_item jeg_news_ticker_animated  format-standard\">\n                <span>\n                    <a href=\"https:\/\/www.ceoforlifeawards.com\/it\/blog\/la-smagliante-ada-lancia-il-nuovo-concorso-a-fumetti\/\" >La SMagliante ADA lancia il nuovo concorso a fumetti<\/a>\n                <\/span>\n                <span class=\"post-date\">\n                    21\/04\/2022\n                <\/span>\n            <\/div><div class=\"jeg_news_ticker_item jeg_news_ticker_animated  format-standard\">\n                <span>\n                    <a href=\"https:\/\/www.ceoforlifeawards.com\/it\/blog\/engineering-lancia-de4bios-la-piattaforma-per-il-monitoraggio-del-covid-19\/\" >Engineering lancia DE4BIOS, la piattaforma per il monitoraggio del COVID-19<\/a>\n                <\/span>\n                <span class=\"post-date\">\n                    21\/04\/2022\n                <\/span>\n            <\/div><div class=\"jeg_news_ticker_item jeg_news_ticker_animated  format-standard\">\n                <span>\n                    <a href=\"https:\/\/www.ceoforlifeawards.com\/it\/blog\/davide-passero-allhealth-talk-rcs-academy\/\" >Davide Passero all\u2019Health Talk RCS Academy<\/a>\n                <\/span>\n                <span class=\"post-date\">\n                    20\/04\/2022\n                <\/span>\n            <\/div><div class=\"jeg_news_ticker_item jeg_news_ticker_animated  format-standard\">\n                <span>\n                    <a href=\"https:\/\/www.ceoforlifeawards.com\/it\/blog\/il-prisma-il-manuale-del-cantiere-sostenibile\/\" >Il Prisma &#8211; Il Manuale del Cantiere Sostenibile<\/a>\n                <\/span>\n                <span class=\"post-date\">\n                    22\/11\/2022\n                <\/span>\n            <\/div><div class=\"jeg_news_ticker_item jeg_news_ticker_animated  format-standard\">\n                <span>\n                    <a href=\"https:\/\/www.ceoforlifeawards.com\/it\/blog\/il-prisma-salute-e-benessere-in-ufficio\/\" >Il Prisma: salute e benessere in ufficio<\/a>\n                <\/span>\n                <span class=\"post-date\">\n                    22\/11\/2022\n                <\/span>\n            <\/div><div class=\"jeg_news_ticker_item jeg_news_ticker_animated  format-standard\">\n                <span>\n                    <a href=\"https:\/\/www.ceoforlifeawards.com\/it\/blog\/diversita-equita-e-inclusione-dei-spazi-progettati-per-tutti\/\" >Diversit\u00e0, equit\u00e0 e inclusione (DEI) spazi progettati per tutti<\/a>\n                <\/span>\n                <span class=\"post-date\">\n                    22\/11\/2022\n                <\/span>\n            <\/div><div class=\"jeg_news_ticker_item jeg_news_ticker_animated  format-standard\">\n                <span>\n                    <a href=\"https:\/\/www.ceoforlifeawards.com\/it\/blog\/allianz-partners-italia-a-sostegno-del-progetto-sos-scuola-di-fondazione-francesca-rava-con-cyber-risk-protection\/\" >Allianz Partners Italia a sostegno del progetto SOS Scuola di Fondazione Francesca Rava con Cyber Risk Protection<\/a>\n                <\/span>\n                <span class=\"post-date\">\n                    14\/04\/2022\n                <\/span>\n            <\/div><div class=\"jeg_news_ticker_item jeg_news_ticker_animated  format-standard\">\n                <span>\n                    <a href=\"https:\/\/www.ceoforlifeawards.com\/it\/blog\/claudio-bassoli-il-nuovo-presidente-e-amministratore-delegato-di-hewlett-packard-enterprise-italia\/\" >Claudio Bassoli, il nuovo Presidente e Amministratore Delegato di Hewlett Packard Enterprise Italia<\/a>\n                <\/span>\n                <span class=\"post-date\">\n                    14\/04\/2022\n                <\/span>\n            <\/div><div class=\"jeg_news_ticker_item jeg_news_ticker_animated  format-standard\">\n                <span>\n                    <a href=\"https:\/\/www.ceoforlifeawards.com\/it\/blog\/bonfiglioli-la-smart-factory-a-misura-umana\/\" >Bonfiglioli, la smart factory a misura umana<\/a>\n                <\/span>\n                <span class=\"post-date\">\n                    22\/11\/2022\n                <\/span>\n            <\/div><div class=\"jeg_news_ticker_item jeg_news_ticker_animated  format-standard\">\n                <span>\n                    <a href=\"https:\/\/www.ceoforlifeawards.com\/it\/blog\/enav-il-contributo-alla-lotta-contro-il-cambiamento-climatico\/\" >ENAV: il contributo alla lotta contro il cambiamento climatico<\/a>\n                <\/span>\n                <span class=\"post-date\">\n                    16\/11\/2022\n                <\/span>\n            <\/div><div class=\"jeg_news_ticker_item jeg_news_ticker_animated  format-standard\">\n                <span>\n                    <a href=\"https:\/\/www.ceoforlifeawards.com\/it\/blog\/spazi-e-arredi-green-i-ristoranti-di-pedevilla-sono-sostenibili\/\" >Spazi e arredi &#8220;green&#8221;: i ristoranti di Pedevilla sono sostenibili<\/a>\n                <\/span>\n                <span class=\"post-date\">\n                    11\/04\/2022\n                <\/span>\n            <\/div><div class=\"jeg_news_ticker_item jeg_news_ticker_animated  format-standard\">\n                <span>\n                    <a href=\"https:\/\/www.ceoforlifeawards.com\/it\/blog\/renaulution-il-gruppo-renault-punta-sulla-mobilita-sostenibile-per-il-suo-piano-strategico-2\/\" >Renaulution: il Gruppo Renault punta sulla mobilit\u00e0 sostenibile per il suo Piano strategico<\/a>\n                <\/span>\n                <span class=\"post-date\">\n                    16\/11\/2022\n                <\/span>\n            <\/div><div class=\"jeg_news_ticker_item jeg_news_ticker_animated  format-standard\">\n                <span>\n                    <a href=\"https:\/\/www.ceoforlifeawards.com\/it\/blog\/la-sostenibilita-nel-settore-del-gioco-lesperienza-di-lottomatica\/\" >La sostenibilit\u00e0 nel settore del gioco: l\u2019esperienza di Lottomatica<\/a>\n                <\/span>\n                <span class=\"post-date\">\n                    24\/01\/2023\n                <\/span>\n            <\/div><div class=\"jeg_news_ticker_item jeg_news_ticker_animated  format-standard\">\n                <span>\n                    <a href=\"https:\/\/www.ceoforlifeawards.com\/it\/blog\/ceoforlife-magazine-n-4\/\" >CEOforLIFE Magazine n. 4<\/a>\n                <\/span>\n                <span class=\"post-date\">\n                    10\/05\/2023\n                <\/span>\n            <\/div><div class=\"jeg_news_ticker_item jeg_news_ticker_animated  format-standard\">\n                <span>\n                    <a href=\"https:\/\/www.ceoforlifeawards.com\/it\/blog\/knorr-bremse-rinnova-limpegno-per-la-strategia-climatica-2030-e-introduce-un-sistema-remunerativo-basato-sulla-sostenibilita\/\" >Knorr-Bremse rinnova \u00a0l\u2019impegno per la strategia climatica 2030 e introduce un sistema remunerativo basato sulla sostenibilit\u00e0<\/a>\n                <\/span>\n                <span class=\"post-date\">\n                    08\/04\/2022\n                <\/span>\n            <\/div><div class=\"jeg_news_ticker_item jeg_news_ticker_animated  format-standard\">\n                <span>\n                    <a href=\"https:\/\/www.ceoforlifeawards.com\/it\/blog\/gli-obiettivi-di-sostenibilita-di-bormioli-pharma-per-il-packaging-farmaceutico\/\" >Gli obiettivi di sostenibilit\u00e0 di Bormioli Pharma per il packaging farmaceutico<\/a>\n                <\/span>\n                <span class=\"post-date\">\n                    07\/04\/2022\n                <\/span>\n            <\/div><div class=\"jeg_news_ticker_item jeg_news_ticker_animated  format-standard\">\n                <span>\n                    <a href=\"https:\/\/www.ceoforlifeawards.com\/it\/blog\/sostenibilita-e-innovazione-digitale-binomio-al-centro-della-strategia-di-birra-peroni\/\" >Sostenibilit\u00e0 e innovazione digitale: binomio al centro della strategia di Birra Peroni<\/a>\n                <\/span>\n                <span class=\"post-date\">\n                    07\/04\/2022\n                <\/span>\n            <\/div><div class=\"jeg_news_ticker_item jeg_news_ticker_animated  format-standard\">\n                <span>\n                    <a href=\"https:\/\/www.ceoforlifeawards.com\/it\/blog\/transizione-energetica-e-svolta-green-il-primo-report-di-sostenibilita-di-ansaldo-energia\/\" >Transizione energetica e svolta green: il primo Report di Sostenibilit\u00e0 di Ansaldo Energia<\/a>\n                <\/span>\n                <span class=\"post-date\">\n                    22\/11\/2022\n                <\/span>\n            <\/div><div class=\"jeg_news_ticker_item jeg_news_ticker_animated  format-standard\">\n                <span>\n                    <a href=\"https:\/\/www.ceoforlifeawards.com\/it\/blog\/cleanair-la-nuova-tecnologia-di-knorr-bremse-per-un-trasporto-ferroviario-piu-sicuro\/\" >Clean[air], la nuova tecnologia di Knorr-Bremse per un trasporto ferroviario pi\u00f9 sicuro<\/a>\n                <\/span>\n                <span class=\"post-date\">\n                    07\/04\/2022\n                <\/span>\n            <\/div><div class=\"jeg_news_ticker_item jeg_news_ticker_animated  format-standard\">\n                <span>\n                    <a href=\"https:\/\/www.ceoforlifeawards.com\/it\/blog\/quifinanza-x-ceoforlife-cisco-inaugura-un-laboratorio-per-la-formazione-professionale-dei-giovani\/\" >QuiFinanza X CEOforLIFE: Cisco inaugura un laboratorio per la formazione professionale dei giovani<\/a>\n                <\/span>\n                <span class=\"post-date\">\n                    07\/04\/2022\n                <\/span>\n            <\/div><div class=\"jeg_news_ticker_item jeg_news_ticker_animated  format-standard\">\n                <span>\n                    <a href=\"https:\/\/www.ceoforlifeawards.com\/it\/blog\/nel-2021-aumentano-gli-investimenti-sulla-sostenibilita-di-unipolsai-assicurazioni\/\" >Nel 2021 aumentano gli investimenti sulla sostenibilit\u00e0 di UnipolSai Assicurazioni<\/a>\n                <\/span>\n                <span class=\"post-date\">\n                    07\/04\/2022\n                <\/span>\n            <\/div><div class=\"jeg_news_ticker_item jeg_news_ticker_animated  format-standard\">\n                <span>\n                    <a href=\"https:\/\/www.ceoforlifeawards.com\/it\/blog\/quattro-servizi-digitali-oltre-1-miliardo-di-fogli-di-carta-risparmiati-allanno\/\" >Quattro servizi digitali, oltre 1 miliardo di fogli di carta risparmiati all\u2019anno<\/a>\n                <\/span>\n                <span class=\"post-date\">\n                    28\/11\/2022\n                <\/span>\n            <\/div><div class=\"jeg_news_ticker_item jeg_news_ticker_animated  format-standard\">\n                <span>\n                    <a href=\"https:\/\/www.ceoforlifeawards.com\/it\/blog\/planet-mobilization-il-progetto-di-sanofi-a-tutela-del-clima-e-del-pianeta\/\" >Planet Mobilization, il progetto di Sanofi a tutela del clima e del pianeta<\/a>\n                <\/span>\n                <span class=\"post-date\">\n                    22\/11\/2022\n                <\/span>\n            <\/div><div class=\"jeg_news_ticker_item jeg_news_ticker_animated  format-standard\">\n                <span>\n                    <a href=\"https:\/\/www.ceoforlifeawards.com\/it\/blog\/limpegno-di-lutech-per-la-trasformazione-digitale-e-la-sostenibilita-ambientale\/\" >L\u2019impegno di Lutech per la trasformazione digitale e la sostenibilit\u00e0 ambientale<\/a>\n                <\/span>\n                <span class=\"post-date\">\n                    07\/04\/2022\n                <\/span>\n            <\/div><div class=\"jeg_news_ticker_item jeg_news_ticker_animated  format-standard\">\n                <span>\n                    <a href=\"https:\/\/www.ceoforlifeawards.com\/it\/blog\/le-citta-del-futuro-secondo-jll\/\" >Le citt\u00e0 del futuro secondo JLL<\/a>\n                <\/span>\n                <span class=\"post-date\">\n                    07\/04\/2022\n                <\/span>\n            <\/div><div class=\"jeg_news_ticker_item jeg_news_ticker_animated  format-standard\">\n                <span>\n                    <a href=\"https:\/\/www.ceoforlifeawards.com\/it\/blog\/cisco-devnet-learning-lab-il-laboratorio-virtuale-dedicato-alla-formazione-professionale-dei-giovani\/\" >Cisco DevNet Learning Lab: il laboratorio virtuale dedicato alla formazione professionale dei giovani<\/a>\n                <\/span>\n                <span class=\"post-date\">\n                    07\/04\/2022\n                <\/span>\n            <\/div><div class=\"jeg_news_ticker_item jeg_news_ticker_animated  format-standard\">\n                <span>\n                    <a href=\"https:\/\/www.ceoforlifeawards.com\/it\/blog\/cdp-ranking-knorr-bremse-nella-lista-a-per-limpegno-nella-salvaguardia-del-clima\/\" >CDP ranking: Knorr-Bremse nella \u201clista A\u201d per l&#8217;impegno nella salvaguardia del clima<\/a>\n                <\/span>\n                <span class=\"post-date\">\n                    22\/11\/2022\n                <\/span>\n            <\/div><div class=\"jeg_news_ticker_item jeg_news_ticker_animated  format-standard\">\n                <span>\n                    <a href=\"https:\/\/www.ceoforlifeawards.com\/it\/blog\/irideos-e-atos-siglano-una-nuova-partnership-per-supportare-lo-sviluppo-digitale-delle-aziende-italiane\/\" >IRIDEOS e ATOS siglano una nuova partnership per supportare lo sviluppo digitale delle aziende italiane<\/a>\n                <\/span>\n                <span class=\"post-date\">\n                    07\/04\/2022\n                <\/span>\n            <\/div><div class=\"jeg_news_ticker_item jeg_news_ticker_animated  format-standard\">\n                <span>\n                    <a href=\"https:\/\/www.ceoforlifeawards.com\/it\/blog\/diversita-e-inclusione-nasce-il-progetto-diversamente-di-henkel-italia\/\" >Diversit\u00e0 e inclusione: nasce il progetto #diversaMENTE di Henkel Italia.<\/a>\n                <\/span>\n                <span class=\"post-date\">\n                    16\/11\/2022\n                <\/span>\n            <\/div><div class=\"jeg_news_ticker_item jeg_news_ticker_animated  format-standard\">\n                <span>\n                    <a href=\"https:\/\/www.ceoforlifeawards.com\/it\/blog\/la-sostenibilita-asset-alla-base-del-piano-strategico-2021-25-di-fiera-milano\/\" >La sostenibilit\u00e0 asset alla base del Piano Strategico 2021-25 di Fiera Milano<\/a>\n                <\/span>\n                <span class=\"post-date\">\n                    22\/11\/2022\n                <\/span>\n            <\/div><div class=\"jeg_news_ticker_item jeg_news_ticker_animated  format-standard\">\n                <span>\n                    <a href=\"https:\/\/www.ceoforlifeawards.com\/it\/blog\/il-piano-strategico-di-sostenibilita-di-ey\/\" >Il Piano strategico di sostenibilit\u00e0 di EY<\/a>\n                <\/span>\n                <span class=\"post-date\">\n                    22\/11\/2022\n                <\/span>\n            <\/div><div class=\"jeg_news_ticker_item jeg_news_ticker_animated  format-standard\">\n                <span>\n                    <a href=\"https:\/\/www.ceoforlifeawards.com\/it\/blog\/le-soluzioni-di-avis-budget-group-per-muoversi-in-citta-in-modo-smart-e-sostenibile\/\" >Le soluzioni di Avis Budget Group per muoversi in citt\u00e0 in modo smart e sostenibile<\/a>\n                <\/span>\n                <span class=\"post-date\">\n                    07\/04\/2022\n                <\/span>\n            <\/div><div class=\"jeg_news_ticker_item jeg_news_ticker_animated  format-standard\">\n                <span>\n                    <a href=\"https:\/\/www.ceoforlifeawards.com\/it\/blog\/la-transizione-ecologica-al-centro-delle-strategie-del-gruppo-acea\/\" >La transizione ecologica al centro delle strategie del Gruppo Acea<\/a>\n                <\/span>\n                <span class=\"post-date\">\n                    22\/11\/2022\n                <\/span>\n            <\/div><div class=\"jeg_news_ticker_item jeg_news_ticker_animated  format-standard\">\n                <span>\n                    <a href=\"https:\/\/www.ceoforlifeawards.com\/it\/blog\/quifinanza-x-ceoforlife-engineering-una-governance-efficiente-e-responsabile\/\" >QuiFinanza X CEOforLIFE: Engineering: una governance efficiente e responsabile<\/a>\n                <\/span>\n                <span class=\"post-date\">\n                    28\/11\/2022\n                <\/span>\n            <\/div><div class=\"jeg_news_ticker_item jeg_news_ticker_animated  format-standard\">\n                <span>\n                    <a href=\"https:\/\/www.ceoforlifeawards.com\/it\/blog\/nella-strategia-di-dedalus-le-persone-sono-al-centro\/\" >Nella strategia di Dedalus le persone sono al centro<\/a>\n                <\/span>\n                <span class=\"post-date\">\n                    07\/04\/2022\n                <\/span>\n            <\/div><div class=\"jeg_news_ticker_item jeg_news_ticker_animated  format-standard\">\n                <span>\n                    <a href=\"https:\/\/www.ceoforlifeawards.com\/it\/blog\/corporate-knights-e-dow-jones-sustainability-nokia-premiata-per-il-suo-impegno-sostenibile\/\" >Corporate Knights e Dow Jones Sustainability: Nokia premiata per il suo impegno sostenibile<\/a>\n                <\/span>\n                <span class=\"post-date\">\n                    07\/04\/2022\n                <\/span>\n            <\/div><div class=\"jeg_news_ticker_item jeg_news_ticker_animated  format-standard\">\n                <span>\n                    <a href=\"https:\/\/www.ceoforlifeawards.com\/it\/blog\/obiettivi-2020-e-obiettivi-per-il-futuro-il-nokia-people-and-planet-report\/\" >Obiettivi 2020 e obiettivi per il futuro: il Nokia People and Planet Report.<\/a>\n                <\/span>\n                <span class=\"post-date\">\n                    07\/04\/2022\n                <\/span>\n            <\/div><div class=\"jeg_news_ticker_item jeg_news_ticker_animated  format-standard\">\n                <span>\n                    <a href=\"https:\/\/www.ceoforlifeawards.com\/it\/blog\/roche-now-connessi-per-la-salute-del-futuro\/\" >Roche Now &#8211; connessi per la salute del futuro<\/a>\n                <\/span>\n                <span class=\"post-date\">\n                    07\/04\/2022\n                <\/span>\n            <\/div><div class=\"jeg_news_ticker_item jeg_news_ticker_animated  format-standard\">\n                <span>\n                    <a href=\"https:\/\/www.ceoforlifeawards.com\/it\/blog\/digitalizzazione-investimenti-5g-e-la-collaborazione-con-orange-il-punto-di-vista-di-nokia-per-diventare-piu-green\/\" >Digitalizzazione, investimenti 5G e la collaborazione con Orange: il punto di vista di Nokia per diventare pi\u00f9 green<\/a>\n                <\/span>\n                <span class=\"post-date\">\n                    28\/11\/2022\n                <\/span>\n            <\/div><div class=\"jeg_news_ticker_item jeg_news_ticker_animated  format-standard\">\n                <span>\n                    <a href=\"https:\/\/www.ceoforlifeawards.com\/it\/blog\/la-governance-aziendale-di-dedalus\/\" >La Governance aziendale di Dedalus<\/a>\n                <\/span>\n                <span class=\"post-date\">\n                    07\/04\/2022\n                <\/span>\n            <\/div><div class=\"jeg_news_ticker_item jeg_news_ticker_animated  format-standard\">\n                <span>\n                    <a href=\"https:\/\/www.ceoforlifeawards.com\/it\/blog\/engineering-una-governance-efficiente-e-responsabile\/\" >Engineering: una governance efficiente e responsabile<\/a>\n                <\/span>\n                <span class=\"post-date\">\n                    07\/04\/2022\n                <\/span>\n            <\/div><div class=\"jeg_news_ticker_item jeg_news_ticker_animated  format-standard\">\n                <span>\n                    <a href=\"https:\/\/www.ceoforlifeawards.com\/it\/blog\/myspot-la-piattaforma-di-efm-che-guida-le-persone-nella-ricerca-del-luogo-migliore-in-cui-lavorare\/\" >MYSPOT \u2013 La piattaforma di eFM che guida le persone nella ricerca del luogo migliore in cui lavorare.<\/a>\n                <\/span>\n                <span class=\"post-date\">\n                    22\/11\/2022\n                <\/span>\n            <\/div><div class=\"jeg_news_ticker_item jeg_news_ticker_animated  format-standard\">\n                <span>\n                    <a href=\"https:\/\/www.ceoforlifeawards.com\/it\/blog\/nuova-partnership-tra-nokia-italia-e-sirti-sulla-trasformazione-digitale\/\" >Nuova partnership tra Nokia Italia e Sirti sulla trasformazione digitale<\/a>\n                <\/span>\n                <span class=\"post-date\">\n                    07\/04\/2022\n                <\/span>\n            <\/div><div class=\"jeg_news_ticker_item jeg_news_ticker_animated  format-standard\">\n                <span>\n                    <a href=\"https:\/\/www.ceoforlifeawards.com\/it\/blog\/roche-italia-afiancodelcoraggio-2\/\" >Roche Italia #afiancodelcoraggio<\/a>\n                <\/span>\n                <span class=\"post-date\">\n                    07\/04\/2022\n                <\/span>\n            <\/div><div class=\"jeg_news_ticker_item jeg_news_ticker_animated  format-standard\">\n                <span>\n                    <a href=\"https:\/\/www.ceoforlifeawards.com\/it\/blog\/bosch-tech-compass-il-progresso-tecnologico-la-chiave-per-combattere-il-cambiamento-climatico\/\" >Bosch Tech Compass: il progresso tecnologico la chiave per combattere il cambiamento climatico<\/a>\n                <\/span>\n                <span class=\"post-date\">\n                    07\/04\/2022\n                <\/span>\n            <\/div><div class=\"jeg_news_ticker_item jeg_news_ticker_animated  format-standard\">\n                <span>\n                    <a href=\"https:\/\/www.ceoforlifeawards.com\/it\/blog\/people-in-mind-e-salute-mentale-continua-il-concorso-darte-di-lundbeck-italia\/\" >People in Mind e salute mentale: continua il concorso d\u2019arte di Lundbeck Italia<\/a>\n                <\/span>\n                <span class=\"post-date\">\n                    16\/11\/2022\n                <\/span>\n            <\/div><div class=\"jeg_news_ticker_item jeg_news_ticker_animated  format-standard\">\n                <span>\n                    <a href=\"https:\/\/www.ceoforlifeawards.com\/it\/blog\/gruppo-iren-operativo-a-torino-il-primo-sistema-di-accumulo-elettrico-per-il-servizio-nazionale-di-fast-reserve\/\" >GRUPPO IREN &#8211; operativo a Torino il primo sistema di accumulo elettrico per il servizio nazionale di Fast Reserve<\/a>\n                <\/span>\n                <span class=\"post-date\">\n                    07\/04\/2022\n                <\/span>\n            <\/div><div class=\"jeg_news_ticker_item jeg_news_ticker_animated  format-standard\">\n                <span>\n                    <a href=\"https:\/\/www.ceoforlifeawards.com\/it\/blog\/dedalus-la-trasformazione-digitale-a-supporto-delle-problematiche-ambientali\/\" >Dedalus, la trasformazione digitale a supporto delle problematiche ambientali<\/a>\n                <\/span>\n                <span class=\"post-date\">\n                    07\/04\/2022\n                <\/span>\n            <\/div><div class=\"jeg_news_ticker_item jeg_news_ticker_animated  format-standard\">\n                <span>\n                    <a href=\"https:\/\/www.ceoforlifeawards.com\/it\/blog\/efm-nella-top-selection-delle-migliori-societa-italiane-di-ingegneria-2\/\" >eFM nella Top Selection delle migliori societ\u00e0 italiane di ingegneria<\/a>\n                <\/span>\n                <span class=\"post-date\">\n                    22\/11\/2022\n                <\/span>\n            <\/div><div class=\"jeg_news_ticker_item jeg_news_ticker_animated  format-standard\">\n                <span>\n                    <a href=\"https:\/\/www.ceoforlifeawards.com\/it\/blog\/dedalus-la-strategia-di-sostenibilita\/\" >Dedalus, la strategia di sostenibilit\u00e0<\/a>\n                <\/span>\n                <span class=\"post-date\">\n                    22\/11\/2022\n                <\/span>\n            <\/div><div class=\"jeg_news_ticker_item jeg_news_ticker_animated  format-standard\">\n                <span>\n                    <a href=\"https:\/\/www.ceoforlifeawards.com\/it\/blog\/windtre-e-ledugame-di-neoconnessi\/\" >WINDTRE E L\u2019EDUGAME DI NEOCONNESSI<\/a>\n                <\/span>\n                <span class=\"post-date\">\n                    20\/06\/2022\n                <\/span>\n            <\/div><div class=\"jeg_news_ticker_item jeg_news_ticker_animated  format-standard\">\n                <span>\n                    <a href=\"https:\/\/www.ceoforlifeawards.com\/it\/blog\/roche-premiati-i-vincitori-del-bando-2020-dedicato-ai-data-manager-e-agli-infermieri-di-ricerca-e-al-via-la-terza-edizione\/\" >Roche: premiati i vincitori del bando 2020 dedicato ai Data Manager e agli Infermieri di ricerca e al via la terza edizione<\/a>\n                <\/span>\n                <span class=\"post-date\">\n                    07\/04\/2022\n                <\/span>\n            <\/div><div class=\"jeg_news_ticker_item jeg_news_ticker_animated  format-standard\">\n                <span>\n                    <a href=\"https:\/\/www.ceoforlifeawards.com\/it\/blog\/coltivare-speranze-lorto-delle-meraviglie\/\" >Coltivare speranze, l\u2019orto delle Meraviglie<\/a>\n                <\/span>\n                <span class=\"post-date\">\n                    07\/04\/2022\n                <\/span>\n            <\/div><div class=\"jeg_news_ticker_item jeg_news_ticker_animated  format-standard\">\n                <span>\n                    <a href=\"https:\/\/www.ceoforlifeawards.com\/it\/blog\/engineering-la-tutela-dellambiente-come-leva-per-linnovazione\/\" >Engineering, la tutela dell\u2019ambiente come leva per l\u2019innovazione<\/a>\n                <\/span>\n                <span class=\"post-date\">\n                    07\/04\/2022\n                <\/span>\n            <\/div><div class=\"jeg_news_ticker_item jeg_news_ticker_animated  format-standard\">\n                <span>\n                    <a href=\"https:\/\/www.ceoforlifeawards.com\/it\/blog\/efm-entra-a-far-parte-del-green-building-council-per-il-suo-forte-impegno-sulle-tematiche-sostenibili\/\" >eFM entra a far parte del Green Building Council per il suo forte impegno sulle tematiche sostenibili<\/a>\n                <\/span>\n                <span class=\"post-date\">\n                    07\/04\/2022\n                <\/span>\n            <\/div><div class=\"jeg_news_ticker_item jeg_news_ticker_animated  format-standard\">\n                <span>\n                    <a href=\"https:\/\/www.ceoforlifeawards.com\/it\/blog\/engineering-limpegno-su-diversity-e-inclusion\/\" >Engineering, l\u2019impegno su Diversity e Inclusion<\/a>\n                <\/span>\n                <span class=\"post-date\">\n                    16\/11\/2022\n                <\/span>\n            <\/div><div class=\"jeg_news_ticker_item jeg_news_ticker_animated  format-standard\">\n                <span>\n                    <a href=\"https:\/\/www.ceoforlifeawards.com\/it\/blog\/lhubquarter-di-efm-rivoluziona-gli-spazi-di-lavoro-e-le-relazioni\/\" >L\u2019Hubquarter di eFM rivoluziona gli spazi di lavoro e le relazioni<\/a>\n                <\/span>\n                <span class=\"post-date\">\n                    22\/11\/2022\n                <\/span>\n            <\/div><div class=\"jeg_news_ticker_item jeg_news_ticker_animated  format-standard\">\n                <span>\n                    <a href=\"https:\/\/www.ceoforlifeawards.com\/it\/blog\/avanade-punta-su-persone-e-tecnologie-per-costruire-un-business-responsabile\/\" >Avanade punta su persone e tecnologie per costruire un business responsabile<\/a>\n                <\/span>\n                <span class=\"post-date\">\n                    28\/11\/2022\n                <\/span>\n            <\/div><div class=\"jeg_news_ticker_item jeg_news_ticker_animated  format-standard\">\n                <span>\n                    <a href=\"https:\/\/www.ceoforlifeawards.com\/it\/blog\/nasce-la-nuova-iniziativa-di-bosch-high-tech-likeabosch\/\" >NASCE LA NUOVA INIZIATIVA DI BOSCH, HIGH-TECH #LikeABosch<\/a>\n                <\/span>\n                <span class=\"post-date\">\n                    07\/04\/2022\n                <\/span>\n            <\/div><div class=\"jeg_news_ticker_item jeg_news_ticker_animated  format-standard\">\n                <span>\n                    <a href=\"https:\/\/www.ceoforlifeawards.com\/it\/blog\/limportanza-dellia-nella-diagnosi-delle-patologie-pediatriche-polmonari-nasce-lo-studio-congiunto-di-highmark-health-e-bosch\/\" >L\u2019importanza dell&#8217;IA nella diagnosi delle patologie pediatriche polmonari: nasce lo studio congiunto di Highmark Health e Bosch<\/a>\n                <\/span>\n                <span class=\"post-date\">\n                    22\/11\/2022\n                <\/span>\n            <\/div><div class=\"jeg_news_ticker_item jeg_news_ticker_animated  format-standard\">\n                <span>\n                    <a href=\"https:\/\/www.ceoforlifeawards.com\/it\/blog\/no-pasa-nada-il-successo-del-podcast-e-dei-suoi-format\/\" >NO PASA NADA: il successo del podcast e dei suoi format.<\/a>\n                <\/span>\n                <span class=\"post-date\">\n                    07\/04\/2022\n                <\/span>\n            <\/div><div class=\"jeg_news_ticker_item jeg_news_ticker_animated  format-standard\">\n                <span>\n                    <a href=\"https:\/\/www.ceoforlifeawards.com\/it\/blog\/quifinanza-x-ceoforlife-welfare-index-pmi-il-progetto-di-generali-italia-che-misura-il-benessere-dei-dipendenti\/\" >QuiFinanza X CEOforLIFE: Welfare Index PMI, il progetto di Generali Italia che misura il benessere dei dipendenti<\/a>\n                <\/span>\n                <span class=\"post-date\">\n                    22\/11\/2022\n                <\/span>\n            <\/div><div class=\"jeg_news_ticker_item jeg_news_ticker_animated  format-standard\">\n                <span>\n                    <a href=\"https:\/\/www.ceoforlifeawards.com\/it\/blog\/no-pasa-nada-coming-clean-il-podcast-sulla-salute-mentale\/\" >NO PASA NADA \u2013 COMING CLEAN: IL PODCAST SULLA SALUTE MENTALE<\/a>\n                <\/span>\n                <span class=\"post-date\">\n                    16\/11\/2022\n                <\/span>\n            <\/div><div class=\"jeg_news_ticker_item jeg_news_ticker_animated  format-standard\">\n                <span>\n                    <a href=\"https:\/\/www.ceoforlifeawards.com\/it\/blog\/welfare-index-pmi-estratto-del-rapporto-2021\/\" >WELFARE INDEX PMI &#8211; Estratto del Rapporto 2021<\/a>\n                <\/span>\n                <span class=\"post-date\">\n                    22\/11\/2022\n                <\/span>\n            <\/div><div class=\"jeg_news_ticker_item jeg_news_ticker_animated  format-standard\">\n                <span>\n                    <a href=\"https:\/\/www.ceoforlifeawards.com\/it\/blog\/torino-ospita-il-41esimo-congresso-internazionale-di-euroheat-power\/\" >Torino ospita il 41esimo Congresso internazionale di EuroHeat &amp; Power<\/a>\n                <\/span>\n                <span class=\"post-date\">\n                    07\/04\/2022\n                <\/span>\n            <\/div><div class=\"jeg_news_ticker_item jeg_news_ticker_animated  format-standard\">\n                <span>\n                    <a href=\"https:\/\/www.ceoforlifeawards.com\/it\/blog\/assistenza-sanitaria-e-welfare-generali-welion-e-carrefour-danno-vita-a-carrefour-salute\/\" >Assistenza sanitaria e welfare, Generali Welion e Carrefour danno vita a Carrefour Salute<\/a>\n                <\/span>\n                <span class=\"post-date\">\n                    07\/04\/2022\n                <\/span>\n            <\/div><div class=\"jeg_news_ticker_item jeg_news_ticker_animated  format-standard\">\n                <span>\n                    <a href=\"https:\/\/www.ceoforlifeawards.com\/it\/blog\/iren-con-dott-e-uci-per-una-mobilita-piu-inclusiva\/\" >IREN Con Dott. e UCI per una mobilit\u00e0 pi\u00f9 inclusiva.<\/a>\n                <\/span>\n                <span class=\"post-date\">\n                    07\/04\/2022\n                <\/span>\n            <\/div><div class=\"jeg_news_ticker_item jeg_news_ticker_animated  format-standard\">\n                <span>\n                    <a href=\"https:\/\/www.ceoforlifeawards.com\/it\/blog\/competenze-e-persone-al-centro-moonly-sceglie-lundbeck-per-parlare-ai-giovani\/\" >Competenze e persone al centro: Moonly sceglie Lundbeck per parlare ai giovani.<\/a>\n                <\/span>\n                <span class=\"post-date\">\n                    01\/03\/2022\n                <\/span>\n            <\/div><div class=\"jeg_news_ticker_item jeg_news_ticker_animated  format-standard\">\n                <span>\n                    <a href=\"https:\/\/www.ceoforlifeawards.com\/it\/blog\/nasce-convivit-il-nuovo-progetto-sul-senior-living-di-generali-welion-e-cdp-venture-capital\/\" >Nasce Convivit, il nuovo progetto sul Senior Living di Generali Welion e CDP Venture Capital.<\/a>\n                <\/span>\n                <span class=\"post-date\">\n                    07\/04\/2022\n                <\/span>\n            <\/div><div class=\"jeg_news_ticker_item jeg_news_ticker_animated  format-standard\">\n                <span>\n                    <a href=\"https:\/\/www.ceoforlifeawards.com\/it\/blog\/top-employer-italia-iren-ottiene-la-certificazione-anche-nel-2022\/\" >Top Employer Italia: Iren ottiene la certificazione anche nel 2022.<\/a>\n                <\/span>\n                <span class=\"post-date\">\n                    28\/11\/2022\n                <\/span>\n            <\/div><div class=\"jeg_news_ticker_item jeg_news_ticker_animated  format-standard\">\n                <span>\n                    <a href=\"https:\/\/www.ceoforlifeawards.com\/it\/blog\/neoconnessi-molto-piu-vicini-in-rete\/\" >NEOCONNESSI: Molto pi\u00f9 vicini in rete.<\/a>\n                <\/span>\n                <span class=\"post-date\">\n                    20\/06\/2022\n                <\/span>\n            <\/div><div class=\"jeg_news_ticker_item jeg_news_ticker_animated  format-standard\">\n                <span>\n                    <a href=\"https:\/\/www.ceoforlifeawards.com\/it\/blog\/il-prisma-la-sostenibilita-inizia-dal-cantiere\/\" >Il Prisma: la sostenibilit\u00e0 inizia dal cantiere.<\/a>\n                <\/span>\n                <span class=\"post-date\">\n                    22\/11\/2022\n                <\/span>\n            <\/div><div class=\"jeg_news_ticker_item jeg_news_ticker_animated  format-standard\">\n                <span>\n                    <a href=\"https:\/\/www.ceoforlifeawards.com\/it\/blog\/qui-finanza\/\" >?????????? ? ??????????: \u201cLa campagna di Iren sulla corretta gestione dei rifiuti&#8221;<\/a>\n                <\/span>\n                <span class=\"post-date\">\n                    28\/11\/2022\n                <\/span>\n            <\/div><div class=\"jeg_news_ticker_item jeg_news_ticker_animated  format-standard\">\n                <span>\n                    <a href=\"https:\/\/www.ceoforlifeawards.com\/it\/blog\/mobilita-sostenibile-e-qualita-della-vita-nelle-strategie-di-sviluppo-di-renault-italia\/\" >Mobilit\u00e0 sostenibile e qualit\u00e0 della vita nelle strategie di sviluppo di Renault Italia<\/a>\n                <\/span>\n                <span class=\"post-date\">\n                    28\/11\/2022\n                <\/span>\n            <\/div><div class=\"jeg_news_ticker_item jeg_news_ticker_animated  format-standard\">\n                <span>\n                    <a href=\"https:\/\/www.ceoforlifeawards.com\/it\/blog\/la-partnership-tra-associazione-next-pg-cri-manpowergroup-e-altroconsumo-con-il-progetto-aula-162-per-un-lavoro-migliore-e-sostenibile\/\" >La partnership tra Associazione Next, P&amp;G, Cri, ManpowerGroup e Altroconsumo con il Progetto Aula 162 per un lavoro migliore e sostenibile<\/a>\n                <\/span>\n                <span class=\"post-date\">\n                    22\/11\/2022\n                <\/span>\n            <\/div><div class=\"jeg_news_ticker_item jeg_news_ticker_animated  format-standard\">\n                <span>\n                    <a href=\"https:\/\/www.ceoforlifeawards.com\/it\/blog\/irideos-tra-i-fondatori-della-european-alliance-for-industrial-data-edge-and-cloud-per-promuovere-lo-sviluppo-del-cloud-europeo\/\" >IRIDEOS tra i fondatori della \u201cEuropean Alliance for Industrial Data, Edge and Cloud\u201d, per promuovere lo sviluppo del Cloud europeo<\/a>\n                <\/span>\n                <span class=\"post-date\">\n                    18\/02\/2022\n                <\/span>\n            <\/div><div class=\"jeg_news_ticker_item jeg_news_ticker_animated  format-standard\">\n                <span>\n                    <a href=\"https:\/\/www.ceoforlifeawards.com\/it\/blog\/anpr-la-casa-digitale-dei-cittadini-italiani\/\" >ANPR, la casa digitale dei cittadini italiani.<\/a>\n                <\/span>\n                <span class=\"post-date\">\n                    16\/02\/2022\n                <\/span>\n            <\/div><div class=\"jeg_news_ticker_item jeg_news_ticker_animated  format-standard\">\n                <span>\n                    <a href=\"https:\/\/www.ceoforlifeawards.com\/it\/blog\/innovazione-al-servizio-della-sostenibilita\/\" >Innovazione al servizio della sostenibilit\u00e0.<\/a>\n                <\/span>\n                <span class=\"post-date\">\n                    16\/02\/2022\n                <\/span>\n            <\/div><div class=\"jeg_news_ticker_item jeg_news_ticker_animated  format-standard\">\n                <span>\n                    <a href=\"https:\/\/www.ceoforlifeawards.com\/it\/blog\/lhub-di-chiesi-farmaceutici-per-lo-sviluppo-di-farmaci-biologici-in-italia\/\" >L\u2019hub di Chiesi Farmaceutici per lo sviluppo di farmaci biologici in Italia<\/a>\n                <\/span>\n                <span class=\"post-date\">\n                    15\/02\/2022\n                <\/span>\n            <\/div><div class=\"jeg_news_ticker_item jeg_news_ticker_animated  format-standard\">\n                <span>\n                    <a href=\"https:\/\/www.ceoforlifeawards.com\/it\/blog\/birra-peroni-lofferta-di-prodotti-non-alcolici-come-supporto-alla-strategia-legacy-2030\/\" >Birra Peroni, l\u2019offerta di prodotti non-alcolici come supporto alla strategia Legacy 2030<\/a>\n                <\/span>\n                <span class=\"post-date\">\n                    14\/02\/2022\n                <\/span>\n            <\/div><div class=\"jeg_news_ticker_item jeg_news_ticker_animated  format-standard\">\n                <span>\n                    <a href=\"https:\/\/www.ceoforlifeawards.com\/it\/blog\/fiera-milano-guarda-con-ottimismo-al-2022\/\" >Fiera Milano guarda con ottimismo al 2022<\/a>\n                <\/span>\n                <span class=\"post-date\">\n                    14\/02\/2022\n                <\/span>\n            <\/div><div class=\"jeg_news_ticker_item jeg_news_ticker_animated  format-standard\">\n                <span>\n                    <a href=\"https:\/\/www.ceoforlifeawards.com\/it\/blog\/parita-di-genere-e-scienza-l11-febbraio-si-celebra-la-giornata-internazionale-delle-donne-nella-scienza\/\" >Parit\u00e0 di genere e scienza: l\u201911 febbraio si celebra la Giornata Internazionale delle donne nella scienza.<\/a>\n                <\/span>\n                <span class=\"post-date\">\n                    11\/02\/2022\n                <\/span>\n            <\/div><div class=\"jeg_news_ticker_item jeg_news_ticker_animated  format-standard\">\n                <span>\n                    <a href=\"https:\/\/www.ceoforlifeawards.com\/it\/blog\/italia-5-0-una-rivoluzione-digitale-a-misura-di-persone\/\" >Italia 5.0, una rivoluzione digitale a misura di persone<\/a>\n                <\/span>\n                <span class=\"post-date\">\n                    22\/11\/2022\n                <\/span>\n            <\/div><div class=\"jeg_news_ticker_item jeg_news_ticker_animated  format-standard\">\n                <span>\n                    <a href=\"https:\/\/www.ceoforlifeawards.com\/it\/blog\/la-torre-del-futuro-di-inwit-allearth-technology-expo\/\" >La Torre del futuro di Inwit all\u2019Earth Technology Expo<\/a>\n                <\/span>\n                <span class=\"post-date\">\n                    11\/02\/2022\n                <\/span>\n            <\/div><div class=\"jeg_news_ticker_item jeg_news_ticker_animated  format-standard\">\n                <span>\n                    <a href=\"https:\/\/www.ceoforlifeawards.com\/it\/blog\/inclusione-e-innovazione-in-avanade-il-valore-umano-e-competitivo-della-neurodiversita\/\" >Inclusione e Innovazione in Avanade: il valore umano e competitivo della neurodiversit\u00e0<\/a>\n                <\/span>\n                <span class=\"post-date\">\n                    28\/11\/2022\n                <\/span>\n            <\/div><div class=\"jeg_news_ticker_item jeg_news_ticker_animated  format-standard\">\n                <span>\n                    <a href=\"https:\/\/www.ceoforlifeawards.com\/it\/blog\/ceoforlife-magazine-n-3\/\" >CEOforLIFE Magazine n. 3<\/a>\n                <\/span>\n                <span class=\"post-date\">\n                    10\/05\/2023\n                <\/span>\n            <\/div><div class=\"jeg_news_ticker_item jeg_news_ticker_animated  format-standard\">\n                <span>\n                    <a href=\"https:\/\/www.ceoforlifeawards.com\/it\/blog\/quifinanza-x-ceoforlife-enav-e-la-prima-azienda-italiana-ad-entrare-nel-science-based-target-initiative\/\" >QuiFinanza X CEOforLIFE: \u201cENAV \u00e8 la prima azienda italiana ad entrare nel Science Based Target initiative\u201d<\/a>\n                <\/span>\n                <span class=\"post-date\">\n                    28\/11\/2022\n                <\/span>\n            <\/div><div class=\"jeg_news_ticker_item jeg_news_ticker_animated  format-standard\">\n                <span>\n                    <a href=\"https:\/\/www.ceoforlifeawards.com\/it\/blog\/le-buone-pratiche-di-pedevilla-per-la-sostenibilita-ambientale\/\" >Le buone pratiche di Pedevilla per la sostenibilit\u00e0 ambientale<\/a>\n                <\/span>\n                <span class=\"post-date\">\n                    09\/02\/2022\n                <\/span>\n            <\/div><div class=\"jeg_news_ticker_item jeg_news_ticker_animated  format-standard\">\n                <span>\n                    <a href=\"https:\/\/www.ceoforlifeawards.com\/it\/blog\/allianz-partners-il-premio-valeria-solesin-e-la-cerimonia-di-premiazione-della-v-edizione\/\" >Allianz Partners: il Premio Valeria Solesin e la Cerimonia di Premiazione della V Edizione<\/a>\n                <\/span>\n                <span class=\"post-date\">\n                    28\/11\/2022\n                <\/span>\n            <\/div><div class=\"jeg_news_ticker_item jeg_news_ticker_animated  format-standard\">\n                <span>\n                    <a href=\"https:\/\/www.ceoforlifeawards.com\/it\/blog\/pedevilla-x-ecovadis-la-piattaforma-degli-acquisti-sostenibili\/\" >Pedevilla x Ecovadis &#8211; la piattaforma degli acquisti sostenibili<\/a>\n                <\/span>\n                <span class=\"post-date\">\n                    08\/02\/2022\n                <\/span>\n            <\/div><div class=\"jeg_news_ticker_item jeg_news_ticker_animated  format-standard\">\n                <span>\n                    <a href=\"https:\/\/www.ceoforlifeawards.com\/it\/blog\/safe2web-di-hewlett-packard-enterprise-per-vivere-unesperienza-digitale-al-riparo-dai-pericoli\/\" >Safe2Web di Hewlett Packard Enterprise PER VIVERE UN\u2019ESPERIENZA DIGITALE AL RIPARO DAI PERICOLI<\/a>\n                <\/span>\n                <span class=\"post-date\">\n                    07\/02\/2022\n                <\/span>\n            <\/div><div class=\"jeg_news_ticker_item jeg_news_ticker_animated  format-standard\">\n                <span>\n                    <a href=\"https:\/\/www.ceoforlifeawards.com\/it\/blog\/la-responsabilita-sociale-di-pedevilla\/\" >La responsabilit\u00e0 sociale di Pedevilla<\/a>\n                <\/span>\n                <span class=\"post-date\">\n                    09\/02\/2022\n                <\/span>\n            <\/div><div class=\"jeg_news_ticker_item jeg_news_ticker_animated  format-standard\">\n                <span>\n                    <a href=\"https:\/\/www.ceoforlifeawards.com\/it\/blog\/henkel-vince-il-premio-speciale-ambiente-con-pronature-la-linea-di-prodotti-attenta-allambiente\/\" >Henkel vince il premio speciale ambiente con Pronature, la linea di prodotti attenta all&#8217;ambiente<\/a>\n                <\/span>\n                <span class=\"post-date\">\n                    07\/02\/2022\n                <\/span>\n            <\/div><div class=\"jeg_news_ticker_item jeg_news_ticker_animated  format-standard\">\n                <span>\n                    <a href=\"https:\/\/www.ceoforlifeawards.com\/it\/blog\/pedevilla-diventa-societa-benefit\/\" >Pedevilla diventa societ\u00e0 benefit<\/a>\n                <\/span>\n                <span class=\"post-date\">\n                    04\/02\/2022\n                <\/span>\n            <\/div><div class=\"jeg_news_ticker_item jeg_news_ticker_animated  format-standard\">\n                <span>\n                    <a href=\"https:\/\/www.ceoforlifeawards.com\/it\/blog\/cisco-obiettivo-zero-emissioni-entro-il-2040\/\" >Cisco: obiettivo zero emissioni entro il 2040<\/a>\n                <\/span>\n                <span class=\"post-date\">\n                    09\/02\/2022\n                <\/span>\n            <\/div><div class=\"jeg_news_ticker_item jeg_news_ticker_animated  format-standard\">\n                <span>\n                    <a href=\"https:\/\/www.ceoforlifeawards.com\/it\/blog\/henkel-il-packaging-diventa-sempre-piu-sostenibile\/\" >Henkel: il packaging diventa sempre pi\u00f9 sostenibile<\/a>\n                <\/span>\n                <span class=\"post-date\">\n                    04\/02\/2022\n                <\/span>\n            <\/div><div class=\"jeg_news_ticker_item jeg_news_ticker_animated  format-standard\">\n                <span>\n                    <a href=\"https:\/\/www.ceoforlifeawards.com\/it\/blog\/la-sostenibilita-connessa-al-digitale-tra-i-trend-2022-secondo-cisco\/\" >La sostenibilit\u00e0 connessa al digitale tra i trend 2022 secondo Cisco<\/a>\n                <\/span>\n                <span class=\"post-date\">\n                    03\/02\/2022\n                <\/span>\n            <\/div><div class=\"jeg_news_ticker_item jeg_news_ticker_animated  format-standard\">\n                <span>\n                    <a href=\"https:\/\/www.ceoforlifeawards.com\/it\/blog\/rethinkfashion-storie-di-moda-consapevole\/\" >#RethinkFashion, storie di moda consapevole<\/a>\n                <\/span>\n                <span class=\"post-date\">\n                    16\/11\/2022\n                <\/span>\n            <\/div><div class=\"jeg_news_ticker_item jeg_news_ticker_animated  format-standard\">\n                <span>\n                    <a href=\"https:\/\/www.ceoforlifeawards.com\/it\/blog\/welfare-index-pmi-il-progetto-promosso-da-generali-italia-che-misura-il-benessere-dei-dipendenti\/\" >Welfare Index PMI, il progetto promosso da Generali Italia che misura il benessere dei dipendenti<\/a>\n                <\/span>\n                <span class=\"post-date\">\n                    22\/11\/2022\n                <\/span>\n            <\/div><div class=\"jeg_news_ticker_item jeg_news_ticker_animated  format-standard\">\n                <span>\n                    <a href=\"https:\/\/www.ceoforlifeawards.com\/it\/blog\/perlana-black-si-aggiudica-il-premio-conai-2021-del-bando-ecodesign\/\" >Perlana Black si aggiudica il premio Conai 2021 del Bando Ecodesign<\/a>\n                <\/span>\n                <span class=\"post-date\">\n                    02\/02\/2022\n                <\/span>\n            <\/div><div class=\"jeg_news_ticker_item jeg_news_ticker_animated  format-standard\">\n                <span>\n                    <a href=\"https:\/\/www.ceoforlifeawards.com\/it\/blog\/investimenti-ed-esg-nasce-gpf-linea-etica-di-banco-desio\/\" >Investimenti ed ESG: nasce \u201cGPF Linea Etica\u201d di Banco Desio.<\/a>\n                <\/span>\n                <span class=\"post-date\">\n                    02\/02\/2022\n                <\/span>\n            <\/div><div class=\"jeg_news_ticker_item jeg_news_ticker_animated  format-standard\">\n                <span>\n                    <a href=\"https:\/\/www.ceoforlifeawards.com\/it\/blog\/banco-bpm-accelera-il-suo-impegno-sostenibile-nascono-sette-cantieri-per-linclusione-dei-fattori-esg\/\" >Banco BPM accelera il suo impegno sostenibile: nascono sette cantieri per l\u2019inclusione dei fattori ESG.<\/a>\n                <\/span>\n                <span class=\"post-date\">\n                    02\/02\/2022\n                <\/span>\n            <\/div><div class=\"jeg_news_ticker_item jeg_news_ticker_animated  format-standard\">\n                <span>\n                    <a href=\"https:\/\/www.ceoforlifeawards.com\/it\/blog\/enav-certificata-uni-iso-37001-2016-per-anticorruzione\/\" >ENAV certificata UNI ISO 37001: 2016 per anticorruzione<\/a>\n                <\/span>\n                <span class=\"post-date\">\n                    02\/02\/2022\n                <\/span>\n            <\/div><div class=\"jeg_news_ticker_item jeg_news_ticker_animated  format-standard\">\n                <span>\n                    <a href=\"https:\/\/www.ceoforlifeawards.com\/it\/blog\/sostenibilita-salvaguardia-della-biodiversita-e-digitale-al-centro-del-progetto-api4api\/\" >Sostenibilit\u00e0, salvaguardia della biodiversit\u00e0 e digitale al centro del progetto API4API<\/a>\n                <\/span>\n                <span class=\"post-date\">\n                    16\/11\/2022\n                <\/span>\n            <\/div><div class=\"jeg_news_ticker_item jeg_news_ticker_animated  format-standard\">\n                <span>\n                    <a href=\"https:\/\/www.ceoforlifeawards.com\/it\/blog\/afiancodelcoraggio-fai-conoscere-la-tua-storia\/\" >#afiancodelcoraggio &#8211; FAI CONOSCERE LA TUA STORIA<\/a>\n                <\/span>\n                <span class=\"post-date\">\n                    02\/02\/2022\n                <\/span>\n            <\/div><div class=\"jeg_news_ticker_item jeg_news_ticker_animated  format-standard\">\n                <span>\n                    <a href=\"https:\/\/www.ceoforlifeawards.com\/it\/blog\/generali-welion-e-umana-nasce-il-servizio-sanitario-dedicato-ai-clienti-umana\/\" >Generali Welion e Umana: nasce il servizio sanitario dedicato ai clienti Umana<\/a>\n                <\/span>\n                <span class=\"post-date\">\n                    02\/02\/2022\n                <\/span>\n            <\/div><div class=\"jeg_news_ticker_item jeg_news_ticker_animated  format-standard\">\n                <span>\n                    <a href=\"https:\/\/www.ceoforlifeawards.com\/it\/blog\/roche-italia-afiancodelcoraggio\/\" >ROCHE ITALIA #afiancodelcoraggio<\/a>\n                <\/span>\n                <span class=\"post-date\">\n                    01\/02\/2022\n                <\/span>\n            <\/div><div class=\"jeg_news_ticker_item jeg_news_ticker_animated  format-standard\">\n                <span>\n                    <a href=\"https:\/\/www.ceoforlifeawards.com\/it\/blog\/digitalizzazione-e-welfare-come-cambia-laccesso-ai-servizi-sanitari\/\" >Digitalizzazione e welfare \u2013 come cambia l&#8217;accesso ai servizi sanitari<\/a>\n                <\/span>\n                <span class=\"post-date\">\n                    28\/11\/2022\n                <\/span>\n            <\/div><div class=\"jeg_news_ticker_item jeg_news_ticker_animated  format-standard\">\n                <span>\n                    <a href=\"https:\/\/www.ceoforlifeawards.com\/it\/blog\/responsabilita-sociale-investimenti-sostenibili-e-governance-la-strategia-sostenibile-di-axa\/\" >Responsabilit\u00e0 Sociale, investimenti sostenibili e Governance: la strategia sostenibile di AXA<\/a>\n                <\/span>\n                <span class=\"post-date\">\n                    01\/02\/2022\n                <\/span>\n            <\/div><div class=\"jeg_news_ticker_item jeg_news_ticker_animated  format-standard\">\n                <span>\n                    <a href=\"https:\/\/www.ceoforlifeawards.com\/it\/blog\/ambiente-e-investimenti-sostenibili-limpegno-di-axa\/\" >Ambiente e investimenti sostenibili: l\u2019impegno di AXA<\/a>\n                <\/span>\n                <span class=\"post-date\">\n                    01\/02\/2022\n                <\/span>\n            <\/div><div class=\"jeg_news_ticker_item jeg_news_ticker_animated  format-standard\">\n                <span>\n                    <a href=\"https:\/\/www.ceoforlifeawards.com\/it\/blog\/socializzazione-collaborazione-e-innovazione-lufficio-ibrido-di-jll-italia\/\" >Socializzazione, collaborazione e innovazione: l\u2019ufficio ibrido di JLL Italia.<\/a>\n                <\/span>\n                <span class=\"post-date\">\n                    22\/11\/2022\n                <\/span>\n            <\/div><div class=\"jeg_news_ticker_item jeg_news_ticker_animated  format-standard\">\n                <span>\n                    <a href=\"https:\/\/www.ceoforlifeawards.com\/it\/blog\/roche-italia-ridisegniamo-lemofilia\/\" >Roche Italia: ridisegniamo l&#8217;emofilia<\/a>\n                <\/span>\n                <span class=\"post-date\">\n                    17\/02\/2022\n                <\/span>\n            <\/div><div class=\"jeg_news_ticker_item jeg_news_ticker_animated  format-standard\">\n                <span>\n                    <a href=\"https:\/\/www.ceoforlifeawards.com\/it\/blog\/responsabilita-ambientale-in-autogrill\/\" >Sostenibilit\u00e0 Ambientale in Autogrill<\/a>\n                <\/span>\n                <span class=\"post-date\">\n                    31\/01\/2022\n                <\/span>\n            <\/div><div class=\"jeg_news_ticker_item jeg_news_ticker_animated  format-standard\">\n                <span>\n                    <a href=\"https:\/\/www.ceoforlifeawards.com\/it\/blog\/avio-tra-le-200-aziende-italiane-piu-sostenibili\/\" >Avio tra le 200 aziende italiane pi\u00f9 sostenibili.<\/a>\n                <\/span>\n                <span class=\"post-date\">\n                    28\/11\/2022\n                <\/span>\n            <\/div><div class=\"jeg_news_ticker_item jeg_news_ticker_animated  format-standard\">\n                <span>\n                    <a href=\"https:\/\/www.ceoforlifeawards.com\/it\/blog\/welion-app-vince-il-1-posto-agli-efma\/\" >Welion App vince il 1\u00b0 posto agli Efma<\/a>\n                <\/span>\n                <span class=\"post-date\">\n                    31\/01\/2022\n                <\/span>\n            <\/div><div class=\"jeg_news_ticker_item jeg_news_ticker_animated  format-standard\">\n                <span>\n                    <a href=\"https:\/\/www.ceoforlifeawards.com\/it\/blog\/gli-spazi-engaging-di-efm-nascono-da-un-cambiamento-culturale\/\" >Gli spazi \u201cengaging\u201d di eFM nascono da un cambiamento culturale.<\/a>\n                <\/span>\n                <span class=\"post-date\">\n                    22\/11\/2022\n                <\/span>\n            <\/div><div class=\"jeg_news_ticker_item jeg_news_ticker_animated  format-standard\">\n                <span>\n                    <a href=\"https:\/\/www.ceoforlifeawards.com\/it\/blog\/la-campagna-di-iren-contro-gli-abbandoni-per-la-settimana-europea-per-la-riduzione-dei-rifiuti\/\" >La Campagna di Iren contro gli abbandoni per la Settimana Europea per la Riduzione dei Rifiuti<\/a>\n                <\/span>\n                <span class=\"post-date\">\n                    28\/01\/2022\n                <\/span>\n            <\/div><div class=\"jeg_news_ticker_item jeg_news_ticker_animated  format-standard\">\n                <span>\n                    <a href=\"https:\/\/www.ceoforlifeawards.com\/it\/blog\/lo-studio-condotto-da-atos-e-the-european-house-ambrosetti-sulla-net-zero-society\/\" >Lo studio condotto da Atos e The European House \u2013 Ambrosetti sulla \u201cNet Zero Society\u201d.<\/a>\n                <\/span>\n                <span class=\"post-date\">\n                    22\/11\/2022\n                <\/span>\n            <\/div><div class=\"jeg_news_ticker_item jeg_news_ticker_animated  format-standard\">\n                <span>\n                    <a href=\"https:\/\/www.ceoforlifeawards.com\/it\/blog\/settore-assicurativo-e-sostenibilita-al-centro-dellania-insurance-summit\/\" >Settore assicurativo e sostenibilit\u00e0 al centro dell\u2019Ania Insurance Summit.<\/a>\n                <\/span>\n                <span class=\"post-date\">\n                    28\/01\/2022\n                <\/span>\n            <\/div><div class=\"jeg_news_ticker_item jeg_news_ticker_animated  format-standard\">\n                <span>\n                    <a href=\"https:\/\/www.ceoforlifeawards.com\/it\/blog\/le-soluzioni-bosch-pensate-per-una-unelettromobilita-versatile\/\" >Le soluzioni Bosch pensate per una un&#8217;elettromobilit\u00e0 versatile<\/a>\n                <\/span>\n                <span class=\"post-date\">\n                    28\/11\/2022\n                <\/span>\n            <\/div><div class=\"jeg_news_ticker_item jeg_news_ticker_animated  format-standard\">\n                <span>\n                    <a href=\"https:\/\/www.ceoforlifeawards.com\/it\/blog\/il-concorso-people-in-mind-di-lundbeck-italia\/\" >Il concorso \u201cPeople in mind\u201d di Lundbeck Italia<\/a>\n                <\/span>\n                <span class=\"post-date\">\n                    27\/01\/2022\n                <\/span>\n            <\/div><div class=\"jeg_news_ticker_item jeg_news_ticker_animated  format-standard\">\n                <span>\n                    <a href=\"https:\/\/www.ceoforlifeawards.com\/it\/blog\/responsabilita-sociale-e-ambientale-in-acquedotto-del-fiora\/\" >Responsabilit\u00e0 sociale e ambientale in Acquedotto del Fiora.<\/a>\n                <\/span>\n                <span class=\"post-date\">\n                    27\/01\/2022\n                <\/span>\n            <\/div><div class=\"jeg_news_ticker_item jeg_news_ticker_animated  format-standard\">\n                <span>\n                    <a href=\"https:\/\/www.ceoforlifeawards.com\/it\/blog\/limpegno-sostenibile-di-aetna-group-con-techlab-pack2green-e-recycle\/\" >L\u2019impegno sostenibile di Aetna Group con TechLab, PACK2GREEN e ReCYCLE.<\/a>\n                <\/span>\n                <span class=\"post-date\">\n                    27\/01\/2022\n                <\/span>\n            <\/div><div class=\"jeg_news_ticker_item jeg_news_ticker_animated  format-standard\">\n                <span>\n                    <a href=\"https:\/\/www.ceoforlifeawards.com\/it\/blog\/le-reti-6g-efficienti-dal-punto-di-vista-energetico-grazie-a-ai-ml\/\" >Le reti 6G efficienti dal punto di vista energetico grazie a AI\/ML<\/a>\n                <\/span>\n                <span class=\"post-date\">\n                    03\/02\/2022\n                <\/span>\n            <\/div><div class=\"jeg_news_ticker_item jeg_news_ticker_animated  format-standard\">\n                <span>\n                    <a href=\"https:\/\/www.ceoforlifeawards.com\/it\/blog\/la-sostenibilita-per-efm\/\" >La sostenibilit\u00e0 per eFM<\/a>\n                <\/span>\n                <span class=\"post-date\">\n                    22\/11\/2022\n                <\/span>\n            <\/div><div class=\"jeg_news_ticker_item jeg_news_ticker_animated  format-standard\">\n                <span>\n                    <a href=\"https:\/\/www.ceoforlifeawards.com\/it\/blog\/nuova-strategia-di-crescita-per-iren-nel-piano-industriale-2021-2030\/\" >Nuova strategia di crescita per Iren nel piano industriale 2021-2030<\/a>\n                <\/span>\n                <span class=\"post-date\">\n                    17\/11\/2022\n                <\/span>\n            <\/div><div class=\"jeg_news_ticker_item jeg_news_ticker_animated  format-standard\">\n                <span>\n                    <a href=\"https:\/\/www.ceoforlifeawards.com\/it\/blog\/bosch-al-ces-2022-tecnologia-intelligente-per-una-vita-sicura-confortevole-e-sostenibile\/\" >Bosch al CES 2022: Tecnologia intelligente per una vita sicura, confortevole e sostenibile<\/a>\n                <\/span>\n                <span class=\"post-date\">\n                    22\/11\/2022\n                <\/span>\n            <\/div><div class=\"jeg_news_ticker_item jeg_news_ticker_animated  format-standard\">\n                <span>\n                    <a href=\"https:\/\/www.ceoforlifeawards.com\/it\/blog\/harvard-business-review-racconta-hubquarter\/\" >Harvard Business Review racconta Hubquarter<\/a>\n                <\/span>\n                <span class=\"post-date\">\n                    22\/11\/2022\n                <\/span>\n            <\/div><div class=\"jeg_news_ticker_item jeg_news_ticker_animated  format-standard\">\n                <span>\n                    <a href=\"https:\/\/www.ceoforlifeawards.com\/it\/blog\/nokia-come-migliorare-la-vita-delle-persone-con-la-tecnologia\/\" >Nokia: come migliorare la vita delle persone con la tecnologia<\/a>\n                <\/span>\n                <span class=\"post-date\">\n                    26\/01\/2022\n                <\/span>\n            <\/div><div class=\"jeg_news_ticker_item jeg_news_ticker_animated  format-standard\">\n                <span>\n                    <a href=\"https:\/\/www.ceoforlifeawards.com\/it\/blog\/enav-tra-le-prime-200-societa-piu-sostenibili-sul-web\/\" >ENAV tra le prime 200 societ\u00e0 pi\u00f9 sostenibili sul web<\/a>\n                <\/span>\n                <span class=\"post-date\">\n                    02\/02\/2022\n                <\/span>\n            <\/div><div class=\"jeg_news_ticker_item jeg_news_ticker_animated  format-standard\">\n                <span>\n                    <a href=\"https:\/\/www.ceoforlifeawards.com\/it\/blog\/il-contributo-di-iren-al-programma-da-chicco-a-chicco-94-tonnellate-di-capsule-in-alluminio-riciclate\/\" >Il contributo di Iren al programma \u201cDa chicco a chicco&#8221;: 94 tonnellate di capsule in alluminio riciclate<\/a>\n                <\/span>\n                <span class=\"post-date\">\n                    26\/01\/2022\n                <\/span>\n            <\/div><div class=\"jeg_news_ticker_item jeg_news_ticker_animated  format-standard\">\n                <span>\n                    <a href=\"https:\/\/www.ceoforlifeawards.com\/it\/blog\/edim-societa-del-gruppo-bosch-riceve-il-premio-innovazione-smau-2021\/\" >EDiM &#8211; Societ\u00e0 del Gruppo Bosch &#8211; riceve il Premio Innovazione Smau 2021<\/a>\n                <\/span>\n                <span class=\"post-date\">\n                    26\/01\/2022\n                <\/span>\n            <\/div><div class=\"jeg_news_ticker_item jeg_news_ticker_animated  format-standard\">\n                <span>\n                    <a href=\"https:\/\/www.ceoforlifeawards.com\/it\/blog\/si-conclude-united4ourfuture-liniziativa-online-in-favore-di-banco-alimentare-per-un-natale-allinsegna-della-solidarieta\/\" >Si conclude \u201cUNITED4OURFUTURE\u201d l\u2019iniziativa online in favore di Banco Alimentare per un Natale all&#8217;insegna della solidariet\u00e0<\/a>\n                <\/span>\n                <span class=\"post-date\">\n                    17\/11\/2022\n                <\/span>\n            <\/div><div class=\"jeg_news_ticker_item jeg_news_ticker_animated  format-standard\">\n                <span>\n                    <a href=\"https:\/\/www.ceoforlifeawards.com\/it\/blog\/aci-e-mobilita-sostenibile-alla-conferenza-del-traffico-e-della-circolazione\/\" >ACI e mobilit\u00e0 sostenibile alla Conferenza del Traffico e della Circolazione.<\/a>\n                <\/span>\n                <span class=\"post-date\">\n                    28\/11\/2022\n                <\/span>\n            <\/div><div class=\"jeg_news_ticker_item jeg_news_ticker_animated  format-standard\">\n                <span>\n                    <a href=\"https:\/\/www.ceoforlifeawards.com\/it\/blog\/aziende-sostenibili-e-sustainability-dna-in-accenture\/\" >Aziende sostenibili e Sustainability DNA in Accenture.<\/a>\n                <\/span>\n                <span class=\"post-date\">\n                    30\/11\/2022\n                <\/span>\n            <\/div><div class=\"jeg_news_ticker_item jeg_news_ticker_animated  format-standard\">\n                <span>\n                    <a href=\"https:\/\/www.ceoforlifeawards.com\/it\/blog\/i-propositi-sostenibili-di-a2a-per-un-futuro-piu-green\/\" >I propositi sostenibili di A2A per un futuro pi\u00f9 green.<\/a>\n                <\/span>\n                <span class=\"post-date\">\n                    30\/11\/2022\n                <\/span>\n            <\/div><div class=\"jeg_news_ticker_item jeg_news_ticker_animated  format-standard\">\n                <span>\n                    <a href=\"https:\/\/www.ceoforlifeawards.com\/it\/blog\/enav-premiata-tra-le-societa-piu-green-alla-borsa-di-milano\/\" >ENAV premiata tra le societ\u00e0 pi\u00f9 &#8220;green&#8221; alla Borsa di Milano<\/a>\n                <\/span>\n                <span class=\"post-date\">\n                    02\/02\/2022\n                <\/span>\n            <\/div><div class=\"jeg_news_ticker_item jeg_news_ticker_animated  format-standard\">\n                <span>\n                    <a href=\"https:\/\/www.ceoforlifeawards.com\/it\/blog\/dallheadquarter-allhubquarter-a-connext-2021\/\" >\u201cDall&#8217;Headquarter all&#8217;Hubquarter\u201d a Connext 2021<\/a>\n                <\/span>\n                <span class=\"post-date\">\n                    22\/11\/2022\n                <\/span>\n            <\/div><div class=\"jeg_news_ticker_item jeg_news_ticker_animated  format-standard\">\n                <span>\n                    <a href=\"https:\/\/www.ceoforlifeawards.com\/it\/blog\/iren-cresce-nelle-rinnovabili-attraverso-loperazione-puglia-holding\/\" >Iren cresce nelle rinnovabili attraverso l&#8217;operazione Puglia Holding<\/a>\n                <\/span>\n                <span class=\"post-date\">\n                    22\/11\/2022\n                <\/span>\n            <\/div><div class=\"jeg_news_ticker_item jeg_news_ticker_animated  format-standard\">\n                <span>\n                    <a href=\"https:\/\/www.ceoforlifeawards.com\/it\/blog\/bosch-italia-al-fianco-di-pane-quotidiano-onlus\/\" >Bosch Italia al fianco di Pane Quotidiano Onlus<\/a>\n                <\/span>\n                <span class=\"post-date\">\n                    17\/11\/2022\n                <\/span>\n            <\/div><div class=\"jeg_news_ticker_item jeg_news_ticker_animated  format-standard\">\n                <span>\n                    <a href=\"https:\/\/www.ceoforlifeawards.com\/it\/blog\/lundbeck-un-sorriso-con-il-cuore-e-la-mente\/\" >LUNDBECK \u201cUn sorRISO con il cuore e la MENTE\u201d<\/a>\n                <\/span>\n                <span class=\"post-date\">\n                    17\/11\/2022\n                <\/span>\n            <\/div><div class=\"jeg_news_ticker_item jeg_news_ticker_animated  format-standard\">\n                <span>\n                    <a href=\"https:\/\/www.ceoforlifeawards.com\/it\/blog\/limpegno-sostenibile-di-pirelli-viene-riconosciuto-dal-programma-di-accreditamento-ambientale-della-fia\/\" >L\u2019impegno sostenibile di Pirelli viene riconosciuto dal Programma di Accreditamento Ambientale della FIA.<\/a>\n                <\/span>\n                <span class=\"post-date\">\n                    17\/11\/2022\n                <\/span>\n            <\/div><div class=\"jeg_news_ticker_item jeg_news_ticker_animated  format-standard\">\n                <span>\n                    <a href=\"https:\/\/www.ceoforlifeawards.com\/it\/blog\/limpegno-di-angelini-pharma-per-la-tutela-dellambiente\/\" >L\u2019impegno di Angelini Pharma per la tutela dell\u2019ambiente.<\/a>\n                <\/span>\n                <span class=\"post-date\">\n                    17\/11\/2022\n                <\/span>\n            <\/div><div class=\"jeg_news_ticker_item jeg_news_ticker_animated  format-standard\">\n                <span>\n                    <a href=\"https:\/\/www.ceoforlifeawards.com\/it\/blog\/listening-ahead-il-piano-sostenibile-di-amplifon\/\" >Listening Ahead, il piano sostenibile di Amplifon.<\/a>\n                <\/span>\n                <span class=\"post-date\">\n                    21\/01\/2022\n                <\/span>\n            <\/div><div class=\"jeg_news_ticker_item jeg_news_ticker_animated  format-standard\">\n                <span>\n                    <a href=\"https:\/\/www.ceoforlifeawards.com\/it\/blog\/nokia-italia-verso-lalfabetizzazione-digitale-della-societa\/\" >Nokia Italia verso l\u2019alfabetizzazione digitale della societ\u00e0<\/a>\n                <\/span>\n                <span class=\"post-date\">\n                    11\/02\/2022\n                <\/span>\n            <\/div><div class=\"jeg_news_ticker_item jeg_news_ticker_animated  format-standard\">\n                <span>\n                    <a href=\"https:\/\/www.ceoforlifeawards.com\/it\/blog\/nestle-ed-eureka-fund-per-imballaggi-piu-sostenibili\/\" >Nestl\u00e9 ed Eureka! Fund per imballaggi pi\u00f9 sostenibili.<\/a>\n                <\/span>\n                <span class=\"post-date\">\n                    20\/01\/2022\n                <\/span>\n            <\/div><div class=\"jeg_news_ticker_item jeg_news_ticker_animated  format-standard\">\n                <span>\n                    <a href=\"https:\/\/www.ceoforlifeawards.com\/it\/blog\/il-climate-pledge-di-amazon-per-un-futuro-sostenibile\/\" >Il Climate Pledge di Amazon per un futuro sostenibile.<\/a>\n                <\/span>\n                <span class=\"post-date\">\n                    22\/11\/2022\n                <\/span>\n            <\/div><div class=\"jeg_news_ticker_item jeg_news_ticker_animated  format-standard\">\n                <span>\n                    <a href=\"https:\/\/www.ceoforlifeawards.com\/it\/blog\/adidas-x-allbirds-per-lobiettivo-impatto-zero\/\" >Adidas x Allbirds per l\u2019obiettivo impatto zero.<\/a>\n                <\/span>\n                <span class=\"post-date\">\n                    20\/01\/2022\n                <\/span>\n            <\/div><div class=\"jeg_news_ticker_item jeg_news_ticker_animated  format-standard\">\n                <span>\n                    <a href=\"https:\/\/www.ceoforlifeawards.com\/it\/blog\/electrolux-e-impiego-femminile-lazienda-rientra-tra-le-italys-best-employers-for-women\/\" >Electrolux e impiego femminile: l\u2019azienda rientra tra le Italy\u2019s Best Employers for Women.<\/a>\n                <\/span>\n                <span class=\"post-date\">\n                    20\/01\/2022\n                <\/span>\n            <\/div><div class=\"jeg_news_ticker_item jeg_news_ticker_animated  format-standard\">\n                <span>\n                    <a href=\"https:\/\/www.ceoforlifeawards.com\/it\/blog\/zero3-il-manifesto-per-la-sostenibilita-di-danone\/\" >Zero3: il manifesto per la Sostenibilit\u00e0 di Danone<\/a>\n                <\/span>\n                <span class=\"post-date\">\n                    17\/11\/2022\n                <\/span>\n            <\/div><div class=\"jeg_news_ticker_item jeg_news_ticker_animated  format-standard\">\n                <span>\n                    <a href=\"https:\/\/www.ceoforlifeawards.com\/it\/blog\/sostenibilita-umana-economica-e-morale-la-visione-di-brunello-cucinelli\/\" >Sostenibilit\u00e0 umana, economica e morale: la visione di Brunello Cucinelli.<\/a>\n                <\/span>\n                <span class=\"post-date\">\n                    18\/01\/2022\n                <\/span>\n            <\/div><div class=\"jeg_news_ticker_item jeg_news_ticker_animated  format-standard\">\n                <span>\n                    <a href=\"https:\/\/www.ceoforlifeawards.com\/it\/blog\/rivoluzione-digitale-di-damico-societa-di-navigazione-un-impegno-a-360-gradi-sul-fronte-della-sostenibilita-e-dellinnovazione-tecnologica\/\" >Rivoluzione digitale di d\u2019Amico Societ\u00e0 di Navigazione: un impegno a 360 gradi sul fronte della sostenibilit\u00e0 e dell\u2019innovazione tecnologica.<\/a>\n                <\/span>\n                <span class=\"post-date\">\n                    17\/06\/2022\n                <\/span>\n            <\/div><div class=\"jeg_news_ticker_item jeg_news_ticker_animated  format-standard\">\n                <span>\n                    <a href=\"https:\/\/www.ceoforlifeawards.com\/it\/blog\/sostenibilita-e-tutela-dellambiente-the-real-leaders-200-top-impact-colloca-beko-al-20esimo-posto\/\" >Sostenibilit\u00e0 e tutela dell\u2019ambiente: The Real Leaders 200 Top Impact colloca Beko al 20esimo posto.<\/a>\n                <\/span>\n                <span class=\"post-date\">\n                    17\/01\/2022\n                <\/span>\n            <\/div><div class=\"jeg_news_ticker_item jeg_news_ticker_animated  format-standard\">\n                <span>\n                    <a href=\"https:\/\/www.ceoforlifeawards.com\/it\/blog\/responsabilita-ambientale-di-euler-hermes-in-occasione-del-world-cleanup-day\/\" >Responsabilit\u00e0 ambientale di Euler Hermes in occasione del World Cleanup Day.<\/a>\n                <\/span>\n                <span class=\"post-date\">\n                    17\/11\/2022\n                <\/span>\n            <\/div><div class=\"jeg_news_ticker_item jeg_news_ticker_animated  format-standard\">\n                <span>\n                    <a href=\"https:\/\/www.ceoforlifeawards.com\/it\/blog\/living-progress-il-motore-di-innovazione-di-hpe\/\" >Living Progress il motore di innovazione di HPE<\/a>\n                <\/span>\n                <span class=\"post-date\">\n                    04\/02\/2022\n                <\/span>\n            <\/div><div class=\"jeg_news_ticker_item jeg_news_ticker_animated  format-standard\">\n                <span>\n                    <a href=\"https:\/\/www.ceoforlifeawards.com\/it\/blog\/collezioni-ecosostenibili-e-tutela-dellambiente-per-kiabi-la-sostenibilita-diventa-una-priorita\/\" >Collezioni ecosostenibili e tutela dell\u2019ambiente: per Kiabi la sostenibilit\u00e0 diventa una priorit\u00e0.<\/a>\n                <\/span>\n                <span class=\"post-date\">\n                    14\/01\/2022\n                <\/span>\n            <\/div><div class=\"jeg_news_ticker_item jeg_news_ticker_animated  format-standard\">\n                <span>\n                    <a href=\"https:\/\/www.ceoforlifeawards.com\/it\/blog\/cisco-nella-a-list-delle-aziende-a-maggiore-impatto-positivo-sul-cambiamento-climatico\/\" >Cisco nella A List delle aziende a maggiore impatto positivo sul cambiamento climatico<\/a>\n                <\/span>\n                <span class=\"post-date\">\n                    30\/11\/2022\n                <\/span>\n            <\/div><div class=\"jeg_news_ticker_item jeg_news_ticker_animated  format-standard\">\n                <span>\n                    <a href=\"https:\/\/www.ceoforlifeawards.com\/it\/blog\/responsabilita-sociale-e-sostenibilita-ambientale-la-visione-strategica-di-fastweb-tu-sei-futuro\/\" >Responsabilit\u00e0 sociale e sostenibilit\u00e0 ambientale: la visione strategica di Fastweb TU SEI FUTURO\u201d.<\/a>\n                <\/span>\n                <span class=\"post-date\">\n                    13\/01\/2022\n                <\/span>\n            <\/div><div class=\"jeg_news_ticker_item jeg_news_ticker_animated  format-standard\">\n                <span>\n                    <a href=\"https:\/\/www.ceoforlifeawards.com\/it\/blog\/la-sostenibilita-al-centro-nasce-together-for-tomorrow-di-samsung\/\" >La sostenibilit\u00e0 al centro: nasce \u201cTogether for tomorrow\u201d di Samsung.<\/a>\n                <\/span>\n                <span class=\"post-date\">\n                    17\/11\/2022\n                <\/span>\n            <\/div><div class=\"jeg_news_ticker_item jeg_news_ticker_animated  format-standard\">\n                <span>\n                    <a href=\"https:\/\/www.ceoforlifeawards.com\/it\/blog\/banca-ifis-e-parita-di-genere-diventa-la-prima-banca-italiana-certificata-dal-winning-women-institute\/\" >Banca Ifis e parit\u00e0 di genere: diventa la prima banca italiana certificata dal Winning Women Institute.<\/a>\n                <\/span>\n                <span class=\"post-date\">\n                    11\/01\/2022\n                <\/span>\n            <\/div><div class=\"jeg_news_ticker_item jeg_news_ticker_animated  format-standard\">\n                <span>\n                    <a href=\"https:\/\/www.ceoforlifeawards.com\/it\/blog\/la-svolta-sostenibile-di-ferrovie-dello-stato-attraverso-investimenti-piu-green\/\" >La svolta sostenibile di Ferrovie dello Stato attraverso investimenti pi\u00f9 \u201cgreen\u201d<\/a>\n                <\/span>\n                <span class=\"post-date\">\n                    22\/11\/2022\n                <\/span>\n            <\/div><div class=\"jeg_news_ticker_item jeg_news_ticker_animated  format-standard\">\n                <span>\n                    <a href=\"https:\/\/www.ceoforlifeawards.com\/it\/blog\/pierre-cordier-groupama-awards-2021\/\" >Pierre Cordier, Groupama, Awards 2021<\/a>\n                <\/span>\n                <span class=\"post-date\">\n                    09\/05\/2023\n                <\/span>\n            <\/div><div class=\"jeg_news_ticker_item jeg_news_ticker_animated  format-standard\">\n                <span>\n                    <a href=\"https:\/\/www.ceoforlifeawards.com\/it\/blog\/mauro-caruccio-toyota-awards-2021\/\" >Mauro Caruccio, Toyota, Awards 2021<\/a>\n                <\/span>\n                <span class=\"post-date\">\n                    09\/05\/2023\n                <\/span>\n            <\/div><div class=\"jeg_news_ticker_item jeg_news_ticker_animated  format-video\">\n                <span>\n                    <a href=\"https:\/\/www.ceoforlifeawards.com\/it\/blog\/fabrizio-gavelli-danone-awards-2021\/\" >Fabrizio Gavelli, Danone, Awards 2021<\/a>\n                <\/span>\n                <span class=\"post-date\">\n                    02\/02\/2024\n                <\/span>\n            <\/div><div class=\"jeg_news_ticker_item jeg_news_ticker_animated  format-standard\">\n                <span>\n                    <a href=\"https:\/\/www.ceoforlifeawards.com\/it\/blog\/daniele-di-fausto-efm-awards-2021\/\" >Daniele Di Fausto, EFM, Awards 2021<\/a>\n                <\/span>\n                <span class=\"post-date\">\n                    08\/05\/2023\n                <\/span>\n            <\/div><div class=\"jeg_news_ticker_item jeg_news_ticker_animated  format-standard\">\n                <span>\n                    <a href=\"https:\/\/www.ceoforlifeawards.com\/it\/blog\/barbara-cominelli-jones-lang-lasalle-spa-awards-2021\/\" >Barbara Cominelli, Jones Lang Lasalle Spa, Awards 2021<\/a>\n                <\/span>\n                <span class=\"post-date\">\n                    08\/05\/2023\n                <\/span>\n            <\/div><div class=\"jeg_news_ticker_item jeg_news_ticker_animated  format-standard\">\n                <span>\n                    <a href=\"https:\/\/www.ceoforlifeawards.com\/it\/blog\/paola-corna-pellegrini-allianz-partners-italia-awards-2021\/\" >Paola Corna Pellegrini, Allianz Partners Italia, Awards 2021<\/a>\n                <\/span>\n                <span class=\"post-date\">\n                    08\/05\/2023\n                <\/span>\n            <\/div><div class=\"jeg_news_ticker_item jeg_news_ticker_animated  format-standard\">\n                <span>\n                    <a href=\"https:\/\/www.ceoforlifeawards.com\/it\/blog\/roberto-giacchi-italiaonline-awards-2021\/\" >Roberto Giacchi, Italiaonline, Awards 2021<\/a>\n                <\/span>\n                <span class=\"post-date\">\n                    08\/05\/2023\n                <\/span>\n            <\/div><div class=\"jeg_news_ticker_item jeg_news_ticker_animated  format-standard\">\n                <span>\n                    <a href=\"https:\/\/www.ceoforlifeawards.com\/it\/blog\/il-2022-e-lanno-internazionale-del-vetro-secondo-lonu\/\" >Il 2022 \u00e8 l\u2019Anno Internazionale del Vetro secondo l\u2019ONU.<\/a>\n                <\/span>\n                <span class=\"post-date\">\n                    07\/01\/2022\n                <\/span>\n            <\/div><div class=\"jeg_news_ticker_item jeg_news_ticker_animated  format-standard\">\n                <span>\n                    <a href=\"https:\/\/www.ceoforlifeawards.com\/it\/blog\/buone-feste-da-ceoforlife\/\" >I Buoni Propositi del 2022<\/a>\n                <\/span>\n                <span class=\"post-date\">\n                    13\/01\/2022\n                <\/span>\n            <\/div><div class=\"jeg_news_ticker_item jeg_news_ticker_animated  format-standard\">\n                <span>\n                    <a href=\"https:\/\/www.ceoforlifeawards.com\/it\/blog\/lanalisi-dellosservatorio-sole-24-ore-sulla-sostenibilita-delle-pmi\/\" >L\u2019analisi dell\u2019Osservatorio Sole 24 Ore sulla sostenibilit\u00e0 delle PMI<\/a>\n                <\/span>\n                <span class=\"post-date\">\n                    22\/11\/2022\n                <\/span>\n            <\/div><div class=\"jeg_news_ticker_item jeg_news_ticker_animated  format-standard\">\n                <span>\n                    <a href=\"https:\/\/www.ceoforlifeawards.com\/it\/blog\/il-progetto-pianeta-2021-e-limpegno-nel-far-conoscere-la-biodiversita\/\" >Il progetto Pianeta 2021 e l\u2019impegno nel far conoscere la biodiversit\u00e0.<\/a>\n                <\/span>\n                <span class=\"post-date\">\n                    21\/12\/2021\n                <\/span>\n            <\/div><div class=\"jeg_news_ticker_item jeg_news_ticker_animated  format-standard\">\n                <span>\n                    <a href=\"https:\/\/www.ceoforlifeawards.com\/it\/blog\/penny-market-e-too-good-to-go-contro-gli-sprechi-alimentari-nasce-la-magic-box\/\" >Penny Market e Too Good To Go contro gli sprechi alimentari: nasce la \u201cMagic Box\u201d<\/a>\n                <\/span>\n                <span class=\"post-date\">\n                    17\/11\/2022\n                <\/span>\n            <\/div><div class=\"jeg_news_ticker_item jeg_news_ticker_animated  format-standard\">\n                <span>\n                    <a href=\"https:\/\/www.ceoforlifeawards.com\/it\/blog\/lesg-perception-index-decreta-le-aziende-percepite-piu-sostenibili-sul-web\/\" >L\u2019Esg Perception Index decreta le aziende percepite pi\u00f9 sostenibili sul web<\/a>\n                <\/span>\n                <span class=\"post-date\">\n                    22\/11\/2022\n                <\/span>\n            <\/div><div class=\"jeg_news_ticker_item jeg_news_ticker_animated  format-standard\">\n                <span>\n                    <a href=\"https:\/\/www.ceoforlifeawards.com\/it\/blog\/una-nuova-esperienza-della-tecnologia-la-visione-di-cisco-italia\/\" >Cisco: un futuro inclusivo come missione globale dell\u2019impresa<\/a>\n                <\/span>\n                <span class=\"post-date\">\n                    16\/12\/2021\n                <\/span>\n            <\/div><div class=\"jeg_news_ticker_item jeg_news_ticker_animated  format-standard\">\n                <span>\n                    <a href=\"https:\/\/www.ceoforlifeawards.com\/it\/blog\/lo-sviluppo-sostenibile-raccontato-attraverso-le-immagini-nasce-il-progetto-fotografico-bg4sdgs-time-to-change\/\" >Lo sviluppo sostenibile raccontato attraverso le immagini: nasce il progetto fotografico \u201cBG4SDGs \u2013 Time to Change\u201d.<\/a>\n                <\/span>\n                <span class=\"post-date\">\n                    15\/12\/2021\n                <\/span>\n            <\/div><div class=\"jeg_news_ticker_item jeg_news_ticker_animated  format-standard\">\n                <span>\n                    <a href=\"https:\/\/www.ceoforlifeawards.com\/it\/blog\/ambizione-italia-digital-restart-il-progetto-di-microsoft-italia\/\" >Ambizione Italia &#8211; Digital Restart: il progetto di Microsoft Italia.<\/a>\n                <\/span>\n                <span class=\"post-date\">\n                    14\/12\/2021\n                <\/span>\n            <\/div><div class=\"jeg_news_ticker_item jeg_news_ticker_animated  format-standard\">\n                <span>\n                    <a href=\"https:\/\/www.ceoforlifeawards.com\/it\/blog\/sulla-terra-e-oltre-questanno-il-time-premia-elon-musk\/\" >Sulla Terra e oltre: quest\u2019anno il Time premia Elon Musk.<\/a>\n                <\/span>\n                <span class=\"post-date\">\n                    14\/12\/2021\n                <\/span>\n            <\/div><div class=\"jeg_news_ticker_item jeg_news_ticker_animated  format-standard\">\n                <span>\n                    <a href=\"https:\/\/www.ceoforlifeawards.com\/it\/blog\/roche-italia-e-fujifilm-insieme-nella-lotta-al-tumore-al-seno-con-screening-routine\/\" >Roche Italia e Fujifilm insieme nella lotta al tumore al seno con Screening Routine<\/a>\n                <\/span>\n                <span class=\"post-date\">\n                    14\/12\/2021\n                <\/span>\n            <\/div><div class=\"jeg_news_ticker_item jeg_news_ticker_animated  format-standard\">\n                <span>\n                    <a href=\"https:\/\/www.ceoforlifeawards.com\/it\/blog\/previdenza-day-la-masterclass-per-costruire-un-futuro-consapevole\/\" >Previdenza Day: la masterclass per costruire un futuro consapevole<\/a>\n                <\/span>\n                <span class=\"post-date\">\n                    03\/02\/2022\n                <\/span>\n            <\/div><div class=\"jeg_news_ticker_item jeg_news_ticker_animated  format-standard\">\n                <span>\n                    <a href=\"https:\/\/www.ceoforlifeawards.com\/it\/blog\/sygenta-e-la-tutela-del-terreno-per-un-futuro-sostenibile\/\" >Sygenta e la tutela del terreno per un futuro sostenibile.<\/a>\n                <\/span>\n                <span class=\"post-date\">\n                    30\/11\/2022\n                <\/span>\n            <\/div><div class=\"jeg_news_ticker_item jeg_news_ticker_animated  format-standard\">\n                <span>\n                    <a href=\"https:\/\/www.ceoforlifeawards.com\/it\/blog\/logista-tra-le-aziende-leader-in-europa-in-tema-di-diversityinclusion\/\" >Logista tra le aziende leader in Europa in tema di Diversity&amp;Inclusion.<\/a>\n                <\/span>\n                <span class=\"post-date\">\n                    28\/11\/2022\n                <\/span>\n            <\/div><div class=\"jeg_news_ticker_item jeg_news_ticker_animated  format-standard\">\n                <span>\n                    <a href=\"https:\/\/www.ceoforlifeawards.com\/it\/blog\/10-dicembre-2021-la-giornata-mondiale-dei-diritti-umani\/\" >10 Dicembre 2021 &#8211; La giornata Mondiale dei Diritti Umani<\/a>\n                <\/span>\n                <span class=\"post-date\">\n                    10\/12\/2021\n                <\/span>\n            <\/div><div class=\"jeg_news_ticker_item jeg_news_ticker_animated  format-standard\">\n                <span>\n                    <a href=\"https:\/\/www.ceoforlifeawards.com\/it\/blog\/pnrr-e-il-ruolo-di-infratel\/\" >PNRR e il ruolo di Infratel<\/a>\n                <\/span>\n                <span class=\"post-date\">\n                    10\/12\/2021\n                <\/span>\n            <\/div><div class=\"jeg_news_ticker_item jeg_news_ticker_animated  format-standard\">\n                <span>\n                    <a href=\"https:\/\/www.ceoforlifeawards.com\/it\/blog\/hewlett-packard-enterprise-leconomia-circolare-come-opportunita-globale\/\" >Hewlett Packard Enterprise, l\u2019economia circolare come opportunit\u00e0 Globale.<\/a>\n                <\/span>\n                <span class=\"post-date\">\n                    22\/11\/2022\n                <\/span>\n            <\/div><div class=\"jeg_news_ticker_item jeg_news_ticker_animated  format-standard\">\n                <span>\n                    <a href=\"https:\/\/www.ceoforlifeawards.com\/it\/blog\/google-a-favore-di-scelte-piu-sostenibili\/\" >Google a favore di scelte pi\u00f9 sostenibili.<\/a>\n                <\/span>\n                <span class=\"post-date\">\n                    22\/11\/2022\n                <\/span>\n            <\/div><div class=\"jeg_news_ticker_item jeg_news_ticker_animated  format-standard\">\n                <span>\n                    <a href=\"https:\/\/www.ceoforlifeawards.com\/it\/blog\/ceoforlife-magazine-n-2\/\" >CEOforLIFE Magazine n.2<\/a>\n                <\/span>\n                <span class=\"post-date\">\n                    10\/05\/2023\n                <\/span>\n            <\/div><div class=\"jeg_news_ticker_item jeg_news_ticker_animated  format-standard\">\n                <span>\n                    <a href=\"https:\/\/www.ceoforlifeawards.com\/it\/blog\/gli-italiani-riconoscono-limpegno-delle-aziende-impegnate-sul-clima\/\" >Gli italiani a supporto delle aziende impegnate sul clima.<\/a>\n                <\/span>\n                <span class=\"post-date\">\n                    22\/11\/2022\n                <\/span>\n            <\/div><div class=\"jeg_news_ticker_item jeg_news_ticker_animated  format-standard\">\n                <span>\n                    <a href=\"https:\/\/www.ceoforlifeawards.com\/it\/blog\/airbnb-per-un-turismo-piu-inclusivo\/\" >Airbnb per un turismo pi\u00f9 inclusivo.<\/a>\n                <\/span>\n                <span class=\"post-date\">\n                    17\/11\/2022\n                <\/span>\n            <\/div><div class=\"jeg_news_ticker_item jeg_news_ticker_animated  format-standard\">\n                <span>\n                    <a href=\"https:\/\/www.ceoforlifeawards.com\/it\/blog\/fiera-milano-spa-pronta-a-rilanciare-facendo-sistema\/\" >Fiera Milano SpA pronta a rilanciare facendo sistema.<\/a>\n                <\/span>\n                <span class=\"post-date\">\n                    03\/02\/2022\n                <\/span>\n            <\/div><div class=\"jeg_news_ticker_item jeg_news_ticker_animated  format-standard\">\n                <span>\n                    <a href=\"https:\/\/www.ceoforlifeawards.com\/it\/blog\/eco-age-e-diesel-nasce-la-nuova-capsule-in-chiave-upcycling\/\" >Eco-Age e Diesel: nasce la nuova capsule in chiave upcycling.<\/a>\n                <\/span>\n                <span class=\"post-date\">\n                    03\/12\/2021\n                <\/span>\n            <\/div><div class=\"jeg_news_ticker_item jeg_news_ticker_animated  format-standard\">\n                <span>\n                    <a href=\"https:\/\/www.ceoforlifeawards.com\/it\/blog\/edifici-ecosostenibili-limpegno-di-zucchetti-a-tutela-dellambiente\/\" >Edifici ecosostenibili: l\u2019impegno di Zucchetti a tutela dell\u2019ambiente.<\/a>\n                <\/span>\n                <span class=\"post-date\">\n                    03\/12\/2021\n                <\/span>\n            <\/div><div class=\"jeg_news_ticker_item jeg_news_ticker_animated  format-standard\">\n                <span>\n                    <a href=\"https:\/\/www.ceoforlifeawards.com\/it\/blog\/accessibilita-e-trasparenza-i-bilanci-di-sostenibilita-delle-aziende-dellindex-future-respect\/\" >Accessibilit\u00e0 e trasparenza: i Bilanci di Sostenibilit\u00e0 delle aziende dell\u2019Index Future Respect.<\/a>\n                <\/span>\n                <span class=\"post-date\">\n                    22\/11\/2022\n                <\/span>\n            <\/div><div class=\"jeg_news_ticker_item jeg_news_ticker_animated  format-standard\">\n                <span>\n                    <a href=\"https:\/\/www.ceoforlifeawards.com\/it\/blog\/microsoft-cloud-for-sustainability-limpegno-di-microsoft-sulla-sostenibilita-al-servizio-delle-aziende\/\" >Microsoft Cloud for Sustainability: l\u2019impegno di Microsoft sulla sostenibilit\u00e0 al servizio delle aziende.<\/a>\n                <\/span>\n                <span class=\"post-date\">\n                    22\/11\/2022\n                <\/span>\n            <\/div><div class=\"jeg_news_ticker_item jeg_news_ticker_animated  format-standard\">\n                <span>\n                    <a href=\"https:\/\/www.ceoforlifeawards.com\/it\/blog\/spazi-lavorativi-ripensati-lhub-quarter-di-efm\/\" >Spazi lavorativi ripensati: l\u2019Hub Quarter di eFM.<\/a>\n                <\/span>\n                <span class=\"post-date\">\n                    16\/11\/2022\n                <\/span>\n            <\/div><div class=\"jeg_news_ticker_item jeg_news_ticker_animated  format-standard\">\n                <span>\n                    <a href=\"https:\/\/www.ceoforlifeawards.com\/it\/blog\/acea-sustainability-day-2021\/\" >Acea Sustainability Day 2021.<\/a>\n                <\/span>\n                <span class=\"post-date\">\n                    17\/11\/2022\n                <\/span>\n            <\/div><div class=\"jeg_news_ticker_item jeg_news_ticker_animated  format-standard\">\n                <span>\n                    <a href=\"https:\/\/www.ceoforlifeawards.com\/it\/blog\/italia-net-zero\/\" >Italia Net Zero<\/a>\n                <\/span>\n                <span class=\"post-date\">\n                    22\/11\/2022\n                <\/span>\n            <\/div><div class=\"jeg_news_ticker_item jeg_news_ticker_animated  format-standard\">\n                <span>\n                    <a href=\"https:\/\/www.ceoforlifeawards.com\/it\/blog\/la-giornata-mondiale-contro-la-violenza-sulle-donne\/\" >La Giornata Mondiale CONTRO la Violenza sulle Donne<\/a>\n                <\/span>\n                <span class=\"post-date\">\n                    25\/11\/2021\n                <\/span>\n            <\/div><div class=\"jeg_news_ticker_item jeg_news_ticker_animated  format-standard\">\n                <span>\n                    <a href=\"https:\/\/www.ceoforlifeawards.com\/it\/blog\/telepass-from-tolling-to-mobility-platform\/\" >Telepass: From Tolling to Mobility Platform.<\/a>\n                <\/span>\n                <span class=\"post-date\">\n                    25\/11\/2021\n                <\/span>\n            <\/div><div class=\"jeg_news_ticker_item jeg_news_ticker_animated  format-standard\">\n                <span>\n                    <a href=\"https:\/\/www.ceoforlifeawards.com\/it\/blog\/ci-vuole-passione-trovare-le-cose-che-vi-fanno-appassionare-divertire\/\" >&#8220;Ci vuole passione, trovare le cose che vi fanno appassionare, divertire&#8221;<\/a>\n                <\/span>\n                <span class=\"post-date\">\n                    24\/11\/2021\n                <\/span>\n            <\/div><div class=\"jeg_news_ticker_item jeg_news_ticker_animated  format-standard\">\n                <span>\n                    <a href=\"https:\/\/www.ceoforlifeawards.com\/it\/blog\/jll-e-il-cambiamento-sostenibile\/\" >JLL e il cambiamento sostenibile.<\/a>\n                <\/span>\n                <span class=\"post-date\">\n                    22\/11\/2022\n                <\/span>\n            <\/div><div class=\"jeg_news_ticker_item jeg_news_ticker_animated  format-standard\">\n                <span>\n                    <a href=\"https:\/\/www.ceoforlifeawards.com\/it\/blog\/pedevilla-il-benessere-delle-persone-al-centro-della-ristorazione-collettiva\/\" >Pedevilla: il benessere delle persone al centro della ristorazione collettiva<\/a>\n                <\/span>\n                <span class=\"post-date\">\n                    17\/11\/2022\n                <\/span>\n            <\/div><div class=\"jeg_news_ticker_item jeg_news_ticker_animated  format-standard\">\n                <span>\n                    <a href=\"https:\/\/www.ceoforlifeawards.com\/it\/blog\/sostenibilita-integrazione-esg\/\" >Sostenibilit\u00e0 \u2013 Integrazione ESG.<\/a>\n                <\/span>\n                <span class=\"post-date\">\n                    19\/11\/2021\n                <\/span>\n            <\/div><div class=\"jeg_news_ticker_item jeg_news_ticker_animated  format-standard\">\n                <span>\n                    <a href=\"https:\/\/www.ceoforlifeawards.com\/it\/blog\/rigenerazione-delle-lattine-per-una-maggiore-responsabilita-ambientale-lattivita-di-red-bull\/\" >Rigenerazione delle lattine per una maggiore responsabilit\u00e0 ambientale: l\u2019attivit\u00e0 di Red Bull.<\/a>\n                <\/span>\n                <span class=\"post-date\">\n                    19\/11\/2021\n                <\/span>\n            <\/div><div class=\"jeg_news_ticker_item jeg_news_ticker_animated  format-standard\">\n                <span>\n                    <a href=\"https:\/\/www.ceoforlifeawards.com\/it\/blog\/agricoltura-4-0-la-partnership-tra-linkem-e-maccarese\/\" >Agricoltura 4.0: la partnership tra Linkem e Maccarese.<\/a>\n                <\/span>\n                <span class=\"post-date\">\n                    19\/11\/2021\n                <\/span>\n            <\/div><div class=\"jeg_news_ticker_item jeg_news_ticker_animated  format-standard\">\n                <span>\n                    <a href=\"https:\/\/www.ceoforlifeawards.com\/it\/blog\/innovazione-e-crescita-in-febal-casa\/\" >Innovazione e crescita in Febal Casa.<\/a>\n                <\/span>\n                <span class=\"post-date\">\n                    19\/11\/2021\n                <\/span>\n            <\/div><div class=\"jeg_news_ticker_item jeg_news_ticker_animated  format-standard\">\n                <span>\n                    <a href=\"https:\/\/www.ceoforlifeawards.com\/it\/blog\/tutela-del-clima-e-dellambiente-le-iniziative-di-lidl-italia\/\" >Tutela del clima e dell\u2019ambiente: le iniziative di Lidl Italia.<\/a>\n                <\/span>\n                <span class=\"post-date\">\n                    22\/11\/2022\n                <\/span>\n            <\/div><div class=\"jeg_news_ticker_item jeg_news_ticker_animated  format-standard\">\n                <span>\n                    <a href=\"https:\/\/www.ceoforlifeawards.com\/it\/blog\/ing-per-la-sostenibilita-10things-10-iniziative-concrete-per-combattere-il-climate-change\/\" >ING per la sostenibilit\u00e0: #10things, 10 iniziative concrete per combattere il climate change.<\/a>\n                <\/span>\n                <span class=\"post-date\">\n                    22\/11\/2022\n                <\/span>\n            <\/div><div class=\"jeg_news_ticker_item jeg_news_ticker_animated  format-standard\">\n                <span>\n                    <a href=\"https:\/\/www.ceoforlifeawards.com\/it\/blog\/ifisgreen\/\" >#ifisgreen<\/a>\n                <\/span>\n                <span class=\"post-date\">\n                    19\/11\/2021\n                <\/span>\n            <\/div><div class=\"jeg_news_ticker_item jeg_news_ticker_animated  format-standard\">\n                <span>\n                    <a href=\"https:\/\/www.ceoforlifeawards.com\/it\/blog\/responsabilita-sociale-e-ambientale-in-fendi\/\" >Responsabilit\u00e0 sociale e ambientale in Fendi.<\/a>\n                <\/span>\n                <span class=\"post-date\">\n                    19\/11\/2021\n                <\/span>\n            <\/div><div class=\"jeg_news_ticker_item jeg_news_ticker_animated  format-standard\">\n                <span>\n                    <a href=\"https:\/\/www.ceoforlifeawards.com\/it\/blog\/nonsologreen-x-ceoforlife\/\" >NONSOLOGREEN X CEOforLIFE<\/a>\n                <\/span>\n                <span class=\"post-date\">\n                    22\/11\/2021\n                <\/span>\n            <\/div><div class=\"jeg_news_ticker_item jeg_news_ticker_animated  format-standard\">\n                <span>\n                    <a href=\"https:\/\/www.ceoforlifeawards.com\/it\/blog\/quifinanza-x-ceoforlife\/\" >QuiFinanza X CEOforLIFE<\/a>\n                <\/span>\n                <span class=\"post-date\">\n                    22\/11\/2021\n                <\/span>\n            <\/div><div class=\"jeg_news_ticker_item jeg_news_ticker_animated  format-standard\">\n                <span>\n                    <a href=\"https:\/\/www.ceoforlifeawards.com\/it\/blog\/italiainforma-x-ceoforlife\/\" >ItaliaInforma X CEOforLIFE<\/a>\n                <\/span>\n                <span class=\"post-date\">\n                    22\/11\/2021\n                <\/span>\n            <\/div><div class=\"jeg_news_ticker_item jeg_news_ticker_animated  format-standard\">\n                <span>\n                    <a href=\"https:\/\/www.ceoforlifeawards.com\/it\/blog\/sosteniamo-il-concorso-people-in-mind\/\" >Sosteniamo il Concorso People In Mind<\/a>\n                <\/span>\n                <span class=\"post-date\">\n                    10\/12\/2021\n                <\/span>\n            <\/div><div class=\"jeg_news_ticker_item jeg_news_ticker_animated  format-standard\">\n                <span>\n                    <a href=\"https:\/\/www.ceoforlifeawards.com\/it\/blog\/economia-circolare-insieme-a-terracycle-sulla-piattaforma-loop\/\" >P&amp;G &#8211; Economia circolare &#8211; Insieme a TerraCycle, sulla piattaforma Loop<\/a>\n                <\/span>\n                <span class=\"post-date\">\n                    12\/11\/2021\n                <\/span>\n            <\/div><div class=\"jeg_news_ticker_item jeg_news_ticker_animated  format-standard\">\n                <span>\n                    <a href=\"https:\/\/www.ceoforlifeawards.com\/it\/blog\/partecipa-al-prossimo-incontro-della-ceoforlife-pnrr-task-force-17-novembre-luiss-guido-carli\/\" >CEOforLIFE PNRR Task Force &#8211; 17 Novembre @Luiss Guido Carli<\/a>\n                <\/span>\n                <span class=\"post-date\">\n                    22\/11\/2021\n                <\/span>\n            <\/div><div class=\"jeg_news_ticker_item jeg_news_ticker_animated  format-standard\">\n                <span>\n                    <a href=\"https:\/\/www.ceoforlifeawards.com\/it\/blog\/limpegno-di-juventus-per-un-futuro-sostenibile\/\" >L&#8217;Impegno di Juventus per un futuro sostenibile.<\/a>\n                <\/span>\n                <span class=\"post-date\">\n                    11\/11\/2021\n                <\/span>\n            <\/div><div class=\"jeg_news_ticker_item jeg_news_ticker_animated  format-standard\">\n                <span>\n                    <a href=\"https:\/\/www.ceoforlifeawards.com\/it\/blog\/clementoni-play-for-future\/\" >Clementoni &#8211; Play For Future.<\/a>\n                <\/span>\n                <span class=\"post-date\">\n                    11\/11\/2021\n                <\/span>\n            <\/div><div class=\"jeg_news_ticker_item jeg_news_ticker_animated  format-standard\">\n                <span>\n                    <a href=\"https:\/\/www.ceoforlifeawards.com\/it\/blog\/danone-viene-nominata-ambasciatrice-di-paritavirtuosa\/\" >Danone viene nominata Ambasciatrice di\u00a0#Parit\u00e0Virtuosa\u00a0<\/a>\n                <\/span>\n                <span class=\"post-date\">\n                    11\/11\/2021\n                <\/span>\n            <\/div><div class=\"jeg_news_ticker_item jeg_news_ticker_animated  format-standard\">\n                <span>\n                    <a href=\"https:\/\/www.ceoforlifeawards.com\/it\/blog\/for-the-better-limpegno-di-electrolux-per-la-sostenibilita\/\" >For the Better: l\u2019impegno di Electrolux per la sostenibilit\u00e0.<\/a>\n                <\/span>\n                <span class=\"post-date\">\n                    16\/11\/2022\n                <\/span>\n            <\/div><div class=\"jeg_news_ticker_item jeg_news_ticker_animated  format-standard\">\n                <span>\n                    <a href=\"https:\/\/www.ceoforlifeawards.com\/it\/blog\/mobilita-sostenibile-il-punto-di-vista-di-euler-hermes\/\" >Mobilit\u00e0 sostenibile: il punto di vista di Euler Hermes.<\/a>\n                <\/span>\n                <span class=\"post-date\">\n                    28\/11\/2022\n                <\/span>\n            <\/div><div class=\"jeg_news_ticker_item jeg_news_ticker_animated  format-standard\">\n                <span>\n                    <a href=\"https:\/\/www.ceoforlifeawards.com\/it\/blog\/ceoforlife-pnrr-task-force-2\/\" >CEOforLIFE PNRR Task Force<\/a>\n                <\/span>\n                <span class=\"post-date\">\n                    20\/12\/2021\n                <\/span>\n            <\/div><div class=\"jeg_news_ticker_item jeg_news_ticker_animated  format-standard\">\n                <span>\n                    <a href=\"https:\/\/www.ceoforlifeawards.com\/it\/blog\/il-progetto-open-doors\/\" >Il Progetto Open Doors<\/a>\n                <\/span>\n                <span class=\"post-date\">\n                    16\/11\/2022\n                <\/span>\n            <\/div><div class=\"jeg_news_ticker_item jeg_news_ticker_animated  format-standard\">\n                <span>\n                    <a href=\"https:\/\/www.ceoforlifeawards.com\/it\/blog\/alleanza-assicurazioni-educazione-finanziaria-2021\/\" >Alleanza Assicurazioni \u2013 Educazione Finanziaria 2021.<\/a>\n                <\/span>\n                <span class=\"post-date\">\n                    17\/11\/2022\n                <\/span>\n            <\/div><div class=\"jeg_news_ticker_item jeg_news_ticker_animated  format-standard\">\n                <span>\n                    <a href=\"https:\/\/www.ceoforlifeawards.com\/it\/blog\/digitalizzazione-e-competenze-gli-elementi-alla-base-del-successo-degli-eventi-firmati-dorna-wsbk\/\" >Digitalizzazione e competenze: gli elementi alla base del successo degli eventi firmati Dorna WSBK.<\/a>\n                <\/span>\n                <span class=\"post-date\">\n                    16\/11\/2022\n                <\/span>\n            <\/div><div class=\"jeg_news_ticker_item jeg_news_ticker_animated  format-standard\">\n                <span>\n                    <a href=\"https:\/\/www.ceoforlifeawards.com\/it\/blog\/i-3-driver-di-knorr-bremse-a-expo-ferrovia-sostenibilita-efficienza-e-sicurezza\/\" >I 3 driver di Knorr-Bremse a EXPO Ferrovia: Sostenibilit\u00e0, Efficienza e Sicurezza.<\/a>\n                <\/span>\n                <span class=\"post-date\">\n                    22\/11\/2022\n                <\/span>\n            <\/div><div class=\"jeg_news_ticker_item jeg_news_ticker_animated  format-standard\">\n                <span>\n                    <a href=\"https:\/\/www.ceoforlifeawards.com\/it\/blog\/screening-routine-roche-italia-e-fujifilm-unite-per-ridare-priorita-alla-salute-del-seno\/\" >Screening Routine: Roche Italia e FujiFilm, unite per ridare priorit\u00e0 alla salute del seno.<\/a>\n                <\/span>\n                <span class=\"post-date\">\n                    10\/11\/2021\n                <\/span>\n            <\/div><div class=\"jeg_news_ticker_item jeg_news_ticker_animated  format-standard\">\n                <span>\n                    <a href=\"https:\/\/www.ceoforlifeawards.com\/it\/blog\/viatris-la-salute-del-futuro\/\" >Viatris: la salute del futuro.<\/a>\n                <\/span>\n                <span class=\"post-date\">\n                    09\/11\/2021\n                <\/span>\n            <\/div><div class=\"jeg_news_ticker_item jeg_news_ticker_animated  format-standard\">\n                <span>\n                    <a href=\"https:\/\/www.ceoforlifeawards.com\/it\/blog\/sogeiopeninnovation-2021-2023\/\" >#sogeiopeninnovation 2021-2023.<\/a>\n                <\/span>\n                <span class=\"post-date\">\n                    09\/11\/2021\n                <\/span>\n            <\/div><div class=\"jeg_news_ticker_item jeg_news_ticker_animated  format-standard\">\n                <span>\n                    <a href=\"https:\/\/www.ceoforlifeawards.com\/it\/blog\/legacy-2030-limpegno-di-birra-peroni-per-la-sostenibilita\/\" >LEGACY 2030, l\u2019impegno di Birra Peroni per la sostenibilit\u00e0<\/a>\n                <\/span>\n                <span class=\"post-date\">\n                    24\/11\/2021\n                <\/span>\n            <\/div><div class=\"jeg_news_ticker_item jeg_news_ticker_animated  format-standard\">\n                <span>\n                    <a href=\"https:\/\/www.ceoforlifeawards.com\/it\/blog\/ceoforlife-next-gen-adotta-una-start-up\/\" >CEOforLIFE &#8211; Next Gen &#8211; Adotta una Start-Up<\/a>\n                <\/span>\n                <span class=\"post-date\">\n                    10\/11\/2021\n                <\/span>\n            <\/div><div class=\"jeg_news_ticker_item jeg_news_ticker_animated  format-standard\">\n                <span>\n                    <a href=\"https:\/\/www.ceoforlifeawards.com\/it\/blog\/greta-thunberg-azione-sul-clima-non-e-davvero-la-priorita-al-momento\/\" >Greta Thunberg: \u201cAzione sul clima non \u00e8 davvero la priorit\u00e0 al momento\u201d<\/a>\n                <\/span>\n                <span class=\"post-date\">\n                    05\/11\/2021\n                <\/span>\n            <\/div><div class=\"jeg_news_ticker_item jeg_news_ticker_animated  format-standard\">\n                <span>\n                    <a href=\"https:\/\/www.ceoforlifeawards.com\/it\/blog\/g20-a-roma\/\" >G20 a Roma<\/a>\n                <\/span>\n                <span class=\"post-date\">\n                    22\/11\/2022\n                <\/span>\n            <\/div><div class=\"jeg_news_ticker_item jeg_news_ticker_animated  format-standard\">\n                <span>\n                    <a href=\"https:\/\/www.ceoforlifeawards.com\/it\/blog\/linvestimento-di-serapian-sul-digital\/\" >L\u2019investimento di Serapian sul Digital<\/a>\n                <\/span>\n                <span class=\"post-date\">\n                    09\/02\/2022\n                <\/span>\n            <\/div><div class=\"jeg_news_ticker_item jeg_news_ticker_animated  format-standard\">\n                <span>\n                    <a href=\"https:\/\/www.ceoforlifeawards.com\/it\/blog\/bosch-megatrends\/\" >Bosch Megatrends<\/a>\n                <\/span>\n                <span class=\"post-date\">\n                    22\/11\/2022\n                <\/span>\n            <\/div><div class=\"jeg_news_ticker_item jeg_news_ticker_animated  format-standard\">\n                <span>\n                    <a href=\"https:\/\/www.ceoforlifeawards.com\/it\/blog\/digitalizzazione-decarbonizzazione-e-formazione-gli-obiettivi-di-damico-societa-di-navigazione\/\" >Digitalizzazione, decarbonizzazione e formazione: gli obiettivi di d\u2019Amico Societ\u00e0 di Navigazione<\/a>\n                <\/span>\n                <span class=\"post-date\">\n                    16\/11\/2022\n                <\/span>\n            <\/div><div class=\"jeg_news_ticker_item jeg_news_ticker_animated  format-standard\">\n                <span>\n                    <a href=\"https:\/\/www.ceoforlifeawards.com\/it\/blog\/snam4mobility-con-avis-budget-group-per-la-mobilita-sostenibile\/\" >Snam4mobility con Avis Budget Group per la mobilit\u00e0 sostenibile<\/a>\n                <\/span>\n                <span class=\"post-date\">\n                    28\/11\/2022\n                <\/span>\n            <\/div><div class=\"jeg_news_ticker_item jeg_news_ticker_animated  format-standard\">\n                <span>\n                    <a href=\"https:\/\/www.ceoforlifeawards.com\/it\/blog\/lo-spazio-rivoluziona-il-mondo-del-lavoro\/\" >Lo #spazio rivoluziona il mondo del lavoro.<\/a>\n                <\/span>\n                <span class=\"post-date\">\n                    16\/11\/2022\n                <\/span>\n            <\/div><div class=\"jeg_news_ticker_item jeg_news_ticker_animated  format-standard\">\n                <span>\n                    <a href=\"https:\/\/www.ceoforlifeawards.com\/it\/blog\/fabrizio-gavelli-e-il-nuovo-ad-di-danone-company-italia-e-grecia\/\" >Fabrizio Gavelli \u00e8 il nuovo AD di Danone Company Italia e Grecia<\/a>\n                <\/span>\n                <span class=\"post-date\">\n                    08\/11\/2021\n                <\/span>\n            <\/div><div class=\"jeg_news_ticker_item jeg_news_ticker_animated  format-standard\">\n                <span>\n                    <a href=\"https:\/\/www.ceoforlifeawards.com\/it\/blog\/nokia-italia-e-limpegno-nella-ricerca-e-sviluppo\/\" >Nokia Italia e l\u2019impegno nella ricerca e sviluppo<\/a>\n                <\/span>\n                <span class=\"post-date\">\n                    03\/02\/2022\n                <\/span>\n            <\/div><div class=\"jeg_news_ticker_item jeg_news_ticker_animated  format-standard\">\n                <span>\n                    <a href=\"https:\/\/www.ceoforlifeawards.com\/it\/blog\/danone-salute-pianeta-e-comunita-laltra-faccia-del-fare-impresa\/\" >Danone: Salute, Pianeta e Comunit\u00e0 l\u2019altra faccia del fare impresa<\/a>\n                <\/span>\n                <span class=\"post-date\">\n                    17\/11\/2022\n                <\/span>\n            <\/div><div class=\"jeg_news_ticker_item jeg_news_ticker_animated  format-standard\">\n                <span>\n                    <a href=\"https:\/\/www.ceoforlifeawards.com\/it\/blog\/aiutiamo-il-corno-dafrica-a-sopravvivere-alla-fame\/\" >Aiutiamo il Corno D&#8217;Africa a sopravvivere alla Fame<\/a>\n                <\/span>\n                <span class=\"post-date\">\n                    17\/11\/2022\n                <\/span>\n            <\/div><div class=\"jeg_news_ticker_item jeg_news_ticker_animated  format-standard\">\n                <span>\n                    <a href=\"https:\/\/www.ceoforlifeawards.com\/it\/blog\/sosteniamo-il-progetto-mylight-con-allianz-partners-italia-per-una-maggiore-inclusione\/\" >Da MyLight a Beyond MyLight: l\u2019impegno di Allianz Partners per l\u2019inclusione delle disabilit\u00e0 visive<\/a>\n                <\/span>\n                <span class=\"post-date\">\n                    16\/11\/2022\n                <\/span>\n            <\/div><div class=\"jeg_news_ticker_item jeg_news_ticker_animated  format-standard\">\n                <span>\n                    <a href=\"https:\/\/www.ceoforlifeawards.com\/it\/blog\/ilmesedelcuore\/\" >#IlMesedelCuore<\/a>\n                <\/span>\n                <span class=\"post-date\">\n                    03\/02\/2022\n                <\/span>\n            <\/div><div class=\"jeg_news_ticker_item jeg_news_ticker_animated  format-standard\">\n                <span>\n                    <a href=\"https:\/\/www.ceoforlifeawards.com\/it\/blog\/eni-gas-e-luce-acquisizioni-nelle-rinnovabili\/\" >Eni gas e luce &#8211; Acquisizioni nelle Rinnovabili<\/a>\n                <\/span>\n                <span class=\"post-date\">\n                    17\/11\/2022\n                <\/span>\n            <\/div><div class=\"jeg_news_ticker_item jeg_news_ticker_animated  format-standard\">\n                <span>\n                    <a href=\"https:\/\/www.ceoforlifeawards.com\/it\/blog\/fiera-milano-e-la-nuova-normalita-con-conn-e-ct-2025-2\/\" >Fiera Milano verso la \u201cnuova normalit\u00e0\u201d con il Piano Connect 2025<\/a>\n                <\/span>\n                <span class=\"post-date\">\n                    03\/02\/2022\n                <\/span>\n            <\/div><div class=\"jeg_news_ticker_item jeg_news_ticker_animated  format-standard\">\n                <span>\n                    <a href=\"https:\/\/www.ceoforlifeawards.com\/it\/blog\/fiera-milano-e-la-nuova-normalita-con-conn-e-ct-2025\/\" >Orientamento al lavoro e supporto psicologico: il progetto \u201cPersone in azione\u201d di Manpower<\/a>\n                <\/span>\n                <span class=\"post-date\">\n                    16\/11\/2022\n                <\/span>\n            <\/div><div class=\"jeg_news_ticker_item jeg_news_ticker_animated  format-standard\">\n                <span>\n                    <a href=\"https:\/\/www.ceoforlifeawards.com\/it\/blog\/diversity-inclusion-in-henkel-italia\/\" >Diversity &amp; Inclusion in Henkel Italia.<\/a>\n                <\/span>\n                <span class=\"post-date\">\n                    28\/11\/2022\n                <\/span>\n            <\/div><div class=\"jeg_news_ticker_item jeg_news_ticker_animated  format-standard\">\n                <span>\n                    <a href=\"https:\/\/www.ceoforlifeawards.com\/it\/blog\/birra-peroni-e-gli-obiettivi-di-sostenibilita-attraverso-legacy-2030\/\" >Birra Peroni e gli obiettivi di sostenibilit\u00e0 attraverso Legacy 2030<\/a>\n                <\/span>\n                <span class=\"post-date\">\n                    25\/10\/2021\n                <\/span>\n            <\/div><div class=\"jeg_news_ticker_item jeg_news_ticker_animated  format-standard\">\n                <span>\n                    <a href=\"https:\/\/www.ceoforlifeawards.com\/it\/blog\/oltre-la-cura-con-sanofi-e-il-progetto-maketocare\/\" >Sanofi Italia a sostegno delle donne con Telefono Donna<\/a>\n                <\/span>\n                <span class=\"post-date\">\n                    03\/02\/2022\n                <\/span>\n            <\/div><div class=\"jeg_news_ticker_item jeg_news_ticker_animated  format-standard\">\n                <span>\n                    <a href=\"https:\/\/www.ceoforlifeawards.com\/it\/blog\/il-progetto-mylight-di-allianz-partners-italia-per-una-maggiore-inclusione\/\" >Il progetto MyLight di Allianz Partners Italia per una maggiore inclusione<\/a>\n                <\/span>\n                <span class=\"post-date\">\n                    27\/10\/2021\n                <\/span>\n            <\/div><div class=\"jeg_news_ticker_item jeg_news_ticker_animated  format-standard\">\n                <span>\n                    <a href=\"https:\/\/www.ceoforlifeawards.com\/it\/blog\/next-gen-start-up-road-to-dubai\/\" >Next Gen &#8211; Start Up &#8211; Road to Dubai<\/a>\n                <\/span>\n                <span class=\"post-date\">\n                    28\/11\/2022\n                <\/span>\n            <\/div><div class=\"jeg_news_ticker_item jeg_news_ticker_animated  format-standard\">\n                <span>\n                    <a href=\"https:\/\/www.ceoforlifeawards.com\/it\/blog\/le-masterclass-di-global-thinking-foundation-in-collaborazione-con-alleanza-assicurazioni\/\" >La masterclass di Alleanza Assicurazioni in collaborazione con Global Thinking Foundation<\/a>\n                <\/span>\n                <span class=\"post-date\">\n                    03\/02\/2022\n                <\/span>\n            <\/div><div class=\"jeg_news_ticker_item jeg_news_ticker_animated  format-standard\">\n                <span>\n                    <a href=\"https:\/\/www.ceoforlifeawards.com\/it\/blog\/uneconomia-a-misura-duomo\/\" >Un\u2019economia a misura  d\u2019uomo<\/a>\n                <\/span>\n                <span class=\"post-date\">\n                    28\/09\/2021\n                <\/span>\n            <\/div><div class=\"jeg_news_ticker_item jeg_news_ticker_animated  format-standard\">\n                <span>\n                    <a href=\"https:\/\/www.ceoforlifeawards.com\/it\/blog\/tumori-e-made-in-italy-la-terapia-intelligente\/\" >L\u2019impegno di Lundbeck per la salute del cervello<\/a>\n                <\/span>\n                <span class=\"post-date\">\n                    05\/11\/2021\n                <\/span>\n            <\/div><div class=\"jeg_news_ticker_item jeg_news_ticker_animated  format-standard\">\n                <span>\n                    <a href=\"https:\/\/www.ceoforlifeawards.com\/it\/blog\/ceoforlife-pnrr-task-force\/\" >CEOforLIFE PNRR Task Force<\/a>\n                <\/span>\n                <span class=\"post-date\">\n                    25\/10\/2021\n                <\/span>\n            <\/div><div class=\"jeg_news_ticker_item jeg_news_ticker_animated  format-standard\">\n                <span>\n                    <a href=\"https:\/\/www.ceoforlifeawards.com\/it\/blog\/progetto-next-gen-start-up-road-to-dubai\/\" >CEOforLIFE Awards 2022<\/a>\n                <\/span>\n                <span class=\"post-date\">\n                    25\/10\/2021\n                <\/span>\n            <\/div><div class=\"jeg_news_ticker_item jeg_news_ticker_animated  format-standard\">\n                <span>\n                    <a href=\"https:\/\/www.ceoforlifeawards.com\/it\/blog\/ceoforlife-magazine-n-1\/\" >CEOforLIFE Magazine n.1<\/a>\n                <\/span>\n                <span class=\"post-date\">\n                    10\/05\/2023\n                <\/span>\n            <\/div><div class=\"jeg_news_ticker_item jeg_news_ticker_animated  format-standard\">\n                <span>\n                    <a href=\"https:\/\/www.ceoforlifeawards.com\/it\/blog\/luigi-di-maio-ministro-degli-esteri-pnrr-task-force-kick-off-meeting\/\" >Luigi Di Maio, Ministro degli Esteri, PNRR Task Force Kick-off Meeting<\/a>\n                <\/span>\n                <span class=\"post-date\">\n                    10\/05\/2023\n                <\/span>\n            <\/div><div class=\"jeg_news_ticker_item jeg_news_ticker_animated  format-standard\">\n                <span>\n                    <a href=\"https:\/\/www.ceoforlifeawards.com\/it\/blog\/fabiana-dadone-ministro-per-le-politiche-giovanili-fabiana-dadone-ministro-per-le-politiche-giovanili\/\" >Fabiana Dadone, Ministro per le Politiche Giovanili, Fabiana Dadone Ministro per le Politiche Giovanili<\/a>\n                <\/span>\n                <span class=\"post-date\">\n                    10\/05\/2023\n                <\/span>\n            <\/div><div class=\"jeg_news_ticker_item jeg_news_ticker_animated  format-standard\">\n                <span>\n                    <a href=\"https:\/\/www.ceoforlifeawards.com\/it\/blog\/enrico-giovannini-ministro-delle-infrastrutture-pnrr-task-force-kick-off-meeting\/\" >Enrico Giovannini, Ministro delle Infrastrutture, PNRR Task Force Kick-off Meeting<\/a>\n                <\/span>\n                <span class=\"post-date\">\n                    10\/05\/2023\n                <\/span>\n            <\/div>\n                    <\/div>\n                    <div class=\"jeg_news_ticker_control\">\n                        <div class=\"jeg_news_ticker_next jeg_news_ticker_arrow\"><span>Next<\/span><\/div>\n                        <div class=\"jeg_news_ticker_prev jeg_news_ticker_arrow\"><span>Prev<\/span><\/div>\n                    <\/div>\n                <\/div>\n                <style>.jnews_module__0_69f1ff7199d42 .jeg_breakingnews_title { background: #FFFFFF; }.jnews_module__0_69f1ff7199d42 .jeg_breakingnews_title { color: #000000; }<\/style>\n            <\/div>\t\t<\/div>\n\t\t\t\t<\/div>\n\t\t\t\t\t<\/div>\n\t\t<\/div>\n\t\t\t\t\t<\/div>\n\t\t<\/section>\n\t\t\t\t<section class=\"has_eae_slider elementor-section elementor-top-section elementor-element elementor-element-68dee674 later elementor-section-boxed elementor-section-height-default elementor-section-height-default\" data-id=\"68dee674\" data-element_type=\"section\">\n\t\t\t\t\t\t<div class=\"elementor-container elementor-column-gap-default\">\n\t\t\t\t\t<div class=\"has_eae_slider elementor-column elementor-col-100 elementor-top-column elementor-element elementor-element-6a4e684e\" data-id=\"6a4e684e\" data-element_type=\"column\">\n\t\t\t<div class=\"elementor-widget-wrap elementor-element-populated\">\n\t\t\t\t\t\t<div class=\"elementor-element elementor-element-66f75fa elementor-widget elementor-widget-heading\" data-id=\"66f75fa\" data-element_type=\"widget\" data-widget_type=\"heading.default\">\n\t\t\t\t<div class=\"elementor-widget-container\">\n\t\t\t<style>\/*! elementor - v3.21.0 - 20-05-2024 *\/\n.elementor-heading-title{padding:0;margin:0;line-height:1}.elementor-widget-heading .elementor-heading-title[class*=elementor-size-]>a{color:inherit;font-size:inherit;line-height:inherit}.elementor-widget-heading .elementor-heading-title.elementor-size-small{font-size:15px}.elementor-widget-heading .elementor-heading-title.elementor-size-medium{font-size:19px}.elementor-widget-heading .elementor-heading-title.elementor-size-large{font-size:29px}.elementor-widget-heading .elementor-heading-title.elementor-size-xl{font-size:39px}.elementor-widget-heading .elementor-heading-title.elementor-size-xxl{font-size:59px}<\/style><h2 class=\"elementor-heading-title elementor-size-default\">CEO<i>for<\/i>LIFE News<\/h2>\t\t<\/div>\n\t\t\t\t<\/div>\n\t\t\t\t<div class=\"elementor-element elementor-element-2457b1cc elementor-widget elementor-widget-jnews_block_14_elementor\" data-id=\"2457b1cc\" data-element_type=\"widget\" data-widget_type=\"jnews_block_14_elementor.default\">\n\t\t\t\t<div class=\"elementor-widget-container\">\n\t\t\t<div  class=\"jeg_postblock_14 jeg_postblock jeg_module_hook jeg_pagination_disable jeg_col_3o3 jnews_module__1_69f1ff7406669   \" data-unique=\"jnews_module__1_69f1ff7406669\">\n\t\t\t\t\t\n\t\t\t\t\t<div class=\"jeg_block_container\">\n                    \n                    <div class=\"jeg_posts_wrap\">\n                    <div class=\"jeg_postbig\">\n                        <article class=\"jeg_post jeg_pl_lg_box format-video\">\n                            <div class=\"box_wrap\">\n                                <div class=\"jeg_thumb\">\n                        \n                        <a href=\"https:\/\/www.ceoforlifeawards.com\/it\/blog\/pichetto-fratin-le-aziende-come-veicolo-di-informazione-per-realizzare-limpegno-di-sostenibilita\/\"><div class=\"thumbnail-container animate-lazy  size-500 \"><img loading=\"lazy\" width=\"1140\" height=\"570\" src=\"https:\/\/www.ceoforlifeawards.com\/it\/wp-content\/themes\/jnews2024\/assets\/img\/jeg-empty.png\" class=\"attachment-jnews-1140x570 size-jnews-1140x570 lazyload wp-post-image\" alt=\"FRATIN: \u201cCEOforLIFE, voce delle aziende pi\u00f9 importanti e innovative per realizzare l&#8217;impegno di sostenibilit\u00e0&#8221;\" loading=\"lazy\" sizes=\"(max-width: 1140px) 100vw, 1140px\" data-src=\"https:\/\/www.ceoforlifeawards.com\/it\/wp-content\/uploads\/sites\/3\/2023\/10\/fratin-1140x570.jpg\" data-srcset=\"https:\/\/www.ceoforlifeawards.com\/it\/wp-content\/uploads\/sites\/3\/2023\/10\/fratin-1140x570.jpg 1140w, https:\/\/www.ceoforlifeawards.com\/it\/wp-content\/uploads\/sites\/3\/2023\/10\/fratin-360x180.jpg 360w, https:\/\/www.ceoforlifeawards.com\/it\/wp-content\/uploads\/sites\/3\/2023\/10\/fratin-750x375.jpg 750w\" data-sizes=\"auto\" data-expand=\"700\" \/><\/div><\/a>\n                    <\/div>\n                    <div class=\"jeg_postblock_content\">\n                        <div class=\"jeg_post_category\">\n                            <span><a href=\"https:\/\/www.ceoforlifeawards.com\/it\/blog\/category\/press\/\" class=\"category-press\">Press<\/a><\/span>\n                        <\/div>\n                        <h3 class=\"jeg_post_title\">\n                            <a href=\"https:\/\/www.ceoforlifeawards.com\/it\/blog\/pichetto-fratin-le-aziende-come-veicolo-di-informazione-per-realizzare-limpegno-di-sostenibilita\/\">FRATIN: <span>\u201cCEOforLIFE, voce delle aziende pi\u00f9 importanti e innovative per realizzare l&#8217;impegno di sostenibilit\u00e0&#8221;<\/span><\/a>\n                        <\/h3>\n                        <div class=\"jeg_post_meta\"><div class=\"jeg_meta_author\"><span class=\"by\">by<\/span> <a href=\"https:\/\/www.ceoforlifeawards.com\/it\/blog\/author\/d-digiuseppehrcigroup-com\/\">d.digiuseppe@hrcigroup.com<\/a><\/div><div class=\"jeg_meta_date\"><a href=\"https:\/\/www.ceoforlifeawards.com\/it\/blog\/pichetto-fratin-le-aziende-come-veicolo-di-informazione-per-realizzare-limpegno-di-sostenibilita\/\"><i class=\"fa fa-clock-o\"><\/i> 21 Ottobre 2024<\/a><\/div><\/div>\n                    <\/div>\n                            <\/div>\n                        <\/article>\n                    <\/div>\n                    <div class=\"jeg_posts jeg_load_more_flag\">\n                        \n                    <\/div>\n                <\/div>\n                    <div class='module-overlay'>\n\t\t\t\t    <div class='preloader_type preloader_dot'>\n\t\t\t\t        <div class=\"module-preloader jeg_preloader dot\">\n\t\t\t\t            <span><\/span><span><\/span><span><\/span>\n\t\t\t\t        <\/div>\n\t\t\t\t        <div class=\"module-preloader jeg_preloader circle\">\n\t\t\t\t            <div class=\"jnews_preloader_circle_outer\">\n\t\t\t\t                <div class=\"jnews_preloader_circle_inner\"><\/div>\n\t\t\t\t            <\/div>\n\t\t\t\t        <\/div>\n\t\t\t\t        <div class=\"module-preloader jeg_preloader square\">\n\t\t\t\t            <div class=\"jeg_square\">\n\t\t\t\t                <div class=\"jeg_square_inner\"><\/div>\n\t\t\t\t            <\/div>\n\t\t\t\t        <\/div>\n\t\t\t\t    <\/div>\n\t\t\t\t<\/div>\n                <\/div>\n                <div class=\"jeg_block_navigation\">\n                    <div class='navigation_overlay'><div class='module-preloader jeg_preloader'><span><\/span><span><\/span><span><\/span><\/div><\/div>\n                    \n                    \n                <\/div>\n\t\t\t\t\t\n\t\t\t\t\t<script>var jnews_module__1_69f1ff7406669 = {\"header_icon\":\"\",\"first_title\":\"\",\"second_title\":\"\",\"url\":\"\",\"header_type\":\"heading_9\",\"header_background\":\"\",\"header_secondary_background\":\"\",\"header_text_color\":\"\",\"header_line_color\":\"\",\"header_accent_color\":\"\",\"header_filter_category\":\"\",\"header_filter_author\":\"\",\"header_filter_tag\":\"\",\"header_filter_text\":\"All\",\"post_type\":\"post\",\"content_type\":\"post\",\"sponsor\":false,\"number_post\":\"1\",\"post_offset\":\"\",\"unique_content\":\"disable\",\"include_post\":\"\",\"included_only\":false,\"exclude_post\":\"\",\"include_category\":\"378\",\"exclude_category\":\"\",\"include_author\":\"\",\"include_tag\":\"\",\"exclude_tag\":\"\",\"post_tag\":\"\",\"mec_category\":\"\",\"mec_label\":\"\",\"mec_location\":\"\",\"mec_organizer\":\"\",\"3d-flip-book-category\":\"\",\"sort_by\":\"latest\",\"date_format\":\"default\",\"date_format_custom\":\"Y\\\/m\\\/d\",\"force_normal_image_load\":\"\",\"pagination_mode\":\"disable\",\"pagination_nextprev_showtext\":\"\",\"pagination_number_post\":{\"unit\":\"px\",\"size\":4,\"sizes\":[]},\"pagination_scroll_limit\":0,\"boxed\":\"\",\"boxed_shadow\":\"\",\"el_id\":\"\",\"el_class\":\"\",\"scheme\":\"\",\"column_width\":\"auto\",\"title_color\":\"\",\"accent_color\":\"\",\"alt_color\":\"\",\"excerpt_color\":\"\",\"css\":\"\",\"title_typography_typography\":\"\",\"title_typography_font_family\":\"\",\"title_typography_font_size\":{\"unit\":\"px\",\"size\":\"\",\"sizes\":[]},\"title_typography_font_weight\":\"\",\"title_typography_text_transform\":\"\",\"title_typography_font_style\":\"\",\"title_typography_text_decoration\":\"\",\"title_typography_line_height\":{\"unit\":\"px\",\"size\":\"\",\"sizes\":[]},\"title_typography_letter_spacing\":{\"unit\":\"px\",\"size\":\"\",\"sizes\":[]},\"title_typography_word_spacing\":{\"unit\":\"px\",\"size\":\"\",\"sizes\":[]},\"meta_typography_typography\":\"\",\"meta_typography_font_family\":\"\",\"meta_typography_font_size\":{\"unit\":\"px\",\"size\":\"\",\"sizes\":[]},\"meta_typography_font_weight\":\"\",\"meta_typography_text_transform\":\"\",\"meta_typography_font_style\":\"\",\"meta_typography_text_decoration\":\"\",\"meta_typography_line_height\":{\"unit\":\"px\",\"size\":\"\",\"sizes\":[]},\"meta_typography_letter_spacing\":{\"unit\":\"px\",\"size\":\"\",\"sizes\":[]},\"meta_typography_word_spacing\":{\"unit\":\"px\",\"size\":\"\",\"sizes\":[]},\"_title\":\"\",\"_margin\":{\"unit\":\"px\",\"top\":\"\",\"right\":\"\",\"bottom\":\"\",\"left\":\"\",\"isLinked\":true},\"_padding\":{\"unit\":\"px\",\"top\":\"\",\"right\":\"\",\"bottom\":\"\",\"left\":\"\",\"isLinked\":true},\"_element_width\":\"\",\"_element_width_widescreen\":\"\",\"_element_width_tablet\":\"\",\"_element_width_mobile\":\"\",\"_element_custom_width\":{\"unit\":\"%\",\"size\":\"\",\"sizes\":[]},\"_element_vertical_align\":\"\",\"_position_description\":\"\",\"_position\":\"\",\"_offset_orientation_h\":\"start\",\"_offset_x\":{\"unit\":\"px\",\"size\":0,\"sizes\":[]},\"_offset_x_end\":{\"unit\":\"px\",\"size\":0,\"sizes\":[]},\"_offset_orientation_v\":\"start\",\"_offset_y\":{\"unit\":\"px\",\"size\":0,\"sizes\":[]},\"_offset_y_end\":{\"unit\":\"px\",\"size\":0,\"sizes\":[]},\"_z_index\":\"\",\"_element_id\":\"\",\"_css_classes\":\"\",\"motion_fx_motion_fx_scrolling\":\"\",\"motion_fx_translateY_effect\":\"\",\"motion_fx_translateY_direction\":\"\",\"motion_fx_translateY_speed\":{\"unit\":\"px\",\"size\":4,\"sizes\":[]},\"motion_fx_translateY_affectedRange\":{\"unit\":\"%\",\"size\":\"\",\"sizes\":{\"start\":0,\"end\":100}},\"motion_fx_translateX_effect\":\"\",\"motion_fx_translateX_direction\":\"\",\"motion_fx_translateX_speed\":{\"unit\":\"px\",\"size\":4,\"sizes\":[]},\"motion_fx_translateX_affectedRange\":{\"unit\":\"%\",\"size\":\"\",\"sizes\":{\"start\":0,\"end\":100}},\"motion_fx_opacity_effect\":\"\",\"motion_fx_opacity_direction\":\"out-in\",\"motion_fx_opacity_level\":{\"unit\":\"px\",\"size\":10,\"sizes\":[]},\"motion_fx_opacity_range\":{\"unit\":\"%\",\"size\":\"\",\"sizes\":{\"start\":20,\"end\":80}},\"motion_fx_blur_effect\":\"\",\"motion_fx_blur_direction\":\"out-in\",\"motion_fx_blur_level\":{\"unit\":\"px\",\"size\":7,\"sizes\":[]},\"motion_fx_blur_range\":{\"unit\":\"%\",\"size\":\"\",\"sizes\":{\"start\":20,\"end\":80}},\"motion_fx_rotateZ_effect\":\"\",\"motion_fx_rotateZ_direction\":\"\",\"motion_fx_rotateZ_speed\":{\"unit\":\"px\",\"size\":1,\"sizes\":[]},\"motion_fx_rotateZ_affectedRange\":{\"unit\":\"%\",\"size\":\"\",\"sizes\":{\"start\":0,\"end\":100}},\"motion_fx_scale_effect\":\"\",\"motion_fx_scale_direction\":\"out-in\",\"motion_fx_scale_speed\":{\"unit\":\"px\",\"size\":4,\"sizes\":[]},\"motion_fx_scale_range\":{\"unit\":\"%\",\"size\":\"\",\"sizes\":{\"start\":20,\"end\":80}},\"motion_fx_transform_origin_x\":\"center\",\"motion_fx_transform_origin_y\":\"center\",\"motion_fx_devices\":[\"widescreen\",\"desktop\",\"tablet\",\"mobile\"],\"motion_fx_range\":\"\",\"motion_fx_motion_fx_mouse\":\"\",\"motion_fx_mouseTrack_effect\":\"\",\"motion_fx_mouseTrack_direction\":\"\",\"motion_fx_mouseTrack_speed\":{\"unit\":\"px\",\"size\":1,\"sizes\":[]},\"motion_fx_tilt_effect\":\"\",\"motion_fx_tilt_direction\":\"\",\"motion_fx_tilt_speed\":{\"unit\":\"px\",\"size\":4,\"sizes\":[]},\"sticky\":\"\",\"sticky_on\":[\"widescreen\",\"desktop\",\"tablet\",\"mobile\"],\"sticky_offset\":0,\"sticky_offset_widescreen\":\"\",\"sticky_offset_tablet\":\"\",\"sticky_offset_mobile\":\"\",\"sticky_effects_offset\":0,\"sticky_effects_offset_widescreen\":\"\",\"sticky_effects_offset_tablet\":\"\",\"sticky_effects_offset_mobile\":\"\",\"sticky_parent\":\"\",\"_animation\":\"\",\"_animation_widescreen\":\"\",\"_animation_tablet\":\"\",\"_animation_mobile\":\"\",\"animation_duration\":\"\",\"_animation_delay\":\"\",\"_transform_rotate_popover\":\"\",\"_transform_rotateZ_effect\":{\"unit\":\"px\",\"size\":\"\",\"sizes\":[]},\"_transform_rotateZ_effect_widescreen\":{\"unit\":\"deg\",\"size\":\"\",\"sizes\":[]},\"_transform_rotateZ_effect_tablet\":{\"unit\":\"deg\",\"size\":\"\",\"sizes\":[]},\"_transform_rotateZ_effect_mobile\":{\"unit\":\"deg\",\"size\":\"\",\"sizes\":[]},\"_transform_rotate_3d\":\"\",\"_transform_rotateX_effect\":{\"unit\":\"px\",\"size\":\"\",\"sizes\":[]},\"_transform_rotateX_effect_widescreen\":{\"unit\":\"deg\",\"size\":\"\",\"sizes\":[]},\"_transform_rotateX_effect_tablet\":{\"unit\":\"deg\",\"size\":\"\",\"sizes\":[]},\"_transform_rotateX_effect_mobile\":{\"unit\":\"deg\",\"size\":\"\",\"sizes\":[]},\"_transform_rotateY_effect\":{\"unit\":\"px\",\"size\":\"\",\"sizes\":[]},\"_transform_rotateY_effect_widescreen\":{\"unit\":\"deg\",\"size\":\"\",\"sizes\":[]},\"_transform_rotateY_effect_tablet\":{\"unit\":\"deg\",\"size\":\"\",\"sizes\":[]},\"_transform_rotateY_effect_mobile\":{\"unit\":\"deg\",\"size\":\"\",\"sizes\":[]},\"_transform_perspective_effect\":{\"unit\":\"px\",\"size\":\"\",\"sizes\":[]},\"_transform_perspective_effect_widescreen\":{\"unit\":\"px\",\"size\":\"\",\"sizes\":[]},\"_transform_perspective_effect_tablet\":{\"unit\":\"px\",\"size\":\"\",\"sizes\":[]},\"_transform_perspective_effect_mobile\":{\"unit\":\"px\",\"size\":\"\",\"sizes\":[]},\"_transform_translate_popover\":\"\",\"_transform_translateX_effect\":{\"unit\":\"px\",\"size\":\"\",\"sizes\":[]},\"_transform_translateX_effect_widescreen\":{\"unit\":\"px\",\"size\":\"\",\"sizes\":[]},\"_transform_translateX_effect_tablet\":{\"unit\":\"px\",\"size\":\"\",\"sizes\":[]},\"_transform_translateX_effect_mobile\":{\"unit\":\"px\",\"size\":\"\",\"sizes\":[]},\"_transform_translateY_effect\":{\"unit\":\"px\",\"size\":\"\",\"sizes\":[]},\"_transform_translateY_effect_widescreen\":{\"unit\":\"px\",\"size\":\"\",\"sizes\":[]},\"_transform_translateY_effect_tablet\":{\"unit\":\"px\",\"size\":\"\",\"sizes\":[]},\"_transform_translateY_effect_mobile\":{\"unit\":\"px\",\"size\":\"\",\"sizes\":[]},\"_transform_scale_popover\":\"\",\"_transform_keep_proportions\":\"yes\",\"_transform_scale_effect\":{\"unit\":\"px\",\"size\":\"\",\"sizes\":[]},\"_transform_scale_effect_widescreen\":{\"unit\":\"px\",\"size\":\"\",\"sizes\":[]},\"_transform_scale_effect_tablet\":{\"unit\":\"px\",\"size\":\"\",\"sizes\":[]},\"_transform_scale_effect_mobile\":{\"unit\":\"px\",\"size\":\"\",\"sizes\":[]},\"_transform_scaleX_effect\":{\"unit\":\"px\",\"size\":\"\",\"sizes\":[]},\"_transform_scaleX_effect_widescreen\":{\"unit\":\"px\",\"size\":\"\",\"sizes\":[]},\"_transform_scaleX_effect_tablet\":{\"unit\":\"px\",\"size\":\"\",\"sizes\":[]},\"_transform_scaleX_effect_mobile\":{\"unit\":\"px\",\"size\":\"\",\"sizes\":[]},\"_transform_scaleY_effect\":{\"unit\":\"px\",\"size\":\"\",\"sizes\":[]},\"_transform_scaleY_effect_widescreen\":{\"unit\":\"px\",\"size\":\"\",\"sizes\":[]},\"_transform_scaleY_effect_tablet\":{\"unit\":\"px\",\"size\":\"\",\"sizes\":[]},\"_transform_scaleY_effect_mobile\":{\"unit\":\"px\",\"size\":\"\",\"sizes\":[]},\"_transform_skew_popover\":\"\",\"_transform_skewX_effect\":{\"unit\":\"px\",\"size\":\"\",\"sizes\":[]},\"_transform_skewX_effect_widescreen\":{\"unit\":\"deg\",\"size\":\"\",\"sizes\":[]},\"_transform_skewX_effect_tablet\":{\"unit\":\"deg\",\"size\":\"\",\"sizes\":[]},\"_transform_skewX_effect_mobile\":{\"unit\":\"deg\",\"size\":\"\",\"sizes\":[]},\"_transform_skewY_effect\":{\"unit\":\"px\",\"size\":\"\",\"sizes\":[]},\"_transform_skewY_effect_widescreen\":{\"unit\":\"deg\",\"size\":\"\",\"sizes\":[]},\"_transform_skewY_effect_tablet\":{\"unit\":\"deg\",\"size\":\"\",\"sizes\":[]},\"_transform_skewY_effect_mobile\":{\"unit\":\"deg\",\"size\":\"\",\"sizes\":[]},\"_transform_flipX_effect\":\"\",\"_transform_flipY_effect\":\"\",\"_transform_rotate_popover_hover\":\"\",\"_transform_rotateZ_effect_hover\":{\"unit\":\"px\",\"size\":\"\",\"sizes\":[]},\"_transform_rotateZ_effect_hover_widescreen\":{\"unit\":\"deg\",\"size\":\"\",\"sizes\":[]},\"_transform_rotateZ_effect_hover_tablet\":{\"unit\":\"deg\",\"size\":\"\",\"sizes\":[]},\"_transform_rotateZ_effect_hover_mobile\":{\"unit\":\"deg\",\"size\":\"\",\"sizes\":[]},\"_transform_rotate_3d_hover\":\"\",\"_transform_rotateX_effect_hover\":{\"unit\":\"px\",\"size\":\"\",\"sizes\":[]},\"_transform_rotateX_effect_hover_widescreen\":{\"unit\":\"deg\",\"size\":\"\",\"sizes\":[]},\"_transform_rotateX_effect_hover_tablet\":{\"unit\":\"deg\",\"size\":\"\",\"sizes\":[]},\"_transform_rotateX_effect_hover_mobile\":{\"unit\":\"deg\",\"size\":\"\",\"sizes\":[]},\"_transform_rotateY_effect_hover\":{\"unit\":\"px\",\"size\":\"\",\"sizes\":[]},\"_transform_rotateY_effect_hover_widescreen\":{\"unit\":\"deg\",\"size\":\"\",\"sizes\":[]},\"_transform_rotateY_effect_hover_tablet\":{\"unit\":\"deg\",\"size\":\"\",\"sizes\":[]},\"_transform_rotateY_effect_hover_mobile\":{\"unit\":\"deg\",\"size\":\"\",\"sizes\":[]},\"_transform_perspective_effect_hover\":{\"unit\":\"px\",\"size\":\"\",\"sizes\":[]},\"_transform_perspective_effect_hover_widescreen\":{\"unit\":\"px\",\"size\":\"\",\"sizes\":[]},\"_transform_perspective_effect_hover_tablet\":{\"unit\":\"px\",\"size\":\"\",\"sizes\":[]},\"_transform_perspective_effect_hover_mobile\":{\"unit\":\"px\",\"size\":\"\",\"sizes\":[]},\"_transform_translate_popover_hover\":\"\",\"_transform_translateX_effect_hover\":{\"unit\":\"px\",\"size\":\"\",\"sizes\":[]},\"_transform_translateX_effect_hover_widescreen\":{\"unit\":\"px\",\"size\":\"\",\"sizes\":[]},\"_transform_translateX_effect_hover_tablet\":{\"unit\":\"px\",\"size\":\"\",\"sizes\":[]},\"_transform_translateX_effect_hover_mobile\":{\"unit\":\"px\",\"size\":\"\",\"sizes\":[]},\"_transform_translateY_effect_hover\":{\"unit\":\"px\",\"size\":\"\",\"sizes\":[]},\"_transform_translateY_effect_hover_widescreen\":{\"unit\":\"px\",\"size\":\"\",\"sizes\":[]},\"_transform_translateY_effect_hover_tablet\":{\"unit\":\"px\",\"size\":\"\",\"sizes\":[]},\"_transform_translateY_effect_hover_mobile\":{\"unit\":\"px\",\"size\":\"\",\"sizes\":[]},\"_transform_scale_popover_hover\":\"\",\"_transform_keep_proportions_hover\":\"yes\",\"_transform_scale_effect_hover\":{\"unit\":\"px\",\"size\":\"\",\"sizes\":[]},\"_transform_scale_effect_hover_widescreen\":{\"unit\":\"px\",\"size\":\"\",\"sizes\":[]},\"_transform_scale_effect_hover_tablet\":{\"unit\":\"px\",\"size\":\"\",\"sizes\":[]},\"_transform_scale_effect_hover_mobile\":{\"unit\":\"px\",\"size\":\"\",\"sizes\":[]},\"_transform_scaleX_effect_hover\":{\"unit\":\"px\",\"size\":\"\",\"sizes\":[]},\"_transform_scaleX_effect_hover_widescreen\":{\"unit\":\"px\",\"size\":\"\",\"sizes\":[]},\"_transform_scaleX_effect_hover_tablet\":{\"unit\":\"px\",\"size\":\"\",\"sizes\":[]},\"_transform_scaleX_effect_hover_mobile\":{\"unit\":\"px\",\"size\":\"\",\"sizes\":[]},\"_transform_scaleY_effect_hover\":{\"unit\":\"px\",\"size\":\"\",\"sizes\":[]},\"_transform_scaleY_effect_hover_widescreen\":{\"unit\":\"px\",\"size\":\"\",\"sizes\":[]},\"_transform_scaleY_effect_hover_tablet\":{\"unit\":\"px\",\"size\":\"\",\"sizes\":[]},\"_transform_scaleY_effect_hover_mobile\":{\"unit\":\"px\",\"size\":\"\",\"sizes\":[]},\"_transform_skew_popover_hover\":\"\",\"_transform_skewX_effect_hover\":{\"unit\":\"px\",\"size\":\"\",\"sizes\":[]},\"_transform_skewX_effect_hover_widescreen\":{\"unit\":\"deg\",\"size\":\"\",\"sizes\":[]},\"_transform_skewX_effect_hover_tablet\":{\"unit\":\"deg\",\"size\":\"\",\"sizes\":[]},\"_transform_skewX_effect_hover_mobile\":{\"unit\":\"deg\",\"size\":\"\",\"sizes\":[]},\"_transform_skewY_effect_hover\":{\"unit\":\"px\",\"size\":\"\",\"sizes\":[]},\"_transform_skewY_effect_hover_widescreen\":{\"unit\":\"deg\",\"size\":\"\",\"sizes\":[]},\"_transform_skewY_effect_hover_tablet\":{\"unit\":\"deg\",\"size\":\"\",\"sizes\":[]},\"_transform_skewY_effect_hover_mobile\":{\"unit\":\"deg\",\"size\":\"\",\"sizes\":[]},\"_transform_flipX_effect_hover\":\"\",\"_transform_flipY_effect_hover\":\"\",\"_transform_transition_hover\":{\"unit\":\"px\",\"size\":\"\",\"sizes\":[]},\"motion_fx_transform_x_anchor_point\":\"\",\"motion_fx_transform_y_anchor_point\":\"\",\"_background_background\":\"\",\"_background_gradient_notice\":\"\",\"_background_color\":\"\",\"_background_color_stop\":{\"unit\":\"%\",\"size\":0,\"sizes\":[]},\"_background_color_b\":\"#f2295b\",\"_background_color_b_stop\":{\"unit\":\"%\",\"size\":100,\"sizes\":[]},\"_background_gradient_type\":\"linear\",\"_background_gradient_angle\":{\"unit\":\"deg\",\"size\":180,\"sizes\":[]},\"_background_gradient_position\":\"center center\",\"_background_image\":{\"url\":\"\",\"id\":\"\",\"size\":\"\"},\"_background_position\":\"\",\"_background_xpos\":{\"unit\":\"px\",\"size\":0,\"sizes\":[]},\"_background_ypos\":{\"unit\":\"px\",\"size\":0,\"sizes\":[]},\"_background_attachment\":\"\",\"_background_repeat\":\"\",\"_background_size\":\"\",\"_background_bg_width\":{\"unit\":\"%\",\"size\":100,\"sizes\":[]},\"_background_video_link\":\"\",\"_background_video_start\":\"\",\"_background_video_end\":\"\",\"_background_play_once\":\"\",\"_background_play_on_mobile\":\"\",\"_background_privacy_mode\":\"\",\"_background_video_fallback\":{\"url\":\"\",\"id\":\"\",\"size\":\"\"},\"_background_slideshow_gallery\":[],\"_background_slideshow_loop\":\"yes\",\"_background_slideshow_slide_duration\":5000,\"_background_slideshow_slide_transition\":\"fade\",\"_background_slideshow_transition_duration\":500,\"_background_slideshow_background_size\":\"\",\"_background_slideshow_background_position\":\"\",\"_background_slideshow_lazyload\":\"\",\"_background_slideshow_ken_burns\":\"\",\"_background_slideshow_ken_burns_zoom_direction\":\"in\",\"_background_hover_background\":\"\",\"_background_hover_gradient_notice\":\"\",\"_background_hover_color\":\"\",\"_background_hover_color_stop\":{\"unit\":\"%\",\"size\":0,\"sizes\":[]},\"_background_hover_color_b\":\"#f2295b\",\"_background_hover_color_b_stop\":{\"unit\":\"%\",\"size\":100,\"sizes\":[]},\"_background_hover_gradient_type\":\"linear\",\"_background_hover_gradient_angle\":{\"unit\":\"deg\",\"size\":180,\"sizes\":[]},\"_background_hover_gradient_position\":\"center center\",\"_background_hover_image\":{\"url\":\"\",\"id\":\"\",\"size\":\"\"},\"_background_hover_position\":\"\",\"_background_hover_xpos\":{\"unit\":\"px\",\"size\":0,\"sizes\":[]},\"_background_hover_ypos\":{\"unit\":\"px\",\"size\":0,\"sizes\":[]},\"_background_hover_attachment\":\"\",\"_background_hover_repeat\":\"\",\"_background_hover_size\":\"\",\"_background_hover_bg_width\":{\"unit\":\"%\",\"size\":100,\"sizes\":[]},\"_background_hover_video_link\":\"\",\"_background_hover_video_start\":\"\",\"_background_hover_video_end\":\"\",\"_background_hover_play_once\":\"\",\"_background_hover_play_on_mobile\":\"\",\"_background_hover_privacy_mode\":\"\",\"_background_hover_video_fallback\":{\"url\":\"\",\"id\":\"\",\"size\":\"\"},\"_background_hover_slideshow_gallery\":[],\"_background_hover_slideshow_loop\":\"yes\",\"_background_hover_slideshow_slide_duration\":5000,\"_background_hover_slideshow_slide_transition\":\"fade\",\"_background_hover_slideshow_transition_duration\":500,\"_background_hover_slideshow_background_size\":\"\",\"_background_hover_slideshow_background_position\":\"\",\"_background_hover_slideshow_lazyload\":\"\",\"_background_hover_slideshow_ken_burns\":\"\",\"_background_hover_slideshow_ken_burns_zoom_direction\":\"in\",\"_background_hover_transition\":{\"unit\":\"px\",\"size\":\"\",\"sizes\":[]},\"_border_border\":\"\",\"_border_width\":{\"unit\":\"px\",\"top\":\"\",\"right\":\"\",\"bottom\":\"\",\"left\":\"\",\"isLinked\":true},\"_border_color\":\"\",\"_border_radius\":{\"unit\":\"px\",\"top\":\"\",\"right\":\"\",\"bottom\":\"\",\"left\":\"\",\"isLinked\":true},\"_box_shadow_box_shadow_type\":\"\",\"_box_shadow_box_shadow\":{\"horizontal\":0,\"vertical\":0,\"blur\":10,\"spread\":0,\"color\":\"rgba(0,0,0,0.5)\"},\"_box_shadow_box_shadow_position\":\" \",\"_border_hover_border\":\"\",\"_border_hover_width\":{\"unit\":\"px\",\"top\":\"\",\"right\":\"\",\"bottom\":\"\",\"left\":\"\",\"isLinked\":true},\"_border_hover_color\":\"\",\"_border_radius_hover\":{\"unit\":\"px\",\"top\":\"\",\"right\":\"\",\"bottom\":\"\",\"left\":\"\",\"isLinked\":true},\"_box_shadow_hover_box_shadow_type\":\"\",\"_box_shadow_hover_box_shadow\":{\"horizontal\":0,\"vertical\":0,\"blur\":10,\"spread\":0,\"color\":\"rgba(0,0,0,0.5)\"},\"_box_shadow_hover_box_shadow_position\":\" \",\"_border_hover_transition\":{\"unit\":\"px\",\"size\":\"\",\"sizes\":[]},\"_mask_switch\":\"\",\"_mask_shape\":\"circle\",\"_mask_image\":{\"url\":\"\",\"id\":\"\",\"size\":\"\"},\"_mask_notice\":\"\",\"_mask_size\":\"contain\",\"_mask_size_scale\":{\"unit\":\"%\",\"size\":100,\"sizes\":[]},\"_mask_position\":\"center center\",\"_mask_position_x\":{\"unit\":\"%\",\"size\":0,\"sizes\":[]},\"_mask_position_y\":{\"unit\":\"%\",\"size\":0,\"sizes\":[]},\"_mask_repeat\":\"no-repeat\",\"hide_widescreen\":\"\",\"hide_desktop\":\"\",\"hide_tablet\":\"\",\"hide_mobile\":\"\",\"_attributes\":\"\",\"custom_css\":\"\",\"paged\":1,\"column_class\":\"jeg_col_3o3\",\"class\":\"jnews_block_14\"};<\/script>\n\t\t\t\t<\/div>\t\t<\/div>\n\t\t\t\t<\/div>\n\t\t\t\t<div class=\"elementor-element elementor-element-e79ce79 elementor-hidden-widescreen elementor-hidden-desktop elementor-hidden-tablet elementor-hidden-mobile upk-item-match-height--yes upk-navigation-type-arrows upk-carousel-style-carousel elementor-invisible elementor-widget elementor-widget-upk-alter-carousel\" data-id=\"e79ce79\" data-element_type=\"widget\" data-settings=\"{&quot;_animation&quot;:&quot;fadeIn&quot;,&quot;_animation_delay&quot;:&quot;3000&quot;}\" data-widget_type=\"upk-alter-carousel.default\">\n\t\t\t\t<div class=\"elementor-widget-container\">\n\t\t\t\t\t<div id=\"upk-alter-carousel-e79ce79\" class=\"upk-alter-carousel upk-arrows-align-center\" data-settings=\"{&quot;loop&quot;:true,&quot;speed&quot;:500,&quot;slidesPerView&quot;:1,&quot;slidesPerGroup&quot;:1,&quot;spaceBetween&quot;:20,&quot;effect&quot;:&quot;carousel&quot;,&quot;direction&quot;:&quot;horizontal&quot;,&quot;watchSlidesVisibility&quot;:true,&quot;watchSlidesProgress&quot;:true,&quot;breakpoints&quot;:{&quot;767&quot;:{&quot;slidesPerView&quot;:2,&quot;spaceBetween&quot;:20,&quot;slidesPerGroup&quot;:1},&quot;1023&quot;:{&quot;slidesPerView&quot;:3,&quot;spaceBetween&quot;:20,&quot;slidesPerGroup&quot;:1}},&quot;navigation&quot;:{&quot;nextEl&quot;:&quot;#upk-alter-carousel-e79ce79 .upk-navigation-next&quot;,&quot;prevEl&quot;:&quot;#upk-alter-carousel-e79ce79 .upk-navigation-prev&quot;},&quot;pagination&quot;:{&quot;el&quot;:&quot;#upk-alter-carousel-e79ce79 .swiper-pagination&quot;,&quot;type&quot;:&quot;&quot;,&quot;clickable&quot;:&quot;true&quot;,&quot;dynamicBullets&quot;:false},&quot;scrollbar&quot;:{&quot;el&quot;:&quot;#upk-alter-carousel-e79ce79 .swiper-scrollbar&quot;,&quot;hide&quot;:&quot;true&quot;},&quot;coverflowEffect&quot;:{&quot;rotate&quot;:50,&quot;stretch&quot;:0,&quot;depth&quot;:100,&quot;modifier&quot;:1,&quot;slideShadows&quot;:true}}\">\n\t\t\t<div class=\"upk-post-grid\">\n\t\t\t\t<div class=\"swiper-carousel swiper\">\n\t\t\t\t\t<div class=\"swiper-wrapper\">\n\t\t\t\t\t\t\t\t\t\t\t<div class=\"upk-item swiper-slide\">\n\t\t\t\t\t\t\t<div class=\"upk-item-box\">\n\t\t\t\t\t\t\t\t<div class=\"upk-img-wrap\">\n\t\t\t\t\t\t\t\t\t<div class=\"upk-main-img\">\n\t\t\t\t\t\t\t\t\t\t<img loading=\"lazy\" loading=\"lazy\" width=\"300\" height=\"200\" src=\"https:\/\/www.ceoforlifeawards.com\/it\/wp-content\/uploads\/sites\/3\/2023\/10\/folgiero-interv-1-300x200.jpg\" class=\"upk-img\" alt=\"FOLGIERO: &lt;span&gt;&#8220;CEOforLIFE, un grandissimo successo, parlare di sostenibilit\u00e0 significa parlare di futuro&#8221;&lt;\/span&gt;\" srcset=\"https:\/\/www.ceoforlifeawards.com\/it\/wp-content\/uploads\/sites\/3\/2023\/10\/folgiero-interv-1-300x200.jpg 300w, https:\/\/www.ceoforlifeawards.com\/it\/wp-content\/uploads\/sites\/3\/2023\/10\/folgiero-interv-1-1024x683.jpg 1024w, https:\/\/www.ceoforlifeawards.com\/it\/wp-content\/uploads\/sites\/3\/2023\/10\/folgiero-interv-1-768x512.jpg 768w, https:\/\/www.ceoforlifeawards.com\/it\/wp-content\/uploads\/sites\/3\/2023\/10\/folgiero-interv-1-391x260.jpg 391w, https:\/\/www.ceoforlifeawards.com\/it\/wp-content\/uploads\/sites\/3\/2023\/10\/folgiero-interv-1-1536x1024.jpg 1536w, https:\/\/www.ceoforlifeawards.com\/it\/wp-content\/uploads\/sites\/3\/2023\/10\/folgiero-interv-1-2048x1366.jpg 2048w, https:\/\/www.ceoforlifeawards.com\/it\/wp-content\/uploads\/sites\/3\/2023\/10\/folgiero-interv-1-750x500.jpg 750w, https:\/\/www.ceoforlifeawards.com\/it\/wp-content\/uploads\/sites\/3\/2023\/10\/folgiero-interv-1-1140x760.jpg 1140w\" sizes=\"(max-width: 300px) 100vw, 300px\" \/>\t\t\t\t\t\t\t\t\t\t\t\t\t\t\t\t\t\t\t\t\t\t<div class=\"upk-post-format\">\r\n\t\t\t<a href=\"https:\/\/www.ceoforlifeawards.com\/it\/blog\/pierroberto-folgiero-fincantieri-ai-ceoforlife-awards-2023-ceoforlife-un-grandissimo-successo-parlare-di-sostenibilita-significa-parlare-di-futuro\/\">\r\n\t\t\t\t\t\t\t\t\t<i class=\"upk-icon-video\" aria-hidden=\"true\"><\/i>\r\n\t\t\t\t\t\t\t<\/a>\r\n\t\t<\/div>\r\n\t\t\t\t\t\t\t\t\t<\/div>\n\t\t\t\t\t\t\t\t<\/div>\n\n\t\t\t\t\t\t\t\t<div class=\"upk-content\">\n\t\t\t\t\t\t\t\t\t<div>\n\t\t\t\t\t\t\t\t\t\t\t\t\t\t\t\t\t\t\t\t<h3 class=\"upk-title\"><a href=\"https:\/\/www.ceoforlifeawards.com\/it\/blog\/pierroberto-folgiero-fincantieri-ai-ceoforlife-awards-2023-ceoforlife-un-grandissimo-successo-parlare-di-sostenibilita-significa-parlare-di-futuro\/\" title=\"FOLGIERO: <span>&#8220;CEOforLIFE, un grandissimo successo, parlare di sostenibilit\u00e0 significa parlare di futuro&#8221;<\/span>\" class=\"title-animation-underline\" >FOLGIERO: <span>&#8220;CEOforLIFE, un grandissimo successo, parlare di sostenibilit\u00e0 significa parlare di futuro&#8221;<\/span><\/a><\/h3>\n\t\t\t\t\t\t\t\t\t\t<div class=\"upk-text-wrap\">\n\t\t\t\t\t\t\t\t\t\t\t\t\t<div class=\"upk-text\">\r\n\t\t\t<p>PIERROBERTO FOLGIERO, AMMINISTRATORE DELEGATO E DIRETTORE GENERALE, FINCANTIERI (Guarda la Video Intervista), premiato ai CEOforLIFE Awards 2023 nella categoria Social Impact per l\u2019impegno portato avanti,\u00a0ha concesso un\u2019intervista nella quale ha<\/p>\n\t\t<\/div>\r\n\t\t\t\t\t\t\t\t\t\t\t\t\t\t\t\t\t\t\t\t\t\t<\/div>\n\n\t\t\t\t\t\t\t\t\t\t\n\t\t\t\t\t\t\t\t\t<\/div>\n\t\t\t\t\t\t\t\t<\/div>\n\t\t\t\t\t\t\t<\/div>\n\t\t\t\t\t\t<\/div>\n\t\t\t\t\t\t\t\t\t\t<div class=\"upk-item swiper-slide\">\n\t\t\t\t\t\t\t<div class=\"upk-item-box\">\n\t\t\t\t\t\t\t\t<div class=\"upk-img-wrap\">\n\t\t\t\t\t\t\t\t\t<div class=\"upk-main-img\">\n\t\t\t\t\t\t\t\t\t\t<img loading=\"lazy\" loading=\"lazy\" width=\"300\" height=\"200\" src=\"https:\/\/www.ceoforlifeawards.com\/it\/wp-content\/uploads\/sites\/3\/2023\/11\/Immagine7-1-300x200.jpg\" class=\"upk-img\" alt=\"VENIER: &lt;span&gt;&#8220;CEOforLIFE \u00e8 un ambito importante e interessante, io sono uno degli appartenenti sin\u00a0dall&#8217;origine&#8221;&lt;\/span&gt;\" srcset=\"https:\/\/www.ceoforlifeawards.com\/it\/wp-content\/uploads\/sites\/3\/2023\/11\/Immagine7-1-300x200.jpg 300w, https:\/\/www.ceoforlifeawards.com\/it\/wp-content\/uploads\/sites\/3\/2023\/11\/Immagine7-1-1024x683.jpg 1024w, https:\/\/www.ceoforlifeawards.com\/it\/wp-content\/uploads\/sites\/3\/2023\/11\/Immagine7-1-768x512.jpg 768w, https:\/\/www.ceoforlifeawards.com\/it\/wp-content\/uploads\/sites\/3\/2023\/11\/Immagine7-1-391x260.jpg 391w, https:\/\/www.ceoforlifeawards.com\/it\/wp-content\/uploads\/sites\/3\/2023\/11\/Immagine7-1-1536x1024.jpg 1536w, https:\/\/www.ceoforlifeawards.com\/it\/wp-content\/uploads\/sites\/3\/2023\/11\/Immagine7-1-2048x1366.jpg 2048w, https:\/\/www.ceoforlifeawards.com\/it\/wp-content\/uploads\/sites\/3\/2023\/11\/Immagine7-1-750x500.jpg 750w, https:\/\/www.ceoforlifeawards.com\/it\/wp-content\/uploads\/sites\/3\/2023\/11\/Immagine7-1-1140x760.jpg 1140w\" sizes=\"(max-width: 300px) 100vw, 300px\" \/>\t\t\t\t\t\t\t\t\t\t\t\t\t\t\t\t\t\t\t\t\t\t<div class=\"upk-post-format\">\r\n\t\t\t<a href=\"https:\/\/www.ceoforlifeawards.com\/it\/blog\/stefano-venier-snam-ai-ceoforlife-awards-2023-ceoforlife-mette-insieme-amministratori-delegati-e-risorse-di-ambiti-diversi\/\">\r\n\t\t\t\t\t\t\t\t\t<i class=\"upk-icon-video\" aria-hidden=\"true\"><\/i>\r\n\t\t\t\t\t\t\t<\/a>\r\n\t\t<\/div>\r\n\t\t\t\t\t\t\t\t\t<\/div>\n\t\t\t\t\t\t\t\t<\/div>\n\n\t\t\t\t\t\t\t\t<div class=\"upk-content\">\n\t\t\t\t\t\t\t\t\t<div>\n\t\t\t\t\t\t\t\t\t\t\t\t\t\t\t\t\t\t\t\t<h3 class=\"upk-title\"><a href=\"https:\/\/www.ceoforlifeawards.com\/it\/blog\/stefano-venier-snam-ai-ceoforlife-awards-2023-ceoforlife-mette-insieme-amministratori-delegati-e-risorse-di-ambiti-diversi\/\" title=\"VENIER: <span>&#8220;CEOforLIFE \u00e8 un ambito importante e interessante, io sono uno degli appartenenti sin\u00a0dall&#8217;origine&#8221;<\/span>\" class=\"title-animation-underline\" >VENIER: <span>&#8220;CEOforLIFE \u00e8 un ambito importante e interessante, io sono uno degli appartenenti sin\u00a0dall&#8217;origine&#8221;<\/span><\/a><\/h3>\n\t\t\t\t\t\t\t\t\t\t<div class=\"upk-text-wrap\">\n\t\t\t\t\t\t\t\t\t\t\t\t\t<div class=\"upk-text\">\r\n\t\t\t<p>STEFANO VENIER, CEO SNAM (Guarda la Video Intervista), premiato ai CEOforLIFE Awards 2023 nella categoria Environment,\u00a0ha concesso un\u2019intervista nella quale ha discusso l\u2019impatto positivo generato dalla realt\u00e0 CEOforLIFE e la<\/p>\n\t\t<\/div>\r\n\t\t\t\t\t\t\t\t\t\t\t\t\t\t\t\t\t\t\t\t\t\t<\/div>\n\n\t\t\t\t\t\t\t\t\t\t\n\t\t\t\t\t\t\t\t\t<\/div>\n\t\t\t\t\t\t\t\t<\/div>\n\t\t\t\t\t\t\t<\/div>\n\t\t\t\t\t\t<\/div>\n\t\t\t\t\t\t\t\t\t\t<div class=\"upk-item swiper-slide\">\n\t\t\t\t\t\t\t<div class=\"upk-item-box\">\n\t\t\t\t\t\t\t\t<div class=\"upk-img-wrap\">\n\t\t\t\t\t\t\t\t\t<div class=\"upk-main-img\">\n\t\t\t\t\t\t\t\t\t\t<img loading=\"lazy\" loading=\"lazy\" width=\"300\" height=\"200\" src=\"https:\/\/www.ceoforlifeawards.com\/it\/wp-content\/uploads\/sites\/3\/2023\/10\/Immagine1-12-300x200.jpg\" class=\"upk-img\" alt=\"CEOforLIFE Awards 2023: &lt;span&gt;intervista esclusiva a Roberto Sergio, Amministratore Delegato RAI&lt;\/span&gt;\" srcset=\"https:\/\/www.ceoforlifeawards.com\/it\/wp-content\/uploads\/sites\/3\/2023\/10\/Immagine1-12-300x200.jpg 300w, https:\/\/www.ceoforlifeawards.com\/it\/wp-content\/uploads\/sites\/3\/2023\/10\/Immagine1-12-1024x683.jpg 1024w, https:\/\/www.ceoforlifeawards.com\/it\/wp-content\/uploads\/sites\/3\/2023\/10\/Immagine1-12-768x512.jpg 768w, https:\/\/www.ceoforlifeawards.com\/it\/wp-content\/uploads\/sites\/3\/2023\/10\/Immagine1-12-391x260.jpg 391w, https:\/\/www.ceoforlifeawards.com\/it\/wp-content\/uploads\/sites\/3\/2023\/10\/Immagine1-12-1536x1024.jpg 1536w, https:\/\/www.ceoforlifeawards.com\/it\/wp-content\/uploads\/sites\/3\/2023\/10\/Immagine1-12-2048x1365.jpg 2048w, https:\/\/www.ceoforlifeawards.com\/it\/wp-content\/uploads\/sites\/3\/2023\/10\/Immagine1-12-750x500.jpg 750w, https:\/\/www.ceoforlifeawards.com\/it\/wp-content\/uploads\/sites\/3\/2023\/10\/Immagine1-12-1140x760.jpg 1140w\" sizes=\"(max-width: 300px) 100vw, 300px\" \/>\t\t\t\t\t\t\t\t\t\t\t\t\t\t\t\t\t\t\t\t\t\t<div class=\"upk-post-format\">\r\n\t\t\t<a href=\"https:\/\/www.ceoforlifeawards.com\/it\/blog\/ceoforlife-awards-2023-intervista-esclusiva-a-roberto-sergio-amministratore-delegato-rai\/\">\r\n\t\t\t\t\t\t\t\t\t<i class=\"upk-icon-video\" aria-hidden=\"true\"><\/i>\r\n\t\t\t\t\t\t\t<\/a>\r\n\t\t<\/div>\r\n\t\t\t\t\t\t\t\t\t<\/div>\n\t\t\t\t\t\t\t\t<\/div>\n\n\t\t\t\t\t\t\t\t<div class=\"upk-content\">\n\t\t\t\t\t\t\t\t\t<div>\n\t\t\t\t\t\t\t\t\t\t\t\t\t\t\t\t\t\t\t\t<h3 class=\"upk-title\"><a href=\"https:\/\/www.ceoforlifeawards.com\/it\/blog\/ceoforlife-awards-2023-intervista-esclusiva-a-roberto-sergio-amministratore-delegato-rai\/\" title=\"CEOforLIFE Awards 2023: <span>intervista esclusiva a Roberto Sergio, Amministratore Delegato RAI<\/span>\" class=\"title-animation-underline\" >CEOforLIFE Awards 2023: <span>intervista esclusiva a Roberto Sergio, Amministratore Delegato RAI<\/span><\/a><\/h3>\n\t\t\t\t\t\t\t\t\t\t<div class=\"upk-text-wrap\">\n\t\t\t\t\t\t\t\t\t\t\t\t\t<div class=\"upk-text\">\r\n\t\t\t<p>A dare il via alla sessione pomeridiana della seconda giornata dei CEOforLIFE Awards 2023 dedicata alla categoria Health &amp; Wellbeing, l\u2019intervista esclusiva all\u2019Amministratore Delegato della RAI, Roberto Sergio. Intervistato dal<\/p>\n\t\t<\/div>\r\n\t\t\t\t\t\t\t\t\t\t\t\t\t\t\t\t\t\t\t\t\t\t<\/div>\n\n\t\t\t\t\t\t\t\t\t\t\n\t\t\t\t\t\t\t\t\t<\/div>\n\t\t\t\t\t\t\t\t<\/div>\n\t\t\t\t\t\t\t<\/div>\n\t\t\t\t\t\t<\/div>\n\t\t\t\t\t\t\t\t\t\t<div class=\"upk-item swiper-slide\">\n\t\t\t\t\t\t\t<div class=\"upk-item-box\">\n\t\t\t\t\t\t\t\t<div class=\"upk-img-wrap\">\n\t\t\t\t\t\t\t\t\t<div class=\"upk-main-img\">\n\t\t\t\t\t\t\t\t\t\t<img loading=\"lazy\" loading=\"lazy\" width=\"300\" height=\"200\" src=\"https:\/\/www.ceoforlifeawards.com\/it\/wp-content\/uploads\/sites\/3\/2023\/10\/Immagine1-15-300x200.jpg\" class=\"upk-img\" alt=\"ABODI: &lt;span&gt;&#8220;CEOforLIFE mette insieme i soggetti che contribuiscono a migliorare l&#8217;Italia&#8221;&lt;\/span&gt;\" srcset=\"https:\/\/www.ceoforlifeawards.com\/it\/wp-content\/uploads\/sites\/3\/2023\/10\/Immagine1-15-300x200.jpg 300w, https:\/\/www.ceoforlifeawards.com\/it\/wp-content\/uploads\/sites\/3\/2023\/10\/Immagine1-15-1024x683.jpg 1024w, https:\/\/www.ceoforlifeawards.com\/it\/wp-content\/uploads\/sites\/3\/2023\/10\/Immagine1-15-768x512.jpg 768w, https:\/\/www.ceoforlifeawards.com\/it\/wp-content\/uploads\/sites\/3\/2023\/10\/Immagine1-15-391x260.jpg 391w, https:\/\/www.ceoforlifeawards.com\/it\/wp-content\/uploads\/sites\/3\/2023\/10\/Immagine1-15-1536x1024.jpg 1536w, https:\/\/www.ceoforlifeawards.com\/it\/wp-content\/uploads\/sites\/3\/2023\/10\/Immagine1-15-2048x1366.jpg 2048w, https:\/\/www.ceoforlifeawards.com\/it\/wp-content\/uploads\/sites\/3\/2023\/10\/Immagine1-15-750x500.jpg 750w, https:\/\/www.ceoforlifeawards.com\/it\/wp-content\/uploads\/sites\/3\/2023\/10\/Immagine1-15-1140x760.jpg 1140w\" sizes=\"(max-width: 300px) 100vw, 300px\" \/>\t\t\t\t\t\t\t\t\t\t\t\t\t\t\t\t\t\t\t\t\t\t<div class=\"upk-post-format\">\r\n\t\t\t<a href=\"https:\/\/www.ceoforlifeawards.com\/it\/blog\/andrea-abodi-ministro-per-lo-sport-e-i-giovani-ai-ceoforlife-awards-2023-ceoforlife-mette-insieme-i-soggetti-che-contribuiscono-a-migliorare-litalia\/\">\r\n\t\t\t\t\t\t\t\t\t<i class=\"upk-icon-video\" aria-hidden=\"true\"><\/i>\r\n\t\t\t\t\t\t\t<\/a>\r\n\t\t<\/div>\r\n\t\t\t\t\t\t\t\t\t<\/div>\n\t\t\t\t\t\t\t\t<\/div>\n\n\t\t\t\t\t\t\t\t<div class=\"upk-content\">\n\t\t\t\t\t\t\t\t\t<div>\n\t\t\t\t\t\t\t\t\t\t\t\t\t\t\t\t\t\t\t\t<h3 class=\"upk-title\"><a href=\"https:\/\/www.ceoforlifeawards.com\/it\/blog\/andrea-abodi-ministro-per-lo-sport-e-i-giovani-ai-ceoforlife-awards-2023-ceoforlife-mette-insieme-i-soggetti-che-contribuiscono-a-migliorare-litalia\/\" title=\"ABODI: <span>&#8220;CEOforLIFE mette insieme i soggetti che contribuiscono a migliorare l&#8217;Italia&#8221;<\/span>\" class=\"title-animation-underline\" >ABODI: <span>&#8220;CEOforLIFE mette insieme i soggetti che contribuiscono a migliorare l&#8217;Italia&#8221;<\/span><\/a><\/h3>\n\t\t\t\t\t\t\t\t\t\t<div class=\"upk-text-wrap\">\n\t\t\t\t\t\t\t\t\t\t\t\t\t<div class=\"upk-text\">\r\n\t\t\t<p>ANDREA ABODI, MINISTRO PER LO SPORT E I GIOVANI (Guarda la Video Intervista) graditissimo ospite dei CEOforLIFE Awards 2023 nel corso della giornata del 18 ottobre dedicata alle tematiche Social<\/p>\n\t\t<\/div>\r\n\t\t\t\t\t\t\t\t\t\t\t\t\t\t\t\t\t\t\t\t\t\t<\/div>\n\n\t\t\t\t\t\t\t\t\t\t\n\t\t\t\t\t\t\t\t\t<\/div>\n\t\t\t\t\t\t\t\t<\/div>\n\t\t\t\t\t\t\t<\/div>\n\t\t\t\t\t\t<\/div>\n\t\t\t\t\t\t\t\t\t\t<div class=\"upk-item swiper-slide\">\n\t\t\t\t\t\t\t<div class=\"upk-item-box\">\n\t\t\t\t\t\t\t\t<div class=\"upk-img-wrap\">\n\t\t\t\t\t\t\t\t\t<div class=\"upk-main-img\">\n\t\t\t\t\t\t\t\t\t\t<img loading=\"lazy\" loading=\"lazy\" width=\"300\" height=\"200\" src=\"https:\/\/www.ceoforlifeawards.com\/it\/wp-content\/uploads\/sites\/3\/2023\/10\/Immagine4-1-300x200.jpg\" class=\"upk-img\" alt=\"CASINI: &lt;span&gt;\u201cCEOforLIFE \u00e8 un\u2019iniziativa molto importante che seguo con grande interesse&#8221;&lt;\/span&gt;\" srcset=\"https:\/\/www.ceoforlifeawards.com\/it\/wp-content\/uploads\/sites\/3\/2023\/10\/Immagine4-1-300x200.jpg 300w, https:\/\/www.ceoforlifeawards.com\/it\/wp-content\/uploads\/sites\/3\/2023\/10\/Immagine4-1-1024x684.jpg 1024w, https:\/\/www.ceoforlifeawards.com\/it\/wp-content\/uploads\/sites\/3\/2023\/10\/Immagine4-1-768x513.jpg 768w, https:\/\/www.ceoforlifeawards.com\/it\/wp-content\/uploads\/sites\/3\/2023\/10\/Immagine4-1-391x260.jpg 391w, https:\/\/www.ceoforlifeawards.com\/it\/wp-content\/uploads\/sites\/3\/2023\/10\/Immagine4-1-1536x1026.jpg 1536w, https:\/\/www.ceoforlifeawards.com\/it\/wp-content\/uploads\/sites\/3\/2023\/10\/Immagine4-1-2048x1367.jpg 2048w, https:\/\/www.ceoforlifeawards.com\/it\/wp-content\/uploads\/sites\/3\/2023\/10\/Immagine4-1-750x501.jpg 750w, https:\/\/www.ceoforlifeawards.com\/it\/wp-content\/uploads\/sites\/3\/2023\/10\/Immagine4-1-1140x761.jpg 1140w\" sizes=\"(max-width: 300px) 100vw, 300px\" \/>\t\t\t\t\t\t\t\t\t\t\t\t\t\t\t\t\t\t\t\t\t\t<div class=\"upk-post-format\">\r\n\t\t\t<a href=\"https:\/\/www.ceoforlifeawards.com\/it\/blog\/ceoforlife-awards-2023-intervista-al-senatore-pier-ferdinando-casini\/\">\r\n\t\t\t\t\t\t\t\t\t<i class=\"upk-icon-video\" aria-hidden=\"true\"><\/i>\r\n\t\t\t\t\t\t\t<\/a>\r\n\t\t<\/div>\r\n\t\t\t\t\t\t\t\t\t<\/div>\n\t\t\t\t\t\t\t\t<\/div>\n\n\t\t\t\t\t\t\t\t<div class=\"upk-content\">\n\t\t\t\t\t\t\t\t\t<div>\n\t\t\t\t\t\t\t\t\t\t\t\t\t\t\t\t\t\t\t\t<h3 class=\"upk-title\"><a href=\"https:\/\/www.ceoforlifeawards.com\/it\/blog\/ceoforlife-awards-2023-intervista-al-senatore-pier-ferdinando-casini\/\" title=\"CASINI: <span>\u201cCEOforLIFE \u00e8 un\u2019iniziativa molto importante che seguo con grande interesse&#8221;<\/span>\" class=\"title-animation-underline\" >CASINI: <span>\u201cCEOforLIFE \u00e8 un\u2019iniziativa molto importante che seguo con grande interesse&#8221;<\/span><\/a><\/h3>\n\t\t\t\t\t\t\t\t\t\t<div class=\"upk-text-wrap\">\n\t\t\t\t\t\t\t\t\t\t\t\t\t<div class=\"upk-text\">\r\n\t\t\t<p>PIER FERDINANDO CASINI, SENATORE, (Guarda la Video Intervista)\u00a0ha votato il proprio impegno e la propria vita. Nel corso dei CEOforLIFE Awards 2023, il Senatore ha avuto modo di presentare il<\/p>\n\t\t<\/div>\r\n\t\t\t\t\t\t\t\t\t\t\t\t\t\t\t\t\t\t\t\t\t\t<\/div>\n\n\t\t\t\t\t\t\t\t\t\t\n\t\t\t\t\t\t\t\t\t<\/div>\n\t\t\t\t\t\t\t\t<\/div>\n\t\t\t\t\t\t\t<\/div>\n\t\t\t\t\t\t<\/div>\n\t\t\t\t\t\t\t\t\t\t<div class=\"upk-item swiper-slide\">\n\t\t\t\t\t\t\t<div class=\"upk-item-box\">\n\t\t\t\t\t\t\t\t<div class=\"upk-img-wrap\">\n\t\t\t\t\t\t\t\t\t<div class=\"upk-main-img\">\n\t\t\t\t\t\t\t\t\t\t<img loading=\"lazy\" loading=\"lazy\" width=\"300\" height=\"200\" src=\"https:\/\/www.ceoforlifeawards.com\/it\/wp-content\/uploads\/sites\/3\/2023\/10\/ciriani-300x200.jpg\" class=\"upk-img\" alt=\"CIRIANI: &lt;span&gt;&#8220;CEOforLIFE, un dibattito interessante per risolvere problemi strategici del Paese&#8221;&lt;\/span&gt;\" srcset=\"https:\/\/www.ceoforlifeawards.com\/it\/wp-content\/uploads\/sites\/3\/2023\/10\/ciriani-300x200.jpg 300w, https:\/\/www.ceoforlifeawards.com\/it\/wp-content\/uploads\/sites\/3\/2023\/10\/ciriani-1024x682.jpg 1024w, https:\/\/www.ceoforlifeawards.com\/it\/wp-content\/uploads\/sites\/3\/2023\/10\/ciriani-768x512.jpg 768w, https:\/\/www.ceoforlifeawards.com\/it\/wp-content\/uploads\/sites\/3\/2023\/10\/ciriani-391x260.jpg 391w, https:\/\/www.ceoforlifeawards.com\/it\/wp-content\/uploads\/sites\/3\/2023\/10\/ciriani-1536x1023.jpg 1536w, https:\/\/www.ceoforlifeawards.com\/it\/wp-content\/uploads\/sites\/3\/2023\/10\/ciriani-2048x1365.jpg 2048w, https:\/\/www.ceoforlifeawards.com\/it\/wp-content\/uploads\/sites\/3\/2023\/10\/ciriani-750x500.jpg 750w, https:\/\/www.ceoforlifeawards.com\/it\/wp-content\/uploads\/sites\/3\/2023\/10\/ciriani-1140x760.jpg 1140w\" sizes=\"(max-width: 300px) 100vw, 300px\" \/>\t\t\t\t\t\t\t\t\t\t\t\t\t\t\t\t\t\t\t\t\t\t<div class=\"upk-post-format\">\r\n\t\t\t<a href=\"https:\/\/www.ceoforlifeawards.com\/it\/blog\/luca-ciriani-ministro-per-i-rapporti-con-il-parlamento-ai-ceoforlife-awards-2023-ceoforlife-un-dibattito-interessante-per-risolvere-problemi-strategici-del-paese\/\">\r\n\t\t\t\t\t\t\t\t\t<i class=\"upk-icon-video\" aria-hidden=\"true\"><\/i>\r\n\t\t\t\t\t\t\t<\/a>\r\n\t\t<\/div>\r\n\t\t\t\t\t\t\t\t\t<\/div>\n\t\t\t\t\t\t\t\t<\/div>\n\n\t\t\t\t\t\t\t\t<div class=\"upk-content\">\n\t\t\t\t\t\t\t\t\t<div>\n\t\t\t\t\t\t\t\t\t\t\t\t\t\t\t\t\t\t\t\t<h3 class=\"upk-title\"><a href=\"https:\/\/www.ceoforlifeawards.com\/it\/blog\/luca-ciriani-ministro-per-i-rapporti-con-il-parlamento-ai-ceoforlife-awards-2023-ceoforlife-un-dibattito-interessante-per-risolvere-problemi-strategici-del-paese\/\" title=\"CIRIANI: <span>&#8220;CEOforLIFE, un dibattito interessante per risolvere problemi strategici del Paese&#8221;<\/span>\" class=\"title-animation-underline\" >CIRIANI: <span>&#8220;CEOforLIFE, un dibattito interessante per risolvere problemi strategici del Paese&#8221;<\/span><\/a><\/h3>\n\t\t\t\t\t\t\t\t\t\t<div class=\"upk-text-wrap\">\n\t\t\t\t\t\t\t\t\t\t\t\t\t<div class=\"upk-text\">\r\n\t\t\t<p>LUCA CIRIANI, MINISTRO PER I RAPPORTI CON IL PARLAMENTO (Guarda la Video Intervista), graditissimo ospite dei CEOforLIFE Awards 2023 nel corso della giornata del 18 ottobre dedicata alle tematiche Social<\/p>\n\t\t<\/div>\r\n\t\t\t\t\t\t\t\t\t\t\t\t\t\t\t\t\t\t\t\t\t\t<\/div>\n\n\t\t\t\t\t\t\t\t\t\t\n\t\t\t\t\t\t\t\t\t<\/div>\n\t\t\t\t\t\t\t\t<\/div>\n\t\t\t\t\t\t\t<\/div>\n\t\t\t\t\t\t<\/div>\n\t\t\t\t\t\t\t\t\t\t<div class=\"upk-item swiper-slide\">\n\t\t\t\t\t\t\t<div class=\"upk-item-box\">\n\t\t\t\t\t\t\t\t<div class=\"upk-img-wrap\">\n\t\t\t\t\t\t\t\t\t<div class=\"upk-main-img\">\n\t\t\t\t\t\t\t\t\t\t<img loading=\"lazy\" loading=\"lazy\" width=\"300\" height=\"200\" src=\"https:\/\/www.ceoforlifeawards.com\/it\/wp-content\/uploads\/sites\/3\/2023\/10\/nardella-interv-300x200.jpg\" class=\"upk-img\" alt=\"NARDELLA: &lt;span&gt;&#8220;CEOforLIFE mette insieme energie provenienti da istituzioni e realt\u00e0 diverse della societ\u00e0 e dell&#8217;economia&#8221;&lt;\/span&gt;\" srcset=\"https:\/\/www.ceoforlifeawards.com\/it\/wp-content\/uploads\/sites\/3\/2023\/10\/nardella-interv-300x200.jpg 300w, https:\/\/www.ceoforlifeawards.com\/it\/wp-content\/uploads\/sites\/3\/2023\/10\/nardella-interv-1024x683.jpg 1024w, https:\/\/www.ceoforlifeawards.com\/it\/wp-content\/uploads\/sites\/3\/2023\/10\/nardella-interv-768x512.jpg 768w, https:\/\/www.ceoforlifeawards.com\/it\/wp-content\/uploads\/sites\/3\/2023\/10\/nardella-interv-391x260.jpg 391w, https:\/\/www.ceoforlifeawards.com\/it\/wp-content\/uploads\/sites\/3\/2023\/10\/nardella-interv-1536x1024.jpg 1536w, https:\/\/www.ceoforlifeawards.com\/it\/wp-content\/uploads\/sites\/3\/2023\/10\/nardella-interv-2048x1366.jpg 2048w, https:\/\/www.ceoforlifeawards.com\/it\/wp-content\/uploads\/sites\/3\/2023\/10\/nardella-interv-750x500.jpg 750w, https:\/\/www.ceoforlifeawards.com\/it\/wp-content\/uploads\/sites\/3\/2023\/10\/nardella-interv-1140x760.jpg 1140w\" sizes=\"(max-width: 300px) 100vw, 300px\" \/>\t\t\t\t\t\t\t\t\t\t\t\t\t\t\t\t\t\t\t\t\t\t<div class=\"upk-post-format\">\r\n\t\t\t<a href=\"https:\/\/www.ceoforlifeawards.com\/it\/blog\/dario-nardella-sindaco-di-firenze-ai-ceoforlife-awards-2023-ceoforlife-mette-insieme-energie-provenienti-da-istituzioni-e-realta-diverse-della-societa-e-delleconomia\/\">\r\n\t\t\t\t\t\t\t\t\t<i class=\"upk-icon-video\" aria-hidden=\"true\"><\/i>\r\n\t\t\t\t\t\t\t<\/a>\r\n\t\t<\/div>\r\n\t\t\t\t\t\t\t\t\t<\/div>\n\t\t\t\t\t\t\t\t<\/div>\n\n\t\t\t\t\t\t\t\t<div class=\"upk-content\">\n\t\t\t\t\t\t\t\t\t<div>\n\t\t\t\t\t\t\t\t\t\t\t\t\t\t\t\t\t\t\t\t<h3 class=\"upk-title\"><a href=\"https:\/\/www.ceoforlifeawards.com\/it\/blog\/dario-nardella-sindaco-di-firenze-ai-ceoforlife-awards-2023-ceoforlife-mette-insieme-energie-provenienti-da-istituzioni-e-realta-diverse-della-societa-e-delleconomia\/\" title=\"NARDELLA: <span>&#8220;CEOforLIFE mette insieme energie provenienti da istituzioni e realt\u00e0 diverse della societ\u00e0 e dell&#8217;economia&#8221;<\/span>\" class=\"title-animation-underline\" >NARDELLA: <span>&#8220;CEOforLIFE mette insieme energie provenienti da istituzioni e realt\u00e0 diverse della societ\u00e0 e dell&#8217;economia&#8221;<\/span><\/a><\/h3>\n\t\t\t\t\t\t\t\t\t\t<div class=\"upk-text-wrap\">\n\t\t\t\t\t\t\t\t\t\t\t\t\t<div class=\"upk-text\">\r\n\t\t\t<p>DARIO NARDELLA, SINDACO DI FIRENZE (Guarda la Video Intervista), graditissimo ospite dei CEOforLIFE Awards 2023 nel corso della giornata del 18 ottobre dedicata alle tematiche Social Impact, ha rilasciato un\u2019intervista<\/p>\n\t\t<\/div>\r\n\t\t\t\t\t\t\t\t\t\t\t\t\t\t\t\t\t\t\t\t\t\t<\/div>\n\n\t\t\t\t\t\t\t\t\t\t\n\t\t\t\t\t\t\t\t\t<\/div>\n\t\t\t\t\t\t\t\t<\/div>\n\t\t\t\t\t\t\t<\/div>\n\t\t\t\t\t\t<\/div>\n\t\t\t\t\t\t\t\t\t\t<div class=\"upk-item swiper-slide\">\n\t\t\t\t\t\t\t<div class=\"upk-item-box\">\n\t\t\t\t\t\t\t\t<div class=\"upk-img-wrap\">\n\t\t\t\t\t\t\t\t\t<div class=\"upk-main-img\">\n\t\t\t\t\t\t\t\t\t\t<img loading=\"lazy\" loading=\"lazy\" width=\"300\" height=\"200\" src=\"https:\/\/www.ceoforlifeawards.com\/it\/wp-content\/uploads\/sites\/3\/2023\/11\/Immagine3-3-300x200.jpg\" class=\"upk-img\" alt=\"MULE&#8217;: &lt;span&gt;&#8220;La sostenibilit\u00e0 \u00e8 qualcosa che attiene alla vita stessa delle persone&#8221;&lt;\/span&gt;\" srcset=\"https:\/\/www.ceoforlifeawards.com\/it\/wp-content\/uploads\/sites\/3\/2023\/11\/Immagine3-3-300x200.jpg 300w, https:\/\/www.ceoforlifeawards.com\/it\/wp-content\/uploads\/sites\/3\/2023\/11\/Immagine3-3-1024x683.jpg 1024w, https:\/\/www.ceoforlifeawards.com\/it\/wp-content\/uploads\/sites\/3\/2023\/11\/Immagine3-3-768x512.jpg 768w, https:\/\/www.ceoforlifeawards.com\/it\/wp-content\/uploads\/sites\/3\/2023\/11\/Immagine3-3-391x260.jpg 391w, https:\/\/www.ceoforlifeawards.com\/it\/wp-content\/uploads\/sites\/3\/2023\/11\/Immagine3-3-1536x1025.jpg 1536w, https:\/\/www.ceoforlifeawards.com\/it\/wp-content\/uploads\/sites\/3\/2023\/11\/Immagine3-3-2048x1366.jpg 2048w, https:\/\/www.ceoforlifeawards.com\/it\/wp-content\/uploads\/sites\/3\/2023\/11\/Immagine3-3-750x500.jpg 750w, https:\/\/www.ceoforlifeawards.com\/it\/wp-content\/uploads\/sites\/3\/2023\/11\/Immagine3-3-1140x760.jpg 1140w\" sizes=\"(max-width: 300px) 100vw, 300px\" \/>\t\t\t\t\t\t\t\t\t\t\t\t\t\t\t\t\t\t\t\t\t\t<div class=\"upk-post-format\">\r\n\t\t\t<a href=\"https:\/\/www.ceoforlifeawards.com\/it\/blog\/giorgio-mule-vice-presidente-della-camera-dei-deputati-ai-ceoforlife-awards-2023-la-sostenibilita-e-qualcosa-che-attiene-alla-vita-stessa-delle-persone\/\">\r\n\t\t\t\t\t\t\t\t\t<i class=\"upk-icon-video\" aria-hidden=\"true\"><\/i>\r\n\t\t\t\t\t\t\t<\/a>\r\n\t\t<\/div>\r\n\t\t\t\t\t\t\t\t\t<\/div>\n\t\t\t\t\t\t\t\t<\/div>\n\n\t\t\t\t\t\t\t\t<div class=\"upk-content\">\n\t\t\t\t\t\t\t\t\t<div>\n\t\t\t\t\t\t\t\t\t\t\t\t\t\t\t\t\t\t\t\t<h3 class=\"upk-title\"><a href=\"https:\/\/www.ceoforlifeawards.com\/it\/blog\/giorgio-mule-vice-presidente-della-camera-dei-deputati-ai-ceoforlife-awards-2023-la-sostenibilita-e-qualcosa-che-attiene-alla-vita-stessa-delle-persone\/\" title=\"MULE&#8217;: <span>&#8220;La sostenibilit\u00e0 \u00e8 qualcosa che attiene alla vita stessa delle persone&#8221;<\/span>\" class=\"title-animation-underline\" >MULE&#8217;: <span>&#8220;La sostenibilit\u00e0 \u00e8 qualcosa che attiene alla vita stessa delle persone&#8221;<\/span><\/a><\/h3>\n\t\t\t\t\t\t\t\t\t\t<div class=\"upk-text-wrap\">\n\t\t\t\t\t\t\t\t\t\t\t\t\t<div class=\"upk-text\">\r\n\t\t\t<p>GIORGIO MUL\u00c8, VICE PRESIDENTE DELLA CAMERA DEI DEPUTATI (Guarda la Video Intervista), graditissimo ospite dei CEOforLIFE Awards 2023 nel corso della giornata del 5 ottobre dedicata al tema Environment,\u00a0ha rilasciato<\/p>\n\t\t<\/div>\r\n\t\t\t\t\t\t\t\t\t\t\t\t\t\t\t\t\t\t\t\t\t\t<\/div>\n\n\t\t\t\t\t\t\t\t\t\t\n\t\t\t\t\t\t\t\t\t<\/div>\n\t\t\t\t\t\t\t\t<\/div>\n\t\t\t\t\t\t\t<\/div>\n\t\t\t\t\t\t<\/div>\n\t\t\t\t\t\t\t\t\t\t<div class=\"upk-item swiper-slide\">\n\t\t\t\t\t\t\t<div class=\"upk-item-box\">\n\t\t\t\t\t\t\t\t<div class=\"upk-img-wrap\">\n\t\t\t\t\t\t\t\t\t<div class=\"upk-main-img\">\n\t\t\t\t\t\t\t\t\t\t<img loading=\"lazy\" loading=\"lazy\" width=\"300\" height=\"198\" src=\"https:\/\/www.ceoforlifeawards.com\/it\/wp-content\/uploads\/sites\/3\/2023\/10\/Immagine1-13-300x198.jpg\" class=\"upk-img\" alt=\"SAVINO: &lt;span&gt;&#8220;CEOforLIFE, un&#8217;attivit\u00e0 importante per creare occasioni uniche di ascolto per la politica&#8221;&lt;\/span&gt;\" srcset=\"https:\/\/www.ceoforlifeawards.com\/it\/wp-content\/uploads\/sites\/3\/2023\/10\/Immagine1-13-300x198.jpg 300w, https:\/\/www.ceoforlifeawards.com\/it\/wp-content\/uploads\/sites\/3\/2023\/10\/Immagine1-13-768x506.jpg 768w, https:\/\/www.ceoforlifeawards.com\/it\/wp-content\/uploads\/sites\/3\/2023\/10\/Immagine1-13-391x260.jpg 391w, https:\/\/www.ceoforlifeawards.com\/it\/wp-content\/uploads\/sites\/3\/2023\/10\/Immagine1-13-750x494.jpg 750w, https:\/\/www.ceoforlifeawards.com\/it\/wp-content\/uploads\/sites\/3\/2023\/10\/Immagine1-13.jpg 847w\" sizes=\"(max-width: 300px) 100vw, 300px\" \/>\t\t\t\t\t\t\t\t\t\t\t\t\t\t\t\t\t\t\t\t\t\t<div class=\"upk-post-format\">\r\n\t\t\t<a href=\"https:\/\/www.ceoforlifeawards.com\/it\/blog\/sandra-savino-sottosegretario-ministero-delleconomia-e-delle-finanze-ai-ceoforlife-awards-2023-ceoforlife-unattivita-importante-per-creare-occasioni-uniche-di-ascolto-per-la-politica\/\">\r\n\t\t\t\t\t\t\t\t\t<i class=\"upk-icon-video\" aria-hidden=\"true\"><\/i>\r\n\t\t\t\t\t\t\t<\/a>\r\n\t\t<\/div>\r\n\t\t\t\t\t\t\t\t\t<\/div>\n\t\t\t\t\t\t\t\t<\/div>\n\n\t\t\t\t\t\t\t\t<div class=\"upk-content\">\n\t\t\t\t\t\t\t\t\t<div>\n\t\t\t\t\t\t\t\t\t\t\t\t\t\t\t\t\t\t\t\t<h3 class=\"upk-title\"><a href=\"https:\/\/www.ceoforlifeawards.com\/it\/blog\/sandra-savino-sottosegretario-ministero-delleconomia-e-delle-finanze-ai-ceoforlife-awards-2023-ceoforlife-unattivita-importante-per-creare-occasioni-uniche-di-ascolto-per-la-politica\/\" title=\"SAVINO: <span>&#8220;CEOforLIFE, un&#8217;attivit\u00e0 importante per creare occasioni uniche di ascolto per la politica&#8221;<\/span>\" class=\"title-animation-underline\" >SAVINO: <span>&#8220;CEOforLIFE, un&#8217;attivit\u00e0 importante per creare occasioni uniche di ascolto per la politica&#8221;<\/span><\/a><\/h3>\n\t\t\t\t\t\t\t\t\t\t<div class=\"upk-text-wrap\">\n\t\t\t\t\t\t\t\t\t\t\t\t\t<div class=\"upk-text\">\r\n\t\t\t<p>SANDRA SAVINO, SOTTOSEGRETARIO MINISTERO DELL'ECONOMIA E DELLE FINANZE (Guarda la Video Intervista) graditissima ospite dei CEOforLIFE Awards 2023 nel corso della giornata del 18 ottobre dedicata alle tematiche Social Impact,\u00a0ha<\/p>\n\t\t<\/div>\r\n\t\t\t\t\t\t\t\t\t\t\t\t\t\t\t\t\t\t\t\t\t\t<\/div>\n\n\t\t\t\t\t\t\t\t\t\t\n\t\t\t\t\t\t\t\t\t<\/div>\n\t\t\t\t\t\t\t\t<\/div>\n\t\t\t\t\t\t\t<\/div>\n\t\t\t\t\t\t<\/div>\n\t\t\t\t\t\t\t\t\t\t<div class=\"upk-item swiper-slide\">\n\t\t\t\t\t\t\t<div class=\"upk-item-box\">\n\t\t\t\t\t\t\t\t<div class=\"upk-img-wrap\">\n\t\t\t\t\t\t\t\t\t<div class=\"upk-main-img\">\n\t\t\t\t\t\t\t\t\t\t<img loading=\"lazy\" loading=\"lazy\" width=\"300\" height=\"200\" src=\"https:\/\/www.ceoforlifeawards.com\/it\/wp-content\/uploads\/sites\/3\/2023\/10\/sgarbi-300x200.jpg\" class=\"upk-img\" alt=\"SGARBI: &lt;span&gt;&#8220;CEOforLIFE \u00e8 l\u2019anticamera di una Commissione\u00a0Parlamentare\u201d&lt;\/span&gt;\" srcset=\"https:\/\/www.ceoforlifeawards.com\/it\/wp-content\/uploads\/sites\/3\/2023\/10\/sgarbi-300x200.jpg 300w, https:\/\/www.ceoforlifeawards.com\/it\/wp-content\/uploads\/sites\/3\/2023\/10\/sgarbi-1024x683.jpg 1024w, https:\/\/www.ceoforlifeawards.com\/it\/wp-content\/uploads\/sites\/3\/2023\/10\/sgarbi-768x512.jpg 768w, https:\/\/www.ceoforlifeawards.com\/it\/wp-content\/uploads\/sites\/3\/2023\/10\/sgarbi-391x260.jpg 391w, https:\/\/www.ceoforlifeawards.com\/it\/wp-content\/uploads\/sites\/3\/2023\/10\/sgarbi-1536x1024.jpg 1536w, https:\/\/www.ceoforlifeawards.com\/it\/wp-content\/uploads\/sites\/3\/2023\/10\/sgarbi-2048x1365.jpg 2048w, https:\/\/www.ceoforlifeawards.com\/it\/wp-content\/uploads\/sites\/3\/2023\/10\/sgarbi-750x500.jpg 750w, https:\/\/www.ceoforlifeawards.com\/it\/wp-content\/uploads\/sites\/3\/2023\/10\/sgarbi-1140x760.jpg 1140w\" sizes=\"(max-width: 300px) 100vw, 300px\" \/>\t\t\t\t\t\t\t\t\t\t\t\t\t\t\t\t\t\t\t\t\t\t<div class=\"upk-post-format\">\r\n\t\t\t<a href=\"https:\/\/www.ceoforlifeawards.com\/it\/blog\/vittorio-sgarbi-sottosegretario-alla-cultura-ai-ceoforlife-awards-2023-un-parlamentare-puo-trovare-qui-un-luogo-in-cui-essere-contemporaneamente-in-azione-alla-camera-e-suggestioni-e-stimoli\/\">\r\n\t\t\t\t\t\t\t\t\t<i class=\"upk-icon-video\" aria-hidden=\"true\"><\/i>\r\n\t\t\t\t\t\t\t<\/a>\r\n\t\t<\/div>\r\n\t\t\t\t\t\t\t\t\t<\/div>\n\t\t\t\t\t\t\t\t<\/div>\n\n\t\t\t\t\t\t\t\t<div class=\"upk-content\">\n\t\t\t\t\t\t\t\t\t<div>\n\t\t\t\t\t\t\t\t\t\t\t\t\t\t\t\t\t\t\t\t<h3 class=\"upk-title\"><a href=\"https:\/\/www.ceoforlifeawards.com\/it\/blog\/vittorio-sgarbi-sottosegretario-alla-cultura-ai-ceoforlife-awards-2023-un-parlamentare-puo-trovare-qui-un-luogo-in-cui-essere-contemporaneamente-in-azione-alla-camera-e-suggestioni-e-stimoli\/\" title=\"SGARBI: <span>&#8220;CEOforLIFE \u00e8 l\u2019anticamera di una Commissione\u00a0Parlamentare\u201d<\/span>\" class=\"title-animation-underline\" >SGARBI: <span>&#8220;CEOforLIFE \u00e8 l\u2019anticamera di una Commissione\u00a0Parlamentare\u201d<\/span><\/a><\/h3>\n\t\t\t\t\t\t\t\t\t\t<div class=\"upk-text-wrap\">\n\t\t\t\t\t\t\t\t\t\t\t\t\t<div class=\"upk-text\">\r\n\t\t\t<p>VITTORIO SGARBI, SOTTOSEGRETARIO ALLA CULTURA (Guarda la Video Intervista), graditissimo ospite dei CEOforLIFE Awards 2023 nel corso della giornata del 18 ottobre dedicata alle tematiche Social Impact ha rilasciato un\u2019intervista<\/p>\n\t\t<\/div>\r\n\t\t\t\t\t\t\t\t\t\t\t\t\t\t\t\t\t\t\t\t\t\t<\/div>\n\n\t\t\t\t\t\t\t\t\t\t\n\t\t\t\t\t\t\t\t\t<\/div>\n\t\t\t\t\t\t\t\t<\/div>\n\t\t\t\t\t\t\t<\/div>\n\t\t\t\t\t\t<\/div>\n\t\t\t\t\t\t<\/div>\r\n\t\t\t\t<\/div>\r\n\t\t\r\n\t\t\t\t\t\t\t\t\t\t\t<div class=\"upk-position-z-index upk-position-center upk-visible@m\">\r\n\t\t\t\t<div class=\"upk-arrows-container upk-slidenav-container\">\r\n\t\t\t\t\t<a href=\"\" class=\"upk-navigation-prev\">\r\n\t\t\t\t\t\t<i class=\"upk-icon-arrow-left-2\" aria-hidden=\"true\"><\/i>\r\n\t\t\t\t\t<\/a>\r\n\t\t\t\t\t<a href=\"\" class=\"upk-navigation-next\">\r\n\t\t\t\t\t\t<i class=\"upk-icon-arrow-right-2\" aria-hidden=\"true\"><\/i>\r\n\t\t\t\t\t<\/a>\r\n\t\t\t\t<\/div>\r\n\t\t\t<\/div>\r\n\t\t\t\t\r\n\t\t<\/div>\r\n\t\t<\/div>\r\n\t\t\t\t<\/div>\n\t\t\t\t<\/div>\n\t\t\t\t<div class=\"elementor-element elementor-element-ba4fdf5 elementor-widget elementor-widget-jnews_carousel_1_elementor\" data-id=\"ba4fdf5\" data-element_type=\"widget\" data-widget_type=\"jnews_carousel_1_elementor.default\">\n\t\t\t\t<div class=\"elementor-widget-container\">\n\t\t\t<div  class=\"jeg_postblock_carousel jeg_postblock_carousel_1 jeg_postblock jeg_col_12 jnews_module__2_69f1ff74118f8   \">\n                    <div class=\"jeg_carousel_post\" data-nav='yes' data-autoplay='' data-delay='3000' data-items='3' data-margin='20' data-lazyload=''>\n                        <div class=\"jeg_post_wrapper\">\n\t\t\t\t<article class=\"jeg_post format-video\">\n                    <div class=\"jeg_thumb\">\n                        \n                        <a href=\"https:\/\/www.ceoforlifeawards.com\/it\/blog\/pierroberto-folgiero-fincantieri-ai-ceoforlife-awards-2023-ceoforlife-un-grandissimo-successo-parlare-di-sostenibilita-significa-parlare-di-futuro\/\"><div class=\"thumbnail-container  size-715 \"><img loading=\"lazy\" loading=\"lazy\" width=\"350\" height=\"250\" src=\"https:\/\/www.ceoforlifeawards.com\/it\/wp-content\/uploads\/sites\/3\/2023\/10\/folgiero-interv-1-350x250.jpg\" class=\"attachment-jnews-350x250 size-jnews-350x250 wp-post-image\" alt=\"\" srcset=\"https:\/\/www.ceoforlifeawards.com\/it\/wp-content\/uploads\/sites\/3\/2023\/10\/folgiero-interv-1-350x250.jpg 350w, https:\/\/www.ceoforlifeawards.com\/it\/wp-content\/uploads\/sites\/3\/2023\/10\/folgiero-interv-1-120x86.jpg 120w, https:\/\/www.ceoforlifeawards.com\/it\/wp-content\/uploads\/sites\/3\/2023\/10\/folgiero-interv-1-750x536.jpg 750w, https:\/\/www.ceoforlifeawards.com\/it\/wp-content\/uploads\/sites\/3\/2023\/10\/folgiero-interv-1-1140x815.jpg 1140w\" sizes=\"(max-width: 350px) 100vw, 350px\" \/><\/div><\/a>\n                    <\/div>\n                    <div class=\"jeg_postblock_content\">\n                        <h3 class=\"jeg_post_title\"><a href=\"https:\/\/www.ceoforlifeawards.com\/it\/blog\/pierroberto-folgiero-fincantieri-ai-ceoforlife-awards-2023-ceoforlife-un-grandissimo-successo-parlare-di-sostenibilita-significa-parlare-di-futuro\/\">FOLGIERO: <span>&#8220;CEOforLIFE, un grandissimo successo, parlare di sostenibilit\u00e0 significa parlare di futuro&#8221;<\/span><\/a><\/h3>\n                        <div class=\"jeg_post_meta\">\n\t\t\t\t\t\n                    <div class=\"jeg_meta_date\"><i class=\"fa fa-clock-o\"><\/i> 2 Febbraio 2024<\/div>\n                <\/div>\n                    <\/div>\n\t\t\t\t<\/article>\n\t\t\t\t<\/div><div class=\"jeg_post_wrapper\">\n\t\t\t\t<article class=\"jeg_post format-video\">\n                    <div class=\"jeg_thumb\">\n                        \n                        <a href=\"https:\/\/www.ceoforlifeawards.com\/it\/blog\/stefano-venier-snam-ai-ceoforlife-awards-2023-ceoforlife-mette-insieme-amministratori-delegati-e-risorse-di-ambiti-diversi\/\"><div class=\"thumbnail-container  size-715 \"><img loading=\"lazy\" loading=\"lazy\" width=\"350\" height=\"250\" src=\"https:\/\/www.ceoforlifeawards.com\/it\/wp-content\/uploads\/sites\/3\/2023\/11\/Immagine7-1-350x250.jpg\" class=\"attachment-jnews-350x250 size-jnews-350x250 wp-post-image\" alt=\"\" srcset=\"https:\/\/www.ceoforlifeawards.com\/it\/wp-content\/uploads\/sites\/3\/2023\/11\/Immagine7-1-350x250.jpg 350w, https:\/\/www.ceoforlifeawards.com\/it\/wp-content\/uploads\/sites\/3\/2023\/11\/Immagine7-1-120x86.jpg 120w, https:\/\/www.ceoforlifeawards.com\/it\/wp-content\/uploads\/sites\/3\/2023\/11\/Immagine7-1-750x536.jpg 750w, https:\/\/www.ceoforlifeawards.com\/it\/wp-content\/uploads\/sites\/3\/2023\/11\/Immagine7-1-1140x815.jpg 1140w\" sizes=\"(max-width: 350px) 100vw, 350px\" \/><\/div><\/a>\n                    <\/div>\n                    <div class=\"jeg_postblock_content\">\n                        <h3 class=\"jeg_post_title\"><a href=\"https:\/\/www.ceoforlifeawards.com\/it\/blog\/stefano-venier-snam-ai-ceoforlife-awards-2023-ceoforlife-mette-insieme-amministratori-delegati-e-risorse-di-ambiti-diversi\/\">VENIER: <span>&#8220;CEOforLIFE \u00e8 un ambito importante e interessante, io sono uno degli appartenenti sin\u00a0dall&#8217;origine&#8221;<\/span><\/a><\/h3>\n                        <div class=\"jeg_post_meta\">\n\t\t\t\t\t\n                    <div class=\"jeg_meta_date\"><i class=\"fa fa-clock-o\"><\/i> 2 Febbraio 2024<\/div>\n                <\/div>\n                    <\/div>\n\t\t\t\t<\/article>\n\t\t\t\t<\/div><div class=\"jeg_post_wrapper\">\n\t\t\t\t<article class=\"jeg_post format-video\">\n                    <div class=\"jeg_thumb\">\n                        \n                        <a href=\"https:\/\/www.ceoforlifeawards.com\/it\/blog\/ceoforlife-awards-2023-intervista-esclusiva-a-roberto-sergio-amministratore-delegato-rai\/\"><div class=\"thumbnail-container  size-715 \"><img loading=\"lazy\" loading=\"lazy\" width=\"350\" height=\"250\" src=\"https:\/\/www.ceoforlifeawards.com\/it\/wp-content\/uploads\/sites\/3\/2023\/10\/Immagine1-12-350x250.jpg\" class=\"attachment-jnews-350x250 size-jnews-350x250 wp-post-image\" alt=\"\" srcset=\"https:\/\/www.ceoforlifeawards.com\/it\/wp-content\/uploads\/sites\/3\/2023\/10\/Immagine1-12-350x250.jpg 350w, https:\/\/www.ceoforlifeawards.com\/it\/wp-content\/uploads\/sites\/3\/2023\/10\/Immagine1-12-120x86.jpg 120w, https:\/\/www.ceoforlifeawards.com\/it\/wp-content\/uploads\/sites\/3\/2023\/10\/Immagine1-12-750x536.jpg 750w, https:\/\/www.ceoforlifeawards.com\/it\/wp-content\/uploads\/sites\/3\/2023\/10\/Immagine1-12-1140x815.jpg 1140w\" sizes=\"(max-width: 350px) 100vw, 350px\" \/><\/div><\/a>\n                    <\/div>\n                    <div class=\"jeg_postblock_content\">\n                        <h3 class=\"jeg_post_title\"><a href=\"https:\/\/www.ceoforlifeawards.com\/it\/blog\/ceoforlife-awards-2023-intervista-esclusiva-a-roberto-sergio-amministratore-delegato-rai\/\">CEOforLIFE Awards 2023: <span>intervista esclusiva a Roberto Sergio, Amministratore Delegato RAI<\/span><\/a><\/h3>\n                        <div class=\"jeg_post_meta\">\n\t\t\t\t\t\n                    <div class=\"jeg_meta_date\"><i class=\"fa fa-clock-o\"><\/i> 2 Febbraio 2024<\/div>\n                <\/div>\n                    <\/div>\n\t\t\t\t<\/article>\n\t\t\t\t<\/div><div class=\"jeg_post_wrapper\">\n\t\t\t\t<article class=\"jeg_post format-video\">\n                    <div class=\"jeg_thumb\">\n                        \n                        <a href=\"https:\/\/www.ceoforlifeawards.com\/it\/blog\/andrea-abodi-ministro-per-lo-sport-e-i-giovani-ai-ceoforlife-awards-2023-ceoforlife-mette-insieme-i-soggetti-che-contribuiscono-a-migliorare-litalia\/\"><div class=\"thumbnail-container  size-715 \"><img loading=\"lazy\" loading=\"lazy\" width=\"350\" height=\"250\" src=\"https:\/\/www.ceoforlifeawards.com\/it\/wp-content\/uploads\/sites\/3\/2023\/10\/Immagine1-15-350x250.jpg\" class=\"attachment-jnews-350x250 size-jnews-350x250 wp-post-image\" alt=\"\" srcset=\"https:\/\/www.ceoforlifeawards.com\/it\/wp-content\/uploads\/sites\/3\/2023\/10\/Immagine1-15-350x250.jpg 350w, https:\/\/www.ceoforlifeawards.com\/it\/wp-content\/uploads\/sites\/3\/2023\/10\/Immagine1-15-120x86.jpg 120w, https:\/\/www.ceoforlifeawards.com\/it\/wp-content\/uploads\/sites\/3\/2023\/10\/Immagine1-15-750x536.jpg 750w, https:\/\/www.ceoforlifeawards.com\/it\/wp-content\/uploads\/sites\/3\/2023\/10\/Immagine1-15-1140x815.jpg 1140w\" sizes=\"(max-width: 350px) 100vw, 350px\" \/><\/div><\/a>\n                    <\/div>\n                    <div class=\"jeg_postblock_content\">\n                        <h3 class=\"jeg_post_title\"><a href=\"https:\/\/www.ceoforlifeawards.com\/it\/blog\/andrea-abodi-ministro-per-lo-sport-e-i-giovani-ai-ceoforlife-awards-2023-ceoforlife-mette-insieme-i-soggetti-che-contribuiscono-a-migliorare-litalia\/\">ABODI: <span>&#8220;CEOforLIFE mette insieme i soggetti che contribuiscono a migliorare l&#8217;Italia&#8221;<\/span><\/a><\/h3>\n                        <div class=\"jeg_post_meta\">\n\t\t\t\t\t\n                    <div class=\"jeg_meta_date\"><i class=\"fa fa-clock-o\"><\/i> 2 Febbraio 2024<\/div>\n                <\/div>\n                    <\/div>\n\t\t\t\t<\/article>\n\t\t\t\t<\/div><div class=\"jeg_post_wrapper\">\n\t\t\t\t<article class=\"jeg_post format-video\">\n                    <div class=\"jeg_thumb\">\n                        \n                        <a href=\"https:\/\/www.ceoforlifeawards.com\/it\/blog\/ceoforlife-awards-2023-intervista-al-senatore-pier-ferdinando-casini\/\"><div class=\"thumbnail-container  size-715 \"><img loading=\"lazy\" loading=\"lazy\" width=\"350\" height=\"250\" src=\"https:\/\/www.ceoforlifeawards.com\/it\/wp-content\/uploads\/sites\/3\/2023\/10\/Immagine4-1-350x250.jpg\" class=\"attachment-jnews-350x250 size-jnews-350x250 wp-post-image\" alt=\"\" srcset=\"https:\/\/www.ceoforlifeawards.com\/it\/wp-content\/uploads\/sites\/3\/2023\/10\/Immagine4-1-350x250.jpg 350w, https:\/\/www.ceoforlifeawards.com\/it\/wp-content\/uploads\/sites\/3\/2023\/10\/Immagine4-1-120x86.jpg 120w, https:\/\/www.ceoforlifeawards.com\/it\/wp-content\/uploads\/sites\/3\/2023\/10\/Immagine4-1-750x536.jpg 750w, https:\/\/www.ceoforlifeawards.com\/it\/wp-content\/uploads\/sites\/3\/2023\/10\/Immagine4-1-1140x815.jpg 1140w\" sizes=\"(max-width: 350px) 100vw, 350px\" \/><\/div><\/a>\n                    <\/div>\n                    <div class=\"jeg_postblock_content\">\n                        <h3 class=\"jeg_post_title\"><a href=\"https:\/\/www.ceoforlifeawards.com\/it\/blog\/ceoforlife-awards-2023-intervista-al-senatore-pier-ferdinando-casini\/\">CASINI: <span>\u201cCEOforLIFE \u00e8 un\u2019iniziativa molto importante che seguo con grande interesse&#8221;<\/span><\/a><\/h3>\n                        <div class=\"jeg_post_meta\">\n\t\t\t\t\t\n                    <div class=\"jeg_meta_date\"><i class=\"fa fa-clock-o\"><\/i> 2 Febbraio 2024<\/div>\n                <\/div>\n                    <\/div>\n\t\t\t\t<\/article>\n\t\t\t\t<\/div><div class=\"jeg_post_wrapper\">\n\t\t\t\t<article class=\"jeg_post format-video\">\n                    <div class=\"jeg_thumb\">\n                        \n                        <a href=\"https:\/\/www.ceoforlifeawards.com\/it\/blog\/luca-ciriani-ministro-per-i-rapporti-con-il-parlamento-ai-ceoforlife-awards-2023-ceoforlife-un-dibattito-interessante-per-risolvere-problemi-strategici-del-paese\/\"><div class=\"thumbnail-container  size-715 \"><img loading=\"lazy\" loading=\"lazy\" width=\"350\" height=\"250\" src=\"https:\/\/www.ceoforlifeawards.com\/it\/wp-content\/uploads\/sites\/3\/2023\/10\/ciriani-350x250.jpg\" class=\"attachment-jnews-350x250 size-jnews-350x250 wp-post-image\" alt=\"\" srcset=\"https:\/\/www.ceoforlifeawards.com\/it\/wp-content\/uploads\/sites\/3\/2023\/10\/ciriani-350x250.jpg 350w, https:\/\/www.ceoforlifeawards.com\/it\/wp-content\/uploads\/sites\/3\/2023\/10\/ciriani-120x86.jpg 120w, https:\/\/www.ceoforlifeawards.com\/it\/wp-content\/uploads\/sites\/3\/2023\/10\/ciriani-750x536.jpg 750w, https:\/\/www.ceoforlifeawards.com\/it\/wp-content\/uploads\/sites\/3\/2023\/10\/ciriani-1140x815.jpg 1140w\" sizes=\"(max-width: 350px) 100vw, 350px\" \/><\/div><\/a>\n                    <\/div>\n                    <div class=\"jeg_postblock_content\">\n                        <h3 class=\"jeg_post_title\"><a href=\"https:\/\/www.ceoforlifeawards.com\/it\/blog\/luca-ciriani-ministro-per-i-rapporti-con-il-parlamento-ai-ceoforlife-awards-2023-ceoforlife-un-dibattito-interessante-per-risolvere-problemi-strategici-del-paese\/\">CIRIANI: <span>&#8220;CEOforLIFE, un dibattito interessante per risolvere problemi strategici del Paese&#8221;<\/span><\/a><\/h3>\n                        <div class=\"jeg_post_meta\">\n\t\t\t\t\t\n                    <div class=\"jeg_meta_date\"><i class=\"fa fa-clock-o\"><\/i> 2 Febbraio 2024<\/div>\n                <\/div>\n                    <\/div>\n\t\t\t\t<\/article>\n\t\t\t\t<\/div><div class=\"jeg_post_wrapper\">\n\t\t\t\t<article class=\"jeg_post format-video\">\n                    <div class=\"jeg_thumb\">\n                        \n                        <a href=\"https:\/\/www.ceoforlifeawards.com\/it\/blog\/dario-nardella-sindaco-di-firenze-ai-ceoforlife-awards-2023-ceoforlife-mette-insieme-energie-provenienti-da-istituzioni-e-realta-diverse-della-societa-e-delleconomia\/\"><div class=\"thumbnail-container  size-715 \"><img loading=\"lazy\" loading=\"lazy\" width=\"350\" height=\"250\" src=\"https:\/\/www.ceoforlifeawards.com\/it\/wp-content\/uploads\/sites\/3\/2023\/10\/nardella-interv-350x250.jpg\" class=\"attachment-jnews-350x250 size-jnews-350x250 wp-post-image\" alt=\"\" srcset=\"https:\/\/www.ceoforlifeawards.com\/it\/wp-content\/uploads\/sites\/3\/2023\/10\/nardella-interv-350x250.jpg 350w, https:\/\/www.ceoforlifeawards.com\/it\/wp-content\/uploads\/sites\/3\/2023\/10\/nardella-interv-120x86.jpg 120w, https:\/\/www.ceoforlifeawards.com\/it\/wp-content\/uploads\/sites\/3\/2023\/10\/nardella-interv-750x536.jpg 750w, https:\/\/www.ceoforlifeawards.com\/it\/wp-content\/uploads\/sites\/3\/2023\/10\/nardella-interv-1140x815.jpg 1140w\" sizes=\"(max-width: 350px) 100vw, 350px\" \/><\/div><\/a>\n                    <\/div>\n                    <div class=\"jeg_postblock_content\">\n                        <h3 class=\"jeg_post_title\"><a href=\"https:\/\/www.ceoforlifeawards.com\/it\/blog\/dario-nardella-sindaco-di-firenze-ai-ceoforlife-awards-2023-ceoforlife-mette-insieme-energie-provenienti-da-istituzioni-e-realta-diverse-della-societa-e-delleconomia\/\">NARDELLA: <span>&#8220;CEOforLIFE mette insieme energie provenienti da istituzioni e realt\u00e0 diverse della societ\u00e0 e dell&#8217;economia&#8221;<\/span><\/a><\/h3>\n                        <div class=\"jeg_post_meta\">\n\t\t\t\t\t\n                    <div class=\"jeg_meta_date\"><i class=\"fa fa-clock-o\"><\/i> 2 Febbraio 2024<\/div>\n                <\/div>\n                    <\/div>\n\t\t\t\t<\/article>\n\t\t\t\t<\/div><div class=\"jeg_post_wrapper\">\n\t\t\t\t<article class=\"jeg_post format-video\">\n                    <div class=\"jeg_thumb\">\n                        \n                        <a href=\"https:\/\/www.ceoforlifeawards.com\/it\/blog\/giorgio-mule-vice-presidente-della-camera-dei-deputati-ai-ceoforlife-awards-2023-la-sostenibilita-e-qualcosa-che-attiene-alla-vita-stessa-delle-persone\/\"><div class=\"thumbnail-container  size-715 \"><img loading=\"lazy\" loading=\"lazy\" width=\"350\" height=\"250\" src=\"https:\/\/www.ceoforlifeawards.com\/it\/wp-content\/uploads\/sites\/3\/2023\/11\/Immagine3-3-350x250.jpg\" class=\"attachment-jnews-350x250 size-jnews-350x250 wp-post-image\" alt=\"\" srcset=\"https:\/\/www.ceoforlifeawards.com\/it\/wp-content\/uploads\/sites\/3\/2023\/11\/Immagine3-3-350x250.jpg 350w, https:\/\/www.ceoforlifeawards.com\/it\/wp-content\/uploads\/sites\/3\/2023\/11\/Immagine3-3-120x86.jpg 120w, https:\/\/www.ceoforlifeawards.com\/it\/wp-content\/uploads\/sites\/3\/2023\/11\/Immagine3-3-750x536.jpg 750w, https:\/\/www.ceoforlifeawards.com\/it\/wp-content\/uploads\/sites\/3\/2023\/11\/Immagine3-3-1140x815.jpg 1140w\" sizes=\"(max-width: 350px) 100vw, 350px\" \/><\/div><\/a>\n                    <\/div>\n                    <div class=\"jeg_postblock_content\">\n                        <h3 class=\"jeg_post_title\"><a href=\"https:\/\/www.ceoforlifeawards.com\/it\/blog\/giorgio-mule-vice-presidente-della-camera-dei-deputati-ai-ceoforlife-awards-2023-la-sostenibilita-e-qualcosa-che-attiene-alla-vita-stessa-delle-persone\/\">MULE&#8217;: <span>&#8220;La sostenibilit\u00e0 \u00e8 qualcosa che attiene alla vita stessa delle persone&#8221;<\/span><\/a><\/h3>\n                        <div class=\"jeg_post_meta\">\n\t\t\t\t\t\n                    <div class=\"jeg_meta_date\"><i class=\"fa fa-clock-o\"><\/i> 2 Febbraio 2024<\/div>\n                <\/div>\n                    <\/div>\n\t\t\t\t<\/article>\n\t\t\t\t<\/div><div class=\"jeg_post_wrapper\">\n\t\t\t\t<article class=\"jeg_post format-video\">\n                    <div class=\"jeg_thumb\">\n                        \n                        <a href=\"https:\/\/www.ceoforlifeawards.com\/it\/blog\/sandra-savino-sottosegretario-ministero-delleconomia-e-delle-finanze-ai-ceoforlife-awards-2023-ceoforlife-unattivita-importante-per-creare-occasioni-uniche-di-ascolto-per-la-politica\/\"><div class=\"thumbnail-container  size-715 \"><img loading=\"lazy\" loading=\"lazy\" width=\"350\" height=\"250\" src=\"https:\/\/www.ceoforlifeawards.com\/it\/wp-content\/uploads\/sites\/3\/2023\/10\/Immagine1-13-350x250.jpg\" class=\"attachment-jnews-350x250 size-jnews-350x250 wp-post-image\" alt=\"\" srcset=\"https:\/\/www.ceoforlifeawards.com\/it\/wp-content\/uploads\/sites\/3\/2023\/10\/Immagine1-13-350x250.jpg 350w, https:\/\/www.ceoforlifeawards.com\/it\/wp-content\/uploads\/sites\/3\/2023\/10\/Immagine1-13-120x86.jpg 120w, https:\/\/www.ceoforlifeawards.com\/it\/wp-content\/uploads\/sites\/3\/2023\/10\/Immagine1-13-750x536.jpg 750w\" sizes=\"(max-width: 350px) 100vw, 350px\" \/><\/div><\/a>\n                    <\/div>\n                    <div class=\"jeg_postblock_content\">\n                        <h3 class=\"jeg_post_title\"><a href=\"https:\/\/www.ceoforlifeawards.com\/it\/blog\/sandra-savino-sottosegretario-ministero-delleconomia-e-delle-finanze-ai-ceoforlife-awards-2023-ceoforlife-unattivita-importante-per-creare-occasioni-uniche-di-ascolto-per-la-politica\/\">SAVINO: <span>&#8220;CEOforLIFE, un&#8217;attivit\u00e0 importante per creare occasioni uniche di ascolto per la politica&#8221;<\/span><\/a><\/h3>\n                        <div class=\"jeg_post_meta\">\n\t\t\t\t\t\n                    <div class=\"jeg_meta_date\"><i class=\"fa fa-clock-o\"><\/i> 2 Febbraio 2024<\/div>\n                <\/div>\n                    <\/div>\n\t\t\t\t<\/article>\n\t\t\t\t<\/div><div class=\"jeg_post_wrapper\">\n\t\t\t\t<article class=\"jeg_post format-video\">\n                    <div class=\"jeg_thumb\">\n                        \n                        <a href=\"https:\/\/www.ceoforlifeawards.com\/it\/blog\/vittorio-sgarbi-sottosegretario-alla-cultura-ai-ceoforlife-awards-2023-un-parlamentare-puo-trovare-qui-un-luogo-in-cui-essere-contemporaneamente-in-azione-alla-camera-e-suggestioni-e-stimoli\/\"><div class=\"thumbnail-container  size-715 \"><img loading=\"lazy\" loading=\"lazy\" width=\"350\" height=\"250\" src=\"https:\/\/www.ceoforlifeawards.com\/it\/wp-content\/uploads\/sites\/3\/2023\/10\/sgarbi-350x250.jpg\" class=\"attachment-jnews-350x250 size-jnews-350x250 wp-post-image\" alt=\"\" srcset=\"https:\/\/www.ceoforlifeawards.com\/it\/wp-content\/uploads\/sites\/3\/2023\/10\/sgarbi-350x250.jpg 350w, https:\/\/www.ceoforlifeawards.com\/it\/wp-content\/uploads\/sites\/3\/2023\/10\/sgarbi-120x86.jpg 120w, https:\/\/www.ceoforlifeawards.com\/it\/wp-content\/uploads\/sites\/3\/2023\/10\/sgarbi-750x536.jpg 750w, https:\/\/www.ceoforlifeawards.com\/it\/wp-content\/uploads\/sites\/3\/2023\/10\/sgarbi-1140x815.jpg 1140w\" sizes=\"(max-width: 350px) 100vw, 350px\" \/><\/div><\/a>\n                    <\/div>\n                    <div class=\"jeg_postblock_content\">\n                        <h3 class=\"jeg_post_title\"><a href=\"https:\/\/www.ceoforlifeawards.com\/it\/blog\/vittorio-sgarbi-sottosegretario-alla-cultura-ai-ceoforlife-awards-2023-un-parlamentare-puo-trovare-qui-un-luogo-in-cui-essere-contemporaneamente-in-azione-alla-camera-e-suggestioni-e-stimoli\/\">SGARBI: <span>&#8220;CEOforLIFE \u00e8 l\u2019anticamera di una Commissione\u00a0Parlamentare\u201d<\/span><\/a><\/h3>\n                        <div class=\"jeg_post_meta\">\n\t\t\t\t\t\n                    <div class=\"jeg_meta_date\"><i class=\"fa fa-clock-o\"><\/i> 2 Febbraio 2024<\/div>\n                <\/div>\n                    <\/div>\n\t\t\t\t<\/article>\n\t\t\t\t<\/div><div class=\"jeg_post_wrapper\">\n\t\t\t\t<article class=\"jeg_post format-video\">\n                    <div class=\"jeg_thumb\">\n                        \n                        <a href=\"https:\/\/www.ceoforlifeawards.com\/it\/blog\/on-maurizio-lupi-ai-ceoforlife-awards-2023-ceoforlife-e-uniniziativa-che-va-nella-direzione-giusta\/\"><div class=\"thumbnail-container  size-715 \"><img loading=\"lazy\" loading=\"lazy\" width=\"350\" height=\"250\" src=\"https:\/\/www.ceoforlifeawards.com\/it\/wp-content\/uploads\/sites\/3\/2023\/10\/lupi-350x250.jpg\" class=\"attachment-jnews-350x250 size-jnews-350x250 wp-post-image\" alt=\"\" srcset=\"https:\/\/www.ceoforlifeawards.com\/it\/wp-content\/uploads\/sites\/3\/2023\/10\/lupi-350x250.jpg 350w, https:\/\/www.ceoforlifeawards.com\/it\/wp-content\/uploads\/sites\/3\/2023\/10\/lupi-120x86.jpg 120w, https:\/\/www.ceoforlifeawards.com\/it\/wp-content\/uploads\/sites\/3\/2023\/10\/lupi-750x536.jpg 750w, https:\/\/www.ceoforlifeawards.com\/it\/wp-content\/uploads\/sites\/3\/2023\/10\/lupi-1140x815.jpg 1140w\" sizes=\"(max-width: 350px) 100vw, 350px\" \/><\/div><\/a>\n                    <\/div>\n                    <div class=\"jeg_postblock_content\">\n                        <h3 class=\"jeg_post_title\"><a href=\"https:\/\/www.ceoforlifeawards.com\/it\/blog\/on-maurizio-lupi-ai-ceoforlife-awards-2023-ceoforlife-e-uniniziativa-che-va-nella-direzione-giusta\/\">LUPI: <span>&#8220;CEOforLIFE \u00e8 un&#8217;iniziativa che va nella direzione giusta&#8221;<\/span><\/a><\/h3>\n                        <div class=\"jeg_post_meta\">\n\t\t\t\t\t\n                    <div class=\"jeg_meta_date\"><i class=\"fa fa-clock-o\"><\/i> 2 Febbraio 2024<\/div>\n                <\/div>\n                    <\/div>\n\t\t\t\t<\/article>\n\t\t\t\t<\/div><div class=\"jeg_post_wrapper\">\n\t\t\t\t<article class=\"jeg_post format-video\">\n                    <div class=\"jeg_thumb\">\n                        \n                        <a href=\"https:\/\/www.ceoforlifeawards.com\/it\/blog\/stefano-bonaccini-presidente-regione-emilia-romagna-ai-ceoforlife-awards-2023-ceoforlife-e-utile-per-avvicinare-le-istituzioni-alle-necessita-e-ai-bisogni-del-privato\/\"><div class=\"thumbnail-container  size-715 \"><img loading=\"lazy\" loading=\"lazy\" width=\"350\" height=\"250\" src=\"https:\/\/www.ceoforlifeawards.com\/it\/wp-content\/uploads\/sites\/3\/2023\/11\/Immagine4-3-350x250.jpg\" class=\"attachment-jnews-350x250 size-jnews-350x250 wp-post-image\" alt=\"\" srcset=\"https:\/\/www.ceoforlifeawards.com\/it\/wp-content\/uploads\/sites\/3\/2023\/11\/Immagine4-3-350x250.jpg 350w, https:\/\/www.ceoforlifeawards.com\/it\/wp-content\/uploads\/sites\/3\/2023\/11\/Immagine4-3-120x86.jpg 120w, https:\/\/www.ceoforlifeawards.com\/it\/wp-content\/uploads\/sites\/3\/2023\/11\/Immagine4-3-750x536.jpg 750w, https:\/\/www.ceoforlifeawards.com\/it\/wp-content\/uploads\/sites\/3\/2023\/11\/Immagine4-3-1140x815.jpg 1140w\" sizes=\"(max-width: 350px) 100vw, 350px\" \/><\/div><\/a>\n                    <\/div>\n                    <div class=\"jeg_postblock_content\">\n                        <h3 class=\"jeg_post_title\"><a href=\"https:\/\/www.ceoforlifeawards.com\/it\/blog\/stefano-bonaccini-presidente-regione-emilia-romagna-ai-ceoforlife-awards-2023-ceoforlife-e-utile-per-avvicinare-le-istituzioni-alle-necessita-e-ai-bisogni-del-privato\/\">BONACCINI: <span>&#8220;CEOforLIFE \u00e8 utile per avvicinare le Istituzioni alle necessit\u00e0 e ai bisogni del privato&#8221;<\/span><\/a><\/h3>\n                        <div class=\"jeg_post_meta\">\n\t\t\t\t\t\n                    <div class=\"jeg_meta_date\"><i class=\"fa fa-clock-o\"><\/i> 2 Febbraio 2024<\/div>\n                <\/div>\n                    <\/div>\n\t\t\t\t<\/article>\n\t\t\t\t<\/div><div class=\"jeg_post_wrapper\">\n\t\t\t\t<article class=\"jeg_post format-video\">\n                    <div class=\"jeg_thumb\">\n                        \n                        <a href=\"https:\/\/www.ceoforlifeawards.com\/it\/blog\/cirio-opportuno-premiare-le-persone-che-si-impegnano-concretamente-per-la-sostenibilita-che-deve-diventare-un-elemento-fondamentale-della-nostra-cultura-2\/\"><div class=\"thumbnail-container  size-715 \"><img loading=\"lazy\" loading=\"lazy\" width=\"350\" height=\"250\" src=\"https:\/\/www.ceoforlifeawards.com\/it\/wp-content\/uploads\/sites\/3\/2023\/10\/Immagine1-22-350x250.jpg\" class=\"attachment-jnews-350x250 size-jnews-350x250 wp-post-image\" alt=\"\" srcset=\"https:\/\/www.ceoforlifeawards.com\/it\/wp-content\/uploads\/sites\/3\/2023\/10\/Immagine1-22-350x250.jpg 350w, https:\/\/www.ceoforlifeawards.com\/it\/wp-content\/uploads\/sites\/3\/2023\/10\/Immagine1-22-120x86.jpg 120w, https:\/\/www.ceoforlifeawards.com\/it\/wp-content\/uploads\/sites\/3\/2023\/10\/Immagine1-22-750x536.jpg 750w, https:\/\/www.ceoforlifeawards.com\/it\/wp-content\/uploads\/sites\/3\/2023\/10\/Immagine1-22-1140x815.jpg 1140w\" sizes=\"(max-width: 350px) 100vw, 350px\" \/><\/div><\/a>\n                    <\/div>\n                    <div class=\"jeg_postblock_content\">\n                        <h3 class=\"jeg_post_title\"><a href=\"https:\/\/www.ceoforlifeawards.com\/it\/blog\/cirio-opportuno-premiare-le-persone-che-si-impegnano-concretamente-per-la-sostenibilita-che-deve-diventare-un-elemento-fondamentale-della-nostra-cultura-2\/\">CIRIO: <span>&#8220;La sostenibilit\u00e0 deve diventare un elemento fondamentale della nostra cultura\u201d<\/span><\/a><\/h3>\n                        <div class=\"jeg_post_meta\">\n\t\t\t\t\t\n                    <div class=\"jeg_meta_date\"><i class=\"fa fa-clock-o\"><\/i> 6 Giugno 2024<\/div>\n                <\/div>\n                    <\/div>\n\t\t\t\t<\/article>\n\t\t\t\t<\/div><div class=\"jeg_post_wrapper\">\n\t\t\t\t<article class=\"jeg_post format-video\">\n                    <div class=\"jeg_thumb\">\n                        \n                        <a href=\"https:\/\/www.ceoforlifeawards.com\/it\/blog\/giovanni-malago-presidente-coni-ai-ceoforlife-awards-2023-in-ceoforlife-ce-attenzione-nel-catturare-le-dinamiche-che-riguardano-la-societa\/\"><div class=\"thumbnail-container  size-715 \"><img loading=\"lazy\" loading=\"lazy\" width=\"350\" height=\"250\" src=\"https:\/\/www.ceoforlifeawards.com\/it\/wp-content\/uploads\/sites\/3\/2023\/10\/Immagine1-14-350x250.jpg\" class=\"attachment-jnews-350x250 size-jnews-350x250 wp-post-image\" alt=\"\" srcset=\"https:\/\/www.ceoforlifeawards.com\/it\/wp-content\/uploads\/sites\/3\/2023\/10\/Immagine1-14-350x250.jpg 350w, https:\/\/www.ceoforlifeawards.com\/it\/wp-content\/uploads\/sites\/3\/2023\/10\/Immagine1-14-120x86.jpg 120w, https:\/\/www.ceoforlifeawards.com\/it\/wp-content\/uploads\/sites\/3\/2023\/10\/Immagine1-14-750x536.jpg 750w, https:\/\/www.ceoforlifeawards.com\/it\/wp-content\/uploads\/sites\/3\/2023\/10\/Immagine1-14-1140x815.jpg 1140w\" sizes=\"(max-width: 350px) 100vw, 350px\" \/><\/div><\/a>\n                    <\/div>\n                    <div class=\"jeg_postblock_content\">\n                        <h3 class=\"jeg_post_title\"><a href=\"https:\/\/www.ceoforlifeawards.com\/it\/blog\/giovanni-malago-presidente-coni-ai-ceoforlife-awards-2023-in-ceoforlife-ce-attenzione-nel-catturare-le-dinamiche-che-riguardano-la-societa\/\">MALAGO&#8217;: <span>&#8220;In CEOforLIFE c&#8217;\u00e8 attenzione nel catturare le dinamiche che riguardano la societ\u00e0&#8221;<\/span><\/a><\/h3>\n                        <div class=\"jeg_post_meta\">\n\t\t\t\t\t\n                    <div class=\"jeg_meta_date\"><i class=\"fa fa-clock-o\"><\/i> 2 Febbraio 2024<\/div>\n                <\/div>\n                    <\/div>\n\t\t\t\t<\/article>\n\t\t\t\t<\/div><div class=\"jeg_post_wrapper\">\n\t\t\t\t<article class=\"jeg_post format-video\">\n                    <div class=\"jeg_thumb\">\n                        \n                        <a href=\"https:\/\/www.ceoforlifeawards.com\/it\/blog\/elisabetta-gardini-fratelli-ditalia-ai-ceoforlife-awards-2023-la-giornata-di-lavoro-promossa-da-ceoforlife-e-molto-interessante-e-proficua\/\"><div class=\"thumbnail-container  size-715 \"><img loading=\"lazy\" loading=\"lazy\" width=\"350\" height=\"250\" src=\"https:\/\/www.ceoforlifeawards.com\/it\/wp-content\/uploads\/sites\/3\/2023\/11\/Immagine1-8-350x250.jpg\" class=\"attachment-jnews-350x250 size-jnews-350x250 wp-post-image\" alt=\"\" srcset=\"https:\/\/www.ceoforlifeawards.com\/it\/wp-content\/uploads\/sites\/3\/2023\/11\/Immagine1-8-350x250.jpg 350w, https:\/\/www.ceoforlifeawards.com\/it\/wp-content\/uploads\/sites\/3\/2023\/11\/Immagine1-8-120x86.jpg 120w, https:\/\/www.ceoforlifeawards.com\/it\/wp-content\/uploads\/sites\/3\/2023\/11\/Immagine1-8-750x536.jpg 750w, https:\/\/www.ceoforlifeawards.com\/it\/wp-content\/uploads\/sites\/3\/2023\/11\/Immagine1-8-1140x815.jpg 1140w\" sizes=\"(max-width: 350px) 100vw, 350px\" \/><\/div><\/a>\n                    <\/div>\n                    <div class=\"jeg_postblock_content\">\n                        <h3 class=\"jeg_post_title\"><a href=\"https:\/\/www.ceoforlifeawards.com\/it\/blog\/elisabetta-gardini-fratelli-ditalia-ai-ceoforlife-awards-2023-la-giornata-di-lavoro-promossa-da-ceoforlife-e-molto-interessante-e-proficua\/\">Gardini: <span>&#8220;La giornata di lavoro promossa da CEOforLIFE \u00e8 molto interessante e proficua&#8221;<\/span><\/a><\/h3>\n                        <div class=\"jeg_post_meta\">\n\t\t\t\t\t\n                    <div class=\"jeg_meta_date\"><i class=\"fa fa-clock-o\"><\/i> 2 Febbraio 2024<\/div>\n                <\/div>\n                    <\/div>\n\t\t\t\t<\/article>\n\t\t\t\t<\/div><div class=\"jeg_post_wrapper\">\n\t\t\t\t<article class=\"jeg_post format-video\">\n                    <div class=\"jeg_thumb\">\n                        \n                        <a href=\"https:\/\/www.ceoforlifeawards.com\/it\/blog\/riccardo-di-stefano-giovani-imprenditori-di-confindustria-ai-ceoforlife-awards-2023-ceoforlife-unoccasione-per-parlare-di-sostenibilita-e-del-futuro-di-giovani-donne\/\"><div class=\"thumbnail-container  size-715 \"><img loading=\"lazy\" loading=\"lazy\" width=\"350\" height=\"250\" src=\"https:\/\/www.ceoforlifeawards.com\/it\/wp-content\/uploads\/sites\/3\/2023\/10\/Immagine12-1-350x250.jpg\" class=\"attachment-jnews-350x250 size-jnews-350x250 wp-post-image\" alt=\"\" srcset=\"https:\/\/www.ceoforlifeawards.com\/it\/wp-content\/uploads\/sites\/3\/2023\/10\/Immagine12-1-350x250.jpg 350w, https:\/\/www.ceoforlifeawards.com\/it\/wp-content\/uploads\/sites\/3\/2023\/10\/Immagine12-1-120x86.jpg 120w, https:\/\/www.ceoforlifeawards.com\/it\/wp-content\/uploads\/sites\/3\/2023\/10\/Immagine12-1-750x536.jpg 750w, https:\/\/www.ceoforlifeawards.com\/it\/wp-content\/uploads\/sites\/3\/2023\/10\/Immagine12-1-1140x815.jpg 1140w\" sizes=\"(max-width: 350px) 100vw, 350px\" \/><\/div><\/a>\n                    <\/div>\n                    <div class=\"jeg_postblock_content\">\n                        <h3 class=\"jeg_post_title\"><a href=\"https:\/\/www.ceoforlifeawards.com\/it\/blog\/riccardo-di-stefano-giovani-imprenditori-di-confindustria-ai-ceoforlife-awards-2023-ceoforlife-unoccasione-per-parlare-di-sostenibilita-e-del-futuro-di-giovani-donne\/\">Di Stefano: <span>&#8220;CEOforLIFE, un&#8217;occasione per parlare di sostenibilit\u00e0 e del futuro di giovani donne&#8221;<\/span><\/a><\/h3>\n                        <div class=\"jeg_post_meta\">\n\t\t\t\t\t\n                    <div class=\"jeg_meta_date\"><i class=\"fa fa-clock-o\"><\/i> 2 Febbraio 2024<\/div>\n                <\/div>\n                    <\/div>\n\t\t\t\t<\/article>\n\t\t\t\t<\/div><div class=\"jeg_post_wrapper\">\n\t\t\t\t<article class=\"jeg_post format-video\">\n                    <div class=\"jeg_thumb\">\n                        \n                        <a href=\"https:\/\/www.ceoforlifeawards.com\/it\/blog\/enrico-giovannini-asvis-ai-ceoforlife-awards-2023-ceoforlife-dimostra-che-tante-imprese-italiane-investono-nello-sviluppo-sostenibile\/\"><div class=\"thumbnail-container  size-715 \"><img loading=\"lazy\" loading=\"lazy\" width=\"350\" height=\"250\" src=\"https:\/\/www.ceoforlifeawards.com\/it\/wp-content\/uploads\/sites\/3\/2023\/10\/Immagine3-11-350x250.jpg\" class=\"attachment-jnews-350x250 size-jnews-350x250 wp-post-image\" alt=\"\" srcset=\"https:\/\/www.ceoforlifeawards.com\/it\/wp-content\/uploads\/sites\/3\/2023\/10\/Immagine3-11-350x250.jpg 350w, https:\/\/www.ceoforlifeawards.com\/it\/wp-content\/uploads\/sites\/3\/2023\/10\/Immagine3-11-120x86.jpg 120w, https:\/\/www.ceoforlifeawards.com\/it\/wp-content\/uploads\/sites\/3\/2023\/10\/Immagine3-11-750x536.jpg 750w, https:\/\/www.ceoforlifeawards.com\/it\/wp-content\/uploads\/sites\/3\/2023\/10\/Immagine3-11-1140x815.jpg 1140w\" sizes=\"(max-width: 350px) 100vw, 350px\" \/><\/div><\/a>\n                    <\/div>\n                    <div class=\"jeg_postblock_content\">\n                        <h3 class=\"jeg_post_title\"><a href=\"https:\/\/www.ceoforlifeawards.com\/it\/blog\/enrico-giovannini-asvis-ai-ceoforlife-awards-2023-ceoforlife-dimostra-che-tante-imprese-italiane-investono-nello-sviluppo-sostenibile\/\">Giovannini: <span>&#8220;CEOforLIFE dimostra che tante imprese italiane investono nello sviluppo sostenibile&#8221;<\/span><\/a><\/h3>\n                        <div class=\"jeg_post_meta\">\n\t\t\t\t\t\n                    <div class=\"jeg_meta_date\"><i class=\"fa fa-clock-o\"><\/i> 2 Febbraio 2024<\/div>\n                <\/div>\n                    <\/div>\n\t\t\t\t<\/article>\n\t\t\t\t<\/div><div class=\"jeg_post_wrapper\">\n\t\t\t\t<article class=\"jeg_post format-video\">\n                    <div class=\"jeg_thumb\">\n                        \n                        <a href=\"https:\/\/www.ceoforlifeawards.com\/it\/blog\/on-lia-quartapelle-ai-ceoforlife-awards-2023-ceoforlife-e-un-luogo-di-confronto-non-partisan-ed-estremamente-utile\/\"><div class=\"thumbnail-container  size-715 \"><img loading=\"lazy\" loading=\"lazy\" width=\"350\" height=\"250\" src=\"https:\/\/www.ceoforlifeawards.com\/it\/wp-content\/uploads\/sites\/3\/2023\/10\/quartapelle-350x250.jpg\" class=\"attachment-jnews-350x250 size-jnews-350x250 wp-post-image\" alt=\"\" srcset=\"https:\/\/www.ceoforlifeawards.com\/it\/wp-content\/uploads\/sites\/3\/2023\/10\/quartapelle-350x250.jpg 350w, https:\/\/www.ceoforlifeawards.com\/it\/wp-content\/uploads\/sites\/3\/2023\/10\/quartapelle-120x86.jpg 120w, https:\/\/www.ceoforlifeawards.com\/it\/wp-content\/uploads\/sites\/3\/2023\/10\/quartapelle-750x536.jpg 750w\" sizes=\"(max-width: 350px) 100vw, 350px\" \/><\/div><\/a>\n                    <\/div>\n                    <div class=\"jeg_postblock_content\">\n                        <h3 class=\"jeg_post_title\"><a href=\"https:\/\/www.ceoforlifeawards.com\/it\/blog\/on-lia-quartapelle-ai-ceoforlife-awards-2023-ceoforlife-e-un-luogo-di-confronto-non-partisan-ed-estremamente-utile\/\">QUARTAPELLE: <span>&#8220;CEOforLIFE \u00e8 un luogo di confronto, non partisan ed estremamente utile&#8221;<\/span><\/a><\/h3>\n                        <div class=\"jeg_post_meta\">\n\t\t\t\t\t\n                    <div class=\"jeg_meta_date\"><i class=\"fa fa-clock-o\"><\/i> 2 Febbraio 2024<\/div>\n                <\/div>\n                    <\/div>\n\t\t\t\t<\/article>\n\t\t\t\t<\/div><div class=\"jeg_post_wrapper\">\n\t\t\t\t<article class=\"jeg_post format-video\">\n                    <div class=\"jeg_thumb\">\n                        \n                        <a href=\"https:\/\/www.ceoforlifeawards.com\/it\/blog\/chicco-testa-fise-assoambiente-ai-ceoforlife-awards-2023-ceoforlife-un-network-per-discutere-di-sviluppo-sostenibile\/\"><div class=\"thumbnail-container  size-715 \"><img loading=\"lazy\" loading=\"lazy\" width=\"350\" height=\"250\" src=\"https:\/\/www.ceoforlifeawards.com\/it\/wp-content\/uploads\/sites\/3\/2023\/10\/Immagine4-5-350x250.jpg\" class=\"attachment-jnews-350x250 size-jnews-350x250 wp-post-image\" alt=\"\" srcset=\"https:\/\/www.ceoforlifeawards.com\/it\/wp-content\/uploads\/sites\/3\/2023\/10\/Immagine4-5-350x250.jpg 350w, https:\/\/www.ceoforlifeawards.com\/it\/wp-content\/uploads\/sites\/3\/2023\/10\/Immagine4-5-120x86.jpg 120w, https:\/\/www.ceoforlifeawards.com\/it\/wp-content\/uploads\/sites\/3\/2023\/10\/Immagine4-5-750x536.jpg 750w, https:\/\/www.ceoforlifeawards.com\/it\/wp-content\/uploads\/sites\/3\/2023\/10\/Immagine4-5-1140x815.jpg 1140w\" sizes=\"(max-width: 350px) 100vw, 350px\" \/><\/div><\/a>\n                    <\/div>\n                    <div class=\"jeg_postblock_content\">\n                        <h3 class=\"jeg_post_title\"><a href=\"https:\/\/www.ceoforlifeawards.com\/it\/blog\/chicco-testa-fise-assoambiente-ai-ceoforlife-awards-2023-ceoforlife-un-network-per-discutere-di-sviluppo-sostenibile\/\">TESTA: <span>&#8220;CEOforLIFE, un network per discutere di sviluppo sostenibile&#8221;<\/span><\/a><\/h3>\n                        <div class=\"jeg_post_meta\">\n\t\t\t\t\t\n                    <div class=\"jeg_meta_date\"><i class=\"fa fa-clock-o\"><\/i> 2 Febbraio 2024<\/div>\n                <\/div>\n                    <\/div>\n\t\t\t\t<\/article>\n\t\t\t\t<\/div><div class=\"jeg_post_wrapper\">\n\t\t\t\t<article class=\"jeg_post format-video\">\n                    <div class=\"jeg_thumb\">\n                        \n                        <a href=\"https:\/\/www.ceoforlifeawards.com\/it\/blog\/on-alessandro-cattaneo-ai-ceoforlife-awards-2023-ceoforlife-e-uniniziativa-davvero-meritoria\/\"><div class=\"thumbnail-container  size-715 \"><img loading=\"lazy\" loading=\"lazy\" width=\"350\" height=\"250\" src=\"https:\/\/www.ceoforlifeawards.com\/it\/wp-content\/uploads\/sites\/3\/2023\/10\/cattaneo-350x250.jpg\" class=\"attachment-jnews-350x250 size-jnews-350x250 wp-post-image\" alt=\"\" srcset=\"https:\/\/www.ceoforlifeawards.com\/it\/wp-content\/uploads\/sites\/3\/2023\/10\/cattaneo-350x250.jpg 350w, https:\/\/www.ceoforlifeawards.com\/it\/wp-content\/uploads\/sites\/3\/2023\/10\/cattaneo-120x86.jpg 120w, https:\/\/www.ceoforlifeawards.com\/it\/wp-content\/uploads\/sites\/3\/2023\/10\/cattaneo-750x536.jpg 750w, https:\/\/www.ceoforlifeawards.com\/it\/wp-content\/uploads\/sites\/3\/2023\/10\/cattaneo-1140x815.jpg 1140w\" sizes=\"(max-width: 350px) 100vw, 350px\" \/><\/div><\/a>\n                    <\/div>\n                    <div class=\"jeg_postblock_content\">\n                        <h3 class=\"jeg_post_title\"><a href=\"https:\/\/www.ceoforlifeawards.com\/it\/blog\/on-alessandro-cattaneo-ai-ceoforlife-awards-2023-ceoforlife-e-uniniziativa-davvero-meritoria\/\">CATTANEO: <span>&#8220;CEOforLIFE \u00e8 un&#8217;iniziativa davvero meritoria&#8221;<\/span><\/a><\/h3>\n                        <div class=\"jeg_post_meta\">\n\t\t\t\t\t\n                    <div class=\"jeg_meta_date\"><i class=\"fa fa-clock-o\"><\/i> 2 Febbraio 2024<\/div>\n                <\/div>\n                    <\/div>\n\t\t\t\t<\/article>\n\t\t\t\t<\/div><div class=\"jeg_post_wrapper\">\n\t\t\t\t<article class=\"jeg_post format-video\">\n                    <div class=\"jeg_thumb\">\n                        \n                        <a href=\"https:\/\/www.ceoforlifeawards.com\/it\/blog\/antonella-polimeni-rettrice-universita-di-roma-la-sapienza-ceoforlife-focus-sulla-sostenibilita-che-coinvolge-istituzioni-e-aziende\/\"><div class=\"thumbnail-container  size-715 \"><img loading=\"lazy\" loading=\"lazy\" width=\"350\" height=\"250\" src=\"https:\/\/www.ceoforlifeawards.com\/it\/wp-content\/uploads\/sites\/3\/2023\/10\/POLIMENI-350x250.jpg\" class=\"attachment-jnews-350x250 size-jnews-350x250 wp-post-image\" alt=\"\" srcset=\"https:\/\/www.ceoforlifeawards.com\/it\/wp-content\/uploads\/sites\/3\/2023\/10\/POLIMENI-350x250.jpg 350w, https:\/\/www.ceoforlifeawards.com\/it\/wp-content\/uploads\/sites\/3\/2023\/10\/POLIMENI-120x86.jpg 120w, https:\/\/www.ceoforlifeawards.com\/it\/wp-content\/uploads\/sites\/3\/2023\/10\/POLIMENI-750x536.jpg 750w, https:\/\/www.ceoforlifeawards.com\/it\/wp-content\/uploads\/sites\/3\/2023\/10\/POLIMENI-1140x815.jpg 1140w\" sizes=\"(max-width: 350px) 100vw, 350px\" \/><\/div><\/a>\n                    <\/div>\n                    <div class=\"jeg_postblock_content\">\n                        <h3 class=\"jeg_post_title\"><a href=\"https:\/\/www.ceoforlifeawards.com\/it\/blog\/antonella-polimeni-rettrice-universita-di-roma-la-sapienza-ceoforlife-focus-sulla-sostenibilita-che-coinvolge-istituzioni-e-aziende\/\">POLIMENI: <span>&#8220;CEOforLIFE, focus sulla sostenibilit\u00e0 che coinvolge istituzioni e aziende&#8221;<\/span><\/a><\/h3>\n                        <div class=\"jeg_post_meta\">\n\t\t\t\t\t\n                    <div class=\"jeg_meta_date\"><i class=\"fa fa-clock-o\"><\/i> 2 Febbraio 2024<\/div>\n                <\/div>\n                    <\/div>\n\t\t\t\t<\/article>\n\t\t\t\t<\/div><div class=\"jeg_post_wrapper\">\n\t\t\t\t<article class=\"jeg_post format-video\">\n                    <div class=\"jeg_thumb\">\n                        \n                        <a href=\"https:\/\/www.ceoforlifeawards.com\/it\/blog\/anders-carsten-damsgaard-ambasciatore-della-danimarca-ai-ceoforlife-awards-2023-questa-e-la-strada-giusta-per-incentivare-allinnovazione-e-alla-sostenibilita\/\"><div class=\"thumbnail-container  size-715 \"><img loading=\"lazy\" loading=\"lazy\" width=\"350\" height=\"250\" src=\"https:\/\/www.ceoforlifeawards.com\/it\/wp-content\/uploads\/sites\/3\/2023\/10\/Immagine6-1-350x250.jpg\" class=\"attachment-jnews-350x250 size-jnews-350x250 wp-post-image\" alt=\"\" srcset=\"https:\/\/www.ceoforlifeawards.com\/it\/wp-content\/uploads\/sites\/3\/2023\/10\/Immagine6-1-350x250.jpg 350w, https:\/\/www.ceoforlifeawards.com\/it\/wp-content\/uploads\/sites\/3\/2023\/10\/Immagine6-1-120x86.jpg 120w, https:\/\/www.ceoforlifeawards.com\/it\/wp-content\/uploads\/sites\/3\/2023\/10\/Immagine6-1-750x536.jpg 750w, https:\/\/www.ceoforlifeawards.com\/it\/wp-content\/uploads\/sites\/3\/2023\/10\/Immagine6-1-1140x815.jpg 1140w\" sizes=\"(max-width: 350px) 100vw, 350px\" \/><\/div><\/a>\n                    <\/div>\n                    <div class=\"jeg_postblock_content\">\n                        <h3 class=\"jeg_post_title\"><a href=\"https:\/\/www.ceoforlifeawards.com\/it\/blog\/anders-carsten-damsgaard-ambasciatore-della-danimarca-ai-ceoforlife-awards-2023-questa-e-la-strada-giusta-per-incentivare-allinnovazione-e-alla-sostenibilita\/\">DAMSGAARD: <span>&#8220;Questa \u00e8 la strada giusta per incentivare all&#8217;innovazione e alla sostenibilit\u00e0&#8221;<\/span><\/a><\/h3>\n                        <div class=\"jeg_post_meta\">\n\t\t\t\t\t\n                    <div class=\"jeg_meta_date\"><i class=\"fa fa-clock-o\"><\/i> 2 Febbraio 2024<\/div>\n                <\/div>\n                    <\/div>\n\t\t\t\t<\/article>\n\t\t\t\t<\/div><div class=\"jeg_post_wrapper\">\n\t\t\t\t<article class=\"jeg_post format-video\">\n                    <div class=\"jeg_thumb\">\n                        \n                        <a href=\"https:\/\/www.ceoforlifeawards.com\/it\/blog\/angela-natale-boeing-ai-ceoforlife-awards-2023-ceoforlife-ha-lobiettivo-di-delineare-nuovi-standard-di-eccellenza\/\"><div class=\"thumbnail-container  size-715 \"><img loading=\"lazy\" loading=\"lazy\" width=\"350\" height=\"250\" src=\"https:\/\/www.ceoforlifeawards.com\/it\/wp-content\/uploads\/sites\/3\/2023\/10\/Immagine5-1-350x250.jpg\" class=\"attachment-jnews-350x250 size-jnews-350x250 wp-post-image\" alt=\"\" srcset=\"https:\/\/www.ceoforlifeawards.com\/it\/wp-content\/uploads\/sites\/3\/2023\/10\/Immagine5-1-350x250.jpg 350w, https:\/\/www.ceoforlifeawards.com\/it\/wp-content\/uploads\/sites\/3\/2023\/10\/Immagine5-1-120x86.jpg 120w, https:\/\/www.ceoforlifeawards.com\/it\/wp-content\/uploads\/sites\/3\/2023\/10\/Immagine5-1-750x536.jpg 750w, https:\/\/www.ceoforlifeawards.com\/it\/wp-content\/uploads\/sites\/3\/2023\/10\/Immagine5-1-1140x815.jpg 1140w\" sizes=\"(max-width: 350px) 100vw, 350px\" \/><\/div><\/a>\n                    <\/div>\n                    <div class=\"jeg_postblock_content\">\n                        <h3 class=\"jeg_post_title\"><a href=\"https:\/\/www.ceoforlifeawards.com\/it\/blog\/angela-natale-boeing-ai-ceoforlife-awards-2023-ceoforlife-ha-lobiettivo-di-delineare-nuovi-standard-di-eccellenza\/\">NATALE: <span>&#8220;CEOforLIFE ha l\u2019obiettivo di delineare nuovi standard di eccellenza&#8221;<\/span><\/a><\/h3>\n                        <div class=\"jeg_post_meta\">\n\t\t\t\t\t\n                    <div class=\"jeg_meta_date\"><i class=\"fa fa-clock-o\"><\/i> 2 Febbraio 2024<\/div>\n                <\/div>\n                    <\/div>\n\t\t\t\t<\/article>\n\t\t\t\t<\/div><div class=\"jeg_post_wrapper\">\n\t\t\t\t<article class=\"jeg_post format-video\">\n                    <div class=\"jeg_thumb\">\n                        \n                        <a href=\"https:\/\/www.ceoforlifeawards.com\/it\/blog\/cesare-damico-damico-societa-di-navigazione-ai-ceoforlife-awards-2023-ceoforlife-mette-insieme-diverse-idee-esperienze-e-persone\/\"><div class=\"thumbnail-container  size-715 \"><img loading=\"lazy\" loading=\"lazy\" width=\"350\" height=\"250\" src=\"https:\/\/www.ceoforlifeawards.com\/it\/wp-content\/uploads\/sites\/3\/2023\/10\/Immagine2-10-350x250.jpg\" class=\"attachment-jnews-350x250 size-jnews-350x250 wp-post-image\" alt=\"\" srcset=\"https:\/\/www.ceoforlifeawards.com\/it\/wp-content\/uploads\/sites\/3\/2023\/10\/Immagine2-10-350x250.jpg 350w, https:\/\/www.ceoforlifeawards.com\/it\/wp-content\/uploads\/sites\/3\/2023\/10\/Immagine2-10-120x86.jpg 120w, https:\/\/www.ceoforlifeawards.com\/it\/wp-content\/uploads\/sites\/3\/2023\/10\/Immagine2-10-750x536.jpg 750w, https:\/\/www.ceoforlifeawards.com\/it\/wp-content\/uploads\/sites\/3\/2023\/10\/Immagine2-10-1140x815.jpg 1140w\" sizes=\"(max-width: 350px) 100vw, 350px\" \/><\/div><\/a>\n                    <\/div>\n                    <div class=\"jeg_postblock_content\">\n                        <h3 class=\"jeg_post_title\"><a href=\"https:\/\/www.ceoforlifeawards.com\/it\/blog\/cesare-damico-damico-societa-di-navigazione-ai-ceoforlife-awards-2023-ceoforlife-mette-insieme-diverse-idee-esperienze-e-persone\/\">d&#8217;AMICO: <span>&#8220;CEOforLIFE mette insieme diverse idee, esperienze e persone\u201d<\/span><\/a><\/h3>\n                        <div class=\"jeg_post_meta\">\n\t\t\t\t\t\n                    <div class=\"jeg_meta_date\"><i class=\"fa fa-clock-o\"><\/i> 2 Febbraio 2024<\/div>\n                <\/div>\n                    <\/div>\n\t\t\t\t<\/article>\n\t\t\t\t<\/div><div class=\"jeg_post_wrapper\">\n\t\t\t\t<article class=\"jeg_post format-video\">\n                    <div class=\"jeg_thumb\">\n                        \n                        <a href=\"https:\/\/www.ceoforlifeawards.com\/it\/blog\/patty-labbate-vicepresidente-commissione-ambiente-camera-dei-deputati-ai-ceoforlife-awards-2023-con-ceoforlife-vediamo-imprese-che-dialogano-con-la-politica\/\"><div class=\"thumbnail-container  size-715 \"><img loading=\"lazy\" loading=\"lazy\" width=\"350\" height=\"250\" src=\"https:\/\/www.ceoforlifeawards.com\/it\/wp-content\/uploads\/sites\/3\/2023\/11\/Immagine5-3-350x250.jpg\" class=\"attachment-jnews-350x250 size-jnews-350x250 wp-post-image\" alt=\"\" srcset=\"https:\/\/www.ceoforlifeawards.com\/it\/wp-content\/uploads\/sites\/3\/2023\/11\/Immagine5-3-350x250.jpg 350w, https:\/\/www.ceoforlifeawards.com\/it\/wp-content\/uploads\/sites\/3\/2023\/11\/Immagine5-3-120x86.jpg 120w, https:\/\/www.ceoforlifeawards.com\/it\/wp-content\/uploads\/sites\/3\/2023\/11\/Immagine5-3-750x536.jpg 750w, https:\/\/www.ceoforlifeawards.com\/it\/wp-content\/uploads\/sites\/3\/2023\/11\/Immagine5-3-1140x815.jpg 1140w\" sizes=\"(max-width: 350px) 100vw, 350px\" \/><\/div><\/a>\n                    <\/div>\n                    <div class=\"jeg_postblock_content\">\n                        <h3 class=\"jeg_post_title\"><a href=\"https:\/\/www.ceoforlifeawards.com\/it\/blog\/patty-labbate-vicepresidente-commissione-ambiente-camera-dei-deputati-ai-ceoforlife-awards-2023-con-ceoforlife-vediamo-imprese-che-dialogano-con-la-politica\/\">L&#8217;Abbate: <span>&#8220;Con CEOforLIFE vediamo imprese che dialogano con la politica&#8221;<\/span><\/a><\/h3>\n                        <div class=\"jeg_post_meta\">\n\t\t\t\t\t\n                    <div class=\"jeg_meta_date\"><i class=\"fa fa-clock-o\"><\/i> 2 Febbraio 2024<\/div>\n                <\/div>\n                    <\/div>\n\t\t\t\t<\/article>\n\t\t\t\t<\/div><div class=\"jeg_post_wrapper\">\n\t\t\t\t<article class=\"jeg_post format-video\">\n                    <div class=\"jeg_thumb\">\n                        \n                        <a href=\"https:\/\/www.ceoforlifeawards.com\/it\/blog\/locatelli-le-prospettive-che-immagino-per-il-futuro-sono-sempre-piu-inclusive\/\"><div class=\"thumbnail-container  size-715 \"><img loading=\"lazy\" loading=\"lazy\" width=\"350\" height=\"250\" src=\"https:\/\/www.ceoforlifeawards.com\/it\/wp-content\/uploads\/sites\/3\/2024\/01\/Immagine1-24-350x250.jpg\" class=\"attachment-jnews-350x250 size-jnews-350x250 wp-post-image\" alt=\"\" srcset=\"https:\/\/www.ceoforlifeawards.com\/it\/wp-content\/uploads\/sites\/3\/2024\/01\/Immagine1-24-350x250.jpg 350w, https:\/\/www.ceoforlifeawards.com\/it\/wp-content\/uploads\/sites\/3\/2024\/01\/Immagine1-24-120x86.jpg 120w, https:\/\/www.ceoforlifeawards.com\/it\/wp-content\/uploads\/sites\/3\/2024\/01\/Immagine1-24-750x536.jpg 750w, https:\/\/www.ceoforlifeawards.com\/it\/wp-content\/uploads\/sites\/3\/2024\/01\/Immagine1-24-1140x815.jpg 1140w\" sizes=\"(max-width: 350px) 100vw, 350px\" \/><\/div><\/a>\n                    <\/div>\n                    <div class=\"jeg_postblock_content\">\n                        <h3 class=\"jeg_post_title\"><a href=\"https:\/\/www.ceoforlifeawards.com\/it\/blog\/locatelli-le-prospettive-che-immagino-per-il-futuro-sono-sempre-piu-inclusive\/\">LOCATELLI: <span>&#8220;Le prospettive che immagino per il futuro sono sempre pi\u00f9 inclusive&#8221;<\/span><\/a><\/h3>\n                        <div class=\"jeg_post_meta\">\n\t\t\t\t\t\n                    <div class=\"jeg_meta_date\"><i class=\"fa fa-clock-o\"><\/i> 2 Febbraio 2024<\/div>\n                <\/div>\n                    <\/div>\n\t\t\t\t<\/article>\n\t\t\t\t<\/div><div class=\"jeg_post_wrapper\">\n\t\t\t\t<article class=\"jeg_post format-standard\">\n                    <div class=\"jeg_thumb\">\n                        \n                        <a href=\"https:\/\/www.ceoforlifeawards.com\/it\/blog\/cirio-opportuno-premiare-le-persone-che-si-impegnano-concretamente-per-la-sostenibilita-che-deve-diventare-un-elemento-fondamentale-della-nostra-cultura\/\"><div class=\"thumbnail-container  size-715 \"><img loading=\"lazy\" loading=\"lazy\" width=\"350\" height=\"250\" src=\"https:\/\/www.ceoforlifeawards.com\/it\/wp-content\/uploads\/sites\/3\/2024\/01\/Immagine1-2-350x250.jpg\" class=\"attachment-jnews-350x250 size-jnews-350x250 wp-post-image\" alt=\"\" srcset=\"https:\/\/www.ceoforlifeawards.com\/it\/wp-content\/uploads\/sites\/3\/2024\/01\/Immagine1-2-350x250.jpg 350w, https:\/\/www.ceoforlifeawards.com\/it\/wp-content\/uploads\/sites\/3\/2024\/01\/Immagine1-2-120x86.jpg 120w, https:\/\/www.ceoforlifeawards.com\/it\/wp-content\/uploads\/sites\/3\/2024\/01\/Immagine1-2-750x536.jpg 750w, https:\/\/www.ceoforlifeawards.com\/it\/wp-content\/uploads\/sites\/3\/2024\/01\/Immagine1-2-1140x815.jpg 1140w\" sizes=\"(max-width: 350px) 100vw, 350px\" \/><\/div><\/a>\n                    <\/div>\n                    <div class=\"jeg_postblock_content\">\n                        <h3 class=\"jeg_post_title\"><a href=\"https:\/\/www.ceoforlifeawards.com\/it\/blog\/cirio-opportuno-premiare-le-persone-che-si-impegnano-concretamente-per-la-sostenibilita-che-deve-diventare-un-elemento-fondamentale-della-nostra-cultura\/\">CIRIO: &#8220;Opportuno premiare le persone che si impegnano concretamente per la sostenibilit\u00e0, che deve diventare un elemento fondamentale della nostra cultura\u201d<\/a><\/h3>\n                        <div class=\"jeg_post_meta\">\n\t\t\t\t\t\n                    <div class=\"jeg_meta_date\"><i class=\"fa fa-clock-o\"><\/i> 21 Ottobre 2024<\/div>\n                <\/div>\n                    <\/div>\n\t\t\t\t<\/article>\n\t\t\t\t<\/div><div class=\"jeg_post_wrapper\">\n\t\t\t\t<article class=\"jeg_post format-standard\">\n                    <div class=\"jeg_thumb\">\n                        \n                        <a href=\"https:\/\/www.ceoforlifeawards.com\/it\/blog\/ceoforlife-awards-2023-recap-25-ottobre-innovation\/\"><div class=\"thumbnail-container  size-715 \"><img loading=\"lazy\" loading=\"lazy\" width=\"350\" height=\"250\" src=\"https:\/\/www.ceoforlifeawards.com\/it\/wp-content\/uploads\/sites\/3\/2023\/10\/Immagine1-16-350x250.jpg\" class=\"attachment-jnews-350x250 size-jnews-350x250 wp-post-image\" alt=\"\" srcset=\"https:\/\/www.ceoforlifeawards.com\/it\/wp-content\/uploads\/sites\/3\/2023\/10\/Immagine1-16-350x250.jpg 350w, https:\/\/www.ceoforlifeawards.com\/it\/wp-content\/uploads\/sites\/3\/2023\/10\/Immagine1-16-120x86.jpg 120w, https:\/\/www.ceoforlifeawards.com\/it\/wp-content\/uploads\/sites\/3\/2023\/10\/Immagine1-16-750x536.jpg 750w, https:\/\/www.ceoforlifeawards.com\/it\/wp-content\/uploads\/sites\/3\/2023\/10\/Immagine1-16-1140x815.jpg 1140w\" sizes=\"(max-width: 350px) 100vw, 350px\" \/><\/div><\/a>\n                    <\/div>\n                    <div class=\"jeg_postblock_content\">\n                        <h3 class=\"jeg_post_title\"><a href=\"https:\/\/www.ceoforlifeawards.com\/it\/blog\/ceoforlife-awards-2023-recap-25-ottobre-innovation\/\">CEOforLIFE Awards 2023: recap 25 Ottobre \u201cInnovation\u201d<\/a><\/h3>\n                        <div class=\"jeg_post_meta\">\n\t\t\t\t\t\n                    <div class=\"jeg_meta_date\"><i class=\"fa fa-clock-o\"><\/i> 27 Ottobre 2023<\/div>\n                <\/div>\n                    <\/div>\n\t\t\t\t<\/article>\n\t\t\t\t<\/div><div class=\"jeg_post_wrapper\">\n\t\t\t\t<article class=\"jeg_post format-video\">\n                    <div class=\"jeg_thumb\">\n                        \n                        <a href=\"https:\/\/www.ceoforlifeawards.com\/it\/blog\/fabio-pompei-deloitte-ai-ceoforlife-awards-2023-ceoforlife-e-un-incontro-fondamentale-per-conoscersi\/\"><div class=\"thumbnail-container  size-715 \"><img loading=\"lazy\" loading=\"lazy\" width=\"350\" height=\"250\" src=\"https:\/\/www.ceoforlifeawards.com\/it\/wp-content\/uploads\/sites\/3\/2023\/10\/Immagine4-7-350x250.jpg\" class=\"attachment-jnews-350x250 size-jnews-350x250 wp-post-image\" alt=\"\" srcset=\"https:\/\/www.ceoforlifeawards.com\/it\/wp-content\/uploads\/sites\/3\/2023\/10\/Immagine4-7-350x250.jpg 350w, https:\/\/www.ceoforlifeawards.com\/it\/wp-content\/uploads\/sites\/3\/2023\/10\/Immagine4-7-120x86.jpg 120w, https:\/\/www.ceoforlifeawards.com\/it\/wp-content\/uploads\/sites\/3\/2023\/10\/Immagine4-7-750x536.jpg 750w, https:\/\/www.ceoforlifeawards.com\/it\/wp-content\/uploads\/sites\/3\/2023\/10\/Immagine4-7-1140x815.jpg 1140w\" sizes=\"(max-width: 350px) 100vw, 350px\" \/><\/div><\/a>\n                    <\/div>\n                    <div class=\"jeg_postblock_content\">\n                        <h3 class=\"jeg_post_title\"><a href=\"https:\/\/www.ceoforlifeawards.com\/it\/blog\/fabio-pompei-deloitte-ai-ceoforlife-awards-2023-ceoforlife-e-un-incontro-fondamentale-per-conoscersi\/\">POMPEI: <span>&#8220;CEOforLIFE \u00e8 un incontro fondamentale per conoscersi&#8221;<\/span><\/a><\/h3>\n                        <div class=\"jeg_post_meta\">\n\t\t\t\t\t\n                    <div class=\"jeg_meta_date\"><i class=\"fa fa-clock-o\"><\/i> 2 Febbraio 2024<\/div>\n                <\/div>\n                    <\/div>\n\t\t\t\t<\/article>\n\t\t\t\t<\/div><div class=\"jeg_post_wrapper\">\n\t\t\t\t<article class=\"jeg_post format-video\">\n                    <div class=\"jeg_thumb\">\n                        \n                        <a href=\"https:\/\/www.ceoforlifeawards.com\/it\/blog\/emiliano-rantucci-avanade-italy-ai-ceoforlife-awards-2023-ceoforlife-uno-strumento-di-confronto-tra-ceo-sui-temi-della-sostenibilita\/\"><div class=\"thumbnail-container  size-715 \"><img loading=\"lazy\" loading=\"lazy\" width=\"350\" height=\"250\" src=\"https:\/\/www.ceoforlifeawards.com\/it\/wp-content\/uploads\/sites\/3\/2023\/11\/Immagine1-3-350x250.jpg\" class=\"attachment-jnews-350x250 size-jnews-350x250 wp-post-image\" alt=\"\" srcset=\"https:\/\/www.ceoforlifeawards.com\/it\/wp-content\/uploads\/sites\/3\/2023\/11\/Immagine1-3-350x250.jpg 350w, https:\/\/www.ceoforlifeawards.com\/it\/wp-content\/uploads\/sites\/3\/2023\/11\/Immagine1-3-120x86.jpg 120w, https:\/\/www.ceoforlifeawards.com\/it\/wp-content\/uploads\/sites\/3\/2023\/11\/Immagine1-3-750x536.jpg 750w, https:\/\/www.ceoforlifeawards.com\/it\/wp-content\/uploads\/sites\/3\/2023\/11\/Immagine1-3-1140x815.jpg 1140w\" sizes=\"(max-width: 350px) 100vw, 350px\" \/><\/div><\/a>\n                    <\/div>\n                    <div class=\"jeg_postblock_content\">\n                        <h3 class=\"jeg_post_title\"><a href=\"https:\/\/www.ceoforlifeawards.com\/it\/blog\/emiliano-rantucci-avanade-italy-ai-ceoforlife-awards-2023-ceoforlife-uno-strumento-di-confronto-tra-ceo-sui-temi-della-sostenibilita\/\">RANTUCCI: <span>&#8220;CEOforLIFE, uno strumento di confronto tra CEO sui temi della sostenibilit\u00e0&#8221;<\/span><\/a><\/h3>\n                        <div class=\"jeg_post_meta\">\n\t\t\t\t\t\n                    <div class=\"jeg_meta_date\"><i class=\"fa fa-clock-o\"><\/i> 2 Febbraio 2024<\/div>\n                <\/div>\n                    <\/div>\n\t\t\t\t<\/article>\n\t\t\t\t<\/div>\n                    <\/div>\n                <\/div>\t\t<\/div>\n\t\t\t\t<\/div>\n\t\t\t\t<div class=\"elementor-element elementor-element-47098d06 elementor-align-center elementor-widget elementor-widget-button\" data-id=\"47098d06\" data-element_type=\"widget\" data-widget_type=\"button.default\">\n\t\t\t\t<div class=\"elementor-widget-container\">\n\t\t\t\t\t<div class=\"elementor-button-wrapper\">\n\t\t\t<a class=\"elementor-button elementor-button-link elementor-size-sm\" href=\"\/it\/blog\/category\/press\/\">\n\t\t\t\t\t\t<span class=\"elementor-button-content-wrapper\">\n\t\t\t\t\t\t\t\t\t<span class=\"elementor-button-text\">LEGGI TUTTE LE NEWS<\/span>\n\t\t\t\t\t<\/span>\n\t\t\t\t\t<\/a>\n\t\t<\/div>\n\t\t\t\t<\/div>\n\t\t\t\t<\/div>\n\t\t\t\t<div class=\"elementor-element elementor-element-79d8bde5 elementor-widget elementor-widget-heading\" data-id=\"79d8bde5\" data-element_type=\"widget\" data-widget_type=\"heading.default\">\n\t\t\t\t<div class=\"elementor-widget-container\">\n\t\t\t<h2 class=\"elementor-heading-title elementor-size-default\">CEO<i>for<\/i>LIFE Blog<\/h2>\t\t<\/div>\n\t\t\t\t<\/div>\n\t\t\t\t<div class=\"elementor-element elementor-element-5a79badd elementor-widget elementor-widget-shortcode\" data-id=\"5a79badd\" data-element_type=\"widget\" data-widget_type=\"shortcode.default\">\n\t\t\t\t<div class=\"elementor-widget-container\">\n\t\t\t\t\t<div class=\"elementor-shortcode\">\t\t<div data-elementor-type=\"page\" data-elementor-id=\"36240\" class=\"elementor elementor-36240\" data-elementor-post-type=\"elementor_library\">\n\t\t\t\t\t\t<section class=\"has_eae_slider elementor-section elementor-top-section elementor-element elementor-element-37d7530 elementor-section-boxed elementor-section-height-default elementor-section-height-default\" data-id=\"37d7530\" data-element_type=\"section\">\n\t\t\t\t\t\t<div class=\"elementor-container elementor-column-gap-default\">\n\t\t\t\t\t<div class=\"has_eae_slider elementor-column elementor-col-100 elementor-top-column elementor-element elementor-element-a494d1f\" data-id=\"a494d1f\" data-element_type=\"column\">\n\t\t\t<div class=\"elementor-widget-wrap elementor-element-populated\">\n\t\t\t\t\t\t<div class=\"elementor-element elementor-element-a30d199 elementor-widget elementor-widget-html\" data-id=\"a30d199\" data-element_type=\"widget\" data-widget_type=\"html.default\">\n\t\t\t\t<div class=\"elementor-widget-container\">\n\t\t\t<script src=\"https:\/\/static.elfsight.com\/platform\/platform.js\" data-use-service-core defer><\/script>\r\n<div class=\"elfsight-app-7ea44909-3959-4bba-b9d8-edb5dd083865\"><\/div>\t\t<\/div>\n\t\t\t\t<\/div>\n\t\t\t\t\t<\/div>\n\t\t<\/div>\n\t\t\t\t\t<\/div>\n\t\t<\/section>\n\t\t\t\t<\/div>\n\t\t<\/div>\n\t\t\t\t<\/div>\n\t\t\t\t<\/div>\n\t\t\t\t<div class=\"elementor-element elementor-element-354594d6 elementor-align-center elementor-widget elementor-widget-button\" data-id=\"354594d6\" data-element_type=\"widget\" data-widget_type=\"button.default\">\n\t\t\t\t<div class=\"elementor-widget-container\">\n\t\t\t\t\t<div class=\"elementor-button-wrapper\">\n\t\t\t<a class=\"elementor-button elementor-button-link elementor-size-sm\" href=\"\/it\/blog\/\">\n\t\t\t\t\t\t<span class=\"elementor-button-content-wrapper\">\n\t\t\t\t\t\t\t\t\t<span class=\"elementor-button-text\">LEGGI IL BLOG<\/span>\n\t\t\t\t\t<\/span>\n\t\t\t\t\t<\/a>\n\t\t<\/div>\n\t\t\t\t<\/div>\n\t\t\t\t<\/div>\n\t\t\t\t<div class=\"elementor-element elementor-element-e939621 elementor-widget elementor-widget-spacer\" data-id=\"e939621\" data-element_type=\"widget\" data-widget_type=\"spacer.default\">\n\t\t\t\t<div class=\"elementor-widget-container\">\n\t\t\t<style>\/*! elementor - v3.21.0 - 20-05-2024 *\/\n.elementor-column .elementor-spacer-inner{height:var(--spacer-size)}.e-con{--container-widget-width:100%}.e-con-inner>.elementor-widget-spacer,.e-con>.elementor-widget-spacer{width:var(--container-widget-width,var(--spacer-size));--align-self:var(--container-widget-align-self,initial);--flex-shrink:0}.e-con-inner>.elementor-widget-spacer>.elementor-widget-container,.e-con>.elementor-widget-spacer>.elementor-widget-container{height:100%;width:100%}.e-con-inner>.elementor-widget-spacer>.elementor-widget-container>.elementor-spacer,.e-con>.elementor-widget-spacer>.elementor-widget-container>.elementor-spacer{height:100%}.e-con-inner>.elementor-widget-spacer>.elementor-widget-container>.elementor-spacer>.elementor-spacer-inner,.e-con>.elementor-widget-spacer>.elementor-widget-container>.elementor-spacer>.elementor-spacer-inner{height:var(--container-widget-height,var(--spacer-size))}.e-con-inner>.elementor-widget-spacer.elementor-widget-empty,.e-con>.elementor-widget-spacer.elementor-widget-empty{position:relative;min-height:22px;min-width:22px}.e-con-inner>.elementor-widget-spacer.elementor-widget-empty .elementor-widget-empty-icon,.e-con>.elementor-widget-spacer.elementor-widget-empty .elementor-widget-empty-icon{position:absolute;top:0;bottom:0;left:0;right:0;margin:auto;padding:0;width:22px;height:22px}<\/style>\t\t<div class=\"elementor-spacer\">\n\t\t\t<div class=\"elementor-spacer-inner\"><\/div>\n\t\t<\/div>\n\t\t\t\t<\/div>\n\t\t\t\t<\/div>\n\t\t\t\t<div class=\"elementor-element elementor-element-5436f443 elementor-widget elementor-widget-menu-anchor\" data-id=\"5436f443\" data-element_type=\"widget\" data-widget_type=\"menu-anchor.default\">\n\t\t\t\t<div class=\"elementor-widget-container\">\n\t\t\t<style>\/*! elementor - v3.21.0 - 20-05-2024 *\/\nbody.elementor-page .elementor-widget-menu-anchor{margin-bottom:0}<\/style>\t\t<div class=\"elementor-menu-anchor\" id=\"award-anchor\"><\/div>\n\t\t\t\t<\/div>\n\t\t\t\t<\/div>\n\t\t\t\t\t<\/div>\n\t\t<\/div>\n\t\t\t\t\t<\/div>\n\t\t<\/section>\n\t\t\t\t<section class=\"has_eae_slider elementor-section elementor-top-section elementor-element elementor-element-2bae83a elementor-section-height-min-height elementor-hidden-mobile elementor-section-content-middle elementor-section-boxed elementor-section-height-default elementor-section-items-middle\" data-id=\"2bae83a\" data-element_type=\"section\" data-settings=\"{&quot;background_background&quot;:&quot;classic&quot;}\">\n\t\t\t\t\t\t<div class=\"elementor-container elementor-column-gap-default\">\n\t\t\t\t\t<div class=\"has_eae_slider elementor-column elementor-col-100 elementor-top-column elementor-element elementor-element-e9dcae6\" data-id=\"e9dcae6\" data-element_type=\"column\">\n\t\t\t<div class=\"elementor-widget-wrap\">\n\t\t\t\t\t\t\t<\/div>\n\t\t<\/div>\n\t\t\t\t\t<\/div>\n\t\t<\/section>\n\t\t\t\t<section class=\"has_eae_slider elementor-section elementor-top-section elementor-element elementor-element-8fea478 elementor-section-boxed elementor-section-height-default elementor-section-height-default\" data-id=\"8fea478\" data-element_type=\"section\">\n\t\t\t\t\t\t<div class=\"elementor-container elementor-column-gap-default\">\n\t\t\t\t\t<div class=\"has_eae_slider elementor-column elementor-col-100 elementor-top-column elementor-element elementor-element-13a8415\" data-id=\"13a8415\" data-element_type=\"column\">\n\t\t\t<div class=\"elementor-widget-wrap elementor-element-populated\">\n\t\t\t\t\t\t<div class=\"elementor-element elementor-element-8865799 elementor-hidden-widescreen elementor-hidden-desktop elementor-hidden-tablet elementor-widget elementor-widget-image\" data-id=\"8865799\" data-element_type=\"widget\" data-widget_type=\"image.default\">\n\t\t\t\t<div class=\"elementor-widget-container\">\n\t\t\t\t\t\t\t\t\t\t\t\t\t\t<a href=\"https:\/\/www.ceoforlifeawards.com\/it\/award\/ceoforlife-awards-2024-environment-healthwellbeing-social-impact-e-innovation\/\">\n\t\t\t\t\t\t\t<img loading=\"lazy\" width=\"1024\" height=\"396\" src=\"https:\/\/www.ceoforlifeawards.com\/it\/wp-content\/uploads\/sites\/3\/2024\/05\/banner-awards-2024-1024x396.jpg\" class=\"attachment-large size-large wp-image-49439\" alt=\"\" loading=\"lazy\" srcset=\"https:\/\/www.ceoforlifeawards.com\/it\/wp-content\/uploads\/sites\/3\/2024\/05\/banner-awards-2024-1024x396.jpg 1024w, https:\/\/www.ceoforlifeawards.com\/it\/wp-content\/uploads\/sites\/3\/2024\/05\/banner-awards-2024-300x116.jpg 300w, https:\/\/www.ceoforlifeawards.com\/it\/wp-content\/uploads\/sites\/3\/2024\/05\/banner-awards-2024-768x297.jpg 768w, https:\/\/www.ceoforlifeawards.com\/it\/wp-content\/uploads\/sites\/3\/2024\/05\/banner-awards-2024-1536x594.jpg 1536w, https:\/\/www.ceoforlifeawards.com\/it\/wp-content\/uploads\/sites\/3\/2024\/05\/banner-awards-2024-750x290.jpg 750w, https:\/\/www.ceoforlifeawards.com\/it\/wp-content\/uploads\/sites\/3\/2024\/05\/banner-awards-2024-1140x441.jpg 1140w, https:\/\/www.ceoforlifeawards.com\/it\/wp-content\/uploads\/sites\/3\/2024\/05\/banner-awards-2024.jpg 1600w\" sizes=\"(max-width: 1024px) 100vw, 1024px\" \/>\t\t\t\t\t\t\t\t<\/a>\n\t\t\t\t\t\t\t\t\t\t\t\t\t<\/div>\n\t\t\t\t<\/div>\n\t\t\t\t<div class=\"elementor-element elementor-element-47a7650 elementor-align-center elementor-hidden-widescreen elementor-hidden-desktop elementor-hidden-tablet elementor-hidden-mobile elementor-widget elementor-widget-button\" data-id=\"47a7650\" data-element_type=\"widget\" data-widget_type=\"button.default\">\n\t\t\t\t<div class=\"elementor-widget-container\">\n\t\t\t\t\t<div class=\"elementor-button-wrapper\">\n\t\t\t<a class=\"elementor-button elementor-button-link elementor-size-sm\" href=\"https:\/\/www.ceoforlifeawards.com\/it\/award\/ceoforlife-awards-2024\/\">\n\t\t\t\t\t\t<span class=\"elementor-button-content-wrapper\">\n\t\t\t\t\t\t\t\t\t<span class=\"elementor-button-text\">Guarda il programma 2024<\/span>\n\t\t\t\t\t<\/span>\n\t\t\t\t\t<\/a>\n\t\t<\/div>\n\t\t\t\t<\/div>\n\t\t\t\t<\/div>\n\t\t\t\t<div class=\"elementor-element elementor-element-43501c1 elementor-align-center elementor-widget elementor-widget-button\" data-id=\"43501c1\" data-element_type=\"widget\" data-widget_type=\"button.default\">\n\t\t\t\t<div class=\"elementor-widget-container\">\n\t\t\t\t\t<div class=\"elementor-button-wrapper\">\n\t\t\t<a class=\"elementor-button elementor-button-link elementor-size-sm\" href=\"https:\/\/drive.google.com\/file\/d\/19Pd_wjupy22gfhBJYiXCoTuB4GZoKROi\/view?usp=drive_link\">\n\t\t\t\t\t\t<span class=\"elementor-button-content-wrapper\">\n\t\t\t\t\t\t\t\t\t<span class=\"elementor-button-text\">Sfoglia il Programma\u00a02024<\/span>\n\t\t\t\t\t<\/span>\n\t\t\t\t\t<\/a>\n\t\t<\/div>\n\t\t\t\t<\/div>\n\t\t\t\t<\/div>\n\t\t\t\t\t<\/div>\n\t\t<\/div>\n\t\t\t\t\t<\/div>\n\t\t<\/section>\n\t\t\t\t<section class=\"has_eae_slider elementor-section elementor-top-section elementor-element elementor-element-14607beb elementor-section-boxed elementor-section-height-default elementor-section-height-default\" data-id=\"14607beb\" data-element_type=\"section\" id=\"award\" data-settings=\"{&quot;background_background&quot;:&quot;classic&quot;}\">\n\t\t\t\t\t\t<div class=\"elementor-container elementor-column-gap-default\">\n\t\t\t\t\t<div class=\"has_eae_slider elementor-column elementor-col-100 elementor-top-column elementor-element elementor-element-3afc733\" data-id=\"3afc733\" data-element_type=\"column\">\n\t\t\t<div class=\"elementor-widget-wrap elementor-element-populated\">\n\t\t\t\t\t\t<div class=\"elementor-element elementor-element-12df6c0 elementor-widget elementor-widget-spacer\" data-id=\"12df6c0\" data-element_type=\"widget\" data-widget_type=\"spacer.default\">\n\t\t\t\t<div class=\"elementor-widget-container\">\n\t\t\t\t\t<div class=\"elementor-spacer\">\n\t\t\t<div class=\"elementor-spacer-inner\"><\/div>\n\t\t<\/div>\n\t\t\t\t<\/div>\n\t\t\t\t<\/div>\n\t\t\t\t<div class=\"elementor-element elementor-element-486e0724 elementor-arrows-position-outside elementor-widget elementor-widget-image-carousel\" data-id=\"486e0724\" data-element_type=\"widget\" data-settings=\"{&quot;slides_to_show&quot;:&quot;1&quot;,&quot;autoplay&quot;:&quot;no&quot;,&quot;navigation&quot;:&quot;arrows&quot;,&quot;infinite&quot;:&quot;yes&quot;,&quot;effect&quot;:&quot;slide&quot;,&quot;speed&quot;:500}\" data-widget_type=\"image-carousel.default\">\n\t\t\t\t<div class=\"elementor-widget-container\">\n\t\t\t<style>\/*! elementor - v3.21.0 - 20-05-2024 *\/\n.elementor-widget-image-carousel .swiper,.elementor-widget-image-carousel .swiper-container{position:static}.elementor-widget-image-carousel .swiper-container .swiper-slide figure,.elementor-widget-image-carousel .swiper .swiper-slide figure{line-height:inherit}.elementor-widget-image-carousel .swiper-slide{text-align:center}.elementor-image-carousel-wrapper:not(.swiper-container-initialized):not(.swiper-initialized) .swiper-slide{max-width:calc(100% \/ var(--e-image-carousel-slides-to-show, 3))}<\/style>\t\t<div class=\"elementor-image-carousel-wrapper swiper\" dir=\"ltr\">\n\t\t\t<div class=\"elementor-image-carousel swiper-wrapper swiper-image-stretch\" aria-live=\"polite\">\n\t\t\t\t\t\t\t\t<div class=\"swiper-slide\" role=\"group\" aria-roledescription=\"slide\" aria-label=\"1 di 5\"><figure class=\"swiper-slide-inner\"><img class=\"swiper-slide-image\" src=\"https:\/\/www.ceoforlifeawards.com\/it\/wp-content\/uploads\/sites\/3\/2023\/07\/spiegazione-awrads-2023-per-ppt-1024x576.png\" alt=\"spiegazione awrads 2023 per ppt\" \/><\/figure><\/div><div class=\"swiper-slide\" role=\"group\" aria-roledescription=\"slide\" aria-label=\"2 di 5\"><figure class=\"swiper-slide-inner\"><img class=\"swiper-slide-image\" src=\"https:\/\/www.ceoforlifeawards.com\/it\/wp-content\/uploads\/sites\/3\/2023\/07\/190x1080-1024x576.png\" alt=\"190x1080\" \/><\/figure><\/div><div class=\"swiper-slide\" role=\"group\" aria-roledescription=\"slide\" aria-label=\"3 di 5\"><figure class=\"swiper-slide-inner\"><img class=\"swiper-slide-image\" src=\"https:\/\/www.ceoforlifeawards.com\/it\/wp-content\/uploads\/sites\/3\/2023\/07\/1920x108011OTTOBRE.-1024x576.png\" alt=\"1920x108011OTTOBRE.\" \/><\/figure><\/div><div class=\"swiper-slide\" role=\"group\" aria-roledescription=\"slide\" aria-label=\"4 di 5\"><figure class=\"swiper-slide-inner\"><img class=\"swiper-slide-image\" src=\"https:\/\/www.ceoforlifeawards.com\/it\/wp-content\/uploads\/sites\/3\/2023\/07\/1920x108018OTTOBRE-1024x576.png\" alt=\"1920x108018OTTOBRE\" \/><\/figure><\/div><div class=\"swiper-slide\" role=\"group\" aria-roledescription=\"slide\" aria-label=\"5 di 5\"><figure class=\"swiper-slide-inner\"><img class=\"swiper-slide-image\" src=\"https:\/\/www.ceoforlifeawards.com\/it\/wp-content\/uploads\/sites\/3\/2023\/07\/1920x108025-OTTOBRE-1024x576.png\" alt=\"1920x108025 OTTOBRE\" \/><\/figure><\/div>\t\t\t<\/div>\n\t\t\t\t\t\t\t\t\t\t\t\t<div class=\"elementor-swiper-button elementor-swiper-button-prev\" role=\"button\" tabindex=\"0\">\n\t\t\t\t\t\t<i aria-hidden=\"true\" class=\"eicon-chevron-left\"><\/i>\t\t\t\t\t<\/div>\n\t\t\t\t\t<div class=\"elementor-swiper-button elementor-swiper-button-next\" role=\"button\" tabindex=\"0\">\n\t\t\t\t\t\t<i aria-hidden=\"true\" class=\"eicon-chevron-right\"><\/i>\t\t\t\t\t<\/div>\n\t\t\t\t\n\t\t\t\t\t\t\t\t\t<\/div>\n\t\t\t\t<\/div>\n\t\t\t\t<\/div>\n\t\t\t\t<div class=\"elementor-element elementor-element-65f63ccd elementor-hidden-tablet elementor-hidden-mobile elementor-invisible elementor-widget elementor-widget-jnews_element_header_elementor\" data-id=\"65f63ccd\" data-element_type=\"widget\" data-settings=\"{&quot;_animation&quot;:&quot;fadeInUp&quot;}\" data-widget_type=\"jnews_element_header_elementor.default\">\n\t\t\t\t<div class=\"elementor-widget-container\">\n\t\t\t<div  class=\"jeg_block_heading jeg_block_heading_6 jeg_alignleft jnews_module__3_69f1ff7426b08  normal \">\n                <h3 class=\"jeg_block_title\"><span>AWARD - The Best CEOs for a Better World<\/span><\/h3>\n                <style>.jnews_module__3_69f1ff7426b08.jeg_block_heading_6 .jeg_block_title span, .jnews_module__3_69f1ff7426b08.jeg_block_heading_6 .jeg_block_title i { color: #303844; }.jnews_module__3_69f1ff7426b08.jeg_block_heading_6 { border-color: #303844; }<\/style>\n            <\/div>\t\t<\/div>\n\t\t\t\t<\/div>\n\t\t\t\t<div class=\"elementor-element elementor-element-2464c98 elementor-widget elementor-widget-image-carousel\" data-id=\"2464c98\" data-element_type=\"widget\" data-settings=\"{&quot;slides_to_show&quot;:&quot;2&quot;,&quot;autoplay&quot;:&quot;no&quot;,&quot;slides_to_scroll&quot;:&quot;2&quot;,&quot;lazyload&quot;:&quot;yes&quot;,&quot;navigation&quot;:&quot;none&quot;,&quot;infinite&quot;:&quot;yes&quot;,&quot;speed&quot;:500}\" data-widget_type=\"image-carousel.default\">\n\t\t\t\t<div class=\"elementor-widget-container\">\n\t\t\t\t\t<div class=\"elementor-image-carousel-wrapper swiper\" dir=\"ltr\">\n\t\t\t<div class=\"elementor-image-carousel swiper-wrapper\" aria-live=\"polite\">\n\t\t\t\t\t\t\t\t<div class=\"swiper-slide\" role=\"group\" aria-roledescription=\"slide\" aria-label=\"1 di 2\"><figure class=\"swiper-slide-inner\"><img class=\"swiper-slide-image swiper-lazy\" data-src=\"https:\/\/www.ceoforlifeawards.com\/it\/wp-content\/uploads\/sites\/3\/2023\/09\/giorgio-mule-1024x1024.jpg\" alt=\"giorgio mule\" \/><div class=\"swiper-lazy-preloader\"><\/div><\/figure><\/div><div class=\"swiper-slide\" role=\"group\" aria-roledescription=\"slide\" aria-label=\"2 di 2\"><figure class=\"swiper-slide-inner\"><img class=\"swiper-slide-image swiper-lazy\" data-src=\"https:\/\/www.ceoforlifeawards.com\/it\/wp-content\/uploads\/sites\/3\/2023\/10\/andrea-abodi-1-1024x1024.jpg\" alt=\"andrea abodi (1)\" \/><div class=\"swiper-lazy-preloader\"><\/div><\/figure><\/div>\t\t\t<\/div>\n\t\t\t\t\t\t\t\n\t\t\t\t\t\t\t\t\t<\/div>\n\t\t\t\t<\/div>\n\t\t\t\t<\/div>\n\t\t\t\t<div class=\"elementor-element elementor-element-43c013b elementor-widget elementor-widget-image-carousel\" data-id=\"43c013b\" data-element_type=\"widget\" data-settings=\"{&quot;slides_to_show&quot;:&quot;2&quot;,&quot;autoplay&quot;:&quot;no&quot;,&quot;slides_to_scroll&quot;:&quot;2&quot;,&quot;lazyload&quot;:&quot;yes&quot;,&quot;navigation&quot;:&quot;none&quot;,&quot;infinite&quot;:&quot;yes&quot;,&quot;speed&quot;:500}\" data-widget_type=\"image-carousel.default\">\n\t\t\t\t<div class=\"elementor-widget-container\">\n\t\t\t\t\t<div class=\"elementor-image-carousel-wrapper swiper\" dir=\"ltr\">\n\t\t\t<div class=\"elementor-image-carousel swiper-wrapper\" aria-live=\"polite\">\n\t\t\t\t\t\t\t\t<div class=\"swiper-slide\" role=\"group\" aria-roledescription=\"slide\" aria-label=\"1 di 2\"><figure class=\"swiper-slide-inner\"><img class=\"swiper-slide-image swiper-lazy\" data-src=\"https:\/\/www.ceoforlifeawards.com\/it\/wp-content\/uploads\/sites\/3\/2023\/09\/stefano-venier-1024x1024.jpg\" alt=\"stefano venier\" \/><div class=\"swiper-lazy-preloader\"><\/div><\/figure><\/div><div class=\"swiper-slide\" role=\"group\" aria-roledescription=\"slide\" aria-label=\"2 di 2\"><figure class=\"swiper-slide-inner\"><img class=\"swiper-slide-image swiper-lazy\" data-src=\"https:\/\/www.ceoforlifeawards.com\/it\/wp-content\/uploads\/sites\/3\/2023\/10\/pierrobberto-folgiero-1-1024x1024.jpg\" alt=\"pierrobberto folgiero (1)\" \/><div class=\"swiper-lazy-preloader\"><\/div><\/figure><\/div>\t\t\t<\/div>\n\t\t\t\t\t\t\t\n\t\t\t\t\t\t\t\t\t<\/div>\n\t\t\t\t<\/div>\n\t\t\t\t<\/div>\n\t\t\t\t<div class=\"elementor-element elementor-element-44a97dda elementor-widget elementor-widget-spacer\" data-id=\"44a97dda\" data-element_type=\"widget\" data-widget_type=\"spacer.default\">\n\t\t\t\t<div class=\"elementor-widget-container\">\n\t\t\t\t\t<div class=\"elementor-spacer\">\n\t\t\t<div class=\"elementor-spacer-inner\"><\/div>\n\t\t<\/div>\n\t\t\t\t<\/div>\n\t\t\t\t<\/div>\n\t\t\t\t<section class=\"has_eae_slider elementor-section elementor-inner-section elementor-element elementor-element-61e7c7f9 elementor-section-boxed elementor-section-height-default elementor-section-height-default\" data-id=\"61e7c7f9\" data-element_type=\"section\">\n\t\t\t\t\t\t<div class=\"elementor-container elementor-column-gap-default\">\n\t\t\t\t\t<div class=\"has_eae_slider elementor-column elementor-col-50 elementor-inner-column elementor-element elementor-element-7f6ae065\" data-id=\"7f6ae065\" data-element_type=\"column\">\n\t\t\t<div class=\"elementor-widget-wrap elementor-element-populated\">\n\t\t\t\t\t\t<div class=\"elementor-element elementor-element-7672f8cd elementor-align-center elementor-widget elementor-widget-global elementor-global-36345 elementor-widget-button\" data-id=\"7672f8cd\" data-element_type=\"widget\" data-widget_type=\"button.default\">\n\t\t\t\t<div class=\"elementor-widget-container\">\n\t\t\t\t\t<div class=\"elementor-button-wrapper\">\n\t\t\t<a class=\"elementor-button elementor-button-link elementor-size-sm\" href=\"https:\/\/drive.google.com\/file\/d\/1vTnrFzHjDHSZriUd-A2NuEZQwIKdQwoQ\/view?usp=drive_link\" target=\"_blank\">\n\t\t\t\t\t\t<span class=\"elementor-button-content-wrapper\">\n\t\t\t\t\t\t\t\t\t<span class=\"elementor-button-text\">Sfoglia la Brochure<\/span>\n\t\t\t\t\t<\/span>\n\t\t\t\t\t<\/a>\n\t\t<\/div>\n\t\t\t\t<\/div>\n\t\t\t\t<\/div>\n\t\t\t\t\t<\/div>\n\t\t<\/div>\n\t\t\t\t<div class=\"has_eae_slider elementor-column elementor-col-50 elementor-inner-column elementor-element elementor-element-31a3d2d7\" data-id=\"31a3d2d7\" data-element_type=\"column\">\n\t\t\t<div class=\"elementor-widget-wrap elementor-element-populated\">\n\t\t\t\t\t\t<div class=\"elementor-element elementor-element-549ef38 elementor-align-center elementor-widget elementor-widget-button\" data-id=\"549ef38\" data-element_type=\"widget\" data-widget_type=\"button.default\">\n\t\t\t\t<div class=\"elementor-widget-container\">\n\t\t\t\t\t<div class=\"elementor-button-wrapper\">\n\t\t\t<a class=\"elementor-button elementor-button-link elementor-size-sm\" href=\"\/it\/it\/awards-2023\/\">\n\t\t\t\t\t\t<span class=\"elementor-button-content-wrapper\">\n\t\t\t\t\t\t\t\t\t<span class=\"elementor-button-text\">RIVIVI GLI AWARDS  2023<\/span>\n\t\t\t\t\t<\/span>\n\t\t\t\t\t<\/a>\n\t\t<\/div>\n\t\t\t\t<\/div>\n\t\t\t\t<\/div>\n\t\t\t\t\t<\/div>\n\t\t<\/div>\n\t\t\t\t\t<\/div>\n\t\t<\/section>\n\t\t\t\t\t<\/div>\n\t\t<\/div>\n\t\t\t\t\t<\/div>\n\t\t<\/section>\n\t\t\t\t<section class=\"has_eae_slider elementor-section elementor-top-section elementor-element elementor-element-7d9942c elementor-section-boxed elementor-section-height-default elementor-section-height-default\" data-id=\"7d9942c\" data-element_type=\"section\">\n\t\t\t\t\t\t<div class=\"elementor-container elementor-column-gap-default\">\n\t\t\t\t\t<div class=\"has_eae_slider elementor-column elementor-col-100 elementor-top-column elementor-element elementor-element-14882bb\" data-id=\"14882bb\" data-element_type=\"column\">\n\t\t\t<div class=\"elementor-widget-wrap elementor-element-populated\">\n\t\t\t\t\t\t<div class=\"elementor-element elementor-element-92e3b87 elementor-widget-divider--view-line elementor-widget elementor-widget-divider\" data-id=\"92e3b87\" data-element_type=\"widget\" data-widget_type=\"divider.default\">\n\t\t\t\t<div class=\"elementor-widget-container\">\n\t\t\t<style>\/*! elementor - v3.21.0 - 20-05-2024 *\/\n.elementor-widget-divider{--divider-border-style:none;--divider-border-width:1px;--divider-color:#0c0d0e;--divider-icon-size:20px;--divider-element-spacing:10px;--divider-pattern-height:24px;--divider-pattern-size:20px;--divider-pattern-url:none;--divider-pattern-repeat:repeat-x}.elementor-widget-divider .elementor-divider{display:flex}.elementor-widget-divider .elementor-divider__text{font-size:15px;line-height:1;max-width:95%}.elementor-widget-divider .elementor-divider__element{margin:0 var(--divider-element-spacing);flex-shrink:0}.elementor-widget-divider .elementor-icon{font-size:var(--divider-icon-size)}.elementor-widget-divider .elementor-divider-separator{display:flex;margin:0;direction:ltr}.elementor-widget-divider--view-line_icon .elementor-divider-separator,.elementor-widget-divider--view-line_text .elementor-divider-separator{align-items:center}.elementor-widget-divider--view-line_icon .elementor-divider-separator:after,.elementor-widget-divider--view-line_icon .elementor-divider-separator:before,.elementor-widget-divider--view-line_text .elementor-divider-separator:after,.elementor-widget-divider--view-line_text .elementor-divider-separator:before{display:block;content:\"\";border-block-end:0;flex-grow:1;border-block-start:var(--divider-border-width) var(--divider-border-style) var(--divider-color)}.elementor-widget-divider--element-align-left .elementor-divider .elementor-divider-separator>.elementor-divider__svg:first-of-type{flex-grow:0;flex-shrink:100}.elementor-widget-divider--element-align-left .elementor-divider-separator:before{content:none}.elementor-widget-divider--element-align-left .elementor-divider__element{margin-left:0}.elementor-widget-divider--element-align-right .elementor-divider .elementor-divider-separator>.elementor-divider__svg:last-of-type{flex-grow:0;flex-shrink:100}.elementor-widget-divider--element-align-right .elementor-divider-separator:after{content:none}.elementor-widget-divider--element-align-right .elementor-divider__element{margin-right:0}.elementor-widget-divider--element-align-start .elementor-divider .elementor-divider-separator>.elementor-divider__svg:first-of-type{flex-grow:0;flex-shrink:100}.elementor-widget-divider--element-align-start .elementor-divider-separator:before{content:none}.elementor-widget-divider--element-align-start .elementor-divider__element{margin-inline-start:0}.elementor-widget-divider--element-align-end .elementor-divider .elementor-divider-separator>.elementor-divider__svg:last-of-type{flex-grow:0;flex-shrink:100}.elementor-widget-divider--element-align-end .elementor-divider-separator:after{content:none}.elementor-widget-divider--element-align-end .elementor-divider__element{margin-inline-end:0}.elementor-widget-divider:not(.elementor-widget-divider--view-line_text):not(.elementor-widget-divider--view-line_icon) .elementor-divider-separator{border-block-start:var(--divider-border-width) var(--divider-border-style) var(--divider-color)}.elementor-widget-divider--separator-type-pattern{--divider-border-style:none}.elementor-widget-divider--separator-type-pattern.elementor-widget-divider--view-line .elementor-divider-separator,.elementor-widget-divider--separator-type-pattern:not(.elementor-widget-divider--view-line) .elementor-divider-separator:after,.elementor-widget-divider--separator-type-pattern:not(.elementor-widget-divider--view-line) .elementor-divider-separator:before,.elementor-widget-divider--separator-type-pattern:not([class*=elementor-widget-divider--view]) .elementor-divider-separator{width:100%;min-height:var(--divider-pattern-height);-webkit-mask-size:var(--divider-pattern-size) 100%;mask-size:var(--divider-pattern-size) 100%;-webkit-mask-repeat:var(--divider-pattern-repeat);mask-repeat:var(--divider-pattern-repeat);background-color:var(--divider-color);-webkit-mask-image:var(--divider-pattern-url);mask-image:var(--divider-pattern-url)}.elementor-widget-divider--no-spacing{--divider-pattern-size:auto}.elementor-widget-divider--bg-round{--divider-pattern-repeat:round}.rtl .elementor-widget-divider .elementor-divider__text{direction:rtl}.e-con-inner>.elementor-widget-divider,.e-con>.elementor-widget-divider{width:var(--container-widget-width,100%);--flex-grow:var(--container-widget-flex-grow)}<\/style>\t\t<div class=\"elementor-divider\">\n\t\t\t<span class=\"elementor-divider-separator\">\n\t\t\t\t\t\t<\/span>\n\t\t<\/div>\n\t\t\t\t<\/div>\n\t\t\t\t<\/div>\n\t\t\t\t<div class=\"elementor-element elementor-element-de4dfae elementor-widget elementor-widget-image\" data-id=\"de4dfae\" data-element_type=\"widget\" data-widget_type=\"image.default\">\n\t\t\t\t<div class=\"elementor-widget-container\">\n\t\t\t\t\t\t\t\t\t\t\t\t\t\t<a href=\"https:\/\/www.fondazionelestelledimarisa.org\/\">\n\t\t\t\t\t\t\t<img loading=\"lazy\" width=\"1024\" height=\"462\" src=\"https:\/\/www.ceoforlifeawards.com\/it\/wp-content\/uploads\/sites\/3\/2024\/04\/le_stelle-1024x462.jpg\" class=\"attachment-large size-large wp-image-47869\" alt=\"\" loading=\"lazy\" srcset=\"https:\/\/www.ceoforlifeawards.com\/it\/wp-content\/uploads\/sites\/3\/2024\/04\/le_stelle-1024x462.jpg 1024w, https:\/\/www.ceoforlifeawards.com\/it\/wp-content\/uploads\/sites\/3\/2024\/04\/le_stelle-300x135.jpg 300w, https:\/\/www.ceoforlifeawards.com\/it\/wp-content\/uploads\/sites\/3\/2024\/04\/le_stelle-768x347.jpg 768w, https:\/\/www.ceoforlifeawards.com\/it\/wp-content\/uploads\/sites\/3\/2024\/04\/le_stelle-1536x693.jpg 1536w, https:\/\/www.ceoforlifeawards.com\/it\/wp-content\/uploads\/sites\/3\/2024\/04\/le_stelle-750x338.jpg 750w, https:\/\/www.ceoforlifeawards.com\/it\/wp-content\/uploads\/sites\/3\/2024\/04\/le_stelle-1140x515.jpg 1140w, https:\/\/www.ceoforlifeawards.com\/it\/wp-content\/uploads\/sites\/3\/2024\/04\/le_stelle.jpg 1808w\" sizes=\"(max-width: 1024px) 100vw, 1024px\" \/>\t\t\t\t\t\t\t\t<\/a>\n\t\t\t\t\t\t\t\t\t\t\t\t\t<\/div>\n\t\t\t\t<\/div>\n\t\t\t\t<div class=\"elementor-element elementor-element-0753d05 elementor-widget elementor-widget-text-editor\" data-id=\"0753d05\" data-element_type=\"widget\" data-widget_type=\"text-editor.default\">\n\t\t\t\t<div class=\"elementor-widget-container\">\n\t\t\t<style>\/*! elementor - v3.21.0 - 20-05-2024 *\/\n.elementor-widget-text-editor.elementor-drop-cap-view-stacked .elementor-drop-cap{background-color:#69727d;color:#fff}.elementor-widget-text-editor.elementor-drop-cap-view-framed .elementor-drop-cap{color:#69727d;border:3px solid;background-color:transparent}.elementor-widget-text-editor:not(.elementor-drop-cap-view-default) .elementor-drop-cap{margin-top:8px}.elementor-widget-text-editor:not(.elementor-drop-cap-view-default) .elementor-drop-cap-letter{width:1em;height:1em}.elementor-widget-text-editor .elementor-drop-cap{float:left;text-align:center;line-height:1;font-size:50px}.elementor-widget-text-editor .elementor-drop-cap-letter{display:inline-block}<\/style>\t\t\t\t<p>Anche tu, da bambino, avevi paura del buio?<br \/>Bastava accendere la luce per sentirsi al sicuro, ma per troppi bambini, in Italia, a causa di accadimenti drammatici, trovare l\u2019interruttore \u00e8 impossibile. Parliamo degli orfani speciali, chiamati cos\u00ec perch\u00e9 vivono una doppia condizione di lutto, dovuta all\u2019uxoricidio di uno dei due genitori e alla perdita anche dell\u2019altro che si suicida o finisce in carcere.<\/p><p>Per questo \u00e8 nata la\u00a0<b><u><a href=\"https:\/\/www.fondazionelestelledimarisa.org\/\" data-auth=\"NotApplicable\" data-linkindex=\"0\">Fondazione Le Stelle di Marisa ETS<\/a>,<\/u><\/b>\u00a0che, guidata dal Presidente\u00a0<b>Daniela Ferolla\u00a0<\/b>e dal Direttore\u00a0<b>Isabella Rusconi,\u00a0<\/b>coadiuvate dalla\u00a0<b>Direzione\u00a0<\/b>Scientifica, prova ad accendere una piccola luce per questi bambini, cercando di aiutarli concretamente con assistenza psicologica, economica e legale, per tentare di farli tornare a correre verso il futuro.<\/p><p>Con il tuo aiuto la nostra piccola luce pu\u00f2 essere ancora pi\u00f9 luminosa.<br \/>Basta donare il 5&#215;1000, inserendo il\u00a0<b>codice fiscale 97958150159\u00a0<\/b>nel box \u201c<i>Sostegno del volontario e delle altre organizzazioni non lucrative<\/i>\u201d della tua dichiarazione dei redditi.<\/p><p>La donazione diventer\u00e0 l\u2019interruttore che tanti bambini non trovano e ti permetter\u00e0 di essere una piccola luce per gli orfani speciali.<\/p><p><a href=\"https:\/\/www.fondazionelestelledimarisa.org\/\"><img loading=\"lazy\" loading=\"lazy\" class=\"size-medium wp-image-47870 aligncenter\" src=\"https:\/\/www.ceoforlifeawards.com\/it\/wp-content\/uploads\/sites\/3\/2024\/04\/pulsante-300x54.png\" alt=\"\" width=\"300\" height=\"54\" srcset=\"https:\/\/www.ceoforlifeawards.com\/it\/wp-content\/uploads\/sites\/3\/2024\/04\/pulsante-300x54.png 300w, https:\/\/www.ceoforlifeawards.com\/it\/wp-content\/uploads\/sites\/3\/2024\/04\/pulsante.png 738w\" sizes=\"(max-width: 300px) 100vw, 300px\" \/><\/a><\/p>\t\t\t\t\t\t<\/div>\n\t\t\t\t<\/div>\n\t\t\t\t<div class=\"elementor-element elementor-element-2c627b1 elementor-widget-divider--view-line elementor-widget elementor-widget-divider\" data-id=\"2c627b1\" data-element_type=\"widget\" data-widget_type=\"divider.default\">\n\t\t\t\t<div class=\"elementor-widget-container\">\n\t\t\t\t\t<div class=\"elementor-divider\">\n\t\t\t<span class=\"elementor-divider-separator\">\n\t\t\t\t\t\t<\/span>\n\t\t<\/div>\n\t\t\t\t<\/div>\n\t\t\t\t<\/div>\n\t\t\t\t\t<\/div>\n\t\t<\/div>\n\t\t\t\t\t<\/div>\n\t\t<\/section>\n\t\t\t\t<section class=\"has_eae_slider elementor-section elementor-top-section elementor-element elementor-element-5eb7c5b later elementor-section-boxed elementor-section-height-default elementor-section-height-default\" data-id=\"5eb7c5b\" data-element_type=\"section\" id=\"connect\" data-settings=\"{&quot;background_background&quot;:&quot;classic&quot;}\">\n\t\t\t\t\t\t<div class=\"elementor-container elementor-column-gap-default\">\n\t\t\t\t\t<div class=\"has_eae_slider elementor-column elementor-col-100 elementor-top-column elementor-element elementor-element-424591ee\" data-id=\"424591ee\" data-element_type=\"column\">\n\t\t\t<div class=\"elementor-widget-wrap elementor-element-populated\">\n\t\t\t\t\t\t<div class=\"elementor-element elementor-element-3849434a elementor-invisible elementor-widget elementor-widget-jnews_element_header_elementor\" data-id=\"3849434a\" data-element_type=\"widget\" data-settings=\"{&quot;_animation&quot;:&quot;fadeInUp&quot;}\" data-widget_type=\"jnews_element_header_elementor.default\">\n\t\t\t\t<div class=\"elementor-widget-container\">\n\t\t\t<div  class=\"jeg_block_heading jeg_block_heading_6 jeg_alignleft jnews_module__4_69f1ff7433787  normal \">\n                <h3 class=\"jeg_block_title\"><span>CONNECT -  Round Table \/ Business Match<\/span><\/h3>\n                <style>.jnews_module__4_69f1ff7433787.jeg_block_heading_6 .jeg_block_title span, .jnews_module__4_69f1ff7433787.jeg_block_heading_6 .jeg_block_title i { color: #FFFFFF; }.jnews_module__4_69f1ff7433787.jeg_block_heading_6 { border-color: #FFFFFF; }<\/style>\n            <\/div>\t\t<\/div>\n\t\t\t\t<\/div>\n\t\t\t\t<section class=\"has_eae_slider elementor-section elementor-inner-section elementor-element elementor-element-1d33f094 elementor-section-boxed elementor-section-height-default elementor-section-height-default\" data-id=\"1d33f094\" data-element_type=\"section\">\n\t\t\t\t\t\t<div class=\"elementor-container elementor-column-gap-default\">\n\t\t\t\t\t<div class=\"has_eae_slider elementor-column elementor-col-100 elementor-inner-column elementor-element elementor-element-ad38ecb\" data-id=\"ad38ecb\" data-element_type=\"column\">\n\t\t\t<div class=\"elementor-widget-wrap elementor-element-populated\">\n\t\t\t\t\t\t<div class=\"elementor-element elementor-element-b8b69e1 elementor-hidden-mobile elementor-widget elementor-widget-image\" data-id=\"b8b69e1\" data-element_type=\"widget\" data-widget_type=\"image.default\">\n\t\t\t\t<div class=\"elementor-widget-container\">\n\t\t\t\t\t\t\t\t\t\t\t\t\t<img loading=\"lazy\" width=\"1024\" height=\"576\" src=\"https:\/\/www.ceoforlifeawards.com\/it\/wp-content\/uploads\/sites\/3\/2023\/08\/cover-ceos-round-table-1024x576.png\" class=\"attachment-large size-large wp-image-34292\" alt=\"\" loading=\"lazy\" srcset=\"https:\/\/www.ceoforlifeawards.com\/it\/wp-content\/uploads\/sites\/3\/2023\/08\/cover-ceos-round-table-1024x576.png 1024w, https:\/\/www.ceoforlifeawards.com\/it\/wp-content\/uploads\/sites\/3\/2023\/08\/cover-ceos-round-table-300x169.png 300w, https:\/\/www.ceoforlifeawards.com\/it\/wp-content\/uploads\/sites\/3\/2023\/08\/cover-ceos-round-table-768x432.png 768w, https:\/\/www.ceoforlifeawards.com\/it\/wp-content\/uploads\/sites\/3\/2023\/08\/cover-ceos-round-table-1536x864.png 1536w, https:\/\/www.ceoforlifeawards.com\/it\/wp-content\/uploads\/sites\/3\/2023\/08\/cover-ceos-round-table-750x422.png 750w, https:\/\/www.ceoforlifeawards.com\/it\/wp-content\/uploads\/sites\/3\/2023\/08\/cover-ceos-round-table-1140x641.png 1140w, https:\/\/www.ceoforlifeawards.com\/it\/wp-content\/uploads\/sites\/3\/2023\/08\/cover-ceos-round-table.png 1920w\" sizes=\"(max-width: 1024px) 100vw, 1024px\" \/>\t\t\t\t\t\t\t\t\t\t\t\t\t<\/div>\n\t\t\t\t<\/div>\n\t\t\t\t\t<\/div>\n\t\t<\/div>\n\t\t\t\t\t<\/div>\n\t\t<\/section>\n\t\t\t\t<div class=\"elementor-element elementor-element-3fd7ddc5 elementor-widget elementor-widget-spacer\" data-id=\"3fd7ddc5\" data-element_type=\"widget\" data-widget_type=\"spacer.default\">\n\t\t\t\t<div class=\"elementor-widget-container\">\n\t\t\t\t\t<div class=\"elementor-spacer\">\n\t\t\t<div class=\"elementor-spacer-inner\"><\/div>\n\t\t<\/div>\n\t\t\t\t<\/div>\n\t\t\t\t<\/div>\n\t\t\t\t<section class=\"has_eae_slider elementor-section elementor-inner-section elementor-element elementor-element-30c7cf68 elementor-section-boxed elementor-section-height-default elementor-section-height-default\" data-id=\"30c7cf68\" data-element_type=\"section\">\n\t\t\t\t\t\t<div class=\"elementor-container elementor-column-gap-default\">\n\t\t\t\t\t<div class=\"has_eae_slider elementor-column elementor-col-100 elementor-inner-column elementor-element elementor-element-4756bdae\" data-id=\"4756bdae\" data-element_type=\"column\">\n\t\t\t<div class=\"elementor-widget-wrap elementor-element-populated\">\n\t\t\t\t\t\t<div class=\"elementor-element elementor-element-5b157b38 elementor-widget elementor-widget-heading\" data-id=\"5b157b38\" data-element_type=\"widget\" data-widget_type=\"heading.default\">\n\t\t\t\t<div class=\"elementor-widget-container\">\n\t\t\t<h2 class=\"elementor-heading-title elementor-size-medium\">Partecipa<\/h2>\t\t<\/div>\n\t\t\t\t<\/div>\n\t\t\t\t\t<\/div>\n\t\t<\/div>\n\t\t\t\t\t<\/div>\n\t\t<\/section>\n\t\t\t\t<div class=\"elementor-element elementor-element-4e0ac60 elementor-arrows-position-inside elementor-widget elementor-widget-loop-carousel\" data-id=\"4e0ac60\" data-element_type=\"widget\" data-settings=\"{&quot;template_id&quot;:&quot;44179&quot;,&quot;slides_to_scroll&quot;:&quot;3&quot;,&quot;_skin&quot;:&quot;post&quot;,&quot;slides_to_show&quot;:&quot;3&quot;,&quot;slides_to_show_widescreen&quot;:&quot;3&quot;,&quot;slides_to_show_tablet&quot;:&quot;2&quot;,&quot;slides_to_show_mobile&quot;:&quot;1&quot;,&quot;edit_handle_selector&quot;:&quot;.elementor-widget-container&quot;,&quot;speed&quot;:500,&quot;arrows&quot;:&quot;yes&quot;,&quot;image_spacing_custom&quot;:{&quot;unit&quot;:&quot;px&quot;,&quot;size&quot;:10,&quot;sizes&quot;:[]},&quot;image_spacing_custom_widescreen&quot;:{&quot;unit&quot;:&quot;px&quot;,&quot;size&quot;:&quot;&quot;,&quot;sizes&quot;:[]},&quot;image_spacing_custom_tablet&quot;:{&quot;unit&quot;:&quot;px&quot;,&quot;size&quot;:&quot;&quot;,&quot;sizes&quot;:[]},&quot;image_spacing_custom_mobile&quot;:{&quot;unit&quot;:&quot;px&quot;,&quot;size&quot;:&quot;&quot;,&quot;sizes&quot;:[]}}\" data-widget_type=\"loop-carousel.post\">\n\t\t\t\t<div class=\"elementor-widget-container\">\n\t\t\t<link rel=\"stylesheet\" href=\"https:\/\/www.ceoforlifeawards.com\/it\/wp-content\/plugins\/elementor-pro\/assets\/css\/widget-loop-builder.min.css\">\t\t<div class=\"e-loop-nothing-found-message\">\n\t\t<\/div>\n\t\t\t\t<\/div>\n\t\t\t\t<\/div>\n\t\t\t\t<section class=\"has_eae_slider elementor-section elementor-inner-section elementor-element elementor-element-e3f8e98 elementor-section-boxed elementor-section-height-default elementor-section-height-default\" data-id=\"e3f8e98\" data-element_type=\"section\">\n\t\t\t\t\t\t<div class=\"elementor-container elementor-column-gap-default\">\n\t\t\t\t\t<div class=\"has_eae_slider elementor-column elementor-col-100 elementor-inner-column elementor-element elementor-element-6963bb8\" data-id=\"6963bb8\" data-element_type=\"column\">\n\t\t\t<div class=\"elementor-widget-wrap elementor-element-populated\">\n\t\t\t\t\t\t<div class=\"elementor-element elementor-element-2c894d4 elementor-widget-divider--view-line elementor-widget elementor-widget-divider\" data-id=\"2c894d4\" data-element_type=\"widget\" data-widget_type=\"divider.default\">\n\t\t\t\t<div class=\"elementor-widget-container\">\n\t\t\t\t\t<div class=\"elementor-divider\">\n\t\t\t<span class=\"elementor-divider-separator\">\n\t\t\t\t\t\t<\/span>\n\t\t<\/div>\n\t\t\t\t<\/div>\n\t\t\t\t<\/div>\n\t\t\t\t<div class=\"elementor-element elementor-element-ff66a1a elementor-widget elementor-widget-heading\" data-id=\"ff66a1a\" data-element_type=\"widget\" data-widget_type=\"heading.default\">\n\t\t\t\t<div class=\"elementor-widget-container\">\n\t\t\t<h2 class=\"elementor-heading-title elementor-size-medium\">CEOforLIFE Round Table\u00a02024<\/h2>\t\t<\/div>\n\t\t\t\t<\/div>\n\t\t\t\t\t<\/div>\n\t\t<\/div>\n\t\t\t\t\t<\/div>\n\t\t<\/section>\n\t\t\t\t<div class=\"elementor-element elementor-element-f259057 elementor-align-center elementor-widget elementor-widget-button\" data-id=\"f259057\" data-element_type=\"widget\" data-widget_type=\"button.default\">\n\t\t\t\t<div class=\"elementor-widget-container\">\n\t\t\t\t\t<div class=\"elementor-button-wrapper\">\n\t\t\t<a class=\"elementor-button elementor-button-link elementor-size-lg\" href=\"https:\/\/www.ceoforlifeawards.com\/it\/connect\/\">\n\t\t\t\t\t\t<span class=\"elementor-button-content-wrapper\">\n\t\t\t\t\t\t\t\t\t<span class=\"elementor-button-text\">Guarda tutte le Round Table<\/span>\n\t\t\t\t\t<\/span>\n\t\t\t\t\t<\/a>\n\t\t<\/div>\n\t\t\t\t<\/div>\n\t\t\t\t<\/div>\n\t\t\t\t\t<\/div>\n\t\t<\/div>\n\t\t\t\t\t<\/div>\n\t\t<\/section>\n\t\t\t\t<section class=\"has_eae_slider elementor-section elementor-top-section elementor-element elementor-element-157d079 later elementor-section-boxed elementor-section-height-default elementor-section-height-default\" data-id=\"157d079\" data-element_type=\"section\" id=\"promote\" data-settings=\"{&quot;background_background&quot;:&quot;classic&quot;}\">\n\t\t\t\t\t\t<div class=\"elementor-container elementor-column-gap-default\">\n\t\t\t\t\t<div class=\"has_eae_slider elementor-column elementor-col-100 elementor-top-column elementor-element elementor-element-7ea17b6c\" data-id=\"7ea17b6c\" data-element_type=\"column\">\n\t\t\t<div class=\"elementor-widget-wrap elementor-element-populated\">\n\t\t\t\t\t\t<div class=\"elementor-element elementor-element-2dd19c8c elementor-hidden-tablet elementor-hidden-mobile elementor-invisible elementor-widget elementor-widget-jnews_element_header_elementor\" data-id=\"2dd19c8c\" data-element_type=\"widget\" data-settings=\"{&quot;_animation&quot;:&quot;fadeInUp&quot;}\" data-widget_type=\"jnews_element_header_elementor.default\">\n\t\t\t\t<div class=\"elementor-widget-container\">\n\t\t\t<div  class=\"jeg_block_heading jeg_block_heading_6 jeg_alignleft jnews_module__5_69f1ff7448731  normal \">\n                <h3 class=\"jeg_block_title\"><span>PROMOTE - Richiedi il tuo Communication Booster<\/span><\/h3>\n                <style>.jnews_module__5_69f1ff7448731.jeg_block_heading_6 .jeg_block_title span, .jnews_module__5_69f1ff7448731.jeg_block_heading_6 .jeg_block_title i { color: #303844; }.jnews_module__5_69f1ff7448731.jeg_block_heading_6 { border-color: #303844; }<\/style>\n            <\/div>\t\t<\/div>\n\t\t\t\t<\/div>\n\t\t\t\t<div class=\"elementor-element elementor-element-7a4e1beb elementor-widget elementor-widget-heading\" data-id=\"7a4e1beb\" data-element_type=\"widget\" data-widget_type=\"heading.default\">\n\t\t\t\t<div class=\"elementor-widget-container\">\n\t\t\t<h2 class=\"elementor-heading-title elementor-size-default\">Positioning Magazine <\/h2>\t\t<\/div>\n\t\t\t\t<\/div>\n\t\t\t\t<section class=\"has_eae_slider elementor-section elementor-inner-section elementor-element elementor-element-f1de9f8 elementor-section-full_width post_slide1 elementor-section-height-default elementor-section-height-default\" data-id=\"f1de9f8\" data-element_type=\"section\">\n\t\t\t\t\t\t<div class=\"elementor-container elementor-column-gap-default\">\n\t\t\t\t\t<div class=\"has_eae_slider elementor-column elementor-col-100 elementor-inner-column elementor-element elementor-element-59de7dd9\" data-id=\"59de7dd9\" data-element_type=\"column\">\n\t\t\t<div class=\"elementor-widget-wrap elementor-element-populated\">\n\t\t\t\t\t\t<div class=\"elementor-element elementor-element-1c856263 slide-pagination elementor-widget__width-initial elementor-hidden-mobile elementor-hidden-widescreen elementor-hidden-desktop elementor-hidden-tablet elementor-widget elementor-widget-html\" data-id=\"1c856263\" data-element_type=\"widget\" data-widget_type=\"html.default\">\n\t\t\t\t<div class=\"elementor-widget-container\">\n\t\t\t<div class=\"swiper-pagination1\"><\/div><div class=\"swiper-button-prev swiper-button-prev-1\">\u2190<\/div><div class=\"swiper-button-next swiper-button-next-1\">\u2192<\/div>\t\t<\/div>\n\t\t\t\t<\/div>\n\t\t\t\t<div class=\"elementor-element elementor-element-15f6869e elementor-skin-coverflow elementor-arrows-yes elementor-widget elementor-widget-media-carousel\" data-id=\"15f6869e\" data-element_type=\"widget\" data-settings=\"{&quot;skin&quot;:&quot;coverflow&quot;,&quot;slides_per_view&quot;:&quot;3&quot;,&quot;show_arrows&quot;:&quot;yes&quot;,&quot;speed&quot;:500,&quot;loop&quot;:&quot;yes&quot;,&quot;space_between&quot;:{&quot;unit&quot;:&quot;px&quot;,&quot;size&quot;:10,&quot;sizes&quot;:[]},&quot;space_between_widescreen&quot;:{&quot;unit&quot;:&quot;px&quot;,&quot;size&quot;:10,&quot;sizes&quot;:[]},&quot;space_between_tablet&quot;:{&quot;unit&quot;:&quot;px&quot;,&quot;size&quot;:10,&quot;sizes&quot;:[]},&quot;space_between_mobile&quot;:{&quot;unit&quot;:&quot;px&quot;,&quot;size&quot;:10,&quot;sizes&quot;:[]}}\" data-widget_type=\"media-carousel.default\">\n\t\t\t\t<div class=\"elementor-widget-container\">\n\t\t\t<link rel=\"stylesheet\" href=\"https:\/\/www.ceoforlifeawards.com\/it\/wp-content\/plugins\/elementor-pro\/assets\/css\/widget-carousel.min.css\">\t\t<div class=\"elementor-swiper\">\n\t\t\t<div class=\"elementor-main-swiper swiper\">\n\t\t\t\t<div class=\"swiper-wrapper\">\n\t\t\t\t\t\t\t\t\t\t\t<div class=\"swiper-slide\">\n\t\t\t\t\t\t\t<a href=\"https:\/\/www.sfogliami.it\/fl\/310063\/2m3fth98hp16muhqn1eyd18sx4ucpq7\">\t\t<div class=\"elementor-carousel-image\" role=\"img\" aria-label=\"gregis_mag_copertina\" style=\"background-image: url(&#039;https:\/\/www.ceoforlifeawards.com\/it\/wp-content\/uploads\/sites\/3\/2025\/03\/gregis_mag_copertina.png&#039;)\">\n\n\t\t\t\n\t\t\t\t\t<\/div>\n\t\t<\/a>\t\t\t\t\t\t<\/div>\n\t\t\t\t\t\t\t\t\t\t\t<div class=\"swiper-slide\">\n\t\t\t\t\t\t\t<a href=\"https:\/\/www.sfogliami.it\/fl\/313154\/5832h9kjf7nqmg6jv7qeuj3yxc6v74d6\">\t\t<div class=\"elementor-carousel-image\" role=\"img\" aria-label=\"ferrieri _mag\" style=\"background-image: url(&#039;https:\/\/www.ceoforlifeawards.com\/it\/wp-content\/uploads\/sites\/3\/2023\/01\/ferrieri-_mag.png&#039;)\">\n\n\t\t\t\n\t\t\t\t\t<\/div>\n\t\t<\/a>\t\t\t\t\t\t<\/div>\n\t\t\t\t\t\t\t\t\t\t\t<div class=\"swiper-slide\">\n\t\t\t\t\t\t\t<a href=\"https:\/\/www.sfogliami.it\/fl\/310482\/dfp3ymqk6uehdd2tb1fjvfkhcsndhu\">\t\t<div class=\"elementor-carousel-image\" role=\"img\" aria-label=\"awards mag 2024\" style=\"background-image: url(&#039;https:\/\/www.ceoforlifeawards.com\/it\/wp-content\/uploads\/sites\/3\/2025\/02\/awards-mag-2024.png&#039;)\">\n\n\t\t\t\n\t\t\t\t\t<\/div>\n\t\t<\/a>\t\t\t\t\t\t<\/div>\n\t\t\t\t\t\t\t\t\t\t\t<div class=\"swiper-slide\">\n\t\t\t\t\t\t\t<a href=\"https:\/\/www.sfogliami.it\/fl\/302293\/18ffsjesk8tt8mcq9r374smd59xxnk6#page\/1\">\t\t<div class=\"elementor-carousel-image\" role=\"img\" aria-label=\"Screenshot 2024-10-09 122242\" style=\"background-image: url(&#039;https:\/\/www.ceoforlifeawards.com\/it\/wp-content\/uploads\/sites\/3\/2024\/10\/Screenshot-2024-10-09-122242.png&#039;)\">\n\n\t\t\t\n\t\t\t\t\t<\/div>\n\t\t<\/a>\t\t\t\t\t\t<\/div>\n\t\t\t\t\t\t\t\t\t\t\t<div class=\"swiper-slide\">\n\t\t\t\t\t\t\t<a href=\"https:\/\/www.sfogliami.it\/fl\/300035\/9779bpbcqn43yh1bhcsjkhx6t4ugx4#page\/1\">\t\t<div class=\"elementor-carousel-image\" role=\"img\" aria-label=\"Screenshot 2024-07-31 114946\" style=\"background-image: url(&#039;https:\/\/www.ceoforlifeawards.com\/it\/wp-content\/uploads\/sites\/3\/2024\/07\/Screenshot-2024-07-31-114946.png&#039;)\">\n\n\t\t\t\n\t\t\t\t\t<\/div>\n\t\t<\/a>\t\t\t\t\t\t<\/div>\n\t\t\t\t\t\t\t\t\t\t\t<div class=\"swiper-slide\">\n\t\t\t\t\t\t\t<a href=\"https:\/\/www.sfogliami.it\/fl\/301334\/spe3enzc9ueueuesxesr8ryc5rmqgs\">\t\t<div class=\"elementor-carousel-image\" role=\"img\" aria-label=\"Screenshot 2024-07-18 094558\" style=\"background-image: url(&#039;https:\/\/www.ceoforlifeawards.com\/it\/wp-content\/uploads\/sites\/3\/2024\/07\/Screenshot-2024-07-18-094558.png&#039;)\">\n\n\t\t\t\n\t\t\t\t\t<\/div>\n\t\t<\/a>\t\t\t\t\t\t<\/div>\n\t\t\t\t\t\t\t\t\t\t\t<div class=\"swiper-slide\">\n\t\t\t\t\t\t\t<a href=\"https:\/\/www.sfogliami.it\/fl\/298563\/6jndm6h5zx3dysnx5zknn8vs5296jz\">\t\t<div class=\"elementor-carousel-image\" role=\"img\" aria-label=\"cover lechiara\" style=\"background-image: url(&#039;https:\/\/www.ceoforlifeawards.com\/it\/wp-content\/uploads\/sites\/3\/2024\/06\/cover-lechiara.png&#039;)\">\n\n\t\t\t\n\t\t\t\t\t<\/div>\n\t\t<\/a>\t\t\t\t\t\t<\/div>\n\t\t\t\t\t\t\t\t\t\t\t<div class=\"swiper-slide\">\n\t\t\t\t\t\t\t<a href=\"https:\/\/www.sfogliami.it\/fl\/298595\/j9ykr9q7y5ryt84mq5gkd4b7efxmqd6\">\t\t<div class=\"elementor-carousel-image\" role=\"img\" aria-label=\"cover fusilli\" style=\"background-image: url(&#039;https:\/\/www.ceoforlifeawards.com\/it\/wp-content\/uploads\/sites\/3\/2024\/06\/cover-fusilli.png&#039;)\">\n\n\t\t\t\n\t\t\t\t\t<\/div>\n\t\t<\/a>\t\t\t\t\t\t<\/div>\n\t\t\t\t\t\t\t\t\t\t\t<div class=\"swiper-slide\">\n\t\t\t\t\t\t\t<a href=\"https:\/\/www.sfogliami.it\/fl\/298495\/zdjqf96zsk1nvnsehj8km94kvsen6x16\">\t\t<div class=\"elementor-carousel-image\" role=\"img\" aria-label=\"cover campari\" style=\"background-image: url(&#039;https:\/\/www.ceoforlifeawards.com\/it\/wp-content\/uploads\/sites\/3\/2024\/06\/cover-campari.png&#039;)\">\n\n\t\t\t\n\t\t\t\t\t<\/div>\n\t\t<\/a>\t\t\t\t\t\t<\/div>\n\t\t\t\t\t\t\t\t\t\t\t<div class=\"swiper-slide\">\n\t\t\t\t\t\t\t<a href=\"https:\/\/www.sfogliami.it\/fl\/298494\/u1dcfx363hj4c3tt57xn7rd8y8bs5er\">\t\t<div class=\"elementor-carousel-image\" role=\"img\" aria-label=\"cover cominelli\" style=\"background-image: url(&#039;https:\/\/www.ceoforlifeawards.com\/it\/wp-content\/uploads\/sites\/3\/2024\/06\/cover-cominelli.png&#039;)\">\n\n\t\t\t\n\t\t\t\t\t<\/div>\n\t\t<\/a>\t\t\t\t\t\t<\/div>\n\t\t\t\t\t\t\t\t\t<\/div>\n\t\t\t\t\t\t\t\t\t\t\t\t\t\t\t\t\t\t\t\t<div class=\"elementor-swiper-button elementor-swiper-button-prev\" role=\"button\" tabindex=\"0\">\n\t\t\t\t\t\t\t<i aria-hidden=\"true\" class=\"eicon-chevron-left\"><\/i>\t\t\t\t\t\t\t<span class=\"elementor-screen-only\">Previous<\/span>\n\t\t\t\t\t\t<\/div>\n\t\t\t\t\t\t<div class=\"elementor-swiper-button elementor-swiper-button-next\" role=\"button\" tabindex=\"0\">\n\t\t\t\t\t\t\t<i aria-hidden=\"true\" class=\"eicon-chevron-right\"><\/i>\t\t\t\t\t\t\t<span class=\"elementor-screen-only\">Next<\/span>\n\t\t\t\t\t\t<\/div>\n\t\t\t\t\t\t\t\t\t\t\t\t<\/div>\n\t\t<\/div>\n\t\t\t\t<\/div>\n\t\t\t\t<\/div>\n\t\t\t\t\t<\/div>\n\t\t<\/div>\n\t\t\t\t\t<\/div>\n\t\t<\/section>\n\t\t\t\t<section class=\"has_eae_slider elementor-section elementor-inner-section elementor-element elementor-element-5f890c6d elementor-section-boxed elementor-section-height-default elementor-section-height-default\" data-id=\"5f890c6d\" data-element_type=\"section\">\n\t\t\t\t\t\t<div class=\"elementor-container elementor-column-gap-default\">\n\t\t\t\t\t<div class=\"has_eae_slider elementor-column elementor-col-50 elementor-inner-column elementor-element elementor-element-5c3478f5\" data-id=\"5c3478f5\" data-element_type=\"column\">\n\t\t\t<div class=\"elementor-widget-wrap elementor-element-populated\">\n\t\t\t\t\t\t<div class=\"elementor-element elementor-element-59be1851 elementor-align-center elementor-widget elementor-widget-button\" data-id=\"59be1851\" data-element_type=\"widget\" data-widget_type=\"button.default\">\n\t\t\t\t<div class=\"elementor-widget-container\">\n\t\t\t\t\t<div class=\"elementor-button-wrapper\">\n\t\t\t<a class=\"elementor-button elementor-button-link elementor-size-sm\" href=\"\/it\/promote\/#magazine\">\n\t\t\t\t\t\t<span class=\"elementor-button-content-wrapper\">\n\t\t\t\t\t\t\t\t\t<span class=\"elementor-button-text\">GUARDA I MAGAZINE<\/span>\n\t\t\t\t\t<\/span>\n\t\t\t\t\t<\/a>\n\t\t<\/div>\n\t\t\t\t<\/div>\n\t\t\t\t<\/div>\n\t\t\t\t\t<\/div>\n\t\t<\/div>\n\t\t\t\t<div class=\"has_eae_slider elementor-column elementor-col-50 elementor-inner-column elementor-element elementor-element-208bc103\" data-id=\"208bc103\" data-element_type=\"column\">\n\t\t\t<div class=\"elementor-widget-wrap elementor-element-populated\">\n\t\t\t\t\t\t<div class=\"elementor-element elementor-element-7997e0b2 elementor-align-center elementor-widget elementor-widget-button\" data-id=\"7997e0b2\" data-element_type=\"widget\" data-widget_type=\"button.default\">\n\t\t\t\t<div class=\"elementor-widget-container\">\n\t\t\t\t\t<div class=\"elementor-button-wrapper\">\n\t\t\t<a class=\"elementor-button elementor-button-link elementor-size-sm\" href=\"\/it\/promote\/#form\">\n\t\t\t\t\t\t<span class=\"elementor-button-content-wrapper\">\n\t\t\t\t\t\t\t\t\t<span class=\"elementor-button-text\">Richiedi il tuo C4L MAG<\/span>\n\t\t\t\t\t<\/span>\n\t\t\t\t\t<\/a>\n\t\t<\/div>\n\t\t\t\t<\/div>\n\t\t\t\t<\/div>\n\t\t\t\t\t<\/div>\n\t\t<\/div>\n\t\t\t\t\t<\/div>\n\t\t<\/section>\n\t\t\t\t<div class=\"elementor-element elementor-element-77cb2b0f elementor-widget elementor-widget-heading\" data-id=\"77cb2b0f\" data-element_type=\"widget\" data-widget_type=\"heading.default\">\n\t\t\t\t<div class=\"elementor-widget-container\">\n\t\t\t<h2 class=\"elementor-heading-title elementor-size-default\">Positioning Video<\/h2>\t\t<\/div>\n\t\t\t\t<\/div>\n\t\t\t\t<section class=\"has_eae_slider elementor-section elementor-inner-section elementor-element elementor-element-63b0a446 elementor-section-height-min-height elementor-section-content-middle elementor-section-boxed elementor-section-height-default\" data-id=\"63b0a446\" data-element_type=\"section\" data-settings=\"{&quot;background_background&quot;:&quot;video&quot;,&quot;background_video_link&quot;:&quot;https:\\\/\\\/youtu.be\\\/-V5mpTFj45k&quot;,&quot;background_play_on_mobile&quot;:&quot;yes&quot;}\">\n\t\t\t\t\t\t\t\t<div class=\"elementor-background-video-container\">\n\t\t\t\t\t\t\t\t\t\t\t\t\t<div class=\"elementor-background-video-embed\"><\/div>\n\t\t\t\t\t\t\t\t\t\t\t\t<\/div>\n\t\t\t\t\t\t\t\t\t<div class=\"elementor-background-overlay\"><\/div>\n\t\t\t\t\t\t\t<div class=\"elementor-container elementor-column-gap-default\">\n\t\t\t\t\t<div class=\"has_eae_slider elementor-column elementor-col-100 elementor-inner-column elementor-element elementor-element-57cce13e\" data-id=\"57cce13e\" data-element_type=\"column\">\n\t\t\t<div class=\"elementor-widget-wrap\">\n\t\t\t\t\t\t\t<\/div>\n\t\t<\/div>\n\t\t\t\t\t<\/div>\n\t\t<\/section>\n\t\t\t\t<div class=\"elementor-element elementor-element-1ddd87d5 elementor-align-center elementor-widget elementor-widget-button\" data-id=\"1ddd87d5\" data-element_type=\"widget\" data-widget_type=\"button.default\">\n\t\t\t\t<div class=\"elementor-widget-container\">\n\t\t\t\t\t<div class=\"elementor-button-wrapper\">\n\t\t\t<a class=\"elementor-button elementor-button-link elementor-size-sm\" href=\"\/it\/promote\/#form\">\n\t\t\t\t\t\t<span class=\"elementor-button-content-wrapper\">\n\t\t\t\t\t\t\t\t\t<span class=\"elementor-button-text\">RICHIEDI IL TUO POSITIONING VIDEO<\/span>\n\t\t\t\t\t<\/span>\n\t\t\t\t\t<\/a>\n\t\t<\/div>\n\t\t\t\t<\/div>\n\t\t\t\t<\/div>\n\t\t\t\t<div class=\"elementor-element elementor-element-64d2820f elementor-widget elementor-widget-heading\" data-id=\"64d2820f\" data-element_type=\"widget\" data-widget_type=\"heading.default\">\n\t\t\t\t<div class=\"elementor-widget-container\">\n\t\t\t<h2 class=\"elementor-heading-title elementor-size-default\">Media Interviews and Publications<\/h2>\t\t<\/div>\n\t\t\t\t<\/div>\n\t\t\t\t<section class=\"has_eae_slider elementor-section elementor-inner-section elementor-element elementor-element-78fb6026 elementor-section-height-min-height elementor-section-content-middle elementor-section-full_width elementor-section-height-default\" data-id=\"78fb6026\" data-element_type=\"section\" data-settings=\"{&quot;background_background&quot;:&quot;video&quot;,&quot;background_video_link&quot;:&quot;https:\\\/\\\/youtu.be\\\/r9S0qBk_a-s&quot;,&quot;background_play_on_mobile&quot;:&quot;yes&quot;}\">\n\t\t\t\t\t\t\t\t<div class=\"elementor-background-video-container\">\n\t\t\t\t\t\t\t\t\t\t\t\t\t<div class=\"elementor-background-video-embed\"><\/div>\n\t\t\t\t\t\t\t\t\t\t\t\t<\/div>\n\t\t\t\t\t\t\t\t\t<div class=\"elementor-background-overlay\"><\/div>\n\t\t\t\t\t\t\t<div class=\"elementor-container elementor-column-gap-default\">\n\t\t\t\t\t<div class=\"has_eae_slider elementor-column elementor-col-100 elementor-inner-column elementor-element elementor-element-40fbc7c1\" data-id=\"40fbc7c1\" data-element_type=\"column\">\n\t\t\t<div class=\"elementor-widget-wrap\">\n\t\t\t\t\t\t\t<\/div>\n\t\t<\/div>\n\t\t\t\t\t<\/div>\n\t\t<\/section>\n\t\t\t\t<div class=\"elementor-element elementor-element-72ce501e elementor-align-center elementor-widget elementor-widget-button\" data-id=\"72ce501e\" data-element_type=\"widget\" data-widget_type=\"button.default\">\n\t\t\t\t<div class=\"elementor-widget-container\">\n\t\t\t\t\t<div class=\"elementor-button-wrapper\">\n\t\t\t<a class=\"elementor-button elementor-button-link elementor-size-sm\" href=\"\/it\/promote\/#form\">\n\t\t\t\t\t\t<span class=\"elementor-button-content-wrapper\">\n\t\t\t\t\t\t\t\t\t<span class=\"elementor-button-text\">RICHIEDI LA TUA MEDIA INTERVIEW<\/span>\n\t\t\t\t\t<\/span>\n\t\t\t\t\t<\/a>\n\t\t<\/div>\n\t\t\t\t<\/div>\n\t\t\t\t<\/div>\n\t\t\t\t<section class=\"has_eae_slider elementor-section elementor-inner-section elementor-element elementor-element-46f8c115 elementor-section-boxed elementor-section-height-default elementor-section-height-default\" data-id=\"46f8c115\" data-element_type=\"section\">\n\t\t\t\t\t\t<div class=\"elementor-container elementor-column-gap-default\">\n\t\t\t\t\t<div class=\"has_eae_slider elementor-column elementor-col-25 elementor-inner-column elementor-element elementor-element-e808c48\" data-id=\"e808c48\" data-element_type=\"column\">\n\t\t\t<div class=\"elementor-widget-wrap elementor-element-populated\">\n\t\t\t\t\t\t<div class=\"elementor-element elementor-element-3597216b elementor-widget elementor-widget-image\" data-id=\"3597216b\" data-element_type=\"widget\" data-widget_type=\"image.default\">\n\t\t\t\t<div class=\"elementor-widget-container\">\n\t\t\t\t\t\t\t\t\t\t\t\t\t<img loading=\"lazy\" width=\"1024\" height=\"615\" src=\"https:\/\/www.ceoforlifeawards.com\/it\/wp-content\/uploads\/sites\/3\/2022\/07\/THE-MAP-REPORT-1024x615.png\" class=\"attachment-large size-large wp-image-12255\" alt=\"\" loading=\"lazy\" srcset=\"https:\/\/www.ceoforlifeawards.com\/it\/wp-content\/uploads\/sites\/3\/2022\/07\/THE-MAP-REPORT-1024x615.png 1024w, https:\/\/www.ceoforlifeawards.com\/it\/wp-content\/uploads\/sites\/3\/2022\/07\/THE-MAP-REPORT-300x180.png 300w, https:\/\/www.ceoforlifeawards.com\/it\/wp-content\/uploads\/sites\/3\/2022\/07\/THE-MAP-REPORT-768x461.png 768w, https:\/\/www.ceoforlifeawards.com\/it\/wp-content\/uploads\/sites\/3\/2022\/07\/THE-MAP-REPORT-750x450.png 750w, https:\/\/www.ceoforlifeawards.com\/it\/wp-content\/uploads\/sites\/3\/2022\/07\/THE-MAP-REPORT-1140x685.png 1140w, https:\/\/www.ceoforlifeawards.com\/it\/wp-content\/uploads\/sites\/3\/2022\/07\/THE-MAP-REPORT.png 1282w\" sizes=\"(max-width: 1024px) 100vw, 1024px\" \/>\t\t\t\t\t\t\t\t\t\t\t\t\t<\/div>\n\t\t\t\t<\/div>\n\t\t\t\t\t<\/div>\n\t\t<\/div>\n\t\t\t\t<div class=\"has_eae_slider elementor-column elementor-col-25 elementor-inner-column elementor-element elementor-element-21d65b69\" data-id=\"21d65b69\" data-element_type=\"column\">\n\t\t\t<div class=\"elementor-widget-wrap elementor-element-populated\">\n\t\t\t\t\t\t<div class=\"elementor-element elementor-element-72260415 elementor-widget elementor-widget-image\" data-id=\"72260415\" data-element_type=\"widget\" data-widget_type=\"image.default\">\n\t\t\t\t<div class=\"elementor-widget-container\">\n\t\t\t\t\t\t\t\t\t\t\t\t\t<img loading=\"lazy\" width=\"1024\" height=\"615\" src=\"https:\/\/www.ceoforlifeawards.com\/it\/wp-content\/uploads\/sites\/3\/2022\/07\/ANSA-1024x615.png\" class=\"attachment-large size-large wp-image-12247\" alt=\"\" loading=\"lazy\" srcset=\"https:\/\/www.ceoforlifeawards.com\/it\/wp-content\/uploads\/sites\/3\/2022\/07\/ANSA-1024x615.png 1024w, https:\/\/www.ceoforlifeawards.com\/it\/wp-content\/uploads\/sites\/3\/2022\/07\/ANSA-300x180.png 300w, https:\/\/www.ceoforlifeawards.com\/it\/wp-content\/uploads\/sites\/3\/2022\/07\/ANSA-768x461.png 768w, https:\/\/www.ceoforlifeawards.com\/it\/wp-content\/uploads\/sites\/3\/2022\/07\/ANSA-750x450.png 750w, https:\/\/www.ceoforlifeawards.com\/it\/wp-content\/uploads\/sites\/3\/2022\/07\/ANSA-1140x685.png 1140w, https:\/\/www.ceoforlifeawards.com\/it\/wp-content\/uploads\/sites\/3\/2022\/07\/ANSA.png 1282w\" sizes=\"(max-width: 1024px) 100vw, 1024px\" \/>\t\t\t\t\t\t\t\t\t\t\t\t\t<\/div>\n\t\t\t\t<\/div>\n\t\t\t\t\t<\/div>\n\t\t<\/div>\n\t\t\t\t<div class=\"has_eae_slider elementor-column elementor-col-25 elementor-inner-column elementor-element elementor-element-7c6bf788\" data-id=\"7c6bf788\" data-element_type=\"column\">\n\t\t\t<div class=\"elementor-widget-wrap elementor-element-populated\">\n\t\t\t\t\t\t<div class=\"elementor-element elementor-element-758eb0d2 elementor-widget elementor-widget-image\" data-id=\"758eb0d2\" data-element_type=\"widget\" data-widget_type=\"image.default\">\n\t\t\t\t<div class=\"elementor-widget-container\">\n\t\t\t\t\t\t\t\t\t\t\t\t\t<img loading=\"lazy\" width=\"1024\" height=\"615\" src=\"https:\/\/www.ceoforlifeawards.com\/it\/wp-content\/uploads\/sites\/3\/2022\/07\/LIFEGATE-1024x615.png\" class=\"attachment-large size-large wp-image-12249\" alt=\"\" loading=\"lazy\" srcset=\"https:\/\/www.ceoforlifeawards.com\/it\/wp-content\/uploads\/sites\/3\/2022\/07\/LIFEGATE-1024x615.png 1024w, https:\/\/www.ceoforlifeawards.com\/it\/wp-content\/uploads\/sites\/3\/2022\/07\/LIFEGATE-300x180.png 300w, https:\/\/www.ceoforlifeawards.com\/it\/wp-content\/uploads\/sites\/3\/2022\/07\/LIFEGATE-768x461.png 768w, https:\/\/www.ceoforlifeawards.com\/it\/wp-content\/uploads\/sites\/3\/2022\/07\/LIFEGATE-750x450.png 750w, https:\/\/www.ceoforlifeawards.com\/it\/wp-content\/uploads\/sites\/3\/2022\/07\/LIFEGATE-1140x685.png 1140w, https:\/\/www.ceoforlifeawards.com\/it\/wp-content\/uploads\/sites\/3\/2022\/07\/LIFEGATE.png 1282w\" sizes=\"(max-width: 1024px) 100vw, 1024px\" \/>\t\t\t\t\t\t\t\t\t\t\t\t\t<\/div>\n\t\t\t\t<\/div>\n\t\t\t\t\t<\/div>\n\t\t<\/div>\n\t\t\t\t<div class=\"has_eae_slider elementor-column elementor-col-25 elementor-inner-column elementor-element elementor-element-307111de\" data-id=\"307111de\" data-element_type=\"column\">\n\t\t\t<div class=\"elementor-widget-wrap elementor-element-populated\">\n\t\t\t\t\t\t<div class=\"elementor-element elementor-element-63ba7df2 elementor-widget elementor-widget-image\" data-id=\"63ba7df2\" data-element_type=\"widget\" data-widget_type=\"image.default\">\n\t\t\t\t<div class=\"elementor-widget-container\">\n\t\t\t\t\t\t\t\t\t\t\t\t\t<img loading=\"lazy\" width=\"1024\" height=\"615\" src=\"https:\/\/www.ceoforlifeawards.com\/it\/wp-content\/uploads\/sites\/3\/2022\/07\/QUI-FINANZA-1-1024x615.png\" class=\"attachment-large size-large wp-image-13364\" alt=\"\" loading=\"lazy\" srcset=\"https:\/\/www.ceoforlifeawards.com\/it\/wp-content\/uploads\/sites\/3\/2022\/07\/QUI-FINANZA-1-1024x615.png 1024w, https:\/\/www.ceoforlifeawards.com\/it\/wp-content\/uploads\/sites\/3\/2022\/07\/QUI-FINANZA-1-300x180.png 300w, https:\/\/www.ceoforlifeawards.com\/it\/wp-content\/uploads\/sites\/3\/2022\/07\/QUI-FINANZA-1-768x461.png 768w, https:\/\/www.ceoforlifeawards.com\/it\/wp-content\/uploads\/sites\/3\/2022\/07\/QUI-FINANZA-1-750x450.png 750w, https:\/\/www.ceoforlifeawards.com\/it\/wp-content\/uploads\/sites\/3\/2022\/07\/QUI-FINANZA-1-1140x684.png 1140w, https:\/\/www.ceoforlifeawards.com\/it\/wp-content\/uploads\/sites\/3\/2022\/07\/QUI-FINANZA-1.png 1283w\" sizes=\"(max-width: 1024px) 100vw, 1024px\" \/>\t\t\t\t\t\t\t\t\t\t\t\t\t<\/div>\n\t\t\t\t<\/div>\n\t\t\t\t\t<\/div>\n\t\t<\/div>\n\t\t\t\t\t<\/div>\n\t\t<\/section>\n\t\t\t\t<section class=\"has_eae_slider elementor-section elementor-inner-section elementor-element elementor-element-2c6d047b elementor-section-boxed elementor-section-height-default elementor-section-height-default\" data-id=\"2c6d047b\" data-element_type=\"section\">\n\t\t\t\t\t\t<div class=\"elementor-container elementor-column-gap-default\">\n\t\t\t\t\t<div class=\"has_eae_slider elementor-column elementor-col-25 elementor-inner-column elementor-element elementor-element-2eb9266a\" data-id=\"2eb9266a\" data-element_type=\"column\">\n\t\t\t<div class=\"elementor-widget-wrap elementor-element-populated\">\n\t\t\t\t\t\t<div class=\"elementor-element elementor-element-3fcd7a16 elementor-widget elementor-widget-image\" data-id=\"3fcd7a16\" data-element_type=\"widget\" data-widget_type=\"image.default\">\n\t\t\t\t<div class=\"elementor-widget-container\">\n\t\t\t\t\t\t\t\t\t\t\t\t\t<img loading=\"lazy\" width=\"1024\" height=\"615\" src=\"https:\/\/www.ceoforlifeawards.com\/it\/wp-content\/uploads\/sites\/3\/2022\/07\/WIRED-1024x615.png\" class=\"attachment-large size-large wp-image-12256\" alt=\"\" loading=\"lazy\" srcset=\"https:\/\/www.ceoforlifeawards.com\/it\/wp-content\/uploads\/sites\/3\/2022\/07\/WIRED-1024x615.png 1024w, https:\/\/www.ceoforlifeawards.com\/it\/wp-content\/uploads\/sites\/3\/2022\/07\/WIRED-300x180.png 300w, https:\/\/www.ceoforlifeawards.com\/it\/wp-content\/uploads\/sites\/3\/2022\/07\/WIRED-768x461.png 768w, https:\/\/www.ceoforlifeawards.com\/it\/wp-content\/uploads\/sites\/3\/2022\/07\/WIRED-750x450.png 750w, https:\/\/www.ceoforlifeawards.com\/it\/wp-content\/uploads\/sites\/3\/2022\/07\/WIRED-1140x685.png 1140w, https:\/\/www.ceoforlifeawards.com\/it\/wp-content\/uploads\/sites\/3\/2022\/07\/WIRED.png 1282w\" sizes=\"(max-width: 1024px) 100vw, 1024px\" \/>\t\t\t\t\t\t\t\t\t\t\t\t\t<\/div>\n\t\t\t\t<\/div>\n\t\t\t\t\t<\/div>\n\t\t<\/div>\n\t\t\t\t<div class=\"has_eae_slider elementor-column elementor-col-25 elementor-inner-column elementor-element elementor-element-3aaba4e3\" data-id=\"3aaba4e3\" data-element_type=\"column\">\n\t\t\t<div class=\"elementor-widget-wrap elementor-element-populated\">\n\t\t\t\t\t\t<div class=\"elementor-element elementor-element-2bed0778 elementor-widget elementor-widget-image\" data-id=\"2bed0778\" data-element_type=\"widget\" data-widget_type=\"image.default\">\n\t\t\t\t<div class=\"elementor-widget-container\">\n\t\t\t\t\t\t\t\t\t\t\t\t\t<img loading=\"lazy\" width=\"1024\" height=\"615\" src=\"https:\/\/www.ceoforlifeawards.com\/it\/wp-content\/uploads\/sites\/3\/2022\/07\/SKYTG24-1024x615.png\" class=\"attachment-large size-large wp-image-12254\" alt=\"\" loading=\"lazy\" srcset=\"https:\/\/www.ceoforlifeawards.com\/it\/wp-content\/uploads\/sites\/3\/2022\/07\/SKYTG24-1024x615.png 1024w, https:\/\/www.ceoforlifeawards.com\/it\/wp-content\/uploads\/sites\/3\/2022\/07\/SKYTG24-300x180.png 300w, https:\/\/www.ceoforlifeawards.com\/it\/wp-content\/uploads\/sites\/3\/2022\/07\/SKYTG24-768x461.png 768w, https:\/\/www.ceoforlifeawards.com\/it\/wp-content\/uploads\/sites\/3\/2022\/07\/SKYTG24-750x450.png 750w, https:\/\/www.ceoforlifeawards.com\/it\/wp-content\/uploads\/sites\/3\/2022\/07\/SKYTG24-1140x684.png 1140w, https:\/\/www.ceoforlifeawards.com\/it\/wp-content\/uploads\/sites\/3\/2022\/07\/SKYTG24.png 1283w\" sizes=\"(max-width: 1024px) 100vw, 1024px\" \/>\t\t\t\t\t\t\t\t\t\t\t\t\t<\/div>\n\t\t\t\t<\/div>\n\t\t\t\t\t<\/div>\n\t\t<\/div>\n\t\t\t\t<div class=\"has_eae_slider elementor-column elementor-col-25 elementor-inner-column elementor-element elementor-element-524d0f3d\" data-id=\"524d0f3d\" data-element_type=\"column\">\n\t\t\t<div class=\"elementor-widget-wrap elementor-element-populated\">\n\t\t\t\t\t\t<div class=\"elementor-element elementor-element-4db9a7f1 elementor-widget elementor-widget-image\" data-id=\"4db9a7f1\" data-element_type=\"widget\" data-widget_type=\"image.default\">\n\t\t\t\t<div class=\"elementor-widget-container\">\n\t\t\t\t\t\t\t\t\t\t\t\t\t<img loading=\"lazy\" width=\"1024\" height=\"615\" src=\"https:\/\/www.ceoforlifeawards.com\/it\/wp-content\/uploads\/sites\/3\/2022\/07\/RAI-SCUOLA-1024x615.png\" class=\"attachment-large size-large wp-image-12251\" alt=\"\" loading=\"lazy\" srcset=\"https:\/\/www.ceoforlifeawards.com\/it\/wp-content\/uploads\/sites\/3\/2022\/07\/RAI-SCUOLA-1024x615.png 1024w, https:\/\/www.ceoforlifeawards.com\/it\/wp-content\/uploads\/sites\/3\/2022\/07\/RAI-SCUOLA-300x180.png 300w, https:\/\/www.ceoforlifeawards.com\/it\/wp-content\/uploads\/sites\/3\/2022\/07\/RAI-SCUOLA-768x461.png 768w, https:\/\/www.ceoforlifeawards.com\/it\/wp-content\/uploads\/sites\/3\/2022\/07\/RAI-SCUOLA-750x450.png 750w, https:\/\/www.ceoforlifeawards.com\/it\/wp-content\/uploads\/sites\/3\/2022\/07\/RAI-SCUOLA-1140x685.png 1140w, https:\/\/www.ceoforlifeawards.com\/it\/wp-content\/uploads\/sites\/3\/2022\/07\/RAI-SCUOLA.png 1282w\" sizes=\"(max-width: 1024px) 100vw, 1024px\" \/>\t\t\t\t\t\t\t\t\t\t\t\t\t<\/div>\n\t\t\t\t<\/div>\n\t\t\t\t\t<\/div>\n\t\t<\/div>\n\t\t\t\t<div class=\"has_eae_slider elementor-column elementor-col-25 elementor-inner-column elementor-element elementor-element-4943d091\" data-id=\"4943d091\" data-element_type=\"column\">\n\t\t\t<div class=\"elementor-widget-wrap elementor-element-populated\">\n\t\t\t\t\t\t<div class=\"elementor-element elementor-element-67e71653 elementor-widget elementor-widget-image\" data-id=\"67e71653\" data-element_type=\"widget\" data-widget_type=\"image.default\">\n\t\t\t\t<div class=\"elementor-widget-container\">\n\t\t\t\t\t\t\t\t\t\t\t\t\t<img loading=\"lazy\" width=\"1024\" height=\"615\" src=\"https:\/\/www.ceoforlifeawards.com\/it\/wp-content\/uploads\/sites\/3\/2022\/07\/RAI-1024x615.png\" class=\"attachment-large size-large wp-image-12252\" alt=\"\" loading=\"lazy\" srcset=\"https:\/\/www.ceoforlifeawards.com\/it\/wp-content\/uploads\/sites\/3\/2022\/07\/RAI-1024x615.png 1024w, https:\/\/www.ceoforlifeawards.com\/it\/wp-content\/uploads\/sites\/3\/2022\/07\/RAI-300x180.png 300w, https:\/\/www.ceoforlifeawards.com\/it\/wp-content\/uploads\/sites\/3\/2022\/07\/RAI-768x461.png 768w, https:\/\/www.ceoforlifeawards.com\/it\/wp-content\/uploads\/sites\/3\/2022\/07\/RAI-750x450.png 750w, https:\/\/www.ceoforlifeawards.com\/it\/wp-content\/uploads\/sites\/3\/2022\/07\/RAI-1140x685.png 1140w, https:\/\/www.ceoforlifeawards.com\/it\/wp-content\/uploads\/sites\/3\/2022\/07\/RAI.png 1282w\" sizes=\"(max-width: 1024px) 100vw, 1024px\" \/>\t\t\t\t\t\t\t\t\t\t\t\t\t<\/div>\n\t\t\t\t<\/div>\n\t\t\t\t\t<\/div>\n\t\t<\/div>\n\t\t\t\t\t<\/div>\n\t\t<\/section>\n\t\t\t\t<section class=\"has_eae_slider elementor-section elementor-inner-section elementor-element elementor-element-5235b162 elementor-section-boxed elementor-section-height-default elementor-section-height-default\" data-id=\"5235b162\" data-element_type=\"section\">\n\t\t\t\t\t\t<div class=\"elementor-container elementor-column-gap-default\">\n\t\t\t\t\t<div class=\"has_eae_slider elementor-column elementor-col-25 elementor-inner-column elementor-element elementor-element-3022a5d3\" data-id=\"3022a5d3\" data-element_type=\"column\">\n\t\t\t<div class=\"elementor-widget-wrap elementor-element-populated\">\n\t\t\t\t\t\t<div class=\"elementor-element elementor-element-37341ded elementor-widget elementor-widget-image\" data-id=\"37341ded\" data-element_type=\"widget\" data-widget_type=\"image.default\">\n\t\t\t\t<div class=\"elementor-widget-container\">\n\t\t\t\t\t\t\t\t\t\t\t\t\t<img loading=\"lazy\" width=\"425\" height=\"200\" src=\"https:\/\/www.ceoforlifeawards.com\/it\/wp-content\/uploads\/sites\/3\/2023\/09\/Economy.jpg\" class=\"attachment-large size-large wp-image-35207\" alt=\"\" loading=\"lazy\" srcset=\"https:\/\/www.ceoforlifeawards.com\/it\/wp-content\/uploads\/sites\/3\/2023\/09\/Economy.jpg 425w, https:\/\/www.ceoforlifeawards.com\/it\/wp-content\/uploads\/sites\/3\/2023\/09\/Economy-300x141.jpg 300w\" sizes=\"(max-width: 425px) 100vw, 425px\" \/>\t\t\t\t\t\t\t\t\t\t\t\t\t<\/div>\n\t\t\t\t<\/div>\n\t\t\t\t\t<\/div>\n\t\t<\/div>\n\t\t\t\t<div class=\"has_eae_slider elementor-column elementor-col-25 elementor-inner-column elementor-element elementor-element-22bd543c\" data-id=\"22bd543c\" data-element_type=\"column\">\n\t\t\t<div class=\"elementor-widget-wrap elementor-element-populated\">\n\t\t\t\t\t\t<div class=\"elementor-element elementor-element-658f9891 elementor-widget elementor-widget-image\" data-id=\"658f9891\" data-element_type=\"widget\" data-widget_type=\"image.default\">\n\t\t\t\t<div class=\"elementor-widget-container\">\n\t\t\t\t\t\t\t\t\t\t\t\t\t<img loading=\"lazy\" width=\"600\" height=\"91\" src=\"https:\/\/www.ceoforlifeawards.com\/it\/wp-content\/uploads\/sites\/3\/2023\/09\/giornale-ditalia.png\" class=\"attachment-large size-large wp-image-35208\" alt=\"\" loading=\"lazy\" srcset=\"https:\/\/www.ceoforlifeawards.com\/it\/wp-content\/uploads\/sites\/3\/2023\/09\/giornale-ditalia.png 600w, https:\/\/www.ceoforlifeawards.com\/it\/wp-content\/uploads\/sites\/3\/2023\/09\/giornale-ditalia-300x46.png 300w\" sizes=\"(max-width: 600px) 100vw, 600px\" \/>\t\t\t\t\t\t\t\t\t\t\t\t\t<\/div>\n\t\t\t\t<\/div>\n\t\t\t\t\t<\/div>\n\t\t<\/div>\n\t\t\t\t<div class=\"has_eae_slider elementor-column elementor-col-25 elementor-inner-column elementor-element elementor-element-63ee0206\" data-id=\"63ee0206\" data-element_type=\"column\">\n\t\t\t<div class=\"elementor-widget-wrap elementor-element-populated\">\n\t\t\t\t\t\t<div class=\"elementor-element elementor-element-2d046c86 elementor-widget elementor-widget-image\" data-id=\"2d046c86\" data-element_type=\"widget\" data-widget_type=\"image.default\">\n\t\t\t\t<div class=\"elementor-widget-container\">\n\t\t\t\t\t\t\t\t\t\t\t\t\t<img loading=\"lazy\" width=\"635\" height=\"240\" src=\"https:\/\/www.ceoforlifeawards.com\/it\/wp-content\/uploads\/sites\/3\/2023\/09\/askanews-logo.png\" class=\"attachment-large size-large wp-image-35209\" alt=\"\" loading=\"lazy\" srcset=\"https:\/\/www.ceoforlifeawards.com\/it\/wp-content\/uploads\/sites\/3\/2023\/09\/askanews-logo.png 635w, https:\/\/www.ceoforlifeawards.com\/it\/wp-content\/uploads\/sites\/3\/2023\/09\/askanews-logo-300x113.png 300w\" sizes=\"(max-width: 635px) 100vw, 635px\" \/>\t\t\t\t\t\t\t\t\t\t\t\t\t<\/div>\n\t\t\t\t<\/div>\n\t\t\t\t\t<\/div>\n\t\t<\/div>\n\t\t\t\t<div class=\"has_eae_slider elementor-column elementor-col-25 elementor-inner-column elementor-element elementor-element-219c166f\" data-id=\"219c166f\" data-element_type=\"column\">\n\t\t\t<div class=\"elementor-widget-wrap elementor-element-populated\">\n\t\t\t\t\t\t<div class=\"elementor-element elementor-element-1f9c120b elementor-widget elementor-widget-image\" data-id=\"1f9c120b\" data-element_type=\"widget\" data-widget_type=\"image.default\">\n\t\t\t\t<div class=\"elementor-widget-container\">\n\t\t\t\t\t\t\t\t\t\t\t\t\t<img loading=\"lazy\" width=\"1024\" height=\"400\" src=\"https:\/\/www.ceoforlifeawards.com\/it\/wp-content\/uploads\/sites\/3\/2023\/09\/Rai_News_-_Logo_2021.svg\" class=\"attachment-large size-large wp-image-35805\" alt=\"\" loading=\"lazy\" \/>\t\t\t\t\t\t\t\t\t\t\t\t\t<\/div>\n\t\t\t\t<\/div>\n\t\t\t\t\t<\/div>\n\t\t<\/div>\n\t\t\t\t\t<\/div>\n\t\t<\/section>\n\t\t\t\t<div class=\"elementor-element elementor-element-35fa4f5f elementor-widget elementor-widget-heading\" data-id=\"35fa4f5f\" data-element_type=\"widget\" data-widget_type=\"heading.default\">\n\t\t\t\t<div class=\"elementor-widget-container\">\n\t\t\t<h2 class=\"elementor-heading-title elementor-size-default\">Guarda la rassegna stampa CEO<i>for<\/i>LIFE<\/h2>\t\t<\/div>\n\t\t\t\t<\/div>\n\t\t\t\t<section class=\"has_eae_slider elementor-section elementor-inner-section elementor-element elementor-element-6bb90910 elementor-section-boxed elementor-section-height-default elementor-section-height-default\" data-id=\"6bb90910\" data-element_type=\"section\">\n\t\t\t\t\t\t<div class=\"elementor-container elementor-column-gap-default\">\n\t\t\t\t\t<div class=\"has_eae_slider elementor-column elementor-col-33 elementor-inner-column elementor-element elementor-element-6ef7b8e2\" data-id=\"6ef7b8e2\" data-element_type=\"column\">\n\t\t\t<div class=\"elementor-widget-wrap elementor-element-populated\">\n\t\t\t\t\t\t<div class=\"elementor-element elementor-element-6f500d7 elementor-widget elementor-widget-image\" data-id=\"6f500d7\" data-element_type=\"widget\" data-widget_type=\"image.default\">\n\t\t\t\t<div class=\"elementor-widget-container\">\n\t\t\t\t\t\t\t\t\t\t\t\t\t\t<a href=\"https:\/\/youtu.be\/s3KbPeFA6n0\">\n\t\t\t\t\t\t\t<img loading=\"lazy\" width=\"352\" height=\"200\" src=\"https:\/\/www.ceoforlifeawards.com\/it\/wp-content\/uploads\/sites\/3\/2024\/05\/Immagine1-1.png\" class=\"attachment-large size-large wp-image-49463\" alt=\"\" loading=\"lazy\" srcset=\"https:\/\/www.ceoforlifeawards.com\/it\/wp-content\/uploads\/sites\/3\/2024\/05\/Immagine1-1.png 352w, https:\/\/www.ceoforlifeawards.com\/it\/wp-content\/uploads\/sites\/3\/2024\/05\/Immagine1-1-300x170.png 300w, https:\/\/www.ceoforlifeawards.com\/it\/wp-content\/uploads\/sites\/3\/2024\/05\/Immagine1-1-350x200.png 350w\" sizes=\"(max-width: 352px) 100vw, 352px\" \/>\t\t\t\t\t\t\t\t<\/a>\n\t\t\t\t\t\t\t\t\t\t\t\t\t<\/div>\n\t\t\t\t<\/div>\n\t\t\t\t\t<\/div>\n\t\t<\/div>\n\t\t\t\t<div class=\"has_eae_slider elementor-column elementor-col-33 elementor-inner-column elementor-element elementor-element-3e4740b1\" data-id=\"3e4740b1\" data-element_type=\"column\">\n\t\t\t<div class=\"elementor-widget-wrap elementor-element-populated\">\n\t\t\t\t\t\t<div class=\"elementor-element elementor-element-e47962b elementor-widget elementor-widget-image\" data-id=\"e47962b\" data-element_type=\"widget\" data-widget_type=\"image.default\">\n\t\t\t\t<div class=\"elementor-widget-container\">\n\t\t\t\t\t\t\t\t\t\t\t\t\t\t<a href=\"https:\/\/youtu.be\/resRvnNTQZE\">\n\t\t\t\t\t\t\t<img loading=\"lazy\" width=\"351\" height=\"199\" src=\"https:\/\/www.ceoforlifeawards.com\/it\/wp-content\/uploads\/sites\/3\/2024\/05\/Immagine2-2.png\" class=\"attachment-large size-large wp-image-49462\" alt=\"\" loading=\"lazy\" srcset=\"https:\/\/www.ceoforlifeawards.com\/it\/wp-content\/uploads\/sites\/3\/2024\/05\/Immagine2-2.png 351w, https:\/\/www.ceoforlifeawards.com\/it\/wp-content\/uploads\/sites\/3\/2024\/05\/Immagine2-2-300x170.png 300w\" sizes=\"(max-width: 351px) 100vw, 351px\" \/>\t\t\t\t\t\t\t\t<\/a>\n\t\t\t\t\t\t\t\t\t\t\t\t\t<\/div>\n\t\t\t\t<\/div>\n\t\t\t\t\t<\/div>\n\t\t<\/div>\n\t\t\t\t<div class=\"has_eae_slider elementor-column elementor-col-33 elementor-inner-column elementor-element elementor-element-2c3c92f\" data-id=\"2c3c92f\" data-element_type=\"column\">\n\t\t\t<div class=\"elementor-widget-wrap elementor-element-populated\">\n\t\t\t\t\t\t<div class=\"elementor-element elementor-element-0c21a47 elementor-widget elementor-widget-image\" data-id=\"0c21a47\" data-element_type=\"widget\" data-widget_type=\"image.default\">\n\t\t\t\t<div class=\"elementor-widget-container\">\n\t\t\t\t\t\t\t\t\t\t\t\t\t\t<a href=\"https:\/\/stream24.ilsole24ore.com\/video\/italia\/europee-casini-grave-errore-solo-mostrare-muscoli-italia\/AG8O1dE?refresh_ce=1\">\n\t\t\t\t\t\t\t<img loading=\"lazy\" width=\"1024\" height=\"578\" src=\"https:\/\/www.ceoforlifeawards.com\/it\/wp-content\/uploads\/sites\/3\/2024\/05\/Immagine3-5-1024x578.jpg\" class=\"attachment-large size-large wp-image-49461\" alt=\"\" loading=\"lazy\" srcset=\"https:\/\/www.ceoforlifeawards.com\/it\/wp-content\/uploads\/sites\/3\/2024\/05\/Immagine3-5-1024x578.jpg 1024w, https:\/\/www.ceoforlifeawards.com\/it\/wp-content\/uploads\/sites\/3\/2024\/05\/Immagine3-5-300x169.jpg 300w, https:\/\/www.ceoforlifeawards.com\/it\/wp-content\/uploads\/sites\/3\/2024\/05\/Immagine3-5-768x434.jpg 768w, https:\/\/www.ceoforlifeawards.com\/it\/wp-content\/uploads\/sites\/3\/2024\/05\/Immagine3-5-1536x868.jpg 1536w, https:\/\/www.ceoforlifeawards.com\/it\/wp-content\/uploads\/sites\/3\/2024\/05\/Immagine3-5-2048x1157.jpg 2048w, https:\/\/www.ceoforlifeawards.com\/it\/wp-content\/uploads\/sites\/3\/2024\/05\/Immagine3-5-750x424.jpg 750w, https:\/\/www.ceoforlifeawards.com\/it\/wp-content\/uploads\/sites\/3\/2024\/05\/Immagine3-5-1140x644.jpg 1140w\" sizes=\"(max-width: 1024px) 100vw, 1024px\" \/>\t\t\t\t\t\t\t\t<\/a>\n\t\t\t\t\t\t\t\t\t\t\t\t\t<\/div>\n\t\t\t\t<\/div>\n\t\t\t\t\t<\/div>\n\t\t<\/div>\n\t\t\t\t\t<\/div>\n\t\t<\/section>\n\t\t\t\t<div class=\"elementor-element elementor-element-570b6855 elementor-align-center elementor-widget elementor-widget-button\" data-id=\"570b6855\" data-element_type=\"widget\" data-widget_type=\"button.default\">\n\t\t\t\t<div class=\"elementor-widget-container\">\n\t\t\t\t\t<div class=\"elementor-button-wrapper\">\n\t\t\t<a class=\"elementor-button elementor-button-link elementor-size-sm\" href=\"\/it\/media-2\/\">\n\t\t\t\t\t\t<span class=\"elementor-button-content-wrapper\">\n\t\t\t\t\t\t\t\t\t<span class=\"elementor-button-text\">GUARDA LA RASSEGNA <\/span>\n\t\t\t\t\t<\/span>\n\t\t\t\t\t<\/a>\n\t\t<\/div>\n\t\t\t\t<\/div>\n\t\t\t\t<\/div>\n\t\t\t\t<div class=\"elementor-element elementor-element-7ef155e1 elementor-widget elementor-widget-heading\" data-id=\"7ef155e1\" data-element_type=\"widget\" data-widget_type=\"heading.default\">\n\t\t\t\t<div class=\"elementor-widget-container\">\n\t\t\t<h2 class=\"elementor-heading-title elementor-size-default\">SDGs PROJECTS<\/h2>\t\t<\/div>\n\t\t\t\t<\/div>\n\t\t\t\t<div class=\"elementor-element elementor-element-7ee4d16c elementor-grid-3 elementor-grid-tablet-2 elementor-grid-mobile-1 elementor-posts--thumbnail-top elementor-widget elementor-widget-posts\" data-id=\"7ee4d16c\" data-element_type=\"widget\" data-settings=\"{&quot;classic_columns&quot;:&quot;3&quot;,&quot;classic_columns_tablet&quot;:&quot;2&quot;,&quot;classic_columns_mobile&quot;:&quot;1&quot;,&quot;classic_row_gap&quot;:{&quot;unit&quot;:&quot;px&quot;,&quot;size&quot;:35,&quot;sizes&quot;:[]},&quot;classic_row_gap_widescreen&quot;:{&quot;unit&quot;:&quot;px&quot;,&quot;size&quot;:&quot;&quot;,&quot;sizes&quot;:[]},&quot;classic_row_gap_tablet&quot;:{&quot;unit&quot;:&quot;px&quot;,&quot;size&quot;:&quot;&quot;,&quot;sizes&quot;:[]},&quot;classic_row_gap_mobile&quot;:{&quot;unit&quot;:&quot;px&quot;,&quot;size&quot;:&quot;&quot;,&quot;sizes&quot;:[]}}\" data-widget_type=\"posts.classic\">\n\t\t\t\t<div class=\"elementor-widget-container\">\n\t\t\t<link rel=\"stylesheet\" href=\"https:\/\/www.ceoforlifeawards.com\/it\/wp-content\/plugins\/elementor-pro\/assets\/css\/widget-posts.min.css\">\t\t<div class=\"elementor-posts-container elementor-posts elementor-posts--skin-classic elementor-grid\">\n\t\t\t\t<article class=\"elementor-post elementor-grid-item post-56102 post type-post status-publish format-standard has-post-thumbnail hentry category-diego-pisa category-projects category-sdgs tag-home\">\n\t\t\t\t<a class=\"elementor-post__thumbnail__link\" href=\"https:\/\/www.ceoforlifeawards.com\/it\/blog\/corviale-il-sogno-possibile-di-calciosociale-dove-legalita-e-sport-cambiano-il-destino-di-un-quartiere\/\" tabindex=\"-1\" >\n\t\t\t<div class=\"elementor-post__thumbnail\"><img loading=\"lazy\" width=\"300\" height=\"200\" src=\"https:\/\/www.ceoforlifeawards.com\/it\/wp-content\/uploads\/sites\/3\/2025\/07\/Teleperformance-300x200.jpg\" class=\"attachment-medium size-medium wp-image-56103\" alt=\"\" loading=\"lazy\" srcset=\"https:\/\/www.ceoforlifeawards.com\/it\/wp-content\/uploads\/sites\/3\/2025\/07\/Teleperformance-300x200.jpg 300w, https:\/\/www.ceoforlifeawards.com\/it\/wp-content\/uploads\/sites\/3\/2025\/07\/Teleperformance-1024x683.jpg 1024w, https:\/\/www.ceoforlifeawards.com\/it\/wp-content\/uploads\/sites\/3\/2025\/07\/Teleperformance-768x512.jpg 768w, https:\/\/www.ceoforlifeawards.com\/it\/wp-content\/uploads\/sites\/3\/2025\/07\/Teleperformance-391x260.jpg 391w, https:\/\/www.ceoforlifeawards.com\/it\/wp-content\/uploads\/sites\/3\/2025\/07\/Teleperformance-1536x1024.jpg 1536w, https:\/\/www.ceoforlifeawards.com\/it\/wp-content\/uploads\/sites\/3\/2025\/07\/Teleperformance-2048x1366.jpg 2048w, https:\/\/www.ceoforlifeawards.com\/it\/wp-content\/uploads\/sites\/3\/2025\/07\/Teleperformance-750x500.jpg 750w, https:\/\/www.ceoforlifeawards.com\/it\/wp-content\/uploads\/sites\/3\/2025\/07\/Teleperformance-1140x760.jpg 1140w\" \/><\/div>\n\t\t<\/a>\n\t\t\t\t<div class=\"elementor-post__text\">\n\t\t\t\t<h3 class=\"elementor-post__title\">\n\t\t\t<a href=\"https:\/\/www.ceoforlifeawards.com\/it\/blog\/corviale-il-sogno-possibile-di-calciosociale-dove-legalita-e-sport-cambiano-il-destino-di-un-quartiere\/\" >\n\t\t\t\tCorviale, il sogno possibile di CalcioSociale: dove legalit\u00e0 e sport cambiano il destino di un quartiere\t\t\t<\/a>\n\t\t<\/h3>\n\t\t\t\t<div class=\"elementor-post__meta-data\">\n\t\t\t\t\t<span class=\"elementor-post-date\">\n\t\t\t4 Luglio 2025\t\t<\/span>\n\t\t\t\t<\/div>\n\t\t\t\t<div class=\"elementor-post__excerpt\">\n\t\t\t<p>Tra le crepe del cemento della periferia sud-ovest di Roma, a Corviale, prende vita un progetto che trasforma il disagio in speranza, e la marginalit\u00e0<\/p>\n\t\t<\/div>\n\t\t\n\t\t<a class=\"elementor-post__read-more\" href=\"https:\/\/www.ceoforlifeawards.com\/it\/blog\/corviale-il-sogno-possibile-di-calciosociale-dove-legalita-e-sport-cambiano-il-destino-di-un-quartiere\/\" aria-label=\"Read more about Corviale, il sogno possibile di CalcioSociale: dove legalit\u00e0 e sport cambiano il destino di un quartiere\" tabindex=\"-1\" >\n\t\t\tLeggi tutto \u00bb\t\t<\/a>\n\n\t\t\t\t<\/div>\n\t\t\t\t<\/article>\n\t\t\t\t<article class=\"elementor-post elementor-grid-item post-56099 post type-post status-publish format-standard has-post-thumbnail hentry category-projects category-sdgs tag-home\">\n\t\t\t\t<a class=\"elementor-post__thumbnail__link\" href=\"https:\/\/www.ceoforlifeawards.com\/it\/blog\/smurfit-westrock-italia-inaugurato-il-nuovo-impianto-di-riciclo-a-verzuolo\/\" tabindex=\"-1\" >\n\t\t\t<div class=\"elementor-post__thumbnail\"><img loading=\"lazy\" width=\"300\" height=\"168\" src=\"https:\/\/www.ceoforlifeawards.com\/it\/wp-content\/uploads\/sites\/3\/2025\/07\/Smurfit-Westrock-300x168.jpg\" class=\"attachment-medium size-medium wp-image-56100\" alt=\"\" loading=\"lazy\" srcset=\"https:\/\/www.ceoforlifeawards.com\/it\/wp-content\/uploads\/sites\/3\/2025\/07\/Smurfit-Westrock-300x168.jpg 300w, https:\/\/www.ceoforlifeawards.com\/it\/wp-content\/uploads\/sites\/3\/2025\/07\/Smurfit-Westrock-1024x575.jpg 1024w, https:\/\/www.ceoforlifeawards.com\/it\/wp-content\/uploads\/sites\/3\/2025\/07\/Smurfit-Westrock-768x431.jpg 768w, https:\/\/www.ceoforlifeawards.com\/it\/wp-content\/uploads\/sites\/3\/2025\/07\/Smurfit-Westrock-750x421.jpg 750w, https:\/\/www.ceoforlifeawards.com\/it\/wp-content\/uploads\/sites\/3\/2025\/07\/Smurfit-Westrock.jpg 1080w\" \/><\/div>\n\t\t<\/a>\n\t\t\t\t<div class=\"elementor-post__text\">\n\t\t\t\t<h3 class=\"elementor-post__title\">\n\t\t\t<a href=\"https:\/\/www.ceoforlifeawards.com\/it\/blog\/smurfit-westrock-italia-inaugurato-il-nuovo-impianto-di-riciclo-a-verzuolo\/\" >\n\t\t\t\tSmurfit Westrock Italia: inaugurato il nuovo impianto di riciclo a Verzuolo\t\t\t<\/a>\n\t\t<\/h3>\n\t\t\t\t<div class=\"elementor-post__meta-data\">\n\t\t\t\t\t<span class=\"elementor-post-date\">\n\t\t\t4 Luglio 2025\t\t<\/span>\n\t\t\t\t<\/div>\n\t\t\t\t<div class=\"elementor-post__excerpt\">\n\t\t\t<p>Zero sprechi, meno emissioni, pi\u00f9 occupazione e una filiera ancora pi\u00f9 integrata, contribuendo in maniera attiva ed efficace alla sostenibilit\u00e0. Con l\u2019inaugurazione del nuovo impianto<\/p>\n\t\t<\/div>\n\t\t\n\t\t<a class=\"elementor-post__read-more\" href=\"https:\/\/www.ceoforlifeawards.com\/it\/blog\/smurfit-westrock-italia-inaugurato-il-nuovo-impianto-di-riciclo-a-verzuolo\/\" aria-label=\"Read more about Smurfit Westrock Italia: inaugurato il nuovo impianto di riciclo a Verzuolo\" tabindex=\"-1\" >\n\t\t\tLeggi tutto \u00bb\t\t<\/a>\n\n\t\t\t\t<\/div>\n\t\t\t\t<\/article>\n\t\t\t\t<article class=\"elementor-post elementor-grid-item post-56096 post type-post status-publish format-standard has-post-thumbnail hentry category-projects category-renato-lastaria category-sdgs tag-home\">\n\t\t\t\t<a class=\"elementor-post__thumbnail__link\" href=\"https:\/\/www.ceoforlifeawards.com\/it\/blog\/milano-design-week-bosch-illumina-the-glitch-camp\/\" tabindex=\"-1\" >\n\t\t\t<div class=\"elementor-post__thumbnail\"><img loading=\"lazy\" width=\"300\" height=\"225\" src=\"https:\/\/www.ceoforlifeawards.com\/it\/wp-content\/uploads\/sites\/3\/2025\/07\/Milano-Design-Week-Bosch-illumina-The-Glitch-Camp-300x225.jpg\" class=\"attachment-medium size-medium wp-image-56097\" alt=\"\" loading=\"lazy\" srcset=\"https:\/\/www.ceoforlifeawards.com\/it\/wp-content\/uploads\/sites\/3\/2025\/07\/Milano-Design-Week-Bosch-illumina-The-Glitch-Camp-300x225.jpg 300w, https:\/\/www.ceoforlifeawards.com\/it\/wp-content\/uploads\/sites\/3\/2025\/07\/Milano-Design-Week-Bosch-illumina-The-Glitch-Camp-1024x768.jpg 1024w, https:\/\/www.ceoforlifeawards.com\/it\/wp-content\/uploads\/sites\/3\/2025\/07\/Milano-Design-Week-Bosch-illumina-The-Glitch-Camp-768x576.jpg 768w, https:\/\/www.ceoforlifeawards.com\/it\/wp-content\/uploads\/sites\/3\/2025\/07\/Milano-Design-Week-Bosch-illumina-The-Glitch-Camp-750x563.jpg 750w, https:\/\/www.ceoforlifeawards.com\/it\/wp-content\/uploads\/sites\/3\/2025\/07\/Milano-Design-Week-Bosch-illumina-The-Glitch-Camp-1140x855.jpg 1140w, https:\/\/www.ceoforlifeawards.com\/it\/wp-content\/uploads\/sites\/3\/2025\/07\/Milano-Design-Week-Bosch-illumina-The-Glitch-Camp.jpg 1280w\" \/><\/div>\n\t\t<\/a>\n\t\t\t\t<div class=\"elementor-post__text\">\n\t\t\t\t<h3 class=\"elementor-post__title\">\n\t\t\t<a href=\"https:\/\/www.ceoforlifeawards.com\/it\/blog\/milano-design-week-bosch-illumina-the-glitch-camp\/\" >\n\t\t\t\tMilano Design Week: Bosch illumina \u201cThe Glitch Camp\u201d\t\t\t<\/a>\n\t\t<\/h3>\n\t\t\t\t<div class=\"elementor-post__meta-data\">\n\t\t\t\t\t<span class=\"elementor-post-date\">\n\t\t\t4 Luglio 2025\t\t<\/span>\n\t\t\t\t<\/div>\n\t\t\t\t<div class=\"elementor-post__excerpt\">\n\t\t\t<p>In occasione della Milano Fashion Week, di scena quest\u2019anno dal 7 al 13 aprile 2025, Bosch Italia, confermando il proprio impegno a fianco dei giovani<\/p>\n\t\t<\/div>\n\t\t\n\t\t<a class=\"elementor-post__read-more\" href=\"https:\/\/www.ceoforlifeawards.com\/it\/blog\/milano-design-week-bosch-illumina-the-glitch-camp\/\" aria-label=\"Read more about Milano Design Week: Bosch illumina \u201cThe Glitch Camp\u201d\" tabindex=\"-1\" >\n\t\t\tLeggi tutto \u00bb\t\t<\/a>\n\n\t\t\t\t<\/div>\n\t\t\t\t<\/article>\n\t\t\t\t<\/div>\n\t\t\n\t\t\t\t<\/div>\n\t\t\t\t<\/div>\n\t\t\t\t<div class=\"elementor-element elementor-element-73656237 elementor-align-center elementor-widget elementor-widget-button\" data-id=\"73656237\" data-element_type=\"widget\" data-widget_type=\"button.default\">\n\t\t\t\t<div class=\"elementor-widget-container\">\n\t\t\t\t\t<div class=\"elementor-button-wrapper\">\n\t\t\t<a class=\"elementor-button elementor-button-link elementor-size-sm\" href=\"\/it\/blog\/category\/sdgs\/projects\/\">\n\t\t\t\t\t\t<span class=\"elementor-button-content-wrapper\">\n\t\t\t\t\t\t\t\t\t<span class=\"elementor-button-text\">GUARDA TUTTI I PROGETTI<\/span>\n\t\t\t\t\t<\/span>\n\t\t\t\t\t<\/a>\n\t\t<\/div>\n\t\t\t\t<\/div>\n\t\t\t\t<\/div>\n\t\t\t\t\t<\/div>\n\t\t<\/div>\n\t\t\t\t\t<\/div>\n\t\t<\/section>\n\t\t\t\t<section class=\"has_eae_slider elementor-section elementor-top-section elementor-element elementor-element-2eadd654 later elementor-section-boxed elementor-section-height-default elementor-section-height-default\" data-id=\"2eadd654\" data-element_type=\"section\" id=\"ceoforlife\">\n\t\t\t\t\t\t<div class=\"elementor-container elementor-column-gap-default\">\n\t\t\t\t\t<div class=\"has_eae_slider elementor-column elementor-col-100 elementor-top-column elementor-element elementor-element-b520571\" data-id=\"b520571\" data-element_type=\"column\">\n\t\t\t<div class=\"elementor-widget-wrap elementor-element-populated\">\n\t\t\t\t\t\t<div class=\"elementor-element elementor-element-60c98703 elementor-widget elementor-widget-heading\" data-id=\"60c98703\" data-element_type=\"widget\" data-widget_type=\"heading.default\">\n\t\t\t\t<div class=\"elementor-widget-container\">\n\t\t\t<h2 class=\"elementor-heading-title elementor-size-default\">PHOTO-GALLERY<\/h2>\t\t<\/div>\n\t\t\t\t<\/div>\n\t\t\t\t<div class=\"elementor-element elementor-element-4a729bef elementor-arrows-position-outside elementor-widget elementor-widget-image-carousel\" data-id=\"4a729bef\" data-element_type=\"widget\" data-settings=\"{&quot;slides_to_show&quot;:&quot;2&quot;,&quot;navigation&quot;:&quot;arrows&quot;,&quot;autoplay&quot;:&quot;no&quot;,&quot;slides_to_scroll&quot;:&quot;2&quot;,&quot;lazyload&quot;:&quot;yes&quot;,&quot;infinite&quot;:&quot;yes&quot;,&quot;speed&quot;:500}\" data-widget_type=\"image-carousel.default\">\n\t\t\t\t<div class=\"elementor-widget-container\">\n\t\t\t\t\t<div class=\"elementor-image-carousel-wrapper swiper\" dir=\"ltr\">\n\t\t\t<div class=\"elementor-image-carousel swiper-wrapper swiper-image-stretch\" aria-live=\"polite\">\n\t\t\t\t\t\t\t\t<div class=\"swiper-slide\" role=\"group\" aria-roledescription=\"slide\" aria-label=\"1 di 5\"><figure class=\"swiper-slide-inner\"><img class=\"swiper-slide-image swiper-lazy\" data-src=\"https:\/\/www.ceoforlifeawards.com\/it\/wp-content\/uploads\/sites\/3\/2024\/01\/18102023-46_00779-1024x683.jpg\" alt=\"18102023-46_00779\" \/><div class=\"swiper-lazy-preloader\"><\/div><\/figure><\/div><div class=\"swiper-slide\" role=\"group\" aria-roledescription=\"slide\" aria-label=\"2 di 5\"><figure class=\"swiper-slide-inner\"><img class=\"swiper-slide-image swiper-lazy\" data-src=\"https:\/\/www.ceoforlifeawards.com\/it\/wp-content\/uploads\/sites\/3\/2024\/01\/11102023-40_02421-1024x683.jpg\" alt=\"www.andreaweddingitalia.it @andrea_wedding_italia #PortraitsInRome\" \/><div class=\"swiper-lazy-preloader\"><\/div><\/figure><\/div><div class=\"swiper-slide\" role=\"group\" aria-roledescription=\"slide\" aria-label=\"3 di 5\"><figure class=\"swiper-slide-inner\"><img class=\"swiper-slide-image swiper-lazy\" data-src=\"https:\/\/www.ceoforlifeawards.com\/it\/wp-content\/uploads\/sites\/3\/2024\/01\/18102023-46_00788-1024x683.jpg\" alt=\"18102023-46_00788\" \/><div class=\"swiper-lazy-preloader\"><\/div><\/figure><\/div><div class=\"swiper-slide\" role=\"group\" aria-roledescription=\"slide\" aria-label=\"4 di 5\"><figure class=\"swiper-slide-inner\"><img class=\"swiper-slide-image swiper-lazy\" data-src=\"https:\/\/www.ceoforlifeawards.com\/it\/wp-content\/uploads\/sites\/3\/2024\/01\/05102023-35_00325-1024x683.jpg\" alt=\"05102023-35_00325\" \/><div class=\"swiper-lazy-preloader\"><\/div><\/figure><\/div><div class=\"swiper-slide\" role=\"group\" aria-roledescription=\"slide\" aria-label=\"5 di 5\"><figure class=\"swiper-slide-inner\"><img class=\"swiper-slide-image swiper-lazy\" data-src=\"https:\/\/www.ceoforlifeawards.com\/it\/wp-content\/uploads\/sites\/3\/2024\/01\/18102023-46_02195-1024x683.jpg\" alt=\"18102023-46_02195\" \/><div class=\"swiper-lazy-preloader\"><\/div><\/figure><\/div>\t\t\t<\/div>\n\t\t\t\t\t\t\t\t\t\t\t\t<div class=\"elementor-swiper-button elementor-swiper-button-prev\" role=\"button\" tabindex=\"0\">\n\t\t\t\t\t\t<i aria-hidden=\"true\" class=\"eicon-chevron-left\"><\/i>\t\t\t\t\t<\/div>\n\t\t\t\t\t<div class=\"elementor-swiper-button elementor-swiper-button-next\" role=\"button\" tabindex=\"0\">\n\t\t\t\t\t\t<i aria-hidden=\"true\" class=\"eicon-chevron-right\"><\/i>\t\t\t\t\t<\/div>\n\t\t\t\t\n\t\t\t\t\t\t\t\t\t<\/div>\n\t\t\t\t<\/div>\n\t\t\t\t<\/div>\n\t\t\t\t<div class=\"elementor-element elementor-element-35c2d57d elementor-align-center elementor-widget elementor-widget-button\" data-id=\"35c2d57d\" data-element_type=\"widget\" data-widget_type=\"button.default\">\n\t\t\t\t<div class=\"elementor-widget-container\">\n\t\t\t\t\t<div class=\"elementor-button-wrapper\">\n\t\t\t<a class=\"elementor-button elementor-button-link elementor-size-sm\" href=\"https:\/\/www.ceoforlifeawards.com\/it\/photo-gallery-ceoforlife\/\">\n\t\t\t\t\t\t<span class=\"elementor-button-content-wrapper\">\n\t\t\t\t\t\t\t\t\t<span class=\"elementor-button-text\">GALLERIA COMPLETA <\/span>\n\t\t\t\t\t<\/span>\n\t\t\t\t\t<\/a>\n\t\t<\/div>\n\t\t\t\t<\/div>\n\t\t\t\t<\/div>\n\t\t\t\t<div class=\"elementor-element elementor-element-526199bb elementor-widget elementor-widget-heading\" data-id=\"526199bb\" data-element_type=\"widget\" data-widget_type=\"heading.default\">\n\t\t\t\t<div class=\"elementor-widget-container\">\n\t\t\t<h2 class=\"elementor-heading-title elementor-size-default\">VIDEO-GALLERY<\/h2>\t\t<\/div>\n\t\t\t\t<\/div>\n\t\t\t\t<section class=\"has_eae_slider elementor-section elementor-inner-section elementor-element elementor-element-5649de02 elementor-section-boxed elementor-section-height-default elementor-section-height-default\" data-id=\"5649de02\" data-element_type=\"section\">\n\t\t\t\t\t\t<div class=\"elementor-container elementor-column-gap-default\">\n\t\t\t\t\t<div class=\"has_eae_slider elementor-column elementor-col-100 elementor-inner-column elementor-element elementor-element-6533e6bd\" data-id=\"6533e6bd\" data-element_type=\"column\">\n\t\t\t<div class=\"elementor-widget-wrap elementor-element-populated\">\n\t\t\t\t\t\t<div class=\"elementor-element elementor-element-57851622 elementor-widget elementor-widget-image\" data-id=\"57851622\" data-element_type=\"widget\" data-widget_type=\"image.default\">\n\t\t\t\t<div class=\"elementor-widget-container\">\n\t\t\t\t\t\t\t\t\t\t\t\t\t\t<a href=\"https:\/\/www.youtube.com\/@giordano.fatali1006\/playlists\">\n\t\t\t\t\t\t\t<img loading=\"lazy\" width=\"1024\" height=\"372\" src=\"https:\/\/www.ceoforlifeawards.com\/it\/wp-content\/uploads\/sites\/3\/2023\/09\/BANNER-VIDEO-YOUBE-PER-HOME-1024x372.jpg\" class=\"attachment-large size-large wp-image-36466\" alt=\"\" loading=\"lazy\" srcset=\"https:\/\/www.ceoforlifeawards.com\/it\/wp-content\/uploads\/sites\/3\/2023\/09\/BANNER-VIDEO-YOUBE-PER-HOME-1024x372.jpg 1024w, https:\/\/www.ceoforlifeawards.com\/it\/wp-content\/uploads\/sites\/3\/2023\/09\/BANNER-VIDEO-YOUBE-PER-HOME-300x109.jpg 300w, https:\/\/www.ceoforlifeawards.com\/it\/wp-content\/uploads\/sites\/3\/2023\/09\/BANNER-VIDEO-YOUBE-PER-HOME-768x279.jpg 768w, https:\/\/www.ceoforlifeawards.com\/it\/wp-content\/uploads\/sites\/3\/2023\/09\/BANNER-VIDEO-YOUBE-PER-HOME-1536x559.jpg 1536w, https:\/\/www.ceoforlifeawards.com\/it\/wp-content\/uploads\/sites\/3\/2023\/09\/BANNER-VIDEO-YOUBE-PER-HOME-2048x745.jpg 2048w, https:\/\/www.ceoforlifeawards.com\/it\/wp-content\/uploads\/sites\/3\/2023\/09\/BANNER-VIDEO-YOUBE-PER-HOME-750x273.jpg 750w, https:\/\/www.ceoforlifeawards.com\/it\/wp-content\/uploads\/sites\/3\/2023\/09\/BANNER-VIDEO-YOUBE-PER-HOME-1140x415.jpg 1140w\" sizes=\"(max-width: 1024px) 100vw, 1024px\" \/>\t\t\t\t\t\t\t\t<\/a>\n\t\t\t\t\t\t\t\t\t\t\t\t\t<\/div>\n\t\t\t\t<\/div>\n\t\t\t\t\t<\/div>\n\t\t<\/div>\n\t\t\t\t\t<\/div>\n\t\t<\/section>\n\t\t\t\t<div class=\"elementor-element elementor-element-594b7593 elementor-align-center elementor-widget elementor-widget-button\" data-id=\"594b7593\" data-element_type=\"widget\" data-widget_type=\"button.default\">\n\t\t\t\t<div class=\"elementor-widget-container\">\n\t\t\t\t\t<div class=\"elementor-button-wrapper\">\n\t\t\t<a class=\"elementor-button elementor-button-link elementor-size-sm\" href=\"https:\/\/www.youtube.com\/@giordano.fatali1006\/playlists\" target=\"_blank\">\n\t\t\t\t\t\t<span class=\"elementor-button-content-wrapper\">\n\t\t\t\t\t\t\t\t\t<span class=\"elementor-button-text\">Playlist Complete<\/span>\n\t\t\t\t\t<\/span>\n\t\t\t\t\t<\/a>\n\t\t<\/div>\n\t\t\t\t<\/div>\n\t\t\t\t<\/div>\n\t\t\t\t<div class=\"elementor-element elementor-element-61fc8368 elementor-widget elementor-widget-heading\" data-id=\"61fc8368\" data-element_type=\"widget\" data-widget_type=\"heading.default\">\n\t\t\t\t<div class=\"elementor-widget-container\">\n\t\t\t<h2 class=\"elementor-heading-title elementor-size-default\">Che cos'\u00e8 CEO<i>for<\/i>LIFE?<\/h2>\t\t<\/div>\n\t\t\t\t<\/div>\n\t\t\t\t<div class=\"elementor-element elementor-element-29cf358e elementor-widget elementor-widget-video\" data-id=\"29cf358e\" data-element_type=\"widget\" data-settings=\"{&quot;youtube_url&quot;:&quot;https:\\\/\\\/youtu.be\\\/RR_3orjiuFw&quot;,&quot;lazy_load&quot;:&quot;yes&quot;,&quot;video_type&quot;:&quot;youtube&quot;,&quot;controls&quot;:&quot;yes&quot;}\" data-widget_type=\"video.default\">\n\t\t\t\t<div class=\"elementor-widget-container\">\n\t\t\t<style>\/*! elementor - v3.21.0 - 20-05-2024 *\/\n.elementor-widget-video .elementor-widget-container{overflow:hidden;transform:translateZ(0)}.elementor-widget-video .elementor-wrapper{aspect-ratio:var(--video-aspect-ratio)}.elementor-widget-video .elementor-wrapper iframe,.elementor-widget-video .elementor-wrapper video{height:100%;width:100%;display:flex;border:none;background-color:#000}@supports not (aspect-ratio:1\/1){.elementor-widget-video .elementor-wrapper{position:relative;overflow:hidden;height:0;padding-bottom:calc(100% \/ var(--video-aspect-ratio))}.elementor-widget-video .elementor-wrapper iframe,.elementor-widget-video .elementor-wrapper video{position:absolute;top:0;right:0;bottom:0;left:0}}.elementor-widget-video .elementor-open-inline .elementor-custom-embed-image-overlay{position:absolute;top:0;right:0;bottom:0;left:0;background-size:cover;background-position:50%}.elementor-widget-video .elementor-custom-embed-image-overlay{cursor:pointer;text-align:center}.elementor-widget-video .elementor-custom-embed-image-overlay:hover .elementor-custom-embed-play i{opacity:1}.elementor-widget-video .elementor-custom-embed-image-overlay img{display:block;width:100%;aspect-ratio:var(--video-aspect-ratio);-o-object-fit:cover;object-fit:cover;-o-object-position:center center;object-position:center center}@supports not (aspect-ratio:1\/1){.elementor-widget-video .elementor-custom-embed-image-overlay{position:relative;overflow:hidden;height:0;padding-bottom:calc(100% \/ var(--video-aspect-ratio))}.elementor-widget-video .elementor-custom-embed-image-overlay img{position:absolute;top:0;right:0;bottom:0;left:0}}.elementor-widget-video .e-hosted-video .elementor-video{-o-object-fit:cover;object-fit:cover}.e-con-inner>.elementor-widget-video,.e-con>.elementor-widget-video{width:var(--container-widget-width);--flex-grow:var(--container-widget-flex-grow)}<\/style>\t\t<div class=\"elementor-wrapper elementor-open-inline\">\n\t\t\t<div class=\"elementor-video\"><\/div>\t\t<\/div>\n\t\t\t\t<\/div>\n\t\t\t\t<\/div>\n\t\t\t\t\t<\/div>\n\t\t<\/div>\n\t\t\t\t\t<\/div>\n\t\t<\/section>\n\t\t\t\t<section class=\"has_eae_slider elementor-section elementor-top-section elementor-element elementor-element-ef237b7 elementor-hidden-widescreen elementor-hidden-desktop elementor-hidden-tablet elementor-hidden-mobile elementor-section-boxed elementor-section-height-default elementor-section-height-default\" data-id=\"ef237b7\" data-element_type=\"section\" data-settings=\"{&quot;background_background&quot;:&quot;gradient&quot;}\">\n\t\t\t\t\t\t<div class=\"elementor-container elementor-column-gap-default\">\n\t\t\t\t\t<div class=\"has_eae_slider elementor-column elementor-col-100 elementor-top-column elementor-element elementor-element-2fb4346\" data-id=\"2fb4346\" data-element_type=\"column\" data-settings=\"{&quot;background_background&quot;:&quot;classic&quot;}\">\n\t\t\t<div class=\"elementor-widget-wrap elementor-element-populated\">\n\t\t\t\t\t\t<div class=\"elementor-element elementor-element-264735c elementor-widget-divider--view-line elementor-widget elementor-widget-divider\" data-id=\"264735c\" data-element_type=\"widget\" data-widget_type=\"divider.default\">\n\t\t\t\t<div class=\"elementor-widget-container\">\n\t\t\t\t\t<div class=\"elementor-divider\">\n\t\t\t<span class=\"elementor-divider-separator\">\n\t\t\t\t\t\t<\/span>\n\t\t<\/div>\n\t\t\t\t<\/div>\n\t\t\t\t<\/div>\n\t\t\t\t<div class=\"elementor-element elementor-element-c9818d8 elementor-widget elementor-widget-heading\" data-id=\"c9818d8\" data-element_type=\"widget\" data-widget_type=\"heading.default\">\n\t\t\t\t<div class=\"elementor-widget-container\">\n\t\t\t<h2 class=\"elementor-heading-title elementor-size-large\">COMUNICATI STAMPA<\/h2>\t\t<\/div>\n\t\t\t\t<\/div>\n\t\t\t\t<div class=\"elementor-element elementor-element-50fd0b7 elementor-widget-divider--view-line elementor-widget elementor-widget-divider\" data-id=\"50fd0b7\" data-element_type=\"widget\" data-widget_type=\"divider.default\">\n\t\t\t\t<div class=\"elementor-widget-container\">\n\t\t\t\t\t<div class=\"elementor-divider\">\n\t\t\t<span class=\"elementor-divider-separator\">\n\t\t\t\t\t\t<\/span>\n\t\t<\/div>\n\t\t\t\t<\/div>\n\t\t\t\t<\/div>\n\t\t\t\t\t<\/div>\n\t\t<\/div>\n\t\t\t\t\t<\/div>\n\t\t<\/section>\n\t\t\t\t<section class=\"has_eae_slider elementor-section elementor-top-section elementor-element elementor-element-2b7298d elementor-hidden-widescreen elementor-hidden-desktop elementor-hidden-tablet elementor-hidden-mobile elementor-section-boxed elementor-section-height-default elementor-section-height-default\" data-id=\"2b7298d\" data-element_type=\"section\">\n\t\t\t\t\t\t<div class=\"elementor-container elementor-column-gap-default\">\n\t\t\t\t\t<div class=\"has_eae_slider elementor-column elementor-col-100 elementor-top-column elementor-element elementor-element-33aa80e\" data-id=\"33aa80e\" data-element_type=\"column\">\n\t\t\t<div class=\"elementor-widget-wrap elementor-element-populated\">\n\t\t\t\t\t\t<div class=\"elementor-element elementor-element-4966a8a elementor-grid-3 elementor-grid-tablet-2 elementor-grid-mobile-1 elementor-posts--thumbnail-top elementor-widget elementor-widget-posts\" data-id=\"4966a8a\" data-element_type=\"widget\" data-settings=\"{&quot;classic_columns&quot;:&quot;3&quot;,&quot;classic_columns_tablet&quot;:&quot;2&quot;,&quot;classic_columns_mobile&quot;:&quot;1&quot;,&quot;classic_row_gap&quot;:{&quot;unit&quot;:&quot;px&quot;,&quot;size&quot;:35,&quot;sizes&quot;:[]},&quot;classic_row_gap_widescreen&quot;:{&quot;unit&quot;:&quot;px&quot;,&quot;size&quot;:&quot;&quot;,&quot;sizes&quot;:[]},&quot;classic_row_gap_tablet&quot;:{&quot;unit&quot;:&quot;px&quot;,&quot;size&quot;:&quot;&quot;,&quot;sizes&quot;:[]},&quot;classic_row_gap_mobile&quot;:{&quot;unit&quot;:&quot;px&quot;,&quot;size&quot;:&quot;&quot;,&quot;sizes&quot;:[]}}\" data-widget_type=\"posts.classic\">\n\t\t\t\t<div class=\"elementor-widget-container\">\n\t\t\t\t\t<div class=\"elementor-posts-container elementor-posts elementor-posts--skin-classic elementor-grid\">\n\t\t\t\t<article class=\"elementor-post elementor-grid-item post-50406 post type-post status-publish format-standard has-post-thumbnail hentry category-comunicati-stampa-c4l category-projects category-sdgs tag-home\">\n\t\t\t\t<a class=\"elementor-post__thumbnail__link\" href=\"https:\/\/www.ceoforlifeawards.com\/it\/blog\/wellmakers-by-bnp-paribas-sostenibilita-dimpresa-e-benessere-un-binomio-virtuoso-per-la-creazione-di-valore-per-imprese-e-persone\/\" tabindex=\"-1\" >\n\t\t\t<div class=\"elementor-post__thumbnail\"><img loading=\"lazy\" width=\"300\" height=\"194\" src=\"https:\/\/www.ceoforlifeawards.com\/it\/wp-content\/uploads\/sites\/3\/2024\/06\/Immagine2-300x194.jpg\" class=\"attachment-medium size-medium wp-image-50410\" alt=\"\" loading=\"lazy\" srcset=\"https:\/\/www.ceoforlifeawards.com\/it\/wp-content\/uploads\/sites\/3\/2024\/06\/Immagine2-300x194.jpg 300w, https:\/\/www.ceoforlifeawards.com\/it\/wp-content\/uploads\/sites\/3\/2024\/06\/Immagine2-1024x662.jpg 1024w, https:\/\/www.ceoforlifeawards.com\/it\/wp-content\/uploads\/sites\/3\/2024\/06\/Immagine2-768x496.jpg 768w, https:\/\/www.ceoforlifeawards.com\/it\/wp-content\/uploads\/sites\/3\/2024\/06\/Immagine2-1536x992.jpg 1536w, https:\/\/www.ceoforlifeawards.com\/it\/wp-content\/uploads\/sites\/3\/2024\/06\/Immagine2-2048x1323.jpg 2048w, https:\/\/www.ceoforlifeawards.com\/it\/wp-content\/uploads\/sites\/3\/2024\/06\/Immagine2-750x485.jpg 750w, https:\/\/www.ceoforlifeawards.com\/it\/wp-content\/uploads\/sites\/3\/2024\/06\/Immagine2-1140x737.jpg 1140w\" \/><\/div>\n\t\t<\/a>\n\t\t\t\t<div class=\"elementor-post__text\">\n\t\t\t\t<h3 class=\"elementor-post__title\">\n\t\t\t<a href=\"https:\/\/www.ceoforlifeawards.com\/it\/blog\/wellmakers-by-bnp-paribas-sostenibilita-dimpresa-e-benessere-un-binomio-virtuoso-per-la-creazione-di-valore-per-imprese-e-persone\/\" >\n\t\t\t\tWellMakers by BNP Paribas \u2013 Sostenibilit\u00e0 d\u2019Impresa e Benessere: un binomio virtuoso per la creazione di valore per Imprese e Persone\t\t\t<\/a>\n\t\t<\/h3>\n\t\t\t\t<div class=\"elementor-post__meta-data\">\n\t\t\t\t\t<span class=\"elementor-post-date\">\n\t\t\t11 Giugno 2024\t\t<\/span>\n\t\t\t\t<\/div>\n\t\t\t\t<div class=\"elementor-post__excerpt\">\n\t\t\t<p>Sostenibilit\u00e0 e benessere non sono concetti in contrapposizione, anzi vanno di pari passo e costituiscono un binomio virtuoso per la creazione di valore tanto per<\/p>\n\t\t<\/div>\n\t\t\n\t\t<a class=\"elementor-post__read-more\" href=\"https:\/\/www.ceoforlifeawards.com\/it\/blog\/wellmakers-by-bnp-paribas-sostenibilita-dimpresa-e-benessere-un-binomio-virtuoso-per-la-creazione-di-valore-per-imprese-e-persone\/\" aria-label=\"Read more about WellMakers by BNP Paribas \u2013 Sostenibilit\u00e0 d\u2019Impresa e Benessere: un binomio virtuoso per la creazione di valore per Imprese e Persone\" tabindex=\"-1\" >\n\t\t\tLeggi tutto \u00bb\t\t<\/a>\n\n\t\t\t\t<\/div>\n\t\t\t\t<\/article>\n\t\t\t\t<article class=\"elementor-post elementor-grid-item post-32636 post type-post status-publish format-standard has-post-thumbnail hentry category-ceoforlife-initiatives category-comunicati-stampa-c4l category-onv-benessere-psicologico tag-home\">\n\t\t\t\t<a class=\"elementor-post__thumbnail__link\" href=\"https:\/\/www.ceoforlifeawards.com\/it\/blog\/comunicato-stampa-round-table-osservatorio-nazionale-verticale-ceoforlife-benessere-psicologico-powered-by-mindwork\/\" tabindex=\"-1\" >\n\t\t\t<div class=\"elementor-post__thumbnail\"><img loading=\"lazy\" width=\"300\" height=\"200\" src=\"https:\/\/www.ceoforlifeawards.com\/it\/wp-content\/uploads\/sites\/3\/2023\/07\/Immagine1-11-300x200.jpg\" class=\"attachment-medium size-medium wp-image-32637\" alt=\"\" loading=\"lazy\" srcset=\"https:\/\/www.ceoforlifeawards.com\/it\/wp-content\/uploads\/sites\/3\/2023\/07\/Immagine1-11-300x200.jpg 300w, https:\/\/www.ceoforlifeawards.com\/it\/wp-content\/uploads\/sites\/3\/2023\/07\/Immagine1-11-1024x682.jpg 1024w, https:\/\/www.ceoforlifeawards.com\/it\/wp-content\/uploads\/sites\/3\/2023\/07\/Immagine1-11-768x512.jpg 768w, https:\/\/www.ceoforlifeawards.com\/it\/wp-content\/uploads\/sites\/3\/2023\/07\/Immagine1-11-391x260.jpg 391w, https:\/\/www.ceoforlifeawards.com\/it\/wp-content\/uploads\/sites\/3\/2023\/07\/Immagine1-11-1536x1024.jpg 1536w, https:\/\/www.ceoforlifeawards.com\/it\/wp-content\/uploads\/sites\/3\/2023\/07\/Immagine1-11-2048x1365.jpg 2048w, https:\/\/www.ceoforlifeawards.com\/it\/wp-content\/uploads\/sites\/3\/2023\/07\/Immagine1-11-750x500.jpg 750w, https:\/\/www.ceoforlifeawards.com\/it\/wp-content\/uploads\/sites\/3\/2023\/07\/Immagine1-11-1140x760.jpg 1140w\" \/><\/div>\n\t\t<\/a>\n\t\t\t\t<div class=\"elementor-post__text\">\n\t\t\t\t<h3 class=\"elementor-post__title\">\n\t\t\t<a href=\"https:\/\/www.ceoforlifeawards.com\/it\/blog\/comunicato-stampa-round-table-osservatorio-nazionale-verticale-ceoforlife-benessere-psicologico-powered-by-mindwork\/\" >\n\t\t\t\tComunicato stampa Round Table Osservatorio Nazionale Verticale CEOforLIFE &#8211; Benessere Psicologico powered by Mindwork\t\t\t<\/a>\n\t\t<\/h3>\n\t\t\t\t<div class=\"elementor-post__meta-data\">\n\t\t\t\t\t<span class=\"elementor-post-date\">\n\t\t\t17 Luglio 2023\t\t<\/span>\n\t\t\t\t<\/div>\n\t\t\t\t<div class=\"elementor-post__excerpt\">\n\t\t\t<p>Si \u00e8 svolto lo scorso 20 giugno nella CEOforLIFE Club House a Piazza Montecitorio il secondo appuntamento dell\u2019Osservatorio Nazionale Verticale CEOforLIFE \u2013 Benessere Psicologico powered<\/p>\n\t\t<\/div>\n\t\t\n\t\t<a class=\"elementor-post__read-more\" href=\"https:\/\/www.ceoforlifeawards.com\/it\/blog\/comunicato-stampa-round-table-osservatorio-nazionale-verticale-ceoforlife-benessere-psicologico-powered-by-mindwork\/\" aria-label=\"Read more about Comunicato stampa Round Table Osservatorio Nazionale Verticale CEOforLIFE &#8211; Benessere Psicologico powered by Mindwork\" tabindex=\"-1\" >\n\t\t\tLeggi tutto \u00bb\t\t<\/a>\n\n\t\t\t\t<\/div>\n\t\t\t\t<\/article>\n\t\t\t\t<article class=\"elementor-post elementor-grid-item post-31503 post type-post status-publish format-standard has-post-thumbnail hentry category-ceoforlife-initiatives category-comunicati-stampa-c4l category-daniele-di-fausto category-efm tag-home\">\n\t\t\t\t<a class=\"elementor-post__thumbnail__link\" href=\"https:\/\/www.ceoforlifeawards.com\/it\/blog\/comunicato-stampa-round-table-osservatorio-nazionale-verticale-ceoforlife-luoghi-di-lavoro-powered-by-efm\/\" tabindex=\"-1\" >\n\t\t\t<div class=\"elementor-post__thumbnail\"><img loading=\"lazy\" width=\"300\" height=\"200\" src=\"https:\/\/www.ceoforlifeawards.com\/it\/wp-content\/uploads\/sites\/3\/2023\/07\/Immagine1-2-300x200.jpg\" class=\"attachment-medium size-medium wp-image-31508\" alt=\"\" loading=\"lazy\" srcset=\"https:\/\/www.ceoforlifeawards.com\/it\/wp-content\/uploads\/sites\/3\/2023\/07\/Immagine1-2-300x200.jpg 300w, https:\/\/www.ceoforlifeawards.com\/it\/wp-content\/uploads\/sites\/3\/2023\/07\/Immagine1-2-1024x683.jpg 1024w, https:\/\/www.ceoforlifeawards.com\/it\/wp-content\/uploads\/sites\/3\/2023\/07\/Immagine1-2-768x512.jpg 768w, https:\/\/www.ceoforlifeawards.com\/it\/wp-content\/uploads\/sites\/3\/2023\/07\/Immagine1-2-391x260.jpg 391w, https:\/\/www.ceoforlifeawards.com\/it\/wp-content\/uploads\/sites\/3\/2023\/07\/Immagine1-2-1536x1024.jpg 1536w, https:\/\/www.ceoforlifeawards.com\/it\/wp-content\/uploads\/sites\/3\/2023\/07\/Immagine1-2-2048x1366.jpg 2048w, https:\/\/www.ceoforlifeawards.com\/it\/wp-content\/uploads\/sites\/3\/2023\/07\/Immagine1-2-750x500.jpg 750w, https:\/\/www.ceoforlifeawards.com\/it\/wp-content\/uploads\/sites\/3\/2023\/07\/Immagine1-2-1140x760.jpg 1140w\" \/><\/div>\n\t\t<\/a>\n\t\t\t\t<div class=\"elementor-post__text\">\n\t\t\t\t<h3 class=\"elementor-post__title\">\n\t\t\t<a href=\"https:\/\/www.ceoforlifeawards.com\/it\/blog\/comunicato-stampa-round-table-osservatorio-nazionale-verticale-ceoforlife-luoghi-di-lavoro-powered-by-efm\/\" >\n\t\t\t\tComunicato stampa Round Table Osservatorio Nazionale Verticale CEOforLIFE Luoghi di Lavoro powered by eFM\t\t\t<\/a>\n\t\t<\/h3>\n\t\t\t\t<div class=\"elementor-post__meta-data\">\n\t\t\t\t\t<span class=\"elementor-post-date\">\n\t\t\t4 Luglio 2023\t\t<\/span>\n\t\t\t\t<\/div>\n\t\t\t\t<div class=\"elementor-post__excerpt\">\n\t\t\t<p>Si \u00e8 svolto lo scorso 14 giugno nella CEOforLIFE Club House a Piazza Montecitorio il primo appuntamento dell\u2019Osservatorio Nazionale Verticale CEOforLIFE &#8211; Luoghi di Lavoro<\/p>\n\t\t<\/div>\n\t\t\n\t\t<a class=\"elementor-post__read-more\" href=\"https:\/\/www.ceoforlifeawards.com\/it\/blog\/comunicato-stampa-round-table-osservatorio-nazionale-verticale-ceoforlife-luoghi-di-lavoro-powered-by-efm\/\" aria-label=\"Read more about Comunicato stampa Round Table Osservatorio Nazionale Verticale CEOforLIFE Luoghi di Lavoro powered by eFM\" tabindex=\"-1\" >\n\t\t\tLeggi tutto \u00bb\t\t<\/a>\n\n\t\t\t\t<\/div>\n\t\t\t\t<\/article>\n\t\t\t\t<\/div>\n\t\t\n\t\t\t\t<\/div>\n\t\t\t\t<\/div>\n\t\t\t\t<div class=\"elementor-element elementor-element-5217c45 elementor-align-center elementor-widget elementor-widget-button\" data-id=\"5217c45\" data-element_type=\"widget\" data-widget_type=\"button.default\">\n\t\t\t\t<div class=\"elementor-widget-container\">\n\t\t\t\t\t<div class=\"elementor-button-wrapper\">\n\t\t\t<a class=\"elementor-button elementor-button-link elementor-size-sm\" href=\"\/blog\/category\/comunicati-stampa-c4l\/\">\n\t\t\t\t\t\t<span class=\"elementor-button-content-wrapper\">\n\t\t\t\t\t\t\t\t\t<span class=\"elementor-button-text\">LEGGI TUTTI I COMUNICATI STAMPA <\/span>\n\t\t\t\t\t<\/span>\n\t\t\t\t\t<\/a>\n\t\t<\/div>\n\t\t\t\t<\/div>\n\t\t\t\t<\/div>\n\t\t\t\t\t<\/div>\n\t\t<\/div>\n\t\t\t\t\t<\/div>\n\t\t<\/section>\n\t\t\t\t<\/div>\n\t\t","protected":false},"excerpt":{"rendered":"<p>Previous slide Next slide &nbsp; UPDATE: Iren si rafforza come player nazionale nel settore idrico: il Gruppo sale al 100% nel controllo di Iren Acqua 24\/04\/2025 La Staffetta &#8211; Fuoriclasse di Sostenibilit\u00e0 e Innovazione di ABB Italia 24\/04\/2025 \u201cRicomincio da me\u201d, la nuova edizione a Torino 01\/04\/2025 ISS ESG migliora rating di sostenibilita\u2019 di INWIT. [&hellip;]<\/p>\n","protected":false},"author":14,"featured_media":0,"parent":0,"menu_order":0,"comment_status":"closed","ping_status":"closed","template":"elementor_header_footer","meta":[],"yoast_head":"<!-- This site is optimized with the Yoast SEO plugin v18.7 - https:\/\/yoast.com\/wordpress\/plugins\/seo\/ -->\n<title>Home - CEOforLIFE - IT<\/title>\n<meta name=\"robots\" content=\"index, follow, max-snippet:-1, max-image-preview:large, max-video-preview:-1\" \/>\n<link rel=\"canonical\" href=\"https:\/\/www.ceoforlifeawards.com\/it\/\" \/>\n<meta property=\"og:locale\" content=\"it_IT\" \/>\n<meta property=\"og:type\" content=\"article\" \/>\n<meta property=\"og:title\" content=\"Home - CEOforLIFE - IT\" \/>\n<meta property=\"og:description\" content=\"Previous slide Next slide &nbsp; UPDATE: Iren si rafforza come player nazionale nel settore idrico: il Gruppo sale al 100% nel controllo di Iren Acqua 24\/04\/2025 La Staffetta &#8211; Fuoriclasse di Sostenibilit\u00e0 e Innovazione di ABB Italia 24\/04\/2025 \u201cRicomincio da me\u201d, la nuova edizione a Torino 01\/04\/2025 ISS ESG migliora rating di sostenibilita\u2019 di INWIT. [&hellip;]\" \/>\n<meta property=\"og:url\" content=\"https:\/\/www.ceoforlifeawards.com\/it\/\" \/>\n<meta property=\"og:site_name\" content=\"CEOforLIFE - IT\" \/>\n<meta property=\"article:modified_time\" content=\"2025-10-03T14:41:21+00:00\" \/>\n<meta property=\"og:image\" content=\"https:\/\/www.ceoforlifeawards.com\/it\/wp-content\/uploads\/sites\/3\/2023\/01\/ceo-for-life-awards-logo.png\" \/>\n<meta name=\"twitter:card\" content=\"summary_large_image\" \/>\n<meta name=\"twitter:label1\" content=\"Tempo di lettura stimato\" \/>\n\t<meta name=\"twitter:data1\" content=\"146 minuti\" \/>\n<script type=\"application\/ld+json\" class=\"yoast-schema-graph\">{\"@context\":\"https:\/\/schema.org\",\"@graph\":[{\"@type\":\"WebSite\",\"@id\":\"https:\/\/www.ceoforlifeawards.com\/it\/#website\",\"url\":\"https:\/\/www.ceoforlifeawards.com\/it\/\",\"name\":\"CEOforLIFE - IT\",\"description\":\"\",\"potentialAction\":[{\"@type\":\"SearchAction\",\"target\":{\"@type\":\"EntryPoint\",\"urlTemplate\":\"https:\/\/www.ceoforlifeawards.com\/it\/?s={search_term_string}\"},\"query-input\":\"required name=search_term_string\"}],\"inLanguage\":\"it-IT\"},{\"@type\":\"ImageObject\",\"inLanguage\":\"it-IT\",\"@id\":\"https:\/\/www.ceoforlifeawards.com\/it\/#primaryimage\",\"url\":\"https:\/\/www.ceoforlifeawards.com\/it\/wp-content\/uploads\/sites\/3\/2023\/01\/ceo-for-life-awards-logo.png\",\"contentUrl\":\"https:\/\/www.ceoforlifeawards.com\/it\/wp-content\/uploads\/sites\/3\/2023\/01\/ceo-for-life-awards-logo.png\",\"width\":300,\"height\":97},{\"@type\":\"WebPage\",\"@id\":\"https:\/\/www.ceoforlifeawards.com\/it\/#webpage\",\"url\":\"https:\/\/www.ceoforlifeawards.com\/it\/\",\"name\":\"Home - CEOforLIFE - IT\",\"isPartOf\":{\"@id\":\"https:\/\/www.ceoforlifeawards.com\/it\/#website\"},\"primaryImageOfPage\":{\"@id\":\"https:\/\/www.ceoforlifeawards.com\/it\/#primaryimage\"},\"datePublished\":\"2023-11-13T16:25:42+00:00\",\"dateModified\":\"2025-10-03T14:41:21+00:00\",\"breadcrumb\":{\"@id\":\"https:\/\/www.ceoforlifeawards.com\/it\/#breadcrumb\"},\"inLanguage\":\"it-IT\",\"potentialAction\":[{\"@type\":\"ReadAction\",\"target\":[\"https:\/\/www.ceoforlifeawards.com\/it\/\"]}]},{\"@type\":\"BreadcrumbList\",\"@id\":\"https:\/\/www.ceoforlifeawards.com\/it\/#breadcrumb\",\"itemListElement\":[{\"@type\":\"ListItem\",\"position\":1,\"name\":\"Home\",\"item\":\"https:\/\/www.ceoforlifeawards.com\/it\/\"},{\"@type\":\"ListItem\",\"position\":2,\"name\":\"Home\"}]}]}<\/script>\n<!-- \/ Yoast SEO plugin. -->","yoast_head_json":{"title":"Home - CEOforLIFE - IT","robots":{"index":"index","follow":"follow","max-snippet":"max-snippet:-1","max-image-preview":"max-image-preview:large","max-video-preview":"max-video-preview:-1"},"canonical":"https:\/\/www.ceoforlifeawards.com\/it\/","og_locale":"it_IT","og_type":"article","og_title":"Home - CEOforLIFE - IT","og_description":"Previous slide Next slide &nbsp; UPDATE: Iren si rafforza come player nazionale nel settore idrico: il Gruppo sale al 100% nel controllo di Iren Acqua 24\/04\/2025 La Staffetta &#8211; Fuoriclasse di Sostenibilit\u00e0 e Innovazione di ABB Italia 24\/04\/2025 \u201cRicomincio da me\u201d, la nuova edizione a Torino 01\/04\/2025 ISS ESG migliora rating di sostenibilita\u2019 di INWIT. [&hellip;]","og_url":"https:\/\/www.ceoforlifeawards.com\/it\/","og_site_name":"CEOforLIFE - IT","article_modified_time":"2025-10-03T14:41:21+00:00","og_image":[{"url":"https:\/\/www.ceoforlifeawards.com\/it\/wp-content\/uploads\/sites\/3\/2023\/01\/ceo-for-life-awards-logo.png"}],"twitter_card":"summary_large_image","twitter_misc":{"Tempo di lettura stimato":"146 minuti"},"schema":{"@context":"https:\/\/schema.org","@graph":[{"@type":"WebSite","@id":"https:\/\/www.ceoforlifeawards.com\/it\/#website","url":"https:\/\/www.ceoforlifeawards.com\/it\/","name":"CEOforLIFE - IT","description":"","potentialAction":[{"@type":"SearchAction","target":{"@type":"EntryPoint","urlTemplate":"https:\/\/www.ceoforlifeawards.com\/it\/?s={search_term_string}"},"query-input":"required name=search_term_string"}],"inLanguage":"it-IT"},{"@type":"ImageObject","inLanguage":"it-IT","@id":"https:\/\/www.ceoforlifeawards.com\/it\/#primaryimage","url":"https:\/\/www.ceoforlifeawards.com\/it\/wp-content\/uploads\/sites\/3\/2023\/01\/ceo-for-life-awards-logo.png","contentUrl":"https:\/\/www.ceoforlifeawards.com\/it\/wp-content\/uploads\/sites\/3\/2023\/01\/ceo-for-life-awards-logo.png","width":300,"height":97},{"@type":"WebPage","@id":"https:\/\/www.ceoforlifeawards.com\/it\/#webpage","url":"https:\/\/www.ceoforlifeawards.com\/it\/","name":"Home - CEOforLIFE - IT","isPartOf":{"@id":"https:\/\/www.ceoforlifeawards.com\/it\/#website"},"primaryImageOfPage":{"@id":"https:\/\/www.ceoforlifeawards.com\/it\/#primaryimage"},"datePublished":"2023-11-13T16:25:42+00:00","dateModified":"2025-10-03T14:41:21+00:00","breadcrumb":{"@id":"https:\/\/www.ceoforlifeawards.com\/it\/#breadcrumb"},"inLanguage":"it-IT","potentialAction":[{"@type":"ReadAction","target":["https:\/\/www.ceoforlifeawards.com\/it\/"]}]},{"@type":"BreadcrumbList","@id":"https:\/\/www.ceoforlifeawards.com\/it\/#breadcrumb","itemListElement":[{"@type":"ListItem","position":1,"name":"Home","item":"https:\/\/www.ceoforlifeawards.com\/it\/"},{"@type":"ListItem","position":2,"name":"Home"}]}]}},"_links":{"self":[{"href":"https:\/\/www.ceoforlifeawards.com\/it\/wp-json\/wp\/v2\/pages\/39906"}],"collection":[{"href":"https:\/\/www.ceoforlifeawards.com\/it\/wp-json\/wp\/v2\/pages"}],"about":[{"href":"https:\/\/www.ceoforlifeawards.com\/it\/wp-json\/wp\/v2\/types\/page"}],"author":[{"embeddable":true,"href":"https:\/\/www.ceoforlifeawards.com\/it\/wp-json\/wp\/v2\/users\/14"}],"replies":[{"embeddable":true,"href":"https:\/\/www.ceoforlifeawards.com\/it\/wp-json\/wp\/v2\/comments?post=39906"}],"version-history":[{"count":1039,"href":"https:\/\/www.ceoforlifeawards.com\/it\/wp-json\/wp\/v2\/pages\/39906\/revisions"}],"predecessor-version":[{"id":56154,"href":"https:\/\/www.ceoforlifeawards.com\/it\/wp-json\/wp\/v2\/pages\/39906\/revisions\/56154"}],"wp:attachment":[{"href":"https:\/\/www.ceoforlifeawards.com\/it\/wp-json\/wp\/v2\/media?parent=39906"}],"curies":[{"name":"wp","href":"https:\/\/api.w.org\/{rel}","templated":true}]}}